{"id":36144,"date":"2023-10-05T12:00:00","date_gmt":"2023-10-05T15:00:00","guid":{"rendered":"https:\/\/www.editorasolucao.com.br\/blog\/?post_type=concurso&#038;p=36144"},"modified":"2023-10-18T12:06:21","modified_gmt":"2023-10-18T15:06:21","slug":"prefeitura-de-visconde-do-rio-branco-mg","status":"publish","type":"concurso","link":"https:\/\/www.editorasolucao.com.br\/blog\/concurso\/prefeitura-de-visconde-do-rio-branco-mg","title":{"rendered":"Concurso Prefeitura Visconde do Rio Branco-MG tem edital publicado. 95 vagas!"},"content":{"rendered":"\n<p>Foi publicado o edital do concurso Prefeitura Visconde do Rio Branco, no estado de<a href=\"https:\/\/www.editorasolucao.com.br\/blog\/concursos-previstos-mg\"> Minas Gerais<\/a>, com a oferta de 95 vagas imediatas mais forma\u00e7\u00e3o para cadastro reserva para cargos de <strong>todos os n\u00edveis de escolaridade<\/strong>, com sal\u00e1rio de at\u00e9 R$ 14.415,61! Se interessa pelo certame? Confira os demais detalhes no decorrer da not\u00edcia. \ud83e\udd70<\/p>\n\n\n\n<ul><li><a href=\"#inscri\u00e7\u00f5es\">Inscri\u00e7\u00f5es<\/a><\/li><li><a href=\"#cargos\">Cargos, vagas e remunera\u00e7\u00e3o<\/a><\/li><li><a href=\"#requisitos\">Requisitos<\/a><\/li><li><a href=\"#etapas\">Etapas de sele\u00e7\u00e3o<\/a><\/li><\/ul>\n\n\n\n<div id=\"ez-toc-container\" class=\"ez-toc-v2_0_69_1 counter-hierarchy ez-toc-counter ez-toc-grey ez-toc-container-direction\">\n<div class=\"ez-toc-title-container\">\n<p class=\"ez-toc-title \" >Menu de navega&ccedil;&atilde;o<\/p>\n<span class=\"ez-toc-title-toggle\"><a href=\"#\" class=\"ez-toc-pull-right ez-toc-btn ez-toc-btn-xs ez-toc-btn-default ez-toc-toggle\" aria-label=\"Toggle Table of Content\"><span class=\"ez-toc-js-icon-con\"><span class=\"\"><span class=\"eztoc-hide\" style=\"display:none;\">Toggle<\/span><span class=\"ez-toc-icon-toggle-span\"><svg style=\"fill: #999;color:#999\" xmlns=\"http:\/\/www.w3.org\/2000\/svg\" class=\"list-377408\" width=\"20px\" height=\"20px\" viewBox=\"0 0 24 24\" fill=\"none\"><path d=\"M6 6H4v2h2V6zm14 0H8v2h12V6zM4 11h2v2H4v-2zm16 0H8v2h12v-2zM4 16h2v2H4v-2zm16 0H8v2h12v-2z\" fill=\"currentColor\"><\/path><\/svg><svg style=\"fill: #999;color:#999\" class=\"arrow-unsorted-368013\" xmlns=\"http:\/\/www.w3.org\/2000\/svg\" width=\"10px\" height=\"10px\" viewBox=\"0 0 24 24\" version=\"1.2\" baseProfile=\"tiny\"><path d=\"M18.2 9.3l-6.2-6.3-6.2 6.3c-.2.2-.3.4-.3.7s.1.5.3.7c.2.2.4.3.7.3h11c.3 0 .5-.1.7-.3.2-.2.3-.5.3-.7s-.1-.5-.3-.7zM5.8 14.7l6.2 6.3 6.2-6.3c.2-.2.3-.5.3-.7s-.1-.5-.3-.7c-.2-.2-.4-.3-.7-.3h-11c-.3 0-.5.1-.7.3-.2.2-.3.5-.3.7s.1.5.3.7z\"\/><\/svg><\/span><\/span><\/span><\/a><\/span><\/div>\n<nav><ul class='ez-toc-list ez-toc-list-level-1 ' ><li class='ez-toc-page-1 ez-toc-heading-level-2'><a class=\"ez-toc-link ez-toc-heading-1\" href=\"https:\/\/www.editorasolucao.com.br\/blog\/concurso\/prefeitura-de-visconde-do-rio-branco-mg\/#Como_serao_as_inscricoes_do_concurso_Prefeitura_Visconde_do_Rio_Branco-MG\" title=\"Como ser\u00e3o as inscri\u00e7\u00f5es do concurso Prefeitura Visconde do Rio Branco-MG?\">Como ser\u00e3o as inscri\u00e7\u00f5es do concurso Prefeitura Visconde do Rio Branco-MG?<\/a><\/li><li class='ez-toc-page-1 ez-toc-heading-level-2'><a class=\"ez-toc-link ez-toc-heading-2\" href=\"https:\/\/www.editorasolucao.com.br\/blog\/concurso\/prefeitura-de-visconde-do-rio-branco-mg\/#Cargos_vagas_e_remuneracao_do_concurso_Prefeitura_Visconde_do_Rio_Branco-MG\" title=\"Cargos, vagas e remunera\u00e7\u00e3o do concurso Prefeitura Visconde do Rio Branco-MG\">Cargos, vagas e remunera\u00e7\u00e3o do concurso Prefeitura Visconde do Rio Branco-MG<\/a><\/li><li class='ez-toc-page-1 ez-toc-heading-level-2'><a class=\"ez-toc-link ez-toc-heading-3\" href=\"https:\/\/www.editorasolucao.com.br\/blog\/concurso\/prefeitura-de-visconde-do-rio-branco-mg\/#Quais_sao_os_requisitos_para_participar_do_concurso_Prefeitura_Visconde_do_Rio_Branco-MG\" title=\"Quais s\u00e3o os requisitos para participar do concurso Prefeitura Visconde do Rio Branco-MG?\">Quais s\u00e3o os requisitos para participar do concurso Prefeitura Visconde do Rio Branco-MG?<\/a><\/li><li class='ez-toc-page-1 ez-toc-heading-level-2'><a class=\"ez-toc-link ez-toc-heading-4\" href=\"https:\/\/www.editorasolucao.com.br\/blog\/concurso\/prefeitura-de-visconde-do-rio-branco-mg\/#Concurso_Prefeitura_Visconde_do_Rio_Branco-MG_Etapas_de_selecao\" title=\"Concurso Prefeitura Visconde do Rio Branco-MG: Etapas de sele\u00e7\u00e3o\">Concurso Prefeitura Visconde do Rio Branco-MG: Etapas de sele\u00e7\u00e3o<\/a><\/li><\/ul><\/nav><\/div>\n<h2 class=\"wp-block-heading\" id=\"inscri\u00e7\u00f5es\"><span class=\"ez-toc-section\" id=\"Como_serao_as_inscricoes_do_concurso_Prefeitura_Visconde_do_Rio_Branco-MG\"><\/span>Como ser\u00e3o as inscri\u00e7\u00f5es do concurso Prefeitura Visconde do Rio Branco-MG?<span class=\"ez-toc-section-end\"><\/span><\/h2>\n\n\n\n<p>Os interessados em participar do certame poder\u00e3o realizar as inscri\u00e7\u00f5es <strong>a partir do dia 04 de dezembro de 2023 at\u00e9 o dia 03 de janeiro de 2024<\/strong>, atrav\u00e9s do site da banca organizadora, <a href=\"https:\/\/www.concursosjcm.com.br\/informacoes\/219\/\" target=\"_blank\" rel=\"noreferrer noopener\">JCM<\/a>.<\/p>\n\n\n\n<p>Para homologar a inscri\u00e7\u00e3o \u00e9 necess\u00e1rio que o candidato efetue o pagamento de uma <strong>taxa <\/strong>no valor referente ao n\u00edvel de escolaridade do cargo pretendido:<\/p>\n\n\n\n<ul><li>N\u00edvel fundamental: <strong><strong>R$ 70,00<\/strong><\/strong><\/li><li>N\u00edvel m\u00e9dio\/t\u00e9cnico: <strong><strong>R$ 80,00<\/strong><\/strong><\/li><li>N\u00edvel superior: <strong><strong>R$ 120,00<\/strong><\/strong><\/li><\/ul>\n\n\n\n<p>Haver\u00e1 a possibilidade de solicitar a <strong>isen\u00e7\u00e3o <\/strong>da taxa de participa\u00e7\u00e3o entre os dias <strong>04 a 06 de dezembro de 2023<\/strong>, para os candidatos:<\/p>\n\n\n\n<ul><li>inscritos no Cadastro \u00danico para Programas Sociais do Governo Federal \u2013 Cad\u00danico e forem membros de fam\u00edlia de baixa renda;<\/li><li>desempregados.<\/li><\/ul>\n\n\n\n<h2 class=\"wp-block-heading\" id=\"cargos\"><span class=\"ez-toc-section\" id=\"Cargos_vagas_e_remuneracao_do_concurso_Prefeitura_Visconde_do_Rio_Branco-MG\"><\/span>Cargos, vagas e remunera\u00e7\u00e3o do concurso Prefeitura Visconde do Rio Branco-MG<span class=\"ez-toc-section-end\"><\/span><\/h2>\n\n\n\n<p>Conforme o edital ao todo est\u00e3o sendo ofertadas <strong>95 vagas imediatas e mais oportunidade para forma\u00e7\u00e3o de cadastro reserva<\/strong> para cargos de todos os n\u00edveis de escolaridade. Confira os cargos ofertados, a distribui\u00e7\u00e3o das vagas e o sal\u00e1rio: <\/p>\n\n\n\n<p><strong>Alfabetizado<\/strong><\/p>\n\n\n\n<ul><li>Agente de Repara\u00e7\u00e3o e Conserva\u00e7\u00e3o (CR) <ul><li>R$ 1.365,00<\/li><\/ul><\/li><li>Auxiliar de Servi\u00e7os (15) <ul><li>R$ 1.365,00<\/li><\/ul><\/li><li>Coveiro (01) <ul><li>R$ 1.365,00<\/li><\/ul><\/li><li>Mestre de Obras (CR) <ul><li>R$ 2.175,56<\/li><\/ul><\/li><li>Oficial de Manuten\u00e7\u00e3o &#8211; R$ 1.453,02<ul><li>Armador (CR)<\/li><li>Bombeiro (CR)<\/li><li>Calceteiro (CR)<\/li><li>Carpinteiro (CR)<\/li><li>Cocheiro (CR)<\/li><li>Eletricista (CR)<\/li><li>Marceneiro (CR)<\/li><li>Pedreiro (CR)<\/li><li>Pintor (CR)<\/li><li>Serralheiro (CR)<\/li><li>Soldador (CR)<\/li><\/ul><\/li><li>Operador de M\u00e1quinas (02) <ul><li>R$ 1.453,02<\/li><\/ul><\/li><li>Servente &#8211; R$ 1.365,00<ul><li>Caminh\u00e3o de Entulho (CR) <\/li><li>Capina e Poda (01) <\/li><li>Coleta e Transporte de Lixo &#8211; GARI (CR)<\/li><li>Obras (01)<\/li><li>Produ\u00e7\u00e3o de Asfalto (CR)<\/li><li>Saneamento (CR)<\/li><li>Varri\u00e7\u00e3o e Coleta (CR)<\/li><\/ul><\/li><li>Vigia Patrimonial (CR) <ul><li>R$ 1.365,00<\/li><\/ul><\/li><li>Zelador Comunit\u00e1rio (CR) <ul><li>R$ 1.365,00<\/li><\/ul><\/li><\/ul>\n\n\n\n<p><strong>Fundamental<\/strong><\/p>\n\n\n\n<ul><li>Agente de Computa\u00e7\u00e3o (01) <ul><li>R$ 1.365,00<\/li><\/ul><\/li><li>Agente de Endemias e Zoonoses (CR) <ul><li>R$ 2.640,00<\/li><\/ul><\/li><li>Agente de Vigil\u00e2ncia de Sa\u00fade (CR) <ul><li>R$ 1.365,00<\/li><\/ul><\/li><li>Atendente I (CR) <ul><li>R$ 1.365,00<\/li><\/ul><\/li><li>Atendente II (02) <ul><li>R$ 1.385,88<\/li><\/ul><\/li><li><a href=\"https:\/\/www.editorasolucao.com.br\/apostila\/prefeitura-visconde-rio-branco-mg-auxiliar-administrativo\">Auxiliar Administrativo<\/a> (CR) <ul><li>R$ 1.365,00<\/li><\/ul><\/li><li>Auxiliar de Consult\u00f3rio Dent\u00e1rio\/ESF (CR) <ul><li>R$ 1.453,02<\/li><\/ul><\/li><li>Telefonista (CR) <ul><li>R$ 1.365,00<\/li><\/ul><\/li><\/ul>\n\n\n\n<p><strong>M\u00e9dio e <strong>T\u00e9cnico<\/strong><\/strong><\/p>\n\n\n\n<ul><li>Agente Administrativo (05) <ul><li>R$ 1.365,00<\/li><\/ul><\/li><li><a href=\"https:\/\/www.editorasolucao.com.br\/apostila\/prefeitura-visconde-rio-branco-mg-agente-adm-gestao-publica\">Agente Administrativo em Gest\u00e3o P\u00fablica<\/a> (02) <ul><li>R$ 1.453,02<\/li><\/ul><\/li><li>Agente Comunit\u00e1rio de Sa\u00fade (09+CR) <ul><li>R$ 2.640,00<\/li><\/ul><\/li><li>Agente de Tr\u00e2nsito (CR) <ul><li>R$ 1.820,00<\/li><\/ul><\/li><li>Arquivista (01) <ul><li>R$ 1.366,15<\/li><\/ul><\/li><li>Assistente Esportivo e Cultural (CR) <ul><li>R$ 1.703,73<\/li><\/ul><\/li><li>Auxiliar de Enfermagem (CR) <ul><li>R$ 1.365,00<\/li><\/ul><\/li><li>Facilitador Social (CR) <ul><li>R$ 1.453,02<\/li><\/ul><\/li><li>Fiscal de Tributos (01) <ul><li>R$ 1.365,00<\/li><\/ul><\/li><li>Monitor (CR) <ul><li>R$ 1.453,02<\/li><\/ul><\/li><li>Motorista (10) <ul><li>R$ 1.453,02<\/li><\/ul><\/li><li>Orientador Social (CR) <ul><li>R$ 1.703,73<\/li><\/ul><\/li><li>T\u00e9cnico Agr\u00edcola (CR) <ul><li>R$ 1.375,36<\/li><\/ul><\/li><li>T\u00e9cnico de Higiene Dental\/ESF (CR) <ul><li>R$ 1.409,58<\/li><\/ul><\/li><li>T\u00e9cnico de Vigil\u00e2ncia de Sa\u00fade (CR) <ul><li>R$ 1.365,00<\/li><\/ul><\/li><li>T\u00e9cnico em Alimentos (CR) <ul><li>R$ 1.453,02<\/li><\/ul><\/li><li>T\u00e9cnico em Enfermagem (03) <ul><li>R$ 1.453,02<\/li><\/ul><\/li><li>T\u00e9cnico em Enfermagem ESF (02) <ul><li>R$ 2.322,98<\/li><\/ul><\/li><li>T\u00e9cnico em Laborat\u00f3rio (CR) <ul><li>R$ 1.453,02<\/li><\/ul><\/li><li>T\u00e9cnico em Seguran\u00e7a do Trabalho (01) <ul><li>R$ 1.365,00<\/li><\/ul><\/li><\/ul>\n\n\n\n<p><strong>Superior<\/strong><\/p>\n\n\n\n<ul><li>Advogado (04) <ul><li>R$ 2.374,32<\/li><\/ul><\/li><li>Analista de Gest\u00e3o P\u00fablica (03) <ul><li>R$ 2.374,32<\/li><\/ul><\/li><li>Analista de Tecnologia da Informa\u00e7\u00e3o (CR) <ul><li>R$ 2.374,32<\/li><\/ul><\/li><li>Arquiteto (01) <ul><li>R$ 2.374,32<\/li><\/ul><\/li><li>Assistente Social (01) <ul><li>R$ 2.374,32<\/li><\/ul><\/li><li>Bibliotec\u00e1rio (CR) <ul><li>R$ 1.379,30<\/li><\/ul><\/li><li>Bioqu\u00edmico (CR) <ul><li>R$ 2.374,32<\/li><\/ul><\/li><li>Contador (02) <ul><li>R$ 2.374,32<\/li><\/ul><\/li><li>Dentista (CR) <ul><li>R$ 2.374,32<\/li><\/ul><\/li><li>Dentista CEO &#8211; R$ 3.458,80<ul><li>Cirurgia Oral menor (CR)<\/li><li>Endodontia (CR)<\/li><li>Pacientes Especiais (CR)<\/li><li>Periodontia (CR)<\/li><li>Pr\u00f3tese (CR)<\/li><\/ul><\/li><li>Dentista ESF (CR) <ul><li>R$ 5.305,34<\/li><\/ul><\/li><li>Educador Social (CR) <ul><li>R$ 1.739,92<\/li><\/ul><\/li><li>Enfermeiro (02) <ul><li>R$ 2.904,70<\/li><\/ul><\/li><li>Enfermeiro ESF (CR) <ul><li>R$ 5.226,36<\/li><\/ul><\/li><li>Engenheiro &#8211; R$ 2.374,32<ul><li>Agr\u00f4nomo (CR)<\/li><li>Ambiental (CR)<\/li><li>Civil (02)<\/li><li>Eletricista (CR)<\/li><li>Florestal (CR)<\/li><li>Sanitarista (CR)<\/li><\/ul><\/li><li>Farmac\u00eautico (02) <ul><li>R$ 2.374,32<\/li><\/ul><\/li><li>Fisioterapeuta (02) <ul><li>R$ 2.374,32<\/li><\/ul><\/li><li>Fonoaudi\u00f3logo (01) <ul><li>R$ 2.374,32<\/li><\/ul><\/li><li>M\u00e9dico (03) <ul><li>R$ 2.374,32<\/li><\/ul><\/li><li>M\u00e9dico ESF (03) <ul><li>R$ 14.415,61<\/li><\/ul><\/li><li>M\u00e9dico Especialista &#8211; R$ 4.266,90<ul><li>Angiologista (01)<\/li><li>Cardiologista (01)<\/li><li>Dermatologista (01)<\/li><li>Endocrinologista (CR)<\/li><li>Geriatra (CR)<\/li><li>Ginecologista (01)<\/li><li>Homeopata (CR)<\/li><li>Neurologista (01)<\/li><li>Oftalmologista (CR)<\/li><li>Ortopedista (01)<\/li><li>Otorrinolaringologista (CR)<\/li><li>Pediatra (01)<\/li><li>Pneumologista (01)<\/li><li>Psiquiatra (02)<\/li><li>Ultrassonografista (CR)<\/li><li>Urologista (01)<\/li><\/ul><\/li><li>M\u00e9dico Veterin\u00e1rio (CR) <ul><li>R$ 2.374,32<\/li><\/ul><\/li><li>Nutricionista (CR) <ul><li>R$ 2.374,32<\/li><\/ul><\/li><li>Professor de Educa\u00e7\u00e3o F\u00edsica (CR) <ul><li>R$ 2.813,90<\/li><\/ul><\/li><li>Psic\u00f3logo (01) <ul><li>R$ 2.374,32<\/li><\/ul><\/li><li>Terapeuta Ocupaciona (CR) <ul><li>R$ 2.374,32<\/li><\/ul><\/li><\/ul>\n\n\n\n<p>A jornada de trabalho varia entre 10 a 44 horas semanais. de acordo com o cargo pretendido pelo candidato.<\/p>\n\n\n\n<h2 class=\"wp-block-heading\" id=\"requisitos\"><span class=\"ez-toc-section\" id=\"Quais_sao_os_requisitos_para_participar_do_concurso_Prefeitura_Visconde_do_Rio_Branco-MG\"><\/span>Quais s\u00e3o os requisitos para participar do concurso Prefeitura Visconde do Rio Branco-MG?<span class=\"ez-toc-section-end\"><\/span><\/h2>\n\n\n\n<p>Para que o candidato tome posse do cargo pretendido no concurso <a href=\"https:\/\/www.editorasolucao.com.br\/blog\/concursos-abertos-mg\">Prefeitura Visconde do Rio Branco-MG<\/a> \u00e9 necess\u00e1rio cumprir as seguintes <strong>exig\u00eancias<\/strong>:<\/p>\n\n\n\n<ul><li>Ter nacionalidade brasileira; no caso de nacionalidade portuguesa, estar amparado pelo estatuto de igualdade entre brasileiros e portugueses, com reconhecimento do gozo dos direitos pol\u00edticos, na forma do disposto no art. 13 do Decreto Federal n\u00ba 70.436, de 18\/04\/1972 e art. 12, \u00a7 1\u00ba c\/c art. 37, inciso I da Constitui\u00e7\u00e3o da Rep\u00fablica Federativa do Brasil de 1988.<\/li><li>Estar em pleno exerc\u00edcio de seus direitos civis e pol\u00edticos.<\/li><li>Estar quite com as obriga\u00e7\u00f5es eleitorais, para os candidatos de ambos os sexos.<\/li><li>Estar quite com as obriga\u00e7\u00f5es do Servi\u00e7o Militar, para os candidatos do sexo masculino.<\/li><li>Estar com o CPF regularizado junto \u00e0 Receita Federal.<\/li><li>Possuir os requisitos exigidos para o exerc\u00edcio das atribui\u00e7\u00f5es do cargo.<\/li><li><strong>Possuir idade m\u00ednima de 18 anos, no ato da posse.<\/strong><\/li><li>N\u00e3o possuir v\u00ednculo com qualquer \u00f3rg\u00e3o ou entidade da Administra\u00e7\u00e3o P\u00fablica que impossibilite acumula\u00e7\u00e3o de cargos, empregos e fun\u00e7\u00f5es, ressalvados os casos contidos nas al\u00edneas \u201ca\u201d, \u201cb\u201d e \u201cc\u201d, inc. XVI, do art. 37, da Constitui\u00e7\u00e3o da Rep\u00fablica Federativa do Brasil de 1988, inclusive no que concerne \u00e0 compatibilidade de hor\u00e1rios.<\/li><li>N\u00e3o ser aposentado por invalidez, n\u00e3o estar em idade de aposentadoria compuls\u00f3ria ou receber proventos de aposentadoria decorrentes dos artigos 40, 42 e 142, da Constitui\u00e7\u00e3o da Rep\u00fablica Federativa do Brasil de 1988 (ressalvados os casos que permitam a acumula\u00e7\u00e3o dos proventos com a remunera\u00e7\u00e3o de cargos, empregos, fun\u00e7\u00f5es, cargos eletivos e cargos em comiss\u00e3o declarados em lei de livre nomea\u00e7\u00e3o e exonera\u00e7\u00e3o).<\/li><li>Gozar de sa\u00fade f\u00edsica e mental compat\u00edveis com as atividades a serem desempenhadas no exerc\u00edcio do cargo.<\/li><\/ul>\n\n\n\n<h2 class=\"wp-block-heading\" id=\"etapas\"><span class=\"ez-toc-section\" id=\"Concurso_Prefeitura_Visconde_do_Rio_Branco-MG_Etapas_de_selecao\"><\/span>Concurso Prefeitura Visconde do Rio Branco-MG: Etapas de sele\u00e7\u00e3o<span class=\"ez-toc-section-end\"><\/span><\/h2>\n\n\n\n<p>O certame ser\u00e1 composto pelas seguintes etapas de sele\u00e7\u00e3o:<\/p>\n\n\n\n<ul><li><strong>Prova Objetiva<\/strong> &#8211; de car\u00e1ter <em>eliminat\u00f3rio <\/em>e <em>classificat\u00f3rio<\/em><\/li><li><strong>Prova Pr\u00e1tica<\/strong> &#8211; de car\u00e1ter <em>eliminat\u00f3rio<\/em><ul><li>Somente para os cargos de Motorista, Operador de M\u00e1quinas, Oficial de Manuten\u00e7\u00e3o: Armador, Bombeiro, Calceteiro, Carpinteiro, Cocheiro, Eletricista, Marceneiro, Pedreiro, Pintor, Serralheiro e Soldador.<\/li><\/ul><\/li><li><strong>Avalia\u00e7\u00e3o dos T\u00edtulos<\/strong> &#8211; de car\u00e1ter <em>classificat\u00f3rio<\/em><ul><li>Somente para cargos de n\u00edvel superior.<\/li><\/ul><\/li><\/ul>\n\n\n\n<h3 class=\"wp-block-heading\">Prova Objetiva<\/h3>\n\n\n\n<p>Essa etapa dever\u00e1 ser realizada no dia 04 de fevereiro de 2024<\/p>\n\n\n\n<p><strong>Alfabetizado<\/strong>&nbsp;<strong>&#8211; 30 quest\u00f5es<\/strong>,&nbsp;<strong>aplica\u00e7\u00e3o \u00e0s 14h<\/strong><\/p>\n\n\n\n<ul><li>L\u00edngua Portuguesa (15)<\/li><li>Racioc\u00ednio L\u00f3gico (05)<\/li><li>Conhecimentos Gerais (10)<\/li><\/ul>\n\n\n\n<p><strong>N\u00edveis Fundamental, M\u00e9dio e T\u00e9cnico<\/strong>&nbsp;<strong>&#8211; 40 quest\u00f5es<\/strong>,&nbsp;<strong>aplica\u00e7\u00e3o \u00e0s 09h<\/strong>&nbsp;<strong>e 14h<\/strong><\/p>\n\n\n\n<ul><li>Conhecimentos Espec\u00edficos (10)<\/li><li>L\u00edngua Portuguesa (10)<\/li><li>Racioc\u00ednio L\u00f3gico (10)<\/li><li>Conhecimentos Gerais (10)<\/li><\/ul>\n\n\n\n<p><strong>N\u00edvel Superior<\/strong>&nbsp;&#8211;&nbsp;<strong>40 quest\u00f5es, aplica\u00e7\u00e3o \u00e0s 09h<\/strong><\/p>\n\n\n\n<ul><li>Conhecimentos Espec\u00edficos&nbsp;I (10)<\/li><li>L\u00edngua Portuguesa (10)<\/li><li>Racioc\u00ednio L\u00f3gico (10)<\/li><li>Conhecimentos Gerais&nbsp;ou N.G.A publicas (10)<\/li><\/ul>\n\n\n\n<p>A prova ter\u00e1 a pontua\u00e7\u00e3o m\u00e1xima de 100 pontos, portanto, ser\u00e1 considerado <strong>aprovado <\/strong>o candidato que obtiver no m\u00ednimo 50 pontos.<\/p>\n\n\n\n<h3 class=\"wp-block-heading\">Prova Pr\u00e1tica<\/h3>\n\n\n\n<p>Para a realiza\u00e7\u00e3o dessa fase, o candidato dever\u00e1 comparecer ao local previsto com 30 minutos de anteced\u00eancia com seu documento de identidade.<\/p>\n\n\n\n<p>A avalia\u00e7\u00e3o ser\u00e1 avaliada em uma escala de 0 a 100 pontos, sendo assim, ser\u00e1 considerado aprovado o candidato que obtiver <strong>50 pontos ou mais<\/strong>.<\/p>\n\n\n\n<ul><li><strong>Confira: <\/strong><a href=\"https:\/\/www.editorasolucao.com.br\/apostila\/prefeitura-visconde-rio-branco-mg-agente-adm-gestao-publica\">Apostila Prefeitura de Visconde do Rio Branco-MG: Agente Administrativo e Agente Administrativo em Gest\u00e3o P\u00fablica<\/a><\/li><li><strong>Confira: <\/strong><a href=\"https:\/\/www.editorasolucao.com.br\/apostila\/prefeitura-visconde-rio-branco-mg-auxiliar-administrativo\">Apostila Prefeitura de Visconde do Rio Branco-MG: Auxiliar Administrativo<\/a> <\/li><\/ul>\n\n\n\n<h3 class=\"wp-block-heading\">Avalia\u00e7\u00e3o dos T\u00edtulos<\/h3>\n\n\n\n<p>Confira na tabela abaixo os t\u00edtulos que ser\u00e3o <strong>aceitos<\/strong> para a avalia\u00e7\u00e3o e sua respectiva pontua\u00e7\u00e3o:<\/p>\n\n\n\n<figure class=\"wp-block-image size-full\"><img loading=\"lazy\" decoding=\"async\" width=\"712\" height=\"174\" src=\"https:\/\/www.editorasolucao.com.br\/blog\/wp-content\/uploads\/2023\/10\/image-12.png\" alt=\"\" class=\"wp-image-36148\"\/><\/figure>\n\n\n\n<p>O prazo de <strong>validade <\/strong>do presente Concurso P\u00fablico \u00e9 de dois anos, a contar da data de publica\u00e7\u00e3o de sua homologa\u00e7\u00e3o, podendo ser prorrogado uma \u00fanica vez por igual per\u00edodo.<\/p>\n\n\n\n<p><strong>Bons estudos e boa prova!!!<\/strong><\/p>\n","protected":false},"excerpt":{"rendered":"<p>Foi publicado o edital do concurso Prefeitura Visconde do Rio Branco, no estado de Minas Gerais, com a oferta de 95 vagas imediatas mais forma\u00e7\u00e3o para cadastro reserva para cargos de todos os n\u00edveis de escolaridade, com sal\u00e1rio de at\u00e9 R$ 14.415,61! Se interessa pelo certame? Confira os demais detalhes no decorrer da not\u00edcia. \ud83e\udd70 Inscri\u00e7\u00f5es Cargos, vagas e remunera\u00e7\u00e3o Requisitos Etapas de sele\u00e7\u00e3o Como ser\u00e3o as inscri\u00e7\u00f5es do concurso Prefeitura Visconde do Rio Branco-MG? Os interessados em participar do certame poder\u00e3o realizar as inscri\u00e7\u00f5es a partir do dia 04 de dezembro de 2023 at\u00e9 o dia 03 de janeiro&#8230;<\/p>\n","protected":false},"author":18,"featured_media":36146,"template":"","meta":{"_acf_changed":false,"rank_math_lock_modified_date":false},"categories":[],"tags":[],"acf":[],"_links":{"self":[{"href":"https:\/\/www.editorasolucao.com.br\/blog\/wp-json\/wp\/v2\/concurso\/36144"}],"collection":[{"href":"https:\/\/www.editorasolucao.com.br\/blog\/wp-json\/wp\/v2\/concurso"}],"about":[{"href":"https:\/\/www.editorasolucao.com.br\/blog\/wp-json\/wp\/v2\/types\/concurso"}],"author":[{"embeddable":true,"href":"https:\/\/www.editorasolucao.com.br\/blog\/wp-json\/wp\/v2\/users\/18"}],"wp:featuredmedia":[{"embeddable":true,"href":"https:\/\/www.editorasolucao.com.br\/blog\/wp-json\/wp\/v2\/media\/36146"}],"wp:attachment":[{"href":"https:\/\/www.editorasolucao.com.br\/blog\/wp-json\/wp\/v2\/media?parent=36144"}],"wp:term":[{"taxonomy":"category","embeddable":true,"href":"https:\/\/www.editorasolucao.com.br\/blog\/wp-json\/wp\/v2\/categories?post=36144"},{"taxonomy":"post_tag","embeddable":true,"href":"https:\/\/www.editorasolucao.com.br\/blog\/wp-json\/wp\/v2\/tags?post=36144"}],"curies":[{"name":"wp","href":"https:\/\/api.w.org\/{rel}","templated":true}]}}