{"id":36173,"date":"2023-10-06T10:00:00","date_gmt":"2023-10-06T13:00:00","guid":{"rendered":"https:\/\/www.editorasolucao.com.br\/blog\/?post_type=concurso&#038;p=36173"},"modified":"2023-10-06T11:23:04","modified_gmt":"2023-10-06T14:23:04","slug":"camara-de-tramandai-rs","status":"publish","type":"concurso","link":"https:\/\/www.editorasolucao.com.br\/blog\/concurso\/camara-de-tramandai-rs","title":{"rendered":"Concurso C\u00e2mara de Tramanda\u00ed-RS: Inscri\u00e7\u00f5es abertas!"},"content":{"rendered":"\n<p>Ol\u00e1 concurseiros! Est\u00e3o abertas as inscri\u00e7\u00f5es do concurso C\u00e2mara de Tramanda\u00ed, no estado do <a href=\"https:\/\/www.editorasolucao.com.br\/blog\/concursos-previstos-rs\">Rio Grande do Sul<\/a>, que oferta vagas imediatas e oportunidades para forma\u00e7\u00e3o de cadastro reserva para cargos de <strong>n\u00edveis fundamental e m\u00e9dio de escolaridade<\/strong>, com sal\u00e1rio de at\u00e9 R$ 2.643,83! Fique e confira os demais detalhes no decorrer da not\u00edcia. \ud83e\udd70<\/p>\n\n\n\n<ul><li><a href=\"#inscri\u00e7\u00f5es\">Inscri\u00e7\u00f5es<\/a><\/li><li><a href=\"#cargos\">Cargos, vagas e remunera\u00e7\u00f5es<\/a><\/li><li><a href=\"#requisitos\">Requisitos<\/a><\/li><li><a href=\"#atribui\u00e7\u00f5es\">Atribui\u00e7\u00f5es<\/a><\/li><li><a href=\"#etapas\">Etapas de sele\u00e7\u00e3o<\/a><\/li><\/ul>\n\n\n\n<div id=\"ez-toc-container\" class=\"ez-toc-v2_0_69_1 counter-hierarchy ez-toc-counter ez-toc-grey ez-toc-container-direction\">\n<div class=\"ez-toc-title-container\">\n<p class=\"ez-toc-title \" >Menu de navega&ccedil;&atilde;o<\/p>\n<span class=\"ez-toc-title-toggle\"><a href=\"#\" class=\"ez-toc-pull-right ez-toc-btn ez-toc-btn-xs ez-toc-btn-default ez-toc-toggle\" aria-label=\"Toggle Table of Content\"><span class=\"ez-toc-js-icon-con\"><span class=\"\"><span class=\"eztoc-hide\" style=\"display:none;\">Toggle<\/span><span class=\"ez-toc-icon-toggle-span\"><svg style=\"fill: #999;color:#999\" xmlns=\"http:\/\/www.w3.org\/2000\/svg\" class=\"list-377408\" width=\"20px\" height=\"20px\" viewBox=\"0 0 24 24\" fill=\"none\"><path d=\"M6 6H4v2h2V6zm14 0H8v2h12V6zM4 11h2v2H4v-2zm16 0H8v2h12v-2zM4 16h2v2H4v-2zm16 0H8v2h12v-2z\" fill=\"currentColor\"><\/path><\/svg><svg style=\"fill: #999;color:#999\" class=\"arrow-unsorted-368013\" xmlns=\"http:\/\/www.w3.org\/2000\/svg\" width=\"10px\" height=\"10px\" viewBox=\"0 0 24 24\" version=\"1.2\" baseProfile=\"tiny\"><path d=\"M18.2 9.3l-6.2-6.3-6.2 6.3c-.2.2-.3.4-.3.7s.1.5.3.7c.2.2.4.3.7.3h11c.3 0 .5-.1.7-.3.2-.2.3-.5.3-.7s-.1-.5-.3-.7zM5.8 14.7l6.2 6.3 6.2-6.3c.2-.2.3-.5.3-.7s-.1-.5-.3-.7c-.2-.2-.4-.3-.7-.3h-11c-.3 0-.5.1-.7.3-.2.2-.3.5-.3.7s.1.5.3.7z\"\/><\/svg><\/span><\/span><\/span><\/a><\/span><\/div>\n<nav><ul class='ez-toc-list ez-toc-list-level-1 ' ><li class='ez-toc-page-1 ez-toc-heading-level-2'><a class=\"ez-toc-link ez-toc-heading-1\" href=\"https:\/\/www.editorasolucao.com.br\/blog\/concurso\/camara-de-tramandai-rs\/#Como_fazer_minha_inscricao_no_concurso_Camara_de_Tramandai-RS\" title=\"Como fazer minha inscri\u00e7\u00e3o no concurso C\u00e2mara de Tramanda\u00ed-RS?\">Como fazer minha inscri\u00e7\u00e3o no concurso C\u00e2mara de Tramanda\u00ed-RS?<\/a><\/li><li class='ez-toc-page-1 ez-toc-heading-level-2'><a class=\"ez-toc-link ez-toc-heading-2\" href=\"https:\/\/www.editorasolucao.com.br\/blog\/concurso\/camara-de-tramandai-rs\/#Cargos_vagas_e_remuneracoes_do_concurso_Camara_de_Tramandai-RS\" title=\"Cargos, vagas e remunera\u00e7\u00f5es do concurso C\u00e2mara de Tramanda\u00ed-RS\">Cargos, vagas e remunera\u00e7\u00f5es do concurso C\u00e2mara de Tramanda\u00ed-RS<\/a><\/li><li class='ez-toc-page-1 ez-toc-heading-level-2'><a class=\"ez-toc-link ez-toc-heading-3\" href=\"https:\/\/www.editorasolucao.com.br\/blog\/concurso\/camara-de-tramandai-rs\/#Quais_sao_os_requisitos_para_participar_do_concurso_Camara_de_Tramandai-RS\" title=\"Quais s\u00e3o os requisitos para participar do concurso C\u00e2mara de Tramanda\u00ed-RS?\">Quais s\u00e3o os requisitos para participar do concurso C\u00e2mara de Tramanda\u00ed-RS?<\/a><\/li><li class='ez-toc-page-1 ez-toc-heading-level-2'><a class=\"ez-toc-link ez-toc-heading-4\" href=\"https:\/\/www.editorasolucao.com.br\/blog\/concurso\/camara-de-tramandai-rs\/#Concurso_Camara_de_Tramandai-RS_Atribuicoes\" title=\"Concurso C\u00e2mara de Tramanda\u00ed-RS: Atribui\u00e7\u00f5es\">Concurso C\u00e2mara de Tramanda\u00ed-RS: Atribui\u00e7\u00f5es<\/a><\/li><li class='ez-toc-page-1 ez-toc-heading-level-2'><a class=\"ez-toc-link ez-toc-heading-5\" href=\"https:\/\/www.editorasolucao.com.br\/blog\/concurso\/camara-de-tramandai-rs\/#Como_serao_as_provas_do_concurso_Camara_de_Tramandai-RS\" title=\"Como ser\u00e3o as provas do concurso C\u00e2mara de Tramanda\u00ed-RS?\">Como ser\u00e3o as provas do concurso C\u00e2mara de Tramanda\u00ed-RS?<\/a><\/li><\/ul><\/nav><\/div>\n<h2 class=\"wp-block-heading\" id=\"inscri\u00e7\u00f5es\"><span class=\"ez-toc-section\" id=\"Como_fazer_minha_inscricao_no_concurso_Camara_de_Tramandai-RS\"><\/span>Como fazer minha inscri\u00e7\u00e3o no concurso C\u00e2mara de Tramanda\u00ed-RS?<span class=\"ez-toc-section-end\"><\/span><\/h2>\n\n\n\n<p>Os interessados em participar do certame j\u00e1 podem realizar as inscri\u00e7\u00f5es atrav\u00e9s do site da banca organizadora, <a href=\"https:\/\/concursos.objetivas.com.br\/informacoes\/2368\/\" target=\"_blank\" rel=\"noreferrer noopener\">Objetiva Concursos<\/a>, <strong>at\u00e9 o dia 03 de novembro de 2023<\/strong>.<\/p>\n\n\n\n<p>Portanto, para efetivar a inscri\u00e7\u00e3o \u00e9 necess\u00e1rio que o candidato realize o pagamento de uma <strong>taxa <\/strong>no valor referente ao n\u00edvel de escolaridade do cargo desejado:<\/p>\n\n\n\n<ul><li>N\u00edvel fundamental: <strong>R$ 80,00<\/strong><\/li><li>N\u00edvel m\u00e9dio: <strong>R$ 100,00<\/strong><\/li><\/ul>\n\n\n\n<p>Todavia, h\u00e1 a possibilidade de solicitar a <strong>isen\u00e7\u00e3o <\/strong>da taxa de participa\u00e7\u00e3o <strong>at\u00e9 o dia 06 de outubro de 2023<\/strong>, para os candidatos:<\/p>\n\n\n\n<ul><li>doadores de sangue e os doadores de medula \u00f3ssea;<\/li><li>cidad\u00e3os inscritos no Cadastro \u00danico para Programas Sociais do Governo Federal (Cad\u00danico), cuja renda familiar mensal per capita seja de at\u00e9 meio sal\u00e1rio-m\u00ednimo nacional, nos termos do Decreto Federal n\u00ba 11.016\/2022.<\/li><\/ul>\n\n\n\n<h2 class=\"wp-block-heading\" id=\"cargos\"><span class=\"ez-toc-section\" id=\"Cargos_vagas_e_remuneracoes_do_concurso_Camara_de_Tramandai-RS\"><\/span>Cargos, vagas e remunera\u00e7\u00f5es do concurso C\u00e2mara de Tramanda\u00ed-RS<span class=\"ez-toc-section-end\"><\/span><\/h2>\n\n\n\n<p>Conforme o edital, ao todo est\u00e3o sendo ofertadas <strong>04 vagas imediatas mais oportunidade para forma\u00e7\u00e3o de cadastro reserva<\/strong> para cargos de n\u00edveis fundamental e m\u00e9dio de escolaridade. Confira os cargos ofertados, a distribui\u00e7\u00e3o das vagas e o sal\u00e1rio:<\/p>\n\n\n\n<p><strong>Fundamental<\/strong><\/p>\n\n\n\n<ul><li><a href=\"https:\/\/www.editorasolucao.com.br\/apostila\/camara-tramandai-rs-auxiliar-legislativo\">Auxiliar Legislativo<\/a> (01+CR) <ul><li>R$ 2.448,56<\/li><\/ul><\/li><\/ul>\n\n\n\n<p><strong>M\u00e9dio<\/strong><\/p>\n\n\n\n<ul><li><a href=\"https:\/\/www.editorasolucao.com.br\/apostila\/camara-tramandai-rs-agente-administrativo-financeiro\">Agente Administrativo e Financeiro <\/a>(03+CR) <ul><li>R$ 2.643,83<\/li><\/ul><\/li><\/ul>\n\n\n\n<p>Todos os cargos ofertados contam com uma jornada de trabalho de 40 horas semanais.<\/p>\n\n\n\n<h2 class=\"wp-block-heading\" id=\"requisitos\"><span class=\"ez-toc-section\" id=\"Quais_sao_os_requisitos_para_participar_do_concurso_Camara_de_Tramandai-RS\"><\/span>Quais s\u00e3o os requisitos para participar do concurso C\u00e2mara de Tramanda\u00ed-RS?<span class=\"ez-toc-section-end\"><\/span><\/h2>\n\n\n\n<p>Para que o candidato tome posse do cargo pretendido no concurso <a href=\"https:\/\/www.editorasolucao.com.br\/blog\/concursos-abertos-rs\">C\u00e2mara de Tramanda\u00ed-RS<\/a> \u00e9 necess\u00e1rio cumprir as seguintes <strong>exig\u00eancias<\/strong>:<\/p>\n\n\n\n<ul><li>Nacionalidade brasileira ou portuguesa, desde que o candidato esteja amparado pelo Estatuto de Igualdade entre brasileiros e portugueses, com reconhecimento de gozo de direitos pol\u00edticos, nos termos do \u00a7 1\u00ba, Art. 12, da Constitui\u00e7\u00e3o Federal e do Decreto n\u00ba 70.436\/1972;<\/li><li><strong>Idade m\u00ednima de 18 anos completos na data da posse;<\/strong><\/li><li>Quita\u00e7\u00e3o das obriga\u00e7\u00f5es eleitorais, mediante apresenta\u00e7\u00e3o do t\u00edtulo de eleitor e: certid\u00e3o emitida pela Justi\u00e7a Eleitoral ou dos comprovantes de vota\u00e7\u00e3o das 02 \u00faltimas elei\u00e7\u00f5es;<\/li><li>Quita\u00e7\u00e3o das obriga\u00e7\u00f5es militares (somente candidatos do sexo masculino), mediante apresenta\u00e7\u00e3o do certificado de reservista ou dispensa de incorpora\u00e7\u00e3o;<\/li><li>Pleno exerc\u00edcio de seus direitos civis e pol\u00edticos;<\/li><li>Escolaridade e\/ou outros requisitos necess\u00e1rios para o exerc\u00edcio do cargo pretendido, conforme item 2.1 deste edital, em conformidade com a lei de cria\u00e7\u00e3o do respectivo, na data da posse;<\/li><li>Declarar os bens e valores que constituem seu patrim\u00f4nio;<\/li><li>Declarar que n\u00e3o percebe proventos de aposentadoria civil (servidor p\u00fablico civil) ou militar ou remunera\u00e7\u00e3o de cargo, emprego ou fun\u00e7\u00e3o p\u00fablica que caracterizem acumula\u00e7\u00e3o il\u00edcita, na forma estabelecida pela Constitui\u00e7\u00e3o Federal;<\/li><li>Inscri\u00e7\u00e3o no PIS ou PASEP ou, se n\u00e3o estiver cadastrado, negativa expedida pela Caixa Econ\u00f4mica Federal ou Banco do Brasil, respectivamente;<\/li><li>Comprovante de resid\u00eancia (\u00e1gua, luz ou telefone fixo) atualizado e em nome pr\u00f3prio ou, no caso de comprovante em nome de terceiros, declara\u00e7\u00e3o do titular, devidamente reconhecida em cart\u00f3rio, atestando que o candidato reside no respectivo endere\u00e7o;<\/li><li>Documento de identidade, certid\u00e3o de nascimento, casamento ou equivalente e cadastro de pessoa f\u00edsica (CPF) regularizado;<\/li><li><strong>Aptid\u00e3o f\u00edsica e mental para o exerc\u00edcio das atribui\u00e7\u00f5es do cargo pretendido e, nos casos de defici\u00eancia, que essa seja compat\u00edvel com o exerc\u00edcio das respectivas atribui\u00e7\u00f5es;<\/strong><\/li><li>Outros documentos que o ente p\u00fablico venha a solicitar quando da nomea\u00e7\u00e3o.<\/li><\/ul>\n\n\n\n<h2 class=\"wp-block-heading\" id=\"atribui\u00e7\u00f5es\"><span class=\"ez-toc-section\" id=\"Concurso_Camara_de_Tramandai-RS_Atribuicoes\"><\/span>Concurso C\u00e2mara de Tramanda\u00ed-RS: Atribui\u00e7\u00f5es<span class=\"ez-toc-section-end\"><\/span><\/h2>\n\n\n\n<p>Saiba quais ser\u00e3o as <strong>atividades <\/strong>que os candidatos aprovados dever\u00e3o exercer em cada fun\u00e7\u00e3o:<\/p>\n\n\n\n<ul><li><a href=\"https:\/\/www.editorasolucao.com.br\/apostila\/camara-tramandai-rs-agente-administrativo-financeiro\">Agente Administrativo e Financeiro<\/a>:<ul><li>Realizar trabalhos de digita\u00e7\u00e3o de natureza variada; <\/li><li>Redigir expedientes administrativos; elaborar e manusear fich\u00e1rios; <\/li><li>Proceder \u00e0 classifica\u00e7\u00e3o, separa\u00e7\u00e3o e distribui\u00e7\u00e3o de expedientes; <\/li><li>Orientar a circula\u00e7\u00e3o interna de processos e outros expedientes;<\/li><li>Auxiliar na procura e arquivamento de processos e expedientes em geral; <\/li><li>Auxiliar no recebimento e armazenamento de material; <\/li><li>Providenciar a expedi\u00e7\u00e3o de correspond\u00eancia e outros expedientes.<\/li><\/ul><\/li><\/ul>\n\n\n\n<ul><li><a href=\"https:\/\/www.editorasolucao.com.br\/apostila\/camara-tramandai-rs-auxiliar-legislativo\">Auxiliar Legislativo<\/a>:<ul><li>Realizar trabalhos de digita\u00e7\u00e3o de natureza variada; <\/li><li>Redigir expedientes administrativos; <\/li><li>Elaborar e manusear fich\u00e1rios; <\/li><li>Proceder \u00e0 classifica\u00e7\u00e3o, separa\u00e7\u00e3o e distribui\u00e7\u00e3o de expedientes; <\/li><li>Orientar a circula\u00e7\u00e3o interna de processos e outros expedientes;<\/li><li>Auxiliar na procura e arquivamento de processos e expedientes em geral; <\/li><li>Auxiliar no recebimento e armazenamento de material; <\/li><li>Providenciar a expedi\u00e7\u00e3o de correspond\u00eancia, recebendo, entregando e\/ou selando cartas e outros expedientes.<\/li><\/ul><\/li><\/ul>\n\n\n\n<h2 class=\"wp-block-heading\" id=\"etapas\"><span class=\"ez-toc-section\" id=\"Como_serao_as_provas_do_concurso_Camara_de_Tramandai-RS\"><\/span>Como ser\u00e3o as provas do concurso C\u00e2mara de Tramanda\u00ed-RS?<span class=\"ez-toc-section-end\"><\/span><\/h2>\n\n\n\n<p>Os candidatos ser\u00e3o avaliados por meio de uma \u00fanica etapa, a <strong>Prova Objetiva<\/strong>, de car\u00e1ter <em>eliminat\u00f3rio <\/em>e <em>classificat\u00f3rio<\/em>, que dever\u00e1 realizada no dia <strong>26 de novembro de 2023<\/strong>.<\/p>\n\n\n\n<p>A avalia\u00e7\u00e3o ser\u00e1 composta por <strong>40 quest\u00f5es de m\u00faltipla escolha<\/strong> que ser\u00e3o versadas nas seguintes disciplinas:<\/p>\n\n\n\n<ul><li>Portugu\u00eas (10)<\/li><li>Matem\u00e1tica (08)<\/li><li>Conhecimentos Gerais (06)<\/li><li>Legisla\u00e7\u00e3o (06)<\/li><li>Conhecimentos Espec\u00edficos (10)<\/li><\/ul>\n\n\n\n<p>A prova ter\u00e1 a pontua\u00e7\u00e3o m\u00e1xima de 100 pontos, sendo assim, ser\u00e1 considerado <strong>aprovado <\/strong>o candidato que obtiver no m\u00ednimo 60% ou mais na nota final.<\/p>\n\n\n\n<p>O Concurso P\u00fablico ter\u00e1 <strong>validade <\/strong>de at\u00e9 02 anos a partir da data de homologa\u00e7\u00e3o final, prorrog\u00e1veis, uma vez, por igual per\u00edodo, a crit\u00e9rio do ente p\u00fablico.<\/p>\n\n\n\n<p><strong>Bons estudos e boa prova!!!<\/strong><\/p>\n","protected":false},"excerpt":{"rendered":"<p>Ol\u00e1 concurseiros! Est\u00e3o abertas as inscri\u00e7\u00f5es do concurso C\u00e2mara de Tramanda\u00ed, no estado do Rio Grande do Sul, que oferta vagas imediatas e oportunidades para forma\u00e7\u00e3o de cadastro reserva para cargos de n\u00edveis fundamental e m\u00e9dio de escolaridade, com sal\u00e1rio de at\u00e9 R$ 2.643,83! Fique e confira os demais detalhes no decorrer da not\u00edcia. \ud83e\udd70 Inscri\u00e7\u00f5es Cargos, vagas e remunera\u00e7\u00f5es Requisitos Atribui\u00e7\u00f5es Etapas de sele\u00e7\u00e3o Como fazer minha inscri\u00e7\u00e3o no concurso C\u00e2mara de Tramanda\u00ed-RS? Os interessados em participar do certame j\u00e1 podem realizar as inscri\u00e7\u00f5es atrav\u00e9s do site da banca organizadora, Objetiva Concursos, at\u00e9 o dia 03 de novembro de&#8230;<\/p>\n","protected":false},"author":18,"featured_media":36175,"template":"","meta":{"_acf_changed":false,"rank_math_lock_modified_date":false},"categories":[],"tags":[],"acf":[],"_links":{"self":[{"href":"https:\/\/www.editorasolucao.com.br\/blog\/wp-json\/wp\/v2\/concurso\/36173"}],"collection":[{"href":"https:\/\/www.editorasolucao.com.br\/blog\/wp-json\/wp\/v2\/concurso"}],"about":[{"href":"https:\/\/www.editorasolucao.com.br\/blog\/wp-json\/wp\/v2\/types\/concurso"}],"author":[{"embeddable":true,"href":"https:\/\/www.editorasolucao.com.br\/blog\/wp-json\/wp\/v2\/users\/18"}],"wp:featuredmedia":[{"embeddable":true,"href":"https:\/\/www.editorasolucao.com.br\/blog\/wp-json\/wp\/v2\/media\/36175"}],"wp:attachment":[{"href":"https:\/\/www.editorasolucao.com.br\/blog\/wp-json\/wp\/v2\/media?parent=36173"}],"wp:term":[{"taxonomy":"category","embeddable":true,"href":"https:\/\/www.editorasolucao.com.br\/blog\/wp-json\/wp\/v2\/categories?post=36173"},{"taxonomy":"post_tag","embeddable":true,"href":"https:\/\/www.editorasolucao.com.br\/blog\/wp-json\/wp\/v2\/tags?post=36173"}],"curies":[{"name":"wp","href":"https:\/\/api.w.org\/{rel}","templated":true}]}}