{"id":36292,"date":"2025-11-05T09:24:53","date_gmt":"2025-11-05T12:24:53","guid":{"rendered":"https:\/\/www.editorasolucao.com.br\/blog\/?post_type=concurso&#038;p=36292"},"modified":"2026-01-22T08:43:15","modified_gmt":"2026-01-22T11:43:15","slug":"concurso-sedf-temporario","status":"publish","type":"concurso","link":"https:\/\/www.editorasolucao.com.br\/blog\/concurso\/concurso-sedf-temporario","title":{"rendered":"Concurso SEDF: Comiss\u00e3o formada! 10.604 vagas!"},"content":{"rendered":"\n<p>Boas not\u00edcias para os concurseiros! O concurso SEDF (Secretaria de Educa\u00e7\u00e3o do Distrito Federal) avan\u00e7a e j\u00e1 tem <strong>comiss\u00e3o organizadora formada<\/strong>. Est\u00e3o autorizadas <strong>10.604 vagas<\/strong>, sendo <strong>2.650 imediatas<\/strong> e <strong>7.954 para cadastro de reserva<\/strong>, para cargos de professores, pedagogos, gestores e analistas da \u00e1rea educacional. Para se preparar, confira a\u00a0<a href=\"https:\/\/www.editorasolucao.com.br\/concurso\/sedf-secretaria-de-educacao-do-distrito-federal\">Apostila SEDF<\/a>\u00a0com conte\u00fado completo e atualizado conforme o edital!<\/p>\n\n\n\n<div id=\"ez-toc-container\" class=\"ez-toc-v2_0_69_1 counter-hierarchy ez-toc-counter ez-toc-grey ez-toc-container-direction\">\n<div class=\"ez-toc-title-container\">\n<p class=\"ez-toc-title \" >Menu de navega&ccedil;&atilde;o<\/p>\n<span class=\"ez-toc-title-toggle\"><a href=\"#\" class=\"ez-toc-pull-right ez-toc-btn ez-toc-btn-xs ez-toc-btn-default ez-toc-toggle\" aria-label=\"Toggle Table of Content\"><span class=\"ez-toc-js-icon-con\"><span class=\"\"><span class=\"eztoc-hide\" style=\"display:none;\">Toggle<\/span><span class=\"ez-toc-icon-toggle-span\"><svg style=\"fill: #999;color:#999\" xmlns=\"http:\/\/www.w3.org\/2000\/svg\" class=\"list-377408\" width=\"20px\" height=\"20px\" viewBox=\"0 0 24 24\" fill=\"none\"><path d=\"M6 6H4v2h2V6zm14 0H8v2h12V6zM4 11h2v2H4v-2zm16 0H8v2h12v-2zM4 16h2v2H4v-2zm16 0H8v2h12v-2z\" fill=\"currentColor\"><\/path><\/svg><svg style=\"fill: #999;color:#999\" class=\"arrow-unsorted-368013\" xmlns=\"http:\/\/www.w3.org\/2000\/svg\" width=\"10px\" height=\"10px\" viewBox=\"0 0 24 24\" version=\"1.2\" baseProfile=\"tiny\"><path d=\"M18.2 9.3l-6.2-6.3-6.2 6.3c-.2.2-.3.4-.3.7s.1.5.3.7c.2.2.4.3.7.3h11c.3 0 .5-.1.7-.3.2-.2.3-.5.3-.7s-.1-.5-.3-.7zM5.8 14.7l6.2 6.3 6.2-6.3c.2-.2.3-.5.3-.7s-.1-.5-.3-.7c-.2-.2-.4-.3-.7-.3h-11c-.3 0-.5.1-.7.3-.2.2-.3.5-.3.7s.1.5.3.7z\"\/><\/svg><\/span><\/span><\/span><\/a><\/span><\/div>\n<nav><ul class='ez-toc-list ez-toc-list-level-1 ' ><li class='ez-toc-page-1 ez-toc-heading-level-2'><a class=\"ez-toc-link ez-toc-heading-1\" href=\"https:\/\/www.editorasolucao.com.br\/blog\/concurso\/concurso-sedf-temporario\/#Concurso_SEDF_Comissao_formada\" title=\"Concurso SEDF: Comiss\u00e3o formada\">Concurso SEDF: Comiss\u00e3o formada<\/a><\/li><li class='ez-toc-page-1 ez-toc-heading-level-2'><a class=\"ez-toc-link ez-toc-heading-2\" href=\"https:\/\/www.editorasolucao.com.br\/blog\/concurso\/concurso-sedf-temporario\/#Mais_de_10_mil_vagas_autorizadas\" title=\"Mais de 10 mil vagas autorizadas\">Mais de 10 mil vagas autorizadas<\/a><\/li><li class='ez-toc-page-1 ez-toc-heading-level-2'><a class=\"ez-toc-link ez-toc-heading-3\" href=\"https:\/\/www.editorasolucao.com.br\/blog\/concurso\/concurso-sedf-temporario\/#Salarios_e_beneficios\" title=\"Sal\u00e1rios e benef\u00edcios\">Sal\u00e1rios e benef\u00edcios<\/a><\/li><li class='ez-toc-page-1 ez-toc-heading-level-2'><a class=\"ez-toc-link ez-toc-heading-4\" href=\"https:\/\/www.editorasolucao.com.br\/blog\/concurso\/concurso-sedf-temporario\/#Concurso_SEDF_Temporarios_em_andamento\" title=\"Concurso SEDF Tempor\u00e1rios em andamento\">Concurso SEDF Tempor\u00e1rios em andamento<\/a><\/li><li class='ez-toc-page-1 ez-toc-heading-level-2'><a class=\"ez-toc-link ez-toc-heading-5\" href=\"https:\/\/www.editorasolucao.com.br\/blog\/concurso\/concurso-sedf-temporario\/#Como_foi_o_ultimo_concurso_SEDF\" title=\"Como foi o \u00faltimo concurso SEDF?\">Como foi o \u00faltimo concurso SEDF?<\/a><\/li><\/ul><\/nav><\/div>\n<h2 class=\"wp-block-heading\"><span class=\"ez-toc-section\" id=\"Concurso_SEDF_Comissao_formada\"><\/span>Concurso SEDF: Comiss\u00e3o formada<span class=\"ez-toc-section-end\"><\/span><\/h2>\n\n\n\n<p>Nesta quarta-feira, 5 de novembro de 2025, foi publicada no Di\u00e1rio Oficial do Distrito Federal a Portaria n\u00ba 1.182, que institui a comiss\u00e3o organizadora respons\u00e1vel pelos estudos t\u00e9cnicos, contrata\u00e7\u00e3o da banca e supervis\u00e3o do novo concurso SEDF. O grupo acompanhar\u00e1 todas as etapas do certame, desde o planejamento at\u00e9 a homologa\u00e7\u00e3o final dos resultados.<\/p>\n\n\n\n<p>Confira:<\/p>\n\n\n<div class=\"wp-block-image\">\n<figure class=\"aligncenter size-full\"><img loading=\"lazy\" decoding=\"async\" width=\"604\" height=\"363\" src=\"https:\/\/www.editorasolucao.com.br\/blog\/wp-content\/uploads\/2025\/11\/comissao.png\" alt=\"O concurso SEDF est\u00e1 com comiss\u00e3o formada!\" class=\"wp-image-49137\"\/><figcaption class=\"wp-element-caption\"><em>O concurso SEDF est\u00e1 com comiss\u00e3o formada!<\/em><\/figcaption><\/figure><\/div>\n\n\n<p>A comiss\u00e3o \u00e9 composta por representantes de diversas \u00e1reas da Secretaria de Educa\u00e7\u00e3o, incluindo as subsecretarias de Gest\u00e3o de Pessoas (Sugep), Educa\u00e7\u00e3o B\u00e1sica (Subeb), Educa\u00e7\u00e3o Inclusiva e Integral (Subin), Planejamento (Suplav), Tecnologia da Informa\u00e7\u00e3o (Subtic), Administra\u00e7\u00e3o Geral (Suag), al\u00e9m de assessorias jur\u00eddicas e setoriais. A coordena\u00e7\u00e3o ficar\u00e1 a cargo da Subsecretaria de Gest\u00e3o de Pessoas.<\/p>\n\n\n\n<p>Com a comiss\u00e3o organizadora oficialmente formada, o pr\u00f3ximo passo ser\u00e1 a <strong>contrata\u00e7\u00e3o da banca organizadora<\/strong>, respons\u00e1vel pela elabora\u00e7\u00e3o e publica\u00e7\u00e3o do edital, al\u00e9m da aplica\u00e7\u00e3o das provas e demais etapas de sele\u00e7\u00e3o.<\/p>\n\n\n\n<p>Segundo informa\u00e7\u00f5es do governo, a expectativa \u00e9 que o edital do concurso SEDF seja publicado <strong>at\u00e9 abril de 2026<\/strong>, ap\u00f3s a escolha e contrata\u00e7\u00e3o da banca.<\/p>\n\n\n\n<h2 class=\"wp-block-heading\"><span class=\"ez-toc-section\" id=\"Mais_de_10_mil_vagas_autorizadas\"><\/span>Mais de 10 mil vagas autorizadas<span class=\"ez-toc-section-end\"><\/span><\/h2>\n\n\n\n<p>O concurso SEDF foi autorizado oficialmente em 14 de outubro de 2025, por meio da Portaria n\u00ba 825\/2025, com um total de <strong>10.604 vagas<\/strong>, sendo <strong>2.650 imediatas<\/strong> e <strong>7.954 para cadastro de reserva<\/strong>. As oportunidades abrangem cargos de n\u00edvel superior, com destaque para fun\u00e7\u00f5es docentes e de gest\u00e3o educacional.<\/p>\n\n\n\n<p>A distribui\u00e7\u00e3o das vagas ser\u00e1 feita da seguinte forma:<\/p>\n\n\n\n<ul>\n<li><strong>Professor de Educa\u00e7\u00e3o B\u00e1sica:<\/strong> 1.879 vagas imediatas + 5.638 para cadastro de reserva;<\/li>\n\n\n\n<li><strong>Pedagogo-Orientador Educacional:<\/strong> 50 vagas imediatas + 150 para cadastro de reserva;<\/li>\n\n\n\n<li><strong>Gestor em Pol\u00edticas P\u00fablicas e Gest\u00e3o Educacional:<\/strong> 171 vagas imediatas + 516 para cadastro de reserva;<\/li>\n\n\n\n<li><strong>Analista em Pol\u00edticas P\u00fablicas e Gest\u00e3o Educacional:<\/strong> 300 vagas imediatas + 900 para cadastro de reserva;<\/li>\n\n\n\n<li><strong>Analista em Pol\u00edticas P\u00fablicas e Gest\u00e3o Educacional \u2013 Especialidade Monitor:<\/strong> 250 vagas imediatas + 750 para cadastro de reserva.<\/li>\n<\/ul>\n\n\n\n<p><\/p>\n\n\n\n<p>De acordo com a autoriza\u00e7\u00e3o, 10% das vagas dever\u00e3o ser preenchidas nos primeiros 12 meses ap\u00f3s a homologa\u00e7\u00e3o do concurso, enquanto as demais ser\u00e3o convocadas gradualmente ao longo do prazo de validade do certame, que ser\u00e1 de dois anos, podendo ser prorrogado por igual per\u00edodo.<\/p>\n\n\n\n<p>Para quem vai iniciar a prepara\u00e7\u00e3o, a\u00a0<a href=\"https:\/\/www.editorasolucao.com.br\/apostila\/see-df-professor-substituto-lingua-portuguesa\">Apostila SEE-DF 2026 &#8211; Professor Substituto &#8211; L\u00edngua Portuguesa<\/a>\u00a0j\u00e1 est\u00e1 dispon\u00edvel com conte\u00fado completo e atualizado conforme o edital!<\/p>\n\n\n\n<h2 class=\"wp-block-heading\"><span class=\"ez-toc-section\" id=\"Salarios_e_beneficios\"><\/span>Sal\u00e1rios e benef\u00edcios <span class=\"ez-toc-section-end\"><\/span><\/h2>\n\n\n\n<p>Os sal\u00e1rios do concurso SEDF 2026 variam conforme o cargo e o n\u00edvel de escolaridade exigido. Atualmente, as remunera\u00e7\u00f5es iniciais s\u00e3o consideradas bastante atrativas no setor p\u00fablico educacional do Distrito Federal.<\/p>\n\n\n\n<p>Confira a seguir os valores aproximados:<\/p>\n\n\n\n<ul>\n<li><strong>Professor e Pedagogo-Orientador Educacional:<\/strong> R$ 6.106,11, com possibilidade de aumento conforme a titula\u00e7\u00e3o (especializa\u00e7\u00e3o, mestrado ou doutorado);<\/li>\n\n\n\n<li><strong>Gestor em Pol\u00edticas P\u00fablicas e Gest\u00e3o Educacional:<\/strong> R$ 5.749,21, tamb\u00e9m com progress\u00f5es salariais por forma\u00e7\u00e3o acad\u00eamica;<\/li>\n\n\n\n<li><strong>Analista em Pol\u00edticas P\u00fablicas e Gest\u00e3o Educacional:<\/strong> entre R$ 3.245,02 e R$ 5.066,27, variando conforme a especialidade e o n\u00edvel exigido (fundamental, m\u00e9dio ou superior).<\/li>\n<\/ul>\n\n\n\n<p>Al\u00e9m dos sal\u00e1rios, os servidores da Secretaria de Educa\u00e7\u00e3o do DF contam com benef\u00edcios adicionais, como gratifica\u00e7\u00f5es por qualifica\u00e7\u00e3o, progress\u00e3o funcional, estabilidade e plano de carreira.<\/p>\n\n\n\n<h3 class=\"wp-block-heading\">N\u00f3s temos a Solu\u00e7\u00e3o<\/h3>\n\n\n\n<p>Quer ser aprovado no concurso SEDF, mas n\u00e3o sabe por onde come\u00e7ar a estudar? N\u00f3s temos a Solu\u00e7\u00e3o! Para te ajudar nessa caminhada, preparamos materiais realmente direcionados para os seus estudos, que v\u00e3o te ajudar alcan\u00e7ar a t\u00e3o sonhada aprova\u00e7\u00e3o!<\/p>\n\n\n\n<p><strong>Confira:\u00a0<a href=\"https:\/\/www.editorasolucao.com.br\/concurso\/sedf-secretaria-de-educacao-do-distrito-federal\">Materiais preparat\u00f3rios para o concurso SEDF!<\/a><\/strong><\/p>\n\n\n\n<h2 class=\"wp-block-heading\"><span class=\"ez-toc-section\" id=\"Concurso_SEDF_Temporarios_em_andamento\"><\/span>Concurso SEDF Tempor\u00e1rios em andamento<span class=\"ez-toc-section-end\"><\/span><\/h2>\n\n\n\n<p>Al\u00e9m desse novo concurso SEDF, existe uma sele\u00e7\u00e3o com vagas tempor\u00e1rias em andamento. O certame oferece oportunidades em cadastro reserva para diversas \u00e1reas do magist\u00e9rio. Os aprovados poder\u00e3o ser convocados conforme a necessidade da Secretaria de Educa\u00e7\u00e3o do Distrito Federal, respeitando a ordem de classifica\u00e7\u00e3o.<\/p>\n\n\n\n<p>Confira a distribui\u00e7\u00e3o de especialidades:<\/p>\n\n\n\n<ul>\n<li>Administra\u00e7\u00e3o<\/li>\n\n\n\n<li>Arquitetura<\/li>\n\n\n\n<li>Artes<\/li>\n\n\n\n<li>Biologia<\/li>\n\n\n\n<li>Biomedicina<\/li>\n\n\n\n<li>Ci\u00eancias Naturais<\/li>\n\n\n\n<li>Constru\u00e7\u00e3o Civil<\/li>\n\n\n\n<li>Contabilidade<\/li>\n\n\n\n<li>Direito<\/li>\n\n\n\n<li>Educa\u00e7\u00e3o F\u00edsica<\/li>\n\n\n\n<li>Eletr\u00f4nica<\/li>\n\n\n\n<li>Eletrot\u00e9cnica<\/li>\n\n\n\n<li>Enfermagem<\/li>\n\n\n\n<li>Farm\u00e1cia<\/li>\n\n\n\n<li>Filosofia<\/li>\n\n\n\n<li>F\u00edsica<\/li>\n\n\n\n<li>Fisioterapia<\/li>\n\n\n\n<li>Gastronomia<\/li>\n\n\n\n<li>Geografia<\/li>\n\n\n\n<li>Hist\u00f3ria<\/li>\n\n\n\n<li>Inform\u00e1tica<\/li>\n\n\n\n<li>Alem\u00e3o<\/li>\n\n\n\n<li>Espanhol<\/li>\n\n\n\n<li>Franc\u00eas<\/li>\n\n\n\n<li>Ingl\u00eas<\/li>\n\n\n\n<li>Japon\u00eas<\/li>\n\n\n\n<li>Libras<\/li>\n\n\n\n<li>L\u00edngua Portuguesa<\/li>\n\n\n\n<li>Matem\u00e1tica<\/li>\n\n\n\n<li>M\u00fasica<\/li>\n\n\n\n<li>Nutri\u00e7\u00e3o<\/li>\n\n\n\n<li>Odontologia<\/li>\n\n\n\n<li>Pedagogia<\/li>\n\n\n\n<li>Psicologia<\/li>\n\n\n\n<li>Qu\u00edmica<\/li>\n\n\n\n<li>Radiologia<\/li>\n\n\n\n<li>Sociologia<\/li>\n\n\n\n<li>Telecomunica\u00e7\u00f5es<\/li>\n<\/ul>\n\n\n\n<p><\/p>\n\n\n\n<p>A remunera\u00e7\u00e3o inicial para os aprovados no concurso SEDF Tempor\u00e1rios \u00e9 de at\u00e9 <strong>R$6.427,71<\/strong>, variando de acordo com a carga hor\u00e1ria assumida. Em alguns casos espec\u00edficos, como no cargo de professor de Franc\u00eas, o valor inicial \u00e9 de <strong>R$4.941,71.<\/strong><\/p>\n\n\n\n<p>Segundo o edital, a jornada de trabalho dos professores tempor\u00e1rios ser\u00e1 organizada da seguinte forma:<\/p>\n\n\n\n<ul>\n<li><strong>Turno diurno: <\/strong>at\u00e9 8 horas di\u00e1rias e carga m\u00e1xima de 40 horas semanais, sendo 37,5% destinadas \u00e0s atividades de coordena\u00e7\u00e3o pedag\u00f3gica;<\/li>\n\n\n\n<li><strong>Turno noturno: <\/strong>at\u00e9 4 horas di\u00e1rias e carga m\u00e1xima de 20 horas semanais, com 35% destinadas \u00e0 coordena\u00e7\u00e3o pedag\u00f3gica.<\/li>\n<\/ul>\n\n\n\n<p>H\u00e1 ainda previs\u00e3o de compensa\u00e7\u00e3o de hor\u00e1rios, desde que haja interesse p\u00fablico. Caso o banco de reservas do turno diurno seja esgotado, professores inscritos no noturno poder\u00e3o ter sua carga hor\u00e1ria ampliada para at\u00e9 40 horas semanais.<\/p>\n\n\n\n<h3 class=\"wp-block-heading\">Reajuste salarial<\/h3>\n\n\n\n<p>Conforme acordo firmado entre o Governo do DF e o Sinpro-DF durante a greve de 2023, a remunera\u00e7\u00e3o dos professores tempor\u00e1rios passar\u00e1 a ser de <strong>R$6.749,10<\/strong> a partir de janeiro de 2026, acrescida de gratifica\u00e7\u00f5es e benef\u00edcios.<\/p>\n\n\n\n<h3 class=\"wp-block-heading\">Locais de atua\u00e7\u00e3o<\/h3>\n\n\n\n<p>Os candidatos aprovados no concurso SEDF Tempor\u00e1rios poder\u00e3o ser designados para exercer suas fun\u00e7\u00f5es em diferentes regi\u00f5es administrativas do Distrito Federal, entre elas:<\/p>\n\n\n\n<ul>\n<li>Brazl\u00e2ndia<\/li>\n\n\n\n<li>Ceil\u00e2ndia<\/li>\n\n\n\n<li>Gama<\/li>\n\n\n\n<li>Guar\u00e1<\/li>\n\n\n\n<li>N\u00facleo Bandeirante<\/li>\n\n\n\n<li>Parano\u00e1<\/li>\n\n\n\n<li>Planaltina<\/li>\n\n\n\n<li>Plano Piloto<\/li>\n\n\n\n<li>Recanto das Emas<\/li>\n\n\n\n<li>Samambaia<\/li>\n\n\n\n<li>Santa Maria<\/li>\n\n\n\n<li>S\u00e3o Sebasti\u00e3o<\/li>\n\n\n\n<li>Sobradinho<\/li>\n\n\n\n<li>Taguatinga<\/li>\n<\/ul>\n\n\n\n<h3 class=\"wp-block-heading\">Etapas de sele\u00e7\u00e3o do concurso SEDF Tempor\u00e1rios<\/h3>\n\n\n\n<p>O concurso SEDF Tempor\u00e1rios ser\u00e1 composto pelas seguintes fases:<\/p>\n\n\n\n<ul>\n<li><strong>Prova objetiva<\/strong> \u2013 de car\u00e1ter eliminat\u00f3rio e classificat\u00f3rio;<\/li>\n\n\n\n<li><strong>Prova pr\u00e1tica<\/strong> \u2013 de car\u00e1ter eliminat\u00f3rio, aplicada apenas para candidatos da \u00e1rea de M\u00fasica.<\/li>\n<\/ul>\n\n\n\n<p>A prova objetiva ocorreu no dia <strong>19 de outubro<\/strong>, com dura\u00e7\u00e3o de 3h30. A aplica\u00e7\u00e3o ser\u00e1 feita em turnos distintos, conforme a \u00e1rea de forma\u00e7\u00e3o:<\/p>\n\n\n\n<ul>\n<li><strong>Turno da manh\u00e3:<\/strong> todas as \u00e1reas, exceto Pedagogia;<\/li>\n\n\n\n<li><strong>Turno da tarde:<\/strong> exclusivamente para candidatos de Pedagogia.<\/li>\n<\/ul>\n\n\n\n<h4 class=\"wp-block-heading\">Prova objetiva<\/h4>\n\n\n\n<p>A avalia\u00e7\u00e3o foi composta por 120 itens no formato \u201ccerto\u201d ou \u201cerrado\u201d, distribu\u00eddos em tr\u00eas blocos:<\/p>\n\n\n\n<ul>\n<li>Conhecimentos B\u00e1sicos (30)\n<ul>\n<li>L\u00edngua Portuguesa<\/li>\n\n\n\n<li>Conhecimentos sobre o DF<\/li>\n\n\n\n<li>Legisla\u00e7\u00e3o<\/li>\n\n\n\n<li>Temas Educacionais e Pedag\u00f3gicos<\/li>\n<\/ul>\n<\/li>\n\n\n\n<li>Conhecimentos Complementares (40)\n<ul>\n<li>Educa\u00e7\u00e3o Inclusiva<\/li>\n<\/ul>\n<\/li>\n\n\n\n<li>Conhecimentos Espec\u00edficos (50)<\/li>\n<\/ul>\n\n\n\n<p>Essa etapa tem car\u00e1ter eliminat\u00f3rio e classificat\u00f3rio, sendo determinante para a continuidade na sele\u00e7\u00e3o.<\/p>\n\n\n\n<h4 class=\"wp-block-heading\">Prova pr\u00e1tica<\/h4>\n\n\n\n<p>A prova pr\u00e1tica ser\u00e1 aplicada apenas aos candidatos da \u00e1rea de M\u00fasica. De car\u00e1ter eliminat\u00f3rio, valer\u00e1 10 pontos no total e ter\u00e1 como objetivo avaliar a profici\u00eancia t\u00e9cnico-art\u00edstica dos participantes em sua especialidade.<\/p>\n\n\n\n<p>A avalia\u00e7\u00e3o ser\u00e1 realizada individualmente, diante de uma banca composta por dois especialistas, e todo o procedimento ser\u00e1 filmado pela comiss\u00e3o organizadora, garantindo imparcialidade e registro oficial.<\/p>\n\n\n\n<p>Somente os candidatos aprovados na prova objetiva ser\u00e3o convocados para a etapa pr\u00e1tica.<\/p>\n\n\n\n<h2 class=\"wp-block-heading\" id=\"cargos\"><span class=\"ez-toc-section\" id=\"Como_foi_o_ultimo_concurso_SEDF\"><\/span>Como foi o \u00faltimo concurso SEDF?<span class=\"ez-toc-section-end\"><\/span><\/h2>\n\n\n\n<p>O \u00faltimo concurso <a href=\"https:\/\/www.educacao.df.gov.br\/category\/a-secretaria-de-educacao\/\" target=\"_blank\" rel=\"noreferrer noopener\">SEDF<\/a> ocorreu em 2023 e foram ofertadas vagas para forma\u00e7\u00e3o de cadastro reserva para o cargo de Professor Substituto em diversas \u00e1reas. Confira:<\/p>\n\n\n\n<ul>\n<li>Administra\u00e7\u00e3o<\/li>\n\n\n\n<li>Arquitetura<\/li>\n\n\n\n<li>Artes<\/li>\n\n\n\n<li>Atividades<\/li>\n\n\n\n<li>Biologia<\/li>\n\n\n\n<li>Biomedicina<\/li>\n\n\n\n<li>Ci\u00eancias naturais<\/li>\n\n\n\n<li>Constru\u00e7\u00e3o civil<\/li>\n\n\n\n<li>Contabilidade<\/li>\n\n\n\n<li>Direito<\/li>\n\n\n\n<li>Educa\u00e7\u00e3o f\u00edsica<\/li>\n\n\n\n<li>Eletr\u00f4nica<\/li>\n\n\n\n<li>Eletrot\u00e9cnica<\/li>\n\n\n\n<li>Enfermagem<\/li>\n\n\n\n<li>Farm\u00e1cia<\/li>\n\n\n\n<li>Filosofia<\/li>\n\n\n\n<li>F\u00edsica<\/li>\n\n\n\n<li>Fisioterapia<\/li>\n\n\n\n<li>Gastronomia<\/li>\n\n\n\n<li>Geografia<\/li>\n\n\n\n<li>Hist\u00f3ria<\/li>\n\n\n\n<li>Inform\u00e1tica<\/li>\n\n\n\n<li>Alem\u00e3o<\/li>\n\n\n\n<li>Espanhol<\/li>\n\n\n\n<li>Franc\u00eas<\/li>\n\n\n\n<li>Ingl\u00eas<\/li>\n\n\n\n<li>Japon\u00eas<\/li>\n\n\n\n<li>Libras<\/li>\n\n\n\n<li>L\u00edngua portuguesa<\/li>\n\n\n\n<li>Matem\u00e1tica<\/li>\n\n\n\n<li>M\u00fasica\n<ul>\n<li>Canto Erudito<\/li>\n\n\n\n<li>Clarineta<\/li>\n\n\n\n<li>Gaita Crom\u00e1tica<\/li>\n\n\n\n<li>Trombone<\/li>\n\n\n\n<li>Viola de Gamba<\/li>\n\n\n\n<li>Flauta Transversal<\/li>\n\n\n\n<li>Viola<\/li>\n\n\n\n<li>Violino<\/li>\n\n\n\n<li>Acordeon<\/li>\n\n\n\n<li>Bombardino\/Tuba<\/li>\n\n\n\n<li>Cavaquinho<\/li>\n\n\n\n<li>Cravo<\/li>\n\n\n\n<li>Fagote<\/li>\n\n\n\n<li>Piano Correpeti\u00e7\u00e3o<\/li>\n\n\n\n<li>Regente Maestro\/Coro<\/li>\n\n\n\n<li>Regente Maestro\/Orquestra Sinf\u00f4nica<\/li>\n\n\n\n<li>Regente Maestro\/Banca Sinf\u00f4nica<\/li>\n\n\n\n<li>Trompa<\/li>\n\n\n\n<li>Trompete<\/li>\n\n\n\n<li>Viol\u00e3o Erudito<\/li>\n\n\n\n<li>Viol\u00e3o Popular<\/li>\n\n\n\n<li>Violoncelo<\/li>\n\n\n\n<li>Piano Popular<\/li>\n\n\n\n<li>Canto Popular<\/li>\n\n\n\n<li>Componentes Te\u00f3ricos M\u00fasica Erudita<\/li>\n\n\n\n<li>Componentes Te\u00f3ricos M\u00fasica Popular<\/li>\n\n\n\n<li>Processos Fonogr\u00e1ficos<\/li>\n\n\n\n<li>Documenta\u00e7\u00e3o Musical<\/li>\n\n\n\n<li>Produ\u00e7\u00e3o e V\u00eddeo<\/li>\n<\/ul>\n<\/li>\n\n\n\n<li>Nutri\u00e7\u00e3o<\/li>\n\n\n\n<li>Odontologia<\/li>\n\n\n\n<li>Psicologia<\/li>\n\n\n\n<li>Qu\u00edmica<\/li>\n\n\n\n<li>Radiologia<\/li>\n\n\n\n<li>Sociologia<\/li>\n\n\n\n<li>Telecomunica\u00e7\u00f5es<\/li>\n<\/ul>\n\n\n\n<p>O sal\u00e1rio do professor substituto era no valor de <strong>R$4.941,71<\/strong>.<\/p>\n\n\n\n<h3 class=\"wp-block-heading\" id=\"etapas\">Como foram as provas do concurso SEDF?<\/h3>\n\n\n\n<p>Os candidatos foram avaliados por meio de uma \u00fanica etapa, a Prova Objetiva, de car\u00e1ter <em>eliminat\u00f3rio <\/em>e classificat\u00f3rio.<\/p>\n\n\n\n<p>A avalia\u00e7\u00e3o contou com 120 quest\u00f5es de julgamento &#8220;certo&#8221; ou &#8220;errado&#8221;. As disciplinas abordadas foram:<\/p>\n\n\n\n<ul>\n<li>Conhecimentos B\u00e1sicos (40)<\/li>\n\n\n\n<li>Conhecimentos Complementares (30)<\/li>\n\n\n\n<li>Conhecimentos Espec\u00edficos (50)<\/li>\n<\/ul>\n\n\n\n<p>Foi considerado reprovado e eliminado do Processo Seletivo Simplificado, o candidato que obteve nota inferior a 30 pontos.<\/p>\n\n\n\n<p><strong>Bons estudos e boa prova!!!<\/strong><\/p>\n","protected":false},"excerpt":{"rendered":"<p>O novo concurso SEDF j\u00e1 est\u00e1 com comiss\u00e3o formada! Ser\u00e3o ofertadas mais de 10 mil vagas em diversos cargos da \u00e1rea educacional. Confira!<\/p>\n","protected":false},"author":26,"featured_media":49138,"template":"","meta":{"_acf_changed":false,"rank_math_lock_modified_date":false},"categories":[52],"tags":[1805],"acf":[],"_links":{"self":[{"href":"https:\/\/www.editorasolucao.com.br\/blog\/wp-json\/wp\/v2\/concurso\/36292"}],"collection":[{"href":"https:\/\/www.editorasolucao.com.br\/blog\/wp-json\/wp\/v2\/concurso"}],"about":[{"href":"https:\/\/www.editorasolucao.com.br\/blog\/wp-json\/wp\/v2\/types\/concurso"}],"author":[{"embeddable":true,"href":"https:\/\/www.editorasolucao.com.br\/blog\/wp-json\/wp\/v2\/users\/26"}],"wp:featuredmedia":[{"embeddable":true,"href":"https:\/\/www.editorasolucao.com.br\/blog\/wp-json\/wp\/v2\/media\/49138"}],"wp:attachment":[{"href":"https:\/\/www.editorasolucao.com.br\/blog\/wp-json\/wp\/v2\/media?parent=36292"}],"wp:term":[{"taxonomy":"category","embeddable":true,"href":"https:\/\/www.editorasolucao.com.br\/blog\/wp-json\/wp\/v2\/categories?post=36292"},{"taxonomy":"post_tag","embeddable":true,"href":"https:\/\/www.editorasolucao.com.br\/blog\/wp-json\/wp\/v2\/tags?post=36292"}],"curies":[{"name":"wp","href":"https:\/\/api.w.org\/{rel}","templated":true}]}}