{"id":3631,"date":"2023-12-19T12:00:00","date_gmt":"2023-12-19T15:00:00","guid":{"rendered":"https:\/\/www.editorasolucao.com.br\/blog\/?post_type=concurso&#038;p=3631"},"modified":"2023-12-20T08:22:37","modified_gmt":"2023-12-20T11:22:37","slug":"if-baiano","status":"publish","type":"concurso","link":"https:\/\/www.editorasolucao.com.br\/blog\/concurso\/if-baiano","title":{"rendered":"Concurso IF Baiano: Editais publicados. 96 vagas para Professor e T\u00e9cnico-Administrativo!"},"content":{"rendered":"\n<p>Foi publicado dois editais do concurso IFBA (Instituto Federal de Educa\u00e7\u00e3o, Ci\u00eancia e Tecnologia Baiano-BA) que ofertam 96 vagas para os cargos de T\u00e9cnico-Administrativo e Professor, de <strong>n\u00edveis m\u00e9dio, t\u00e9cnico e superior de escolaridade<\/strong>. Se interessa pelo certame? Confira os demais detalhes no decorrer da not\u00edcia. \ud83e\udd70<\/p>\n\n\n\n<ul><li><a href=\"#inscri\u00e7\u00f5es\">Inscri\u00e7\u00f5es<\/a><\/li><li><a href=\"#cargos\">Cargos, vagas e sal\u00e1rios<\/a><\/li><li><a href=\"#requisitos\">Requisitos<\/a><\/li><li><a href=\"#etapas\">Etapas de sele\u00e7\u00e3o<\/a><\/li><\/ul>\n\n\n\n<div id=\"ez-toc-container\" class=\"ez-toc-v2_0_69_1 counter-hierarchy ez-toc-counter ez-toc-grey ez-toc-container-direction\">\n<div class=\"ez-toc-title-container\">\n<p class=\"ez-toc-title \" >Menu de navega&ccedil;&atilde;o<\/p>\n<span class=\"ez-toc-title-toggle\"><a href=\"#\" class=\"ez-toc-pull-right ez-toc-btn ez-toc-btn-xs ez-toc-btn-default ez-toc-toggle\" aria-label=\"Toggle Table of Content\"><span class=\"ez-toc-js-icon-con\"><span class=\"\"><span class=\"eztoc-hide\" style=\"display:none;\">Toggle<\/span><span class=\"ez-toc-icon-toggle-span\"><svg style=\"fill: #999;color:#999\" xmlns=\"http:\/\/www.w3.org\/2000\/svg\" class=\"list-377408\" width=\"20px\" height=\"20px\" viewBox=\"0 0 24 24\" fill=\"none\"><path d=\"M6 6H4v2h2V6zm14 0H8v2h12V6zM4 11h2v2H4v-2zm16 0H8v2h12v-2zM4 16h2v2H4v-2zm16 0H8v2h12v-2z\" fill=\"currentColor\"><\/path><\/svg><svg style=\"fill: #999;color:#999\" class=\"arrow-unsorted-368013\" xmlns=\"http:\/\/www.w3.org\/2000\/svg\" width=\"10px\" height=\"10px\" viewBox=\"0 0 24 24\" version=\"1.2\" baseProfile=\"tiny\"><path d=\"M18.2 9.3l-6.2-6.3-6.2 6.3c-.2.2-.3.4-.3.7s.1.5.3.7c.2.2.4.3.7.3h11c.3 0 .5-.1.7-.3.2-.2.3-.5.3-.7s-.1-.5-.3-.7zM5.8 14.7l6.2 6.3 6.2-6.3c.2-.2.3-.5.3-.7s-.1-.5-.3-.7c-.2-.2-.4-.3-.7-.3h-11c-.3 0-.5.1-.7.3-.2.2-.3.5-.3.7s.1.5.3.7z\"\/><\/svg><\/span><\/span><\/span><\/a><\/span><\/div>\n<nav><ul class='ez-toc-list ez-toc-list-level-1 ' ><li class='ez-toc-page-1 ez-toc-heading-level-2'><a class=\"ez-toc-link ez-toc-heading-1\" href=\"https:\/\/www.editorasolucao.com.br\/blog\/concurso\/if-baiano\/#Como_serao_as_inscricoes_do_concurso_IF_Baiano\" title=\"Como ser\u00e3o as inscri\u00e7\u00f5es do concurso IF Baiano?\">Como ser\u00e3o as inscri\u00e7\u00f5es do concurso IF Baiano?<\/a><\/li><li class='ez-toc-page-1 ez-toc-heading-level-2'><a class=\"ez-toc-link ez-toc-heading-2\" href=\"https:\/\/www.editorasolucao.com.br\/blog\/concurso\/if-baiano\/#Concurso_IF_Baiano_Cargos_vagas_e_salarios\" title=\"Concurso IF Baiano: Cargos, vagas e sal\u00e1rios\">Concurso IF Baiano: Cargos, vagas e sal\u00e1rios<\/a><\/li><li class='ez-toc-page-1 ez-toc-heading-level-2'><a class=\"ez-toc-link ez-toc-heading-3\" href=\"https:\/\/www.editorasolucao.com.br\/blog\/concurso\/if-baiano\/#Quais_sao_os_requisitos_para_a_investidura_no_concurso_IF_Baiano\" title=\"Quais s\u00e3o os requisitos para a investidura no concurso IF Baiano?\">Quais s\u00e3o os requisitos para a investidura no concurso IF Baiano?<\/a><\/li><li class='ez-toc-page-1 ez-toc-heading-level-2'><a class=\"ez-toc-link ez-toc-heading-4\" href=\"https:\/\/www.editorasolucao.com.br\/blog\/concurso\/if-baiano\/#Como_serao_as_provas_do_concurso_IF_Baiano\" title=\"Como ser\u00e3o as provas do concurso IF Baiano?\">Como ser\u00e3o as provas do concurso IF Baiano?<\/a><\/li><\/ul><\/nav><\/div>\n<h2 class=\"wp-block-heading\" id=\"inscri\u00e7\u00f5es\"><span class=\"ez-toc-section\" id=\"Como_serao_as_inscricoes_do_concurso_IF_Baiano\"><\/span>Como ser\u00e3o as inscri\u00e7\u00f5es do concurso IF Baiano?<span class=\"ez-toc-section-end\"><\/span><\/h2>\n\n\n\n<p>Os interessados em participar do certame poder\u00e3o realizar as inscri\u00e7\u00f5es <strong>a partir das 09h do dia 03 de janeiro de 2024 at\u00e9 o dia 07 de fevereiro de 2024<\/strong>, atrav\u00e9s do site da banca organizadora, <a href=\"https:\/\/www.institutoaocp.org.br\/\" target=\"_blank\" rel=\"noreferrer noopener\">Instituto AOCP<\/a>.<\/p>\n\n\n\n<p>Para efetivar a inscri\u00e7\u00e3o \u00e9 necess\u00e1rio que o candidato efetue o pagamento de uma <strong>taxa <\/strong>no valor referente ao n\u00edvel de escolaridade do cargo pretendido:<\/p>\n\n\n\n<ul><li>N\u00edvel m\u00e9dio: <strong>R$ 80,00<\/strong><\/li><li>N\u00edvel t\u00e9cnico: <strong>R$ 90,00<\/strong><\/li><li>N\u00edvel superior: <strong>R$ 120,00<\/strong><\/li><li>Professor: <strong>R$ 150,00<\/strong><\/li><\/ul>\n\n\n\n<p>Haver\u00e1 a possibilidade de solicitar a <strong>isen\u00e7\u00e3o <\/strong>da taxa de participa\u00e7\u00e3o <strong>entre os dias 03 a 06 de janeiro de 2024<\/strong>, para o candidato que se adequar a uma das seguintes condi\u00e7\u00f5es:<\/p>\n\n\n\n<ul><li>Cad\u00danico, conforme o Decreto &#8211; n\u00ba 6.593\/2008 e o Decreto n\u00ba 11.016\/2022;<\/li><li>Doador de medula \u00f3ssea em entidades reconhecidas pelo Minist\u00e9rio da Sa\u00fade, conforme a Lei n\u00ba 13.656\/2018;<\/li><\/ul>\n\n\n\n<h2 class=\"wp-block-heading\" id=\"cargos\"><span class=\"ez-toc-section\" id=\"Concurso_IF_Baiano_Cargos_vagas_e_salarios\"><\/span>Concurso IF Baiano: Cargos, vagas e sal\u00e1rios<span class=\"ez-toc-section-end\"><\/span><\/h2>\n\n\n\n<p>Conforme o edital, ao todo est\u00e3o sendo ofertadas <strong>96 vagas imediatas <\/strong>para os cargos de T\u00e9cnico-Administrativo e Professor em diversas especialidades, de n\u00edveis m\u00e9dio. t\u00e9cnico e superior de escolaridade. Confira quais s\u00e3o os cargos ofertados, a distribui\u00e7\u00e3o das vagas e os sal\u00e1rios:<\/p>\n\n\n\n<p><strong>Edital IF Baiano N\u00ba 236<\/strong><\/p>\n\n\n\n<p>Confira quais s\u00e3o os cargos e as \u00e1reas ofertadas para o cargo de T\u00e9cnico-Administrativo:<\/p>\n\n\n\n<p><em>M\u00e9dio &#8211; R$ 2.120,13<\/em><\/p>\n\n\n\n<ul><li><a href=\"https:\/\/www.editorasolucao.com.br\/apostila\/if-baiano-assistente-aluno\">Assistente de Aluno<\/a> (07)<\/li><\/ul>\n\n\n\n<p><em>T\u00e9cnico &#8211; R$ 2.667,19<\/em><\/p>\n\n\n\n<ul><li><a href=\"https:\/\/www.editorasolucao.com.br\/apostila\/if-baiano-assistente-administracao\">Assistente em Administra\u00e7\u00e3o<\/a> (17)<\/li><li>T\u00e9cnico em Agropecu\u00e1ria (02)<\/li><li>T\u00e9cnico em Contabilidade (03)<\/li><li><a href=\"https:\/\/www.editorasolucao.com.br\/apostila\/if-baiano-tecnico-enfermagem\">T\u00e9cnico em Enfermagem<\/a> (03)<\/li><li>T\u00e9cnico em Laborat\u00f3rio de Agroind\u00fastria\/Alimentos (02)<\/li><li>T\u00e9cnico em Laborat\u00f3rio de Inform\u00e1tica (01)<\/li><li>T\u00e9cnico em TI (04)<\/li><\/ul>\n\n\n\n<p><em>Superior &#8211; R$ 4.556,92<\/em><\/p>\n\n\n\n<ul><li>Analista de Tecnologia da Informa\u00e7\u00e3o (04)<\/li><li>Assistente Social (02)<\/li><li>Enfermeiro (01)<\/li><li>Engenheiro \u2013 \u00c1rea: Civil (01)<\/li><li>Engenheiro \u2013 \u00c1rea: Eletricista (01)<\/li><li>M\u00e9dico Veterin\u00e1rio (01)<\/li><li><a href=\"https:\/\/www.editorasolucao.com.br\/apostila\/if-baiano-pedagogo\">Pedagogo<\/a> (01)<\/li><li>Tecn\u00f3logo em Gest\u00e3o P\u00fablica (02)<\/li><\/ul>\n\n\n\n<p><strong>Edital IF Baiano N\u00ba 235<\/strong><\/p>\n\n\n\n<p>Confira quais s\u00e3o os cargos e as \u00e1reas ofertadas para o cargo de <a href=\"https:\/\/www.editorasolucao.com.br\/apostila\/if-baiano-comum-especialidades-professor\">Docente<\/a>:<\/p>\n\n\n\n<ul><li>Atendimento Educacional Especializado &#8211; AEE (03)<\/li><li>Arte (01)<\/li><li>Biologia (03)<\/li><li>Educa\u00e7\u00e3o F\u00edsica (01)<\/li><li>Filosofia (04)<\/li><li><a href=\"https:\/\/www.editorasolucao.com.br\/apostila\/if-baiano-professor-fisica\">F\u00edsica<\/a> (04)<\/li><li>Hist\u00f3ria (03)<\/li><li>Inform\u00e1tica (06)<\/li><li>L\u00edngua Estrangeira Moderna: Ingl\u00eas (04)<\/li><li><a href=\"https:\/\/www.editorasolucao.com.br\/apostila\/if-baiano-professor-letras-lingua-portuguesa-literatura\">Letras\/ L\u00edngua Portuguesa e Literatura<\/a> (03)<\/li><li>Matem\u00e1tica (03)<\/li><li>Medicina Veterin\u00e1ria (01)<\/li><li>Meio Ambiente (01)<\/li><li>M\u00fasica (04)<\/li><li><a href=\"https:\/\/www.editorasolucao.com.br\/apostila\/if-baiano-professor-quimica\">Qu\u00edmica<\/a> (01)<\/li><li>Zootecnia (02)<\/li><\/ul>\n\n\n\n<p>O vencimento b\u00e1sico \u00e9 no valor de R$ 4.875,18, cuja progress\u00e3o funcional dar-se-\u00e1 de acordo com legisla\u00e7\u00e3o em vigor, al\u00e9m da possibilidade de retribui\u00e7\u00e3o por titula\u00e7\u00e3o, de acordo com as informa\u00e7\u00f5es constantes no Quadro a seguir:<\/p>\n\n\n\n<figure class=\"wp-block-image size-full\"><img loading=\"lazy\" decoding=\"async\" width=\"608\" height=\"130\" src=\"https:\/\/www.editorasolucao.com.br\/blog\/wp-content\/uploads\/2023\/12\/image-39.png\" alt=\"Tabela composta por sete linhas e por cinco colunas que contam a retribui\u00e7\u00e3o de titula\u00e7\u00e3o.\" class=\"wp-image-38543\"\/><figcaption>Tabela de possibilidade retribui\u00e7\u00e3o por titula\u00e7\u00e3o do concurso IFBA.<\/figcaption><\/figure>\n\n\n\n<p>A jornada de trabalho varia entre 20 a 40 horas semanais, de acordo com o cargo pretendido pelo candidato. Al\u00e9m do sal\u00e1rio base, os candidatos aprovados far\u00e3o jus aos seguintes <strong>benef\u00edcios<\/strong>:<\/p>\n\n\n\n<ul><li>Aux\u00edlio-Alimenta\u00e7\u00e3o no valor de R$ 658,00.<\/li><li>Aux\u00edlio Pr\u00e9-escola no valor de R$ 321,00.<\/li><li>Aux\u00edlio-transporte na forma da legisla\u00e7\u00e3o vigente.<\/li><li>Aux\u00edlio para sa\u00fade suplementar na forma da legisla\u00e7\u00e3o vigente.<\/li><\/ul>\n\n\n\n<h2 class=\"wp-block-heading\" id=\"requisitos\"><span class=\"ez-toc-section\" id=\"Quais_sao_os_requisitos_para_a_investidura_no_concurso_IF_Baiano\"><\/span>Quais s\u00e3o os requisitos para a investidura no concurso IF Baiano?<span class=\"ez-toc-section-end\"><\/span><\/h2>\n\n\n\n<p>Confira quais s\u00e3o as <strong>exig\u00eancias <\/strong>do concurso IFBA para que o candidato tome posse do cargo pretendido:<\/p>\n\n\n\n<ul><li>Ser aprovado neste concurso p\u00fablico.<\/li><li>Ser brasileiro nato ou naturalizado ou ainda, no caso de estrangeiro, estar em situa\u00e7\u00e3o regular no pa\u00eds, por interm\u00e9dio de visto permanente que o habilite a trabalhar no territ\u00f3rio nacional; no caso de ter nacionalidade portuguesa, estar amparado pelo estatuto de igualdade entre brasileiros e portugueses, nos termos do \u00a7 1\u00ba do art. 12 da Constitui\u00e7\u00e3o Federal.<\/li><li><strong>Estar em gozo dos direitos pol\u00edticos.<\/strong><\/li><li>Estar quite com as obriga\u00e7\u00f5es militares, em caso de candidato do sexo masculino.<\/li><li>Estar quite com as obriga\u00e7\u00f5es eleitorais.<\/li><li>Possuir os requisitos exigidos para o exerc\u00edcio do cargo, conforme o item 2.3 deste edital.<\/li><li><strong>Ter idade m\u00ednima de 18 anos completos na data da posse.<\/strong><\/li><li>Ter aptid\u00e3o f\u00edsica e mental para o exerc\u00edcio das atribui\u00e7\u00f5es do cargo.<\/li><li>Apresentar declara\u00e7\u00e3o p\u00fablica de bens e prestar compromisso de desempenhar, com retid\u00e3o, as fun\u00e7\u00f5es do cargo, cumprindo a Constitui\u00e7\u00e3o e as leis.<\/li><li>N\u00e3o ter sofrido, no exerc\u00edcio da fun\u00e7\u00e3o p\u00fablica, penalidade incompat\u00edvel com investidura em cargo p\u00fablico federal, prevista no art. 137, par\u00e1grafo \u00fanico, da Lei n\u00ba.8.112\/90, cargo p\u00fablico estadual e municipal.<\/li><li>N\u00e3o ter sofrido, no exerc\u00edcio da fun\u00e7\u00e3o p\u00fablica, as penalidades previstas nos arts. 117, incs. IX e XI, da Lei n\u00ba.8.112\/90, que incompatibilizam o ex-servidor para nova investidura em cargo p\u00fablico federal pelo prazo de 5 anos;<\/li><li>N\u00e3o receber proventos de aposentadoria que caracterizem acumula\u00e7\u00e3o il\u00edcita de cargos, na forma do inciso XVI combinado com o \u00a710 do art. 37 da Constitui\u00e7\u00e3o Federal.<\/li><li>Cumprir as determina\u00e7\u00f5es deste edital.<\/li><li>Cada \u00f3rg\u00e3o deve decidir sobre a necessidade de outras certid\u00f5es para o seu caso espec\u00edfico<\/li><\/ul>\n\n\n\n<h2 class=\"wp-block-heading\" id=\"etapas\"><span class=\"ez-toc-section\" id=\"Como_serao_as_provas_do_concurso_IF_Baiano\"><\/span>Como ser\u00e3o as provas do concurso IF Baiano?<span class=\"ez-toc-section-end\"><\/span><\/h2>\n\n\n\n<p>Os candidatos ser\u00e3o avaliados por meio das seguintes etapas de sele\u00e7\u00e3o:<\/p>\n\n\n\n<ul><li><strong>Prova Objetiva<\/strong> &#8211; de car\u00e1ter <em>eliminat\u00f3rio<\/em> e <em>classificat\u00f3rio<\/em><\/li><li><strong>Prova de Desempenho Did\u00e1tico<\/strong> &#8211; de car\u00e1ter <em>eliminat\u00f3rio<\/em> e <em>classificat\u00f3rio<\/em><ul><li>Somente para o cargo de Professor<\/li><\/ul><\/li><li><strong>Avalia\u00e7\u00e3o de t\u00edtulos<\/strong> &#8211; de car\u00e1ter <em>classificat\u00f3rio<\/em><ul><li>Somente para o cargo de Professor<\/li><\/ul><\/li><\/ul>\n\n\n\n<h3 class=\"wp-block-heading\">Prova Objetiva<\/h3>\n\n\n\n<p>Essa etapa dever\u00e1 ser realizada no dia <strong>14 de abril de 2024<\/strong>, onde os candidatos ter\u00e3o o m\u00e1ximo de 04 horas para realizar o exame.<\/p>\n\n\n\n<p>A avalia\u00e7\u00e3o ser\u00e1 composta por <strong>60 quest\u00f5es de m\u00faltipla escolha<\/strong> que ser\u00e3o versadas nas seguintes disciplinas:<\/p>\n\n\n\n<p><strong>Edital IF Baiano N\u00ba 236 <\/strong><\/p>\n\n\n\n<ul><li>L\u00edngua portuguesa (10)<\/li><li>Tecnologia da Informa\u00e7\u00e3o (10)<\/li><li>Legisla\u00e7\u00e3o do Servi\u00e7o P\u00fablico (10)<\/li><li>Conhecimento Espec\u00edficos (30)<\/li><\/ul>\n\n\n\n<p><strong>Edital IF Baiano N\u00ba 235<\/strong><\/p>\n\n\n\n<ul><li>L\u00edngua Portuguesa (10)<\/li><li>Legisla\u00e7\u00e3o do Servi\u00e7o P\u00fablico (10)<\/li><li>Conhecimentos espec\u00edficos (40)<\/li><\/ul>\n\n\n\n<p>O candidato dever\u00e1 obter 60% ou mais do total de pontos para ser considerado <strong>aprovado<\/strong>.<\/p>\n\n\n\n<p>As provas poder\u00e3o ser realizadas nos seguintes munic\u00edpios do estado da Bahia:<\/p>\n\n\n\n<ul><li>Guanambi<\/li><li>Itaberaba<\/li><li>Vit\u00f3ria da Conquista<\/li><li>Salvador<\/li><li>Senhor do Bonfim<\/li><li>Teixeira de Freitas<\/li><li>Xique-Xique<\/li><\/ul>\n\n\n\n<h3 class=\"wp-block-heading\">Prova de Desempenho Did\u00e1tico<\/h3>\n\n\n\n<p>Essa fase consistir\u00e1 em uma aula, ministrada em n\u00edvel de gradua\u00e7\u00e3o, desenvolvida sobre um tema previamente sorteado, indicado para cada \u00e1rea objeto da sele\u00e7\u00e3o, e dever\u00e1 ter dura\u00e7\u00e3o de 40 minutos, acrescidos de 10 minutos reservados para argui\u00e7\u00e3o da banca examinadora.<\/p>\n\n\n\n<p>Ser\u00e3o avaliados os seguintes <strong>crit\u00e9rios<\/strong>:<\/p>\n\n\n\n<ul><li>Elabora\u00e7\u00e3o e execu\u00e7\u00e3o do plano de aula<\/li><li>Condu\u00e7\u00e3o da aula<\/li><li>Dom\u00ednio do conte\u00fado<\/li><li>Procedimentos e recursos did\u00e1ticos<\/li><li>Dura\u00e7\u00e3o da aula<\/li><\/ul>\n\n\n\n<p>A avalia\u00e7\u00e3o ter\u00e1 a pontua\u00e7\u00e3o m\u00e1xima de 100 pontos, sendo considerado <strong>aprovado <\/strong>o candidato que obtiver, no m\u00ednimo, 60 pontos.<\/p>\n\n\n\n<ul><li><strong>Confira: <\/strong><a href=\"https:\/\/www.editorasolucao.com.br\/apostila\/if-baiano-professor-lingua-estrangeira-moderna-ingles\">Apostila IF Baiano: Professor &#8211; L\u00edngua Estrangeira Moderna: Ingl\u00eas<\/a><\/li><li><strong>Confira: <\/strong><a href=\"https:\/\/www.editorasolucao.com.br\/apostila\/if-baiano-professor-matematica\">Apostila IF Baiano: Professor &#8211; Matem\u00e1tica<\/a><\/li><li><strong>Confira: <\/strong><a href=\"https:\/\/www.editorasolucao.com.br\/apostila\/if-baiano-professor-historia\">Apostila IF Baiano: Professor &#8211; Hist\u00f3ria<\/a><\/li><\/ul>\n\n\n\n<h3 class=\"wp-block-heading\">Avalia\u00e7\u00e3o de t\u00edtulos<\/h3>\n\n\n\n<p>A Avalia\u00e7\u00e3o de T\u00edtulos consistir\u00e1 na an\u00e1lise dos t\u00edtulos apresentados pelos candidatos, conforme quadro a<br>seguir:<\/p>\n\n\n\n<div data-wp-interactive=\"\" class=\"wp-block-file\"><object data-wp-bind--hidden=\"!selectors.core.file.hasPdfPreview\" hidden class=\"wp-block-file__embed\" data=\"https:\/\/www.editorasolucao.com.br\/blog\/wp-content\/uploads\/2023\/12\/Avaliacao-de-titulos-IFBA.pdf\" type=\"application\/pdf\" style=\"width:100%;height:600px\" aria-label=\"Incorporado de Incorporado de Avaliacao-de-titulos-IFBA..\"><\/object><a id=\"wp-block-file--media-b4db5ffa-35f0-48f0-bceb-47c4649e9b3c\" href=\"https:\/\/www.editorasolucao.com.br\/blog\/wp-content\/uploads\/2023\/12\/Avaliacao-de-titulos-IFBA.pdf\">Avaliacao-de-titulos-IFBA<\/a><a href=\"https:\/\/www.editorasolucao.com.br\/blog\/wp-content\/uploads\/2023\/12\/Avaliacao-de-titulos-IFBA.pdf\" class=\"wp-block-file__button\" aria-describedby=\"wp-block-file--media-b4db5ffa-35f0-48f0-bceb-47c4649e9b3c\" download>Baixar<\/a><\/div>\n\n\n\n<ul><li><strong>Confira: <\/strong><a href=\"https:\/\/www.editorasolucao.com.br\/apostila\/if-baiano-professor-filosofia\">Apostila IF Baiano: Professor &#8211; Filosofia<\/a><\/li><\/ul>\n\n\n\n<p>O prazo de <strong>validade <\/strong>do concurso p\u00fablico \u00e9 de 2 anos, contados da data da publica\u00e7\u00e3o da homologa\u00e7\u00e3o do resultado final do concurso no Di\u00e1rio Oficial da Uni\u00e3o (DOU), podendo ser prorrogado uma \u00fanica vez, por igual per\u00edodo, nos termos do artigo 37, inciso III, da Constitui\u00e7\u00e3o Federal.<\/p>\n\n\n\n<p><strong>Bons estudos e boa prova!!!<\/strong><\/p>\n\n\n\n<p><strong>Editais:<\/strong><\/p>\n\n\n\n<p><a href=\"https:\/\/arquivos-site.institutoaocp.org.br\/publicacoes\/da1eb3f6-1664-46fe-b000-7240c752e56d.pdf\" target=\"_blank\" rel=\"noreferrer noopener\">Edital IF Baiano N\u00ba 235 &#8211; Docente<\/a><\/p>\n\n\n\n<p><a href=\"https:\/\/arquivos-site.institutoaocp.org.br\/publicacoes\/e1735796-ba7f-4465-b02a-e1c8144229d2.pdf\" target=\"_blank\" rel=\"noreferrer noopener\">Edital IF Baiano N\u00ba 236 &#8211; T\u00e9cnico-Administrativo<\/a><\/p>\n","protected":false},"excerpt":{"rendered":"<p>Foi publicado dois editais do concurso IFBA (Instituto Federal de Educa\u00e7\u00e3o, Ci\u00eancia e Tecnologia Baiano-BA) que ofertam 96 vagas para os cargos de T\u00e9cnico-Administrativo e Professor, de n\u00edveis m\u00e9dio, t\u00e9cnico e superior de escolaridade. Se interessa pelo certame? Confira os demais detalhes no decorrer da not\u00edcia. \ud83e\udd70 Inscri\u00e7\u00f5es Cargos, vagas e sal\u00e1rios Requisitos Etapas de sele\u00e7\u00e3o Como ser\u00e3o as inscri\u00e7\u00f5es do concurso IF Baiano? Os interessados em participar do certame poder\u00e3o realizar as inscri\u00e7\u00f5es a partir das 09h do dia 03 de janeiro de 2024 at\u00e9 o dia 07 de fevereiro de 2024, atrav\u00e9s do site da banca organizadora, Instituto&#8230;<\/p>\n","protected":false},"author":18,"featured_media":38649,"template":"","meta":{"_acf_changed":false,"rank_math_lock_modified_date":false},"categories":[],"tags":[],"acf":[],"_links":{"self":[{"href":"https:\/\/www.editorasolucao.com.br\/blog\/wp-json\/wp\/v2\/concurso\/3631"}],"collection":[{"href":"https:\/\/www.editorasolucao.com.br\/blog\/wp-json\/wp\/v2\/concurso"}],"about":[{"href":"https:\/\/www.editorasolucao.com.br\/blog\/wp-json\/wp\/v2\/types\/concurso"}],"author":[{"embeddable":true,"href":"https:\/\/www.editorasolucao.com.br\/blog\/wp-json\/wp\/v2\/users\/18"}],"wp:featuredmedia":[{"embeddable":true,"href":"https:\/\/www.editorasolucao.com.br\/blog\/wp-json\/wp\/v2\/media\/38649"}],"wp:attachment":[{"href":"https:\/\/www.editorasolucao.com.br\/blog\/wp-json\/wp\/v2\/media?parent=3631"}],"wp:term":[{"taxonomy":"category","embeddable":true,"href":"https:\/\/www.editorasolucao.com.br\/blog\/wp-json\/wp\/v2\/categories?post=3631"},{"taxonomy":"post_tag","embeddable":true,"href":"https:\/\/www.editorasolucao.com.br\/blog\/wp-json\/wp\/v2\/tags?post=3631"}],"curies":[{"name":"wp","href":"https:\/\/api.w.org\/{rel}","templated":true}]}}