{"id":37980,"date":"2023-11-23T12:00:00","date_gmt":"2023-11-23T15:00:00","guid":{"rendered":"https:\/\/www.editorasolucao.com.br\/blog\/?post_type=concurso&#038;p=37980"},"modified":"2023-11-23T13:19:45","modified_gmt":"2023-11-23T16:19:45","slug":"prefeitura-manaus-fdt","status":"publish","type":"concurso","link":"https:\/\/www.editorasolucao.com.br\/blog\/concurso\/prefeitura-manaus-fdt","title":{"rendered":"Concurso Prefeitura de Manaus-AM (FDT): Edital aberto. 25 vagas!"},"content":{"rendered":"\n<p>Est\u00e3o abertas as inscri\u00e7\u00f5es do concurso Prefeitura de Manaus, no estado do <a href=\"https:\/\/www.editorasolucao.com.br\/blog\/concursos-previstos-am\">Amazonas<\/a>, que oferta 25 vagas imediatas para cargos de <strong>n\u00edveis m\u00e9dio e superior de escolaridade<\/strong>, com sal\u00e1rio de at\u00e9 R$ 4.488,287! Ficou interessado(a)? Confira os demais detalhes no decorrer da not\u00edcia. \ud83d\ude0a<\/p>\n\n\n\n<ul><li><a href=\"#inscri\u00e7\u00f5es\">Inscri\u00e7\u00f5es<\/a><\/li><li><a href=\"#cargos\">Cargos, vagas e sal\u00e1rios<\/a><\/li><li><a href=\"#requisitos\">Requisitos<\/a><\/li><li><a href=\"#atribui\u00e7\u00f5es\">Atribui\u00e7\u00f5es<\/a><\/li><li><a href=\"#etapas\">Etapas de sele\u00e7\u00e3o<\/a><\/li><\/ul>\n\n\n\n<div id=\"ez-toc-container\" class=\"ez-toc-v2_0_69_1 counter-hierarchy ez-toc-counter ez-toc-grey ez-toc-container-direction\">\n<div class=\"ez-toc-title-container\">\n<p class=\"ez-toc-title \" >Menu de navega&ccedil;&atilde;o<\/p>\n<span class=\"ez-toc-title-toggle\"><a href=\"#\" class=\"ez-toc-pull-right ez-toc-btn ez-toc-btn-xs ez-toc-btn-default ez-toc-toggle\" aria-label=\"Toggle Table of Content\"><span class=\"ez-toc-js-icon-con\"><span class=\"\"><span class=\"eztoc-hide\" style=\"display:none;\">Toggle<\/span><span class=\"ez-toc-icon-toggle-span\"><svg style=\"fill: #999;color:#999\" xmlns=\"http:\/\/www.w3.org\/2000\/svg\" class=\"list-377408\" width=\"20px\" height=\"20px\" viewBox=\"0 0 24 24\" fill=\"none\"><path d=\"M6 6H4v2h2V6zm14 0H8v2h12V6zM4 11h2v2H4v-2zm16 0H8v2h12v-2zM4 16h2v2H4v-2zm16 0H8v2h12v-2z\" fill=\"currentColor\"><\/path><\/svg><svg style=\"fill: #999;color:#999\" class=\"arrow-unsorted-368013\" xmlns=\"http:\/\/www.w3.org\/2000\/svg\" width=\"10px\" height=\"10px\" viewBox=\"0 0 24 24\" version=\"1.2\" baseProfile=\"tiny\"><path d=\"M18.2 9.3l-6.2-6.3-6.2 6.3c-.2.2-.3.4-.3.7s.1.5.3.7c.2.2.4.3.7.3h11c.3 0 .5-.1.7-.3.2-.2.3-.5.3-.7s-.1-.5-.3-.7zM5.8 14.7l6.2 6.3 6.2-6.3c.2-.2.3-.5.3-.7s-.1-.5-.3-.7c-.2-.2-.4-.3-.7-.3h-11c-.3 0-.5.1-.7.3-.2.2-.3.5-.3.7s.1.5.3.7z\"\/><\/svg><\/span><\/span><\/span><\/a><\/span><\/div>\n<nav><ul class='ez-toc-list ez-toc-list-level-1 ' ><li class='ez-toc-page-1 ez-toc-heading-level-2'><a class=\"ez-toc-link ez-toc-heading-1\" href=\"https:\/\/www.editorasolucao.com.br\/blog\/concurso\/prefeitura-manaus-fdt\/#Como_realizar_a_inscricao_no_concurso_Prefeitura_de_Manaus-AM\" title=\"Como realizar a inscri\u00e7\u00e3o no concurso Prefeitura de Manaus-AM?\">Como realizar a inscri\u00e7\u00e3o no concurso Prefeitura de Manaus-AM?<\/a><\/li><li class='ez-toc-page-1 ez-toc-heading-level-2'><a class=\"ez-toc-link ez-toc-heading-2\" href=\"https:\/\/www.editorasolucao.com.br\/blog\/concurso\/prefeitura-manaus-fdt\/#Cargos_vagas_e_salarios\" title=\"Cargos, vagas e sal\u00e1rios\">Cargos, vagas e sal\u00e1rios<\/a><\/li><li class='ez-toc-page-1 ez-toc-heading-level-2'><a class=\"ez-toc-link ez-toc-heading-3\" href=\"https:\/\/www.editorasolucao.com.br\/blog\/concurso\/prefeitura-manaus-fdt\/#Quais_sao_os_requisitos_para_participar_do_concurso_Prefeitura_de_Manaus-AM\" title=\"Quais s\u00e3o os requisitos para participar do concurso Prefeitura de Manaus-AM?\">Quais s\u00e3o os requisitos para participar do concurso Prefeitura de Manaus-AM?<\/a><\/li><li class='ez-toc-page-1 ez-toc-heading-level-2'><a class=\"ez-toc-link ez-toc-heading-4\" href=\"https:\/\/www.editorasolucao.com.br\/blog\/concurso\/prefeitura-manaus-fdt\/#Concurso_Prefeitura_de_Manaus-AM_Atribuicoes\" title=\"Concurso Prefeitura de Manaus-AM: Atribui\u00e7\u00f5es\">Concurso Prefeitura de Manaus-AM: Atribui\u00e7\u00f5es<\/a><\/li><li class='ez-toc-page-1 ez-toc-heading-level-2'><a class=\"ez-toc-link ez-toc-heading-5\" href=\"https:\/\/www.editorasolucao.com.br\/blog\/concurso\/prefeitura-manaus-fdt\/#Como_serao_as_provas_do_concurso\" title=\"Como ser\u00e3o as provas do concurso?\">Como ser\u00e3o as provas do concurso?<\/a><\/li><\/ul><\/nav><\/div>\n<h2 class=\"wp-block-heading\" id=\"inscri\u00e7\u00f5es\"><span class=\"ez-toc-section\" id=\"Como_realizar_a_inscricao_no_concurso_Prefeitura_de_Manaus-AM\"><\/span>Como realizar a inscri\u00e7\u00e3o no concurso Prefeitura de Manaus-AM?<span class=\"ez-toc-section-end\"><\/span><\/h2>\n\n\n\n<p>As inscri\u00e7\u00f5es para o certame j\u00e1 podem ser realizadas por meio do site da banca organizadora, <a href=\"https:\/\/portal.ibade.selecao.site\/edital\/ver\/60\" target=\"_blank\" rel=\"noreferrer noopener\">IBADE<\/a>, <strong>at\u00e9 o dia 13 de dezembro de 2023<\/strong>.<\/p>\n\n\n\n<p>Para homologar a inscri\u00e7\u00e3o \u00e9 necess\u00e1rio que o candidato efetue o pagamento de uma taxa no valor referente ao n\u00edvel de escolaridade do cargo pretendido:<\/p>\n\n\n\n<ul><li>N\u00edvel m\u00e9dio: <strong>R$ 59,00<\/strong><\/li><li>N\u00edvel superior: <strong>R$ 47,00<\/strong><\/li><\/ul>\n\n\n\n<p>Houve a possibilidade de solicitar a <strong>isen\u00e7\u00e3o <\/strong>da taxa de participa\u00e7\u00e3o para os candidatos que se adequassem nos termos dispostos no edital. O per\u00edodo de solicita\u00e7\u00e3o j\u00e1 foi <strong>encerrado<\/strong>.<\/p>\n\n\n\n<h2 class=\"wp-block-heading\" id=\"cargos\"><span class=\"ez-toc-section\" id=\"Cargos_vagas_e_salarios\"><\/span>Cargos, vagas e sal\u00e1rios<span class=\"ez-toc-section-end\"><\/span><\/h2>\n\n\n\n<p>Segundo o edital, ao todo est\u00e3o sendo ofertadas <strong>25 vagas imediatas <\/strong>para os cargos de T\u00e9cnico e Analista Municipal, de n\u00edveis m\u00e9dio e superior de escolaridade respectivamente. Confira os cargos ofertados, a distribui\u00e7\u00e3o das vagas e os sal\u00e1rios:<\/p>\n\n\n\n<p><strong>M\u00e9dio<\/strong><\/p>\n\n\n\n<ul><li><a href=\"https:\/\/www.editorasolucao.com.br\/apostila\/prefeitura-manaus-am-fdt-comum-tecnico-municipal\">T\u00e9cnico municipal<\/a> &#8211; R$ 2,740, 58<ul><li>Administrativa (09)<\/li><li>Seguran\u00e7a do trabalho (01) <\/li><\/ul><\/li><\/ul>\n\n\n\n<p><strong>Superior<\/strong><\/p>\n\n\n\n<ul><li><a href=\"https:\/\/www.editorasolucao.com.br\/apostila\/prefeitura-manaus-am-fdt-comum-analista-municipal\">Analista municipal<\/a> &#8211; R$ 4.488,287<ul><li>Rede de computadores (01)<\/li><li>Assist\u00eancia social (05)<\/li><li>Orienta\u00e7\u00e3o art\u00edstica (02)<\/li><li>Orienta\u00e7\u00e3o musical (02)<\/li><li>Orienta\u00e7\u00e3o cultural (01)<\/li><li>Orienta\u00e7\u00e3o desportiva (04)<\/li><\/ul><\/li><\/ul>\n\n\n\n<p>A jornada de trabalho varia entre 30 a 40 horas semanais, de acordo com o cargo pretendido pelo candidato.<\/p>\n\n\n\n<h2 class=\"wp-block-heading\" id=\"requisitos\"><span class=\"ez-toc-section\" id=\"Quais_sao_os_requisitos_para_participar_do_concurso_Prefeitura_de_Manaus-AM\"><\/span>Quais s\u00e3o os requisitos para participar do concurso Prefeitura de Manaus-AM?<span class=\"ez-toc-section-end\"><\/span><\/h2>\n\n\n\n<p>Para tomar posse do cargo pretendido no concurso <a href=\"https:\/\/www.editorasolucao.com.br\/blog\/concursos-abertos-am\">Prefeitura de Manaus-AM<\/a> \u00e9 necess\u00e1rio cumprir as seguintes <strong>exig\u00eancias<\/strong>:<\/p>\n\n\n\n<ul><li>Ter idade m\u00ednima de 18 anos completos, na data de efetiva posse no exerc\u00edcio no cargo;<\/li><li>Estar em dia com as obriga\u00e7\u00f5es eleitorais;<\/li><li><strong>Gozar de direitos pol\u00edticos;<\/strong><\/li><li>Estar em dia com as obriga\u00e7\u00f5es militares, para os candidatos do sexo masculino;<\/li><li>Estar inscrito regularmente no cadastro de pessoas f\u00edsicas (CPF\/MF);<\/li><li>Ter nacionalidade brasileira;<\/li><li><strong>Ser considerado apto f\u00edsica e mentalmente para o exerc\u00edcio das atribui\u00e7\u00f5es do cargo no exame m\u00e9dico de avalia\u00e7\u00e3o admissional<\/strong>, pela Junta M\u00e9dico-Pericial do Munic\u00edpio (JMPM); e<\/li><li>Possuir os documentos obrigat\u00f3rios para tomar posse no referido cargo, bem como os demais requisitos exigidos em edital espec\u00edfico.<\/li><li>\u00a7 1\u00ba No caso do candidato aprovado ser de nacionalidade portuguesa, estar amparado pelo estatuto de igualdade entre brasileiros e portugueses, com reconhecimento do gozo dos direitos pol\u00edticos, na forma da legisla\u00e7\u00e3o vigente.<\/li><li>\u00a7 2\u00ba No caso do candidato aprovado ser estrangeiro, apresentar o visto permanente<\/li><\/ul>\n\n\n\n<h2 class=\"wp-block-heading\" id=\"atribui\u00e7\u00f5es\"><span class=\"ez-toc-section\" id=\"Concurso_Prefeitura_de_Manaus-AM_Atribuicoes\"><\/span>Concurso Prefeitura de Manaus-AM: Atribui\u00e7\u00f5es<span class=\"ez-toc-section-end\"><\/span><\/h2>\n\n\n\n<p>Confira quais s\u00e3o algumas das <strong>atividades <\/strong>que os candidatos aprovados dever\u00e3o exercer:<\/p>\n\n\n\n<ul><li><a href=\"https:\/\/www.editorasolucao.com.br\/apostila\/prefeitura-manaus-am-fdt-tecnico-municipal-adm\">Administrativa<\/a>:<ul><li>Executar e controlar as atividades de apoio administrativo voltadas ao atendimento pessoal ou telef\u00f4nico, \u00e0 organiza\u00e7\u00e3o de arquivos e documentos, \u00e0 elabora\u00e7\u00e3o de cartas, atas, of\u00edcios e memorandos, \u00e0 organiza\u00e7\u00e3o de eventos, \u00e0 reda\u00e7\u00e3o e revis\u00e3o de textos, \u00e0 an\u00e1lise, triagem, registro e tramita\u00e7\u00e3o de correspond\u00eancias e processos, ao controle de cumprimento de prazo, \u00e0 cria\u00e7\u00e3o de mecanismos para melhorar o atendimento ao p\u00fablico; <\/li><li>Executar outras tarefas correlatas.<\/li><\/ul><\/li><li>Seguran\u00e7a do trabalho:<ul><li>Inspecionar locais, instala\u00e7\u00f5es e equipamentos da FDT e determinar fatores de riscos de acidentes; <\/li><li>Propor normas e dispositivos de seguran\u00e7a, sugerindo eventuais modifica\u00e7\u00f5es em equipamentos e instala\u00e7\u00f5es e verificando sua observ\u00e2ncia para prevenir acidentes; <\/li><li>Inspecionar os equipamentos de combate a inc\u00eandios, examinando mangueiras, hidrantes e extintores.<\/li><\/ul><\/li><li>Rede de computadores:<ul><li>Implementar, configurar e prestar suporte e manuten\u00e7\u00e3o em servidores e redes de computadores locais e de longa dist\u00e2ncia e internet; <\/li><li>Implantar normas de seguran\u00e7a nos sistemas informatizados instalados; elaborar e aplicar treinamentos t\u00e9cnicos aos usu\u00e1rios; <\/li><li>Administrar redes locais, controlando desempenho dos recursos de hardware e software, procedendo \u00e0 instala\u00e7\u00e3o e configura\u00e7\u00e3o de sistemas servidores.<\/li><\/ul><\/li><li>Assist\u00eancia social:<ul><li>Proceder a entrevistas individuais com clientes e fam\u00edlias; <\/li><li>Coordenar ou participar de atividades grupais com clientes e\/ou familiares; <\/li><li>Realizar vistorias, per\u00edcias t\u00e9cnicas, laudos periciais, informa\u00e7\u00f5es e pareceres sobre institucionaliza\u00e7\u00f5es.<\/li><\/ul><\/li><li>Orienta\u00e7\u00e3o art\u00edstica:<ul><li>Coordenar, planejar, programar, supervisionar, dinamizar, dirigir, organizar, avaliar e executar trabalhos para pessoa idosa, programas, planos e projetos, bem como prestar assessoria, realizar treinamentos especializados, participar de equipes multidisciplinares e interdisciplinares e elaborar informes t\u00e9cnicos, cient\u00edficos e pedag\u00f3gicos, todos nas \u00e1reas de atividades de artes e cultura; <\/li><li>Participar da organiza\u00e7\u00e3o de eventos socioculturais; <\/li><li>Executar outras tarefas correlatas reconhecidas como do profissional de Artes.<\/li><\/ul><\/li><li>Orienta\u00e7\u00e3o musical:<ul><li>Orientar coral e seresta; <\/li><li>Realizar apresenta\u00e7\u00f5es; participar da organiza\u00e7\u00e3o de eventos socioculturais; <\/li><li>Participar das atividades administrativas, de controle e de apoio referente a sua \u00e1rea de atua\u00e7\u00e3o.<\/li><\/ul><\/li><li>Orienta\u00e7\u00e3o cultural:<ul><li>Coordenar, planejar, programar, supervisionar, dinamizar, dirigir, organizar, avaliar e executar trabalhos para pessoa idosa, programas, planos e projetos, bem como prestar assessoria, realizar treinamentos especializados, participar de equipes multidisciplinares e interdisciplinares e elaborar informes t\u00e9cnicos, cient\u00edficos e pedag\u00f3gicos, todos nas \u00e1reas de atividades de dan\u00e7a e atividades c\u00eanicas, principalmente dan\u00e7a terap\u00eautica, dan\u00e7a de sal\u00e3o e coreogr\u00e1fica; participar e organizar apresenta\u00e7\u00f5es de dan\u00e7a e teatro; <\/li><li>Executar outras tarefas correlatas reconhecidas como do profissional de Dan\u00e7a.<\/li><\/ul><\/li><li>Orienta\u00e7\u00e3o desportiva: <ul><li>Participar de equipes multidisciplinares e interdisciplinares e elaborar informes t\u00e9cnicos, cient\u00edficos e pedag\u00f3gicos, todos nas \u00e1reas de atividades f\u00edsicas e do desporto; <\/li><li>Participar da organiza\u00e7\u00e3o de eventos sociodesportivos; <\/li><li>Participar das atividades administrativas, de controle e de apoio referente a sua \u00e1rea de atua\u00e7\u00e3o.<\/li><\/ul><\/li><\/ul>\n\n\n\n<h2 class=\"wp-block-heading\" id=\"etapas\"><span class=\"ez-toc-section\" id=\"Como_serao_as_provas_do_concurso\"><\/span>Como ser\u00e3o as provas do concurso?<span class=\"ez-toc-section-end\"><\/span><\/h2>\n\n\n\n<p>Os candidatos ser\u00e3o avaliados por meio de uma \u00fanica etapa de sele\u00e7\u00e3o, a <strong>Prova Objetiva<\/strong>, de car\u00e1ter <em>eliminat\u00f3rio <\/em>e <em>classificat\u00f3rio<\/em>, que dever\u00e1 ser realizada no dia <strong>21 de janeiro de 2024<\/strong>.<\/p>\n\n\n\n<p>A avalia\u00e7\u00e3o ser\u00e1 composta por <strong>60 quest\u00f5es de m\u00faltipla escolha<\/strong> que ser\u00e3o versadas nas seguintes disciplinas:<\/p>\n\n\n\n<p><strong>N\u00edvel m\u00e9dio<\/strong><\/p>\n\n\n\n<ul><li>L\u00edngua Portuguesa (10)<\/li><li>Racioc\u00ednio L\u00f3gico-Matem\u00e1tico (05)<\/li><li>No\u00e7\u00f5es de Legisla\u00e7\u00e3o (05)<\/li><li>Conhecimentos Espec\u00edficos (40)<\/li><\/ul>\n\n\n\n<p><strong>N\u00edvel superior<\/strong><\/p>\n\n\n\n<ul><li>L\u00edngua Portuguesa (10)<\/li><li>Racioc\u00ednio L\u00f3gico-Matem\u00e1tico (05)<\/li><li>Legisla\u00e7\u00e3o (05)<\/li><li>Conhecimentos Espec\u00edficos (40)<\/li><\/ul>\n\n\n\n<p>A avalia\u00e7\u00e3o ser\u00e1 composta por 100 quest\u00f5es de m\u00faltipla escolha, sendo considerado <strong>aprovado <\/strong>o candidato que obtiver no m\u00ednimo 50 pontos. <\/p>\n\n\n\n<p><strong>Bons estudos e boa prova!!!<\/strong><\/p>\n","protected":false},"excerpt":{"rendered":"<p>Est\u00e3o abertas as inscri\u00e7\u00f5es do concurso Prefeitura de Manaus, no estado do Amazonas, que oferta 25 vagas imediatas para cargos de n\u00edveis m\u00e9dio e superior de escolaridade, com sal\u00e1rio de at\u00e9 R$ 4.488,287! Ficou interessado(a)? Confira os demais detalhes no decorrer da not\u00edcia. \ud83d\ude0a Inscri\u00e7\u00f5es Cargos, vagas e sal\u00e1rios Requisitos Atribui\u00e7\u00f5es Etapas de sele\u00e7\u00e3o Como realizar a inscri\u00e7\u00e3o no concurso Prefeitura de Manaus-AM? As inscri\u00e7\u00f5es para o certame j\u00e1 podem ser realizadas por meio do site da banca organizadora, IBADE, at\u00e9 o dia 13 de dezembro de 2023. Para homologar a inscri\u00e7\u00e3o \u00e9 necess\u00e1rio que o candidato efetue o pagamento&#8230;<\/p>\n","protected":false},"author":18,"featured_media":37982,"template":"","meta":{"_acf_changed":false,"rank_math_lock_modified_date":false},"categories":[],"tags":[],"acf":[],"_links":{"self":[{"href":"https:\/\/www.editorasolucao.com.br\/blog\/wp-json\/wp\/v2\/concurso\/37980"}],"collection":[{"href":"https:\/\/www.editorasolucao.com.br\/blog\/wp-json\/wp\/v2\/concurso"}],"about":[{"href":"https:\/\/www.editorasolucao.com.br\/blog\/wp-json\/wp\/v2\/types\/concurso"}],"author":[{"embeddable":true,"href":"https:\/\/www.editorasolucao.com.br\/blog\/wp-json\/wp\/v2\/users\/18"}],"wp:featuredmedia":[{"embeddable":true,"href":"https:\/\/www.editorasolucao.com.br\/blog\/wp-json\/wp\/v2\/media\/37982"}],"wp:attachment":[{"href":"https:\/\/www.editorasolucao.com.br\/blog\/wp-json\/wp\/v2\/media?parent=37980"}],"wp:term":[{"taxonomy":"category","embeddable":true,"href":"https:\/\/www.editorasolucao.com.br\/blog\/wp-json\/wp\/v2\/categories?post=37980"},{"taxonomy":"post_tag","embeddable":true,"href":"https:\/\/www.editorasolucao.com.br\/blog\/wp-json\/wp\/v2\/tags?post=37980"}],"curies":[{"name":"wp","href":"https:\/\/api.w.org\/{rel}","templated":true}]}}