{"id":38306,"date":"2024-01-11T08:00:00","date_gmt":"2024-01-11T11:00:00","guid":{"rendered":"https:\/\/www.editorasolucao.com.br\/blog\/?post_type=concurso&#038;p=38306"},"modified":"2024-04-24T12:27:42","modified_gmt":"2024-04-24T15:27:42","slug":"inmetro","status":"publish","type":"concurso","link":"https:\/\/www.editorasolucao.com.br\/blog\/concurso\/inmetro","title":{"rendered":"Concurso INMETRO: Saiu o edital. 860 vagas para Pesquisador e Analista!"},"content":{"rendered":"\n<p>Aten\u00e7\u00e3o, concurseiros! Foram prorrogadas as inscri\u00e7\u00f5es do concurso INMETRO (Instituto nacional de metrologia, qualidade e tecnologia) que oferta 860 vagas para provimento imediato e para forma\u00e7\u00e3o de cadastro reserva para os cargos de Pesquisador e Analista, de <strong>n\u00edvel superior de escolaridade<\/strong>, com sal\u00e1rio no valor de R$ 8.700,31! Se interessa pelo certame? Confira os demais detalhes no decorrer da not\u00edcia. \ud83e\udd70<\/p>\n\n\n\n<div id=\"ez-toc-container\" class=\"ez-toc-v2_0_69_1 counter-hierarchy ez-toc-counter ez-toc-grey ez-toc-container-direction\">\n<div class=\"ez-toc-title-container\">\n<p class=\"ez-toc-title \" >Menu de navega&ccedil;&atilde;o<\/p>\n<span class=\"ez-toc-title-toggle\"><a href=\"#\" class=\"ez-toc-pull-right ez-toc-btn ez-toc-btn-xs ez-toc-btn-default ez-toc-toggle\" aria-label=\"Toggle Table of Content\"><span class=\"ez-toc-js-icon-con\"><span class=\"\"><span class=\"eztoc-hide\" style=\"display:none;\">Toggle<\/span><span class=\"ez-toc-icon-toggle-span\"><svg style=\"fill: #999;color:#999\" xmlns=\"http:\/\/www.w3.org\/2000\/svg\" class=\"list-377408\" width=\"20px\" height=\"20px\" viewBox=\"0 0 24 24\" fill=\"none\"><path d=\"M6 6H4v2h2V6zm14 0H8v2h12V6zM4 11h2v2H4v-2zm16 0H8v2h12v-2zM4 16h2v2H4v-2zm16 0H8v2h12v-2z\" fill=\"currentColor\"><\/path><\/svg><svg style=\"fill: #999;color:#999\" class=\"arrow-unsorted-368013\" xmlns=\"http:\/\/www.w3.org\/2000\/svg\" width=\"10px\" height=\"10px\" viewBox=\"0 0 24 24\" version=\"1.2\" baseProfile=\"tiny\"><path d=\"M18.2 9.3l-6.2-6.3-6.2 6.3c-.2.2-.3.4-.3.7s.1.5.3.7c.2.2.4.3.7.3h11c.3 0 .5-.1.7-.3.2-.2.3-.5.3-.7s-.1-.5-.3-.7zM5.8 14.7l6.2 6.3 6.2-6.3c.2-.2.3-.5.3-.7s-.1-.5-.3-.7c-.2-.2-.4-.3-.7-.3h-11c-.3 0-.5.1-.7.3-.2.2-.3.5-.3.7s.1.5.3.7z\"\/><\/svg><\/span><\/span><\/span><\/a><\/span><\/div>\n<nav><ul class='ez-toc-list ez-toc-list-level-1 ' ><li class='ez-toc-page-1 ez-toc-heading-level-2'><a class=\"ez-toc-link ez-toc-heading-1\" href=\"https:\/\/www.editorasolucao.com.br\/blog\/concurso\/inmetro\/#Como_realizar_minha_inscricao_no_concurso_INMETRO\" title=\"Como realizar minha inscri\u00e7\u00e3o no concurso INMETRO?\">Como realizar minha inscri\u00e7\u00e3o no concurso INMETRO?<\/a><\/li><li class='ez-toc-page-1 ez-toc-heading-level-2'><a class=\"ez-toc-link ez-toc-heading-2\" href=\"https:\/\/www.editorasolucao.com.br\/blog\/concurso\/inmetro\/#Concurso_INMETRO_Cargos_vagas_e_remuneracao\" title=\"Concurso INMETRO: Cargos, vagas e remunera\u00e7\u00e3o\">Concurso INMETRO: Cargos, vagas e remunera\u00e7\u00e3o<\/a><\/li><li class='ez-toc-page-1 ez-toc-heading-level-2'><a class=\"ez-toc-link ez-toc-heading-3\" href=\"https:\/\/www.editorasolucao.com.br\/blog\/concurso\/inmetro\/#Quais_sao_os_requisitos_para_a_investidura_no_concurso_INMETRO\" title=\"Quais s\u00e3o os requisitos para a investidura no concurso INMETRO?\">Quais s\u00e3o os requisitos para a investidura no concurso INMETRO?<\/a><\/li><li class='ez-toc-page-1 ez-toc-heading-level-2'><a class=\"ez-toc-link ez-toc-heading-4\" href=\"https:\/\/www.editorasolucao.com.br\/blog\/concurso\/inmetro\/#Como_serao_as_provas_do_concurso_INMETRO\" title=\"Como ser\u00e3o as provas do concurso INMETRO?\">Como ser\u00e3o as provas do concurso INMETRO?<\/a><\/li><\/ul><\/nav><\/div>\n<h2 class=\"wp-block-heading\" id=\"inscri\u00e7\u00f5es\"><span class=\"ez-toc-section\" id=\"Como_realizar_minha_inscricao_no_concurso_INMETRO\"><\/span>Como realizar minha inscri\u00e7\u00e3o no concurso INMETRO?<span class=\"ez-toc-section-end\"><\/span><\/h2>\n\n\n\n<p>Com a prorroga\u00e7\u00e3o as inscri\u00e7\u00f5es para o certame poder\u00e3o ser realizadas <strong>at\u00e9 \u00e0s 23h59min do dia 05 de fevereiro de 2024<\/strong>, atrav\u00e9s do site da banca organizadora, <a href=\"https:\/\/concurso.idecan.org.br\/Concurso.aspx?ID=99\" target=\"_blank\" rel=\"noreferrer noopener\">IDECAN<\/a>.<\/p>\n\n\n\n<p>Para homologar a inscri\u00e7\u00e3o \u00e9 necess\u00e1rio que o candidato efetue o pagamento de uma <strong>taxa <\/strong>no valor fixo de <strong>R$ 125,00<\/strong>.<\/p>\n\n\n\n<p><strong>Observa\u00e7\u00e3o: <\/strong>No ato da inscri\u00e7\u00e3o, o candidato dever\u00e1 indicar a cidade na qual ir\u00e1 realizar as provas objetivas e discursivas (Goi\u00e2nia-GO, Porto Alegre-RS, Bras\u00edlia-DF, Fortaleza-CE, Salvador-BA e Rio de Janeiro-RJ).<\/p>\n\n\n\n<p>H\u00e1 a oportunidade de solicitar a <strong>isen\u00e7\u00e3o <\/strong>da taxa de participa\u00e7\u00e3o para os candidatos que se adequar a uma das seguintes possibilidades:<\/p>\n\n\n\n<ul>\n<li>Cad\u00danico, conforme o Decreto Federal n\u00ba 6.593\/2008 e o Decreto Federal n\u00ba 11.016\/2022:<\/li>\n\n\n\n<li>Doador de medula \u00f3ssea em entidades reconhecidas pelo Minist\u00e9rio da Sa\u00fade, conforme a Lei n\u00ba 13.656\/2018<\/li>\n<\/ul>\n\n\n\n<h2 class=\"wp-block-heading\" id=\"cargos\"><span class=\"ez-toc-section\" id=\"Concurso_INMETRO_Cargos_vagas_e_remuneracao\"><\/span>Concurso INMETRO: Cargos, vagas e remunera\u00e7\u00e3o<span class=\"ez-toc-section-end\"><\/span><\/h2>\n\n\n\n<p>Segundo o edital, ao todo est\u00e3o sendo ofertadas <strong>860 vagas, sendo 100 vagas imediatas e 760 oportunidades para forma\u00e7\u00e3o de cadastro reserva<\/strong> para cargos de n\u00edvel superior de escolaridade. Confira os cargos ofertados e a distribui\u00e7\u00e3o das vagas:<\/p>\n\n\n\n<ul>\n<li>Pesquisador &#8211; Tecnologista em metrologia e qualidade (60+370CR)<\/li>\n\n\n\n<li>Analista executivo em metrologia e qualidade (40+390CR) <\/li>\n<\/ul>\n\n\n\n<p>A remunera\u00e7\u00e3o inicial para todos os cargos ofertados \u00e9 de R$ 8.700,31.<\/p>\n\n\n\n<h2 class=\"wp-block-heading\" id=\"requisitos\"><span class=\"ez-toc-section\" id=\"Quais_sao_os_requisitos_para_a_investidura_no_concurso_INMETRO\"><\/span>Quais s\u00e3o os requisitos para a investidura no concurso INMETRO?<span class=\"ez-toc-section-end\"><\/span><\/h2>\n\n\n\n<p>Saiba quais s\u00e3o as <strong>exig\u00eancias <\/strong>do concurso <a href=\"https:\/\/www.editorasolucao.com.br\/blog\/concursos-abertos-nacional\">INMETRO<\/a> para que o candidato tome posse do cargo pretendido:<\/p>\n\n\n\n<ul>\n<li>Ter sido aprovado e classificado no concurso p\u00fablico, na forma estabelecida neste Edital, em seus anexos e eventuais retifica\u00e7\u00f5es;<\/li>\n\n\n\n<li>Ser brasileiro nato ou naturalizado, ou, ainda, no caso de estrangeiro, estar com situa\u00e7\u00e3o regular no pa\u00eds, por interm\u00e9dio de visto tempor\u00e1rio ou permanente. No caso de ter nacionalidade portuguesa, estar amparado pelo Estatuto de Igualdade entre brasileiros e portugueses, com reconhecimento do gozo dos direitos pol\u00edticos, nos termos do \u00a7 1\u00ba do art. 12 da Constitui\u00e7\u00e3o Federal;<\/li>\n\n\n\n<li><strong>Ter idade m\u00ednima de 18 anos completos, na data da investidura<\/strong>;<\/li>\n\n\n\n<li>Estar em pleno gozo dos direitos pol\u00edticos;<\/li>\n\n\n\n<li>Estar quite com as obriga\u00e7\u00f5es eleitorais e, em caso de candidato do sexo masculino, tamb\u00e9m com as militares;<\/li>\n\n\n\n<li>Firmar declara\u00e7\u00e3o de n\u00e3o estar cumprindo san\u00e7\u00e3o por inidoneidade, aplicada por qualquer \u00f3rg\u00e3o p\u00fablico ou entidade da esfera federal, estadual ou municipal;<\/li>\n\n\n\n<li>Possuir os requisitos exigidos para o cargo, conforme discriminado no subitem 2.3.1 e 2.3.2 deste edital, devendo obrigatoriamente estar em situa\u00e7\u00e3o regular no \u00f3rg\u00e3o fiscalizador do exerc\u00edcio da profiss\u00e3o, conforme o caso;<\/li>\n\n\n\n<li>Estar devidamente registrado em Conselho Regional de Classe, quando couber, bem como estar quite com as obriga\u00e7\u00f5es legais do \u00f3rg\u00e3o fiscalizador e demais exig\u00eancias de habilita\u00e7\u00e3o para o exerc\u00edcio do cargo;<\/li>\n\n\n\n<li><strong>Gozar de boa sa\u00fade f\u00edsica e mental, tendo em vista o disposto no art. 14 da Lei n\u00ba 8.112\/1990<\/strong>; e<\/li>\n\n\n\n<li>Cumprir as demais determina\u00e7\u00f5es deste Edital.<\/li>\n<\/ul>\n\n\n\n<h2 class=\"wp-block-heading\" id=\"etapas\"><span class=\"ez-toc-section\" id=\"Como_serao_as_provas_do_concurso_INMETRO\"><\/span>Como ser\u00e3o as provas do concurso INMETRO?<span class=\"ez-toc-section-end\"><\/span><\/h2>\n\n\n\n<p>Os candidatos ser\u00e3o avaliados por meio das seguintes etapas de sele\u00e7\u00e3o:<\/p>\n\n\n\n<ul>\n<li><strong>Prova objetiva <\/strong>&#8211; de car\u00e1ter <em>eliminat\u00f3rio<\/em> e <em>classificat\u00f3rio<\/em><\/li>\n\n\n\n<li><strong>Prova discursiva<\/strong> &#8211; de car\u00e1ter <em>eliminat\u00f3rio<\/em> e <em>classificat\u00f3rio<\/em><\/li>\n\n\n\n<li><strong>Prova de t\u00edtulos e experi\u00eancia profissional <\/strong>&#8211; de car\u00e1ter <em>classificat\u00f3rio<\/em><\/li>\n<\/ul>\n\n\n\n<h3 class=\"wp-block-heading\">Prova objetiva <\/h3>\n\n\n\n<p>Essa etapa dever\u00e1 ser realizada no dia <strong>14 de abril de 2024<\/strong> e ser\u00e1 aplicada em dois turnos, manh\u00e3 para o cargo de Analista e no turno da tarde para o cargo de Pesquisador.<\/p>\n\n\n\n<p>Os candidatos ter\u00e3o o tempo m\u00e1ximo de 05 horas para realizar o exame.<\/p>\n\n\n\n<p>A avalia\u00e7\u00e3o ser\u00e1 composta por <strong>70 quest\u00f5es de m\u00faltipla escolha<\/strong> que ser\u00e3o versadas nas seguintes disciplinas:<\/p>\n\n\n\n<ul>\n<li>Conhecimentos Gerais\n<ul>\n<li>L\u00edngua Portuguesa (30)<\/li>\n\n\n\n<li>Racioc\u00ednio L\u00f3gico (05)<\/li>\n\n\n\n<li>L\u00edngua Estrangeira (05)<\/li>\n\n\n\n<li>Conhecimento sobre o Inmetro (20)<\/li>\n<\/ul>\n<\/li>\n\n\n\n<li>Conhecimentos Espec\u00edficos\n<ul>\n<li>Conhecimentos espec\u00edficos concernentes ao cargo a que est\u00e1 concorrendo (20)<\/li>\n<\/ul>\n<\/li>\n<\/ul>\n\n\n\n<p>A prova ter\u00e1 a pontua\u00e7\u00e3o m\u00e1xima de 100 pontos, sendo considerado <strong>aprovado <\/strong>o candidato que obtiver no m\u00ednimo de 60% do total de pontos da prova objetiva, e, pontua\u00e7\u00e3o de, no m\u00ednimo, 01 quest\u00e3o em cada conte\u00fado que a comp\u00f5e.<\/p>\n\n\n\n<h3 class=\"wp-block-heading\">Prova discursiva<\/h3>\n\n\n\n<p>Essa fase ser\u00e1 composta por <strong>uma reda\u00e7\u00e3o<\/strong> de texto dissertativo que dever\u00e1 conter no m\u00ednimo, 20 linhas e, no m\u00e1ximo, 30 linhas.<\/p>\n\n\n\n<p>Ser\u00e3o avaliados os seguintes <strong>aspectos<\/strong>:<\/p>\n\n\n\n<ul>\n<li>Aspectos macroestruturais\n<ul>\n<li>Apresenta\u00e7\u00e3o<\/li>\n\n\n\n<li>Legibilidade<\/li>\n\n\n\n<li>Ordena\u00e7\u00e3o das ideias<\/li>\n\n\n\n<li>Pertin\u00eancia e conhecimento sobre o tema<\/li>\n<\/ul>\n<\/li>\n\n\n\n<li>Aspectos microestruturais\n<ul>\n<li>Ortografia, acentua\u00e7\u00e3o e crase<\/li>\n\n\n\n<li>Inadequa\u00e7\u00e3o vocabular<\/li>\n\n\n\n<li>Repeti\u00e7\u00e3o ou omiss\u00e3o de palavras<\/li>\n\n\n\n<li>Falha de constru\u00e7\u00e3o frasal<\/li>\n\n\n\n<li>Pontua\u00e7\u00e3o<\/li>\n\n\n\n<li>Emprego de conectores<\/li>\n\n\n\n<li>Concord\u00e2ncia verbal ou nominal<\/li>\n\n\n\n<li>Reg\u00eancia verbal ou nominal<\/li>\n\n\n\n<li>Emprego e coloca\u00e7\u00e3o de pronomes<\/li>\n\n\n\n<li>V\u00edcios de linguagem, estruturas n\u00e3o recomendadas e emprego de mai\u00fasculas e min\u00fasculas<\/li>\n<\/ul>\n<\/li>\n<\/ul>\n\n\n\n<p>A reda\u00e7\u00e3o ter\u00e1 a pontua\u00e7\u00e3o m\u00e1xima de 100 pontos, sendo considerado <strong>aprovado <\/strong>o candidato que obtiver m\u00ednimo de 50% de aproveitamento do total de pontos.<\/p>\n\n\n\n<h3 class=\"wp-block-heading\">Prova de t\u00edtulos e experi\u00eancia profissional <\/h3>\n\n\n\n<p>Confira na tabela abaixo os t\u00edtulos que ser\u00e3o <strong>aceitos <\/strong>para a avalia\u00e7\u00e3o e sua respectiva pontua\u00e7\u00e3o:<\/p>\n\n\n\n<figure class=\"wp-block-image size-full\"><img loading=\"lazy\" decoding=\"async\" width=\"609\" height=\"299\" src=\"https:\/\/www.editorasolucao.com.br\/blog\/wp-content\/uploads\/2023\/12\/image-7.png\" alt=\"\" class=\"wp-image-38309\"\/><\/figure>\n\n\n\n<figure class=\"wp-block-image size-full\"><img loading=\"lazy\" decoding=\"async\" width=\"607\" height=\"92\" src=\"https:\/\/www.editorasolucao.com.br\/blog\/wp-content\/uploads\/2023\/12\/image-8.png\" alt=\"\" class=\"wp-image-38310\"\/><\/figure>\n\n\n\n<p>O prazo de <strong>validade <\/strong>do Concurso P\u00fablico ser\u00e1 de 2 anos, a contar da data de publica\u00e7\u00e3o da homologa\u00e7\u00e3o do resultado final no Di\u00e1rio Oficial da Uni\u00e3o, podendo ser prorrogado, uma \u00fanica vez, por igual prazo, a crit\u00e9rio do INMETRO.<\/p>\n\n\n\n<p><strong>Bons estudos e boa prova!!!<\/strong><\/p>\n","protected":false},"excerpt":{"rendered":"<p>Aten\u00e7\u00e3o, concurseiros! Foram prorrogadas as inscri\u00e7\u00f5es do concurso INMETRO (Instituto nacional de metrologia, qualidade e tecnologia) que oferta 860 vagas para provimento imediato e para forma\u00e7\u00e3o de cadastro reserva para os cargos de Pesquisador e Analista, de n\u00edvel superior de escolaridade, com sal\u00e1rio no valor de R$ 8.700,31! Se interessa pelo certame? Confira os demais detalhes no decorrer da not\u00edcia. \ud83e\udd70 Como realizar minha inscri\u00e7\u00e3o no concurso INMETRO? Com a prorroga\u00e7\u00e3o as inscri\u00e7\u00f5es para o certame poder\u00e3o ser realizadas at\u00e9 \u00e0s 23h59min do dia 05 de fevereiro de 2024, atrav\u00e9s do site da banca organizadora, IDECAN. Para homologar a inscri\u00e7\u00e3o&#8230;<\/p>\n","protected":false},"author":18,"featured_media":39128,"template":"","meta":{"_acf_changed":false,"rank_math_lock_modified_date":false},"categories":[],"tags":[],"acf":[],"_links":{"self":[{"href":"https:\/\/www.editorasolucao.com.br\/blog\/wp-json\/wp\/v2\/concurso\/38306"}],"collection":[{"href":"https:\/\/www.editorasolucao.com.br\/blog\/wp-json\/wp\/v2\/concurso"}],"about":[{"href":"https:\/\/www.editorasolucao.com.br\/blog\/wp-json\/wp\/v2\/types\/concurso"}],"author":[{"embeddable":true,"href":"https:\/\/www.editorasolucao.com.br\/blog\/wp-json\/wp\/v2\/users\/18"}],"wp:featuredmedia":[{"embeddable":true,"href":"https:\/\/www.editorasolucao.com.br\/blog\/wp-json\/wp\/v2\/media\/39128"}],"wp:attachment":[{"href":"https:\/\/www.editorasolucao.com.br\/blog\/wp-json\/wp\/v2\/media?parent=38306"}],"wp:term":[{"taxonomy":"category","embeddable":true,"href":"https:\/\/www.editorasolucao.com.br\/blog\/wp-json\/wp\/v2\/categories?post=38306"},{"taxonomy":"post_tag","embeddable":true,"href":"https:\/\/www.editorasolucao.com.br\/blog\/wp-json\/wp\/v2\/tags?post=38306"}],"curies":[{"name":"wp","href":"https:\/\/api.w.org\/{rel}","templated":true}]}}