{"id":38463,"date":"2024-01-10T10:00:00","date_gmt":"2024-01-10T13:00:00","guid":{"rendered":"https:\/\/www.editorasolucao.com.br\/blog\/?post_type=concurso&#038;p=38463"},"modified":"2024-04-24T12:29:42","modified_gmt":"2024-04-24T15:29:42","slug":"camara-de-bertioga-sp","status":"publish","type":"concurso","link":"https:\/\/www.editorasolucao.com.br\/blog\/concurso\/camara-de-bertioga-sp","title":{"rendered":"Concurso C\u00e2mara Municipal de Bertioga: Edital retificado!"},"content":{"rendered":"\n<p>O edital do concurso C\u00e2mara de Bertioga, no estado de S\u00e3o Paulo, foi retificado! Houve a prorroga\u00e7\u00e3o para a realiza\u00e7\u00e3o das inscri\u00e7\u00f5es e as provas objetivas foram adiadas. O certame  oferta 12 vagas para cargos de <strong>n\u00edveis m\u00e9dio\/t\u00e9cnico e superior <\/strong>de escolaridade, com sal\u00e1rio de at\u00e9 R$ 4.755,46! Fique e confira os demais detalhes no decorrer da not\u00edcia. \ud83d\ude0d<\/p>\n\n\n\n<div id=\"ez-toc-container\" class=\"ez-toc-v2_0_69_1 counter-hierarchy ez-toc-counter ez-toc-grey ez-toc-container-direction\">\n<div class=\"ez-toc-title-container\">\n<p class=\"ez-toc-title \" >Menu de navega&ccedil;&atilde;o<\/p>\n<span class=\"ez-toc-title-toggle\"><a href=\"#\" class=\"ez-toc-pull-right ez-toc-btn ez-toc-btn-xs ez-toc-btn-default ez-toc-toggle\" aria-label=\"Toggle Table of Content\"><span class=\"ez-toc-js-icon-con\"><span class=\"\"><span class=\"eztoc-hide\" style=\"display:none;\">Toggle<\/span><span class=\"ez-toc-icon-toggle-span\"><svg style=\"fill: #999;color:#999\" xmlns=\"http:\/\/www.w3.org\/2000\/svg\" class=\"list-377408\" width=\"20px\" height=\"20px\" viewBox=\"0 0 24 24\" fill=\"none\"><path d=\"M6 6H4v2h2V6zm14 0H8v2h12V6zM4 11h2v2H4v-2zm16 0H8v2h12v-2zM4 16h2v2H4v-2zm16 0H8v2h12v-2z\" fill=\"currentColor\"><\/path><\/svg><svg style=\"fill: #999;color:#999\" class=\"arrow-unsorted-368013\" xmlns=\"http:\/\/www.w3.org\/2000\/svg\" width=\"10px\" height=\"10px\" viewBox=\"0 0 24 24\" version=\"1.2\" baseProfile=\"tiny\"><path d=\"M18.2 9.3l-6.2-6.3-6.2 6.3c-.2.2-.3.4-.3.7s.1.5.3.7c.2.2.4.3.7.3h11c.3 0 .5-.1.7-.3.2-.2.3-.5.3-.7s-.1-.5-.3-.7zM5.8 14.7l6.2 6.3 6.2-6.3c.2-.2.3-.5.3-.7s-.1-.5-.3-.7c-.2-.2-.4-.3-.7-.3h-11c-.3 0-.5.1-.7.3-.2.2-.3.5-.3.7s.1.5.3.7z\"\/><\/svg><\/span><\/span><\/span><\/a><\/span><\/div>\n<nav><ul class='ez-toc-list ez-toc-list-level-1 ' ><li class='ez-toc-page-1 ez-toc-heading-level-2'><a class=\"ez-toc-link ez-toc-heading-1\" href=\"https:\/\/www.editorasolucao.com.br\/blog\/concurso\/camara-de-bertioga-sp\/#Como_realizar_minha_inscricao_no_concurso_Camara_de_Bertioga-SP\" title=\"Como realizar minha inscri\u00e7\u00e3o no concurso C\u00e2mara de Bertioga-SP?\">Como realizar minha inscri\u00e7\u00e3o no concurso C\u00e2mara de Bertioga-SP?<\/a><\/li><li class='ez-toc-page-1 ez-toc-heading-level-2'><a class=\"ez-toc-link ez-toc-heading-2\" href=\"https:\/\/www.editorasolucao.com.br\/blog\/concurso\/camara-de-bertioga-sp\/#Quais_sao_os_cargos_que_serao_ofertados_no_concurso_Camara_de_Bertioga-SP\" title=\"Quais s\u00e3o os cargos que ser\u00e3o ofertados no concurso C\u00e2mara de Bertioga-SP\">Quais s\u00e3o os cargos que ser\u00e3o ofertados no concurso C\u00e2mara de Bertioga-SP<\/a><\/li><li class='ez-toc-page-1 ez-toc-heading-level-2'><a class=\"ez-toc-link ez-toc-heading-3\" href=\"https:\/\/www.editorasolucao.com.br\/blog\/concurso\/camara-de-bertioga-sp\/#Quais_sao_os_requisitos_para_participar_do_concurso_Camara_Municipal_de_Bertioga-SP\" title=\"Quais s\u00e3o os requisitos para participar do concurso C\u00e2mara Municipal de Bertioga-SP?\">Quais s\u00e3o os requisitos para participar do concurso C\u00e2mara Municipal de Bertioga-SP?<\/a><\/li><li class='ez-toc-page-1 ez-toc-heading-level-2'><a class=\"ez-toc-link ez-toc-heading-4\" href=\"https:\/\/www.editorasolucao.com.br\/blog\/concurso\/camara-de-bertioga-sp\/#Concurso_Camara_de_Bertioga-SP_Atribuicoes\" title=\"Concurso C\u00e2mara de Bertioga-SP: Atribui\u00e7\u00f5es\">Concurso C\u00e2mara de Bertioga-SP: Atribui\u00e7\u00f5es<\/a><\/li><li class='ez-toc-page-1 ez-toc-heading-level-2'><a class=\"ez-toc-link ez-toc-heading-5\" href=\"https:\/\/www.editorasolucao.com.br\/blog\/concurso\/camara-de-bertioga-sp\/#Como_serao_as_provas_do_concurso_Camara_de_Bertioga-SP\" title=\"Como ser\u00e3o as provas do concurso C\u00e2mara de Bertioga-SP?\">Como ser\u00e3o as provas do concurso C\u00e2mara de Bertioga-SP?<\/a><\/li><\/ul><\/nav><\/div>\n<h2 class=\"wp-block-heading\" id=\"inscri\u00e7\u00f5es\"><span class=\"ez-toc-section\" id=\"Como_realizar_minha_inscricao_no_concurso_Camara_de_Bertioga-SP\"><\/span>Como realizar minha inscri\u00e7\u00e3o no concurso C\u00e2mara de Bertioga-SP?<span class=\"ez-toc-section-end\"><\/span><\/h2>\n\n\n\n<p>Os interessados em participar do certame j\u00e1 podem realizar as inscri\u00e7\u00f5es<strong> at\u00e9 o dia 16 de fevereiro de 2024<\/strong>, atrav\u00e9s do site da banca organizadora, <a href=\"https:\/\/institutoindepac.org.br\/Projetos\/projeto-detalhes.aspx?id=V\/Bahk9Yguk=\" target=\"_blank\" rel=\"noreferrer noopener\">Instituto Indepac<\/a>.<\/p>\n\n\n\n<p>Para efetivar a inscri\u00e7\u00e3o \u00e9 necess\u00e1rio que o candidato efetue o pagamento de uma <strong>taxa <\/strong>no valor referente ao n\u00edvel de escolaridade do cargo pretendido:<\/p>\n\n\n\n<ul>\n<li>N\u00edvel m\u00e9dio\/t\u00e9cnico: <strong>R$ 55,00<\/strong><\/li>\n\n\n\n<li>N\u00edvel superior: <strong>R$ 70,00<\/strong><\/li>\n<\/ul>\n\n\n\n<p><strong>Aten\u00e7\u00e3o! <\/strong>N\u00e3o haver\u00e1 a possibilidade de solicitar a isen\u00e7\u00e3o da taxa de participa\u00e7\u00e3o.<\/p>\n\n\n\n<h2 class=\"wp-block-heading\" id=\"cargos\"><span class=\"ez-toc-section\" id=\"Quais_sao_os_cargos_que_serao_ofertados_no_concurso_Camara_de_Bertioga-SP\"><\/span>Quais s\u00e3o os cargos que ser\u00e3o ofertados no concurso C\u00e2mara de Bertioga-SP<span class=\"ez-toc-section-end\"><\/span><\/h2>\n\n\n\n<p>Segundo o edital, ao todo est\u00e3o sendo ofertadas <strong>12 vagas imediatas mais oportunidade para forma\u00e7\u00e3o de cadastro reserva<\/strong> para cargos de n\u00edveis m\u00e9dio, t\u00e9cnico e superior de escolaridade. Confira os cargos ofertados, a distribui\u00e7\u00e3o das vagas e os sal\u00e1rios:<\/p>\n\n\n\n<p><strong>M\u00e9dio\/t\u00e9cnico &#8211; R$ 3.058,36<\/strong><\/p>\n\n\n\n<ul>\n<li>T\u00e9cnico em Contabilidade (01)<\/li>\n\n\n\n<li>T\u00e9cnico em Inform\u00e1tica (01)<\/li>\n\n\n\n<li>T\u00e9cnico em Recursos Humanos (02)<\/li>\n\n\n\n<li><a href=\"https:\/\/www.editorasolucao.com.br\/apostila\/camara-bertioga-sp-tecnico-legislativo-administrativo\">T\u00e9cnico Legislativo Administrativo<\/a> (06)<\/li>\n<\/ul>\n\n\n\n<p><strong>Superior &#8211; R$ 4.755,46<\/strong><\/p>\n\n\n\n<ul>\n<li>Administrador (CR)<\/li>\n\n\n\n<li>Analista de Sistemas (CR)<\/li>\n\n\n\n<li>Contador (01)<\/li>\n\n\n\n<li>Procurador Legislativo (01)<\/li>\n<\/ul>\n\n\n\n<p>A jornada de trabalho para todos os cargos ofertados \u00e9 de 40 horas semanais. <\/p>\n\n\n\n<p>Clique <a href=\"https:\/\/www.editorasolucao.com.br\/blog\/concursos-abertos-sp\">aqui<\/a> e confira quais s\u00e3o os concursos abertos no estado de S\u00e3o Paulo. <\/p>\n\n\n\n<h2 class=\"wp-block-heading\" id=\"requisitos\"><span class=\"ez-toc-section\" id=\"Quais_sao_os_requisitos_para_participar_do_concurso_Camara_Municipal_de_Bertioga-SP\"><\/span>Quais s\u00e3o os requisitos para participar do concurso C\u00e2mara Municipal de Bertioga-SP?<span class=\"ez-toc-section-end\"><\/span><\/h2>\n\n\n\n<p>Para que o candidato tome posse do cargo pretendido no concurso C\u00e2mara de Bertioga-SP \u00e9 necess\u00e1rio cumprir as seguintes <strong>exig\u00eancias<\/strong>:<\/p>\n\n\n\n<ul>\n<li>Ter nacionalidade brasileira ou portuguesa, amparada pelo Estatuto da Igualdade entre brasileiros e portugueses, conforme disposto nos termos do Par\u00e1grafo 1\u00ba, Artigo 12, da Constitui\u00e7\u00e3o Federal e do Decreto Federal n.\u00ba 70.436\/72;<\/li>\n\n\n\n<li><strong>Ter, na data da posse, idade m\u00ednima de 18 anos completos;<\/strong><\/li>\n\n\n\n<li>No caso do sexo masculino, estar em dia com o Servi\u00e7o Militar, nos termos do Decreto n\u00ba 57.654\/66, alterado pelo Decreto n\u00ba 93.670\/86;<\/li>\n\n\n\n<li>Ser eleitor e estar quite com a Justi\u00e7a Eleitoral;<\/li>\n\n\n\n<li>Possuir documenta\u00e7\u00e3o comprobat\u00f3ria, no ato da posse, dos requisitos m\u00ednimos exigidos para o cargo, conforme especificado na Tabela I, do Cap\u00edtulo 1, e a documenta\u00e7\u00e3o comprobat\u00f3ria determinada no item 12.5 do Cap\u00edtulo 12 deste edital;<\/li>\n\n\n\n<li>Ter aptid\u00e3o f\u00edsica e mental e n\u00e3o possuir defici\u00eancia f\u00edsica incompat\u00edvel com o exerc\u00edcio do cargo, comprovada em inspe\u00e7\u00e3o realizada pelo Servi\u00e7o M\u00e9dico indicado pela C\u00e2mara Municipal de Bertioga;<\/li>\n\n\n\n<li>N\u00e3o ter sido demitido ou exonerado do Servi\u00e7o P\u00fablico (Federal, Estadual ou Municipal) em consequ\u00eancia de processo administrativo;<\/li>\n\n\n\n<li>N\u00e3o ter sido condenado por crime contra o Patrim\u00f4nio, Administra\u00e7\u00e3o, a F\u00e9 P\u00fablica, contra os Costumes e os previstos na Lei Federal n.\u00ba 11.343, de 23\/08\/2006;<\/li>\n\n\n\n<li>N\u00e3o estar, no ato da posse, incompatibilizado para nova nomea\u00e7\u00e3o em novo cargo p\u00fablico;<\/li>\n\n\n\n<li>N\u00e3o possuir antecedentes criminais;<\/li>\n\n\n\n<li><strong>N\u00e3o estar com idade de aposentadoria compuls\u00f3ria;<\/strong><\/li>\n\n\n\n<li>N\u00e3o receber proventos de aposentadoria ou remunera\u00e7\u00e3o de cargo, emprego ou fun\u00e7\u00e3o p\u00fablica, ressalvados os cargos acumul\u00e1veis previstos na Constitui\u00e7\u00e3o Federal.<\/li>\n<\/ul>\n\n\n\n<h2 class=\"wp-block-heading\" id=\"atribui\u00e7\u00f5es\"><span class=\"ez-toc-section\" id=\"Concurso_Camara_de_Bertioga-SP_Atribuicoes\"><\/span>Concurso C\u00e2mara de Bertioga-SP: Atribui\u00e7\u00f5es<span class=\"ez-toc-section-end\"><\/span><\/h2>\n\n\n\n<p>Confira algumas das <strong>atividades <\/strong>que os candidatos aprovados dever\u00e3o exercer em cada cargo ofertado:<\/p>\n\n\n\n<ul>\n<li>Administrador:\n<ul>\n<li>Administrar materiais, recursos humanos, patrim\u00f4nio, informa\u00e7\u00f5es, recursos financeiros e or\u00e7ament\u00e1rios; <\/li>\n\n\n\n<li>gerir recursos tecnol\u00f3gicos.<\/li>\n<\/ul>\n<\/li>\n\n\n\n<li>Analista de Sistemas:\n<ul>\n<li>Administrar e dar suporte aos sistemas j\u00e1 desenvolvidos, nas linguagens existentes e que possam existir, mantendo-os atualizados quanto \u00e0s vers\u00f5es e corrigindo-os quando necess\u00e1rio. <\/li>\n\n\n\n<li>Desenvolver sistemas novos, utilizando linguagens novas ou j\u00e1 em uso. <\/li>\n<\/ul>\n<\/li>\n\n\n\n<li>Contador:\n<ul>\n<li>Coordenar os lan\u00e7amentos para a elabora\u00e7\u00e3o dos di\u00e1rios e raz\u00f5es dos sistemas Financeiro, Patrimonial, Econ\u00f4mico e Or\u00e7ament\u00e1rio. <\/li>\n\n\n\n<li>Lan\u00e7amento de empenho para fornecedores, controle de processos para cancelamento de restos a pagar. <\/li>\n<\/ul>\n<\/li>\n\n\n\n<li>Procurador Legislativo:\n<ul>\n<li>Prestar assist\u00eancia jur\u00eddica aos vereadores, mesa diretora e ao Secret\u00e1rio Geral. <\/li>\n\n\n\n<li>Elaborar estudos, teses, e projetos de legisla\u00e7\u00e3o a pedido dos vereadores, da Mesa da C\u00e2mara e do Secret\u00e1rio Geral. <\/li>\n<\/ul>\n<\/li>\n\n\n\n<li>T\u00e9cnico em Contabilidade:\n<ul>\n<li>Desenvolver as fun\u00e7\u00f5es afetas ao Departamento no qual estiver lotado e as atividades prec\u00edpuas de sua qualifica\u00e7\u00e3o profissional. <\/li>\n\n\n\n<li>Respons\u00e1vel por demais fun\u00e7\u00f5es assemelhadas ao seu cargo e designadas pelo Secret\u00e1rio Geral ou pelo Diretor do Departamento ao qual estiver lotado.<\/li>\n<\/ul>\n<\/li>\n\n\n\n<li>T\u00e9cnico em Inform\u00e1tica:\n<ul>\n<li>Desenvolver as fun\u00e7\u00f5es afetas ao Departamento no qual estiver lotado e as atividades prec\u00edpuas de sua qualifica\u00e7\u00e3o profissional. <\/li>\n\n\n\n<li>Respons\u00e1vel por demais fun\u00e7\u00f5es assemelhadas ao seu cargo e designadas pelo Secret\u00e1rio Geral ou pelo Diretor do Departamento ao qual estiver lotado.<\/li>\n<\/ul>\n<\/li>\n\n\n\n<li>T\u00e9cnico em Recursos Humanos:\n<ul>\n<li>Realiza o recebimento, controle e arquivamento de documentos nos processos admissionais e de demiss\u00e3o da equipe. <\/li>\n\n\n\n<li>Faz a an\u00e1lise da \u00e1rea de Recursos Humanos, recruta e seleciona novos colaboradores, levanta necessidades de treinamento, avalia desempenho de pessoal e desenvolve planos de carreiras. <\/li>\n<\/ul>\n<\/li>\n\n\n\n<li><a href=\"https:\/\/www.editorasolucao.com.br\/apostila\/camara-bertioga-sp-tecnico-legislativo-administrativo\">T\u00e9cnico Legislativo Administrativo<\/a>:\n<ul>\n<li>Desenvolver as fun\u00e7\u00f5es de escritura\u00e7\u00e3o, anota\u00e7\u00e3o, registro, emiss\u00e3o de documentos e of\u00edcios. <\/li>\n\n\n\n<li>Desenvolver as fun\u00e7\u00f5es elabora\u00e7\u00e3o, emiss\u00e3o, an\u00e1lise e corre\u00e7\u00e3o de documentos e atividades legislativas e administrativas afetas ao Departamento no qual estiver lotado. <\/li>\n<\/ul>\n<\/li>\n<\/ul>\n\n\n\n<h2 class=\"wp-block-heading\" id=\"etapas\"><span class=\"ez-toc-section\" id=\"Como_serao_as_provas_do_concurso_Camara_de_Bertioga-SP\"><\/span>Como ser\u00e3o as provas do concurso C\u00e2mara de Bertioga-SP?<span class=\"ez-toc-section-end\"><\/span><\/h2>\n\n\n\n<p>Os candidatos ser\u00e3o avaliados por meio das seguintes etapas de sele\u00e7\u00e3o:<\/p>\n\n\n\n<ul>\n<li><strong>Prova Objetiva<\/strong> &#8211; de car\u00e1ter <em>eliminat\u00f3rio <\/em>e <em>classificat\u00f3rio<\/em><\/li>\n\n\n\n<li><strong>Prova Dissertativa<\/strong> &#8211; de car\u00e1ter <em>eliminat\u00f3rio <\/em>e <em>classificat\u00f3rio<\/em>\n<ul>\n<li>Somente para o cargo de Procurador Legislativo<\/li>\n<\/ul>\n<\/li>\n<\/ul>\n\n\n\n<h3 class=\"wp-block-heading\">Prova Objetiva<\/h3>\n\n\n\n<p>Essa etapa est\u00e1 prevista para ser realizada no dia<strong> 10 de mar\u00e7o de 2024<\/strong>, onde os candidatos ter\u00e3o 3 horas para realizar o exame, exceto para o cargo de Procurador Legislativo, cuja dura\u00e7\u00e3o total das provas ser\u00e1 de 4 horas.<\/p>\n\n\n\n<p>A avalia\u00e7\u00e3o ser\u00e1 composta por <strong>40 quest\u00f5es de m\u00faltipla escolha<\/strong> que ser\u00e3o versadas nas seguintes disciplinas:<\/p>\n\n\n\n<ul>\n<li>L\u00edngua Portuguesa (10)<\/li>\n\n\n\n<li>Matem\u00e1tica (05)<\/li>\n\n\n\n<li>Conhecimentos Gerais (05)<\/li>\n\n\n\n<li>Conhecimentos Espec\u00edficos (20)<\/li>\n<\/ul>\n\n\n\n<p>Para o cargo de Procurador Legislativo:<\/p>\n\n\n\n<ul>\n<li>L\u00edngua Portuguesa (10)<\/li>\n\n\n\n<li>Conhecimentos Gerais (05)<\/li>\n\n\n\n<li>Conhecimentos Espec\u00edficos (25)<\/li>\n<\/ul>\n\n\n\n<p>A prova ser\u00e1 avaliada em uma escala de 0 a 100 pontos, sendo considerado <strong>aprovado<\/strong> o candidato que obtiver no m\u00ednimo 50 pontos.<\/p>\n\n\n\n<h3 class=\"wp-block-heading\">Prova Dissertativa<\/h3>\n\n\n\n<p>Essa fase consistir\u00e1 na elabora\u00e7\u00e3o de <strong>uma quest\u00e3o te\u00f3rico-pr\u00e1tica<\/strong>, que versar\u00e1 sobre o conte\u00fado program\u00e1tico estabelecido para o respectivo cargo.<\/p>\n\n\n\n<p>Ser\u00e3o avaliados os seguintes <strong>crit\u00e9rios<\/strong>:<\/p>\n\n\n\n<ul>\n<li>Tema (0 a 5 pontos)\n<ul>\n<li>Adequa\u00e7\u00e3o quanto ao tema\/ problema apresentado (0 a 5 pontos)<\/li>\n<\/ul>\n<\/li>\n\n\n\n<li>Estrutura do per\u00edodo e do par\u00e1grafo (0 a 2,5 pontos)\n<ul>\n<li>Coer\u00eancia, coes\u00e3o e clareza na estrutura\u00e7\u00e3o das frases e das ora\u00e7\u00f5es; uso adequado de pontua\u00e7\u00e3o, estruturas sint\u00e1ticas completas.<\/li>\n<\/ul>\n<\/li>\n\n\n\n<li>Dom\u00ednio de estilo formal da l\u00edngua (0 a 2,5 pontos)\n<ul>\n<li>Concord\u00e2ncia, reg\u00eancia, emprego de tempos verbais, marcas de oralidade, grafia e acentua\u00e7\u00e3o gr\u00e1fica<\/li>\n<\/ul>\n<\/li>\n<\/ul>\n\n\n\n<p>A avalia\u00e7\u00e3o ser\u00e1 avaliada em uma escala de 0 a 10 pontos, portanto ser\u00e1 considerado <strong>aprovado <\/strong>o candidato que obtiver total de pontos igual ou superior a 5.<\/p>\n\n\n\n<p>O presente Concurso P\u00fablico tem prazo de <strong>validade <\/strong>de 2 anos, podendo ser prorrogado por igual per\u00edodo, a contar da data da homologa\u00e7\u00e3o do certame, a crit\u00e9rio da C\u00e2mara Municipal de Bertioga.<\/p>\n\n\n\n<p><strong>Bons estudos e boa prova!!!<\/strong><\/p>\n","protected":false},"excerpt":{"rendered":"<p>O edital do concurso C\u00e2mara de Bertioga, no estado de S\u00e3o Paulo, foi retificado! Houve a prorroga\u00e7\u00e3o para a realiza\u00e7\u00e3o das inscri\u00e7\u00f5es e as provas objetivas foram adiadas. O certame oferta 12 vagas para cargos de n\u00edveis m\u00e9dio\/t\u00e9cnico e superior de escolaridade, com sal\u00e1rio de at\u00e9 R$ 4.755,46! Fique e confira os demais detalhes no decorrer da not\u00edcia. \ud83d\ude0d Como realizar minha inscri\u00e7\u00e3o no concurso C\u00e2mara de Bertioga-SP? Os interessados em participar do certame j\u00e1 podem realizar as inscri\u00e7\u00f5es at\u00e9 o dia 16 de fevereiro de 2024, atrav\u00e9s do site da banca organizadora, Instituto Indepac. Para efetivar a inscri\u00e7\u00e3o \u00e9&#8230;<\/p>\n","protected":false},"author":18,"featured_media":39080,"template":"","meta":{"_acf_changed":false,"rank_math_lock_modified_date":false},"categories":[],"tags":[],"acf":[],"_links":{"self":[{"href":"https:\/\/www.editorasolucao.com.br\/blog\/wp-json\/wp\/v2\/concurso\/38463"}],"collection":[{"href":"https:\/\/www.editorasolucao.com.br\/blog\/wp-json\/wp\/v2\/concurso"}],"about":[{"href":"https:\/\/www.editorasolucao.com.br\/blog\/wp-json\/wp\/v2\/types\/concurso"}],"author":[{"embeddable":true,"href":"https:\/\/www.editorasolucao.com.br\/blog\/wp-json\/wp\/v2\/users\/18"}],"wp:featuredmedia":[{"embeddable":true,"href":"https:\/\/www.editorasolucao.com.br\/blog\/wp-json\/wp\/v2\/media\/39080"}],"wp:attachment":[{"href":"https:\/\/www.editorasolucao.com.br\/blog\/wp-json\/wp\/v2\/media?parent=38463"}],"wp:term":[{"taxonomy":"category","embeddable":true,"href":"https:\/\/www.editorasolucao.com.br\/blog\/wp-json\/wp\/v2\/categories?post=38463"},{"taxonomy":"post_tag","embeddable":true,"href":"https:\/\/www.editorasolucao.com.br\/blog\/wp-json\/wp\/v2\/tags?post=38463"}],"curies":[{"name":"wp","href":"https:\/\/api.w.org\/{rel}","templated":true}]}}