{"id":38491,"date":"2023-12-12T12:00:00","date_gmt":"2023-12-12T15:00:00","guid":{"rendered":"https:\/\/www.editorasolucao.com.br\/blog\/?post_type=concurso&#038;p=38491"},"modified":"2023-12-12T13:57:10","modified_gmt":"2023-12-12T16:57:10","slug":"ministerio-publico-am","status":"publish","type":"concurso","link":"https:\/\/www.editorasolucao.com.br\/blog\/concurso\/ministerio-publico-am","title":{"rendered":"Concurso Minist\u00e9rio P\u00fablico AM: Edital publicado. Vagas para n\u00edveis m\u00e9dio e superior!"},"content":{"rendered":"\n<p>O concurso Minist\u00e9rio P\u00fablico do Amazonas tem o edital publicado com a oferta de 35 vagas imediatas mais oportunidades para forma\u00e7\u00e3o de cadastro reserva para cargos de <strong>n\u00edveis m\u00e9dio e superior de escolaridade<\/strong>, com sal\u00e1rio de at\u00e9 R$ 11.569,64! Ficou interessado(a)? Confira os demais detalhes no decorrer da not\u00edcia. \ud83e\udd29<\/p>\n\n\n\n<ul><li><a href=\"#inscri\u00e7\u00f5es\">Inscri\u00e7\u00f5es<\/a><\/li><li><a href=\"#cargos\">Cargos, vagas e sal\u00e1rios<\/a><\/li><li><a href=\"#requisitos\">Requisitos<\/a><\/li><li><a href=\"#etapas\">Etapas de sele\u00e7\u00e3o<\/a><\/li><\/ul>\n\n\n\n<div id=\"ez-toc-container\" class=\"ez-toc-v2_0_69_1 counter-hierarchy ez-toc-counter ez-toc-grey ez-toc-container-direction\">\n<div class=\"ez-toc-title-container\">\n<p class=\"ez-toc-title \" >Menu de navega&ccedil;&atilde;o<\/p>\n<span class=\"ez-toc-title-toggle\"><a href=\"#\" class=\"ez-toc-pull-right ez-toc-btn ez-toc-btn-xs ez-toc-btn-default ez-toc-toggle\" aria-label=\"Toggle Table of Content\"><span class=\"ez-toc-js-icon-con\"><span class=\"\"><span class=\"eztoc-hide\" style=\"display:none;\">Toggle<\/span><span class=\"ez-toc-icon-toggle-span\"><svg style=\"fill: #999;color:#999\" xmlns=\"http:\/\/www.w3.org\/2000\/svg\" class=\"list-377408\" width=\"20px\" height=\"20px\" viewBox=\"0 0 24 24\" fill=\"none\"><path d=\"M6 6H4v2h2V6zm14 0H8v2h12V6zM4 11h2v2H4v-2zm16 0H8v2h12v-2zM4 16h2v2H4v-2zm16 0H8v2h12v-2z\" fill=\"currentColor\"><\/path><\/svg><svg style=\"fill: #999;color:#999\" class=\"arrow-unsorted-368013\" xmlns=\"http:\/\/www.w3.org\/2000\/svg\" width=\"10px\" height=\"10px\" viewBox=\"0 0 24 24\" version=\"1.2\" baseProfile=\"tiny\"><path d=\"M18.2 9.3l-6.2-6.3-6.2 6.3c-.2.2-.3.4-.3.7s.1.5.3.7c.2.2.4.3.7.3h11c.3 0 .5-.1.7-.3.2-.2.3-.5.3-.7s-.1-.5-.3-.7zM5.8 14.7l6.2 6.3 6.2-6.3c.2-.2.3-.5.3-.7s-.1-.5-.3-.7c-.2-.2-.4-.3-.7-.3h-11c-.3 0-.5.1-.7.3-.2.2-.3.5-.3.7s.1.5.3.7z\"\/><\/svg><\/span><\/span><\/span><\/a><\/span><\/div>\n<nav><ul class='ez-toc-list ez-toc-list-level-1 ' ><li class='ez-toc-page-1 ez-toc-heading-level-2'><a class=\"ez-toc-link ez-toc-heading-1\" href=\"https:\/\/www.editorasolucao.com.br\/blog\/concurso\/ministerio-publico-am\/#Como_serao_as_inscricoes_do_concurso_Ministerio_Publico_AM\" title=\"Como ser\u00e3o as inscri\u00e7\u00f5es do concurso Minist\u00e9rio P\u00fablico AM?\">Como ser\u00e3o as inscri\u00e7\u00f5es do concurso Minist\u00e9rio P\u00fablico AM?<\/a><\/li><li class='ez-toc-page-1 ez-toc-heading-level-2'><a class=\"ez-toc-link ez-toc-heading-2\" href=\"https:\/\/www.editorasolucao.com.br\/blog\/concurso\/ministerio-publico-am\/#Concurso_Ministerio_Publico_AM_Cargos_vagas_e_salarios\" title=\"Concurso Minist\u00e9rio P\u00fablico AM: Cargos, vagas e sal\u00e1rios\">Concurso Minist\u00e9rio P\u00fablico AM: Cargos, vagas e sal\u00e1rios<\/a><\/li><li class='ez-toc-page-1 ez-toc-heading-level-2'><a class=\"ez-toc-link ez-toc-heading-3\" href=\"https:\/\/www.editorasolucao.com.br\/blog\/concurso\/ministerio-publico-am\/#Quais_sao_os_requisitos_para_participar_do_concurso_Ministerio_Publico_AM\" title=\"Quais s\u00e3o os requisitos para participar do concurso Minist\u00e9rio P\u00fablico AM?\">Quais s\u00e3o os requisitos para participar do concurso Minist\u00e9rio P\u00fablico AM?<\/a><\/li><li class='ez-toc-page-1 ez-toc-heading-level-2'><a class=\"ez-toc-link ez-toc-heading-4\" href=\"https:\/\/www.editorasolucao.com.br\/blog\/concurso\/ministerio-publico-am\/#Como_serao_as_provas_do_concurso_Ministerio_Publico_AM\" title=\"Como ser\u00e3o as provas do concurso Minist\u00e9rio P\u00fablico AM?\">Como ser\u00e3o as provas do concurso Minist\u00e9rio P\u00fablico AM?<\/a><\/li><\/ul><\/nav><\/div>\n<h2 class=\"wp-block-heading\" id=\"inscri\u00e7\u00f5es\"><span class=\"ez-toc-section\" id=\"Como_serao_as_inscricoes_do_concurso_Ministerio_Publico_AM\"><\/span>Como ser\u00e3o as inscri\u00e7\u00f5es do concurso Minist\u00e9rio P\u00fablico AM?<span class=\"ez-toc-section-end\"><\/span><\/h2>\n\n\n\n<p>Os interessados em participar do certame poder\u00e3o realizar as inscri\u00e7\u00f5es <strong>a partir do dia 13 de dezembro de 2023 at\u00e9 o dia 16 de janeiro de 2024<\/strong>, atrav\u00e9s do site da banca organizadora, <a href=\"https:\/\/www.concursosfcc.com.br\/concursos\/mpeam123\/index.html\" target=\"_blank\" rel=\"noreferrer noopener\">FCC<\/a> (Funda\u00e7\u00e3o Carlos Chagas).<\/p>\n\n\n\n<p>Para homologar a inscri\u00e7\u00e3o \u00e9 necess\u00e1rio que o candidato efetue o pagamento de uma <strong>taxa <\/strong>no valor referente ao n\u00edvel de escolaridade do cargo pretendido:<\/p>\n\n\n\n<ul><li>N\u00edvel m\u00e9dio: <strong>R$ 110,00<\/strong><\/li><li>N\u00edvel superior: <strong>R$ 140,00<\/strong><\/li><\/ul>\n\n\n\n<p>Haver\u00e1 a possibilidade de solicitar a <strong>isen\u00e7\u00e3o <\/strong>da taxa de participa\u00e7\u00e3o <strong>entre os dias 13 e 18 de dezembro de 2023<\/strong>, para o candidato:<\/p>\n\n\n\n<ul><li>Cidad\u00e3os amparados pela Lei n\u00ba 3.088, de 25 de outubro de 2006 que isenta do pagamento da inscri\u00e7\u00e3o em Concursos P\u00fablicos Estaduais os trabalhadores, de qualquer regime legal, que perfa\u00e7am renda mensal n\u00e3o superior a tr\u00eas sal\u00e1rios m\u00ednimos e aqueles que estejam desempregados.<\/li><li>Doadores de Sangue amparados pela Lei Estadual n\u00ba 404\/2017<\/li><li>Doadores de Medula \u00d3ssea amparados pela Lei Estadual n\u00ba 415\/2017<\/li><li>Eleitores convocados e nomeados para servirem \u00e0 Justi\u00e7a Eleitoral do Amazonas por ocasi\u00e3o dos pleitos eleitorais amparados pela Lei Estadual n\u00ba 4.988\/2019<\/li><li>\u00c0s pessoas com defici\u00eancia, amparadas pela Lei Estadual n\u00ba 6.208\/2023<\/li><li>\u00c0s doadoras de leite materno, amparadas pela Lei Estadual n\u00ba 5.004\/2019<\/li><li>Aos cidad\u00e3os que tiverem servido como jurados no Tribunal do J\u00fari, em uma das Comarcas do Estado do Amazonas, conforme Lei Estadual n\u00ba 6.196\/2023<\/li><\/ul>\n\n\n\n<h2 class=\"wp-block-heading\" id=\"cargos\"><span class=\"ez-toc-section\" id=\"Concurso_Ministerio_Publico_AM_Cargos_vagas_e_salarios\"><\/span>Concurso Minist\u00e9rio P\u00fablico AM: Cargos, vagas e sal\u00e1rios<span class=\"ez-toc-section-end\"><\/span><\/h2>\n\n\n\n<p>Conforme o edital, ao todo est\u00e3o sendo ofertadas <strong>35 vagas imediatas mais oportunidades para forma\u00e7\u00e3o de cadastro reserva <\/strong>para cargos de n\u00edveis m\u00e9dio e superior de escolaridade. Confira os cargos ofertados, a distribui\u00e7\u00e3o das vagas e os sal\u00e1rios:<\/p>\n\n\n\n<p><strong>M\u00e9dio<\/strong><\/p>\n\n\n\n<ul><li>Agente de Apoio &#8211; R$ 8.034,35<ul><li><a href=\"https:\/\/www.editorasolucao.com.br\/apostila\/mp-am-agente-apoio-especialidade-administrativo\">Administrativo<\/a> (20)<\/li><li>T\u00e9cnico em Manuten\u00e7\u00e3o e Suporte em Inform\u00e1tica (01)<\/li><li>Programador (02)<\/li><li>T\u00e9cnico em Telecomunica\u00e7\u00e3o (CR)<\/li><\/ul><\/li><\/ul>\n\n\n\n<p><strong>Superior<\/strong><\/p>\n\n\n\n<ul><li>Agente T\u00e9cnico &#8211; R$ 11.569,64<ul><li>Administrador (CR)<\/li><li>Analista de Banco de Dados (CR)<\/li><li>Analista de Rede (CR)<\/li><li>Analista de Sistemas (01)<\/li><li>Arquiteto (01)<\/li><li>Arquivista (CR)<\/li><li>Assistente Social (CR)<\/li><li>Bibliotec\u00e1rio (CR)<\/li><li>Comunic\u00f3logo (CR)<\/li><li>Contador (03)<\/li><li>Designer Editorial e Gr\u00e1fico (01)<\/li><li>Economista (CR)<\/li><li>Engenheiro Civil (03)<\/li><li>Engenheiro Eletricista (02)<\/li><li>Engenheiro Florestal (CR)<\/li><li>Estat\u00edstico (CR)<\/li><li>M\u00e9dico (CR)<\/li><li>Pedagogo (01)<\/li><li>Psic\u00f3logo (CR)<\/li><li>Webdesigner (CR)<\/li><\/ul><\/li><\/ul>\n\n\n\n<p>Os candidatos ficar\u00e3o sujeitos \u00e0 carga hor\u00e1ria de 6 ou 8 horas di\u00e1rias.<\/p>\n\n\n\n<p>Clique <a href=\"https:\/\/www.editorasolucao.com.br\/blog\/concursos-abertos-am\">aqui<\/a> e confira quais s\u00e3o os concursos abertos no estado do Amazonas.<\/p>\n\n\n\n<h2 class=\"wp-block-heading\" id=\"requisitos\"><span class=\"ez-toc-section\" id=\"Quais_sao_os_requisitos_para_participar_do_concurso_Ministerio_Publico_AM\"><\/span>Quais s\u00e3o os requisitos para participar do concurso Minist\u00e9rio P\u00fablico AM?<span class=\"ez-toc-section-end\"><\/span><\/h2>\n\n\n\n<p>Confira quais s\u00e3o as <strong>exig\u00eancias <\/strong>do concurso Minist\u00e9rio P\u00fablico AM para que o candidato tome posse do cargo pretendido:<\/p>\n\n\n\n<ul><li>Ser brasileiro nato ou naturalizado ou portugu\u00eas em condi\u00e7\u00e3o de igualdade de direitos com os brasileiros, na forma do artigo 12, \u00a7 1\u00ba, da Constitui\u00e7\u00e3o Federal;<\/li><li><strong>Ter idade m\u00ednima de 18 anos;<\/strong><\/li><li>Gozar dos direitos pol\u00edticos;<\/li><li>Estar em dia com as obriga\u00e7\u00f5es eleitorais;<\/li><li>Estar em dia com os deveres do Servi\u00e7o Militar, para os candidatos do sexo masculino;<\/li><li>Apresentar certid\u00f5es de antecedentes criminais da Justi\u00e7a Federal, Eleitoral, Militar (estadual e federal) e da Justi\u00e7a Estadual;<\/li><li>Possuir os documentos comprobat\u00f3rios da escolaridade e pr\u00e9-requisitos constantes do Cap\u00edtulo 2 e os documentos constantes do item 12.5 do Cap\u00edtulo 12 deste Edital;<\/li><li><strong>Ter aptid\u00e3o f\u00edsica e mental para o exerc\u00edcio das atribui\u00e7\u00f5es do Cargo\/Especialidade<\/strong>.<\/li><\/ul>\n\n\n\n<h2 class=\"wp-block-heading\" id=\"etapas\"><span class=\"ez-toc-section\" id=\"Como_serao_as_provas_do_concurso_Ministerio_Publico_AM\"><\/span>Como ser\u00e3o as provas do concurso Minist\u00e9rio P\u00fablico AM?<span class=\"ez-toc-section-end\"><\/span><\/h2>\n\n\n\n<p>Os candidatos ser\u00e3o avaliados por meio de uma \u00fanica etapa de sele\u00e7\u00e3o, a <strong>Prova Objetiva<\/strong>, de car\u00e1ter <em>eliminat\u00f3rio <\/em>e <em>classificat\u00f3rio<\/em>, que dever\u00e1 ser realizada no dia <strong>03 de mar\u00e7o de 2024<\/strong>, na cidade de Manaus, sendo o turno manh\u00e3 destinado aos cargos de n\u00edvel m\u00e9dio e o turno tarde, aos cargos de n\u00edvel superior.<\/p>\n\n\n\n<p>A prova ter\u00e1 dura\u00e7\u00e3o m\u00e1xima de 04 horas e ser\u00e1 composta por <strong>80 quest\u00f5es de m\u00faltipla escolha<\/strong> que ser\u00e3o versadas nas seguintes disciplinas:<\/p>\n\n\n\n<p><strong>N\u00edvel m\u00e9dio<\/strong><\/p>\n\n\n\n<p>Apoio Administrativo:<\/p>\n\n\n\n<ul><li>Conhecimentos B\u00e1sicos: 40 quest\u00f5es;<ul><li>L\u00edngua Portuguesa<\/li><li>Reda\u00e7\u00e3o Oficial<\/li><li>Conhecimentos Jur\u00eddicos Institucionais<\/li><li>\u00c9tica no Servi\u00e7o P\u00fablico<\/li><\/ul><\/li><li>Conhecimentos Espec\u00edficos: 40 quest\u00f5es;<ul><li>No\u00e7\u00f5es de Direito Administrativo<\/li><li>No\u00e7\u00f5es de Direito Constitucional<\/li><li>No\u00e7\u00f5es de Administra\u00e7\u00e3o P\u00fablica<\/li><\/ul><\/li><\/ul>\n\n\n\n<p>Manuten\u00e7\u00e3o e Suporte em Inform\u00e1tica:<\/p>\n\n\n\n<ul><li>Conhecimentos B\u00e1sicos: 40 quest\u00f5es;<ul><li>L\u00edngua Portuguesa<\/li><li>Conhecimentos Jur\u00eddicos Institucionais<\/li><li>\u00c9tica no Servi\u00e7o P\u00fablico<\/li><\/ul><\/li><li>Conhecimentos Espec\u00edficos: 40 quest\u00f5es;<\/li><\/ul>\n\n\n\n<p>Programador:<\/p>\n\n\n\n<ul><li>Conhecimentos B\u00e1sicos: 40 quest\u00f5es;<ul><li>L\u00edngua Portuguesa<\/li><li>Conhecimentos Jur\u00eddicos Institucionais<\/li><li>\u00c9tica no Servi\u00e7o P\u00fablico<\/li><\/ul><\/li><li>Conhecimentos Espec\u00edficos: 40 quest\u00f5es;<\/li><\/ul>\n\n\n\n<p>T\u00e9cnico em Telecomunica\u00e7\u00e3o<\/p>\n\n\n\n<ul><li>Conhecimentos B\u00e1sicos: 40 quest\u00f5es;<ul><li>L\u00edngua Portuguesa<\/li><li>Conhecimentos Jur\u00eddicos Institucionais<\/li><li>\u00c9tica no Servi\u00e7o P\u00fablico<\/li><\/ul><\/li><li>Conhecimentos Espec\u00edficos: 40 quest\u00f5es;<\/li><\/ul>\n\n\n\n<p><strong>N\u00edvel superior<\/strong><\/p>\n\n\n\n<ul><li>Conhecimentos B\u00e1sicos:\u00a040 quest\u00f5es;<ul><li>L\u00edngua Portuguesa;<\/li><li>Conhecimentos Jur\u00eddicos Institucionais;<\/li><li>\u00c9tica no Servi\u00e7o P\u00fablico;<\/li><\/ul><\/li><li>Conhecimentos Espec\u00edficos:\u00a040 quest\u00f5es.<\/li><\/ul>\n\n\n\n<p>Na avalia\u00e7\u00e3o de cada prova ser\u00e1 utilizado o escore padronizado, com m\u00e9dia igual a 50 e desvio padr\u00e3o igual a 10.<\/p>\n\n\n\n<p>O Concurso P\u00fablico ter\u00e1 <strong>validade <\/strong>de 02 anos, a contar da data da publica\u00e7\u00e3o da homologa\u00e7\u00e3o do resultado final, podendo ser prorrogado por igual per\u00edodo, a crit\u00e9rio do Minist\u00e9rio P\u00fablico do Estado do Amazonas.<\/p>\n\n\n\n<p><strong>Bons estudos e boa prova!!!<\/strong><\/p>\n","protected":false},"excerpt":{"rendered":"<p>O concurso Minist\u00e9rio P\u00fablico do Amazonas tem o edital publicado com a oferta de 35 vagas imediatas mais oportunidades para forma\u00e7\u00e3o de cadastro reserva para cargos de n\u00edveis m\u00e9dio e superior de escolaridade, com sal\u00e1rio de at\u00e9 R$ 11.569,64! Ficou interessado(a)? Confira os demais detalhes no decorrer da not\u00edcia. \ud83e\udd29 Inscri\u00e7\u00f5es Cargos, vagas e sal\u00e1rios Requisitos Etapas de sele\u00e7\u00e3o Como ser\u00e3o as inscri\u00e7\u00f5es do concurso Minist\u00e9rio P\u00fablico AM? Os interessados em participar do certame poder\u00e3o realizar as inscri\u00e7\u00f5es a partir do dia 13 de dezembro de 2023 at\u00e9 o dia 16 de janeiro de 2024, atrav\u00e9s do site da banca&#8230;<\/p>\n","protected":false},"author":18,"featured_media":38493,"template":"","meta":{"_acf_changed":false,"rank_math_lock_modified_date":false},"categories":[],"tags":[],"acf":[],"_links":{"self":[{"href":"https:\/\/www.editorasolucao.com.br\/blog\/wp-json\/wp\/v2\/concurso\/38491"}],"collection":[{"href":"https:\/\/www.editorasolucao.com.br\/blog\/wp-json\/wp\/v2\/concurso"}],"about":[{"href":"https:\/\/www.editorasolucao.com.br\/blog\/wp-json\/wp\/v2\/types\/concurso"}],"author":[{"embeddable":true,"href":"https:\/\/www.editorasolucao.com.br\/blog\/wp-json\/wp\/v2\/users\/18"}],"wp:featuredmedia":[{"embeddable":true,"href":"https:\/\/www.editorasolucao.com.br\/blog\/wp-json\/wp\/v2\/media\/38493"}],"wp:attachment":[{"href":"https:\/\/www.editorasolucao.com.br\/blog\/wp-json\/wp\/v2\/media?parent=38491"}],"wp:term":[{"taxonomy":"category","embeddable":true,"href":"https:\/\/www.editorasolucao.com.br\/blog\/wp-json\/wp\/v2\/categories?post=38491"},{"taxonomy":"post_tag","embeddable":true,"href":"https:\/\/www.editorasolucao.com.br\/blog\/wp-json\/wp\/v2\/tags?post=38491"}],"curies":[{"name":"wp","href":"https:\/\/api.w.org\/{rel}","templated":true}]}}