{"id":38587,"date":"2023-12-15T10:00:00","date_gmt":"2023-12-15T13:00:00","guid":{"rendered":"https:\/\/www.editorasolucao.com.br\/blog\/?post_type=concurso&#038;p=38587"},"modified":"2023-12-15T12:54:38","modified_gmt":"2023-12-15T15:54:38","slug":"fiocruz","status":"publish","type":"concurso","link":"https:\/\/www.editorasolucao.com.br\/blog\/concurso\/fiocruz","title":{"rendered":"Concurso Fiocruz: Sa\u00edram os editais. 300 vagas!"},"content":{"rendered":"\n<p>Aten\u00e7\u00e3o, concurseiros da \u00e1rea da sa\u00fade! Foram publicados editais para o novo concurso Fiocruz (Funda\u00e7\u00e3o Oswaldo Cruz) que ao todo ofertam 300 vagas para cargos de <strong>n\u00edvel superior de escolaridade<\/strong>, com iniciais de R$ 11.376,79! Fique e confira os demais detalhes no decorrer da not\u00edcia. \ud83e\udd29<\/p>\n\n\n\n<ul><li><a href=\"#inscri\u00e7\u00f5es\">Inscri\u00e7\u00f5es<\/a><\/li><li><a href=\"#cargos\">Cargos, vagas e sal\u00e1rios<\/a><\/li><li><a href=\"#requisitos\">Requisitos<\/a><\/li><li><a href=\"#etapas\">Etapas de sele\u00e7\u00e3o<\/a><\/li><\/ul>\n\n\n\n<div id=\"ez-toc-container\" class=\"ez-toc-v2_0_69_1 counter-hierarchy ez-toc-counter ez-toc-grey ez-toc-container-direction\">\n<div class=\"ez-toc-title-container\">\n<p class=\"ez-toc-title \" >Menu de navega&ccedil;&atilde;o<\/p>\n<span class=\"ez-toc-title-toggle\"><a href=\"#\" class=\"ez-toc-pull-right ez-toc-btn ez-toc-btn-xs ez-toc-btn-default ez-toc-toggle\" aria-label=\"Toggle Table of Content\"><span class=\"ez-toc-js-icon-con\"><span class=\"\"><span class=\"eztoc-hide\" style=\"display:none;\">Toggle<\/span><span class=\"ez-toc-icon-toggle-span\"><svg style=\"fill: #999;color:#999\" xmlns=\"http:\/\/www.w3.org\/2000\/svg\" class=\"list-377408\" width=\"20px\" height=\"20px\" viewBox=\"0 0 24 24\" fill=\"none\"><path d=\"M6 6H4v2h2V6zm14 0H8v2h12V6zM4 11h2v2H4v-2zm16 0H8v2h12v-2zM4 16h2v2H4v-2zm16 0H8v2h12v-2z\" fill=\"currentColor\"><\/path><\/svg><svg style=\"fill: #999;color:#999\" class=\"arrow-unsorted-368013\" xmlns=\"http:\/\/www.w3.org\/2000\/svg\" width=\"10px\" height=\"10px\" viewBox=\"0 0 24 24\" version=\"1.2\" baseProfile=\"tiny\"><path d=\"M18.2 9.3l-6.2-6.3-6.2 6.3c-.2.2-.3.4-.3.7s.1.5.3.7c.2.2.4.3.7.3h11c.3 0 .5-.1.7-.3.2-.2.3-.5.3-.7s-.1-.5-.3-.7zM5.8 14.7l6.2 6.3 6.2-6.3c.2-.2.3-.5.3-.7s-.1-.5-.3-.7c-.2-.2-.4-.3-.7-.3h-11c-.3 0-.5.1-.7.3-.2.2-.3.5-.3.7s.1.5.3.7z\"\/><\/svg><\/span><\/span><\/span><\/a><\/span><\/div>\n<nav><ul class='ez-toc-list ez-toc-list-level-1 ' ><li class='ez-toc-page-1 ez-toc-heading-level-2'><a class=\"ez-toc-link ez-toc-heading-1\" href=\"https:\/\/www.editorasolucao.com.br\/blog\/concurso\/fiocruz\/#Como_serao_as_inscricoes_do_concurso_Fiocruz\" title=\"Como ser\u00e3o as inscri\u00e7\u00f5es do concurso Fiocruz?\">Como ser\u00e3o as inscri\u00e7\u00f5es do concurso Fiocruz?<\/a><\/li><li class='ez-toc-page-1 ez-toc-heading-level-2'><a class=\"ez-toc-link ez-toc-heading-2\" href=\"https:\/\/www.editorasolucao.com.br\/blog\/concurso\/fiocruz\/#Concurso_Fiocruz_Cargos_vagas_e_salarios\" title=\"Concurso Fiocruz: Cargos, vagas e sal\u00e1rios\">Concurso Fiocruz: Cargos, vagas e sal\u00e1rios<\/a><\/li><li class='ez-toc-page-1 ez-toc-heading-level-2'><a class=\"ez-toc-link ez-toc-heading-3\" href=\"https:\/\/www.editorasolucao.com.br\/blog\/concurso\/fiocruz\/#Quais_sao_os_requisitos_para_a_investidura_no_concurso_Fiocruz\" title=\"Quais s\u00e3o os requisitos para a investidura no concurso Fiocruz?\">Quais s\u00e3o os requisitos para a investidura no concurso Fiocruz?<\/a><\/li><li class='ez-toc-page-1 ez-toc-heading-level-2'><a class=\"ez-toc-link ez-toc-heading-4\" href=\"https:\/\/www.editorasolucao.com.br\/blog\/concurso\/fiocruz\/#Quais_serao_as_etapas_de_selecao_do_concurso_Fiocruz\" title=\"Quais ser\u00e3o as etapas de sele\u00e7\u00e3o do concurso Fiocruz?\">Quais ser\u00e3o as etapas de sele\u00e7\u00e3o do concurso Fiocruz?<\/a><\/li><\/ul><\/nav><\/div>\n<h2 class=\"wp-block-heading\" id=\"inscri\u00e7\u00f5es\"><span class=\"ez-toc-section\" id=\"Como_serao_as_inscricoes_do_concurso_Fiocruz\"><\/span>Como ser\u00e3o as inscri\u00e7\u00f5es do concurso Fiocruz?<span class=\"ez-toc-section-end\"><\/span><\/h2>\n\n\n\n<p>Os interessados em participar do certame poder\u00e3o realizar as inscri\u00e7\u00f5es a partir das <strong> 10h do dia 22 de janeiro de 2024 at\u00e9 \u00e0s 23h59 do dia 05 de mar\u00e7o de 2024<\/strong>, exclusivamente atrav\u00e9s do\u00a0<a href=\"https:\/\/concurso2023.fiotec.fiocruz.br\/\" target=\"_blank\" rel=\"noreferrer noopener\">site<\/a>\u00a0da pr\u00f3pria Fiocruz.<\/p>\n\n\n\n<p>Para homologar a inscri\u00e7\u00e3o, o interessado dever\u00e1 realizar o pagamento de uma\u00a0<strong>taxa de inscri\u00e7\u00e3<\/strong>o nos seguintes\u00a0<strong>valores<\/strong>:<\/p>\n\n\n\n<ul><li>Analista e Tecnologista: R$ 150,00<\/li><li>Pesquisador: R$ 200,00<\/li><\/ul>\n\n\n\n<p>Al\u00e9m disso, haver\u00e1 a possibilidade de solicitar a <strong>isen\u00e7\u00e3o <\/strong>da taxa de participa\u00e7\u00e3o <strong>entre os dias 22 e 24 de janeiro de 2024<\/strong>, para o candidato que:<\/p>\n\n\n\n<ul><li>Perten\u00e7a \u00e0 fam\u00edlia inscrita no Cadastro \u00danico para Programas Sociais (Cad\u00danico) do Governo Federal, cuja renda familiar mensal per capita seja inferior ou igual a meio sal\u00e1rio-m\u00ednimo nacional; ou<\/li><li>For doador de medula \u00f3ssea em entidades reconhecidas pelo Minist\u00e9rio da Sa\u00fade.<\/li><\/ul>\n\n\n\n<h2 class=\"wp-block-heading\" id=\"cargos\"><span class=\"ez-toc-section\" id=\"Concurso_Fiocruz_Cargos_vagas_e_salarios\"><\/span>Concurso Fiocruz: Cargos, vagas e sal\u00e1rios<span class=\"ez-toc-section-end\"><\/span><\/h2>\n\n\n\n<p>Conforme os editais, ao todo est\u00e3o sendo ofertadas <strong>300 vagas imediatas <\/strong>para cargos de n\u00edvel superior de escolaridade. Confira os cargos e as especialidades ofertadas, a distribui\u00e7\u00e3o das vagas e os sal\u00e1rios:<\/p>\n\n\n\n<h3 class=\"wp-block-heading\">Analista de Gest\u00e3o em Sa\u00fade (100 vagas)<\/h3>\n\n\n\n<ul><li><strong>Amazonas<\/strong><ul><li><a href=\"https:\/\/www.editorasolucao.com.br\/apostila\/fiocruz-gestao-compras-licitacoes-uf-rj-analista-gestao-saude\">Gest\u00e3o de Compras\/Licita\u00e7\u00f5es<\/a> (01)<\/li><li>Gest\u00e3o do Ensino (01)<\/li><li>Gest\u00e3o de Pessoas (01)<\/li><\/ul><\/li><\/ul>\n\n\n\n<ul><li><strong>Bahia<\/strong><ul><li>Gest\u00e3o de Compras\/Licita\u00e7\u00f5es (01)<\/li><li>Gest\u00e3o de Contratos e Conv\u00eanios (01)<\/li><li>Gest\u00e3o de Materiais\/Patrim\u00f4nio (01)<\/li><li>Planejamento, Or\u00e7amento e Coopera\u00e7\u00e3o (01)<\/li><\/ul><\/li><\/ul>\n\n\n\n<ul><li><strong>Cear\u00e1<\/strong><ul><li>Gest\u00e3o Cont\u00e1bil e Financeira (01)<\/li><li>Gest\u00e3o de Compras\/Licita\u00e7\u00f5es (01)<\/li><\/ul><\/li><\/ul>\n\n\n\n<ul><li><strong>Distrito Federal<\/strong><ul><li>Analista de Gest\u00e3o em Infraestrutura 1 (01)<\/li><li>Gest\u00e3o do Ensino (01)<\/li><\/ul><\/li><\/ul>\n\n\n\n<ul><li><strong>Minas Gerais<\/strong><ul><li>Gest\u00e3o de Compras\/Licita\u00e7\u00f5es (01)<\/li><li>Gest\u00e3o do Ensino (01)<\/li><li><a href=\"https:\/\/www.editorasolucao.com.br\/apostila\/fiocruz-gestao-pessoas-uf-rj-analista-gestao-saude\">Gest\u00e3o de Pessoas<\/a> (01)<\/li><li>Gest\u00e3o de Projetos (01)<\/li><\/ul><\/li><\/ul>\n\n\n\n<ul><li><strong>Mato Grosso do Sul<\/strong><ul><li>Gest\u00e3o da Inova\u00e7\u00e3o e Prospec\u00e7\u00e3o Tecnol\u00f3gica (01)<\/li><\/ul><\/li><\/ul>\n\n\n\n<ul><li><strong>Paran\u00e1<\/strong><ul><li>Gest\u00e3o de Compras\/Licita\u00e7\u00f5es (01)<\/li><li>&nbsp;Gest\u00e3o de Contratos e Conv\u00eanios (01)<\/li><\/ul><\/li><\/ul>\n\n\n\n<ul><li><strong>Pernambuco<\/strong><ul><li>Gest\u00e3o Cont\u00e1bil e Financeira (01)<\/li><li>Gest\u00e3o de Compras\/Licita\u00e7\u00f5es (01)<\/li><li>Gest\u00e3o de Pessoas (01)<\/li><\/ul><\/li><\/ul>\n\n\n\n<ul><li><strong>Rio de Janeiro<\/strong><ul><li>Gest\u00e3o de Compras\/Licita\u00e7\u00f5es (14)<\/li><li>Gest\u00e3o de Pessoas\u00a0(14)<\/li><li>Gest\u00e3o Cont\u00e1bil e Financeira (09)<\/li><li>Gest\u00e3o de Contratos e Conv\u00eanios\u00a0(09)<\/li><li>Gest\u00e3o em Infraestrutura 1 (06)<\/li><li>Analista de Sistema de Integridade (06)<\/li><li>Analista de Tecnologia da Informa\u00e7\u00e3o (05)<\/li><li>Gest\u00e3o do Ensino (03)<\/li><li>Gest\u00e3o de Projetos (03)<\/li><li>Planejamento, Or\u00e7amento e Coopera\u00e7\u00e3o (02)<\/li><li>Gest\u00e3o de Produtos e Mercados (02)<\/li><li>Analista de Gest\u00e3o em Infraestrutura (01)<\/li><li>Com\u00e9rcio Exterior (01)<\/li><li>Gest\u00e3o da Inova\u00e7\u00e3o (01)<\/li><li>Gest\u00e3o da Inova\u00e7\u00e3o com \u00eanfase na Transfer\u00eancia de Tecnologia (01)<\/li><\/ul><\/li><\/ul>\n\n\n\n<ul><li><strong>&nbsp;Rond\u00f4nia<\/strong><ul><li>Gest\u00e3o de Contratos e Conv\u00eanios (01)<\/li><li>Analista de Tecnologia da Informa\u00e7\u00e3o (01)<\/li><\/ul><\/li><\/ul>\n\n\n\n<p>A\u00a0remunera\u00e7\u00e3o\u00a0do cargo de Analista de Gest\u00e3o em Sa\u00fade \u00e9 nos seguintes valores:<\/p>\n\n\n\n<ul><li>Inicial: R$ 5.735,29<\/li><li>Final: R$ 12.233,70<\/li><\/ul>\n\n\n\n<h3 class=\"wp-block-heading\">Tecnologista em Sa\u00fade P\u00fablica (100 vagas)<\/h3>\n\n\n\n<ul><li><strong>Amazonas<\/strong><ul><li>Diagn\u00f3stico, epidemiologia molecular e evolu\u00e7\u00e3o de v\u00edrus emergentes e reemergentes (01)<\/li><li>Imunologia Aplicada ao Suporte de Pesquisas em Doen\u00e7as Parasit\u00e1rias e Infecciosas da Amaz\u00f4nia (01)<\/li><li>Pesquisa Cl\u00ednica em Ensaios Cl\u00ednicos em Doen\u00e7as Infecciosas e Parasit\u00e1rias (01)<\/li><\/ul><\/li><\/ul>\n\n\n\n<ul><li><strong>Bahia<\/strong><ul><li>Citometria de fluxo (01)<\/li><li>Vigil\u00e2ncia Molecular e Sequenciamento de Nova Gera\u00e7\u00e3o com foco em Gen\u00f4mica e Transcript\u00f4mica (01)<\/li><li><a href=\"https:\/\/www.editorasolucao.com.br\/apostila\/fiocruz-saude-trabalhador-uf-ba-tecnologista-saude-publica-unidade-igm\">Sa\u00fade do trabalhador<\/a> (01)<\/li><li>Arquitetura com \u00canfase em Seguran\u00e7a do Trabalho (01)<\/li><\/ul><\/li><\/ul>\n\n\n\n<ul><li><strong>Minas Gerais<\/strong><ul><li>Engenharia Civil (01)<\/li><li>Ci\u00eancia de dados em sa\u00fade (01)<\/li><li>Tecnologias aplicadas \u00e0 Pesquisa em Sa\u00fade e Processos Biotecnol\u00f3gicos (01)<\/li><\/ul><\/li><\/ul>\n\n\n\n<ul><li><strong>Paran\u00e1<\/strong><ul><li>Biologia Estrutural (01)<\/li><\/ul><\/li><\/ul>\n\n\n\n<ul><li><strong>Pernambuco<\/strong><ul><li>Fiscaliza\u00e7\u00e3o, planejamento e gest\u00e3o em engenharia de manuten\u00e7\u00e3o de sistemas de climatiza\u00e7\u00e3o (01)<\/li><li>Tecnologia da informa\u00e7\u00e3o e comunica\u00e7\u00e3o (TIC) com foco em an\u00e1lise e desenvolvimento de sistema (01)<\/li><li>Bioinform\u00e1tica (01)<\/li><li>Plataforma tecnol\u00f3gica de caracteriza\u00e7\u00e3o de prote\u00ednas e citometria de fluxo (01)<\/li><\/ul><\/li><\/ul>\n\n\n\n<ul><li><strong>Rio de Janeiro<\/strong><ul><li>Engenharia de Infraestrutura Farmac\u00eautica (01)<\/li><li>Engenharia Industrial em HVAC (01)<\/li><li>Engenharia de Manuten\u00e7\u00e3o Industrial (01)<\/li><li>Engenharia de Automa\u00e7\u00e3o Industrial (01)<\/li><li>Sistema da Qualidade (01)<\/li><li>Auditorias em Sistemas de Gest\u00e3o da Qualidade (01)<\/li><li>Processos Ass\u00e9pticos (01)<\/li><li>Produ\u00e7\u00e3o de IFAs Bacterianas (01)<\/li><li>Imunodiagn\u00f3stico (01)<\/li><li>Diagn\u00f3stico Molecular (01)<\/li><li>Divulga\u00e7\u00e3o cient\u00edfica em museus (01)<\/li><li>Conserva\u00e7\u00e3o e restaura\u00e7\u00e3o de bens culturais im\u00f3veis (01)<\/li><li><a href=\"https:\/\/www.editorasolucao.com.br\/apostila\/fiocruz-arquivologia-uf-rj-tecnologista-saude-publica-unidade-coc\">Arquivologia<\/a> (02)<\/li><li>Processamento, Gest\u00e3o e Dissemina\u00e7\u00e3o da Informa\u00e7\u00e3o (01)<\/li><li>Comunica\u00e7\u00e3o e Sa\u00fade (01)<\/li><li>Tecnologia da informa\u00e7\u00e3o e comunica\u00e7\u00e3o (TIC) com foco em seguran\u00e7a da informa\u00e7\u00e3o (04)<\/li><li>Tecnologista em Infraestrutura: Engenharia de Manuten\u00e7\u00e3o de Sistemas de Climatiza\u00e7\u00e3o (01)<\/li><li>Tecnologista em Infraestrutura: obras e servi\u00e7os de engenharia (02)<\/li><li>Tecnologista em Infraestrutura: Engenharia de Manuten\u00e7\u00e3o Predial e Utilidades (02)<\/li><li>Infectologia (01)<\/li><li><a href=\"https:\/\/www.editorasolucao.com.br\/apostila\/fiocruz-gestao-politicas-pub-saude-tecnologista-saude-publica-unidade-ensp\">Gest\u00e3o de Pol\u00edticas P\u00fablicas em Sa\u00fade<\/a> (01)<\/li><li>Farmac\u00eautico assistencial com \u00eanfase no cuidado da tuberculose drogarresistente e log\u00edstica farmac\u00eautica (01)<\/li><li>Reportagem, Reda\u00e7\u00e3o e Edi\u00e7\u00e3o em Jornalismo Impresso e Digital (01)<\/li><li>Gest\u00e3o Educacional em Sa\u00fade (01)<\/li><li>Educa\u00e7\u00e3o profissional de n\u00edvel m\u00e9dio na \u00e1rea de pol\u00edtica, planejamento e gest\u00e3o em sa\u00fade (01)<\/li><li>Educa\u00e7\u00e3o profissional de n\u00edvel m\u00e9dio na \u00e1rea de radiologia m\u00e9dica (01)<\/li><li>Educa\u00e7\u00e3o profissional de n\u00edvel m\u00e9dio em vigil\u00e2ncia em sa\u00fade (01)<\/li><li>Educa\u00e7\u00e3o profissional de n\u00edvel m\u00e9dio com \u00eanfase em Prontu\u00e1rio Eletr\u00f4nico em Sa\u00fade e Registro Eletr\u00f4nico em Sa\u00fade na interface com Sa\u00fade Digital (01)<\/li><li>Educa\u00e7\u00e3o profissional de n\u00edvel m\u00e9dio em t\u00e9cnicas laboratoriais em sa\u00fade (02)<\/li><li>Farm\u00e1cia \u2013 Gest\u00e3o de produ\u00e7\u00e3o na ind\u00fastria farmac\u00eautica (01)<\/li><li>Desenvolvimento de m\u00e9todos anal\u00edticos para farmacocin\u00e9tica (01)<\/li><li>Engenharia Civil (01)<\/li><li>Garantia da qualidade (01)<\/li><li>Controle de Qualidade de insumos e medicamentos (01)<\/li><li>Tecnologista em desenvolvimento de medicamentos (01)<\/li><li>Tecnologista em desenvolvimento anal\u00edtico e de embalagem (01)<\/li><li>Tecnologia da informa\u00e7\u00e3o e comunica\u00e7\u00e3o (TIC) com foco em gerenciamento de infraestrutura de TIC (01)<\/li><li>Assist\u00eancia Farmac\u00eautica (01)<\/li><li>Engenharia \u2013 Gest\u00e3o de manuten\u00e7\u00e3o na ind\u00fastria farmac\u00eautica (01)<\/li><li>Cientista de Dados em Sa\u00fade (01)<\/li><li>Processamento, gest\u00e3o e dissemina\u00e7\u00e3o de informa\u00e7\u00e3o bibliogr\u00e1fica em sa\u00fade (02)<\/li><li>Jornalista Web (02)<\/li><li>Manejo e produ\u00e7\u00e3o de roedores e lagomorfos (01)<\/li><li>Tecnologia da informa\u00e7\u00e3o e comunica\u00e7\u00e3o (TIC) com foco em an\u00e1lise e desenvolvimento de sistemas (01)<\/li><li>Controle sanit\u00e1rio e gen\u00e9tico de Animais de Laborat\u00f3rio (01)<\/li><li>Cl\u00ednica, cirurgia, cria\u00e7\u00e3o e experimenta\u00e7\u00e3o de primatas n\u00e3o humanos (01)<\/li><li>Sa\u00fade Animal no contexto da Sa\u00fade \u00danica (01)<\/li><li>Enfermagem \u2013 Terapia intensiva neonatal e pedi\u00e1trica (03)<\/li><li>Fonoaudiologia hospitalar neonatal e pedi\u00e1trica (01)<\/li><li>Terapia ocupacional hospitalar neonatal e pedi\u00e1trica (01)<\/li><li>Neurocirurgia pedi\u00e1trica (01)<\/li><li>Psiquiatria hospitalar (01)<\/li><li>Patologia ginecol\u00f3gica e fetoplacent\u00e1ria (01)<\/li><li>Aten\u00e7\u00e3o domiciliar pedi\u00e1trica (01)<\/li><li>Controle de Qualidade toxicol\u00f3gico (01)<\/li><li>Controle de Qualidade de produtos: fundamentos metodol\u00f3gicos (01)<\/li><li>Controle da Qualidade Vacinas Bacterianas e Soros Hiperimunes (01)<\/li><li>Controle de Qualidade de Vacinas Virais e Cultura de C\u00e9lulas (01)<\/li><li>Controle Microbiol\u00f3gico de Produtos sujeitos \u00e0 Vigil\u00e2ncia Sanit\u00e1ria (01)<\/li><li>Gest\u00e3o de Equipamentos e Metrologia F\u00edsica, Qu\u00edmica e Biol\u00f3gica (01)<\/li><li>An\u00e1lise, desenvolvimento e valida\u00e7\u00e3o de metodologias para o controle f\u00edsico-qu\u00edmico de produtos sujeitos \u00e0 vigil\u00e2ncia sanit\u00e1ria (01)<\/li><li>Vigil\u00e2ncia em Sa\u00fade (01)<\/li><li><a href=\"https:\/\/www.editorasolucao.com.br\/apostila\/fiocruz-servico-social-uf-rj-tecnologista-saude-pub-unidade-ini\">Servi\u00e7o Social<\/a> (01)<\/li><li>Bacteriologia e Biologia Molecular de Micobact\u00e9rias (01)<\/li><li>Psicologia (01)<\/li><li>Taxonomia e sistem\u00e1tica de insetos vetores, com \u00eanfase em simul\u00eddeos, ceraptopogon\u00eddeos e triatom\u00edneos e curadoria de cole\u00e7\u00f5es entomol\u00f3gicas (01)<\/li><li>Taxonomia e sistem\u00e1tica de microorganismos (02)<\/li><li>Engenharia de Seguran\u00e7a do Trabalho (02)<\/li><li>M\u00e9dico do Trabalho (01)<\/li><\/ul><\/li><\/ul>\n\n\n\n<p>As remunera\u00e7\u00f5es para o cargo de Tecnologista em Sa\u00fade P\u00fablica s\u00e3o as seguintes:<\/p>\n\n\n\n<ul><li>Inicial: R$ 5.735,29<\/li><li>Final: R$ 12.233,70<\/li><\/ul>\n\n\n\n<h3 class=\"wp-block-heading\">Pesquisador em Sa\u00fade P\u00fablica (100 vagas)<\/h3>\n\n\n\n<ul><li><strong>Amazonas<\/strong><ul><li>Epidemiologia e Vigil\u00e2ncia em Sa\u00fade P\u00fablica (01)<\/li><li>Sa\u00fade \u00danica na Amaz\u00f4nia (01)<\/li><li>Vigil\u00e2ncia em Sa\u00fade e Ambiente na Amaz\u00f4nia (01)<\/li><li>Planejamento, Financiamento e Modelos de Gest\u00e3o e Aten\u00e7\u00e3o\u202f\u00e0\u202fSa\u00fade (01)<\/li><li>Microbiologia molecular com \u00eanfase em bioinform\u00e1tica (01)<\/li><\/ul><\/li><\/ul>\n\n\n\n<ul><li><strong>Bahia<\/strong><ul><li>Biologia de Sistemas com foco em Gen\u00f4mica e Transcript\u00f4mica de C\u00e9lulas Individuais&nbsp;(01)<\/li><li>Pesquisa Cl\u00ednica (01)<\/li><li>Virologia Evolutiva e Computacional (01)<\/li><li>Ci\u00eancia de Dados em Sa\u00fade (01)<\/li><li>Medicina e Sa\u00fade P\u00fablica de Precis\u00e3o&nbsp;(01)<\/li><\/ul><\/li><\/ul>\n\n\n\n<ul><li><strong>Distrito Federal<\/strong><ul><li>Ci\u00eancias Sociais em Sa\u00fade (01)<\/li><li>Vigil\u00e2ncia em Sa\u00fade (01)<\/li><\/ul><\/li><\/ul>\n\n\n\n<ul><li><strong>Mato Grosso do Sul<\/strong><ul><li>Biodiversidade e Vigil\u00e2ncia Gen\u00f4mica no \u00e2mbito da Sa\u00fade \u00danica (01)<\/li><li>Qu\u00edmica de Produtos Naturais aplicada a regi\u00e3o do Cerrado Pantanal (01)<\/li><\/ul><\/li><\/ul>\n\n\n\n<ul><li><strong>Minas Gerais<\/strong><ul><li>Biotecnologia aplicada a Inova\u00e7\u00f5es Terap\u00eauticas e Imunobiol\u00f3gicos (01)<\/li><li>Virologia com \u00eanfase em doen\u00e7as emergentes e reemergentes (01)<\/li><li>Biologia celular e molecular da intera\u00e7\u00e3o vetor\/pat\u00f3geno\/ hospedeiro (01)<\/li><li>Pol\u00edtica, planejamento e gest\u00e3o de sistemas, programas e servi\u00e7os de sa\u00fade (01)<\/li><li>Epidemiologia (01)<\/li><li>Pesquisa Qualitativa (01)<\/li><\/ul><\/li><\/ul>\n\n\n\n<ul><li><strong>Paran\u00e1<\/strong><ul><li>Espectrometria de Massas Computacional (01)<\/li><li>Micologia Molecular e Celular (01)<\/li><li>Biologia Molecular Aplicada ao Desenvolvimento de Sistemas de Express\u00e3o e Processos de Produ\u00e7\u00e3o de Prote\u00ednas Recombinantes (01)<\/li><li>Engenharia Biom\u00e9dica (01)<\/li><li>Gen\u00e9tica molecular de tripanossomat\u00eddeos patog\u00eanicos (01)<\/li><li>Virologia Cl\u00e1ssica e molecular&nbsp;(01)<\/li><\/ul><\/li><\/ul>\n\n\n\n<ul><li><strong>Pernambuco<\/strong><ul><li>Microbiologia B\u00e1sica e Molecular aplicada a Bact\u00e9rias e Protozo\u00e1rios causadores de Zoonoses (01)<\/li><li>Gen\u00e9tica Molecular Humana (01)<\/li><li>Biologia molecular das doen\u00e7as transmiss\u00edveis (01)<\/li><li>Sa\u00fade Coletiva (01)<\/li><li>Bioecologia, vigil\u00e2ncia e controle de culic\u00eddeos (01)<\/li><\/ul><\/li><\/ul>\n\n\n\n<ul><li><strong>Piau\u00ed<\/strong><ul><li>Biologia e biodiversidade em sa\u00fade com \u00eanfase em vetores e parasitas de doen\u00e7as negligenciadas (01)<\/li><\/ul><\/li><\/ul>\n\n\n\n<ul><li><strong>Rio de Janeiro<\/strong><ul><li>Bioinform\u00e1tica (01)<\/li><li>Terapias avan\u00e7adas (01)<\/li><li>Hist\u00f3ria da Sa\u00fade e Hist\u00f3ria das Ci\u00eancias (04)<\/li><li>Hist\u00f3ria, Mem\u00f3ria e Patrim\u00f4nio Cultural (01)<\/li><li>Avalia\u00e7\u00e3o e Estudos de P\u00fablico em Museus (01)<\/li><li>Hist\u00f3ria, Mem\u00f3ria e Patrim\u00f4nio Cultural (01)<\/li><li>An\u00e1lise de Pol\u00edticas e Sistemas de Sa\u00fade (01)<\/li><li>Microbiologia Ambiental com \u00eanfase em sa\u00fade \u00fanica (01)<\/li><li>Viol\u00eancia e sa\u00fade (01)<\/li><li>Assist\u00eancia Farmac\u00eautica (01)<\/li><li>Direitos Humanos e Sa\u00fade (01)<\/li><li>Epidemiologia (01)<\/li><li>Sa\u00fade do Trabalhador e Ecologia Humana com \u00eanfase em Vigil\u00e2ncia e Promo\u00e7\u00e3o da Sa\u00fade (01)<\/li><li>Pol\u00edtica, planejamento, equidade e Promo\u00e7\u00e3o da Sa\u00fade (01)<\/li><li>Saneamento e Vigil\u00e2ncia em Sa\u00fade Ambiental (01)<\/li><li>Ci\u00eancia, Tecnologia e Inova\u00e7\u00e3o em Sa\u00fade P\u00fablica (01)<\/li><li>Coopera\u00e7\u00e3o em Pol\u00edticas, Sistemas e Gest\u00e3o de Sa\u00fade (01)<\/li><li>Popula\u00e7\u00f5es vulnerabilizadas, grupos \u00e9tnico, pol\u00edticas p\u00fablicas e equidade social (01)<\/li><li>Educa\u00e7\u00e3o profissional de n\u00edvel m\u00e9dio com \u00eanfase em trabalho e educa\u00e7\u00e3o em sa\u00fade (01)<\/li><li>Educa\u00e7\u00e3o profissional de n\u00edvel m\u00e9dio na \u00e1rea de sa\u00fade mental (01)<\/li><li>Educa\u00e7\u00e3o profissional de n\u00edvel m\u00e9dio com \u00eanfase em produ\u00e7\u00e3o e an\u00e1lise de informa\u00e7\u00f5es (01)<\/li><li>Educa\u00e7\u00e3o profissional de n\u00edvel m\u00e9dio na \u00e1rea de pol\u00edticas de cuidado para a pessoa idosa (01)<\/li><li>Inicia\u00e7\u00e3o cient\u00edfica na educa\u00e7\u00e3o b\u00e1sica com \u00eanfase em estudos sobre juventude (01)<\/li><li>Desenvolvimento e valida\u00e7\u00e3o de metodologias alternativas ao uso de animais na pesquisa (01)<\/li><li>Cria\u00e7\u00e3o e desenvolvimento de modelos de peixes para uso cient\u00edfico (01)<\/li><li>Pesquisa Translacional (01)<\/li><li>Pesquisador da \u00c1rea das Ci\u00eancias Humanas e Sociais&nbsp;(01)<\/li><li>Cientista de Dados (01)<\/li><li>Pesquisa Cl\u00ednica na \u00c1rea da Mulher (01)<\/li><li>M\u00e9todos Quantitativos (01)<\/li><li>Epidemiologista Social (01)<\/li><li>Pesquisa Cl\u00ednica em infec\u00e7\u00f5es sexualmente transmiss\u00edveis (01)<\/li><li>Epidemiologia em uso de \u00e1lcool e outras drogas (01)<\/li><li>Pesquisa Cl\u00ednica em Dermatologia em Doen\u00e7as Infecciosas (01)<\/li><li>Bioinform\u00e1tica aplicada a doen\u00e7as infecciosas (01)<\/li><li>Biologia Celular e Molecular de microorganismos (01)<\/li><li>Epidemiologia Cl\u00ednica (01)<\/li><li>Pesquisa Cl\u00ednica em Micobacterioses (01)<\/li><li>An\u00e1lise Estat\u00edstica em Pesquisa Cl\u00ednica (01)<\/li><li>Informa\u00e7\u00e3o Cient\u00edfica e Tecnol\u00f3gica em Sa\u00fade I (01)<\/li><li>Informa\u00e7\u00e3o Cient\u00edfica e Tecnol\u00f3gica em Sa\u00fade II (01)<\/li><li>Produ\u00e7\u00e3o de informa\u00e7\u00f5es por meio de inqu\u00e9ritos de sa\u00fade (dados prim\u00e1rios), amostragem e an\u00e1lise dos dados (01)<\/li><li>An\u00e1lise de informa\u00e7\u00f5es dos sistemas nacionais de sa\u00fade \u2013 dados secund\u00e1rios (01)<\/li><li>Comunica\u00e7\u00e3o e Sa\u00fade (02)<\/li><li>Desenvolvimento de m\u00e9todos para controle de qualidade de produtos inovadores (01)<\/li><li>Desenvolvimento de metodologias de identifica\u00e7\u00e3o e quantifica\u00e7\u00e3o de nano produtos sujeitos \u00e0 vigil\u00e2ncia sanit\u00e1ria (01)<\/li><li>Epidemiologia em Sa\u00fade P\u00fablica&nbsp;(01)<\/li><li>Micologia aplicada a sa\u00fade (01)<\/li><li>Pesquisa Qualitativa (01)<\/li><li>Pesquisa e Desenvolvimento de vacinas como estrat\u00e9gia de controle no combate a doen\u00e7as infecto-parasit\u00e1rias (01)<\/li><li>Mudan\u00e7as clim\u00e1ticas, emerg\u00eancias sanit\u00e1rias e vigil\u00e2ncia em sa\u00fade (01)<\/li><li>Biodiversidade e Sa\u00fade (01)<\/li><li>Bioqu\u00edmica, Biologia Celular e Molecular de Helmintos de Interesses em Sa\u00fade P\u00fablica (01)<\/li><li>Bioqu\u00edmica, Biologia Celular e Molecular de Bact\u00e9rias de Interesse em Sa\u00fade P\u00fablica (02)<\/li><li>Bioqu\u00edmica, Biologia Celular e Biologia Molecular de Parasitos de Interesse na Sa\u00fade P\u00fablica (02)<\/li><li>Doen\u00e7as cr\u00f4nico-degenerativas de interesse em sa\u00fade p\u00fablica (01)<\/li><\/ul><\/li><\/ul>\n\n\n\n<ul><li><strong>Rond\u00f4nia<\/strong><ul><li>Micologia M\u00e9dica (01)<\/li><li>Parasitos e vetores de mal\u00e1ria na Amaz\u00f4nia\u00a0(01)<\/li><\/ul><\/li><\/ul>\n\n\n\n<p>As remunera\u00e7\u00f5es para o cargo de Pesquisador s\u00e3o as seguintes:<\/p>\n\n\n\n<ul><li>Inicial: R$ 11.376,79<\/li><li>Final: R$ 13.686,72<\/li><\/ul>\n\n\n\n<p>A jornada de trabalho para todos os cargos e suas especialidades ofertadas \u00e9 de 40 horas semanais.<\/p>\n\n\n\n<h2 class=\"wp-block-heading\" id=\"requisitos\"><span class=\"ez-toc-section\" id=\"Quais_sao_os_requisitos_para_a_investidura_no_concurso_Fiocruz\"><\/span>Quais s\u00e3o os requisitos para a investidura no concurso Fiocruz?<span class=\"ez-toc-section-end\"><\/span><\/h2>\n\n\n\n<p>Para que o candidato tome posse do cargo pretendido no concurso Fiocruz \u00e9 necess\u00e1rio cumprir as seguintes <strong>exig\u00eancias<\/strong>:<\/p>\n\n\n\n<ul><li>Ter nacionalidade brasileira ou gozar das prerrogativas constantes dos Decretos de n\u00ba 70.391, de 12 de abril de 1972, n\u00ba 70.436, de 18 de abril de 1972 e na Constitui\u00e7\u00e3o da Rep\u00fablica Federativa do Brasil de 1988, artigo 12, par\u00e1grafo 1\u00ba;<\/li><li><strong>Ter, na data da posse, idade m\u00ednima de 18 anos completos;<\/strong><\/li><li>Estar em dia com as obriga\u00e7\u00f5es eleitorais;<\/li><li>Estar em dia com os deveres do Servi\u00e7o Militar, para candidatos do sexo masculino;<\/li><li>Obter aprova\u00e7\u00e3o e classifica\u00e7\u00e3o no certame, dentro do n\u00famero de vagas;<\/li><li>Apresentar declara\u00e7\u00e3o de bens que constituem seu patrim\u00f4nio total, conforme declarado \u00e0 Receita Federal anualmente;<\/li><li>Apresentar declara\u00e7\u00e3o quanto ao exerc\u00edcio ou n\u00e3o de outro cargo, emprego ou fun\u00e7\u00e3o p\u00fablica, em qualquer esfera do governo;<\/li><li><strong>Encontrar-se no pleno gozo dos direitos pol\u00edticos;<\/strong><\/li><li>Estar inscrito no respectivo Conselho de Classe, bem como estar inteiramente quite com as demais exig\u00eancias legais do \u00f3rg\u00e3o fiscalizador do exerc\u00edcio profissional, quando exigido no Perfil;<\/li><li>N\u00e3o estar incompatibilizado para nova investidura em cargo p\u00fablico nos termos da Constitui\u00e7\u00e3o Federal de 1988 e da Lei n\u00ba 8.112\/ 90.<\/li><li>Apresentar declara\u00e7\u00e3o de que n\u00e3o acumula benef\u00edcio de aux\u00edlio alimenta\u00e7\u00e3o, conforme determinado pela Lei 8.460\/1992, art. 22, \u00a7 2\u00ba; Decreto 3.887\/2001, art. 3\u00ba, Par\u00e1grafo \u00danico;<\/li><li>Apresentar declara\u00e7\u00e3o de que n\u00e3o \u00e9 benefici\u00e1rio do seguro-desemprego, de que trata a Lei n\u00ba 7.998\/90, conforme Portaria Normativa n\u00ba 4 de 2013, do MPOG; e<\/li><li>Fornecer comprovante (s) de rendimento(s) (contracheques) recebido(s) de outro(s) ente (s) da Federa\u00e7\u00e3o, conforme Portaria SGP\/SEDGG\/ME N\u00ba 4.975, de 29\/04\/2021.<\/li><\/ul>\n\n\n\n<h2 class=\"wp-block-heading\" id=\"etapas\"><span class=\"ez-toc-section\" id=\"Quais_serao_as_etapas_de_selecao_do_concurso_Fiocruz\"><\/span>Quais ser\u00e3o as etapas de sele\u00e7\u00e3o do concurso Fiocruz?<span class=\"ez-toc-section-end\"><\/span><\/h2>\n\n\n\n<p>O certame Fiocruz ser\u00e1 composto por diferentes etapas entre os cargos, sendo:<\/p>\n\n\n\n<p><strong>Analista de Gest\u00e3o em Sa\u00fade<\/strong><\/p>\n\n\n\n<ul><li>1\u00aa etapa<ul><li>Prova Objetiva &#8211; de car\u00e1ter <em>eliminat\u00f3ria <\/em>e <em>classificat\u00f3ria<\/em>;<ul><li>Prova de Conhecimentos da \u00c1rea de Atua\u00e7\u00e3o;<\/li><li>Prova de Conhecimentos Espec\u00edficos do Perfil.<\/li><\/ul><\/li><\/ul><\/li><li>2\u00aa etapa<ul><li>Prova Discursiva &#8211; de car\u00e1ter <em>eliminat\u00f3ria <\/em>e <em>classificat\u00f3ria<\/em>;<\/li><li>Prova de Conhecimentos na \u00c1rea de Atua\u00e7\u00e3o.<\/li><\/ul><\/li><li>3\u00aa etapa<ul><li>An\u00e1lise de T\u00edtulos &#8211; de car\u00e1ter <em>classificat\u00f3ria<\/em>.<\/li><\/ul><\/li><\/ul>\n\n\n\n<p><strong>Tecnologista em Sa\u00fade P\u00fablica<\/strong><\/p>\n\n\n\n<ul><li>1\u00aa etapa<ul><li>Prova Objetiva &#8211; de car\u00e1ter <em>eliminat\u00f3ria <\/em>e <em>classificat\u00f3ria<\/em>;<\/li><\/ul><\/li><li>2\u00aa etapa<ul><li>Prova Discursiva &#8211; de car\u00e1ter <em>eliminat\u00f3ria <\/em>e <em>classificat\u00f3ria<\/em>.<\/li><\/ul><\/li><li>3\u00aa etapa<ul><li>An\u00e1lise de T\u00edtulos &#8211; de car\u00e1ter <em>classificat\u00f3ria<\/em>;<\/li><\/ul><\/li><li>4\u00aa etapa<ul><li>Prova de Aula &#8211; de car\u00e1ter <em>eliminat\u00f3ria <\/em>e <em>classificat\u00f3ria<\/em>.<\/li><\/ul><\/li><\/ul>\n\n\n\n<p><strong>Pesquisador em Sa\u00fade P\u00fablica<\/strong><\/p>\n\n\n\n<ul><li>1\u00aa etapa<ul><li>Prova Discursiva &#8211; de car\u00e1ter eliminat\u00f3ria e <em>classificat\u00f3ria<\/em>;<\/li><li>Prova de Conhecimentos Espec\u00edficos do Perfil.<\/li><\/ul><\/li><li>2\u00aa etapa<ul><li>An\u00e1lise de T\u00edtulos &#8211; de car\u00e1ter <em>classificat\u00f3ria<\/em>;<\/li><\/ul><\/li><li>3\u00aa etapa<ul><li>Apresenta\u00e7\u00e3o do Projeto de Atua\u00e7\u00e3o Profissional e Defesa de Memorial &#8211; de car\u00e1ter <em>eliminat\u00f3ria <\/em>e <em>classificat\u00f3ria<\/em>.<\/li><\/ul><\/li><\/ul>\n\n\n\n<h3 class=\"wp-block-heading\">Prova Objetiva<\/h3>\n\n\n\n<p>Essa etapa dever\u00e1 ser realizada no dia <strong>28 de abril de 2024<\/strong>, onde os candidatos ter\u00e3o o tempo m\u00e1ximo de 04 horas para realizar o exame.<\/p>\n\n\n\n<p>A avalia\u00e7\u00e3o ser\u00e1 composta por<strong> 40 quest\u00f5es de m\u00faltipla escolha<\/strong> e ter\u00e1 o in\u00edcio \u00e0s 09 horas nas seguintes cidades:<\/p>\n\n\n\n<ul><li>Belo Horizonte;<\/li><li>Bras\u00edlia;<\/li><li>Campo Grande;<\/li><li>Curitiba;<\/li><li>Fortaleza;<\/li><li>Manaus;<\/li><li>Porto Velho;<\/li><li>Recife;<\/li><li>Rio de Janeiro;<\/li><li>Salvador; e<\/li><li>Teresina.<\/li><\/ul>\n\n\n\n<p>Ademais, a <strong>Prova Discursiva<\/strong> para os cargos de Analista e Tecnologista ser\u00e1 composta por uma quest\u00e3o sobre conhecimentos na \u00c1rea de Atua\u00e7\u00e3o e por duas quest\u00f5es para o cargo de Pesquisador.<\/p>\n\n\n\n<ul><li><strong>Confira: <\/strong><a href=\"https:\/\/www.editorasolucao.com.br\/apostila\/fiocruz-vigilancia-em-saude-uf-rj-tecnologista-em-saude-publica-unidade-ini\">Apostila FIOCRUZ: Vigil\u00e2ncia em Sa\u00fade\/UF (RJ) &#8211; Tecnologista em Sa\u00fade P\u00fablica (Unidade: INI)<\/a><\/li><\/ul>\n\n\n\n<p>O prazo de validade do concurso ser\u00e1 de\u00a0<strong>um ano<\/strong>\u00a0a partir da data da homologa\u00e7\u00e3o, prorrog\u00e1vel por igual per\u00edodo, a crit\u00e9rio da Administra\u00e7\u00e3o da Fiocruz.<\/p>\n\n\n\n<p><strong>Bons estudos e boa prova!!!<\/strong><\/p>\n\n\n\n<p><strong>Editais:<\/strong><\/p>\n\n\n\n<p><a href=\"https:\/\/concurso2023.fiotec.fiocruz.br\/Divulgacao\/Edital-Fiocruz-2023-Analista.pdf\" target=\"_blank\" rel=\"noopener\">Edital de Analista de Gest\u00e3o em Sa\u00fade<\/a><\/p>\n\n\n\n<p><a href=\"https:\/\/concurso2023.fiotec.fiocruz.br\/Divulgacao\/Edital-Fiocruz-2023-Pesquisador.pdf\" target=\"_blank\" rel=\"noopener\">Edital de Pesquisador em Sa\u00fade P\u00fablica<\/a><\/p>\n\n\n\n<p><a href=\"https:\/\/concurso2023.fiotec.fiocruz.br\/Divulgacao\/Edital-Fiocruz-2023-Tecnologista.pdf\" target=\"_blank\" rel=\"noopener\">Edital de Tecnologista em Sa\u00fade P\u00fablica<\/a><\/p>\n","protected":false},"excerpt":{"rendered":"<p>Aten\u00e7\u00e3o, concurseiros da \u00e1rea da sa\u00fade! Foram publicados editais para o novo concurso Fiocruz (Funda\u00e7\u00e3o Oswaldo Cruz) que ao todo ofertam 300 vagas para cargos de n\u00edvel superior de escolaridade, com iniciais de R$ 11.376,79! Fique e confira os demais detalhes no decorrer da not\u00edcia. \ud83e\udd29 Inscri\u00e7\u00f5es Cargos, vagas e sal\u00e1rios Requisitos Etapas de sele\u00e7\u00e3o Como ser\u00e3o as inscri\u00e7\u00f5es do concurso Fiocruz? Os interessados em participar do certame poder\u00e3o realizar as inscri\u00e7\u00f5es a partir das 10h do dia 22 de janeiro de 2024 at\u00e9 \u00e0s 23h59 do dia 05 de mar\u00e7o de 2024, exclusivamente atrav\u00e9s do\u00a0site\u00a0da pr\u00f3pria Fiocruz. Para homologar&#8230;<\/p>\n","protected":false},"author":18,"featured_media":38588,"template":"","meta":{"_acf_changed":false,"rank_math_lock_modified_date":false},"categories":[],"tags":[],"acf":[],"_links":{"self":[{"href":"https:\/\/www.editorasolucao.com.br\/blog\/wp-json\/wp\/v2\/concurso\/38587"}],"collection":[{"href":"https:\/\/www.editorasolucao.com.br\/blog\/wp-json\/wp\/v2\/concurso"}],"about":[{"href":"https:\/\/www.editorasolucao.com.br\/blog\/wp-json\/wp\/v2\/types\/concurso"}],"author":[{"embeddable":true,"href":"https:\/\/www.editorasolucao.com.br\/blog\/wp-json\/wp\/v2\/users\/18"}],"wp:featuredmedia":[{"embeddable":true,"href":"https:\/\/www.editorasolucao.com.br\/blog\/wp-json\/wp\/v2\/media\/38588"}],"wp:attachment":[{"href":"https:\/\/www.editorasolucao.com.br\/blog\/wp-json\/wp\/v2\/media?parent=38587"}],"wp:term":[{"taxonomy":"category","embeddable":true,"href":"https:\/\/www.editorasolucao.com.br\/blog\/wp-json\/wp\/v2\/categories?post=38587"},{"taxonomy":"post_tag","embeddable":true,"href":"https:\/\/www.editorasolucao.com.br\/blog\/wp-json\/wp\/v2\/tags?post=38587"}],"curies":[{"name":"wp","href":"https:\/\/api.w.org\/{rel}","templated":true}]}}