{"id":38702,"date":"2023-12-21T10:00:00","date_gmt":"2023-12-21T13:00:00","guid":{"rendered":"https:\/\/www.editorasolucao.com.br\/blog\/?post_type=concurso&#038;p=38702"},"modified":"2023-12-21T12:19:49","modified_gmt":"2023-12-21T15:19:49","slug":"camara-de-mococa-sp","status":"publish","type":"concurso","link":"https:\/\/www.editorasolucao.com.br\/blog\/concurso\/camara-de-mococa-sp","title":{"rendered":"Est\u00e3o abertas as inscri\u00e7\u00f5es do Concurso C\u00e2mara de Mococa SP!"},"content":{"rendered":"\n<p>O concurso C\u00e2mara de Mococa, no estado de S\u00e3o Paulo, est\u00e1 com as inscri\u00e7\u00f5es abertas e oferta vagas para provimento imediato mais oportunidade para forma\u00e7\u00e3o de cadastro reserva para cargos de <strong>n\u00edveis m\u00e9dio e superior de escolaridade<\/strong>, com sal\u00e1rio de at\u00e9 R$ 9.391,75! Fique e confira os demais detalhes no decorrer da not\u00edcia. \ud83d\ude0a<\/p>\n\n\n\n<ul><li><a href=\"#inscri\u00e7\u00f5es\">Inscri\u00e7\u00f5es<\/a><\/li><li><a href=\"#cargos\">Cargos, vagas e sal\u00e1rios<\/a><\/li><li><a href=\"#requisitos\">Requisitos<\/a><\/li><li><a href=\"#etapas\">Etapas de sele\u00e7\u00e3o<\/a><\/li><\/ul>\n\n\n\n<div id=\"ez-toc-container\" class=\"ez-toc-v2_0_69_1 counter-hierarchy ez-toc-counter ez-toc-grey ez-toc-container-direction\">\n<div class=\"ez-toc-title-container\">\n<p class=\"ez-toc-title \" >Menu de navega&ccedil;&atilde;o<\/p>\n<span class=\"ez-toc-title-toggle\"><a href=\"#\" class=\"ez-toc-pull-right ez-toc-btn ez-toc-btn-xs ez-toc-btn-default ez-toc-toggle\" aria-label=\"Toggle Table of Content\"><span class=\"ez-toc-js-icon-con\"><span class=\"\"><span class=\"eztoc-hide\" style=\"display:none;\">Toggle<\/span><span class=\"ez-toc-icon-toggle-span\"><svg style=\"fill: #999;color:#999\" xmlns=\"http:\/\/www.w3.org\/2000\/svg\" class=\"list-377408\" width=\"20px\" height=\"20px\" viewBox=\"0 0 24 24\" fill=\"none\"><path d=\"M6 6H4v2h2V6zm14 0H8v2h12V6zM4 11h2v2H4v-2zm16 0H8v2h12v-2zM4 16h2v2H4v-2zm16 0H8v2h12v-2z\" fill=\"currentColor\"><\/path><\/svg><svg style=\"fill: #999;color:#999\" class=\"arrow-unsorted-368013\" xmlns=\"http:\/\/www.w3.org\/2000\/svg\" width=\"10px\" height=\"10px\" viewBox=\"0 0 24 24\" version=\"1.2\" baseProfile=\"tiny\"><path d=\"M18.2 9.3l-6.2-6.3-6.2 6.3c-.2.2-.3.4-.3.7s.1.5.3.7c.2.2.4.3.7.3h11c.3 0 .5-.1.7-.3.2-.2.3-.5.3-.7s-.1-.5-.3-.7zM5.8 14.7l6.2 6.3 6.2-6.3c.2-.2.3-.5.3-.7s-.1-.5-.3-.7c-.2-.2-.4-.3-.7-.3h-11c-.3 0-.5.1-.7.3-.2.2-.3.5-.3.7s.1.5.3.7z\"\/><\/svg><\/span><\/span><\/span><\/a><\/span><\/div>\n<nav><ul class='ez-toc-list ez-toc-list-level-1 ' ><li class='ez-toc-page-1 ez-toc-heading-level-2'><a class=\"ez-toc-link ez-toc-heading-1\" href=\"https:\/\/www.editorasolucao.com.br\/blog\/concurso\/camara-de-mococa-sp\/#Como_fazer_minha_inscricao_no_concurso_Camara_de_Mococa_SP\" title=\"Como fazer minha inscri\u00e7\u00e3o no concurso C\u00e2mara de Mococa SP?\">Como fazer minha inscri\u00e7\u00e3o no concurso C\u00e2mara de Mococa SP?<\/a><\/li><li class='ez-toc-page-1 ez-toc-heading-level-2'><a class=\"ez-toc-link ez-toc-heading-2\" href=\"https:\/\/www.editorasolucao.com.br\/blog\/concurso\/camara-de-mococa-sp\/#Cargos_vagas_e_salarios_do_concurso_Camara_de_Mococa_%E2%80%93_SP\" title=\"Cargos, vagas e sal\u00e1rios do concurso C\u00e2mara de Mococa &#8211; SP\">Cargos, vagas e sal\u00e1rios do concurso C\u00e2mara de Mococa &#8211; SP<\/a><\/li><li class='ez-toc-page-1 ez-toc-heading-level-2'><a class=\"ez-toc-link ez-toc-heading-3\" href=\"https:\/\/www.editorasolucao.com.br\/blog\/concurso\/camara-de-mococa-sp\/#Quais_sao_os_requisitos_para_a_investidura_no_concurso_Camara_de_Mococa-SP\" title=\"Quais s\u00e3o os requisitos para a investidura no concurso C\u00e2mara de Mococa-SP?\">Quais s\u00e3o os requisitos para a investidura no concurso C\u00e2mara de Mococa-SP?<\/a><\/li><li class='ez-toc-page-1 ez-toc-heading-level-2'><a class=\"ez-toc-link ez-toc-heading-4\" href=\"https:\/\/www.editorasolucao.com.br\/blog\/concurso\/camara-de-mococa-sp\/#Como_serao_as_provas_do_concurso_Camara_de_Mococa-SP\" title=\"Como ser\u00e3o as provas do concurso C\u00e2mara de Mococa-SP?\">Como ser\u00e3o as provas do concurso C\u00e2mara de Mococa-SP?<\/a><\/li><\/ul><\/nav><\/div>\n<h2 class=\"wp-block-heading\" id=\"inscri\u00e7\u00f5es\"><span class=\"ez-toc-section\" id=\"Como_fazer_minha_inscricao_no_concurso_Camara_de_Mococa_SP\"><\/span>Como fazer minha inscri\u00e7\u00e3o no concurso C\u00e2mara de Mococa SP?<span class=\"ez-toc-section-end\"><\/span><\/h2>\n\n\n\n<p>As inscri\u00e7\u00f5es para o certame j\u00e1 podem ser realizadas por meio do site da banca organizadora, <a href=\"https:\/\/institutoindepac.org.br\/Projetos\/projeto-detalhes.aspx?id=T+fFGLJZ3Bg=\" target=\"_blank\" rel=\"noreferrer noopener\">Instituto Indepac<\/a>,<strong>\u00a0at\u00e9 o dia 12 de janeiro de 2024<\/strong>.<\/p>\n\n\n\n<p>Para concluir a inscri\u00e7\u00e3o \u00e9 necess\u00e1rio que o candidato efetue o pagamento de uma <strong>taxa <\/strong>no valor referente ao n\u00edvel de escolaridade do cargo pretendido:<\/p>\n\n\n\n<ul><li>N\u00edvel m\u00e9dio: <strong>R$ 50,00<\/strong><\/li><li>N\u00edvel superior: <strong>R$ 70,00<\/strong><\/li><\/ul>\n\n\n\n<p>Houve a possibilidade de solicitar a <strong>isen\u00e7\u00e3o <\/strong>da taxa de participa\u00e7\u00e3o para os candidatos que se adequassem nos termos do edital. O per\u00edodo de solicita\u00e7\u00e3o j\u00e1 foi <strong>encerrado<\/strong>. <\/p>\n\n\n\n<h2 class=\"wp-block-heading\" id=\"cargos\"><span class=\"ez-toc-section\" id=\"Cargos_vagas_e_salarios_do_concurso_Camara_de_Mococa_%E2%80%93_SP\"><\/span>Cargos, vagas e sal\u00e1rios do concurso C\u00e2mara de Mococa &#8211; SP<span class=\"ez-toc-section-end\"><\/span><\/h2>\n\n\n\n<p>Segundo o edital, ao todo est\u00e3o sendo ofertadas 05 vagas imediatas mais oportunidades para forma\u00e7\u00e3o de cadastro reserva para cargos de <strong>n\u00edveis m\u00e9dio e superior de escolaridade<\/strong>. Confira os cargos ofertados, a distribui\u00e7\u00e3o das vagas e os sal\u00e1rios:<\/p>\n\n\n\n<p><strong>M\u00e9dio<\/strong><\/p>\n\n\n\n<ul><li>Auxiliar de Contabilidade (CR) <ul><li>R$ 3.255,35<\/li><\/ul><\/li><li>Motorista (CR) <ul><li>R$ 3.255,35<\/li><\/ul><\/li><li>Recepcionista (CR) <ul><li>R$ 2.885,07<\/li><\/ul><\/li><li><a href=\"https:\/\/www.editorasolucao.com.br\/apostila\/camara-mococa-sp-tecnico-legislativo?promo_name=concurso&amp;promo_id=https%3A%2F%2Fwww.editorasolucao.com.br%2Fblog&amp;promo_creative=Apostila+C%C3%A2mara+de+Mococa+-+SP+2024+-+T%C3%A9cnico+Legislativo&amp;promo_position=produtos-relacionados\">T\u00e9cnico Legislativo<\/a> (04+CR) <ul><li>R$ 2.960,48<\/li><\/ul><\/li><\/ul>\n\n\n\n<p><strong>Superior<\/strong><\/p>\n\n\n\n<ul><li>Analista Legislativo (01+CR) <ul><li>R$ 6.165,47<\/li><\/ul><\/li><li>Contador (CR) <ul><li>R$ 7.160,89<\/li><\/ul><\/li><li>Procurador Jur\u00eddico (CR) <ul><li>R$ 9.391,75<\/li><\/ul><\/li><\/ul>\n\n\n\n<p>A jornada de trabalho \u00e9 de <strong>40 horas semanais<\/strong> para todos os cargos ofertados.<\/p>\n\n\n\n<h2 class=\"wp-block-heading\" id=\"requisitos\"><span class=\"ez-toc-section\" id=\"Quais_sao_os_requisitos_para_a_investidura_no_concurso_Camara_de_Mococa-SP\"><\/span>Quais s\u00e3o os requisitos para a investidura no concurso C\u00e2mara de Mococa-SP?<span class=\"ez-toc-section-end\"><\/span><\/h2>\n\n\n\n<p>Para que o candidato tome posse do cargo pretendido no C\u00e2mara de Mococa-SP \u00e9 necess\u00e1rio cumprir as seguintes <strong>exig\u00eancias<\/strong>:<\/p>\n\n\n\n<ul><li>Ter nacionalidade brasileira ou portuguesa, amparada pelo Estatuto da Igualdade entre brasileiros e portugueses, conforme disposto nos termos do Par\u00e1grafo 1\u00ba, Artigo 12, da Constitui\u00e7\u00e3o Federal e do Decreto Federal n.\u00ba 70.436\/72;<\/li><li><strong>Ter, na data da posse, idade m\u00ednima de 18 anos completos, exceto para os cargos de Analista Legislativo, Contador, Motorista e Procurador Jur\u00eddico, cuja idade m\u00ednima \u00e9 de 21 anos completos;<\/strong><\/li><li>No caso do sexo masculino, estar em dia com o Servi\u00e7o Militar, nos termos do Decreto n\u00ba 57.654\/66, alterado pelo Decreto n\u00ba 93.670\/86;<\/li><li>Ser eleitor e estar quite com a Justi\u00e7a Eleitoral;<\/li><li>Possuir documenta\u00e7\u00e3o comprobat\u00f3ria, no ato da posse, dos requisitos m\u00ednimos exigidos para o emprego, conforme especificado na Tabela I, do Cap\u00edtulo 1, e a documenta\u00e7\u00e3o comprobat\u00f3ria determinada no item 13.5 do Cap\u00edtulo 13 deste edital;<\/li><li>Ter aptid\u00e3o f\u00edsica e mental e n\u00e3o possuir defici\u00eancia f\u00edsica incompat\u00edvel com o exerc\u00edcio do emprego, comprovada em inspe\u00e7\u00e3o realizada pelo Servi\u00e7o M\u00e9dico indicado pela C\u00e2mara Municipal de Mococa;<\/li><li>N\u00e3o ter sido demitido ou exonerado do Servi\u00e7o P\u00fablico (Federal, Estadual ou Municipal) em consequ\u00eancia de processo administrativo;<\/li><li>N\u00e3o ter sido condenado por crime contra o Patrim\u00f4nio, Administra\u00e7\u00e3o, a F\u00e9 P\u00fablica, contra os Costumes e os previstos na Lei Federal n.\u00ba 11.343, de 23\/08\/2006;<\/li><li>N\u00e3o estar, no ato da posse, incompatibilizado para nova nomea\u00e7\u00e3o em novo emprego p\u00fablico;<\/li><li><strong>N\u00e3o possuir antecedentes criminais;<\/strong><\/li><li>N\u00e3o estar com idade de aposentadoria compuls\u00f3ria;<\/li><li>N\u00e3o receber proventos de aposentadoria ou remunera\u00e7\u00e3o de cargo, emprego ou fun\u00e7\u00e3o p\u00fablica, ressalvados os cargos acumul\u00e1veis previstos na Constitui\u00e7\u00e3o Federal.<\/li><\/ul>\n\n\n\n<h2 class=\"wp-block-heading\" id=\"etapas\"><span class=\"ez-toc-section\" id=\"Como_serao_as_provas_do_concurso_Camara_de_Mococa-SP\"><\/span>Como ser\u00e3o as provas do concurso C\u00e2mara de Mococa-SP?<span class=\"ez-toc-section-end\"><\/span><\/h2>\n\n\n\n<p>O certame ser\u00e1 composto pelas seguintes etapas de sele\u00e7\u00e3o:<\/p>\n\n\n\n<ul><li><strong>Prova Objetiva<\/strong> &#8211; de car\u00e1ter <em>eliminat\u00f3rio <\/em>e <em>classificat\u00f3rio<\/em><\/li><li><strong>Prova Pr\u00e1tica<\/strong> &#8211; de car\u00e1ter <em>eliminat\u00f3rio <\/em>e <em>classificat\u00f3rio<\/em><ul><li>Somente para o cargo de Motorista<\/li><\/ul><\/li><li><strong>Prova Dissertativa<\/strong> &#8211; de car\u00e1ter <em>eliminat\u00f3rio <\/em>e <em>classificat\u00f3rio<\/em><ul><li>Somente para os cargos de T\u00e9cnico Legislativo, Analista Legislativo e Procurador Jur\u00eddico<\/li><\/ul><\/li><\/ul>\n\n\n\n<h3 class=\"wp-block-heading\">Prova Objetiva<\/h3>\n\n\n\n<p>Essa etapa est\u00e1 prevista para ser realizada no dia <strong>04 de fevereiro de 2024<\/strong> e ter\u00e1 a dura\u00e7\u00e3o de 3 horas, exceto para os empregos de Analista Legislativo, Procurador Jur\u00eddico e T\u00e9cnico Legislativo, cuja dura\u00e7\u00e3o total das provas ser\u00e1 de 4 horas.<\/p>\n\n\n\n<p>A avalia\u00e7\u00e3o ser\u00e1 composta por <strong>40 quest\u00f5es de m\u00faltipla escolha<\/strong> que ser\u00e3o versadas nas seguintes disciplinas:<\/p>\n\n\n\n<ul><li>L\u00edngua Portuguesa<\/li><li>Matem\u00e1tica<\/li><li>Conhecimentos Espec\u00edficos<\/li><\/ul>\n\n\n\n<p>A prova ser\u00e1 avaliada em uma escala de 0 a 100 pontos, sendo considerado <strong>aprovado <\/strong>o candidato que obtiver no m\u00ednimo 50 pontos.<\/p>\n\n\n\n<h3 class=\"wp-block-heading\">Prova Pr\u00e1tica<\/h3>\n\n\n\n<p>Essa fase busca aferir a<strong> capacidade de adequa\u00e7\u00e3o funcional e situacional <\/strong>do candidato \u00e0s exig\u00eancias e ao desempenho eficiente das atividades.<\/p>\n\n\n\n<p>Os candidatos dever\u00e3o executar as seguintes <strong>tarefas<\/strong>:<\/p>\n\n\n\n<ul><li>Percorrer o trajeto, inicialmente definido, observando a legisla\u00e7\u00e3o de tr\u00e2nsito, a seguran\u00e7a pr\u00f3pria, dos acompanhantes e de terceiros, condu\u00e7\u00e3o defensiva e tamb\u00e9m a que melhor conserve o ve\u00edculo.<\/li><li>Num espa\u00e7o determinado realizar manobras a serem definidas.<\/li><li>Vistoria de um ve\u00edculo: o n\u00edvel do \u00f3leo, \u00e1gua, bateria, combust\u00edvel, painel de comando, pneus e demais itens.<\/li><\/ul>\n\n\n\n<p>O tempo m\u00e1ximo para a realiza\u00e7\u00e3o da prova \u00e9 de <strong>20 minutos<\/strong>.<\/p>\n\n\n\n<ul><li><strong>Confira: <\/strong><a href=\"https:\/\/www.editorasolucao.com.br\/apostila\/camara-mococa-sp-tecnico-legislativo?promo_name=concurso&amp;promo_id=https%3A%2F%2Fwww.editorasolucao.com.br%2Fblog&amp;promo_creative=Apostila+C%C3%A2mara+de+Mococa+-+SP+2024+-+T%C3%A9cnico+Legislativo&amp;promo_position=produtos-relacionados\">Apostila C\u00e2mara de Mococa-SP: T\u00e9cnico Legislativo<\/a><\/li><\/ul>\n\n\n\n<p>A avalia\u00e7\u00e3o tem a pontua\u00e7\u00e3o m\u00e1xima de 100 pontos, sendo considerado <strong>aprovado <\/strong>o candidato que obtiver no m\u00ednimo 50 pontos. <\/p>\n\n\n\n<h3 class=\"wp-block-heading\">Prova Dissertativa<\/h3>\n\n\n\n<p>Essa etapa consistir\u00e1 na elabora\u00e7\u00e3o de <strong>uma quest\u00e3o te\u00f3rico-pr\u00e1tica<\/strong>, que dever\u00e1 ser respondida com um texto dissertativo argumentativo.<\/p>\n\n\n\n<p>Ser\u00e3o avaliados os seguintes <strong>aspectos<\/strong>:<\/p>\n\n\n\n<ul><li>Tema<ul><li>Adequa\u00e7\u00e3o quanto ao tema\/ problema apresentado.<\/li><\/ul><\/li><li>Estrutura do per\u00edodo e do par\u00e1grafo<ul><li>Coer\u00eancia, coes\u00e3o e clareza na estrutura\u00e7\u00e3o das frases e das ora\u00e7\u00f5es; uso adequado de pontua\u00e7\u00e3o, estruturas sint\u00e1ticas completas.<\/li><\/ul><\/li><li>Dom\u00ednio de estilo formal da l\u00edngua<ul><li>Concord\u00e2ncia, reg\u00eancia, emprego de tempos verbais, marcas de oralidade, grafia e acentua\u00e7\u00e3o gr\u00e1fica.<\/li><\/ul><\/li><\/ul>\n\n\n\n<p>A avalia\u00e7\u00e3o ser\u00e1 avaliada em uma escala de 0 a 10 pontos, sendo considerado <strong>aprovado <\/strong>o candidato que obtiver no m\u00ednimo 05 pontos.<\/p>\n\n\n\n<p>O concurso p\u00fablico tem prazo de <strong>validade <\/strong>de 2 anos, podendo ser prorrogado por igual per\u00edodo, a contar da data da homologa\u00e7\u00e3o do certame, a crit\u00e9rio da C\u00e2mara Municipal de Mococa.<\/p>\n\n\n\n<p><strong>Bons estudos e boa prova!!!<\/strong><\/p>\n","protected":false},"excerpt":{"rendered":"<p>O concurso C\u00e2mara de Mococa, no estado de S\u00e3o Paulo, est\u00e1 com as inscri\u00e7\u00f5es abertas e oferta vagas para provimento imediato mais oportunidade para forma\u00e7\u00e3o de cadastro reserva para cargos de n\u00edveis m\u00e9dio e superior de escolaridade, com sal\u00e1rio de at\u00e9 R$ 9.391,75! Fique e confira os demais detalhes no decorrer da not\u00edcia. \ud83d\ude0a Inscri\u00e7\u00f5es Cargos, vagas e sal\u00e1rios Requisitos Etapas de sele\u00e7\u00e3o Como fazer minha inscri\u00e7\u00e3o no concurso C\u00e2mara de Mococa SP? As inscri\u00e7\u00f5es para o certame j\u00e1 podem ser realizadas por meio do site da banca organizadora, Instituto Indepac,\u00a0at\u00e9 o dia 12 de janeiro de 2024. Para concluir&#8230;<\/p>\n","protected":false},"author":18,"featured_media":38704,"template":"","meta":{"_acf_changed":false,"rank_math_lock_modified_date":false},"categories":[],"tags":[],"acf":[],"_links":{"self":[{"href":"https:\/\/www.editorasolucao.com.br\/blog\/wp-json\/wp\/v2\/concurso\/38702"}],"collection":[{"href":"https:\/\/www.editorasolucao.com.br\/blog\/wp-json\/wp\/v2\/concurso"}],"about":[{"href":"https:\/\/www.editorasolucao.com.br\/blog\/wp-json\/wp\/v2\/types\/concurso"}],"author":[{"embeddable":true,"href":"https:\/\/www.editorasolucao.com.br\/blog\/wp-json\/wp\/v2\/users\/18"}],"wp:featuredmedia":[{"embeddable":true,"href":"https:\/\/www.editorasolucao.com.br\/blog\/wp-json\/wp\/v2\/media\/38704"}],"wp:attachment":[{"href":"https:\/\/www.editorasolucao.com.br\/blog\/wp-json\/wp\/v2\/media?parent=38702"}],"wp:term":[{"taxonomy":"category","embeddable":true,"href":"https:\/\/www.editorasolucao.com.br\/blog\/wp-json\/wp\/v2\/categories?post=38702"},{"taxonomy":"post_tag","embeddable":true,"href":"https:\/\/www.editorasolucao.com.br\/blog\/wp-json\/wp\/v2\/tags?post=38702"}],"curies":[{"name":"wp","href":"https:\/\/api.w.org\/{rel}","templated":true}]}}