{"id":39373,"date":"2024-01-30T10:00:00","date_gmt":"2024-01-30T13:00:00","guid":{"rendered":"https:\/\/www.editorasolucao.com.br\/blog\/?post_type=concurso&#038;p=39373"},"modified":"2024-04-24T12:23:28","modified_gmt":"2024-04-24T15:23:28","slug":"prefeitura-itaberaba-ba","status":"publish","type":"concurso","link":"https:\/\/www.editorasolucao.com.br\/blog\/concurso\/prefeitura-itaberaba-ba","title":{"rendered":"Concurso Prefeitura de Itaberaba: 206 vagas para n\u00edveis m\u00e9dio e superior!"},"content":{"rendered":"\n<p>Aten\u00e7\u00e3o! Ap\u00f3s prorroga\u00e7\u00e3o, as inscri\u00e7\u00f5es para o concurso da <strong>prefeitura de Itaberaba <\/strong>chegam na reta final. Os interessados tem ainda algumas horas para preenhcer o formul\u00e1rio de participa\u00e7\u00e3o e tentar uma das mais de duzentas vagas de <strong>n\u00edvel m\u00e9dio e superior,<\/strong> ofertadas no certame. <\/p>\n\n\n\n<div id=\"ez-toc-container\" class=\"ez-toc-v2_0_69_1 counter-hierarchy ez-toc-counter ez-toc-grey ez-toc-container-direction\">\n<div class=\"ez-toc-title-container\">\n<p class=\"ez-toc-title \" >Menu de navega&ccedil;&atilde;o<\/p>\n<span class=\"ez-toc-title-toggle\"><a href=\"#\" class=\"ez-toc-pull-right ez-toc-btn ez-toc-btn-xs ez-toc-btn-default ez-toc-toggle\" aria-label=\"Toggle Table of Content\"><span class=\"ez-toc-js-icon-con\"><span class=\"\"><span class=\"eztoc-hide\" style=\"display:none;\">Toggle<\/span><span class=\"ez-toc-icon-toggle-span\"><svg style=\"fill: #999;color:#999\" xmlns=\"http:\/\/www.w3.org\/2000\/svg\" class=\"list-377408\" width=\"20px\" height=\"20px\" viewBox=\"0 0 24 24\" fill=\"none\"><path d=\"M6 6H4v2h2V6zm14 0H8v2h12V6zM4 11h2v2H4v-2zm16 0H8v2h12v-2zM4 16h2v2H4v-2zm16 0H8v2h12v-2z\" fill=\"currentColor\"><\/path><\/svg><svg style=\"fill: #999;color:#999\" class=\"arrow-unsorted-368013\" xmlns=\"http:\/\/www.w3.org\/2000\/svg\" width=\"10px\" height=\"10px\" viewBox=\"0 0 24 24\" version=\"1.2\" baseProfile=\"tiny\"><path d=\"M18.2 9.3l-6.2-6.3-6.2 6.3c-.2.2-.3.4-.3.7s.1.5.3.7c.2.2.4.3.7.3h11c.3 0 .5-.1.7-.3.2-.2.3-.5.3-.7s-.1-.5-.3-.7zM5.8 14.7l6.2 6.3 6.2-6.3c.2-.2.3-.5.3-.7s-.1-.5-.3-.7c-.2-.2-.4-.3-.7-.3h-11c-.3 0-.5.1-.7.3-.2.2-.3.5-.3.7s.1.5.3.7z\"\/><\/svg><\/span><\/span><\/span><\/a><\/span><\/div>\n<nav><ul class='ez-toc-list ez-toc-list-level-1 ' ><li class='ez-toc-page-1 ez-toc-heading-level-2'><a class=\"ez-toc-link ez-toc-heading-1\" href=\"https:\/\/www.editorasolucao.com.br\/blog\/concurso\/prefeitura-itaberaba-ba\/#Quando_termina_as_inscricoes_da_Prefeitura_de_Itaberaba\" title=\"Quando termina as inscri\u00e7\u00f5es da Prefeitura de Itaberaba?\">Quando termina as inscri\u00e7\u00f5es da Prefeitura de Itaberaba?<\/a><\/li><li class='ez-toc-page-1 ez-toc-heading-level-2'><a class=\"ez-toc-link ez-toc-heading-2\" href=\"https:\/\/www.editorasolucao.com.br\/blog\/concurso\/prefeitura-itaberaba-ba\/#Cargos_e_vagas\" title=\"Cargos e vagas\">Cargos e vagas<\/a><\/li><li class='ez-toc-page-1 ez-toc-heading-level-2'><a class=\"ez-toc-link ez-toc-heading-3\" href=\"https:\/\/www.editorasolucao.com.br\/blog\/concurso\/prefeitura-itaberaba-ba\/#Requisitos_de_ingresso\" title=\"Requisitos de ingresso\">Requisitos de ingresso<\/a><\/li><li class='ez-toc-page-1 ez-toc-heading-level-2'><a class=\"ez-toc-link ez-toc-heading-4\" href=\"https:\/\/www.editorasolucao.com.br\/blog\/concurso\/prefeitura-itaberaba-ba\/#Como_os_candidatos_serao_avaliados\" title=\"Como os candidatos ser\u00e3o avaliados?\">Como os candidatos ser\u00e3o avaliados?<\/a><\/li><\/ul><\/nav><\/div>\n<h2 class=\"wp-block-heading\" id=\"inscri\u00e7\u00f5es\"><span class=\"ez-toc-section\" id=\"Quando_termina_as_inscricoes_da_Prefeitura_de_Itaberaba\"><\/span>Quando termina as inscri\u00e7\u00f5es da Prefeitura de Itaberaba? <span class=\"ez-toc-section-end\"><\/span><\/h2>\n\n\n\n<p>A prefeitura de Itaberaba, em decis\u00e3o conjunta com a comiss\u00e3o especial do concurso e o Instituto Central de Desenvolvimento Social (ICDS), banca organizadora, divulgaram no dia 29 de janeiro, uma nota informando a prorroga\u00e7\u00e3o das inscri\u00e7\u00f5es at\u00e9 <strong>\u00e0s 23h59 do dia 31 de janeiro de 2024. <\/strong><\/p>\n\n\n\n<p>Al\u00e9m disso, a nota tamb\u00e9m informa a possibilidade de <strong>inscri\u00e7\u00e3o<\/strong> do mesmo candidato em mais de<br>uma vaga desde que em n\u00edveis de escolaridade diferentes, sendo n\u00edvel m\u00e9dio e superior. <\/p>\n\n\n\n<p>Aqueles que ainda desejam buscar uma oportunidade, devem aproveitar as \u00faltimas horas, para candidatar-se no edital, atrav\u00e9s do site do <a href=\"https:\/\/icdssolucoes.selecao.net.br\/informacoes\/8\/\" target=\"_blank\" rel=\"noreferrer noopener\">ICDS Solu\u00e7\u00f5es. <\/a><\/p>\n\n\n\n<p>Apesar da prorroga\u00e7\u00e3o das inscri\u00e7\u00f5es, o per\u00edodo para solicitar a <strong>isen\u00e7\u00e3o<\/strong> n\u00e3o foi reaberto, sendo sim, n\u00e3o h\u00e1 mais chances para requerer o benef\u00edcio. <\/p>\n\n\n\n<p>Vale destacar que a efetiva\u00e7\u00e3o da participa\u00e7\u00e3o s\u00f3 sera conclu\u00edda, ap\u00f3s o pagamento da <strong>taxa de inscri\u00e7\u00e3o, <\/strong>sendo: <\/p>\n\n\n\n<ul>\n<li>R$ 60,00 para os cargos de n\u00edvel m\u00e9dio, <\/li>\n\n\n\n<li>R$ 100,00 para os cargos de n\u00edvel superior. <\/li>\n<\/ul>\n\n\n\n<h2 class=\"wp-block-heading\" id=\"vagas\"><span class=\"ez-toc-section\" id=\"Cargos_e_vagas\"><\/span>Cargos e vagas <span class=\"ez-toc-section-end\"><\/span><\/h2>\n\n\n\n<p>Confira quais s\u00e3o as oportunidade da prefeitura de Itaberaba-BA. <\/p>\n\n\n\n<h3 class=\"wp-block-heading\">N\u00edvel m\u00e9dio <\/h3>\n\n\n\n<ul>\n<li><a href=\"https:\/\/www.editorasolucao.com.br\/apostila-solucao\/prefeitura-itaberaba-ba-guarda-civil-municipal\">Guarda Civil Municipal (20 vagas) <\/a>\n<ul>\n<li>36h semanais <\/li>\n\n\n\n<li>Sal\u00e1rio: R$ 1.412,00 + benef\u00edcios <\/li>\n<\/ul>\n<\/li>\n\n\n\n<li><a href=\"https:\/\/www.editorasolucao.com.br\/apostila-solucao\/prefeitura-itaberaba-ba-agente-transito\">Agente de Tr\u00e2nsito (3) <\/a>\n<ul>\n<li>30h semanais <\/li>\n\n\n\n<li>Sal\u00e1rio: R$ 1.740,27 + benef\u00edcios <\/li>\n<\/ul>\n<\/li>\n\n\n\n<li><a href=\"https:\/\/www.editorasolucao.com.br\/apostila-solucao\/prefeitura-itaberaba-ba-fiscal-administrativo\">Fiscal Administrativo (4)<\/a>\n<ul>\n<li>40h semanais <\/li>\n\n\n\n<li>R$ 1.412,00 <\/li>\n<\/ul>\n<\/li>\n\n\n\n<li>Fiscal do Meio Ambiente (2)\n<ul>\n<li>40h semanais<\/li>\n\n\n\n<li>R$ 1.847,05<\/li>\n<\/ul>\n<\/li>\n\n\n\n<li>Analista em Controle Interno (5)\n<ul>\n<li>30h semanais<\/li>\n\n\n\n<li>R$ 1.412,00 <\/li>\n<\/ul>\n<\/li>\n<\/ul>\n\n\n\n<h3 class=\"wp-block-heading\">N\u00edvel superior <\/h3>\n\n\n\n<ul>\n<li>Auditor de Controle Interno (2 vagas)\n<ul>\n<li>30h semanais<\/li>\n\n\n\n<li>Sal\u00e1rio: R$ 1.970,08<\/li>\n<\/ul>\n<\/li>\n\n\n\n<li><a href=\"https:\/\/www.editorasolucao.com.br\/apostila-solucao\/prefeitura-itaberaba-ba-comum-professor-nu-i\">Professor NU I (150) <\/a> \n<ul>\n<li>Educa\u00e7\u00e3o B\u00e1sica III \u2013 Anos Finais<\/li>\n\n\n\n<li>Educa\u00e7\u00e3o de B\u00e1sica II\u2013 Anos Iniciais<\/li>\n\n\n\n<li>Educa\u00e7\u00e3o B\u00e1sica I \u2013 Pr\u00e9-Escola<\/li>\n\n\n\n<li>Educa\u00e7\u00e3o B\u00e1sica Especial <\/li>\n<\/ul>\n<\/li>\n\n\n\n<li>Cordenador Pedag\u00f3gico (20)<\/li>\n<\/ul>\n\n\n\n<p>Para os dois \u00faltimos cargos na \u00e1rea da educa\u00e7\u00e3o, a carga hor\u00e1ria \u00e9 de 20h semanais, com remunera\u00e7\u00e3o inicial de R$ 2.246,98. <\/p>\n\n\n\n<h2 class=\"wp-block-heading\" id=\"requisitos\"><span class=\"ez-toc-section\" id=\"Requisitos_de_ingresso\"><\/span>Requisitos de ingresso <span class=\"ez-toc-section-end\"><\/span><\/h2>\n\n\n\n<p>Para nomea\u00e7\u00e3o e posse no cargo aprovado, o candidato deve atender as seguintes exig\u00eancias: <\/p>\n\n\n\n<ul>\n<li>Ter nacionalidade brasileira ou portuguesa, e, no caso de nacionalidade portuguesa, estar amparado pelo estatuto de igualdade entre brasileiros e portugueses, com reconhecimento do gozo dos direitos pol\u00edticos.<\/li>\n\n\n\n<li>Estar quite com as obriga\u00e7\u00f5es eleitorais e militares.<\/li>\n\n\n\n<li>Ter idade m\u00ednima de18 anos na data de inscri\u00e7\u00e3o.<\/li>\n\n\n\n<li>Apresentar certid\u00e3o negativa de antecedentes criminais.<\/li>\n\n\n\n<li>Preencher ficha cadastral com dados atualizados;<\/li>\n\n\n\n<li>Apresentar:\n<ul>\n<li>2(duas) fotos 3X4;<\/li>\n\n\n\n<li>Diploma de gradua\u00e7\u00e3o emitido por Institui\u00e7\u00e3o de Ensino Superior, devidamente reconhecida pelo Minist\u00e9rio da Educa\u00e7\u00e3o (quando a investidura do cargo exigir).<\/li>\n\n\n\n<li><strong>Diploma e hist\u00f3rico escolar emitido pela Escola devidamente registrada;<\/strong><\/li>\n\n\n\n<li>Carteira do Conselho de Classe, quando exig\u00edvel;<\/li>\n\n\n\n<li>C\u00f3pia do ato de exonera\u00e7\u00e3o de cargo, emprego ou fun\u00e7\u00e3o p\u00fablica n\u00e3o acumul\u00e1vel na forma do art. 37, inciso XVI, da Constitui\u00e7\u00e3o Federal.<\/li>\n\n\n\n<li><strong>Carteira nacional de habilita\u00e7\u00e3o categoria A\/B ou superior (ao cargo de agente de tr\u00e2nsito e guarda civil municipal);<\/strong><\/li>\n\n\n\n<li>Ter sido aprovado em teste de aptid\u00e3o f\u00edsica e em avalia\u00e7\u00e3o psicol\u00f3gica (ao cargo de guarda civil municipal)<\/li>\n<\/ul>\n<\/li>\n\n\n\n<li><strong>Apresentar os originais e c\u00f3pias dos seguintes documentos: <\/strong>RG; CPF; T\u00edtulo de Eleitor, PIS\/PASEP e comprovante de quita\u00e7\u00e3o eleitoral; Carteira de Trabalho; comprovante de resid\u00eancia com bairro e CEP.<\/li>\n\n\n\n<li>O candidato dever\u00e1 providenciar abertura de conta sal\u00e1rio mediante apresenta\u00e7\u00e3o de carta para abertura de conta sal\u00e1rio no banco conveniado fornecida pela Administra\u00e7\u00e3o P\u00fablica.<\/li>\n\n\n\n<li>O candidato convocado dever\u00e1, \u00e0s suas expensas, apresentar o Atestado de Sa\u00fade Ocupacional, emitido por m\u00e9dico especialista, al\u00e9m de exames j\u00e1 pr\u00e9 estabelecidos no edital. <\/li>\n<\/ul>\n\n\n\n<h2 class=\"wp-block-heading\" id=\"etapas\"><span class=\"ez-toc-section\" id=\"Como_os_candidatos_serao_avaliados\"><\/span>Como os candidatos ser\u00e3o avaliados? <span class=\"ez-toc-section-end\"><\/span><\/h2>\n\n\n\n<p>O certame da prefeitura de Itaberaba, ser\u00e1 composto por at\u00e9 4 (quatro) etapas, a depender do cargo, sendo:  <\/p>\n\n\n\n<ul>\n<li>prova objetiva, <\/li>\n\n\n\n<li>teste de aptid\u00e3o f\u00edsica &#8211; TAF (car\u00e1ter eliminat\u00f3rio); <\/li>\n\n\n\n<li>teste de avali\u00e7\u00e3o psicol\u00f3gica (car\u00e1ter eliminat\u00f3rio); <\/li>\n\n\n\n<li>prova de t\u00edtulos. <\/li>\n<\/ul>\n\n\n\n<h3 class=\"wp-block-heading\">Prova objetiva <\/h3>\n\n\n\n<p>Esta fase est\u00e1 prevista para ocorrer no dia <strong>15 de maio de 2024,<\/strong> per\u00edodo matutino, no mun\u00edcipio de Itaberaba, Bahia, tendo 3h de dura\u00e7\u00e3o, com in\u00edcio previsto \u00e0s 9h. <\/p>\n\n\n\n<p>A estrutura da prova ser\u00e1 a mesma para os cargos de n\u00edveis m\u00e9dio e superior, com varia\u00e7\u00e3o no conte\u00fado program\u00e1tico, que voc\u00ea pode conferir a partir da p\u00e1gina 33 do edital. <\/p>\n\n\n\n<p><strong>Componentes da prova <\/strong><\/p>\n\n\n\n<ul>\n<li>L\u00edngua Portuguesa, (8 quest\u00f5es)<\/li>\n\n\n\n<li>Matem\u00e1tica;  (6)<\/li>\n\n\n\n<li>Conhecimentos gerais; (6)<\/li>\n\n\n\n<li>Conhecimentos espec\u00edficos (10 quest\u00f5es)  <\/li>\n<\/ul>\n\n\n\n<p>As provas de conhecimento espec\u00edfico ter\u00e3o peso 4, ou seja, o valor de cada quest\u00e3o, e as demais disciplinas ter\u00e3o peso 3, totatalizando <strong>100 pontos. <\/strong>Ser\u00e1 habilitado na prova objetiva, o candidato que obtiver o m\u00ednimo de 50%. <\/p>\n\n\n\n<h3 class=\"wp-block-heading\">TAF <\/h3>\n\n\n\n<p>De car\u00e1ter <strong>eliminat\u00f3rio e classificat\u00f3rio<\/strong>, esta etapa ser\u00e1 avaliada de 0 (zero) a 60 (sessenta) pontos, para os candidatos ao cargo de Guarda Municipal, aprovados na prova objetiva. <\/p>\n\n\n\n<p>Ser\u00e3o cobrados na ordem, os seguintes exerc\u00edcios: <\/p>\n\n\n\n<p><strong>Guarda Civil Municipal &#8211; Feminino<\/strong><\/p>\n\n\n\n<ul>\n<li>Apoio de Frente\u2013Flex\u00e3o de apoio no solo, <\/li>\n\n\n\n<li>Abdominal; <\/li>\n\n\n\n<li>Corrida de 200 Metros. <\/li>\n<\/ul>\n\n\n\n<figure class=\"wp-block-image size-full\"><img loading=\"lazy\" decoding=\"async\" width=\"951\" height=\"465\" src=\"https:\/\/www.editorasolucao.com.br\/blog\/wp-content\/uploads\/2024\/01\/image-45.png\" alt=\"\" class=\"wp-image-39374\" srcset=\"https:\/\/www.editorasolucao.com.br\/blog\/wp-content\/uploads\/2024\/01\/image-45.png 951w, https:\/\/www.editorasolucao.com.br\/blog\/wp-content\/uploads\/2024\/01\/image-45-768x376.png 768w\" sizes=\"(max-width: 951px) 100vw, 951px\" \/><\/figure>\n\n\n\n<p><strong>Guarda Civil Municipal &#8211; Masculino <\/strong><\/p>\n\n\n\n<ul>\n<li>Flex\u00e3o de Barra, <\/li>\n\n\n\n<li>Abdominal; <\/li>\n\n\n\n<li>Corrida de 400 Metros. <\/li>\n<\/ul>\n\n\n\n<figure class=\"wp-block-image size-full\"><img loading=\"lazy\" decoding=\"async\" width=\"783\" height=\"454\" src=\"https:\/\/www.editorasolucao.com.br\/blog\/wp-content\/uploads\/2024\/01\/image-46.png\" alt=\"\" class=\"wp-image-39375\" srcset=\"https:\/\/www.editorasolucao.com.br\/blog\/wp-content\/uploads\/2024\/01\/image-46.png 783w, https:\/\/www.editorasolucao.com.br\/blog\/wp-content\/uploads\/2024\/01\/image-46-768x445.png 768w\" sizes=\"(max-width: 783px) 100vw, 783px\" \/><\/figure>\n\n\n\n<h3 class=\"wp-block-heading\">Avalia\u00e7\u00e3o psicol\u00f3gica <\/h3>\n\n\n\n<p>Nesta etapa, ser\u00e3o <strong>convocados <\/strong>apenas os candidatos ao cargo de Guarda Municipal, aprovados no exame de aptid\u00e3o f\u00edsica. <\/p>\n\n\n\n<p>A avalia\u00e7\u00e3o poder\u00e1 incluir entrevistas individuais, din\u00e2micas de grupo, aplica\u00e7\u00e3o de testes de personalidade, testes de aten\u00e7\u00e3o e de racioc\u00ednio l\u00f3gico. <\/p>\n\n\n\n<p>Esta fase \u00e9 um processo realizado mediante o emprego de um conjunto de procedimentos objetivos e cient\u00edficos, que tem por finalidade <strong>comprovar<\/strong> se o candidato possui os requisitos para o cargo, aferindo o grau de compatibilidade das suas caracter\u00edsticas cognitivas e de personalidade.<\/p>\n\n\n\n<p>Recomenda-se que o candidato compare\u00e7a ao local da <strong>avalia\u00e7\u00e3o<\/strong> 30 minutos antes do hor\u00e1rio<br>previamente divulgado, munido de seu documento de identifica\u00e7\u00e3o original com foto, alimentado<br>com comida leve e saud\u00e1vel, que tenha dormido e considere que esteja descansado.<\/p>\n\n\n\n<h3 class=\"wp-block-heading\">Prova de t\u00edtulos <\/h3>\n\n\n\n<p>Por fim, esta fase ser\u00e1 para os cargos de n\u00edvel superior, sendo <strong>professor e coordenador pedag\u00f3gico. <\/strong><\/p>\n\n\n\n<p>Os t\u00edtulos avaliados ter\u00e3o pontua\u00e7\u00e3o m\u00e1xima de 20 pontos e dever\u00e3o ter correla\u00e7\u00e3o com a \u00e1rea de atua\u00e7\u00e3o para qual se inscreveu. <\/p>\n\n\n\n<figure class=\"wp-block-image size-full\"><img loading=\"lazy\" decoding=\"async\" width=\"977\" height=\"379\" src=\"https:\/\/www.editorasolucao.com.br\/blog\/wp-content\/uploads\/2024\/01\/image-47.png\" alt=\"\" class=\"wp-image-39376\" srcset=\"https:\/\/www.editorasolucao.com.br\/blog\/wp-content\/uploads\/2024\/01\/image-47.png 977w, https:\/\/www.editorasolucao.com.br\/blog\/wp-content\/uploads\/2024\/01\/image-47-768x298.png 768w\" sizes=\"(max-width: 977px) 100vw, 977px\" \/><\/figure>\n\n\n\n<p><strong> <\/strong><\/p>\n\n\n\n<p><strong>Bons estudos e boa prova! <\/strong><\/p>\n\n\n\n<p> <\/p>\n\n\n\n<p><\/p>\n","protected":false},"excerpt":{"rendered":"<p>Aten\u00e7\u00e3o! Ap\u00f3s prorroga\u00e7\u00e3o, as inscri\u00e7\u00f5es para o concurso da prefeitura de Itaberaba chegam na reta final. Os interessados tem ainda algumas horas para preenhcer o formul\u00e1rio de participa\u00e7\u00e3o e tentar uma das mais de duzentas vagas de n\u00edvel m\u00e9dio e superior, ofertadas no certame. Quando termina as inscri\u00e7\u00f5es da Prefeitura de Itaberaba? A prefeitura de Itaberaba, em decis\u00e3o conjunta com a comiss\u00e3o especial do concurso e o Instituto Central de Desenvolvimento Social (ICDS), banca organizadora, divulgaram no dia 29 de janeiro, uma nota informando a prorroga\u00e7\u00e3o das inscri\u00e7\u00f5es at\u00e9 \u00e0s 23h59 do dia 31 de janeiro de 2024. Al\u00e9m disso,&#8230;<\/p>\n","protected":false},"author":15,"featured_media":39378,"template":"","meta":{"_acf_changed":false,"rank_math_lock_modified_date":false},"categories":[],"tags":[],"acf":[],"_links":{"self":[{"href":"https:\/\/www.editorasolucao.com.br\/blog\/wp-json\/wp\/v2\/concurso\/39373"}],"collection":[{"href":"https:\/\/www.editorasolucao.com.br\/blog\/wp-json\/wp\/v2\/concurso"}],"about":[{"href":"https:\/\/www.editorasolucao.com.br\/blog\/wp-json\/wp\/v2\/types\/concurso"}],"author":[{"embeddable":true,"href":"https:\/\/www.editorasolucao.com.br\/blog\/wp-json\/wp\/v2\/users\/15"}],"wp:featuredmedia":[{"embeddable":true,"href":"https:\/\/www.editorasolucao.com.br\/blog\/wp-json\/wp\/v2\/media\/39378"}],"wp:attachment":[{"href":"https:\/\/www.editorasolucao.com.br\/blog\/wp-json\/wp\/v2\/media?parent=39373"}],"wp:term":[{"taxonomy":"category","embeddable":true,"href":"https:\/\/www.editorasolucao.com.br\/blog\/wp-json\/wp\/v2\/categories?post=39373"},{"taxonomy":"post_tag","embeddable":true,"href":"https:\/\/www.editorasolucao.com.br\/blog\/wp-json\/wp\/v2\/tags?post=39373"}],"curies":[{"name":"wp","href":"https:\/\/api.w.org\/{rel}","templated":true}]}}