{"id":39510,"date":"2024-02-15T10:00:00","date_gmt":"2024-02-15T13:00:00","guid":{"rendered":"https:\/\/www.editorasolucao.com.br\/blog\/?post_type=concurso&#038;p=39510"},"modified":"2024-04-24T12:19:09","modified_gmt":"2024-04-24T15:19:09","slug":"gcm-cotia-sp","status":"publish","type":"concurso","link":"https:\/\/www.editorasolucao.com.br\/blog\/concurso\/gcm-cotia-sp","title":{"rendered":"Concurso GCM Cotia 2024: Edital publicado. 150 vagas!"},"content":{"rendered":"\n<p>Est\u00e3o abertas as inscri\u00e7\u00f5es para o concurso GCM Cotia, no estado de S\u00e3o Paulo, que oferta 150 vagas para o cargo de Guarda Civil Classe III, de <strong>n\u00edvel m\u00e9dio de escolaridade<\/strong>. Ficou interessado(a)? Fique e confira os demais detalhes no decorrer da not\u00edcia. \ud83d\ude09<\/p>\n\n\n\n<div id=\"ez-toc-container\" class=\"ez-toc-v2_0_69_1 counter-hierarchy ez-toc-counter ez-toc-grey ez-toc-container-direction\">\n<div class=\"ez-toc-title-container\">\n<p class=\"ez-toc-title \" >Menu de navega&ccedil;&atilde;o<\/p>\n<span class=\"ez-toc-title-toggle\"><a href=\"#\" class=\"ez-toc-pull-right ez-toc-btn ez-toc-btn-xs ez-toc-btn-default ez-toc-toggle\" aria-label=\"Toggle Table of Content\"><span class=\"ez-toc-js-icon-con\"><span class=\"\"><span class=\"eztoc-hide\" style=\"display:none;\">Toggle<\/span><span class=\"ez-toc-icon-toggle-span\"><svg style=\"fill: #999;color:#999\" xmlns=\"http:\/\/www.w3.org\/2000\/svg\" class=\"list-377408\" width=\"20px\" height=\"20px\" viewBox=\"0 0 24 24\" fill=\"none\"><path d=\"M6 6H4v2h2V6zm14 0H8v2h12V6zM4 11h2v2H4v-2zm16 0H8v2h12v-2zM4 16h2v2H4v-2zm16 0H8v2h12v-2z\" fill=\"currentColor\"><\/path><\/svg><svg style=\"fill: #999;color:#999\" class=\"arrow-unsorted-368013\" xmlns=\"http:\/\/www.w3.org\/2000\/svg\" width=\"10px\" height=\"10px\" viewBox=\"0 0 24 24\" version=\"1.2\" baseProfile=\"tiny\"><path d=\"M18.2 9.3l-6.2-6.3-6.2 6.3c-.2.2-.3.4-.3.7s.1.5.3.7c.2.2.4.3.7.3h11c.3 0 .5-.1.7-.3.2-.2.3-.5.3-.7s-.1-.5-.3-.7zM5.8 14.7l6.2 6.3 6.2-6.3c.2-.2.3-.5.3-.7s-.1-.5-.3-.7c-.2-.2-.4-.3-.7-.3h-11c-.3 0-.5.1-.7.3-.2.2-.3.5-.3.7s.1.5.3.7z\"\/><\/svg><\/span><\/span><\/span><\/a><\/span><\/div>\n<nav><ul class='ez-toc-list ez-toc-list-level-1 ' ><li class='ez-toc-page-1 ez-toc-heading-level-2'><a class=\"ez-toc-link ez-toc-heading-1\" href=\"https:\/\/www.editorasolucao.com.br\/blog\/concurso\/gcm-cotia-sp\/#Como_realizar_as_inscricoes_no_concurso_GCM_Cotia\" title=\"Como realizar as inscri\u00e7\u00f5es no concurso GCM Cotia?\">Como realizar as inscri\u00e7\u00f5es no concurso GCM Cotia?<\/a><\/li><li class='ez-toc-page-1 ez-toc-heading-level-2'><a class=\"ez-toc-link ez-toc-heading-2\" href=\"https:\/\/www.editorasolucao.com.br\/blog\/concurso\/gcm-cotia-sp\/#Cargo_vagas_e_salario\" title=\"Cargo, vagas e sal\u00e1rio\">Cargo, vagas e sal\u00e1rio<\/a><\/li><li class='ez-toc-page-1 ez-toc-heading-level-2'><a class=\"ez-toc-link ez-toc-heading-3\" href=\"https:\/\/www.editorasolucao.com.br\/blog\/concurso\/gcm-cotia-sp\/#Quais_sao_os_requisitos_para_a_investidura_no_concurso_Prefeitura_de_Cotia\" title=\"Quais s\u00e3o os requisitos para a investidura no concurso Prefeitura de Cotia?\">Quais s\u00e3o os requisitos para a investidura no concurso Prefeitura de Cotia?<\/a><\/li><li class='ez-toc-page-1 ez-toc-heading-level-2'><a class=\"ez-toc-link ez-toc-heading-4\" href=\"https:\/\/www.editorasolucao.com.br\/blog\/concurso\/gcm-cotia-sp\/#O_que_faz_a_Guarda_Municipal_de_Cotia\" title=\"O que faz a Guarda Municipal de Cotia?\">O que faz a Guarda Municipal de Cotia?<\/a><\/li><li class='ez-toc-page-1 ez-toc-heading-level-2'><a class=\"ez-toc-link ez-toc-heading-5\" href=\"https:\/\/www.editorasolucao.com.br\/blog\/concurso\/gcm-cotia-sp\/#Como_serao_as_provas_do_Edital_Prefeitura_de_Cotia_para_a_GCM\" title=\"Como ser\u00e3o as provas do Edital Prefeitura de Cotia para a GCM?\">Como ser\u00e3o as provas do Edital Prefeitura de Cotia para a GCM?<\/a><\/li><\/ul><\/nav><\/div>\n<h2 class=\"wp-block-heading\" id=\"inscri\u00e7\u00f5es\"><span class=\"ez-toc-section\" id=\"Como_realizar_as_inscricoes_no_concurso_GCM_Cotia\"><\/span>Como realizar as inscri\u00e7\u00f5es no concurso GCM Cotia?<span class=\"ez-toc-section-end\"><\/span><\/h2>\n\n\n\n<p>Os interessados em participar do certame j\u00e1 podem realizar as inscri\u00e7\u00f5es por meio do site da banca organizadora, <a href=\"https:\/\/www.concursosrbo.com.br\/Projetos\/projeto-detalhes.aspx?id=4lVkecXSX80=\" target=\"_blank\" rel=\"noopener\">RBO &#8211; Assessoria P\u00fablica e Projetos Municipais<\/a>, <strong>at\u00e9 o dia 16 de fevereiro de 2024<\/strong>.<\/p>\n\n\n\n<p>Para efetivar a inscri\u00e7\u00e3o \u00e9 necess\u00e1rio que o candidato efetue o pagamento de uma <strong>taxa <\/strong>no valor fixo de R$ 59,00.<\/p>\n\n\n\n<p>N\u00e3o haver\u00e1 a possibilidade de solicitar a isen\u00e7\u00e3o da taxa de participa\u00e7\u00e3o.<\/p>\n\n\n\n<h2 class=\"wp-block-heading\" id=\"cargo\"><span class=\"ez-toc-section\" id=\"Cargo_vagas_e_salario\"><\/span>Cargo, vagas e sal\u00e1rio<span class=\"ez-toc-section-end\"><\/span><\/h2>\n\n\n\n<p>De acordo com o edital, ao todo est\u00e3o sendo ofertadas <strong>150 vagas imediatas<\/strong> para o cargo de <a href=\"https:\/\/www.editorasolucao.com.br\/apostila-solucao\/prefeitura-cotia-sp-guarda-civil-municipal-classe-iii\">Guarda Civil Classe III<\/a>, de n\u00edvel m\u00e9dio de escolaridade.<\/p>\n\n\n\n<p>A jornada de trabalho \u00e9 de 12hx36h horas semanais para uma remunera\u00e7\u00e3o no valor de R$ 1.455,46 + 100% de adicional risco de vida 50% de RETGC e <strong>benef\u00edcio <\/strong>de Aux\u00edlio transporte.<\/p>\n\n\n\n<h2 class=\"wp-block-heading\" id=\"requisitos\"><span class=\"ez-toc-section\" id=\"Quais_sao_os_requisitos_para_a_investidura_no_concurso_Prefeitura_de_Cotia\"><\/span>Quais s\u00e3o os requisitos para a investidura no concurso Prefeitura de Cotia?<span class=\"ez-toc-section-end\"><\/span><\/h2>\n\n\n\n<p>Confira quais s\u00e3o as <strong>exig\u00eancias <\/strong>do concurso GCM Cotia para que o candidato tome posse do cargo ofertado:<\/p>\n\n\n\n<ul>\n<li>Ser brasileiro nato ou naturalizado, ou ser estrangeiro, com igualdade de direitos, nos termos em que dispuser a legisla\u00e7\u00e3o espec\u00edfica;<\/li>\n\n\n\n<li><strong>Ter, na data da posse, idade m\u00ednima de 18 anos completos;<\/strong><\/li>\n\n\n\n<li>No caso do sexo masculino, estar em dia com o Servi\u00e7o Militar, nos termos do Decreto n\u00ba 57.654\/66, alterado pelo Decreto n\u00ba 93.670\/86;<\/li>\n\n\n\n<li>Ser eleitor e estar quite com a Justi\u00e7a Eleitoral;<\/li>\n\n\n\n<li>Possuir documenta\u00e7\u00e3o comprobat\u00f3ria, no ato da posse, dos requisitos m\u00ednimos exigidos para o cargo, conforme especificado na Tabela I, do Cap\u00edtulo 1, e a documenta\u00e7\u00e3o comprobat\u00f3ria determinada no item 15.5 do Cap\u00edtulo 15 deste edital;<\/li>\n\n\n\n<li><strong>Ter aptid\u00e3o f\u00edsica e mental e n\u00e3o possuir defici\u00eancia f\u00edsica incompat\u00edvel com o exerc\u00edcio do cargo<\/strong>, comprovada em inspe\u00e7\u00e3o realizada pelo Servi\u00e7o M\u00e9dico indicado pelo Munic\u00edpio de Cotia;<\/li>\n\n\n\n<li>N\u00e3o estar, no ato da posse, incompatibilizado para nova nomea\u00e7\u00e3o em novo cargo p\u00fablico;<\/li>\n\n\n\n<li>Ter boa conduta social, reputa\u00e7\u00e3o e idoneidade ilibadas;<\/li>\n\n\n\n<li>N\u00e3o ter sido condenado em processo criminal transitado em julgado, contando o prazo a partir da data do cumprimento da pena;<\/li>\n\n\n\n<li>Possuir idoneidade moral comprovada por investiga\u00e7\u00e3o social e certid\u00e3o de antecedentes criminais;<\/li>\n\n\n\n<li>As condi\u00e7\u00f5es discriminadas nos subitens 2.1.8 a 2.1.10 ser\u00e3o verificadas na etapa de Avalia\u00e7\u00e3o de Conduta Social, da Reputa\u00e7\u00e3o e da Idoneidade;<\/li>\n\n\n\n<li>N\u00e3o ter sido demitido ou exonerado de servi\u00e7o p\u00fablico em consequ\u00eancia de processo administrativo (por justa causa ou a bem do servi\u00e7o p\u00fablico), no prazo de 5 anos anteriores \u00e0 data da nova investidura;<\/li>\n\n\n\n<li>N\u00e3o estar com idade de aposentadoria compuls\u00f3ria;<\/li>\n\n\n\n<li>N\u00e3o receber proventos de aposentadoria ou remunera\u00e7\u00e3o de cargo, emprego ou fun\u00e7\u00e3o p\u00fablica, ressalvados os cargos acumul\u00e1veis previstos na Constitui\u00e7\u00e3o Federal.<\/li>\n<\/ul>\n\n\n\n<h2 class=\"wp-block-heading\" id=\"atribui\u00e7\u00f5es\"><span class=\"ez-toc-section\" id=\"O_que_faz_a_Guarda_Municipal_de_Cotia\"><\/span>O que faz a Guarda Municipal de Cotia?<span class=\"ez-toc-section-end\"><\/span><\/h2>\n\n\n\n<p>Saiba quais s\u00e3o as <strong>atribui\u00e7\u00f5es<\/strong> da <a href=\"https:\/\/www.editorasolucao.com.br\/apostila-solucao\/prefeitura-cotia-sp-guarda-civil-municipal-classe-iii\">Guarda Civil<\/a>:<\/p>\n\n\n\n<ul>\n<li>Executar o policiamento ostensivo, preventivo, uniformizado e armado;<\/li>\n\n\n\n<li>Percorrer a \u00e1rea que lhe foi confiada, observando pessoas e estabelecimentos para, se necess\u00e1rio, tomar as medidas pertinentes;<\/li>\n\n\n\n<li>Executar as atividades de orienta\u00e7\u00e3o, fiscaliza\u00e7\u00e3o e controle de tr\u00e1fego e tr\u00e2nsito municipais, em colabora\u00e7\u00e3o aos agentes de tr\u00e2nsito;<\/li>\n\n\n\n<li>Exercer a guarda e vigil\u00e2ncia em unidades administrativas municipais, objetivando inibir a ocorr\u00eancia  de fatos delituosos;<\/li>\n\n\n\n<li>Operar equipamento de r\u00e1dio, sintonizando diversas frequ\u00eancias e regulando os instrumentos de tonalidade para receber e transmitir mensagens em linguagem convencional ou codificada;<\/li>\n\n\n\n<li>Registrar mensagens recebidas, anotando em formul\u00e1rio pr\u00f3prio, para encaminhamento aos superiores;<\/li>\n\n\n\n<li>Dirigir viaturas, acionando os seus equipamentos, conduzindo-as dentro dos limites do Munic\u00edpio, exceto em casos espec\u00edficos determinados por instru\u00e7\u00e3o superior, sempre observando as regras de tr\u00e2nsito;<\/li>\n\n\n\n<li>Exercer as fun\u00e7\u00f5es inerentes \u00e0 defesa civil do Munic\u00edpio, colaborando com os respectivos agentes;<\/li>\n\n\n\n<li>Atuar, emergencialmente, em eventos calamitosos, tomando as medidas pertinentes;<\/li>\n\n\n\n<li>Colaborar com os \u00f3rg\u00e3os p\u00fablicos nas atividades pertinentes, nos limites e condi\u00e7\u00f5es da legisla\u00e7\u00e3o vigente;<\/li>\n\n\n\n<li>Executar outras atividades definidas pelo Comando Geral.<\/li>\n<\/ul>\n\n\n\n<h2 class=\"wp-block-heading\" id=\"etapas\"><span class=\"ez-toc-section\" id=\"Como_serao_as_provas_do_Edital_Prefeitura_de_Cotia_para_a_GCM\"><\/span>Como ser\u00e3o as provas do Edital Prefeitura de Cotia para a GCM?<span class=\"ez-toc-section-end\"><\/span><\/h2>\n\n\n\n<p>Os candidatos ser\u00e3o avaliados por meio das seguintes etapas de sele\u00e7\u00e3o:<\/p>\n\n\n\n<ul>\n<li><strong>Prova objetiva<\/strong> &#8211; de car\u00e1ter <em>eliminat\u00f3rio <\/em>e <em>classificat\u00f3rio<\/em><\/li>\n\n\n\n<li><strong>Aferi\u00e7\u00e3o de altura<\/strong> &#8211; de car\u00e1ter <em>eliminat\u00f3rio <\/em>e <em>classificat\u00f3rio<\/em><\/li>\n\n\n\n<li><strong>Teste de aptid\u00e3o f\u00edsica<\/strong> &#8211; de car\u00e1ter <em>eliminat\u00f3rio <\/em>e <em>classificat\u00f3rio<\/em><\/li>\n\n\n\n<li><strong>Inspe\u00e7\u00e3o de sa\u00fade<\/strong> &#8211; de car\u00e1ter <em>eliminat\u00f3rio<\/em><\/li>\n\n\n\n<li><strong>Exame psicot\u00e9cnico<\/strong> &#8211; de car\u00e1ter <em>eliminat\u00f3rio<\/em><\/li>\n\n\n\n<li><strong>Investiga\u00e7\u00e3o social<\/strong> &#8211; de car\u00e1ter <em>sigiloso <\/em>e <em>eliminat\u00f3rio<\/em><\/li>\n\n\n\n<li><strong>Curso introdut\u00f3rio <\/strong><\/li>\n<\/ul>\n\n\n\n<h3 class=\"wp-block-heading\">Prova objetiva<\/h3>\n\n\n\n<p>Essa etapa dever\u00e1 ser realizada no dia <strong>10 de mar\u00e7o de 2024<\/strong>, onde os candidatos ter\u00e3o o tempo m\u00e1ximo de 03 horas para realizar o exame.<\/p>\n\n\n\n<p>A avalia\u00e7\u00e3o ser\u00e1 composta por <strong>50 quest\u00f5es de m\u00faltipla escolha<\/strong> que ser\u00e3o versadas nas seguintes disciplinas:<\/p>\n\n\n\n<ul>\n<li>L\u00edngua Portuguesa (15)<\/li>\n\n\n\n<li>Matem\u00e1tica (05)<\/li>\n\n\n\n<li>Conhecimentos Espec\u00edficos (15) <\/li>\n<\/ul>\n\n\n\n<p>A prova ser\u00e1 avaliada em uma escala de 0 a 100 pontos, sendo considerado <strong>aprovado <\/strong>o candidato que obtiver nota superior a 50% dos pontos.<\/p>\n\n\n\n<h3 class=\"wp-block-heading\">Teste de aptid\u00e3o f\u00edsica<\/h3>\n\n\n\n<p>Essa fase consistir\u00e1 na aplica\u00e7\u00e3o de <strong>3 avalia\u00e7\u00f5es<\/strong>, que ser\u00e3o divididas da seguinte forma:<\/p>\n\n\n\n<ul>\n<li>Avalia\u00e7\u00e3o de Flex\u00e3o de Bra\u00e7o (masculino)\/ Apoio de Frente (feminino) em 1 minuto;<\/li>\n\n\n\n<li>Avalia\u00e7\u00e3o de Abdominal em 1 minuto;<\/li>\n\n\n\n<li>Avalia\u00e7\u00e3o de Corrida de 12 minutos.<\/li>\n<\/ul>\n\n\n\n<p>Cada avalia\u00e7\u00e3o ser\u00e1 pontuada numa escala de 0 a 100 pontos, totalizando pontua\u00e7\u00e3o m\u00e1xima de 300 pontos, dessa forma ser\u00e1 considerado aprovado o candidato que obtiver no <strong>m\u00ednimo 150 pontos<\/strong>.<\/p>\n\n\n\n<h3 class=\"wp-block-heading\">Inspe\u00e7\u00e3o de sa\u00fade<\/h3>\n\n\n\n<p>Essa etapa tem o objetivo de aferir as condi\u00e7\u00f5es gerais de sa\u00fade do candidato, por meio de exames cl\u00ednicos, laboratoriais, de acuidade visual e auditiva, apresentados pelos candidatos e realizados \u00e0s suas expensas, em vista das atribui\u00e7\u00f5es do respectivo cargo.<\/p>\n\n\n\n<h3 class=\"wp-block-heading\">Curso introdut\u00f3rio <\/h3>\n\n\n\n<p>Essa fase ser\u00e1 composta por aulas te\u00f3ricas e pr\u00e1ticas, a cargo de professores escolhidos pela Prefeitura, ter\u00e1 a dura\u00e7\u00e3o m\u00e1xima de 6 meses.<\/p>\n\n\n\n<p>O Concurso P\u00fablico tem o prazo de <strong>validade <\/strong>de 2 anos, podendo ser prorrogado por mais 2 anos, a contar da data da homologa\u00e7\u00e3o do certame, a crit\u00e9rio do Munic\u00edpio de Cotia.<\/p>\n\n\n\n<p><strong>Bons estudos e boa prova!!!<\/strong><\/p>\n","protected":false},"excerpt":{"rendered":"<p>Est\u00e3o abertas as inscri\u00e7\u00f5es para o concurso GCM Cotia, no estado de S\u00e3o Paulo, que oferta 150 vagas para o cargo de Guarda Civil Classe III, de n\u00edvel m\u00e9dio de escolaridade. Ficou interessado(a)? Fique e confira os demais detalhes no decorrer da not\u00edcia. \ud83d\ude09 Como realizar as inscri\u00e7\u00f5es no concurso GCM Cotia? Os interessados em participar do certame j\u00e1 podem realizar as inscri\u00e7\u00f5es por meio do site da banca organizadora, RBO &#8211; Assessoria P\u00fablica e Projetos Municipais, at\u00e9 o dia 16 de fevereiro de 2024. Para efetivar a inscri\u00e7\u00e3o \u00e9 necess\u00e1rio que o candidato efetue o pagamento de uma taxa&#8230;<\/p>\n","protected":false},"author":18,"featured_media":39512,"template":"","meta":{"_acf_changed":false,"rank_math_lock_modified_date":false},"categories":[],"tags":[],"acf":[],"_links":{"self":[{"href":"https:\/\/www.editorasolucao.com.br\/blog\/wp-json\/wp\/v2\/concurso\/39510"}],"collection":[{"href":"https:\/\/www.editorasolucao.com.br\/blog\/wp-json\/wp\/v2\/concurso"}],"about":[{"href":"https:\/\/www.editorasolucao.com.br\/blog\/wp-json\/wp\/v2\/types\/concurso"}],"author":[{"embeddable":true,"href":"https:\/\/www.editorasolucao.com.br\/blog\/wp-json\/wp\/v2\/users\/18"}],"wp:featuredmedia":[{"embeddable":true,"href":"https:\/\/www.editorasolucao.com.br\/blog\/wp-json\/wp\/v2\/media\/39512"}],"wp:attachment":[{"href":"https:\/\/www.editorasolucao.com.br\/blog\/wp-json\/wp\/v2\/media?parent=39510"}],"wp:term":[{"taxonomy":"category","embeddable":true,"href":"https:\/\/www.editorasolucao.com.br\/blog\/wp-json\/wp\/v2\/categories?post=39510"},{"taxonomy":"post_tag","embeddable":true,"href":"https:\/\/www.editorasolucao.com.br\/blog\/wp-json\/wp\/v2\/tags?post=39510"}],"curies":[{"name":"wp","href":"https:\/\/api.w.org\/{rel}","templated":true}]}}