{"id":4008,"date":"2024-04-10T09:02:45","date_gmt":"2024-04-10T12:02:45","guid":{"rendered":"https:\/\/www.editorasolucao.com.br\/blog\/?post_type=concurso&#038;p=4008"},"modified":"2024-04-24T12:36:36","modified_gmt":"2024-04-24T15:36:36","slug":"fms-pi","status":"publish","type":"concurso","link":"https:\/\/www.editorasolucao.com.br\/blog\/concurso\/fms-pi","title":{"rendered":"Concurso FMS PI: Sa\u00edram os editais de Teresina com 4.644 vagas!"},"content":{"rendered":"\n<p>J\u00e1 est\u00e3o abertas as inscri\u00e7\u00f5es do <strong>concurso FMS-PI <\/strong>(Funda\u00e7\u00e3o Municipal de Sa\u00fade de Teresina), no Piau\u00ed, com a oferta de 4.644 vagas para provimento imediato e para forma\u00e7\u00e3o de cadastro reserva para cargos de n\u00edveis m\u00e9dio\/t\u00e9cnico e superior de escolaridade. Fique e confira os demais detalhes no decorrer da not\u00edcia. \ud83d\ude0e<\/p>\n\n\n\n<div id=\"ez-toc-container\" class=\"ez-toc-v2_0_69_1 counter-hierarchy ez-toc-counter ez-toc-grey ez-toc-container-direction\">\n<div class=\"ez-toc-title-container\">\n<p class=\"ez-toc-title \" >Menu de navega&ccedil;&atilde;o<\/p>\n<span class=\"ez-toc-title-toggle\"><a href=\"#\" class=\"ez-toc-pull-right ez-toc-btn ez-toc-btn-xs ez-toc-btn-default ez-toc-toggle\" aria-label=\"Toggle Table of Content\"><span class=\"ez-toc-js-icon-con\"><span class=\"\"><span class=\"eztoc-hide\" style=\"display:none;\">Toggle<\/span><span class=\"ez-toc-icon-toggle-span\"><svg style=\"fill: #999;color:#999\" xmlns=\"http:\/\/www.w3.org\/2000\/svg\" class=\"list-377408\" width=\"20px\" height=\"20px\" viewBox=\"0 0 24 24\" fill=\"none\"><path d=\"M6 6H4v2h2V6zm14 0H8v2h12V6zM4 11h2v2H4v-2zm16 0H8v2h12v-2zM4 16h2v2H4v-2zm16 0H8v2h12v-2z\" fill=\"currentColor\"><\/path><\/svg><svg style=\"fill: #999;color:#999\" class=\"arrow-unsorted-368013\" xmlns=\"http:\/\/www.w3.org\/2000\/svg\" width=\"10px\" height=\"10px\" viewBox=\"0 0 24 24\" version=\"1.2\" baseProfile=\"tiny\"><path d=\"M18.2 9.3l-6.2-6.3-6.2 6.3c-.2.2-.3.4-.3.7s.1.5.3.7c.2.2.4.3.7.3h11c.3 0 .5-.1.7-.3.2-.2.3-.5.3-.7s-.1-.5-.3-.7zM5.8 14.7l6.2 6.3 6.2-6.3c.2-.2.3-.5.3-.7s-.1-.5-.3-.7c-.2-.2-.4-.3-.7-.3h-11c-.3 0-.5.1-.7.3-.2.2-.3.5-.3.7s.1.5.3.7z\"\/><\/svg><\/span><\/span><\/span><\/a><\/span><\/div>\n<nav><ul class='ez-toc-list ez-toc-list-level-1 ' ><li class='ez-toc-page-1 ez-toc-heading-level-2'><a class=\"ez-toc-link ez-toc-heading-1\" href=\"https:\/\/www.editorasolucao.com.br\/blog\/concurso\/fms-pi\/#Como_fazer_a_inscricao_no_concurso_FMS-PI\" title=\"Como fazer a inscri\u00e7\u00e3o no concurso FMS-PI?\">Como fazer a inscri\u00e7\u00e3o no concurso FMS-PI?<\/a><\/li><li class='ez-toc-page-1 ez-toc-heading-level-2'><a class=\"ez-toc-link ez-toc-heading-2\" href=\"https:\/\/www.editorasolucao.com.br\/blog\/concurso\/fms-pi\/#Quantas_vagas_estao_sendo_ofertadas_no_concurso_FMS_PI\" title=\"Quantas vagas est\u00e3o sendo ofertadas no concurso FMS PI?&nbsp;\">Quantas vagas est\u00e3o sendo ofertadas no concurso FMS PI?&nbsp;<\/a><\/li><li class='ez-toc-page-1 ez-toc-heading-level-2'><a class=\"ez-toc-link ez-toc-heading-3\" href=\"https:\/\/www.editorasolucao.com.br\/blog\/concurso\/fms-pi\/#Quais_sao_os_requisitos_para_a_investidura_no_concurso_FMS_PI\" title=\"Quais s\u00e3o os requisitos para a investidura no concurso FMS PI?\">Quais s\u00e3o os requisitos para a investidura no concurso FMS PI?<\/a><\/li><li class='ez-toc-page-1 ez-toc-heading-level-2'><a class=\"ez-toc-link ez-toc-heading-4\" href=\"https:\/\/www.editorasolucao.com.br\/blog\/concurso\/fms-pi\/#Como_sera_a_prova_FMS_de_Teresina_%E2%80%93_PI\" title=\"Como ser\u00e1 a prova FMS de Teresina &#8211; PI?\">Como ser\u00e1 a prova FMS de Teresina &#8211; PI?<\/a><\/li><\/ul><\/nav><\/div>\n<h2 class=\"wp-block-heading\" id=\"inscri\u00e7\u00f5es\"><span class=\"ez-toc-section\" id=\"Como_fazer_a_inscricao_no_concurso_FMS-PI\"><\/span>Como fazer a inscri\u00e7\u00e3o no concurso FMS-PI?<span class=\"ez-toc-section-end\"><\/span><\/h2>\n\n\n\n<p>As inscri\u00e7\u00f5es para o certame podem ser realizadas por meio do site da banca organizadora, <strong><a href=\"https:\/\/concurso.idecan.org.br\/Concurso.aspx?ID=121\" target=\"_blank\" rel=\"noreferrer noopener\">IDECAN<\/a>, at\u00e9  o dia 20 de maio de 2024<\/strong>.<\/p>\n\n\n\n<p>Portanto, para que a inscri\u00e7\u00e3o seja conclu\u00edda \u00e9 necess\u00e1rio que o candidato efetue o pagamento de uma taxa no valor referente ao n\u00edvel de escolaridade do cargo pretendido:<\/p>\n\n\n\n<ul>\n<li>N\u00edvel m\u00e9dio\/t\u00e9cnico: <strong>R$ 100,00<\/strong><\/li>\n\n\n\n<li>N\u00edvel superior: <strong>R$ 150,00<\/strong><\/li>\n\n\n\n<li>N\u00edvel superior &#8211; M\u00e9dico: <strong>R$ 300,00<\/strong><\/li>\n<\/ul>\n\n\n\n<p>Al\u00e9m disso, h\u00e1 a possibilidade de solicitar a isen\u00e7\u00e3o da taxa de participa\u00e7\u00e3o <strong>at\u00e9 o dia 10 de abril de 2024<\/strong>, para o candidato que se adequar a uma das seguintes condi\u00e7\u00f5es:<\/p>\n\n\n\n<ol>\n<li>Os candidatos portadores de defici\u00eancia, de acordo com o artigo 4\u00aa do Decreto Federal n\u00ba 3.298\/99, que regulamenta a Lei Federal n\u00ba 7.853\/89;<\/li>\n\n\n\n<li>Os candidatos doadores de sangue;<\/li>\n\n\n\n<li>Os candidatos doadores de medula \u00f3ssea em entidades reconhecidas;<\/li>\n\n\n\n<li>Para candidatos estudantes Lei Municipal n\u00ba 4.031, de 20\/08\/2010 (desconto de 50% na taxa de inscri\u00e7\u00e3o);<\/li>\n\n\n\n<li>Para candidatas doadoras de leite materno;<\/li>\n\n\n\n<li>Decretos Federais n\u00ba 6.593\/2008 e n\u00ba 11.016\/2022 (inscri\u00e7\u00e3o no Cadastro \u00danico para Programas Sociais do Governo Federal \u2013 Cad\u00danico).<\/li>\n<\/ol>\n\n\n\n<h2 class=\"wp-block-heading\" id=\"cargos\"><span class=\"ez-toc-section\" id=\"Quantas_vagas_estao_sendo_ofertadas_no_concurso_FMS_PI\"><\/span>Quantas vagas est\u00e3o sendo ofertadas no concurso FMS PI?&nbsp;<span class=\"ez-toc-section-end\"><\/span><\/h2>\n\n\n\n<p>Com a soma dos editais, ao todo est\u00e3o sendo ofertadas 4.644 vagas, sendo <strong>643 imediatas e 4.001 oportunidades para forma\u00e7\u00e3o de cadastro reserva<\/strong>, para diversas especialidades das \u00e1reas Assistencial e Administrativa, de n\u00edveis m\u00e9dio, t\u00e9cnico e superior. <\/p>\n\n\n\n<p>Confira abaixo os cargos ofertados em cada edital, a distribui\u00e7\u00e3o das vagas e os sal\u00e1rios:<\/p>\n\n\n\n<h3 class=\"wp-block-heading\">Edital N\u00ba 01\/2024<\/h3>\n\n\n\n<h4 class=\"wp-block-heading\">N\u00edvel m\u00e9dio\/t\u00e9cnico &#8211; Assistente T\u00e9cnico de Sa\u00fade<\/h4>\n\n\n\n<ol>\n<li>Auxiliar de Sa\u00fade Bucal (04+70CR) \n<ul>\n<li>R$ 1.412,00<\/li>\n<\/ul>\n<\/li>\n\n\n\n<li>Cuidador (01+10CR) \n<ul>\n<li>R$ 1.412,00<\/li>\n<\/ul>\n<\/li>\n\n\n\n<li>T\u00e9cnico em Enfermagem Diarista (113+450CR) \n<ul>\n<li>R$ 1.982,20<\/li>\n<\/ul>\n<\/li>\n\n\n\n<li>T\u00e9cnico em Enfermagem Plantonista (113+450CR) \n<ul>\n<li>R$ 1.982,20<\/li>\n<\/ul>\n<\/li>\n\n\n\n<li>T\u00e9cnico em Enfermagem do Trabalho (01+10CR) \n<ul>\n<li>R$ 1.982,20<\/li>\n<\/ul>\n<\/li>\n\n\n\n<li>T\u00e9cnico em Enfermagem ESF (34+140CR) \n<ul>\n<li>R$ 1.982,20<\/li>\n<\/ul>\n<\/li>\n\n\n\n<li>T\u00e9cnico em Farm\u00e1cia (13+250CR) \n<ul>\n<li>R$ 1.412,00<\/li>\n<\/ul>\n<\/li>\n\n\n\n<li>T\u00e9cnico em Imobiliza\u00e7\u00e3o em Gesso (01+10CR) \n<ul>\n<li>R$ 1.475,40<\/li>\n<\/ul>\n<\/li>\n\n\n\n<li>T\u00e9cnico em Patologia Cl\u00ednica, \u00e1rea An\u00e1lises Cl\u00ednicas (19+70CR)\n<ul>\n<li>R$ 1.475,40<\/li>\n<\/ul>\n<\/li>\n\n\n\n<li>T\u00e9cnico em Patologia Cl\u00ednica, \u00e1rea de Citologia (02+10CR) \n<ul>\n<li>R$ 1.475,40<\/li>\n<\/ul>\n<\/li>\n\n\n\n<li>T\u00e9cnico em Radiologia (02+70CR) \n<ul>\n<li>R$ 1.475,40<\/li>\n<\/ul>\n<\/li>\n\n\n\n<li>T\u00e9cnico em Saneamento (01+10CR) \n<ul>\n<li>R$ 1.412,00<\/li>\n<\/ul>\n<\/li>\n\n\n\n<li>T\u00e9cnico em Seguran\u00e7a do Trabalho (01+20CR) \n<ul>\n<li>R$ 1.475,40<\/li>\n<\/ul>\n<\/li>\n\n\n\n<li>T\u00e9cnico Histot\u00e9cnico (01+05CR) \n<ul>\n<li>R$ 1.475,40<\/li>\n<\/ul>\n<\/li>\n<\/ol>\n\n\n\n<h4 class=\"wp-block-heading\">N\u00edvel superior<\/h4>\n\n\n\n<ol>\n<li>T\u00e9cnico de N\u00edvel Superior\n<ul>\n<li>Analista Cl\u00ednico (02+60CR) \n<ul>\n<li>R$ 5.930,65<\/li>\n<\/ul>\n<\/li>\n\n\n\n<li>Assistente Social (02+60CR)  \n<ul>\n<li>R$ 5.930,65<\/li>\n<\/ul>\n<\/li>\n\n\n\n<li>Bi\u00f3logo (01+06CR) \n<ul>\n<li>R$ 4.252,15<\/li>\n<\/ul>\n<\/li>\n\n\n\n<li>Educador F\u00edsico (01+20CR) \n<ul>\n<li>R$ 6.110,71<\/li>\n<\/ul>\n<\/li>\n\n\n\n<li>Enfermeiro do Trabalho (05CR) \n<ul>\n<li>R$ 6.171,93<\/li>\n<\/ul>\n<\/li>\n\n\n\n<li>Farmac\u00eautico (02+55CR) \n<ul>\n<li>R$ 5.930,65<\/li>\n<\/ul>\n<\/li>\n\n\n\n<li>Fisioterapeuta Intensivista-adulto (04+30CR) \n<ul>\n<li>R$ 6.110,94<\/li>\n<\/ul>\n<\/li>\n\n\n\n<li>Fisioterapeuta Intensivista neonatal (01+10CR) \n<ul>\n<li>R$ 6.110,94<\/li>\n<\/ul>\n<\/li>\n\n\n\n<li>Fonoaudi\u00f3logo generalista (01+10CR) \n<ul>\n<li>R$ 4.432,20<\/li>\n<\/ul>\n<\/li>\n\n\n\n<li>Fonoaudi\u00f3logo Hospitalar (02+20CR) \n<ul>\n<li>R$ 4.432,20<\/li>\n<\/ul>\n<\/li>\n\n\n\n<li>Nutricionista (01+20CR) \n<ul>\n<li>R$ 6.110,94<\/li>\n<\/ul>\n<\/li>\n\n\n\n<li>Psic\u00f3logo generalista (05+40CR) \n<ul>\n<li>R$ 6.110,71<\/li>\n<\/ul>\n<\/li>\n\n\n\n<li>Psic\u00f3logo Infantil (01+10CR) \n<ul>\n<li>R$ 6.110,71<\/li>\n<\/ul>\n<\/li>\n\n\n\n<li>Tecn\u00f3logo em Radiologia (01+15CR) \n<ul>\n<li>R$ 4.924,58<\/li>\n<\/ul>\n<\/li>\n\n\n\n<li>Terapeuta Ocupacional (01+05CR) \n<ul>\n<li>R$ 6.110,94<\/li>\n<\/ul>\n<\/li>\n\n\n\n<li>Veterin\u00e1rio (01+10CR) \n<ul>\n<li>R$ 6.110,79<\/li>\n<\/ul>\n<\/li>\n<\/ul>\n<\/li>\n\n\n\n<li>Odont\u00f3logo\n<ul>\n<li>Cirurgi\u00e3o Dentista ESF (04+40CR) \n<ul>\n<li>R$ 4.546,66<\/li>\n<\/ul>\n<\/li>\n\n\n\n<li>Plantonista (02+20CR) \n<ul>\n<li>R$ 5.301,59<\/li>\n<\/ul>\n<\/li>\n\n\n\n<li>Cirurgi\u00e3o Dentista &#8211; Oral Menor (02+20CR) \n<ul>\n<li>R$ 4.546,66<\/li>\n<\/ul>\n<\/li>\n\n\n\n<li>Cirurgi\u00e3o Dentista Endodontista (04+30CR) \n<ul>\n<li>R$ 4.546,66<\/li>\n<\/ul>\n<\/li>\n\n\n\n<li>Cirurgi\u00e3o Dentista Periodontista (01+10CR)\n<ul>\n<li> R$ 4.546,66<\/li>\n<\/ul>\n<\/li>\n\n\n\n<li>Cirurgi\u00e3o Dentista &#8211; PNE (01+10CR) \n<ul>\n<li>R$ 4.546,66<\/li>\n<\/ul>\n<\/li>\n\n\n\n<li>Cirurgi\u00e3o Dentista &#8211; Hospitalar (01+10CR) \n<ul>\n<li>R$ 4.546,66<\/li>\n<\/ul>\n<\/li>\n<\/ul>\n<\/li>\n\n\n\n<li>Enfermeiro &#8211; ESF (11+100CR) \n<ul>\n<li>R$ 4.114,68<\/li>\n<\/ul>\n<\/li>\n\n\n\n<li>Enfermeiro &#8211; Intensivista &#8211; adulto (03+20CR) \n<ul>\n<li>R$ 4.797,83<\/li>\n<\/ul>\n<\/li>\n\n\n\n<li>Enfermeiro &#8211; Intensivista &#8211; pedi\u00e1trico (02+10CR) \n<ul>\n<li>R$ 4.797,83<\/li>\n<\/ul>\n<\/li>\n\n\n\n<li>Enfermeiro &#8211; Intensivista &#8211; neonatal (02+10CR) \n<ul>\n<li>R$ 4.797,83<\/li>\n<\/ul>\n<\/li>\n\n\n\n<li>Enfermeiro &#8211; Obstetra (02+10CR) \n<ul>\n<li>R$ 4.797,83<\/li>\n<\/ul>\n<\/li>\n\n\n\n<li><a href=\"https:\/\/www.editorasolucao.com.br\/curso-online\/curso-fms-teresina-assistente-tecnico-saude-tecnico-em-enfermagem-diarista\">Enfermeiro Diarista<\/a> (24+100CR) \n<ul>\n<li>R$ 6.171,93<\/li>\n<\/ul>\n<\/li>\n\n\n\n<li>Enfermeiro Plantonista (63+250CR) \n<ul>\n<li>R$ 4.793,83<\/li>\n<\/ul>\n<\/li>\n<\/ol>\n\n\n\n<h4 class=\"wp-block-heading\">\u00c1rea m\u00e9dica<\/h4>\n\n\n\n<ol>\n<li>Auditor &#8211; Medicina (01+10CR) \n<ul>\n<li>R$ 12.199,92<\/li>\n<\/ul>\n<\/li>\n\n\n\n<li>M\u00e9dico &#8211; diversas especialidades (145+973CR) \n<ul>\n<li>R$ 8.133,28 ou R$ 10.511,37<\/li>\n<\/ul>\n<\/li>\n<\/ol>\n\n\n\n<h3 class=\"wp-block-heading\">Edital N\u00ba 02\/2024<\/h3>\n\n\n\n<h4 class=\"wp-block-heading\">N\u00edvel m\u00e9dio\/t\u00e9cnico<\/h4>\n\n\n\n<ol>\n<li>Assistente T\u00e9cnico Administrativo &#8211; R$ 1.412,00\n<ul>\n<li>Artes\u00e3o (01+20CR) <\/li>\n\n\n\n<li><a href=\"https:\/\/www.editorasolucao.com.br\/apostila-solucao\/fms-teresina-assistente-tec-administrativo-auxiliar-administracao\">Auxiliar de Administra\u00e7\u00e3o<\/a> (10+200CR)<\/li>\n\n\n\n<li>Condutor de Ambul\u00e2ncia (02+20CR)<\/li>\n\n\n\n<li>T\u00e9cnico em Geoprocessamento (01+05CR)<\/li>\n\n\n\n<li>T\u00e9cnico em Gest\u00e3o Ambiental (01+05CR)<\/li>\n<\/ul>\n<\/li>\n<\/ol>\n\n\n\n<h4 class=\"wp-block-heading\">N\u00edvel superior<\/h4>\n\n\n\n<ol>\n<li>Auditor\n<ul>\n<li>Enfermagem (01+06CR) \n<ul>\n<li>R$ 6.178,65<\/li>\n<\/ul>\n<\/li>\n\n\n\n<li>Contabilidade (01+05CR) \n<ul>\n<li>R$ 4.252,15<\/li>\n<\/ul>\n<\/li>\n\n\n\n<li>Odontologia (01+05CR) \n<ul>\n<li>R$ 6.819,98<\/li>\n<\/ul>\n<\/li>\n\n\n\n<li>Farm\u00e1cia (01+05CR) \n<ul>\n<li>R$ 5.930,65<\/li>\n<\/ul>\n<\/li>\n\n\n\n<li>Direito (01+05CR) \n<ul>\n<li>R$ 6.553,10<\/li>\n<\/ul>\n<\/li>\n\n\n\n<li>An\u00e1lise de Sistemas (01+05CR) \n<ul>\n<li>R$ 5.468,24<\/li>\n<\/ul>\n<\/li>\n<\/ul>\n<\/li>\n\n\n\n<li>T\u00e9cnico de N\u00edvel Superior\n<ul>\n<li>Analista de Pol\u00edticas P\u00fablicas em Sa\u00fade (01+05CR) \n<ul>\n<li>R$ 4.252,15<\/li>\n<\/ul>\n<\/li>\n\n\n\n<li>Analista de Sistemas &#8211; Banco de dados (05CR) \n<ul>\n<li>R$ 5.468,24<\/li>\n<\/ul>\n<\/li>\n\n\n\n<li>Analista de Sistemas &#8211; Desenvolvimento (01+10CR) \n<ul>\n<li>R$ 5.468,24<\/li>\n<\/ul>\n<\/li>\n\n\n\n<li>Analista de Sistemas &#8211; Redes (05CR) \n<ul>\n<li>R$ 5.468,24<\/li>\n<\/ul>\n<\/li>\n\n\n\n<li>Contador (01+05CR) \n<ul>\n<li>R$ 4.252,12<\/li>\n<\/ul>\n<\/li>\n\n\n\n<li>Economista (01+05CR) \n<ul>\n<li>R$ 4.252,12<\/li>\n<\/ul>\n<\/li>\n\n\n\n<li>Estat\u00edstico (05CR) \n<ul>\n<li>R$ 4.252,12<\/li>\n<\/ul>\n<\/li>\n\n\n\n<li>Jornalista (01+05CR) \n<ul>\n<li>R$ 4.252,12<\/li>\n<\/ul>\n<\/li>\n\n\n\n<li>Arquiteto (05CR) \n<ul>\n<li>R$ 7.142,88<\/li>\n<\/ul>\n<\/li>\n\n\n\n<li>Engenheiro Civil (10CR) \n<ul>\n<li>R$ 7.142,88<\/li>\n<\/ul>\n<\/li>\n\n\n\n<li>Engenheiro El\u00e9trico (01+10CR) \n<ul>\n<li>R$ 7.142,88<\/li>\n<\/ul>\n<\/li>\n\n\n\n<li>Engenheiro Mec\u00e2nico (01+05CR) \n<ul>\n<li>R$ 7.142,88<\/li>\n<\/ul>\n<\/li>\n\n\n\n<li>Engenheiro do Trabalho (01+10CR) \n<ul>\n<li>R$ 7.142,88<\/li>\n<\/ul>\n<\/li>\n<\/ul>\n<\/li>\n<\/ol>\n\n\n\n<p>A jornada de trabalho varia entre 20 a 30 horas semanais, de acordo com o cargo pretendido pelo candidato.<\/p>\n\n\n\n<h2 class=\"wp-block-heading\" id=\"requisitos\"><span class=\"ez-toc-section\" id=\"Quais_sao_os_requisitos_para_a_investidura_no_concurso_FMS_PI\"><\/span>Quais s\u00e3o os requisitos para a investidura no concurso FMS PI?<span class=\"ez-toc-section-end\"><\/span><\/h2>\n\n\n\n<p>Para que o candidato tome posse do cargo pretendido no <strong>concurso Funda\u00e7\u00e3o Municipal de Sa\u00fade de Teresina<\/strong> \u00e9 necess\u00e1rio cumprir as seguintes exig\u00eancias:<\/p>\n\n\n\n<ul>\n<li>Ter nacionalidade brasileira ou portuguesa e, no caso de nacionalidade portuguesa, estar amparado pelo estatuto de igualdade entre brasileiros e portugueses, com reconhecimento do gozo dos direitos pol\u00edticos, nos termos do artigo 13, do Decreto n.\u00ba 70.436, de 18.04.1972;<\/li>\n\n\n\n<li>Ter idade m\u00ednima de 18 anos;<\/li>\n\n\n\n<li>Estar em pleno gozo e exerc\u00edcio dos direitos pol\u00edticos;<\/li>\n\n\n\n<li>Estar em dia com as obriga\u00e7\u00f5es eleitorais;<\/li>\n\n\n\n<li>Firmar declara\u00e7\u00e3o de n\u00e3o estar cumprindo san\u00e7\u00e3o por inidoneidade, aplicada por qualquer \u00f3rg\u00e3o p\u00fablico ou entidade da esfera federal, estadual ou municipal;<\/li>\n\n\n\n<li>Estar em dia com os deveres do Servi\u00e7o Militar, para os candidatos do sexo masculino;<\/li>\n\n\n\n<li>Ter obtido parecer favor\u00e1vel do \u00f3rg\u00e3o de inspe\u00e7\u00e3o m\u00e9dica oficial do Munic\u00edpio de Teresina \u2013 o IPMT;<\/li>\n\n\n\n<li>Possuir os documentos comprobat\u00f3rios da escolaridade exigida constantes neste Edital;<\/li>\n\n\n\n<li>Apresentar declara\u00e7\u00e3o de acumula\u00e7\u00e3o l\u00edcita de cargos ou empregos p\u00fablicos; e<\/li>\n\n\n\n<li>Apresentar originais e c\u00f3pias dos documentos a serem exigidos no Edital de convoca\u00e7\u00e3o.<\/li>\n<\/ul>\n\n\n\n<h2 class=\"wp-block-heading\" id=\"etapas\"><span class=\"ez-toc-section\" id=\"Como_sera_a_prova_FMS_de_Teresina_%E2%80%93_PI\"><\/span>Como ser\u00e1 a prova FMS de Teresina &#8211; PI?<span class=\"ez-toc-section-end\"><\/span><\/h2>\n\n\n\n<p>Os candidatos ser\u00e3o avaliados por meio das seguintes etapas de sele\u00e7\u00e3o:<\/p>\n\n\n\n<ol>\n<li><strong>Prova objetiva<\/strong> &#8211; de car\u00e1ter <em>eliminat\u00f3rio <\/em>e <em>classificat\u00f3rio<\/em><\/li>\n\n\n\n<li><strong>Prova discursiva<\/strong> &#8211; de car\u00e1ter <em>eliminat\u00f3rio <\/em>e <em>classificat\u00f3rio<\/em><\/li>\n\n\n\n<li><strong>Prova de t\u00edtulos<\/strong> &#8211; de car\u00e1ter <em>classificat\u00f3rio <\/em>\n<ul>\n<li>Somente para cargos de n\u00edvel superior<\/li>\n<\/ul>\n<\/li>\n<\/ol>\n\n\n\n<h3 class=\"wp-block-heading\">Prova objetiva<\/h3>\n\n\n\n<p>Essa etapa contar\u00e1 com dias dias de aplica\u00e7\u00e3o, sendo:<\/p>\n\n\n\n<h4 class=\"wp-block-heading\">Edital n\u00ba 01\/2024 &#8211; 07 de julho de 2024<\/h4>\n\n\n\n<p><strong>Manh\u00e3 &#8211; De 08h00min \u00e0s 13h00min<\/strong><\/p>\n\n\n\n<ul>\n<li>N\u00edvel m\u00e9dio e t\u00e9cnico<\/li>\n<\/ul>\n\n\n\n<p><strong>Tarde &#8211; De 14h00min \u00e0s 19h00min<\/strong><\/p>\n\n\n\n<ul>\n<li>N\u00edvel superior<\/li>\n<\/ul>\n\n\n\n<h4 class=\"wp-block-heading\">Edital n\u00ba 02\/2024 &#8211; 29 de junho de 2024<\/h4>\n\n\n\n<p><strong>Manh\u00e3 &#8211; De 08h00min \u00e0s 13h00min<\/strong><\/p>\n\n\n\n<ul>\n<li>N\u00edvel m\u00e9dio e t\u00e9cnico<\/li>\n<\/ul>\n\n\n\n<p><strong>Tarde &#8211; De 14h00min \u00e0s 19h00min<\/strong><\/p>\n\n\n\n<ul>\n<li>N\u00edvel superior<\/li>\n<\/ul>\n\n\n\n<p>A avalia\u00e7\u00e3o ser\u00e1 composta por <strong>60 quest\u00f5es de m\u00faltipla escolh<\/strong>a que ser\u00e3o versadas nas seguintes disciplinas:<\/p>\n\n\n\n<ol>\n<li>L\u00edngua Portuguesa (10)<\/li>\n\n\n\n<li>Racioc\u00ednio L\u00f3gico (10)<\/li>\n\n\n\n<li>Estatuto dos Servidores P\u00fablicos do Munic\u00edpio de Teresina &#8211; Lei Municipal n\u00ba 2.138\/1992 (05)<\/li>\n\n\n\n<li>Conhecimentos SUS (05)<\/li>\n\n\n\n<li>Conhecimentos espec\u00edficos ao cargo (30)<\/li>\n<\/ol>\n\n\n\n<p>Ser\u00e1 considerado aprovado o candidato que obtiver 50% do total de pontos, n\u00e3o podendo obter nota igual a zero em qualquer uma das disciplinas.<\/p>\n\n\n\n<h3 class=\"wp-block-heading\">Prova discursiva<\/h3>\n\n\n\n<p>Essa fase ser\u00e1 composta por <strong>uma reda\u00e7\u00e3o<\/strong> que dever\u00e1 ser elaborada com base em um tema da atualidade, que constar\u00e1 de uma quest\u00e3o, e consistir\u00e1 na elabora\u00e7\u00e3o de texto dissertativo \u2013 argumentativo.<\/p>\n\n\n\n<p>O texto dever\u00e1 ser redigido em m\u00ednimo, 15, e no m\u00e1ximo, 25 linhas, onde ser\u00e3o avaliados os seguintes crit\u00e9rios:<\/p>\n\n\n\n<ol>\n<li>Formal\n<ul>\n<li>Dom\u00ednio da norma culta da l\u00edngua<\/li>\n\n\n\n<li>Pontua\u00e7\u00e3o, acentua\u00e7\u00e3o e ortografia<\/li>\n\n\n\n<li>Concord\u00e2ncia verbal e nominal<\/li>\n\n\n\n<li>Reg\u00eancia verbal e Nominal<\/li>\n\n\n\n<li>Coloca\u00e7\u00e3o pronominal<\/li>\n\n\n\n<li>Estrutura sint\u00e1tica de ora\u00e7\u00f5es e per\u00edodos, elementos coesivos<\/li>\n<\/ul>\n<\/li>\n\n\n\n<li>Textual\n<ul>\n<li>Respeito \u00e0 estrutura da tipologia textual solicitada<\/li>\n\n\n\n<li>Sequ\u00eancia l\u00f3gica e de organiza\u00e7\u00e3o do pensamento (introdu\u00e7\u00e3o, desenvolvimento e conclus\u00e3o)<\/li>\n\n\n\n<li>Uso adequado de conectivos e elementos anaf\u00f3ricos<\/li>\n\n\n\n<li>Observ\u00e2ncia da estrutura sint\u00e1tico sem\u00e2ntica dos per\u00edodos<\/li>\n\n\n\n<li>Coer\u00eancia e Coes\u00e3o<\/li>\n<\/ul>\n<\/li>\n\n\n\n<li>T\u00e9cnico\n<ul>\n<li>Compreens\u00e3o da proposta<\/li>\n\n\n\n<li>Habilidade argumentativa (atualiza\u00e7\u00e3o, originalidade e relev\u00e2ncia das informa\u00e7\u00f5es)<\/li>\n\n\n\n<li>Progress\u00e3o tem\u00e1tica<\/li>\n\n\n\n<li>Conhecimento do tema (cobertura dos t\u00f3picos apresentados: dom\u00ednio e inter-rela\u00e7\u00e3o entre os conceitos centrais do tema proposto)<\/li>\n\n\n\n<li>Capacidade de an\u00e1lise e senso cr\u00edtico em rela\u00e7\u00e3o ao tema proposto<\/li>\n<\/ul>\n<\/li>\n<\/ol>\n\n\n\n<p>A avalia\u00e7\u00e3o ser\u00e1 avaliada em uma escala de 0 a 30 pontos, sendo considerado aprovado o candidato que tenha acertado, no m\u00ednimo, 50% na totalidade da pontua\u00e7\u00e3o.<\/p>\n\n\n\n<h3 class=\"wp-block-heading\">Prova de t\u00edtulos<\/h3>\n\n\n\n<p>Essa etapa consistir\u00e1 na <strong>an\u00e1lise dos t\u00edtulos<\/strong> apresentados pelos candidatos. Confira os t\u00edtulos que ser\u00e3o aceitos para a avalia\u00e7\u00e3o de cada edital:<\/p>\n\n\n\n<h4 class=\"wp-block-heading\">Edital N\u00ba 01\/2024<\/h4>\n\n\n\n<ol>\n<li>Curso de p\u00f3s-gradua\u00e7\u00e3o stricto sensu em n\u00edvel de doutorado.<\/li>\n\n\n\n<li>Curso de p\u00f3s-gradua\u00e7\u00e3o stricto sensu em n\u00edvel de mestrado.<\/li>\n\n\n\n<li>Curso de especializa\u00e7\u00e3o em \u00e1rea relacionada com o cargo a que concorre, com carga hor\u00e1ria m\u00ednima de 360 horas, desde que o t\u00edtulo n\u00e3o seja pr\u00e9-requisito para a qualifica\u00e7\u00e3o da assun\u00e7\u00e3o do cargo pleiteado, conforme Anexo I.<\/li>\n\n\n\n<li>Curso de especializa\u00e7\u00e3o, com carga hor\u00e1ria m\u00ednima de 360h, em qualquer \u00e1rea do conhecimento.<\/li>\n\n\n\n<li>Resid\u00eancia na \u00e1rea de cl\u00ednica m\u00e9dica, para a especialidade cl\u00ednica m\u00e9dica (20h e 24h).<\/li>\n\n\n\n<li>Curso atualizado em ACLS &#8211; Advanced Cardiovascular Life Support, BLS &#8211; Basic Life Support, PHTLS &#8211; Prehospital Trauma Life Support e ATLS &#8211; Advanced Trauma Life Support.<\/li>\n<\/ol>\n\n\n\n<h4 class=\"wp-block-heading\">Edital N\u00ba 02\/2024<\/h4>\n\n\n\n<ol>\n<li>Curso de p\u00f3s-gradua\u00e7\u00e3o stricto sensu em n\u00edvel de doutorado.<\/li>\n\n\n\n<li>Curso de p\u00f3s-gradua\u00e7\u00e3o stricto sensu em n\u00edvel de mestrado<\/li>\n\n\n\n<li>Curso de especializa\u00e7\u00e3o em \u00e1rea relacionada com o cargo a que concorre, com carga hor\u00e1ria m\u00ednima de 360h.<\/li>\n\n\n\n<li>Curso de especializa\u00e7\u00e3o, com carga hor\u00e1ria m\u00ednima de 360h, em qualquer \u00e1rea do conhecimento.<\/li>\n<\/ol>\n\n\n\n<p>O prazo de <strong>validade <\/strong>do concurso p\u00fablico ser\u00e1 de dois anos, a contar da data de publica\u00e7\u00e3o da homologa\u00e7\u00e3o do resultado final no Di\u00e1rio Oficial do Munic\u00edpio (DOM), podendo ser prorrogado, uma \u00fanica vez, por igual prazo, a crit\u00e9rio da Funda\u00e7\u00e3o Municipal de Sa\u00fade<\/p>\n\n\n\n<p><strong>Bons estudos e boa prova!!!<\/strong><\/p>\n\n\n\n<p><strong>Editais:<\/strong><\/p>\n\n\n\n<p><a href=\"https:\/\/www.editorasolucao.com.br\/blog\/wp-content\/uploads\/2024\/04\/Concurso-FMS-PI-Edital-No-012024-Area-Assistencial.pdf\" target=\"_blank\" rel=\"noreferrer noopener\">Edital N\u00ba 01\/2024 &#8211; \u00c1rea Assistencial<\/a><\/p>\n\n\n\n<p><a href=\"https:\/\/www.editorasolucao.com.br\/blog\/wp-content\/uploads\/2024\/04\/Concurso-FMS-PI-Edital-No-022024-Area-Administrativa.pdf\" target=\"_blank\" rel=\"noreferrer noopener\">Edital N\u00ba 02\/2024 &#8211; \u00c1rea Administrativa<\/a><\/p>\n","protected":false},"excerpt":{"rendered":"<p>J\u00e1 est\u00e3o abertas as inscri\u00e7\u00f5es do concurso FMS-PI (Funda\u00e7\u00e3o Municipal de Sa\u00fade de Teresina), no Piau\u00ed, com a oferta de 4.644 vagas para provimento imediato e para forma\u00e7\u00e3o de cadastro reserva para cargos de n\u00edveis m\u00e9dio\/t\u00e9cnico e superior de escolaridade. Fique e confira os demais detalhes no decorrer da not\u00edcia. \ud83d\ude0e Como fazer a inscri\u00e7\u00e3o no concurso FMS-PI? As inscri\u00e7\u00f5es para o certame podem ser realizadas por meio do site da banca organizadora, IDECAN, at\u00e9 o dia 20 de maio de 2024. Portanto, para que a inscri\u00e7\u00e3o seja conclu\u00edda \u00e9 necess\u00e1rio que o candidato efetue o pagamento de uma taxa&#8230;<\/p>\n","protected":false},"author":18,"featured_media":41792,"template":"","meta":{"_acf_changed":true,"rank_math_lock_modified_date":false},"categories":[],"tags":[],"acf":[],"_links":{"self":[{"href":"https:\/\/www.editorasolucao.com.br\/blog\/wp-json\/wp\/v2\/concurso\/4008"}],"collection":[{"href":"https:\/\/www.editorasolucao.com.br\/blog\/wp-json\/wp\/v2\/concurso"}],"about":[{"href":"https:\/\/www.editorasolucao.com.br\/blog\/wp-json\/wp\/v2\/types\/concurso"}],"author":[{"embeddable":true,"href":"https:\/\/www.editorasolucao.com.br\/blog\/wp-json\/wp\/v2\/users\/18"}],"wp:featuredmedia":[{"embeddable":true,"href":"https:\/\/www.editorasolucao.com.br\/blog\/wp-json\/wp\/v2\/media\/41792"}],"wp:attachment":[{"href":"https:\/\/www.editorasolucao.com.br\/blog\/wp-json\/wp\/v2\/media?parent=4008"}],"wp:term":[{"taxonomy":"category","embeddable":true,"href":"https:\/\/www.editorasolucao.com.br\/blog\/wp-json\/wp\/v2\/categories?post=4008"},{"taxonomy":"post_tag","embeddable":true,"href":"https:\/\/www.editorasolucao.com.br\/blog\/wp-json\/wp\/v2\/tags?post=4008"}],"curies":[{"name":"wp","href":"https:\/\/api.w.org\/{rel}","templated":true}]}}