{"id":41523,"date":"2024-04-03T13:06:48","date_gmt":"2024-04-03T16:06:48","guid":{"rendered":"https:\/\/www.editorasolucao.com.br\/blog\/?post_type=concurso&#038;p=41523"},"modified":"2024-04-23T10:19:40","modified_gmt":"2024-04-23T13:19:40","slug":"camara-de-cachoeira-paulista-sp","status":"publish","type":"concurso","link":"https:\/\/www.editorasolucao.com.br\/blog\/concurso\/camara-de-cachoeira-paulista-sp","title":{"rendered":"Concurso C\u00e2mara de Cachoeira Paulista: Inscri\u00e7\u00f5es abertas. At\u00e9 R$ 6,6 mil!"},"content":{"rendered":"\n<p>Est\u00e3o abertas as inscri\u00e7\u00f5es do Concurso da C\u00e2mara de Cachoeira Paulista, este certame visa preencher <strong>8 vagas imediatas<\/strong> para n\u00edvel fundamental, m\u00e9dio e superior. Sal\u00e1rios podem chegar at\u00e9<strong> R$6,6 mil! <\/strong>Se interessou pelo certame? Venha saber mais!! <\/p>\n\n\n\n<div id=\"ez-toc-container\" class=\"ez-toc-v2_0_69_1 counter-hierarchy ez-toc-counter ez-toc-grey ez-toc-container-direction\">\n<div class=\"ez-toc-title-container\">\n<p class=\"ez-toc-title \" >Menu de navega&ccedil;&atilde;o<\/p>\n<span class=\"ez-toc-title-toggle\"><a href=\"#\" class=\"ez-toc-pull-right ez-toc-btn ez-toc-btn-xs ez-toc-btn-default ez-toc-toggle\" aria-label=\"Toggle Table of Content\"><span class=\"ez-toc-js-icon-con\"><span class=\"\"><span class=\"eztoc-hide\" style=\"display:none;\">Toggle<\/span><span class=\"ez-toc-icon-toggle-span\"><svg style=\"fill: #999;color:#999\" xmlns=\"http:\/\/www.w3.org\/2000\/svg\" class=\"list-377408\" width=\"20px\" height=\"20px\" viewBox=\"0 0 24 24\" fill=\"none\"><path d=\"M6 6H4v2h2V6zm14 0H8v2h12V6zM4 11h2v2H4v-2zm16 0H8v2h12v-2zM4 16h2v2H4v-2zm16 0H8v2h12v-2z\" fill=\"currentColor\"><\/path><\/svg><svg style=\"fill: #999;color:#999\" class=\"arrow-unsorted-368013\" xmlns=\"http:\/\/www.w3.org\/2000\/svg\" width=\"10px\" height=\"10px\" viewBox=\"0 0 24 24\" version=\"1.2\" baseProfile=\"tiny\"><path d=\"M18.2 9.3l-6.2-6.3-6.2 6.3c-.2.2-.3.4-.3.7s.1.5.3.7c.2.2.4.3.7.3h11c.3 0 .5-.1.7-.3.2-.2.3-.5.3-.7s-.1-.5-.3-.7zM5.8 14.7l6.2 6.3 6.2-6.3c.2-.2.3-.5.3-.7s-.1-.5-.3-.7c-.2-.2-.4-.3-.7-.3h-11c-.3 0-.5.1-.7.3-.2.2-.3.5-.3.7s.1.5.3.7z\"\/><\/svg><\/span><\/span><\/span><\/a><\/span><\/div>\n<nav><ul class='ez-toc-list ez-toc-list-level-1 ' ><li class='ez-toc-page-1 ez-toc-heading-level-2'><a class=\"ez-toc-link ez-toc-heading-1\" href=\"https:\/\/www.editorasolucao.com.br\/blog\/concurso\/camara-de-cachoeira-paulista-sp\/#Como_posso_me_inscrever\" title=\"Como posso me inscrever?\">Como posso me inscrever?<\/a><\/li><li class='ez-toc-page-1 ez-toc-heading-level-2'><a class=\"ez-toc-link ez-toc-heading-2\" href=\"https:\/\/www.editorasolucao.com.br\/blog\/concurso\/camara-de-cachoeira-paulista-sp\/#Quais_vagas_estao_sendo_ofertadas\" title=\"Quais vagas est\u00e3o sendo ofertadas?\">Quais vagas est\u00e3o sendo ofertadas?<\/a><\/li><li class='ez-toc-page-1 ez-toc-heading-level-2'><a class=\"ez-toc-link ez-toc-heading-3\" href=\"https:\/\/www.editorasolucao.com.br\/blog\/concurso\/camara-de-cachoeira-paulista-sp\/#Requisitos_para_investidura_dos_cargos\" title=\"Requisitos para investidura dos cargos\">Requisitos para investidura dos cargos<\/a><\/li><li class='ez-toc-page-1 ez-toc-heading-level-2'><a class=\"ez-toc-link ez-toc-heading-4\" href=\"https:\/\/www.editorasolucao.com.br\/blog\/concurso\/camara-de-cachoeira-paulista-sp\/#Como_posso_me_preparar_para_as_provas_deste_concurso\" title=\"Como posso me preparar para as provas deste concurso?\">Como posso me preparar para as provas deste concurso?<\/a><\/li><\/ul><\/nav><\/div>\n<h2 class=\"wp-block-heading\" id=\"inscri\u00e7ao\"><span class=\"ez-toc-section\" id=\"Como_posso_me_inscrever\"><\/span>Como posso me inscrever? <span class=\"ez-toc-section-end\"><\/span><\/h2>\n\n\n\n<p>As inscri\u00e7\u00f5es para este edital j\u00e1 est\u00e3o abertas e ser\u00e3o finalizadas no dia <strong>28 de abril<\/strong>. Os interessados pelo concurso podem realizar suas inscri\u00e7\u00f5es por meio do site da banca organizadora, a <a href=\"https:\/\/www.concursosmaster.com.br\/informacoes\/37\/\" target=\"_blank\" rel=\"noreferrer noopener\">Master Assessoria. <\/a><\/p>\n\n\n\n<p>Os valores das taxas de inscri\u00e7\u00e3o variam de acordo com o n\u00edvel do cargos escolhido, vamos conferir: <\/p>\n\n\n\n<ul>\n<li><strong>N\u00edvel Fundamental e M\u00e9dio: <\/strong>R$50,00<\/li>\n\n\n\n<li><strong>N\u00edvel Superior: <\/strong>R$100,00<\/li>\n<\/ul>\n\n\n\n<p><\/p>\n\n\n\n<p>O pagamento da taxa de inscri\u00e7\u00e3o dever\u00e1 ser feito at\u00e9 o dia <strong>29 de abril.<\/strong> <\/p>\n\n\n\n<p>Aos candidatos que comprovem ser doadores de sangue, ser\u00e1 poss\u00edvel solicitar a isen\u00e7\u00e3o dessas taxas at\u00e9 o dia <strong>29 de abril. <\/strong><\/p>\n\n\n\n<h2 class=\"wp-block-heading\" id=\"vagas\"><span class=\"ez-toc-section\" id=\"Quais_vagas_estao_sendo_ofertadas\"><\/span>Quais vagas est\u00e3o sendo ofertadas? <span class=\"ez-toc-section-end\"><\/span><\/h2>\n\n\n\n<p>Est\u00e3o sendo ofertadas <strong>8 vagas imediatas<\/strong>, al\u00e9m da forma\u00e7\u00e3o de cadastro reserva, para n\u00edvel fundamental, m\u00e9dio e superior. Vejamos com mais detalhes: <\/p>\n\n\n\n<ul>\n<li><a href=\"https:\/\/www.editorasolucao.com.br\/apostila-solucao\/camara-cachoeira-paulista-sp-comum-nivel-fundamental\" target=\"_blank\" rel=\"noreferrer noopener\">N\u00edvel Fundamental<\/a>\n<ul>\n<li>Auxiliar de Servi\u00e7os Gerais (1 + CR)\n<ul>\n<li>R$ 1.737,07<\/li>\n<\/ul>\n<\/li>\n\n\n\n<li><a href=\"https:\/\/www.editorasolucao.com.br\/apostila-solucao\/camara-cachoeira-paulista-sp-motorista-legislativo\" target=\"_blank\" rel=\"noreferrer noopener\">Motorista Legislativo<\/a> (1 + CR)\n<ul>\n<li>R$ 2.535,17<\/li>\n<\/ul>\n<\/li>\n\n\n\n<li>Seguran\u00e7a (1)\n<ul>\n<li>R$ 2.394,36<\/li>\n<\/ul>\n<\/li>\n<\/ul>\n<\/li>\n\n\n\n<li><a href=\"https:\/\/www.editorasolucao.com.br\/apostila-solucao\/camara-cachoeira-paulista-sp-comum-nivel-medio\" target=\"_blank\" rel=\"noreferrer noopener\">N\u00edvel M\u00e9dio<\/a>\n<ul>\n<li>Auxiliar de Reda\u00e7\u00e3o (1)\n<ul>\n<li>R$ 4.178,35<\/li>\n<\/ul>\n<\/li>\n\n\n\n<li>Escritur\u00e1rio (1)\n<ul>\n<li>R$ 3.044,81<\/li>\n<\/ul>\n<\/li>\n<\/ul>\n<\/li>\n\n\n\n<li><strong>N\u00edvel Superior<\/strong>\n<ul>\n<li>Contador (CR)\n<ul>\n<li>R$ 6.034,76<\/li>\n<\/ul>\n<\/li>\n\n\n\n<li>Controle Interno (1)\n<ul>\n<li>R$ 2.535,17<\/li>\n<\/ul>\n<\/li>\n\n\n\n<li>Ouvidor (1)\n<ul>\n<li>R$ 4.178,35<\/li>\n<\/ul>\n<\/li>\n\n\n\n<li>Procurador Jur\u00eddico (1)\n<ul>\n<li>R$ 6.619,67<\/li>\n<\/ul>\n<\/li>\n<\/ul>\n<\/li>\n<\/ul>\n\n\n\n<p>Os candidatos admitidos pelo concurso dever\u00e3o cumprir uma jornada de trabalho de 30h semanais. <\/p>\n\n\n\n<h2 class=\"wp-block-heading\" id=\"requisitos\"><span class=\"ez-toc-section\" id=\"Requisitos_para_investidura_dos_cargos\"><\/span>Requisitos para investidura dos cargos<span class=\"ez-toc-section-end\"><\/span><\/h2>\n\n\n\n<p>De acordo com o edital, esses s\u00e3o alguns dos requisitos exigidos para a nomea\u00e7\u00e3o e posse dos cargos: <\/p>\n\n\n\n<ul>\n<li>Ser brasileiro nato ou naturalizado.<\/li>\n\n\n\n<li>Gozar dos direitos pol\u00edticos.<\/li>\n\n\n\n<li>Ter no m\u00ednimo 18 anos completos na data da posse. <\/li>\n\n\n\n<li>Estar quite com as obriga\u00e7\u00f5es eleitorais.<\/li>\n\n\n\n<li>Estar quite com as obriga\u00e7\u00f5es do Servi\u00e7o Militar, quando se tratar de candidato do sexo masculino.<\/li>\n\n\n\n<li>Ter aptid\u00e3o f\u00edsica e mental para o exerc\u00edcio das atribui\u00e7\u00f5es do cargo.<\/li>\n\n\n\n<li><strong>Comprovar escolaridade e experi\u00eancia exigida para o cargo.<\/strong><\/li>\n\n\n\n<li>N\u00e3o incid\u00eancia do candidato nas veda\u00e7\u00f5es constantes do artigo 65-A da Lei Org\u00e2nica do Munic\u00edpio de Cachoeira Paulista.<\/li>\n<\/ul>\n\n\n\n<h2 class=\"wp-block-heading\" id=\"etapas\"><span class=\"ez-toc-section\" id=\"Como_posso_me_preparar_para_as_provas_deste_concurso\"><\/span>Como posso me preparar para as provas deste concurso? <span class=\"ez-toc-section-end\"><\/span><\/h2>\n\n\n\n<p>Os candidatos deste certame ser\u00e3o avaliados por meio das seguintes fases:<\/p>\n\n\n\n<ul>\n<li><strong>Prova Objetiva,<\/strong> para todos os cargos. <\/li>\n\n\n\n<li><strong>Prova Pr\u00e1tico Profissional, <\/strong>para o cargo de Procurador Jur\u00eddico. <\/li>\n<\/ul>\n\n\n\n<h3 class=\"wp-block-heading\">Prova Objetiva<\/h3>\n\n\n\n<p>A prova objetiva est\u00e1 prevista para ser realizada no dia <strong>26 de maio de 2024<\/strong>, em locais e hor\u00e1rios a serem divulgados pela banca organizadora. A avalia\u00e7\u00e3o ter\u00e1 dura\u00e7\u00e3o de<strong> 4 horas<\/strong>. <\/p>\n\n\n\n<p>As disciplinas que versar\u00e3o a prova objetiva ser\u00e3o: <\/p>\n\n\n\n<ul>\n<li>Cargos de Contador, Controlador Interno, Motorista Legislativo e Procurador Jur\u00eddico\n<ul>\n<li>Conhecimentos espec\u00edficos &#8211; 20 quest\u00f5es<\/li>\n\n\n\n<li>L\u00edngua portuguesa &#8211; 10 quest\u00f5es<\/li>\n\n\n\n<li>Matem\u00e1tica &#8211; 5 quest\u00f5es<\/li>\n\n\n\n<li>Conhecimentos gerais &#8211; 5 quest\u00f5es<\/li>\n<\/ul>\n<\/li>\n\n\n\n<li>Cargos de Auxiliar de Servi\u00e7os Gerais, Auxiliar de Reda\u00e7\u00e3o, Escritur\u00e1rio, Ouvidor e Seguran\u00e7a\n<ul>\n<li>L\u00edngua portuguesa &#8211; 12 quest\u00f5es<\/li>\n\n\n\n<li>Matem\u00e1tica &#8211; 12 quest\u00f5es<\/li>\n\n\n\n<li>Conhecimentos Gerais &#8211; 6 quest\u00f5es<\/li>\n<\/ul>\n<\/li>\n<\/ul>\n\n\n\n<h3 class=\"wp-block-heading\">Prova Pr\u00e1tico Profissional<\/h3>\n\n\n\n<p>A prova pr\u00e1tico profissional ser\u00e1 realizada juntamente com a prova objetiva. Essa avalia\u00e7\u00e3o ser\u00e1 realizada somente pelo cargo de Procurador Jur\u00eddico. <\/p>\n\n\n\n<p>A prova discursiva consistir\u00e1 no desenvolvimento de uma pe\u00e7a jur\u00eddica proposta pela banca. A avalia\u00e7\u00e3o dessa pe\u00e7a ocorrer\u00e1 da seguinte forma: <\/p>\n\n\n\n<ul>\n<li>Endere\u00e7amento &#8211; 10,0 pontos<\/li>\n\n\n\n<li>Polo ativo &#8211; 10,0 pontos<\/li>\n\n\n\n<li>Polo passivo &#8211; 10,0 pontos<\/li>\n\n\n\n<li>Medida processual &#8211; 20,0 pontos<\/li>\n\n\n\n<li>Fundamenta\u00e7\u00e3o &#8211; 30,0 pontos<\/li>\n\n\n\n<li>Exposi\u00e7\u00e3o &#8211; 10,0 pontos<\/li>\n\n\n\n<li>Pedidos &#8211; 10,0 pontos<\/li>\n<\/ul>\n\n\n\n<p><\/p>\n\n\n\n<p>Ser\u00e1 considerado aprovado na Prova Discursiva &#8211; Pe\u00e7a Jur\u00eddica o candidato que obtiver nota igual ou superior a<strong> 50 pontos.<\/strong><\/p>\n\n\n\n<p><\/p>\n\n\n\n<p><\/p>\n\n\n\n<p>Se voc\u00ea busca ser aprovado neste <strong>concurso<\/strong>, n\u00f3s temos <strong>material<\/strong> certo para voc\u00ea! <a href=\"https:\/\/www.editorasolucao.com.br\/concurso\/camara-de-cachoeira-paulista-sp\" target=\"_blank\" rel=\"noreferrer noopener\">Confira aqui.<\/a><\/p>\n","protected":false},"excerpt":{"rendered":"<p>Est\u00e3o abertas as inscri\u00e7\u00f5es do Concurso da C\u00e2mara de Cachoeira Paulista, este certame visa preencher 8 vagas imediatas para n\u00edvel fundamental, m\u00e9dio e superior. Sal\u00e1rios podem chegar at\u00e9 R$6,6 mil! Se interessou pelo certame? Venha saber mais!! Como posso me inscrever? As inscri\u00e7\u00f5es para este edital j\u00e1 est\u00e3o abertas e ser\u00e3o finalizadas no dia 28 de abril. Os interessados pelo concurso podem realizar suas inscri\u00e7\u00f5es por meio do site da banca organizadora, a Master Assessoria. Os valores das taxas de inscri\u00e7\u00e3o variam de acordo com o n\u00edvel do cargos escolhido, vamos conferir: O pagamento da taxa de inscri\u00e7\u00e3o dever\u00e1 ser&#8230;<\/p>\n","protected":false},"author":21,"featured_media":41531,"template":"","meta":{"_acf_changed":false,"rank_math_lock_modified_date":false},"categories":[],"tags":[],"acf":[],"_links":{"self":[{"href":"https:\/\/www.editorasolucao.com.br\/blog\/wp-json\/wp\/v2\/concurso\/41523"}],"collection":[{"href":"https:\/\/www.editorasolucao.com.br\/blog\/wp-json\/wp\/v2\/concurso"}],"about":[{"href":"https:\/\/www.editorasolucao.com.br\/blog\/wp-json\/wp\/v2\/types\/concurso"}],"author":[{"embeddable":true,"href":"https:\/\/www.editorasolucao.com.br\/blog\/wp-json\/wp\/v2\/users\/21"}],"wp:featuredmedia":[{"embeddable":true,"href":"https:\/\/www.editorasolucao.com.br\/blog\/wp-json\/wp\/v2\/media\/41531"}],"wp:attachment":[{"href":"https:\/\/www.editorasolucao.com.br\/blog\/wp-json\/wp\/v2\/media?parent=41523"}],"wp:term":[{"taxonomy":"category","embeddable":true,"href":"https:\/\/www.editorasolucao.com.br\/blog\/wp-json\/wp\/v2\/categories?post=41523"},{"taxonomy":"post_tag","embeddable":true,"href":"https:\/\/www.editorasolucao.com.br\/blog\/wp-json\/wp\/v2\/tags?post=41523"}],"curies":[{"name":"wp","href":"https:\/\/api.w.org\/{rel}","templated":true}]}}