{"id":41685,"date":"2024-04-08T09:33:18","date_gmt":"2024-04-08T12:33:18","guid":{"rendered":"https:\/\/www.editorasolucao.com.br\/blog\/?post_type=concurso&#038;p=41685"},"modified":"2024-04-23T10:54:32","modified_gmt":"2024-04-23T13:54:32","slug":"prefeitura-de-nova-esperanca-pr","status":"publish","type":"concurso","link":"https:\/\/www.editorasolucao.com.br\/blog\/concurso\/prefeitura-de-nova-esperanca-pr","title":{"rendered":"Concurso Prefeitura de Nova Esperan\u00e7a: Inscri\u00e7\u00f5es abertas. 68 vagas!"},"content":{"rendered":"\n<p>Est\u00e3o abertas as inscri\u00e7\u00f5es para o <strong>concurso Prefeitura de Nova Esperan\u00e7a<\/strong>, no estado do Paran\u00e1, com a oferta de 68 vagas para cargos de n\u00edveis fundamental, m\u00e9dio, t\u00e9cnico e superior de escolaridade. Se interessa pelo certame? Confira os demais detalhes no decorrer da not\u00edcia. \ud83d\ude0d<\/p>\n\n\n\n<div id=\"ez-toc-container\" class=\"ez-toc-v2_0_69_1 counter-hierarchy ez-toc-counter ez-toc-grey ez-toc-container-direction\">\n<div class=\"ez-toc-title-container\">\n<p class=\"ez-toc-title \" >Menu de navega&ccedil;&atilde;o<\/p>\n<span class=\"ez-toc-title-toggle\"><a href=\"#\" class=\"ez-toc-pull-right ez-toc-btn ez-toc-btn-xs ez-toc-btn-default ez-toc-toggle\" aria-label=\"Toggle Table of Content\"><span class=\"ez-toc-js-icon-con\"><span class=\"\"><span class=\"eztoc-hide\" style=\"display:none;\">Toggle<\/span><span class=\"ez-toc-icon-toggle-span\"><svg style=\"fill: #999;color:#999\" xmlns=\"http:\/\/www.w3.org\/2000\/svg\" class=\"list-377408\" width=\"20px\" height=\"20px\" viewBox=\"0 0 24 24\" fill=\"none\"><path d=\"M6 6H4v2h2V6zm14 0H8v2h12V6zM4 11h2v2H4v-2zm16 0H8v2h12v-2zM4 16h2v2H4v-2zm16 0H8v2h12v-2z\" fill=\"currentColor\"><\/path><\/svg><svg style=\"fill: #999;color:#999\" class=\"arrow-unsorted-368013\" xmlns=\"http:\/\/www.w3.org\/2000\/svg\" width=\"10px\" height=\"10px\" viewBox=\"0 0 24 24\" version=\"1.2\" baseProfile=\"tiny\"><path d=\"M18.2 9.3l-6.2-6.3-6.2 6.3c-.2.2-.3.4-.3.7s.1.5.3.7c.2.2.4.3.7.3h11c.3 0 .5-.1.7-.3.2-.2.3-.5.3-.7s-.1-.5-.3-.7zM5.8 14.7l6.2 6.3 6.2-6.3c.2-.2.3-.5.3-.7s-.1-.5-.3-.7c-.2-.2-.4-.3-.7-.3h-11c-.3 0-.5.1-.7.3-.2.2-.3.5-.3.7s.1.5.3.7z\"\/><\/svg><\/span><\/span><\/span><\/a><\/span><\/div>\n<nav><ul class='ez-toc-list ez-toc-list-level-1 ' ><li class='ez-toc-page-1 ez-toc-heading-level-2'><a class=\"ez-toc-link ez-toc-heading-1\" href=\"https:\/\/www.editorasolucao.com.br\/blog\/concurso\/prefeitura-de-nova-esperanca-pr\/#Como_posso_me_inscrever_no_concurso_Prefeitura_de_Nova_Esperanca\" title=\"Como posso me inscrever no concurso Prefeitura de Nova Esperan\u00e7a?\">Como posso me inscrever no concurso Prefeitura de Nova Esperan\u00e7a?<\/a><\/li><li class='ez-toc-page-1 ez-toc-heading-level-2'><a class=\"ez-toc-link ez-toc-heading-2\" href=\"https:\/\/www.editorasolucao.com.br\/blog\/concurso\/prefeitura-de-nova-esperanca-pr\/#Quantas_vagas_estao_sendo_ofertadas_no_concurso_Prefeitura_de_Nova_Esperanca_%E2%80%93_PR\" title=\"Quantas vagas est\u00e3o sendo ofertadas no concurso Prefeitura de Nova Esperan\u00e7a &#8211; PR?\">Quantas vagas est\u00e3o sendo ofertadas no concurso Prefeitura de Nova Esperan\u00e7a &#8211; PR?<\/a><\/li><li class='ez-toc-page-1 ez-toc-heading-level-2'><a class=\"ez-toc-link ez-toc-heading-3\" href=\"https:\/\/www.editorasolucao.com.br\/blog\/concurso\/prefeitura-de-nova-esperanca-pr\/#Quais_sao_os_requisitos_para_a_investidura_no_concurso_Prefeitura_de_Nova_Esperanca-PR\" title=\"Quais s\u00e3o os requisitos para a investidura no concurso Prefeitura de Nova Esperan\u00e7a-PR?\">Quais s\u00e3o os requisitos para a investidura no concurso Prefeitura de Nova Esperan\u00e7a-PR?<\/a><\/li><li class='ez-toc-page-1 ez-toc-heading-level-2'><a class=\"ez-toc-link ez-toc-heading-4\" href=\"https:\/\/www.editorasolucao.com.br\/blog\/concurso\/prefeitura-de-nova-esperanca-pr\/#Como_serao_as_provas_do_concurso_Prefeitura_de_Nova_Esperanca\" title=\"Como ser\u00e3o as provas do concurso Prefeitura de Nova Esperan\u00e7a?\">Como ser\u00e3o as provas do concurso Prefeitura de Nova Esperan\u00e7a?<\/a><\/li><\/ul><\/nav><\/div>\n<h2 class=\"wp-block-heading\" id=\"inscri\u00e7\u00f5es\"><span class=\"ez-toc-section\" id=\"Como_posso_me_inscrever_no_concurso_Prefeitura_de_Nova_Esperanca\"><\/span>Como posso me inscrever no concurso Prefeitura de Nova Esperan\u00e7a?<span class=\"ez-toc-section-end\"><\/span><\/h2>\n\n\n\n<p>Os interessados em participar do certame j\u00e1 podem realizar as inscri\u00e7\u00f5es por meio do site da banca organizadora, <a href=\"https:\/\/www.fundacaofafipa.org.br\/informacoes\/3967\/\" target=\"_blank\" rel=\"noreferrer noopener\">Funda\u00e7\u00e3o FAFIPA<\/a>, <strong>at\u00e9 o dia 1 de maio de 2024<\/strong>.<\/p>\n\n\n\n<p>Para homologar a inscri\u00e7\u00e3o \u00e9 necess\u00e1rio que o candidato efetue o pagamento de uma taxa no valor referente ao n\u00edvel de escolaridade do cargo pretendido:<\/p>\n\n\n\n<ul>\n<li>N\u00edvel fundamental: <strong>R$ 80,00<\/strong><\/li>\n\n\n\n<li>N\u00edvel m\u00e9dio e t\u00e9cnico: <strong>R$ 100,00<\/strong><\/li>\n\n\n\n<li>N\u00edvel superior: <strong>R$ 120,00<\/strong><\/li>\n<\/ul>\n\n\n\n<p>Al\u00e9m disso, h\u00e1 a possibilidade de solicitar a isen\u00e7\u00e3o da taxa de participa\u00e7\u00e3o at\u00e9 o dia 9 de abril de 2024, para o candidato que se adequar a uma das seguintes condi\u00e7\u00f5es:<\/p>\n\n\n\n<ol>\n<li>Cad\u00fanico (Lei Federal n.\u00ba 13.656\/2018);<\/li>\n\n\n\n<li>Doador de Medula \u00d3ssea (Lei Federal n.\u00ba 13.656\/2018);<\/li>\n\n\n\n<li>Doador de Sangue (Lei Estadual n.\u00ba 19.293\/2017);<\/li>\n\n\n\n<li>Eleitor convocado e nomeado pela Justi\u00e7a Eleitoral do Paran\u00e1 (Lei Estadual n.\u00ba 19.196\/2017).<\/li>\n<\/ol>\n\n\n\n<h2 class=\"wp-block-heading\" id=\"cargos\"><span class=\"ez-toc-section\" id=\"Quantas_vagas_estao_sendo_ofertadas_no_concurso_Prefeitura_de_Nova_Esperanca_%E2%80%93_PR\"><\/span>Quantas vagas est\u00e3o sendo ofertadas no concurso Prefeitura de Nova Esperan\u00e7a &#8211; PR?<span class=\"ez-toc-section-end\"><\/span><\/h2>\n\n\n\n<p>Conforme o edital, ao todo est\u00e3o sendo ofertadas 68 vagas imediatas mais oportunidade para forma\u00e7\u00e3o de cadastro reserva para cargos de n\u00edveis fundamental, m\u00e9dio, t\u00e9cnico e superior. Confira os cargos ofertados, a distribui\u00e7\u00e3o das vagas e os sal\u00e1rios:<\/p>\n\n\n\n<h3 class=\"wp-block-heading\">N\u00edvel fundamental<\/h3>\n\n\n\n<ol>\n<li>Agente de Alimenta\u00e7\u00e3o (02+CR) \n<ul>\n<li>R$ 1.461,96<\/li>\n<\/ul>\n<\/li>\n\n\n\n<li>Agente de Servi\u00e7os Operacionais (10+CR) \n<ul>\n<li>R$ 1.461,96<\/li>\n<\/ul>\n<\/li>\n\n\n\n<li>Agente de Ve\u00edculo Automotor (10+CR) \n<ul>\n<li>R$ 1.663,85<\/li>\n<\/ul>\n<\/li>\n\n\n\n<li>Agente Operador de M\u00e1quinas Pesadas (05+CR) \n<ul>\n<li>R$ 1.663,85<\/li>\n<\/ul>\n<\/li>\n\n\n\n<li>Auxiliar de Cuidador\/Educador (CR) \n<ul>\n<li>R$ 1.521,32<\/li>\n<\/ul>\n<\/li>\n<\/ol>\n\n\n\n<h3 class=\"wp-block-heading\">N\u00edvel m\u00e9dio<\/h3>\n\n\n\n<ol>\n<li>Agente de Apoio Educacional (06+CR) \n<ul>\n<li>R$ 1.478,40<\/li>\n<\/ul>\n<\/li>\n\n\n\n<li>Agente de Fiscaliza\u00e7\u00e3o (01+CR) \n<ul>\n<li>R$ 1.478,40<\/li>\n<\/ul>\n<\/li>\n\n\n\n<li>Agente de Tr\u00e2nsito (02+CR) \n<ul>\n<li>R$ 2.480,29<\/li>\n<\/ul>\n<\/li>\n\n\n\n<li>Assistente Administrativo (10+CR) \n<ul>\n<li>R$ 1.478,40<\/li>\n<\/ul>\n<\/li>\n\n\n\n<li>Bombeiro Comunit\u00e1rio (05+CR) \n<ul>\n<li>R$ 1.733,54<\/li>\n<\/ul>\n<\/li>\n\n\n\n<li>Cuidador (CR) \n<ul>\n<li>R$ 1.733,54<\/li>\n<\/ul>\n<\/li>\n\n\n\n<li>Educador Social (01+CR) \n<ul>\n<li>R$ 1.733,54<\/li>\n<\/ul>\n<\/li>\n<\/ol>\n\n\n\n<h3 class=\"wp-block-heading\">N\u00edvel t\u00e9cnico<\/h3>\n\n\n\n<ol>\n<li>T\u00e9cnico de Enfermagem (02+CR) <\/li>\n\n\n\n<li>T\u00e9cnico em Inform\u00e1tica (01+CR)<\/li>\n\n\n\n<li>T\u00e9cnico em Radiologia (01+CR)<\/li>\n\n\n\n<li>T\u00e9cnico em Sa\u00fade Bucal (01+CR)<\/li>\n\n\n\n<li>T\u00e9cnico em Seguran\u00e7a do Trabalho (CR)<\/li>\n<\/ol>\n\n\n\n<p>Sal\u00e1rio: R$ 1.971,19<\/p>\n\n\n\n<h3 class=\"wp-block-heading\">N\u00edvel superior<\/h3>\n\n\n\n<ol>\n<li>Administrador (CR) \n<ul>\n<li>R$ 3.206,96<\/li>\n<\/ul>\n<\/li>\n\n\n\n<li>Assistente Social (CR) \n<ul>\n<li>R$ 2.964,18<\/li>\n<\/ul>\n<\/li>\n\n\n\n<li>Auditor Tribut\u00e1rio (01+CR) \n<ul>\n<li>R$ 3.404,25<\/li>\n<\/ul>\n<\/li>\n\n\n\n<li>Bioqu\u00edmico (01+CR) \n<ul>\n<li>R$ 1.806,90<\/li>\n<\/ul>\n<\/li>\n\n\n\n<li>Contador (01+CR) \n<ul>\n<li>R$ 3.613,68<\/li>\n<\/ul>\n<\/li>\n\n\n\n<li>Enfermeiro (CR) \n<ul>\n<li>R$ 3.613,68<\/li>\n<\/ul>\n<\/li>\n\n\n\n<li>Engenheiro Civil (CR) \n<ul>\n<li>R$ 3.315,42<\/li>\n<\/ul>\n<\/li>\n\n\n\n<li>Farmac\u00eautico (01+CR) \n<ul>\n<li>R$ 1.806,90<\/li>\n<\/ul>\n<\/li>\n\n\n\n<li>Fisioterapeuta (01+CR) \n<ul>\n<li>R$ 2.964,18<\/li>\n<\/ul>\n<\/li>\n\n\n\n<li>Fonoaudi\u00f3logo (01+CR) \n<ul>\n<li>R$ 1.806,90<\/li>\n<\/ul>\n<\/li>\n\n\n\n<li>M\u00e9dico (01+CR) \n<ul>\n<li>R$ 4.927,96<\/li>\n<\/ul>\n<\/li>\n\n\n\n<li>Nutricionista (CR) \n<ul>\n<li>R$ 1.806,90<\/li>\n<\/ul>\n<\/li>\n\n\n\n<li>Odont\u00f3logo (01+CR) \n<ul>\n<li>R$ 2.317,23<\/li>\n<\/ul>\n<\/li>\n\n\n\n<li>Psic\u00f3logo (01+CR) \n<ul>\n<li>R$ 1.806,90<\/li>\n<\/ul>\n<\/li>\n\n\n\n<li>T\u00e9cnico Esportivo (01+CR) \n<ul>\n<li>R$ 1.971,19<\/li>\n<\/ul>\n<\/li>\n\n\n\n<li>Terapeuta Ocupacional (01+CR) \n<ul>\n<li>R$ 2.271,57<\/li>\n<\/ul>\n<\/li>\n<\/ol>\n\n\n\n<p>A jornada de trabalho varia entre 20 a 40 horas semanais, de acordo com o cargo pretendido pelo candidato.<\/p>\n\n\n\n<h2 class=\"wp-block-heading\" id=\"requisitos\"><span class=\"ez-toc-section\" id=\"Quais_sao_os_requisitos_para_a_investidura_no_concurso_Prefeitura_de_Nova_Esperanca-PR\"><\/span>Quais s\u00e3o os requisitos para a investidura no concurso Prefeitura de Nova Esperan\u00e7a-PR?<span class=\"ez-toc-section-end\"><\/span><\/h2>\n\n\n\n<p>Para que o candidato tome posse do cargo pretendido no concurso Prefeitura de Nova Esperan\u00e7a \u00e9 necess\u00e1rio cumprir as seguintes exig\u00eancias:<\/p>\n\n\n\n<ul>\n<li>Ser brasileiro, nos termos da Constitui\u00e7\u00e3o Federal;<\/li>\n\n\n\n<li>Ter, na data da posse, idade m\u00ednima de 18 anos completos;<\/li>\n\n\n\n<li>No caso do sexo masculino, estar em dia com o Servi\u00e7o Militar;<\/li>\n\n\n\n<li>Estar quite com suas obriga\u00e7\u00f5es eleitorais e em gozo dos direitos pol\u00edticos;<\/li>\n\n\n\n<li>Possuir os requisitos indicados no item 3 deste edital;<\/li>\n\n\n\n<li>N\u00e3o ter sofrido, no exerc\u00edcio de fun\u00e7\u00e3o p\u00fablica, penalidade incompat\u00edvel com a nomea\u00e7\u00e3o no cargo p\u00fablico;<\/li>\n\n\n\n<li>N\u00e3o estar ocupando cargo ou emprego na administra\u00e7\u00e3o direta ou indireta da Uni\u00e3o, dos Estados, do Distrito Federal e dos Munic\u00edpios, nem ser empregado ou servidor de suas subsidi\u00e1rias e controladas, salvo os casos de acumula\u00e7\u00e3o expressas em lei;<\/li>\n\n\n\n<li>N\u00e3o perceber benef\u00edcio proveniente de regime pr\u00f3prio de previd\u00eancia social (art. 37 \u00a710 da CF), salvo se tratar das exce\u00e7\u00f5es previstas no art. 37, incisos XVI e XVII, da Constitui\u00e7\u00e3o Federal;<\/li>\n\n\n\n<li>Cumprir as determina\u00e7\u00f5es deste edital, ter sido aprovado no presente Concurso P\u00fablico e ser considerado apto ap\u00f3s submeter-se aos exames m\u00e9dicos exigidos para a nomea\u00e7\u00e3o.<\/li>\n<\/ul>\n\n\n\n<h2 class=\"wp-block-heading\" id=\"etapas\"><span class=\"ez-toc-section\" id=\"Como_serao_as_provas_do_concurso_Prefeitura_de_Nova_Esperanca\"><\/span>Como ser\u00e3o as provas do concurso Prefeitura de Nova Esperan\u00e7a?<span class=\"ez-toc-section-end\"><\/span><\/h2>\n\n\n\n<p>Os candidatos ser\u00e3o avaliados por meio das seguintes etapas de sele\u00e7\u00e3o:<\/p>\n\n\n\n<ol>\n<li><strong>Prova objetiva<\/strong> &#8211; de car\u00e1ter <em>eliminat\u00f3rio <\/em>e <em>classificat\u00f3rio<\/em><\/li>\n\n\n\n<li><strong>Prova de t\u00edtulos <\/strong>&#8211; de car\u00e1ter <em>classificat\u00f3rio<\/em>\n<ul>\n<li>Somente para cargos de n\u00edvel superior<\/li>\n<\/ul>\n<\/li>\n\n\n\n<li><strong>Prova pr\u00e1tica<\/strong> &#8211; de car\u00e1ter <em>eliminat\u00f3rio <\/em>e <em>classificat\u00f3rio <\/em>\n<ul>\n<li>Somente para os cargos de Agente de Ve\u00edculo Automotor e Agente Operador de M\u00e1quinas Pesadas<\/li>\n<\/ul>\n<\/li>\n\n\n\n<li><strong>Teste de aptid\u00e3o f\u00edsica<\/strong> &#8211; de car\u00e1ter <em>eliminat\u00f3rio <\/em>\n<ul>\n<li>Somente para os cargos de Agente de Servi\u00e7os Operacionais e Bombeiro Comunit\u00e1rio.<\/li>\n<\/ul>\n<\/li>\n<\/ol>\n\n\n\n<h3 class=\"wp-block-heading\">Prova objetiva<\/h3>\n\n\n\n<p>Essa etapa est\u00e1 prevista para ser realizada no dia <strong>19 de maio de 2024<\/strong>, onde todos os candidatos contar\u00e3o com o tempo m\u00e1ximo de 04 horas para realizar o exame.<\/p>\n\n\n\n<p>A avalia\u00e7\u00e3o ser\u00e1 versada nas seguintes disciplinas:<\/p>\n\n\n\n<h4 class=\"wp-block-heading\">N\u00edvel fundamental &#8211; 45 quest\u00f5es<\/h4>\n\n\n\n<ol>\n<li>L\u00edngua Portuguesa (20)<\/li>\n\n\n\n<li>Matem\u00e1tica (15)<\/li>\n\n\n\n<li>Conhecimentos Gerais (10)<\/li>\n<\/ol>\n\n\n\n<h4 class=\"wp-block-heading\">N\u00edvel m\u00e9dio e t\u00e9cnico &#8211; 45 quest\u00f5es<\/h4>\n\n\n\n<ol>\n<li>L\u00edngua Portuguesa (10)<\/li>\n\n\n\n<li>Matem\u00e1tica (10)<\/li>\n\n\n\n<li>Inform\u00e1tica (05)<\/li>\n\n\n\n<li>Conhecimentos Gerais (05)<\/li>\n\n\n\n<li>Conhecimentos Espec\u00edficos (15)<\/li>\n<\/ol>\n\n\n\n<h4 class=\"wp-block-heading\">N\u00edvel superior &#8211; 60 quest\u00f5es<\/h4>\n\n\n\n<ol>\n<li>L\u00edngua Portuguesa (10)<\/li>\n\n\n\n<li>Matem\u00e1tica (10)<\/li>\n\n\n\n<li>Inform\u00e1tica (10)<\/li>\n\n\n\n<li>Conhecimentos Gerais (10)<\/li>\n\n\n\n<li>Conhecimentos Espec\u00edficos (20)<\/li>\n<\/ol>\n\n\n\n<p>Ser\u00e1 considerado eliminado o candidato que n\u00e3o obtiver 50% ou mais no total das \u00e1reas de conhecimento da prova objetiva.<\/p>\n\n\n\n<h3 class=\"wp-block-heading\">Prova de t\u00edtulos <\/h3>\n\n\n\n<p>Essa fase ter\u00e1 a pontua\u00e7\u00e3o m\u00e1xima de 10 pontos e ser\u00e3o aceitos para a avalia\u00e7\u00e3o os seguintes t\u00edtulos:<\/p>\n\n\n\n<ol>\n<li>Diploma de curso de p\u00f3s-gradua\u00e7\u00e3o strictu sensu em n\u00edvel de doutorado (t\u00edtulo de doutor) na \u00e1rea da fun\u00e7\u00e3o a que concorre ou certificado de conclus\u00e3o desde que acompanhado de hist\u00f3rico escolar na \u00e1rea da fun\u00e7\u00e3o a que concorre.<\/li>\n\n\n\n<li>Diploma de curso de p\u00f3s-gradua\u00e7\u00e3o em n\u00edvel de mestrado (t\u00edtulo de mestre) na \u00e1rea da fun\u00e7\u00e3o a que concorre ou certificado de conclus\u00e3o desde que acompanhado de hist\u00f3rico escolar na \u00e1rea da fun\u00e7\u00e3o a que concorre.<\/li>\n\n\n\n<li>Certificado de curso de p\u00f3s-gradua\u00e7\u00e3o latu sensu em n\u00edvel de especializa\u00e7\u00e3o, acompanhado do respectivo hist\u00f3rico escolar e carga hor\u00e1ria m\u00ednima de 360 h\/a na \u00e1rea da fun\u00e7\u00e3o a que concorre ou certificado de conclus\u00e3o de p\u00f3s-gradua\u00e7\u00e3o em n\u00edvel de especializa\u00e7\u00e3o, desde que acompanhado de hist\u00f3rico escola, na \u00e1rea da fun\u00e7\u00e3o a que concorre.<\/li>\n<\/ol>\n\n\n\n<h3 class=\"wp-block-heading\">Prova pr\u00e1tica<\/h3>\n\n\n\n<p>Para o cargo de <strong>Agente de Ve\u00edculo Automotor<\/strong> essa fase consistir\u00e1 na dire\u00e7\u00e3o veicular em percurso pr\u00e9-determinado por examinador t\u00e9cnico, que ter\u00e1 o tempo m\u00e1ximo de 20 minutos e ser\u00e3o avaliados os seguintes aspectos:<\/p>\n\n\n\n<ol>\n<li>Rota\u00e7\u00e3o do motor;<\/li>\n\n\n\n<li>Uso do c\u00e2mbio, dos freios e dos demais equipamentos de uso ao trabalho;<\/li>\n\n\n\n<li>Posicionamento correto do ve\u00edculo na via de circula\u00e7\u00e3o;<\/li>\n\n\n\n<li>Velocidade desenvolvida e compat\u00edvel com a via e as situa\u00e7\u00f5es do percurso;<\/li>\n\n\n\n<li>Obedi\u00eancia \u00e0 sinaliza\u00e7\u00e3o de tr\u00e2nsito (vertical, horizontal e semaf\u00f3rica) al\u00e9m das regras de circula\u00e7\u00e3o e conduta.<\/li>\n<\/ol>\n\n\n\n<p>J\u00e1 para o cargo de <strong>Agente Operador de M\u00e1quinas Pesadas<\/strong> consistir\u00e1 no desenvolvimento de atividades pr\u00e1ticas, abrangendo o conhecimento de manuten\u00e7\u00e3o, condu\u00e7\u00e3o e opera\u00e7\u00e3o de m\u00e1quina\/equipamento pesado na realiza\u00e7\u00e3o da tarefa.<\/p>\n\n\n\n<p>Ser\u00e3o avaliados no tempo m\u00e1ximo de 30 minutos os seguintes crit\u00e9rios:<\/p>\n\n\n\n<ol>\n<li>Manuten\u00e7\u00e3o (verifica\u00e7\u00e3o das condi\u00e7\u00f5es da m\u00e1quina\/equipamento pesado);<\/li>\n\n\n\n<li>Dire\u00e7\u00e3o, opera\u00e7\u00e3o e execu\u00e7\u00e3o dos servi\u00e7os determinado na tarefa, considerando a agilidade, habilidade e a qualidade apresentada.<\/li>\n<\/ol>\n\n\n\n<p>A avalia\u00e7\u00e3o ser\u00e1 avaliada em uma escala de 0 a 100 pontos, sendo considerado aprovado o candidato que obtiver o m\u00ednimo de 50 pontos.<\/p>\n\n\n\n<h3 class=\"wp-block-heading\">Teste de aptid\u00e3o f\u00edsica<\/h3>\n\n\n\n<p>Essa etapa ser\u00e1 realizada sob a responsabilidade de profissionais t\u00e9cnicos graduados em Educa\u00e7\u00e3o F\u00edsica e devidamente inscritos no Conselho Profissional, bem como com a utiliza\u00e7\u00e3o de recursos tecnol\u00f3gicos para a medi\u00e7\u00e3o do tempo e para aferi\u00e7\u00e3o da execu\u00e7\u00e3o dos testes.<\/p>\n\n\n\n<p>Os candidatos ao cargo de Agente de Servi\u00e7os Operacionais ser\u00e3o submetidos \u00e0s seguintes atividades:<\/p>\n\n\n\n<ol>\n<li>Teste de for\u00e7a muscular de membros superiores &#8211; Dinam\u00f4metro &#8211; Medido em KGF<\/li>\n\n\n\n<li>Teste de resist\u00eancia cardiorrespirat\u00f3ria &#8211; Corrida de 1.600 metros<\/li>\n<\/ol>\n\n\n\n<p>J\u00e1 para os cargos de Bombeiro Comunit\u00e1rio dever\u00e3o ser desenvolvidas as seguintes atividades:<\/p>\n\n\n\n<ol>\n<li>Teste de for\u00e7a muscular de membros superiores \u2013 Tra\u00e7\u00e3o na barra fixa (masculino) &amp; isometria (feminino)<\/li>\n\n\n\n<li>Teste de resist\u00eancia cardiorrespirat\u00f3ria &#8211; Corrida de 2.400 Metros<\/li>\n<\/ol>\n\n\n\n<p>Ser\u00e1 considerado apto o candidato que obtiver no m\u00ednimo 6 pontos, de um total m\u00e1ximo de 10 pontos.<\/p>\n\n\n\n<p>O presente certame ter\u00e1 prazo de <strong>validade <\/strong>de dois anos, a contar da data de homologa\u00e7\u00e3o do resultado final, podendo ser prorrogado por igual per\u00edodo a crit\u00e9rio da Administra\u00e7\u00e3o P\u00fablica Municipal.<\/p>\n\n\n\n<p><strong>Bons estudos e boa prova!!!<\/strong><\/p>\n","protected":false},"excerpt":{"rendered":"<p>Est\u00e3o abertas as inscri\u00e7\u00f5es para o concurso Prefeitura de Nova Esperan\u00e7a, no estado do Paran\u00e1, com a oferta de 68 vagas para cargos de n\u00edveis fundamental, m\u00e9dio, t\u00e9cnico e superior de escolaridade. Se interessa pelo certame? Confira os demais detalhes no decorrer da not\u00edcia. \ud83d\ude0d Como posso me inscrever no concurso Prefeitura de Nova Esperan\u00e7a? Os interessados em participar do certame j\u00e1 podem realizar as inscri\u00e7\u00f5es por meio do site da banca organizadora, Funda\u00e7\u00e3o FAFIPA, at\u00e9 o dia 1 de maio de 2024. Para homologar a inscri\u00e7\u00e3o \u00e9 necess\u00e1rio que o candidato efetue o pagamento de uma taxa no valor&#8230;<\/p>\n","protected":false},"author":18,"featured_media":41690,"template":"","meta":{"_acf_changed":false,"rank_math_lock_modified_date":false},"categories":[],"tags":[],"acf":[],"_links":{"self":[{"href":"https:\/\/www.editorasolucao.com.br\/blog\/wp-json\/wp\/v2\/concurso\/41685"}],"collection":[{"href":"https:\/\/www.editorasolucao.com.br\/blog\/wp-json\/wp\/v2\/concurso"}],"about":[{"href":"https:\/\/www.editorasolucao.com.br\/blog\/wp-json\/wp\/v2\/types\/concurso"}],"author":[{"embeddable":true,"href":"https:\/\/www.editorasolucao.com.br\/blog\/wp-json\/wp\/v2\/users\/18"}],"wp:featuredmedia":[{"embeddable":true,"href":"https:\/\/www.editorasolucao.com.br\/blog\/wp-json\/wp\/v2\/media\/41690"}],"wp:attachment":[{"href":"https:\/\/www.editorasolucao.com.br\/blog\/wp-json\/wp\/v2\/media?parent=41685"}],"wp:term":[{"taxonomy":"category","embeddable":true,"href":"https:\/\/www.editorasolucao.com.br\/blog\/wp-json\/wp\/v2\/categories?post=41685"},{"taxonomy":"post_tag","embeddable":true,"href":"https:\/\/www.editorasolucao.com.br\/blog\/wp-json\/wp\/v2\/tags?post=41685"}],"curies":[{"name":"wp","href":"https:\/\/api.w.org\/{rel}","templated":true}]}}