{"id":41771,"date":"2024-08-27T11:01:41","date_gmt":"2024-08-27T14:01:41","guid":{"rendered":"https:\/\/www.editorasolucao.com.br\/blog\/?post_type=concurso&#038;p=41771"},"modified":"2024-08-27T11:01:45","modified_gmt":"2024-08-27T14:01:45","slug":"policia-penal-ce","status":"publish","type":"concurso","link":"https:\/\/www.editorasolucao.com.br\/blog\/concurso\/policia-penal-ce","title":{"rendered":"Concurso Pol\u00edcia Penal CE confirma novo edital com oferta de 600 vagas!"},"content":{"rendered":"\n<p>Aten\u00e7\u00e3o, concurseiros! O novo concurso da Pol\u00edcia Penal CE em breve estar\u00e1 entre n\u00f3s, isso porque o governador do Cear\u00e1 divulgou o quantitativo de vagas do certame. Al\u00e9m disso, tamb\u00e9m foi revelado que a <strong>banca organizadora do concurso est\u00e1 em processo de defini\u00e7\u00e3o!<\/strong> Deseja ingressar na \u00e1rea policial? Venha saber os detalhes! <\/p>\n\n\n\n<div id=\"ez-toc-container\" class=\"ez-toc-v2_0_69_1 counter-hierarchy ez-toc-counter ez-toc-grey ez-toc-container-direction\">\n<div class=\"ez-toc-title-container\">\n<p class=\"ez-toc-title \" >Menu de navega&ccedil;&atilde;o<\/p>\n<span class=\"ez-toc-title-toggle\"><a href=\"#\" class=\"ez-toc-pull-right ez-toc-btn ez-toc-btn-xs ez-toc-btn-default ez-toc-toggle\" aria-label=\"Toggle Table of Content\"><span class=\"ez-toc-js-icon-con\"><span class=\"\"><span class=\"eztoc-hide\" style=\"display:none;\">Toggle<\/span><span class=\"ez-toc-icon-toggle-span\"><svg style=\"fill: #999;color:#999\" xmlns=\"http:\/\/www.w3.org\/2000\/svg\" class=\"list-377408\" width=\"20px\" height=\"20px\" viewBox=\"0 0 24 24\" fill=\"none\"><path d=\"M6 6H4v2h2V6zm14 0H8v2h12V6zM4 11h2v2H4v-2zm16 0H8v2h12v-2zM4 16h2v2H4v-2zm16 0H8v2h12v-2z\" fill=\"currentColor\"><\/path><\/svg><svg style=\"fill: #999;color:#999\" class=\"arrow-unsorted-368013\" xmlns=\"http:\/\/www.w3.org\/2000\/svg\" width=\"10px\" height=\"10px\" viewBox=\"0 0 24 24\" version=\"1.2\" baseProfile=\"tiny\"><path d=\"M18.2 9.3l-6.2-6.3-6.2 6.3c-.2.2-.3.4-.3.7s.1.5.3.7c.2.2.4.3.7.3h11c.3 0 .5-.1.7-.3.2-.2.3-.5.3-.7s-.1-.5-.3-.7zM5.8 14.7l6.2 6.3 6.2-6.3c.2-.2.3-.5.3-.7s-.1-.5-.3-.7c-.2-.2-.4-.3-.7-.3h-11c-.3 0-.5.1-.7.3-.2.2-.3.5-.3.7s.1.5.3.7z\"\/><\/svg><\/span><\/span><\/span><\/a><\/span><\/div>\n<nav><ul class='ez-toc-list ez-toc-list-level-1 ' ><li class='ez-toc-page-1 ez-toc-heading-level-2'><a class=\"ez-toc-link ez-toc-heading-1\" href=\"https:\/\/www.editorasolucao.com.br\/blog\/concurso\/policia-penal-ce\/#Vai_ter_um_novo_concurso_da_Policia_Penal_CE\" title=\"Vai ter um novo concurso da Pol\u00edcia Penal CE?\">Vai ter um novo concurso da Pol\u00edcia Penal CE?<\/a><\/li><li class='ez-toc-page-1 ez-toc-heading-level-2'><a class=\"ez-toc-link ez-toc-heading-2\" href=\"https:\/\/www.editorasolucao.com.br\/blog\/concurso\/policia-penal-ce\/#O_que_faz_um_Policial_Penal\" title=\"O que faz um Policial Penal?\">O que faz um Policial Penal?<\/a><\/li><li class='ez-toc-page-1 ez-toc-heading-level-2'><a class=\"ez-toc-link ez-toc-heading-3\" href=\"https:\/\/www.editorasolucao.com.br\/blog\/concurso\/policia-penal-ce\/#Concurso_Policia_Penal_CE_em_andamento\" title=\"Concurso Pol\u00edcia Penal CE em andamento\">Concurso Pol\u00edcia Penal CE em andamento<\/a><\/li><\/ul><\/nav><\/div>\n<h2 class=\"wp-block-heading\"><span class=\"ez-toc-section\" id=\"Vai_ter_um_novo_concurso_da_Policia_Penal_CE\"><\/span>Vai ter um novo concurso da Pol\u00edcia Penal CE? <span class=\"ez-toc-section-end\"><\/span><\/h2>\n\n\n\n<p>Sim, concurseiros! O governador do Estado do Cear\u00e1, Elmano de Freitas, confirmou nesta segunda-feira, 26 de agosto, os novos concursos da \u00e1rea de seguran\u00e7a do Cear\u00e1. <\/p>\n\n\n\n<p>O projeto, que foi revelado no lan\u00e7amento do programa <strong>\u201cCear\u00e1 contra o Crime\u201d<\/strong>, ofertar\u00e1 2.600 oportunidades que ser\u00e3o distribu\u00eddas em diversos \u00f3rg\u00e3os de seguran\u00e7a p\u00fablica do estado. <\/p>\n\n\n\n<p>O concurso da Pol\u00edcia Penal do Cear\u00e1 ofertar\u00e1<strong> 600 vagas.<\/strong> <\/p>\n\n\n\n<p>Atualmente, um Policial Penal CE recebe um vencimento base no valor de <strong>R$ 3.080,13, <\/strong>podendo chegar at\u00e9 R$ 7.787,40 no final da carreira. <\/p>\n\n\n\n<p>Apesar de n\u00e3o haver mais detalhes sobre os cargos ofertados, o governador deixou claro que a banca organizadora j\u00e1 est\u00e1 em processo de defini\u00e7\u00e3o. Confira: <\/p>\n\n\n\n<p><em>\u201cA primeira medida \u00e9 a realiza\u00e7\u00e3o de concurso p\u00fablico para todas as for\u00e7as de seguran\u00e7a do estado do Cear\u00e1. N\u00f3s queremos aumentar nosso efetivo em 6.730 profissionais. N\u00f3s vamos dar a ordem, nas pr\u00f3ximas semanas, para a contrata\u00e7\u00e3o da empresa organizadora, para que possamos imediatamente lan\u00e7ar os editais da Pol\u00edcia Militar, da Pol\u00edcia Civil, do Corpo de Bombeiros e da Pol\u00edcia Penal. A Per\u00edcia Forense e Pol\u00edcia Penal n\u00f3s podemos aproveitar o concurso que j\u00e1 aconteceu\u201d, <\/em>esclareceu Elmano. <\/p>\n\n\n\n<p>Como dito pelo governador, apesar do quantitativo de vagas que foi divulgado, o governo estadual visa preencher um n\u00famero maior de cargos:<strong>\u00a06.730 servidores,<\/strong>\u00a0contando com os concurso que est\u00e3o vigentes, incluindo o da Penal que est\u00e1 em andamento.<\/p>\n\n\n\n<h2 class=\"wp-block-heading\"><span class=\"ez-toc-section\" id=\"O_que_faz_um_Policial_Penal\"><\/span>O que faz um Policial Penal? <span class=\"ez-toc-section-end\"><\/span><\/h2>\n\n\n\n<p>Um Policial Penal exerce diversas fun\u00e7\u00f5es voltadas para a seguran\u00e7a do sistema prisional, do preso e da sociedade. Confira com detalhes alguma das atribui\u00e7\u00f5es dadas a essa carreira: <\/p>\n\n\n\n<ul>\n<li>Prestar assist\u00eancia em situa\u00e7\u00f5es emergenciais de fuga, rebeli\u00e3o, inc\u00eandios, etc.;<\/li>\n\n\n\n<li>Escolta, transporte e cust\u00f3dia de presos, bem como a execu\u00e7\u00e3o e organiza\u00e7\u00e3o das opera\u00e7\u00f5es envolvendo essa tarefa, ainda que interestadual;<\/li>\n\n\n\n<li>Garantir a seguran\u00e7a do estabelecimento penal atrav\u00e9s de buscas em celas, revistas nos presos, visitantes e familiares, bem como atrav\u00e9s da vigil\u00e2ncia dos per\u00edmetros interno e externos do estabelecimento penal;<\/li>\n\n\n\n<li>Zelar pela seguran\u00e7a dos profissionais que realizam trabalhos nos estabelecimentos prisionais (advogados, m\u00e9dicos, zeladores, etc.);<\/li>\n\n\n\n<li>Realizar a condu\u00e7\u00e3o segura do preso \u00e0 presen\u00e7a de autoridades e, tamb\u00e9m, dar cumprimento aos alvar\u00e1s de soltura;<\/li>\n\n\n\n<li>Zelar pela sa\u00fade do preso, encaminhando-o ao atendimento m\u00e9dico quando necess\u00e1rio e, ainda, possibilitando a entrega de medicamentos receitados. <\/li>\n<\/ul>\n\n\n\n<h2 class=\"wp-block-heading\"><span class=\"ez-toc-section\" id=\"Concurso_Policia_Penal_CE_em_andamento\"><\/span>Concurso Pol\u00edcia Penal CE em andamento<span class=\"ez-toc-section-end\"><\/span><\/h2>\n\n\n\n<p>Tem um concurso da Pol\u00edcia Penal CE ainda em andamento e oferta 800 vagas para o cargo de Policial Penal, que conta com sal\u00e1rio no valor de R$ 3 mil!\u00a0<\/p>\n\n\n\n<p>Os interessados pelo concurso puderam realizar suas inscri\u00e7\u00f5es at\u00e9 o dia 3 de junho de 2024, com as taxas de inscri\u00e7\u00e3o no valor fixo de <strong>R$ 185,00.<\/strong>\u00a0<\/p>\n\n\n\n<p>A banca organizadora do certame \u00e9 o <a href=\"https:\/\/idecan.selecao.net.br\/\" target=\"_blank\" rel=\"noopener\">Idecan<\/a>.&nbsp;<\/p>\n\n\n\n<p>Ao todo est\u00e3o sendo ofertadas <strong>600 vagas imediatas e 200 para forma\u00e7\u00e3o de cadastro reserva<\/strong>, totalizando dessa forma 800 vagas para o cargo de<a href=\"https:\/\/www.editorasolucao.com.br\/curso-online\/curso-policia-penal-ce\" target=\"_blank\" rel=\"noreferrer noopener\"> Policial Penal<\/a>, de n\u00edvel m\u00e9dio de escolaridade.<\/p>\n\n\n\n<p>Segundo o edital as vagas est\u00e3o distribu\u00eddas da seguinte forma:<\/p>\n\n\n\n<ul>\n<li>Imediatas:\n<ul>\n<li>Ampla concorr\u00eancia: 450 vagas<\/li>\n\n\n\n<li>Pessoa com defici\u00eancia: 30 vagas<\/li>\n\n\n\n<li>Pretos e pardos: 120 vagas<\/li>\n<\/ul>\n<\/li>\n\n\n\n<li>Cadastro reserva:\n<ul>\n<li>Ampla concorr\u00eancia: 150 vagas<\/li>\n\n\n\n<li>Pessoa com defici\u00eancia: 10 vagas<\/li>\n\n\n\n<li>Pretos e pardos: 40 vagas<\/li>\n<\/ul>\n<\/li>\n<\/ul>\n\n\n\n<p>A jornada de trabalho dos servidores integrantes da carreira de Pol\u00edcia Penal \u00e9 de 40 horas semanais, ressalvado o regime de plant\u00e3o, que consta de 24 horas corridas por 72 horas de intervalo.<\/p>\n\n\n\n<p>Os candidatos aprovados no concurso far\u00e3o jus ao vencimento base no valor de <strong>R$ 3.074,89<\/strong>, mais a Gratifica\u00e7\u00e3o de Atividade Especial de Risco (GAER) no percentual de 100% sobre o vencimento base, modificada pela Lei N\u00ba 16.102, de 02 de setembro de 2016, e do Adicional Noturno, somente quando estiver submetido ao regime de plant\u00e3o no per\u00edodo noturno.<\/p>\n\n\n\n<h3 class=\"wp-block-heading\">Quais s\u00e3o os requisitos para a investidura dos cargos da Pol\u00edcia Penal CE?<\/h3>\n\n\n\n<p>De acordo com o edital, esses s\u00e3o os requisitos b\u00e1sicos exigidos para a nomea\u00e7\u00e3o e posse dos cargos ofertados: <\/p>\n\n\n\n<ul>\n<li>Ter nacionalidade brasileira ou portuguesa e, no caso de nacionalidade portuguesa, estar amparado pelo estatuto de igualdade entre brasileiros e portugueses, com reconhecimento do gozo dos direitos pol\u00edticos, nos termos do \u00a71\u00ba do artigo 12 da Constitui\u00e7\u00e3o Federal;<\/li>\n\n\n\n<li>Possuir os requisitos exigidos para o exerc\u00edcio do cargo, conforme item 2.1 deste edital;<\/li>\n\n\n\n<li>Estar quite com as obriga\u00e7\u00f5es eleitorais e, em caso de candidato do sexo masculino, tamb\u00e9m com as militares;<\/li>\n\n\n\n<li>Estar em gozo dos direitos pol\u00edticos;<\/li>\n\n\n\n<li>Ter, na data de inscri\u00e7\u00e3o no concurso, idade igual ou superior a 18 anos, e idade m\u00e1xima de 34 anos, 11 meses e 29 dias;<\/li>\n\n\n\n<li>Gozar de boa sa\u00fade f\u00edsica e mental, comprovada em inspe\u00e7\u00e3o m\u00e9dica oficial;<\/li>\n\n\n\n<li>Ter conduta social irrepreens\u00edvel, comprovada idoneidade moral e n\u00e3o possuir antecedentes criminais;<\/li>\n\n\n\n<li>Ser previamente aprovado em curso de forma\u00e7\u00e3o t\u00e9cnico-policial;<\/li>\n\n\n\n<li>Possuir Carteira Nacional de Habilita\u00e7\u00e3o, no m\u00ednimo na categoria \u201cB\u201d.<\/li>\n<\/ul>\n\n\n\n<h3 class=\"wp-block-heading\">Como os candidatos est\u00e3o sendo avaliados?\u00a0<\/h3>\n\n\n\n<p>Os candidatos do concurso da Pol\u00edcia Penal est\u00e3o sendo avaliados por meio das seguintes etapas de sele\u00e7\u00e3o: exame intelectual (prova objetiva e discursiva), teste de aptid\u00e3o f\u00edsica, avalia\u00e7\u00e3o psicol\u00f3gica<em>, <\/em>avalia\u00e7\u00e3o de sa\u00fade, curso de forma\u00e7\u00e3o profissional e investiga\u00e7\u00e3o social.&nbsp;<\/p>\n\n\n\n<h3 class=\"wp-block-heading\">Exame Intelectual\u00a0<\/h3>\n\n\n\n<p>Essa etapa foi realizada no dia <strong>14 de julho de 2024<\/strong>, onde os candidatos tiveram o tempo m\u00e1ximo de 4 horas para realizar o exame.<\/p>\n\n\n\n<p>A Prova Objetiva foi composta por <strong>90 quest\u00f5es de m\u00faltipla escolha<\/strong> que foram versadas nas seguintes disciplinas:<\/p>\n\n\n\n<ul>\n<li>Conhecimentos B\u00e1sicos\n<ul>\n<li>L\u00edngua Portuguesa (12)<\/li>\n\n\n\n<li>No\u00e7\u00f5es de Inform\u00e1tica (6)<\/li>\n\n\n\n<li>Racioc\u00ednio L\u00f3gico (6)<\/li>\n\n\n\n<li>No\u00e7\u00f5es de Administra\u00e7\u00e3o P\u00fablica e \u00c9tica no Servi\u00e7o P\u00fablico (8)<\/li>\n\n\n\n<li>Legisla\u00e7\u00e3o Espec\u00edfica (8)<\/li>\n<\/ul>\n<\/li>\n\n\n\n<li>Conhecimentos Espec\u00edfico\n<ul>\n<li>No\u00e7\u00f5es de Direito Administrativo (10)<\/li>\n\n\n\n<li>No\u00e7\u00f5es de Direito Constitucional (10)<\/li>\n\n\n\n<li>No\u00e7\u00f5es de Direitos Humanos (10)<\/li>\n\n\n\n<li>No\u00e7\u00f5es de Direito Penal (10)<\/li>\n\n\n\n<li>Legisla\u00e7\u00e3o Extravagante (10)<\/li>\n<\/ul>\n<\/li>\n<\/ul>\n\n\n\n<p>Foi considerado aprovado o candidato que, no m\u00ednimo, obteve 60% da pontua\u00e7\u00e3o m\u00e1xima da prova objetiva e acertou 50% das quest\u00f5es de cada disciplina que comp\u00f5em a \u00c1rea de Conhecimentos B\u00e1sicos e a \u00c1rea de Conhecimentos Espec\u00edficos.<\/p>\n\n\n\n<p>A Prova Discursiva foi composta por uma <strong>reda\u00e7\u00e3o<\/strong>, que consistiu na elabora\u00e7\u00e3o de um texto dissertativo de, no m\u00ednimo, 25 e no m\u00e1ximo 30 linhas.<\/p>\n\n\n\n<p>A reda\u00e7\u00e3o teve a pontua\u00e7\u00e3o m\u00e1xima de 20 pontos, sendo considerado aprovado o candidato que obtivesse, no m\u00ednimo, 50% de aproveitamento do total de pontos.<\/p>\n\n\n\n<h3 class=\"wp-block-heading\">Teste de Aptid\u00e3o F\u00edsica<\/h3>\n\n\n\n<p>Essa fase consistir\u00e1 em <strong>5 testes de aptid\u00e3o f\u00edsica<\/strong>, todos de realiza\u00e7\u00e3o obrigat\u00f3ria, independentemente do desempenho do candidato em cada um deles. Confira quais s\u00e3o as atividades que os candidatos ser\u00e3o submetidos:<\/p>\n\n\n\n<ol>\n<li>Teste Din\u00e2mico de Barra Fixa &#8211; masculino\n<ul>\n<li>07 repeti\u00e7\u00f5es<\/li>\n<\/ul>\n<\/li>\n\n\n\n<li>Teste Est\u00e1tico de Barra Fixa &#8211; feminino\n<ul>\n<li>40 segundos<\/li>\n<\/ul>\n<\/li>\n\n\n\n<li>Flex\u00e3o abdominal \n<ul>\n<li>Masculino: 35 flex\u00f5es<\/li>\n\n\n\n<li>Feminino: 30 flex\u00f5es<\/li>\n<\/ul>\n<\/li>\n\n\n\n<li>Flexo-extens\u00e3o de cotovelos no solo de quatro apoios &#8211; 1 minuto\n<ul>\n<li>Masculino: 25 repeti\u00e7\u00f5es<\/li>\n\n\n\n<li>Feminino: 08 repeti\u00e7\u00f5es<\/li>\n<\/ul>\n<\/li>\n\n\n\n<li>Impuls\u00e3o Horizontal\n<ul>\n<li>Masculino: M\u00ednimo de 1,90m<\/li>\n\n\n\n<li>Feminino: M\u00ednimo de 1,50m<\/li>\n<\/ul>\n<\/li>\n\n\n\n<li>Corrida de 12 minutos \n<ul>\n<li>Masculino: 2.500m<\/li>\n\n\n\n<li>Feminino: 2.100m<\/li>\n<\/ul>\n<\/li>\n<\/ol>\n\n\n\n<p>Ser\u00e1 considerado apto o candidato que atingir o desempenho m\u00ednimo exigido.<\/p>\n\n\n\n<h3 class=\"wp-block-heading\">Avalia\u00e7\u00e3o Psicol\u00f3gica<\/h3>\n\n\n\n<p>Essa fase poder\u00e1 ser realizada de forma coletiva e(ou) individual de instrumentos capazes de aferir, de forma objetiva e padronizada, os <strong>requisitos psicol\u00f3gicos<\/strong> do candidato para o desempenho das atribui\u00e7\u00f5es caracter\u00edsticos ao cargo.<\/p>\n\n\n\n<p>A Entrevista Devolutiva \u00e9 o procedimento t\u00e9cnico no qual um psic\u00f3logo contratado pela banca explica ao candidato o seu resultado e esclarece suas eventuais d\u00favidas.<\/p>\n\n\n\n<p>No final da avalia\u00e7\u00e3o o candidato ser\u00e1 considerado &#8220;recomendado&#8221; ou &#8220;n\u00e3o recomendado&#8221;.<\/p>\n\n\n\n<h3 class=\"wp-block-heading\">Avalia\u00e7\u00e3o de Sa\u00fade<\/h3>\n\n\n\n<p>Nessa etapa os candidatos dever\u00e3o apresentar <strong>exames laboratoriais e complementares<\/strong> e de laudos m\u00e9dicos decorrentes de avalia\u00e7\u00f5es m\u00e9dicas especializadas e a avalia\u00e7\u00e3o cl\u00ednica (consulta m\u00e9dica e odontol\u00f3gicas), realizada por m\u00e9dico e odont\u00f3logo designados pela banca.<\/p>\n\n\n\n<p>Ser\u00e1 considerado eliminado o candidato que:<\/p>\n\n\n\n<ol>\n<li>N\u00e3o comparecer \u00e0 Avalia\u00e7\u00e3o de Sa\u00fade;<\/li>\n\n\n\n<li>N\u00e3o enviar os exames laboratoriais, no per\u00edodo a ser divulgado no edital de convoca\u00e7\u00e3o para essa etapa;<\/li>\n\n\n\n<li>Evadir-se do local de realiza\u00e7\u00e3o da Avalia\u00e7\u00e3o de Sa\u00fade sem a devida conclus\u00e3o da avalia\u00e7\u00e3o, bem como sem a autoriza\u00e7\u00e3o para tanto da equipe de profissionais do IDECAN;<\/li>\n\n\n\n<li>For considerado \u201cN\u00e3o Recomendado\u201d.<\/li>\n<\/ol>\n\n\n\n<h3 class=\"wp-block-heading\">Curso de Forma\u00e7\u00e3o Profissional<\/h3>\n\n\n\n<p>Essa fase ter\u00e1 dura\u00e7\u00e3o de no m\u00ednimo 03 meses, com carga hor\u00e1ria de 840h e grade curricular que abranger\u00e1 conte\u00fados adequados \u00e0 Matriz Curricular Nacional para a Educa\u00e7\u00e3o em Servi\u00e7os Penitenci\u00e1rios, do Departamento Penitenci\u00e1rio Nacional &#8211; DEPEN.<\/p>\n\n\n\n<p>Ao longo do curso ser\u00e1 fornecida uma ajuda de custo correspondente a 50% do valor do vencimento b\u00e1sico. Ademais, ser\u00e1 exigido do candidato frequ\u00eancia de pelo menos 90% da carga hor\u00e1ria.<\/p>\n\n\n\n<p>Os candidatos ser\u00e3o submetidos a uma <strong>Avalia\u00e7\u00e3o final do Curso de Forma\u00e7\u00e3o Profissional<\/strong>, que ser\u00e1 composta por 70 quest\u00f5es, sendo considerado aprovado o participante que obtiver a pontua\u00e7\u00e3o equivalente a 60% do total de pontos.<\/p>\n\n\n\n<h3 class=\"wp-block-heading\">Investiga\u00e7\u00e3o Social<\/h3>\n\n\n\n<p>A investiga\u00e7\u00e3o consistir\u00e1 na coleta e an\u00e1lise de informa\u00e7\u00f5es sobre a vida pregressa e atual e a conduta individual e social do candidato, e estar\u00e1 sob a responsabilidade da Coordenadoria de Intelig\u00eancia \u2013 COINT.<\/p>\n\n\n\n<p>Essa fase tem o objetivo de apurar se o candidato ao cargo apresenta procedimento social e tem idoneidade moral compat\u00edveis com a dignidade da fun\u00e7\u00e3o escolhida, segundo as informa\u00e7\u00f5es coletadas e processadas pelos \u00f3rg\u00e3os competentes, verificando se os padr\u00f5es \u00e9tico-morais s\u00e3o consent\u00e2neos com a vida do profissional integrante da carreira de Pol\u00edcia Penal.<\/p>\n\n\n\n<p>No final da investiga\u00e7\u00e3o o candidato ser\u00e1 considerado \u201cRecomendado \u201cou \u201cN\u00e3o Recomendado\u201d para o exerc\u00edcio do cargo.<\/p>\n\n\n\n<p><\/p>\n\n\n\n<p><strong>Se interessou? N\u00e3o perca nossas not\u00edcias! <\/strong><\/p>\n","protected":false},"excerpt":{"rendered":"<p>Aten\u00e7\u00e3o, concurseiros! O novo concurso da Pol\u00edcia Penal CE em breve estar\u00e1 entre n\u00f3s, isso porque o governador do Cear\u00e1 divulgou o quantitativo de vagas do certame. Al\u00e9m disso, tamb\u00e9m foi revelado que a banca organizadora do concurso est\u00e1 em processo de defini\u00e7\u00e3o! Deseja ingressar na \u00e1rea policial? Venha saber os detalhes! Vai ter um novo concurso da Pol\u00edcia Penal CE? Sim, concurseiros! O governador do Estado do Cear\u00e1, Elmano de Freitas, confirmou nesta segunda-feira, 26 de agosto, os novos concursos da \u00e1rea de seguran\u00e7a do Cear\u00e1. O projeto, que foi revelado no lan\u00e7amento do programa \u201cCear\u00e1 contra o Crime\u201d,&#8230;<\/p>\n","protected":false},"author":21,"featured_media":41772,"template":"","meta":{"_acf_changed":true,"rank_math_lock_modified_date":false},"categories":[],"tags":[],"acf":[],"_links":{"self":[{"href":"https:\/\/www.editorasolucao.com.br\/blog\/wp-json\/wp\/v2\/concurso\/41771"}],"collection":[{"href":"https:\/\/www.editorasolucao.com.br\/blog\/wp-json\/wp\/v2\/concurso"}],"about":[{"href":"https:\/\/www.editorasolucao.com.br\/blog\/wp-json\/wp\/v2\/types\/concurso"}],"author":[{"embeddable":true,"href":"https:\/\/www.editorasolucao.com.br\/blog\/wp-json\/wp\/v2\/users\/21"}],"wp:featuredmedia":[{"embeddable":true,"href":"https:\/\/www.editorasolucao.com.br\/blog\/wp-json\/wp\/v2\/media\/41772"}],"wp:attachment":[{"href":"https:\/\/www.editorasolucao.com.br\/blog\/wp-json\/wp\/v2\/media?parent=41771"}],"wp:term":[{"taxonomy":"category","embeddable":true,"href":"https:\/\/www.editorasolucao.com.br\/blog\/wp-json\/wp\/v2\/categories?post=41771"},{"taxonomy":"post_tag","embeddable":true,"href":"https:\/\/www.editorasolucao.com.br\/blog\/wp-json\/wp\/v2\/tags?post=41771"}],"curies":[{"name":"wp","href":"https:\/\/api.w.org\/{rel}","templated":true}]}}