{"id":41776,"date":"2024-04-10T10:05:27","date_gmt":"2024-04-10T13:05:27","guid":{"rendered":"https:\/\/www.editorasolucao.com.br\/blog\/?post_type=concurso&#038;p=41776"},"modified":"2024-04-23T10:11:01","modified_gmt":"2024-04-23T13:11:01","slug":"prefeitura-de-fortaleza-ce","status":"publish","type":"concurso","link":"https:\/\/www.editorasolucao.com.br\/blog\/concurso\/prefeitura-de-fortaleza-ce","title":{"rendered":"Concurso Prefeitura de Fortaleza: Edital publicado. Mais de 1.400 vagas!"},"content":{"rendered":"\n<p><strong>Ol\u00e1 concurseiros!<\/strong> Foram publicados dois editais de<strong> processo seletivo <\/strong>da Prefeitura de Fortaleza com oferta de <strong>1.400 vagas <\/strong>para n\u00edvel superior e m\u00e9dio. Se interessou por este certame? Venha ler esta not\u00edcia e saber mais!! <\/p>\n\n\n\n<div id=\"ez-toc-container\" class=\"ez-toc-v2_0_69_1 counter-hierarchy ez-toc-counter ez-toc-grey ez-toc-container-direction\">\n<div class=\"ez-toc-title-container\">\n<p class=\"ez-toc-title \" >Menu de navega&ccedil;&atilde;o<\/p>\n<span class=\"ez-toc-title-toggle\"><a href=\"#\" class=\"ez-toc-pull-right ez-toc-btn ez-toc-btn-xs ez-toc-btn-default ez-toc-toggle\" aria-label=\"Toggle Table of Content\"><span class=\"ez-toc-js-icon-con\"><span class=\"\"><span class=\"eztoc-hide\" style=\"display:none;\">Toggle<\/span><span class=\"ez-toc-icon-toggle-span\"><svg style=\"fill: #999;color:#999\" xmlns=\"http:\/\/www.w3.org\/2000\/svg\" class=\"list-377408\" width=\"20px\" height=\"20px\" viewBox=\"0 0 24 24\" fill=\"none\"><path d=\"M6 6H4v2h2V6zm14 0H8v2h12V6zM4 11h2v2H4v-2zm16 0H8v2h12v-2zM4 16h2v2H4v-2zm16 0H8v2h12v-2z\" fill=\"currentColor\"><\/path><\/svg><svg style=\"fill: #999;color:#999\" class=\"arrow-unsorted-368013\" xmlns=\"http:\/\/www.w3.org\/2000\/svg\" width=\"10px\" height=\"10px\" viewBox=\"0 0 24 24\" version=\"1.2\" baseProfile=\"tiny\"><path d=\"M18.2 9.3l-6.2-6.3-6.2 6.3c-.2.2-.3.4-.3.7s.1.5.3.7c.2.2.4.3.7.3h11c.3 0 .5-.1.7-.3.2-.2.3-.5.3-.7s-.1-.5-.3-.7zM5.8 14.7l6.2 6.3 6.2-6.3c.2-.2.3-.5.3-.7s-.1-.5-.3-.7c-.2-.2-.4-.3-.7-.3h-11c-.3 0-.5.1-.7.3-.2.2-.3.5-.3.7s.1.5.3.7z\"\/><\/svg><\/span><\/span><\/span><\/a><\/span><\/div>\n<nav><ul class='ez-toc-list ez-toc-list-level-1 ' ><li class='ez-toc-page-1 ez-toc-heading-level-2'><a class=\"ez-toc-link ez-toc-heading-1\" href=\"https:\/\/www.editorasolucao.com.br\/blog\/concurso\/prefeitura-de-fortaleza-ce\/#Como_posso_me_inscrever_para_o_processo_seletivo_da_Prefeitura_de_Fortaleza\" title=\"Como posso me inscrever para o processo seletivo da Prefeitura de Fortaleza?\">Como posso me inscrever para o processo seletivo da Prefeitura de Fortaleza?<\/a><\/li><li class='ez-toc-page-1 ez-toc-heading-level-2'><a class=\"ez-toc-link ez-toc-heading-2\" href=\"https:\/\/www.editorasolucao.com.br\/blog\/concurso\/prefeitura-de-fortaleza-ce\/#Quais_vagas_estao_sendo_ofertadas\" title=\"Quais vagas est\u00e3o sendo ofertadas?\">Quais vagas est\u00e3o sendo ofertadas?<\/a><\/li><li class='ez-toc-page-1 ez-toc-heading-level-2'><a class=\"ez-toc-link ez-toc-heading-3\" href=\"https:\/\/www.editorasolucao.com.br\/blog\/concurso\/prefeitura-de-fortaleza-ce\/#Requisitos_para_investidura_dos_cargos\" title=\"Requisitos para investidura dos cargos\">Requisitos para investidura dos cargos<\/a><\/li><li class='ez-toc-page-1 ez-toc-heading-level-2'><a class=\"ez-toc-link ez-toc-heading-4\" href=\"https:\/\/www.editorasolucao.com.br\/blog\/concurso\/prefeitura-de-fortaleza-ce\/#Como_posso_me_preparar_para_as_etapas_de_selecao_do_processo_seletivo\" title=\"Como posso me preparar para as etapas de sele\u00e7\u00e3o do processo seletivo?\">Como posso me preparar para as etapas de sele\u00e7\u00e3o do processo seletivo?<\/a><\/li><\/ul><\/nav><\/div>\n<h2 class=\"wp-block-heading\" id=\"inscri\u00e7ao\"><span class=\"ez-toc-section\" id=\"Como_posso_me_inscrever_para_o_processo_seletivo_da_Prefeitura_de_Fortaleza\"><\/span>Como posso me inscrever para o processo seletivo da Prefeitura de Fortaleza? <span class=\"ez-toc-section-end\"><\/span><\/h2>\n\n\n\n<p>As inscri\u00e7\u00f5es para ambos os editais podem ser realizadas pelo site da <a href=\"https:\/\/concursos.fortaleza.ce.gov.br\/selecoes\/em-andamento\" target=\"_blank\" rel=\"noreferrer noopener\">Prefeitura de Fortaleza<\/a>, <strong>at\u00e9 o dia 21 de abril de 2024. <\/strong><\/p>\n\n\n\n<p>O valor da taxa de inscri\u00e7\u00e3o varia de acordo com o n\u00edvel do cargo escolhido pelo candidato, vejamos: <\/p>\n\n\n\n<ul>\n<li><strong>N\u00edvel M\u00e9dio: <\/strong>R$85,00<\/li>\n\n\n\n<li><strong>N\u00edvel Superior: <\/strong>R$120,00<\/li>\n<\/ul>\n\n\n\n<p>O pagamento do boleto banc\u00e1rio deve ser efetuado at\u00e9 o dia<strong> 23 de abril. <\/strong><\/p>\n\n\n\n<p>Esse processo seletivo \u00e9 realizado por comiss\u00e3o pr\u00f3pria, ou seja, n\u00e3o possui banca organizadora. <\/p>\n\n\n\n<h2 class=\"wp-block-heading\" id=\"vagas\"><span class=\"ez-toc-section\" id=\"Quais_vagas_estao_sendo_ofertadas\"><\/span>Quais vagas est\u00e3o sendo ofertadas? <span class=\"ez-toc-section-end\"><\/span><\/h2>\n\n\n\n<p>S\u00e3o dois editais que, juntando todas as vagas, oferecem<strong> 1.400 oportunidades para n\u00edvel m\u00e9dio e superior<\/strong>. Vejamos detalhadamente como elas foram distribu\u00eddas: <\/p>\n\n\n\n<ul>\n<li><strong>Edital 65\/2024: <\/strong>\n<ul>\n<li>N\u00edvel Superior\n<ul>\n<li>Direito (CR)\n<ul>\n<li>R$ 2.311,04<\/li>\n<\/ul>\n<\/li>\n\n\n\n<li>Pedagogia (25)\n<ul>\n<li>R$ 2.689,60<\/li>\n<\/ul>\n<\/li>\n\n\n\n<li>Psicologia (CR)\n<ul>\n<li>R$ 2.689,60<\/li>\n<\/ul>\n<\/li>\n\n\n\n<li>Servi\u00e7o Social (CR)\n<ul>\n<li>R$ 2.689,60<\/li>\n<\/ul>\n<\/li>\n\n\n\n<li>Terapia Ocupacional (CR)\n<ul>\n<li>R$ 2.689,60<\/li>\n<\/ul>\n<\/li>\n<\/ul>\n<\/li>\n<\/ul>\n<\/li>\n\n\n\n<li><strong>Edital 66\/2024<\/strong>\n<ul>\n<li>N\u00edvel M\u00e9dio\n<ul>\n<li>Educador Social\n<ul>\n<li>R$ 1.848,83<\/li>\n<\/ul>\n<\/li>\n<\/ul>\n<\/li>\n<\/ul>\n<\/li>\n<\/ul>\n\n\n\n<p>Juntos, os editais oferecem<strong> 1.431 vagas<\/strong>, sendo 32 vagas imediatas e 1.399 vagas para cadastro reserva. <\/p>\n\n\n\n<p>Os candidatos aprovados e contratados no processo seletivo dever\u00e3o cumprir uma jornada de trabalho de <strong>30h ou 40h semanais. <\/strong><\/p>\n\n\n\n<h2 class=\"wp-block-heading\" id=\"requisitos\"><span class=\"ez-toc-section\" id=\"Requisitos_para_investidura_dos_cargos\"><\/span>Requisitos para investidura dos cargos<span class=\"ez-toc-section-end\"><\/span><\/h2>\n\n\n\n<p>De acordo com os editais, esses s\u00e3o os requisitos para investidura dos cargos: <\/p>\n\n\n\n<ul>\n<li>Ter nacionalidade brasileira.<\/li>\n\n\n\n<li>Gozar dos direitos pol\u00edticos. <\/li>\n\n\n\n<li>Estar quite com as obriga\u00e7\u00f5es eleitorais.<\/li>\n\n\n\n<li>Estar quite com as obriga\u00e7\u00f5es do Servi\u00e7o Militar, para os candidatos do sexo masculino.<\/li>\n\n\n\n<li><strong>Comprovar os requisitos exigidos nos editais, de acordo com a especialidade escolhida no ato da inscri\u00e7\u00e3o.<\/strong> <\/li>\n\n\n\n<li>Ter idade m\u00ednima de 18 anos \u00e0 \u00e9poca da contrata\u00e7\u00e3o. <\/li>\n\n\n\n<li>Ter aptid\u00e3o f\u00edsica e mental para o exerc\u00edcio das atribui\u00e7\u00f5es da especialidade, comprovada por laudo me\u0301dico expedido por profissional competente, devendo constar no documento o n\u00famero de registro no respectivo conselho de classe, o endere\u00e7o profissional e o n\u00famero de telefone para contato. <\/li>\n\n\n\n<li>N\u00e3o estar suspenso do exerc\u00edcio profissional, nem cumprindo qualquer outra penalidade disciplinar aplicada pelo \u00f3rg\u00e3o de fiscaliza\u00e7\u00e3o da profiss\u00e3o, em n\u00edvel federal ou estadual, quando for o caso. <\/li>\n\n\n\n<li>N\u00e3o ter sido condenado, em sede de processo administrativo disciplinar ou de a\u00e7\u00e3o judicial, com a pena de demiss\u00e3o no \u00e2mbito do servi\u00e7o p\u00fablico. <\/li>\n\n\n\n<li>Apresentar certid\u00e3o dos setores de distribui\u00e7\u00e3o dos foros criminais, das Justi\u00e7as Federal e Estadual, no \u00e2mbito de compet\u00eancia jurisdicional dos estados onde tenha residido nos \u00faltimos 2 anos, expedida, no m\u00e1ximo, h\u00e1 6 meses. <\/li>\n\n\n\n<li>Estar credenciado para o exerc\u00edcio da profiss\u00e3o pelo \u00f3rg\u00e3o fiscalizador competente. <\/li>\n\n\n\n<li>N\u00e3o possuir v\u00ednculo com a administra\u00e7\u00e3o direta ou indireta da Uni\u00e3o, dos Estados, do Distrito Federal e dos Munic\u00edpios, inclusive o de Fortaleza, bem como com suas subsidi\u00e1rias e\/ou controladas, salvo nos casos de acumula\u00e7\u00e3o l\u00edcita de cargos\/empregos. <\/li>\n\n\n\n<li><strong>Havendo acumula\u00e7\u00e3o l\u00edcita de cargo, emprego e\/ou fun\u00e7\u00e3o p\u00fablicos, dever\u00e3o ser observadas as disposi\u00e7\u00f5es contidas nos incisos XVI e XVII do art. 37 da Constitui\u00e7\u00e3o Federal de 1988 e, nestes casos, ser\u00e1 exigida a compatibilidade de hor\u00e1rio entre os cargos (ou empregos) exercidos, devendo existir, entre o final de um expediente de trabalho e o in\u00edcio do outro, um intervalo de tempo m\u00ednimo que permita o deslocamento, a alimenta\u00e7\u00e3o e o repouso do servidor. <\/strong><\/li>\n<\/ul>\n\n\n\n<h2 class=\"wp-block-heading\" id=\"etapas\"><span class=\"ez-toc-section\" id=\"Como_posso_me_preparar_para_as_etapas_de_selecao_do_processo_seletivo\"><\/span>Como posso me preparar para as etapas de sele\u00e7\u00e3o do processo seletivo? <span class=\"ez-toc-section-end\"><\/span><\/h2>\n\n\n\n<p>Os candidatos ser\u00e3o avaliados nas seguintes etapas de sele\u00e7\u00e3o: <\/p>\n\n\n\n<ul>\n<li><strong>Prova Objetiva,<\/strong> ambos os editais. <\/li>\n\n\n\n<li><strong>An\u00e1lise Curricular,<\/strong> edital 65\/2024. <\/li>\n\n\n\n<li><strong>An\u00e1lise da Experi\u00eancia Profissional,<\/strong> edital 66\/2024. <\/li>\n<\/ul>\n\n\n\n<h3 class=\"wp-block-heading\">Prova Objetiva<\/h3>\n\n\n\n<p>As provas objetivas do edital 65\/2024 acontecer\u00e3o no dia<strong> 5 de maio de 2024 no hor\u00e1rio de 14h \u00e0s 17h. <\/strong><\/p>\n\n\n\n<p>As disciplinas que versar\u00e3o as provas deste edital ser\u00e3o: <\/p>\n\n\n\n<ul>\n<li>Conhecimentos Espec\u00edficos &#8211; 40 quest\u00f5es. <\/li>\n<\/ul>\n\n\n\n<p>J\u00e1 as provas do edital 66\/2024 tamb\u00e9m est\u00e3o previstas para acontecer dia<strong> 5 de maio<\/strong>, mas no turno matutino, <strong>das 8h \u00e0s 11h.<\/strong> <\/p>\n\n\n\n<p>O edital 66\/2024 contar\u00e1 com as seguintes disciplinas: <\/p>\n\n\n\n<ul>\n<li>L\u00edngua Portuguesa &#8211; 10 quest\u00f5es<\/li>\n\n\n\n<li>Conhecimentos Espec\u00edficos &#8211; 20 quest\u00f5es<\/li>\n<\/ul>\n\n\n\n<p>Ambas as provas ter\u00e3o valor m\u00e1ximo de<strong> 50 pontos<\/strong> e os candidatos dever\u00e3o acertar, no m\u00ednimo,<strong> 60%<\/strong> das quest\u00f5es, de cada \u00e1rea de conhecimento, para serem aprovados no processo seletivo. <\/p>\n\n\n\n<h3 class=\"wp-block-heading\">An\u00e1lise Curricular<\/h3>\n\n\n\n<p>A an\u00e1lise curricular nada mais \u00e9 do que uma prova de t\u00edtulos.<\/p>\n\n\n\n<p>Apenas participar\u00e3o desta etapa aqueles candidatos dos cargos oferecidos no<strong> edital 65\/2024<\/strong> que avan\u00e7arem das provas objetivas. <\/p>\n\n\n\n<p>O candidato dever\u00e1 fazer o envio dos documentos de maneira online, pelo site da Prefeitura de Fortaleza, no per\u00edodo dos dias <strong>17 a 21 de maio. <\/strong><\/p>\n\n\n\n<p>A contagem de pontos funcionar\u00e1 da seguinte forma:<\/p>\n\n\n\n<ul>\n<li>Doutorado &#8211; 10 pontos<\/li>\n\n\n\n<li>Mestrado &#8211; 7 pontos<\/li>\n\n\n\n<li>Especializa\u00e7\u00e3o &#8211; 3,5 pontos<\/li>\n\n\n\n<li>Curso de Aperfei\u00e7oamento &#8211; 2 pontos<\/li>\n\n\n\n<li>Tempo de Servi\u00e7o &#8211; 2 pontos<\/li>\n<\/ul>\n\n\n\n<h3 class=\"wp-block-heading\">An\u00e1lise da Experi\u00eancia Profissional <\/h3>\n\n\n\n<p>Assim como o outro edital, neste o envio dos documentos tamb\u00e9m ser\u00e1 feito de maneira online entre os dias<strong> 17 a 21 de maio. <\/strong><\/p>\n\n\n\n<p>Os documentos analisados neste fase ser\u00e3o: <\/p>\n\n\n\n<ul>\n<li>Tempo de servi\u00e7o\/experi\u00eancia profissional, n\u00e3o concomitante, na \u00e1rea espec\u00edfica de atua\u00e7\u00e3o do candidato &#8211; 2 pontos<\/li>\n<\/ul>\n\n\n\n<p>Essa etapa possui car\u00e1ter classificat\u00f3rio! <\/p>\n\n\n\n<p><\/p>\n\n\n\n<p><\/p>\n\n\n\n<p><strong>Boa prova e bons estudos! <\/strong><\/p>\n","protected":false},"excerpt":{"rendered":"<p>Ol\u00e1 concurseiros! Foram publicados dois editais de processo seletivo da Prefeitura de Fortaleza com oferta de 1.400 vagas para n\u00edvel superior e m\u00e9dio. Se interessou por este certame? Venha ler esta not\u00edcia e saber mais!! Como posso me inscrever para o processo seletivo da Prefeitura de Fortaleza? As inscri\u00e7\u00f5es para ambos os editais podem ser realizadas pelo site da Prefeitura de Fortaleza, at\u00e9 o dia 21 de abril de 2024. O valor da taxa de inscri\u00e7\u00e3o varia de acordo com o n\u00edvel do cargo escolhido pelo candidato, vejamos: O pagamento do boleto banc\u00e1rio deve ser efetuado at\u00e9 o dia 23&#8230;<\/p>\n","protected":false},"author":21,"featured_media":41805,"template":"","meta":{"_acf_changed":false,"rank_math_lock_modified_date":false},"categories":[],"tags":[],"acf":[],"_links":{"self":[{"href":"https:\/\/www.editorasolucao.com.br\/blog\/wp-json\/wp\/v2\/concurso\/41776"}],"collection":[{"href":"https:\/\/www.editorasolucao.com.br\/blog\/wp-json\/wp\/v2\/concurso"}],"about":[{"href":"https:\/\/www.editorasolucao.com.br\/blog\/wp-json\/wp\/v2\/types\/concurso"}],"author":[{"embeddable":true,"href":"https:\/\/www.editorasolucao.com.br\/blog\/wp-json\/wp\/v2\/users\/21"}],"wp:featuredmedia":[{"embeddable":true,"href":"https:\/\/www.editorasolucao.com.br\/blog\/wp-json\/wp\/v2\/media\/41805"}],"wp:attachment":[{"href":"https:\/\/www.editorasolucao.com.br\/blog\/wp-json\/wp\/v2\/media?parent=41776"}],"wp:term":[{"taxonomy":"category","embeddable":true,"href":"https:\/\/www.editorasolucao.com.br\/blog\/wp-json\/wp\/v2\/categories?post=41776"},{"taxonomy":"post_tag","embeddable":true,"href":"https:\/\/www.editorasolucao.com.br\/blog\/wp-json\/wp\/v2\/tags?post=41776"}],"curies":[{"name":"wp","href":"https:\/\/api.w.org\/{rel}","templated":true}]}}