{"id":41783,"date":"2024-04-10T09:13:32","date_gmt":"2024-04-10T12:13:32","guid":{"rendered":"https:\/\/www.editorasolucao.com.br\/blog\/?post_type=concurso&#038;p=41783"},"modified":"2024-04-23T10:11:23","modified_gmt":"2024-04-23T13:11:23","slug":"guarda-de-vitoria-es","status":"publish","type":"concurso","link":"https:\/\/www.editorasolucao.com.br\/blog\/concurso\/guarda-de-vitoria-es","title":{"rendered":"Concurso Guarda de Vit\u00f3ria ES: Edital publicado. 100 vagas de n\u00edvel m\u00e9dio!"},"content":{"rendered":"\n<p><strong>Ol\u00e1 concurseiros!<\/strong> Foi publicado o edital de abertura do concurso de Guarda de Vit\u00f3ria, no estado do Esp\u00edrito Santo. Este certame est\u00e1 com oferta de<strong> 100 vagas imediatas<\/strong> para n\u00edvel m\u00e9dio e as remunera\u00e7\u00f5es podem chegar at\u00e9<strong> R$ 3,9 mil!<\/strong> Se interessou pelo concurso? Venha saber mais!! <\/p>\n\n\n\n<div id=\"ez-toc-container\" class=\"ez-toc-v2_0_69_1 counter-hierarchy ez-toc-counter ez-toc-grey ez-toc-container-direction\">\n<div class=\"ez-toc-title-container\">\n<p class=\"ez-toc-title \" >Menu de navega&ccedil;&atilde;o<\/p>\n<span class=\"ez-toc-title-toggle\"><a href=\"#\" class=\"ez-toc-pull-right ez-toc-btn ez-toc-btn-xs ez-toc-btn-default ez-toc-toggle\" aria-label=\"Toggle Table of Content\"><span class=\"ez-toc-js-icon-con\"><span class=\"\"><span class=\"eztoc-hide\" style=\"display:none;\">Toggle<\/span><span class=\"ez-toc-icon-toggle-span\"><svg style=\"fill: #999;color:#999\" xmlns=\"http:\/\/www.w3.org\/2000\/svg\" class=\"list-377408\" width=\"20px\" height=\"20px\" viewBox=\"0 0 24 24\" fill=\"none\"><path d=\"M6 6H4v2h2V6zm14 0H8v2h12V6zM4 11h2v2H4v-2zm16 0H8v2h12v-2zM4 16h2v2H4v-2zm16 0H8v2h12v-2z\" fill=\"currentColor\"><\/path><\/svg><svg style=\"fill: #999;color:#999\" class=\"arrow-unsorted-368013\" xmlns=\"http:\/\/www.w3.org\/2000\/svg\" width=\"10px\" height=\"10px\" viewBox=\"0 0 24 24\" version=\"1.2\" baseProfile=\"tiny\"><path d=\"M18.2 9.3l-6.2-6.3-6.2 6.3c-.2.2-.3.4-.3.7s.1.5.3.7c.2.2.4.3.7.3h11c.3 0 .5-.1.7-.3.2-.2.3-.5.3-.7s-.1-.5-.3-.7zM5.8 14.7l6.2 6.3 6.2-6.3c.2-.2.3-.5.3-.7s-.1-.5-.3-.7c-.2-.2-.4-.3-.7-.3h-11c-.3 0-.5.1-.7.3-.2.2-.3.5-.3.7s.1.5.3.7z\"\/><\/svg><\/span><\/span><\/span><\/a><\/span><\/div>\n<nav><ul class='ez-toc-list ez-toc-list-level-1 ' ><li class='ez-toc-page-1 ez-toc-heading-level-2'><a class=\"ez-toc-link ez-toc-heading-1\" href=\"https:\/\/www.editorasolucao.com.br\/blog\/concurso\/guarda-de-vitoria-es\/#Como_posso_me_inscrever_para_este_certame\" title=\"Como posso me inscrever para este certame?\">Como posso me inscrever para este certame?<\/a><\/li><li class='ez-toc-page-1 ez-toc-heading-level-2'><a class=\"ez-toc-link ez-toc-heading-2\" href=\"https:\/\/www.editorasolucao.com.br\/blog\/concurso\/guarda-de-vitoria-es\/#Quais_vagas_estao_sendo_ofertadas\" title=\"Quais vagas est\u00e3o sendo ofertadas?\">Quais vagas est\u00e3o sendo ofertadas?<\/a><\/li><li class='ez-toc-page-1 ez-toc-heading-level-2'><a class=\"ez-toc-link ez-toc-heading-3\" href=\"https:\/\/www.editorasolucao.com.br\/blog\/concurso\/guarda-de-vitoria-es\/#Requisitos_para_a_investidura_dos_cargos\" title=\"Requisitos para a investidura dos cargos\">Requisitos para a investidura dos cargos<\/a><\/li><li class='ez-toc-page-1 ez-toc-heading-level-2'><a class=\"ez-toc-link ez-toc-heading-4\" href=\"https:\/\/www.editorasolucao.com.br\/blog\/concurso\/guarda-de-vitoria-es\/#O_que_faz_um_Guarda_Municipal\" title=\"O que faz um Guarda Municipal?\">O que faz um Guarda Municipal?<\/a><\/li><li class='ez-toc-page-1 ez-toc-heading-level-2'><a class=\"ez-toc-link ez-toc-heading-5\" href=\"https:\/\/www.editorasolucao.com.br\/blog\/concurso\/guarda-de-vitoria-es\/#Como_posso_me_preparar_para_as_etapas_de_selecao_de_Concurso_de_Guarda_de_Vitoria\" title=\"Como posso me preparar para as etapas de sele\u00e7\u00e3o de Concurso de Guarda de Vit\u00f3ria?\">Como posso me preparar para as etapas de sele\u00e7\u00e3o de Concurso de Guarda de Vit\u00f3ria?<\/a><\/li><\/ul><\/nav><\/div>\n<h2 class=\"wp-block-heading\" id=\"inscri\u00e7ao\"><span class=\"ez-toc-section\" id=\"Como_posso_me_inscrever_para_este_certame\"><\/span>Como posso me inscrever para este certame? <span class=\"ez-toc-section-end\"><\/span><\/h2>\n\n\n\n<p>As inscri\u00e7\u00f5es para o concurso de Guarda de Vit\u00f3ria ser\u00e3o iniciadas<strong> \u00e0s 16h do dia 15 de abril e ser\u00e3o encerradas \u00e0s 16h do dia 20 de maio. <\/strong>Os interessados pelo certame poder\u00e3o realizar suas inscri\u00e7\u00f5es por meio do site da banca organizadora, a <a href=\"https:\/\/conhecimento.fgv.br\/concursos\/guardavitoria24\" target=\"_blank\" rel=\"noreferrer noopener\">Funda\u00e7\u00e3o Getulio Vargas (FGV). <\/a><\/p>\n\n\n\n<p>A taxa de inscri\u00e7\u00e3o tem o valor fixo de <strong>R$ 90,00. <\/strong><\/p>\n\n\n\n<p>O pagamento do boleto banc\u00e1rio deve ser realizado at\u00e9 o dia<strong> 21 de maio. <\/strong><\/p>\n\n\n\n<p>Aos candidatos cadastrados no Cadastro \u00danico, e que comprovem situa\u00e7\u00e3o de baixa renda, poder\u00e3o solicitar a isen\u00e7\u00e3o dessas taxas entre os dias<strong> 15 a 19 de abril. <\/strong><\/p>\n\n\n\n<h2 class=\"wp-block-heading\" id=\"vagas\"><span class=\"ez-toc-section\" id=\"Quais_vagas_estao_sendo_ofertadas\"><\/span>Quais vagas est\u00e3o sendo ofertadas? <span class=\"ez-toc-section-end\"><\/span><\/h2>\n\n\n\n<p>As<strong> 100 vagas ofertadas<\/strong> s\u00e3o para o cargo de<strong> Guarda Municipal,<\/strong> esse cargo exige forma\u00e7\u00e3o no <strong>ensino m\u00e9dio.<\/strong> Vejamos com mais detalhes: <\/p>\n\n\n\n<ul>\n<li><strong>Guarda Municipal<\/strong> (100 vagas + CR)\n<ul>\n<li>R$ 3.967,40<\/li>\n<\/ul>\n<\/li>\n<\/ul>\n\n\n\n<p>Os candidatos contratados e admitidos pelo concurso dever\u00e3o cumprir uma jornada de trabalho de <strong>40 horas semanais. <\/strong><\/p>\n\n\n\n<h2 class=\"wp-block-heading\" id=\"requisitos\"><span class=\"ez-toc-section\" id=\"Requisitos_para_a_investidura_dos_cargos\"><\/span>Requisitos para a investidura dos cargos<span class=\"ez-toc-section-end\"><\/span><\/h2>\n\n\n\n<p>De acordo com o edital, esses s\u00e3o os requisitos m\u00ednimos exigidos para a nomea\u00e7\u00e3o e posse dos cargos: <\/p>\n\n\n\n<ul>\n<li>Nacionalidade brasileira.<\/li>\n\n\n\n<li><strong>Ensino m\u00e9dio completo, devidamente comprovado por meio de diploma, certificado ou declara\u00e7\u00e3o, reconhecido legalmente por Secretaria da Educa\u00e7\u00e3o de qualquer das Unidades Federativas do pa\u00eds, ou pelo Minist\u00e9rio da Educa\u00e7\u00e3o e Cultura.<\/strong><\/li>\n\n\n\n<li>Carteira Nacional de Habilita\u00e7\u00e3o categoria m\u00ednima \u201cA\u201d e \u201cB\u201d.<\/li>\n\n\n\n<li>Ter no m\u00ednimo 18 anos e no m\u00e1ximo 30 anos no ato da posse.<\/li>\n\n\n\n<li><strong>Ter no m\u00ednimo 1,60 metro de altura para mulheres e 1,65 metro de altura para homens.<\/strong><\/li>\n\n\n\n<li>N\u00e3o possuir antecedentes criminais, comprovada documentalmente por certid\u00e3o de antecedentes criminais, certid\u00f5es negativas emitidas pela Justi\u00e7a Federal, Estadual, Eleitoral e Militar.<\/li>\n\n\n\n<li>Ter aptid\u00e3o f\u00edsica e psicot\u00e9cnica plenas.<\/li>\n\n\n\n<li>Estar em dia com as obriga\u00e7\u00f5es eleitorais e no pleno exerc\u00edcio dos direitos pol\u00edticos, mediante apresenta\u00e7\u00e3o de certid\u00e3o de quita\u00e7\u00e3o eleitoral expedida pelo Tribunal Superior Eleitoral.<\/li>\n\n\n\n<li>Estar em dia com suas obriga\u00e7\u00f5es militares se for do sexo masculino, devendo ser portador do certificado de reservista ou de dispensa de incorpora\u00e7\u00e3o, e n\u00e3o ter sido afastado do servi\u00e7o militar, seja por reforma, demiss\u00e3o, licenciamento ou exclus\u00e3o a bem da disciplina, seja por incapacidade f\u00edsica ou mental definitiva, em qualquer das For\u00e7as Armadas ou Auxiliares. <\/li>\n\n\n\n<li><strong>Ser aprovado em exame toxicol\u00f3gico\/antidoping, do tipo \u201cjanela de larga detec\u00e7\u00e3o\u201d ou outro de aferi\u00e7\u00e3o superior, realizado em car\u00e1ter confidencial.<\/strong><\/li>\n<\/ul>\n\n\n\n<h2 class=\"wp-block-heading\" id=\"atribui\u00e7oes\"><span class=\"ez-toc-section\" id=\"O_que_faz_um_Guarda_Municipal\"><\/span>O que faz um Guarda Municipal? <span class=\"ez-toc-section-end\"><\/span><\/h2>\n\n\n\n<p>S\u00e3o diversas as atribui\u00e7\u00f5es dadas a um <a href=\"https:\/\/www.editorasolucao.com.br\/apostila-solucao\/prefeitura-vitoria-es-guarda-civil-municipal\" target=\"_blank\" rel=\"noreferrer noopener\">Guarda Municipal<\/a>, neste artigo estamos nos baseando nas fun\u00e7\u00f5es que constam no edital de Guarda de Vit\u00f3ria. Vejamos: <\/p>\n\n\n\n<ul>\n<li>Zelar pelos bens, equipamentos e pr\u00e9dios p\u00fablicos do Munic\u00edpio;<\/li>\n\n\n\n<li>Prevenir e inibir, pela presen\u00e7a e vigil\u00e2ncia, bem como coibir, infra\u00e7\u00f5es penais ou administrativas e atos infracionais que atentem contra os bens, servi\u00e7os e instala\u00e7\u00f5es municipais;<\/li>\n\n\n\n<li>Atuar, preventiva e permanentemente, no territ\u00f3rio do Munic\u00edpio, para a prote\u00e7\u00e3o sist\u00eamica da popula\u00e7\u00e3o que utiliza os bens, servi\u00e7os e instala\u00e7\u00f5es municipais;<\/li>\n\n\n\n<li>Colaborar, de forma integrada com os \u00f3rg\u00e3os de seguran\u00e7a p\u00fablica, em a\u00e7\u00f5es conjuntas que contribuam com a paz social;<\/li>\n\n\n\n<li>Colaborar com a pacifica\u00e7\u00e3o de conflitos que seus integrantes presenciarem, atentando para o respeito aos direitos fundamentais das pessoas;<\/li>\n\n\n\n<li>Proteger o patrim\u00f4nio ecol\u00f3gico, hist\u00f3rico, cultural, arquitet\u00f4nico e ambiental do Munic\u00edpio, inclusive adotando medidas educativas e preventivas;<\/li>\n\n\n\n<li>Cooperar com os demais \u00f3rg\u00e3os de defesa civil em suas atividades;<\/li>\n\n\n\n<li>Interagir com a sociedade civil para discuss\u00e3o de solu\u00e7\u00f5es de problemas e projetos locais voltados \u00e0 melhoria das condi\u00e7\u00f5es de seguran\u00e7a das comunidades. <\/li>\n<\/ul>\n\n\n\n<p>Se interessou pelo cargo? N\u00e3o se esque\u00e7a de conferir nossos <a href=\"https:\/\/www.editorasolucao.com.br\/apostila-solucao\/prefeitura-vitoria-es-guarda-civil-municipal\" target=\"_blank\" rel=\"noreferrer noopener\">materiais<\/a>! <\/p>\n\n\n\n<h2 class=\"wp-block-heading\" id=\"etapas\"><span class=\"ez-toc-section\" id=\"Como_posso_me_preparar_para_as_etapas_de_selecao_de_Concurso_de_Guarda_de_Vitoria\"><\/span>Como posso me preparar para as etapas de sele\u00e7\u00e3o de Concurso de Guarda de Vit\u00f3ria? <span class=\"ez-toc-section-end\"><\/span><\/h2>\n\n\n\n<p>Os candidatos do concurso de Guarda de Vit\u00f3ria ser\u00e3o avaliados pelas seguintes etapas de sele\u00e7\u00e3o: <\/p>\n\n\n\n<ul>\n<li><strong>Prova Objetiva<\/strong>, <em>de car\u00e1ter eliminat\u00f3rio e classificat\u00f3rio<\/em>;<\/li>\n\n\n\n<li><strong>Teste de Aptid\u00e3o F\u00edsica \u2013 TAF<\/strong>, <em>de car\u00e1ter eliminat\u00f3rio e classificat\u00f3rio;<\/em><\/li>\n\n\n\n<li><strong>Investiga\u00e7\u00e3o Social e Comportamental<\/strong>, <em>de car\u00e1ter eliminat\u00f3rio;<\/em><\/li>\n\n\n\n<li><strong>Avalia\u00e7\u00e3o Psicot\u00e9cnica<\/strong>,<em> de car\u00e1ter eliminat\u00f3rio;<\/em><\/li>\n\n\n\n<li><strong>Exame M\u00e9dico<\/strong>, <em>de car\u00e1ter eliminat\u00f3rio;<\/em><\/li>\n\n\n\n<li><strong>Curso de Forma\u00e7\u00e3o<\/strong>, <em>de car\u00e1ter eliminat\u00f3rio e classificat\u00f3rio.<\/em><\/li>\n<\/ul>\n\n\n\n<h3 class=\"wp-block-heading\">Prova Objetiva<\/h3>\n\n\n\n<p>A prova objetiva est\u00e1 prevista para acontecer no dia <strong>14 de julho de 2024 das 13h \u00e0s 16h30min<\/strong>. Os locais aos quais os candidatos realizar\u00e3o a prova ainda ser\u00e1 divulgado pela banca organizadora. <\/p>\n\n\n\n<p>Essa avalia\u00e7\u00e3o ter\u00e1 a dura\u00e7\u00e3o m\u00e1xima de <strong>3h30min<\/strong> e ser\u00e1 composta por <strong>60 quest\u00f5es de m\u00faltipla escolha<\/strong>, com 5 alternativas e apenas uma resposta correta.<\/p>\n\n\n\n<p>As disciplinas que versar\u00e3o as provas ser\u00e3o: <\/p>\n\n\n\n<ul>\n<li><strong>Conhecimentos Gerais<\/strong>\n<ul>\n<li>L\u00edngua Portuguesa &#8211; 10 quest\u00f5es<\/li>\n\n\n\n<li>Racioc\u00ednio L\u00f3gico Matem\u00e1tico &#8211; 10 quest\u00f5es<\/li>\n\n\n\n<li>No\u00e7\u00f5es de Inform\u00e1tica &#8211; 10 quest\u00f5es<\/li>\n<\/ul>\n<\/li>\n\n\n\n<li><strong>Conhecimentos Espec\u00edficos<\/strong>\n<ul>\n<li>No\u00e7\u00f5es de Direito Constitucional &#8211; 10 quest\u00f5es<\/li>\n\n\n\n<li>No\u00e7\u00f5es de Direito Penal &#8211; 10 quest\u00f5es<\/li>\n\n\n\n<li>Legisla\u00e7\u00e3o &#8211; 10 quest\u00f5es<\/li>\n<\/ul>\n<\/li>\n<\/ul>\n\n\n\n<p>Ser\u00e1 eliminado todo candidato que obtiver pontua\u00e7\u00e3o inferior a 30 na nota da prova objetiva.<\/p>\n\n\n\n<h3 class=\"wp-block-heading\">Teste de Aptid\u00e3o F\u00edsica<\/h3>\n\n\n\n<p>O teste de aptid\u00e3o f\u00edsica, etapa de car\u00e1ter eliminat\u00f3rio e classificat\u00f3rio, visa aferir tecnicamente nos candidatos a aptid\u00e3o f\u00edsica plena exigida para ingresso no cargo de Guarda Municipal.<\/p>\n\n\n\n<p>Os candidatos ser\u00e3o avaliados por meio das seguintes atividades: <\/p>\n\n\n\n<ul>\n<li>Teste de flex\u00e3o em barra fixa.<\/li>\n\n\n\n<li>Teste de flex\u00e3o abdominal. <\/li>\n\n\n\n<li>Teste de corrida de 12 minutos. <\/li>\n\n\n\n<li>Teste de corrida de 50 metros. <\/li>\n<\/ul>\n\n\n\n<p>A prova de aptid\u00e3o f\u00edsica ter\u00e1 notas atribu\u00eddas na escala de<strong> 0 a 40 pontos<\/strong>, cada exerc\u00edcio valer\u00e1 <strong>10 pontos.<\/strong> Ser\u00e1 considerado<strong> inapto <\/strong>o candidato que obtiver nota zero em qualquer um dos testes. <\/p>\n\n\n\n<h3 class=\"wp-block-heading\">Investiga\u00e7\u00e3o Social e Comportamental<\/h3>\n\n\n\n<p>Ser\u00e3o convocados para esta fase aqueles candidatos avan\u00e7aram nas provas objetivas e no teste de aptid\u00e3o f\u00edsica. <\/p>\n\n\n\n<p>Na investiga\u00e7\u00e3o social o candidato poder\u00e1 obter um dos seguintes resultados:<\/p>\n\n\n\n<ul>\n<li><strong>Eliminado por falta ou inadequa\u00e7\u00e3o de documentos <\/strong>\u2013 o candidato n\u00e3o entregou a documenta\u00e7\u00e3o exigida para a investiga\u00e7\u00e3o social; o candidato entregou intempestivamente a documenta\u00e7\u00e3o; o candidato entregou a documenta\u00e7\u00e3o incompleta ou; a documenta\u00e7\u00e3o entregue n\u00e3o atendeu aos requisitos do Edital.<\/li>\n\n\n\n<li><strong>N\u00e3o Habilitado<\/strong> \u2013 a conduta social do candidato revelou-se incompat\u00edvel com a hip\u00f3tese de investidura e exerc\u00edcio da carreira de Guarda Municipal.<\/li>\n\n\n\n<li><strong>Habilitado <\/strong>\u2013 a conduta social do candidato revelou-se compat\u00edvel com a investidura e exerc\u00edcio da carreira de Guarda Municipal.<\/li>\n<\/ul>\n\n\n\n<h3 class=\"wp-block-heading\">Avalia\u00e7\u00e3o Psicot\u00e9cnica<\/h3>\n\n\n\n<p>A avalia\u00e7\u00e3o psicot\u00e9cnica tem como objetivo avaliar e julgar se os aspectos psicol\u00f3gicos do candidato \u00e9 <strong>compat\u00edvel com o desempenho das atividades<\/strong> e profissiografia do cargo de Guarda Municipal.<\/p>\n\n\n\n<p>A avalia\u00e7\u00e3o psicol\u00f3gica consistir\u00e1 na an\u00e1lise objetiva e padronizada de caracter\u00edsticas cognitivas, emocionais, de personalidade e motivacionais dos candidatos, podendo ser aplicado coletivamente. <\/p>\n\n\n\n<p>Poder\u00e3o ser avaliadas as seguintes caracter\u00edsticas: <\/p>\n\n\n\n<ul>\n<li>Controle emocional.<\/li>\n\n\n\n<li>Ansiedade.<\/li>\n\n\n\n<li>Impulsividade.<\/li>\n\n\n\n<li>Aten\u00e7\u00e3o.<\/li>\n\n\n\n<li>Lideran\u00e7a.<\/li>\n\n\n\n<li>Agressividade.<\/li>\n\n\n\n<li>Disposi\u00e7\u00e3o para o trabalho.<\/li>\n\n\n\n<li>Iniciativa.<\/li>\n\n\n\n<li>Relacionamento Interpessoal.<\/li>\n\n\n\n<li>Flexibilidade.<\/li>\n\n\n\n<li>Responsabilidade.<\/li>\n\n\n\n<li>Disciplina.<\/li>\n\n\n\n<li>Racioc\u00ednio L\u00f3gico.<\/li>\n\n\n\n<li>Percep\u00e7\u00e3o.<\/li>\n<\/ul>\n\n\n\n<h3 class=\"wp-block-heading\">Exame M\u00e9dico<\/h3>\n\n\n\n<p>O exame m\u00e9dico, de car\u00e1ter <strong>eliminat\u00f3rio<\/strong>, visa aferir a sa\u00fade e a capacidade do candidato para suportar f\u00edsica e organicamente as exig\u00eancias do curso de forma\u00e7\u00e3o profissional e das atribui\u00e7\u00f5es do cargo.<\/p>\n\n\n\n<p>Os candidatos dever\u00e3o providenciar os seguintes exames para a participa\u00e7\u00e3o desta fase do concurso: <\/p>\n\n\n\n<ul>\n<li>Hemograma completo + VHS;<\/li>\n\n\n\n<li>Glicose, ureia e creatinina;<\/li>\n\n\n\n<li>VDRL;<\/li>\n\n\n\n<li>Urina \u2013 EAS;<\/li>\n\n\n\n<li>Eletroencefalograma com laudo;<\/li>\n\n\n\n<li>Eletrocardiograma com laudo;<\/li>\n\n\n\n<li>Exame oftalmol\u00f3gico completo (acuidade visual, fundo de olho e tonometria);<\/li>\n\n\n\n<li>Esquema vacinal antitet\u00e2nico atualizado;<\/li>\n\n\n\n<li>Raio X de t\u00f3rax PA e perfil, com laudo;<\/li>\n\n\n\n<li>Atestado m\u00e9dico (original) de que o candidato est\u00e1 apto a exercer as atividades do cargo.<\/li>\n\n\n\n<li>Exame toxicol\u00f3gico \/ antidoping de larga detec\u00e7\u00e3o.<\/li>\n<\/ul>\n\n\n\n<h3 class=\"wp-block-heading\">Curso de Forma\u00e7\u00e3o<\/h3>\n\n\n\n<p>S\u00f3 realizar\u00e3o o curso de forma\u00e7\u00e3o aqueles candidatos <strong>aprovados<\/strong> em todas as fases citadas anteriormente. <\/p>\n\n\n\n<p>As outras informa\u00e7\u00f5es sobre esta etapa de sele\u00e7\u00e3o ainda ser\u00e3o divulgadas pela banca organizadora, a FGV. \u00c9 de responsabilidade do candidato acompanhar as atualiza\u00e7\u00f5es, no site da banca, sobre essa etapa! <\/p>\n\n\n\n<p><\/p>\n\n\n\n<p>Se voc\u00ea busca ser aprovado neste <strong>concurso<\/strong>, n\u00f3s temos <strong>material<\/strong> certo para voc\u00ea!<a href=\"https:\/\/www.editorasolucao.com.br\/apostila-solucao\/prefeitura-vitoria-es-guarda-civil-municipal\" target=\"_blank\" rel=\"noreferrer noopener\"> Confira aqui.<\/a>&nbsp;<\/p>\n\n\n\n<p><strong>Boa prova e bons estudos! <\/strong><\/p>\n","protected":false},"excerpt":{"rendered":"<p>Ol\u00e1 concurseiros! Foi publicado o edital de abertura do concurso de Guarda de Vit\u00f3ria, no estado do Esp\u00edrito Santo. Este certame est\u00e1 com oferta de 100 vagas imediatas para n\u00edvel m\u00e9dio e as remunera\u00e7\u00f5es podem chegar at\u00e9 R$ 3,9 mil! Se interessou pelo concurso? Venha saber mais!! Como posso me inscrever para este certame? As inscri\u00e7\u00f5es para o concurso de Guarda de Vit\u00f3ria ser\u00e3o iniciadas \u00e0s 16h do dia 15 de abril e ser\u00e3o encerradas \u00e0s 16h do dia 20 de maio. Os interessados pelo certame poder\u00e3o realizar suas inscri\u00e7\u00f5es por meio do site da banca organizadora, a Funda\u00e7\u00e3o Getulio&#8230;<\/p>\n","protected":false},"author":21,"featured_media":41796,"template":"","meta":{"_acf_changed":false,"rank_math_lock_modified_date":false},"categories":[],"tags":[],"acf":[],"_links":{"self":[{"href":"https:\/\/www.editorasolucao.com.br\/blog\/wp-json\/wp\/v2\/concurso\/41783"}],"collection":[{"href":"https:\/\/www.editorasolucao.com.br\/blog\/wp-json\/wp\/v2\/concurso"}],"about":[{"href":"https:\/\/www.editorasolucao.com.br\/blog\/wp-json\/wp\/v2\/types\/concurso"}],"author":[{"embeddable":true,"href":"https:\/\/www.editorasolucao.com.br\/blog\/wp-json\/wp\/v2\/users\/21"}],"wp:featuredmedia":[{"embeddable":true,"href":"https:\/\/www.editorasolucao.com.br\/blog\/wp-json\/wp\/v2\/media\/41796"}],"wp:attachment":[{"href":"https:\/\/www.editorasolucao.com.br\/blog\/wp-json\/wp\/v2\/media?parent=41783"}],"wp:term":[{"taxonomy":"category","embeddable":true,"href":"https:\/\/www.editorasolucao.com.br\/blog\/wp-json\/wp\/v2\/categories?post=41783"},{"taxonomy":"post_tag","embeddable":true,"href":"https:\/\/www.editorasolucao.com.br\/blog\/wp-json\/wp\/v2\/tags?post=41783"}],"curies":[{"name":"wp","href":"https:\/\/api.w.org\/{rel}","templated":true}]}}