{"id":41856,"date":"2024-04-11T11:06:44","date_gmt":"2024-04-11T14:06:44","guid":{"rendered":"https:\/\/www.editorasolucao.com.br\/blog\/?post_type=concurso&#038;p=41856"},"modified":"2024-04-23T10:09:53","modified_gmt":"2024-04-23T13:09:53","slug":"trf-2","status":"publish","type":"concurso","link":"https:\/\/www.editorasolucao.com.br\/blog\/concurso\/trf-2","title":{"rendered":"Concurso TRF2: Edital publicado para T\u00e9cnico e Analista. Vagas para cadastro reserva em diversas especialidades!"},"content":{"rendered":"\n<p><strong>\u00d3timas not\u00edcias concurseiros!<\/strong> Foi publicado o t\u00e3o aguardado edital do Concurso TRF2. O Tribunal Regional Federal da 2\u00aa regi\u00e3o formar\u00e1 cadastro reserva para cargos de T\u00e9cnico e Analista de diversas especialidades. <strong>O edital \u00e9 para os estados do Rio de Janeiro e Esp\u00edrito Santo! <\/strong>Se interessou pelo certame? Venha saber mais! <\/p>\n\n\n\n<div id=\"ez-toc-container\" class=\"ez-toc-v2_0_69_1 counter-hierarchy ez-toc-counter ez-toc-grey ez-toc-container-direction\">\n<div class=\"ez-toc-title-container\">\n<p class=\"ez-toc-title \" >Menu de navega&ccedil;&atilde;o<\/p>\n<span class=\"ez-toc-title-toggle\"><a href=\"#\" class=\"ez-toc-pull-right ez-toc-btn ez-toc-btn-xs ez-toc-btn-default ez-toc-toggle\" aria-label=\"Toggle Table of Content\"><span class=\"ez-toc-js-icon-con\"><span class=\"\"><span class=\"eztoc-hide\" style=\"display:none;\">Toggle<\/span><span class=\"ez-toc-icon-toggle-span\"><svg style=\"fill: #999;color:#999\" xmlns=\"http:\/\/www.w3.org\/2000\/svg\" class=\"list-377408\" width=\"20px\" height=\"20px\" viewBox=\"0 0 24 24\" fill=\"none\"><path d=\"M6 6H4v2h2V6zm14 0H8v2h12V6zM4 11h2v2H4v-2zm16 0H8v2h12v-2zM4 16h2v2H4v-2zm16 0H8v2h12v-2z\" fill=\"currentColor\"><\/path><\/svg><svg style=\"fill: #999;color:#999\" class=\"arrow-unsorted-368013\" xmlns=\"http:\/\/www.w3.org\/2000\/svg\" width=\"10px\" height=\"10px\" viewBox=\"0 0 24 24\" version=\"1.2\" baseProfile=\"tiny\"><path d=\"M18.2 9.3l-6.2-6.3-6.2 6.3c-.2.2-.3.4-.3.7s.1.5.3.7c.2.2.4.3.7.3h11c.3 0 .5-.1.7-.3.2-.2.3-.5.3-.7s-.1-.5-.3-.7zM5.8 14.7l6.2 6.3 6.2-6.3c.2-.2.3-.5.3-.7s-.1-.5-.3-.7c-.2-.2-.4-.3-.7-.3h-11c-.3 0-.5.1-.7.3-.2.2-.3.5-.3.7s.1.5.3.7z\"\/><\/svg><\/span><\/span><\/span><\/a><\/span><\/div>\n<nav><ul class='ez-toc-list ez-toc-list-level-1 ' ><li class='ez-toc-page-1 ez-toc-heading-level-2'><a class=\"ez-toc-link ez-toc-heading-1\" href=\"https:\/\/www.editorasolucao.com.br\/blog\/concurso\/trf-2\/#Como_posso_realizar_minha_inscricao\" title=\"Como posso realizar minha inscri\u00e7\u00e3o?\">Como posso realizar minha inscri\u00e7\u00e3o?<\/a><\/li><li class='ez-toc-page-1 ez-toc-heading-level-2'><a class=\"ez-toc-link ez-toc-heading-2\" href=\"https:\/\/www.editorasolucao.com.br\/blog\/concurso\/trf-2\/#Quais_vagas_estao_sendo_ofertadas\" title=\"Quais vagas est\u00e3o sendo ofertadas?\">Quais vagas est\u00e3o sendo ofertadas?<\/a><\/li><li class='ez-toc-page-1 ez-toc-heading-level-2'><a class=\"ez-toc-link ez-toc-heading-3\" href=\"https:\/\/www.editorasolucao.com.br\/blog\/concurso\/trf-2\/#Requisitos_para_investidura_dos_cargos\" title=\"Requisitos para investidura dos cargos\">Requisitos para investidura dos cargos<\/a><\/li><li class='ez-toc-page-1 ez-toc-heading-level-2'><a class=\"ez-toc-link ez-toc-heading-4\" href=\"https:\/\/www.editorasolucao.com.br\/blog\/concurso\/trf-2\/#Como_posso_me_preparar_para_as_etapas_de_selecao_do_Concurso_TRF2\" title=\"Como posso me preparar para as etapas de sele\u00e7\u00e3o do Concurso TRF2?\">Como posso me preparar para as etapas de sele\u00e7\u00e3o do Concurso TRF2?<\/a><\/li><\/ul><\/nav><\/div>\n<h2 class=\"wp-block-heading\" id=\"inscri\u00e7ao\"><span class=\"ez-toc-section\" id=\"Como_posso_realizar_minha_inscricao\"><\/span>Como posso realizar minha inscri\u00e7\u00e3o? <span class=\"ez-toc-section-end\"><\/span><\/h2>\n\n\n\n<p>As inscri\u00e7\u00f5es para o Concurso TRF2 j\u00e1 est\u00e3o abertas e se estender\u00e3o at\u00e9<strong> \u00e0s 14h do dia 10 de maio<\/strong>. Os interessados pelo certame podem realizar suas inscri\u00e7\u00f5es por meio do site da banca organizadora, o <a href=\"https:\/\/www.institutoaocp.org.br\/concursos\/601\" target=\"_blank\" rel=\"noreferrer noopener\">Instituto AOCP. <\/a><\/p>\n\n\n\n<p>A taxa de inscri\u00e7\u00e3o varia de acordo com o cargo escolhido pelo candidato, vejamos: <\/p>\n\n\n\n<ul>\n<li><strong>Analista Judici\u00e1rio: <\/strong>R$80,00<\/li>\n\n\n\n<li><strong>T\u00e9cnico Judici\u00e1rio:<\/strong> R$70,00<\/li>\n<\/ul>\n\n\n\n<p>O pagamento do boleto banc\u00e1rio dever\u00e1 ser realizado at\u00e9 o dia <strong>10 de maio. <\/strong><\/p>\n\n\n\n<p>Haver\u00e1 isen\u00e7\u00e3o total da taxa de inscri\u00e7\u00e3o para o candidato ou candidata que:<\/p>\n\n\n\n<ul>\n<li>perten\u00e7a \u00e0 fam\u00edlia inscrita no Cadastro \u00danico para Programas Sociais (Cad\u00danico), do Governo Federal, at\u00e9 a data da inscri\u00e7\u00e3o no Concurso, nos termos da Lei n\u00ba 13.656\/2018 e do Decreto n\u00ba 11.016\/2022, ou<\/li>\n\n\n\n<li>seja doador de medula \u00f3ssea em entidades reconhecidas pelo Minist\u00e9rio da Sa\u00fade, nos termos da Lei n\u00ba 13.656\/2018.<\/li>\n<\/ul>\n\n\n\n<p>Os candidatos que se encaixam nesses requisitos poder\u00e3o solicitar a isen\u00e7\u00e3o at\u00e9 o dia <strong>15 de abril. <\/strong><\/p>\n\n\n\n<h2 class=\"wp-block-heading\" id=\"vagas\"><span class=\"ez-toc-section\" id=\"Quais_vagas_estao_sendo_ofertadas\"><\/span>Quais vagas est\u00e3o sendo ofertadas? <span class=\"ez-toc-section-end\"><\/span><\/h2>\n\n\n\n<p>O Tribunal Regional Federal da 2\u00aa regi\u00e3o (TRF2) est\u00e1 ofertando <strong>vagas para cadastro de reserva<\/strong> em diversas especialidades para cargos de &nbsp;t\u00e9cnico judici\u00e1rio e analista judici\u00e1rio. Veja a seguir com mais detalhes: <\/p>\n\n\n\n<ul>\n<li><strong>Analista Judici\u00e1rio <\/strong>\n<ul>\n<li>\u00c1rea Administrativa\n<ul>\n<li>Sem especialidade (RJ e ES)<\/li>\n<\/ul>\n<\/li>\n\n\n\n<li>\u00c1rea Judici\u00e1ria\n<ul>\n<li>Sem especialidade (RJ e ES)<\/li>\n<\/ul>\n<\/li>\n\n\n\n<li>\u00c1rea Apoio Especializado\n<ul>\n<li>Odontologia (RJ)<\/li>\n\n\n\n<li>Servi\u00e7o Social (RJ e ES)<\/li>\n\n\n\n<li>Engenharia Civil (RJ e ES)<\/li>\n\n\n\n<li>Engenharia El\u00e9trica (RJ)<\/li>\n\n\n\n<li>Engenharia Mec\u00e2nica (RJ)<\/li>\n\n\n\n<li>Engenharia Eletr\u00f4nica (RJ)<\/li>\n\n\n\n<li>Engenharia de Seguran\u00e7a do Trabalho (RJ)<\/li>\n\n\n\n<li>Contabilidade (RJ e ES)<\/li>\n\n\n\n<li>Tecnologia da Informa\u00e7\u00e3o (RJ e ES)<\/li>\n\n\n\n<li>Estat\u00edstica (RJ)<\/li>\n\n\n\n<li>Arquivologia (RJ)<\/li>\n\n\n\n<li>Medicina do Trabalho (RJ)<\/li>\n\n\n\n<li>Medicina Cl\u00ednica Geral  (RJ e ES)<\/li>\n\n\n\n<li>Medicina-Psiquiatria (RJ)<\/li>\n\n\n\n<li>Enfermagem (RJ)<\/li>\n\n\n\n<li>Enfermagem do Trabalho (RJ)<\/li>\n\n\n\n<li>Psicologia (RJ)<\/li>\n\n\n\n<li>Arquitetura (RJ)\n<ul>\n<li>Todos os cargos t\u00eam remunera\u00e7\u00e3o inicial de R$ 13.994,78 + R$ R$1.393,10 de Aux\u00edlio-Alimenta\u00e7\u00e3o. <\/li>\n<\/ul>\n<\/li>\n<\/ul>\n<\/li>\n<\/ul>\n<\/li>\n\n\n\n<li><strong>T\u00e9cnico Judici\u00e1rio<\/strong>\n<ul>\n<li>\u00c1rea Administrativa\n<ul>\n<li><a href=\"https:\/\/www.editorasolucao.com.br\/apostila-solucao\/trf-2-tecnico-judiciario-area-administrativa-sem-especialidade\" target=\"_blank\" rel=\"noreferrer noopener\">Sem especialidade (RJ e ES)<\/a><\/li>\n\n\n\n<li>Agente da Pol\u00edcia Judicia (RJ)<\/li>\n<\/ul>\n<\/li>\n\n\n\n<li>\u00c1rea Apoio Especializado\n<ul>\n<li>Tecnologia da Informa\u00e7\u00e3o (RJ e ES)<\/li>\n\n\n\n<li><a href=\"https:\/\/www.editorasolucao.com.br\/apostila-solucao\/trf-2-tecnico-judiciario-area-apoio-especializado-enfermagem\" target=\"_blank\" rel=\"noreferrer noopener\">Enfermagem (RJ e ES)<\/a><\/li>\n\n\n\n<li>Contabilidade (RJ e ES)\n<ul>\n<li>Todos os cargos t\u00eam remunera\u00e7\u00e3o inicial de R$ 8.529,65 + + R$ 1.393,10 de Aux\u00edlio-Alimenta\u00e7\u00e3o. <\/li>\n<\/ul>\n<\/li>\n<\/ul>\n<\/li>\n<\/ul>\n<\/li>\n<\/ul>\n\n\n\n<p>Al\u00e9m do vencimento base, o Tribunal Regional Federal da 2\u00aa Regi\u00e3o oferece os seguintes benef\u00edcios: <\/p>\n\n\n\n<ul>\n<li>Ingresso em quadro de carreira.<\/li>\n\n\n\n<li>Para o cargo de T\u00e9cnico Judici\u00e1rio\/Agente da Pol\u00edcia Judicial \u2013 \u00c1rea Administrativa, est\u00e1 prevista tamb\u00e9m a Gratifica\u00e7\u00e3o de Atividades de Seguran\u00e7a (GAS). <\/li>\n\n\n\n<li>Adicional de qualifica\u00e7\u00e3o por curso de p\u00f3s-gradua\u00e7\u00e3o.<\/li>\n\n\n\n<li>Adicional de qualifica\u00e7\u00e3o por a\u00e7\u00f5es de treinamento.<\/li>\n\n\n\n<li>Aux\u00edlio pr\u00e9-escolar.<\/li>\n\n\n\n<li>Aux\u00edlio-alimenta\u00e7\u00e3o.<\/li>\n\n\n\n<li>Aux\u00edlio-transporte.<\/li>\n<\/ul>\n\n\n\n<h2 class=\"wp-block-heading\" id=\"requisitos\"><span class=\"ez-toc-section\" id=\"Requisitos_para_investidura_dos_cargos\"><\/span>Requisitos para investidura dos cargos<span class=\"ez-toc-section-end\"><\/span><\/h2>\n\n\n\n<p>De acordo com o edital, esses s\u00e3o os requisitos b\u00e1sicos exigidos para a nomea\u00e7\u00e3o e posse dos cargos: <\/p>\n\n\n\n<ul>\n<li>Ser brasileiro ou gozar das prerrogativas dos Decretos n\u00ba 70.391\/1972 e n\u00ba 70.436\/1972 e da Constitui\u00e7\u00e3o Federal, artigo 12, \u00a7 1\u00ba;<\/li>\n\n\n\n<li>Ter completado 18 anos;<\/li>\n\n\n\n<li>Estar em dia com as obriga\u00e7\u00f5es eleitorais;<\/li>\n\n\n\n<li>Estar em dia com os deveres do servi\u00e7o militar, para os candidatos do sexo masculino;<\/li>\n\n\n\n<li>Estar no pleno gozo de seus direitos civis e pol\u00edticos;<\/li>\n\n\n\n<li><strong>N\u00e3o estar incompatibilizado para nova investidura em cargo p\u00fablico, nos termos dispostos no artigo 137 da Lei n\u00ba 8.112\/1990 e legisla\u00e7\u00f5es correlatas;<\/strong><\/li>\n\n\n\n<li>Ser julgado apto, f\u00edsica e mentalmente, para o exerc\u00edcio do cargo em inspe\u00e7\u00e3o m\u00e9dica oficial a ser designada pelo Tribunal Regional Federal da 2\u00aa Regi\u00e3o, conforme artigo 5\u00ba, VI, e artigo 14 da Lei n\u00ba 8.112\/1990;<\/li>\n\n\n\n<li><strong>Comprovar a escolaridade exigida e demais requisitos para o exerc\u00edcio do cargo;<\/strong><\/li>\n\n\n\n<li>N\u00e3o haver sido condenado, nos \u00faltimos 5 anos, em senten\u00e7a criminal com tr\u00e2nsito em julgado que comine pena impeditiva do exerc\u00edcio da fun\u00e7\u00e3o p\u00fablica;<\/li>\n\n\n\n<li>N\u00e3o acumular cargo, emprego ou fun\u00e7\u00e3o p\u00fablica, excepcionados os casos permitidos pela Constitui\u00e7\u00e3o Federal;<\/li>\n\n\n\n<li>N\u00e3o acumular proventos de aposentadoria com vencimentos do cargo, ressalvados os casos permitidos pela Constitui\u00e7\u00e3o Federal;<\/li>\n\n\n\n<li>Ter sido aprovado e classificado no concurso p\u00fablico;<\/li>\n\n\n\n<li>Atender \u00e0s demais exig\u00eancias contidas neste Edital.<\/li>\n<\/ul>\n\n\n\n<h2 class=\"wp-block-heading\" id=\"etapas\"><span class=\"ez-toc-section\" id=\"Como_posso_me_preparar_para_as_etapas_de_selecao_do_Concurso_TRF2\"><\/span>Como posso me preparar para as etapas de sele\u00e7\u00e3o do Concurso TRF2?<span class=\"ez-toc-section-end\"><\/span><\/h2>\n\n\n\n<p>Os candidatos do Concurso TRF2 ser\u00e3o avaliados por meio das seguintes etapas de sele\u00e7\u00e3o:<\/p>\n\n\n\n<ul>\n<li><strong>Prova Objetiva<\/strong>, de car\u00e1ter eliminat\u00f3rio e classificat\u00f3rio, para todos os cargos. <\/li>\n\n\n\n<li><strong>Prova Discursiva<\/strong>, de car\u00e1ter eliminat\u00f3rio e classificat\u00f3rio, para todos os cargos. <\/li>\n\n\n\n<li><strong>Prova de Aptid\u00e3o F\u00edsica<\/strong>, de car\u00e1ter eliminat\u00f3rio, para o cargo de Agente da Pol\u00edcia Judicial.<\/li>\n<\/ul>\n\n\n\n<h3 class=\"wp-block-heading\">Prova Objetiva<\/h3>\n\n\n\n<p>As provas objetivas ser\u00e3o aplicadas nas seguintes cidades: <\/p>\n\n\n\n<ul>\n<li><strong>Rio de Janeiro<\/strong>: Araruama, Campos dos Goytacazes, Duque de Caxias, Niter\u00f3i, Petr\u00f3polis, Rio de Janeiro, S\u00e3o Gon\u00e7alo e Volta Redonda.<\/li>\n\n\n\n<li><strong>Esp\u00edrito Santo<\/strong>: Cachoeiro de Itapemirim, Colatina e Vit\u00f3ria.<\/li>\n<\/ul>\n\n\n\n<p>Essa avalia\u00e7\u00e3o ser\u00e1 realizada nos dias <strong>7 e 14 julho, <\/strong>sendo o dia 14 reservado para o cargo de<strong> Analista<br>Judici\u00e1rio<\/strong> na \u00c1rea Judici\u00e1ria sem especialidade. <\/p>\n\n\n\n<p>Os hor\u00e1rios e locais para a realiza\u00e7\u00e3o das provas objetivas ainda ser\u00e3o divulgados. <\/p>\n\n\n\n<p>As provas objetivas ser\u00e3o constitu\u00eddas de <strong>40, 50 ou 55 quest\u00f5es<\/strong> com disciplinas versadas em: <\/p>\n\n\n\n<ul>\n<li>Conhecimentos Gerais<\/li>\n\n\n\n<li>Conhecimentos Espec\u00edficos<\/li>\n<\/ul>\n\n\n\n<p>Para ser considerado aprovado, o candidato dever\u00e1 obter nota igual ou superior a<strong> 60% <\/strong>dos pontos poss\u00edveis.<\/p>\n\n\n\n<h3 class=\"wp-block-heading\">Prova Discursiva<\/h3>\n\n\n\n<p>A provas discursivas do Concurso TRF2 ser\u00e3o realizada no mesmo dia das provas objetivas. Essa avalia\u00e7\u00e3o pode ser uma <strong>reda\u00e7\u00e3o ou estudo de caso<\/strong>, isso depende do cargo escolhido pelo candidato! <\/p>\n\n\n\n<p>Vejamos os cargos que realizar\u00e3o o estudo de caso: <\/p>\n\n\n\n<ul>\n<li>Analista Judici\u00e1rio \u2013 \u00c1rea Judici\u00e1ria<\/li>\n\n\n\n<li>Analista Judici\u00e1rio \u2013 Engenharia Civil\n<ul>\n<li>Engenharia El\u00e9trica<\/li>\n\n\n\n<li>Engenharia Mec\u00e2nica<\/li>\n\n\n\n<li>Engenharia Eletr\u00f4nica<\/li>\n\n\n\n<li>Engenharia de Seguran\u00e7a do Trabalho<\/li>\n\n\n\n<li>Tecnologia da Informa\u00e7\u00e3o<\/li>\n\n\n\n<li>Arquitetura.<\/li>\n<\/ul>\n<\/li>\n\n\n\n<li>O restante dos cargos realizar\u00e3o a prova discursiva de reda\u00e7\u00e3o. <\/li>\n<\/ul>\n\n\n\n<p>A prova discursiva de estudo de caso, de car\u00e1ter eliminat\u00f3rio e classificat\u00f3rio, ser\u00e1 composta de <strong>3 quest\u00f5es discursivas <\/strong>com limite m\u00e1ximo de 15 linhas<strong>. <\/strong><\/p>\n\n\n\n<p>J\u00e1 a prova discursiva de reda\u00e7\u00e3o ser\u00e1 elaborada a partir de <strong>um tema proposto<\/strong>, baseado em um ou mais textos ou fragmentos de textos. Essa avalia\u00e7\u00e3o dever\u00e1 conter, no m\u00ednimo, 20 linhas e m\u00e1ximo de 30 linhas. <\/p>\n\n\n\n<h3 class=\"wp-block-heading\">Prova de Aptid\u00e3o F\u00edsica<\/h3>\n\n\n\n<p>O teste de aptid\u00e3o f\u00edsica do Concurso TRF2 ser\u00e1 realizado somente pelos candidatos ao cargos de <strong>Agente da Pol\u00edcia Judicial.<\/strong> Essa etapa visa avaliar o desempenho f\u00edsico dos candidatos para a fun\u00e7\u00e3o. <\/p>\n\n\n\n<p>Ser\u00e3o avaliados na prova de aptid\u00e3o f\u00edsica os seguintes testes: <\/p>\n\n\n\n<ul>\n<li>Teste de Flex\u00e3o de Bra\u00e7o na Barra Fixa (somente para os candidatos do sexo masculino).<\/li>\n\n\n\n<li>Teste Est\u00e1tico de Barra (somente para as candidatas do sexo feminino).<\/li>\n\n\n\n<li>Teste Abdominal.<\/li>\n\n\n\n<li>Teste de Corrida de 12 (doze) Minutos.<\/li>\n<\/ul>\n\n\n\n<p><\/p>\n\n\n\n<p>Se voc\u00ea busca ser aprovado neste <strong>concurso<\/strong>, n\u00f3s temos <strong>material<\/strong> certo para voc\u00ea!<a href=\"https:\/\/www.editorasolucao.com.br\/concurso\/trf-2-tribunal-regional-federal-da-2-regiao\" target=\"_blank\" rel=\"noreferrer noopener\"> Confira aqui.<\/a>&nbsp;<\/p>\n\n\n\n<p><strong>Boa prova e bons estudos!!<\/strong><\/p>\n","protected":false},"excerpt":{"rendered":"<p>\u00d3timas not\u00edcias concurseiros! Foi publicado o t\u00e3o aguardado edital do Concurso TRF2. O Tribunal Regional Federal da 2\u00aa regi\u00e3o formar\u00e1 cadastro reserva para cargos de T\u00e9cnico e Analista de diversas especialidades. O edital \u00e9 para os estados do Rio de Janeiro e Esp\u00edrito Santo! Se interessou pelo certame? Venha saber mais! Como posso realizar minha inscri\u00e7\u00e3o? As inscri\u00e7\u00f5es para o Concurso TRF2 j\u00e1 est\u00e3o abertas e se estender\u00e3o at\u00e9 \u00e0s 14h do dia 10 de maio. Os interessados pelo certame podem realizar suas inscri\u00e7\u00f5es por meio do site da banca organizadora, o Instituto AOCP. A taxa de inscri\u00e7\u00e3o varia de&#8230;<\/p>\n","protected":false},"author":21,"featured_media":41876,"template":"","meta":{"_acf_changed":false,"rank_math_lock_modified_date":false},"categories":[],"tags":[],"acf":[],"_links":{"self":[{"href":"https:\/\/www.editorasolucao.com.br\/blog\/wp-json\/wp\/v2\/concurso\/41856"}],"collection":[{"href":"https:\/\/www.editorasolucao.com.br\/blog\/wp-json\/wp\/v2\/concurso"}],"about":[{"href":"https:\/\/www.editorasolucao.com.br\/blog\/wp-json\/wp\/v2\/types\/concurso"}],"author":[{"embeddable":true,"href":"https:\/\/www.editorasolucao.com.br\/blog\/wp-json\/wp\/v2\/users\/21"}],"wp:featuredmedia":[{"embeddable":true,"href":"https:\/\/www.editorasolucao.com.br\/blog\/wp-json\/wp\/v2\/media\/41876"}],"wp:attachment":[{"href":"https:\/\/www.editorasolucao.com.br\/blog\/wp-json\/wp\/v2\/media?parent=41856"}],"wp:term":[{"taxonomy":"category","embeddable":true,"href":"https:\/\/www.editorasolucao.com.br\/blog\/wp-json\/wp\/v2\/categories?post=41856"},{"taxonomy":"post_tag","embeddable":true,"href":"https:\/\/www.editorasolucao.com.br\/blog\/wp-json\/wp\/v2\/tags?post=41856"}],"curies":[{"name":"wp","href":"https:\/\/api.w.org\/{rel}","templated":true}]}}