{"id":41879,"date":"2024-04-11T13:09:10","date_gmt":"2024-04-11T16:09:10","guid":{"rendered":"https:\/\/www.editorasolucao.com.br\/blog\/?post_type=concurso&#038;p=41879"},"modified":"2024-04-23T10:48:38","modified_gmt":"2024-04-23T13:48:38","slug":"prefeitura-de-piritiba-ba-geral","status":"publish","type":"concurso","link":"https:\/\/www.editorasolucao.com.br\/blog\/concurso\/prefeitura-de-piritiba-ba-geral","title":{"rendered":"Concurso Prefeitura de Piritiba: Edital publicado. 373 vagas para todos os n\u00edveis!"},"content":{"rendered":"\n<p>O <strong>concurso Prefeitura de Piritiba<\/strong>, no estado da Bahia, tem edital publicado com a oferta de 373 vagas para provimento imediato e para forma\u00e7\u00e3o de cadastro reserva para cargos de n\u00edveis fundamental, m\u00e9dio, t\u00e9cnico e superior. Fique e confira os demais detalhes no decorrer da not\u00edcia. \ud83d\ude0e<\/p>\n\n\n\n<div id=\"ez-toc-container\" class=\"ez-toc-v2_0_69_1 counter-hierarchy ez-toc-counter ez-toc-grey ez-toc-container-direction\">\n<div class=\"ez-toc-title-container\">\n<p class=\"ez-toc-title \" >Menu de navega&ccedil;&atilde;o<\/p>\n<span class=\"ez-toc-title-toggle\"><a href=\"#\" class=\"ez-toc-pull-right ez-toc-btn ez-toc-btn-xs ez-toc-btn-default ez-toc-toggle\" aria-label=\"Toggle Table of Content\"><span class=\"ez-toc-js-icon-con\"><span class=\"\"><span class=\"eztoc-hide\" style=\"display:none;\">Toggle<\/span><span class=\"ez-toc-icon-toggle-span\"><svg style=\"fill: #999;color:#999\" xmlns=\"http:\/\/www.w3.org\/2000\/svg\" class=\"list-377408\" width=\"20px\" height=\"20px\" viewBox=\"0 0 24 24\" fill=\"none\"><path d=\"M6 6H4v2h2V6zm14 0H8v2h12V6zM4 11h2v2H4v-2zm16 0H8v2h12v-2zM4 16h2v2H4v-2zm16 0H8v2h12v-2z\" fill=\"currentColor\"><\/path><\/svg><svg style=\"fill: #999;color:#999\" class=\"arrow-unsorted-368013\" xmlns=\"http:\/\/www.w3.org\/2000\/svg\" width=\"10px\" height=\"10px\" viewBox=\"0 0 24 24\" version=\"1.2\" baseProfile=\"tiny\"><path d=\"M18.2 9.3l-6.2-6.3-6.2 6.3c-.2.2-.3.4-.3.7s.1.5.3.7c.2.2.4.3.7.3h11c.3 0 .5-.1.7-.3.2-.2.3-.5.3-.7s-.1-.5-.3-.7zM5.8 14.7l6.2 6.3 6.2-6.3c.2-.2.3-.5.3-.7s-.1-.5-.3-.7c-.2-.2-.4-.3-.7-.3h-11c-.3 0-.5.1-.7.3-.2.2-.3.5-.3.7s.1.5.3.7z\"\/><\/svg><\/span><\/span><\/span><\/a><\/span><\/div>\n<nav><ul class='ez-toc-list ez-toc-list-level-1 ' ><li class='ez-toc-page-1 ez-toc-heading-level-2'><a class=\"ez-toc-link ez-toc-heading-1\" href=\"https:\/\/www.editorasolucao.com.br\/blog\/concurso\/prefeitura-de-piritiba-ba-geral\/#Como_fazer_minha_inscricao_no_concurso_Prefeitura_de_Piritiba\" title=\"Como fazer minha inscri\u00e7\u00e3o no concurso Prefeitura de Piritiba?\">Como fazer minha inscri\u00e7\u00e3o no concurso Prefeitura de Piritiba?<\/a><\/li><li class='ez-toc-page-1 ez-toc-heading-level-2'><a class=\"ez-toc-link ez-toc-heading-2\" href=\"https:\/\/www.editorasolucao.com.br\/blog\/concurso\/prefeitura-de-piritiba-ba-geral\/#Quais_sao_os_cargos_ofertados_no_concurso_Prefeitura_de_Piritiba_%E2%80%93_BA\" title=\"Quais s\u00e3o os cargos ofertados no concurso Prefeitura de Piritiba &#8211; BA?\">Quais s\u00e3o os cargos ofertados no concurso Prefeitura de Piritiba &#8211; BA?<\/a><\/li><li class='ez-toc-page-1 ez-toc-heading-level-2'><a class=\"ez-toc-link ez-toc-heading-3\" href=\"https:\/\/www.editorasolucao.com.br\/blog\/concurso\/prefeitura-de-piritiba-ba-geral\/#Quais_sao_os_requisitos_para_participar_do_concurso_Prefeitura_de_Piritiba-BA\" title=\"Quais s\u00e3o os requisitos para participar do concurso Prefeitura de Piritiba-BA?\">Quais s\u00e3o os requisitos para participar do concurso Prefeitura de Piritiba-BA?<\/a><\/li><li class='ez-toc-page-1 ez-toc-heading-level-2'><a class=\"ez-toc-link ez-toc-heading-4\" href=\"https:\/\/www.editorasolucao.com.br\/blog\/concurso\/prefeitura-de-piritiba-ba-geral\/#Como_serao_as_provas_do_concurso_Prefeitura_de_Piritiba\" title=\"Como ser\u00e3o as provas do concurso Prefeitura de Piritiba?\">Como ser\u00e3o as provas do concurso Prefeitura de Piritiba?<\/a><\/li><\/ul><\/nav><\/div>\n<h2 class=\"wp-block-heading\" id=\"inscri\u00e7\u00f5es\"><span class=\"ez-toc-section\" id=\"Como_fazer_minha_inscricao_no_concurso_Prefeitura_de_Piritiba\"><\/span>Como fazer minha inscri\u00e7\u00e3o no concurso Prefeitura de Piritiba?<span class=\"ez-toc-section-end\"><\/span><\/h2>\n\n\n\n<p>Se voc\u00ea est\u00e1 interessado em uma das vagas ofertadas no concurso Prefeitura de Piritiba, fique atento no prazo para realizar a inscri\u00e7\u00e3o!<\/p>\n\n\n\n<p>Os interessados em participar do certame j\u00e1 podem realizar as inscri\u00e7\u00f5es por meio do site da banca organizadora, <a href=\"https:\/\/www.notusinstituto.com.br\/informacoes\/27\/\" target=\"_blank\" rel=\"noreferrer noopener\">Notus Instituto<\/a>, <strong>at\u00e9 o dia 25 de abril de 2024<\/strong>.<\/p>\n\n\n\n<p>Para homologar a inscri\u00e7\u00e3o \u00e9 necess\u00e1rio que o candidato efetue o pagamento de uma taxa no valor referente ao n\u00edvel de escolaridade do cargo pretendido:<\/p>\n\n\n\n<ul>\n<li>N\u00edvel fundamental: <strong>R$ 70,00<\/strong><\/li>\n\n\n\n<li>N\u00edvel m\u00e9dio e t\u00e9cnico: <strong>R$ 90,00<\/strong><\/li>\n\n\n\n<li>N\u00edvel superior: <strong>R$ 120,00<\/strong><\/li>\n<\/ul>\n\n\n\n<p>Houve a possibilidade de solicitar a isen\u00e7\u00e3o da taxa de participa\u00e7\u00e3o para os candidatos que se adequarem nos termos do edital. O per\u00edodo de solicita\u00e7\u00e3o j\u00e1 foi encerrado.<\/p>\n\n\n\n<h2 class=\"wp-block-heading\" id=\"cargos\"><span class=\"ez-toc-section\" id=\"Quais_sao_os_cargos_ofertados_no_concurso_Prefeitura_de_Piritiba_%E2%80%93_BA\"><\/span>Quais s\u00e3o os cargos ofertados no concurso Prefeitura de Piritiba &#8211; BA?<span class=\"ez-toc-section-end\"><\/span><\/h2>\n\n\n\n<p>Segundo o edital, ao todo est\u00e3o sendo ofertadas 373 vagas, sendo <strong>16 vagas imediatas mais 357 oportunidades para forma\u00e7\u00e3o de cadastro reserva<\/strong> para cargos de n\u00edveis fundamental, m\u00e9dio, t\u00e9cnico e superior. Confira os cargos ofertados, a distribui\u00e7\u00e3o das vagas e os sal\u00e1rios:<\/p>\n\n\n\n<h3 class=\"wp-block-heading\">N\u00edvel fundamental incompleto<\/h3>\n\n\n\n<ol>\n<li><a href=\"https:\/\/www.editorasolucao.com.br\/apostila-solucao\/prefeitura-piritiba-ba-ensino-fundamental-incompleto\">Agente de Coleta de Res\u00edduos S\u00f3lidos<\/a> (07CR) <\/li>\n\n\n\n<li>Agente de Limpeza (47CR)<\/li>\n\n\n\n<li>Auxiliar de Servi\u00e7os Gerais (78CR)<\/li>\n\n\n\n<li>Carpinteiro (01+01CR)<\/li>\n\n\n\n<li>Eletricista (02CR)<\/li>\n\n\n\n<li>Encanador (02CR)<\/li>\n<\/ol>\n\n\n\n<p>Sal\u00e1rio: R$ 1.412,00<\/p>\n\n\n\n<h3 class=\"wp-block-heading\">N\u00edvel o fundamental completo<\/h3>\n\n\n\n<ol>\n<li>Atendente (15CR)<\/li>\n\n\n\n<li>Mec\u00e2nico (01+01CR)<\/li>\n\n\n\n<li>Motorista Categoria \u201cB\u201d (10CR)<\/li>\n\n\n\n<li>Motorista Categorias \u201cC\u201d e \u201cD\u201d (21CR)<\/li>\n\n\n\n<li><a href=\"https:\/\/www.editorasolucao.com.br\/apostila-solucao\/prefeitura-piritiba-ba-ensino-fundamental-completo\">Operador de M\u00e1quinas e Equipamentos<\/a> (03CR)<\/li>\n\n\n\n<li>Pedreiro (02CR)<\/li>\n<\/ol>\n\n\n\n<p>Sal\u00e1rio: R$ 1.412,00<\/p>\n\n\n\n<h3 class=\"wp-block-heading\">N\u00edvel m\u00e9dio e t\u00e9cnico<\/h3>\n\n\n\n<ol>\n<li>Agente de Vigil\u00e2ncia Sanit\u00e1ria (03CR)  \n<ul>\n<li>R$ 1.412,00<\/li>\n<\/ul>\n<\/li>\n\n\n\n<li>Assistente Administrativo (42CR) \n<ul>\n<li>R$ 1.412,00<\/li>\n<\/ul>\n<\/li>\n\n\n\n<li>Educador Social (03CR) \n<ul>\n<li>R$ 1.412,00<\/li>\n<\/ul>\n<\/li>\n\n\n\n<li>Fiscal de Servi\u00e7os P\u00fablicos (11CR) \n<ul>\n<li>R$ 1.412,00<\/li>\n<\/ul>\n<\/li>\n\n\n\n<li>Fiscal de Tributos (05CR) \n<ul>\n<li>R$ 1.412,00<\/li>\n<\/ul>\n<\/li>\n\n\n\n<li>Orientador Social (02CR) \n<ul>\n<li>R$ 1.412,00<\/li>\n<\/ul>\n<\/li>\n\n\n\n<li>Cuidador (04CR) \n<ul>\n<li>R$ 1.412,00<\/li>\n<\/ul>\n<\/li>\n\n\n\n<li><a href=\"https:\/\/www.editorasolucao.com.br\/apostila-solucao\/prefeitura-piritiba-ba-agente-comunitario-saude\">Agente Comunit\u00e1rio de Sa\u00fade<\/a> (14CR) \n<ul>\n<li>R$ 2.824,00<\/li>\n<\/ul>\n<\/li>\n\n\n\n<li>Agente de Combate \u00e0s Endemias (07CR) \n<ul>\n<li>R$ 2.824,00<\/li>\n<\/ul>\n<\/li>\n\n\n\n<li>T\u00e9cnico em Sa\u00fade Bucal (05) \n<ul>\n<li>R$ 1.412,00<\/li>\n<\/ul>\n<\/li>\n\n\n\n<li>T\u00e9cnico em Contabilidade (01+01CR) \n<ul>\n<li>R$ 2.900,00<\/li>\n<\/ul>\n<\/li>\n\n\n\n<li><a href=\"https:\/\/www.editorasolucao.com.br\/apostila-solucao\/prefeitura-piritiba-ba-tecnico-enfermagem\">T\u00e9cnico de Enfermagem<\/a> (12CR) \n<ul>\n<li>R$ 1.412,00<\/li>\n<\/ul>\n<\/li>\n\n\n\n<li>T\u00e9cnico em Radiologia (01) \n<ul>\n<li>R$ 1.412,00<\/li>\n<\/ul>\n<\/li>\n\n\n\n<li>T\u00e9cnico Agr\u00edcola (02CR)\n<ul>\n<li>R$ 1.412,00<\/li>\n<\/ul>\n<\/li>\n\n\n\n<li>T\u00e9cnico em Inform\u00e1tica (02CR) \n<ul>\n<li>R$ 1.412,00<\/li>\n<\/ul>\n<\/li>\n\n\n\n<li>Desenhista Cadista (01) \n<ul>\n<li>R$ 1.800,00<\/li>\n<\/ul>\n<\/li>\n<\/ol>\n\n\n\n<h3 class=\"wp-block-heading\">N\u00edvel superior<\/h3>\n\n\n\n<ol>\n<li>Advogado (03CR) \n<ul>\n<li>R$ 2.500,00<\/li>\n<\/ul>\n<\/li>\n\n\n\n<li>Advogado do CREAS (01) \n<ul>\n<li>R$ 1.650,00<\/li>\n<\/ul>\n<\/li>\n\n\n\n<li>Analista Administrativo (02CR) \n<ul>\n<li>R$ 2.700,00<\/li>\n<\/ul>\n<\/li>\n\n\n\n<li>Assistente Social (05CR) \n<ul>\n<li>R$ 1.750,00<\/li>\n<\/ul>\n<\/li>\n\n\n\n<li>Comunic\u00f3logo (01) \n<ul>\n<li>R$ 3.000,00<\/li>\n<\/ul>\n<\/li>\n\n\n\n<li>Coordenador Pedag\u00f3gico (10CR) \n<ul>\n<li>R$ 2.500,00<\/li>\n<\/ul>\n<\/li>\n\n\n\n<li>Educador F\u00edsico (01) \n<ul>\n<li>R$ 2.000,00<\/li>\n<\/ul>\n<\/li>\n\n\n\n<li>Enfermeiro (09CR) \n<ul>\n<li>R$ 2.900,00<\/li>\n<\/ul>\n<\/li>\n\n\n\n<li>Engenheiro Agr\u00f4nomo (01) \n<ul>\n<li>R$ 1.800,00<\/li>\n<\/ul>\n<\/li>\n\n\n\n<li>Engenheiro Ambiental (01) \n<ul>\n<li>R$ 1.800,00<\/li>\n<\/ul>\n<\/li>\n\n\n\n<li>Engenheiro Civil (01) \n<ul>\n<li>R$ 2.500,00<\/li>\n<\/ul>\n<\/li>\n\n\n\n<li>Farmac\u00eautico (02CR) \n<ul>\n<li>R$ 2.900,00<\/li>\n<\/ul>\n<\/li>\n\n\n\n<li>Fisioterapeuta (03CR) \n<ul>\n<li>R$ 1.750,00<\/li>\n<\/ul>\n<\/li>\n\n\n\n<li>Fonoaudi\u00f3logo (01CR) \n<ul>\n<li>R$ 2.900,00<\/li>\n<\/ul>\n<\/li>\n\n\n\n<li>M\u00e9dico Cl\u00ednico Geral \/ Plantonista (05CR) \n<ul>\n<li>R$ 1.700,00<\/li>\n<\/ul>\n<\/li>\n\n\n\n<li>M\u00e9dico Cl\u00ednico Geral \/ Programa de Sa\u00fade da Fam\u00edlia (01CR) \n<ul>\n<li>R$ 10.000,00<\/li>\n<\/ul>\n<\/li>\n\n\n\n<li>M\u00e9dico Cirurgi\u00e3o Geral \/ Plantonista (01CR) \n<ul>\n<li>R$ 1.700,00<\/li>\n<\/ul>\n<\/li>\n\n\n\n<li>M\u00e9dico Veterin\u00e1rio (01CR) \n<ul>\n<li>R$ 3.500,00<\/li>\n<\/ul>\n<\/li>\n\n\n\n<li>Mercad\u00f3logo (01) \n<ul>\n<li>R$ 3.000,00<\/li>\n<\/ul>\n<\/li>\n\n\n\n<li>Nutricionista (02CR) \n<ul>\n<li>R$ 2.900,00<\/li>\n<\/ul>\n<\/li>\n\n\n\n<li>Odont\u00f3logo \u2013 Cirurgi\u00e3o-Dentista 20h (02CR) \n<ul>\n<li>R$ 1.950,00<\/li>\n<\/ul>\n<\/li>\n\n\n\n<li>Odont\u00f3logo \u2013 Cirurgi\u00e3o-Dentista 40h (04CR) \n<ul>\n<li>R$ 3.900,00<\/li>\n<\/ul>\n<\/li>\n\n\n\n<li>Pedagogo (01+01CR) \n<ul>\n<li>R$ 2.500,00<\/li>\n<\/ul>\n<\/li>\n\n\n\n<li>Produtor Cultural (01) \n<ul>\n<li>R$ 1.800,00<\/li>\n<\/ul>\n<\/li>\n\n\n\n<li>Psic\u00f3logo (04CR) \n<ul>\n<li>R$ 1.750,00<\/li>\n<\/ul>\n<\/li>\n\n\n\n<li>TI &#8211; Tecnologia da Informa\u00e7\u00e3o (03) \n<ul>\n<li>R$ 2.500,00<\/li>\n<\/ul>\n<\/li>\n\n\n\n<li>Terapeuta Ocupacional (02) \n<ul>\n<li>R$ 1.900,00<\/li>\n<\/ul>\n<\/li>\n\n\n\n<li>Turism\u00f3logo (01) \n<ul>\n<li>R$ 1.800,00<\/li>\n<\/ul>\n<\/li>\n\n\n\n<li>Zootecnista (01)\n<ul>\n<li>R$ 1.800,00<\/li>\n<\/ul>\n<\/li>\n<\/ol>\n\n\n\n<p>A jornada de trabalho varia entre 20 a 44 horas semanais, de acordo com o cargo pretendido pelo candidato.<\/p>\n\n\n\n<h2 class=\"wp-block-heading\" id=\"requisitos\"><span class=\"ez-toc-section\" id=\"Quais_sao_os_requisitos_para_participar_do_concurso_Prefeitura_de_Piritiba-BA\"><\/span>Quais s\u00e3o os requisitos para participar do concurso Prefeitura de Piritiba-BA?<span class=\"ez-toc-section-end\"><\/span><\/h2>\n\n\n\n<p>Confira quais s\u00e3o as exig\u00eancias do <strong>concurso Prefeitura de Piritiba<\/strong> para que o candidato candidato tome posse do cargo pretendido:<\/p>\n\n\n\n<ul>\n<li>Ser brasileiro nato ou naturalizado, ou portugu\u00eas amparado pelo Estatuto de Igualdade entre brasileiros e portugueses, com reconhecimento de gozo de direitos pol\u00edticos, nos termos do Artigo 12, \u00a71\u00ba da Constitui\u00e7\u00e3o Federal.<\/li>\n\n\n\n<li>Estar em gozo de direitos pol\u00edticos.<\/li>\n\n\n\n<li>Estar quite com as obriga\u00e7\u00f5es eleitorais, documentado com os \u00faltimos comprovantes de vota\u00e7\u00e3o ou certid\u00e3o da Justi\u00e7a Eleitoral.<\/li>\n\n\n\n<li>Apresentar Certificado de Reservista ou de Dispensa de Incorpora\u00e7\u00e3o, em caso de candidato do  sexo masculino.<\/li>\n\n\n\n<li>Ter idade m\u00ednima de 18 anos completos na data da nomea\u00e7\u00e3o.<\/li>\n\n\n\n<li>Ter aptid\u00e3o f\u00edsica e mental para o exerc\u00edcio das atribui\u00e7\u00f5es do cargo, avaliado por m\u00e9dico especializado.<\/li>\n\n\n\n<li>Apresentar documenta\u00e7\u00e3o comprobat\u00f3ria da escolaridade m\u00ednima exigida, consoante o disposto no Anexo I deste edital, sendo Certificado e\/ou Diploma de conclus\u00e3o de cursos de N\u00edvel M\u00e9dio e\/ou N\u00edvel T\u00e9cnico e acompanhado do Hist\u00f3rico Escolar e Diploma de Gradua\u00e7\u00e3o obtido em N\u00edvel Superior e Certificado de conclus\u00e3o de P\u00f3s-gradua\u00e7\u00e3o \u2013 Especializa\u00e7\u00e3o, Mestrado ou Doutorado, quando for o caso, acompanhados dos respectivos hist\u00f3ricos escolares devidamente registrado. O Diploma deve referir-se a curso devidamente reconhecido pelo Minist\u00e9rio da Educa\u00e7\u00e3o\/MEC, e respectivos Conselhos Federais e\/ou Nacionais e Conselho Estadual de Educa\u00e7\u00e3o \u2013 CEE, quando for o caso.<\/li>\n\n\n\n<li>Firmar declara\u00e7\u00e3o de n\u00e3o estar cumprindo san\u00e7\u00e3o por inidoneidade, aplicada por qualquer \u00f3rg\u00e3o p\u00fablico da esfera Federal, Estadual e Municipal.<\/li>\n\n\n\n<li>N\u00e3o registrar antecedentes criminais.<\/li>\n\n\n\n<li>N\u00e3o haver sido condenado em senten\u00e7a criminal com tr\u00e2nsito em julgado que comine pena impeditiva do exerc\u00edcio da fun\u00e7\u00e3o p\u00fablica nos \u00faltimos 5 anos.<\/li>\n\n\n\n<li>N\u00e3o ter sido demitido por justa causa, nos termos da legisla\u00e7\u00e3o trabalhista da administra\u00e7\u00e3o p\u00fablica, nos \u00faltimos 5 anos.<\/li>\n\n\n\n<li>Preencher e comprovar todos os requisitos b\u00e1sicos para investidura no cargo exigidos neste Edital.<\/li>\n\n\n\n<li>Apresentar os documentos que se fizerem necess\u00e1rios, \u00e0 \u00e9poca da nomea\u00e7\u00e3o, de acordo com a legisla\u00e7\u00e3o.<\/li>\n\n\n\n<li>Residir na \u00e1rea da comunidade em que atuar, desde a data da publica\u00e7\u00e3o do edital do Concurso P\u00fablico para o Cargo de Agente Comunit\u00e1rio de Sa\u00fade \u2013 ACS.<\/li>\n\n\n\n<li>Cumprir as determina\u00e7\u00f5es deste Edital.<\/li>\n<\/ul>\n\n\n\n<h2 class=\"wp-block-heading\" id=\"etapas\"><span class=\"ez-toc-section\" id=\"Como_serao_as_provas_do_concurso_Prefeitura_de_Piritiba\"><\/span>Como ser\u00e3o as provas do concurso Prefeitura de Piritiba?<span class=\"ez-toc-section-end\"><\/span><\/h2>\n\n\n\n<p>O certame ser\u00e1 composto pelas seguintes etapas de sele\u00e7\u00e3o:<\/p>\n\n\n\n<ol>\n<li><strong>Prova Objetiva<\/strong> &#8211; de car\u00e1ter <em>eliminat\u00f3rio <\/em>e <em>classificat\u00f3rio<\/em><\/li>\n\n\n\n<li><strong>Prova Pr\u00e1tica <\/strong>&#8211; de car\u00e1ter <em>eliminat\u00f3rio <\/em>e <em>classificat\u00f3rio<\/em>\n<ul>\n<li>Somente para os cargos de Motorista e Operador de M\u00e1quinas e Equipamentos<\/li>\n<\/ul>\n<\/li>\n\n\n\n<li><strong>Prova de T\u00edtulos<\/strong> &#8211; de car\u00e1ter <em>classificat\u00f3rio<\/em>\n<ul>\n<li>Somente para cargos de n\u00edvel superior<\/li>\n<\/ul>\n<\/li>\n\n\n\n<li><strong>Experi\u00eancia Profissional<\/strong> &#8211; de car\u00e1ter <em>classificat\u00f3rio<\/em><\/li>\n<\/ol>\n\n\n\n<h3 class=\"wp-block-heading\">Prova Objetiva<\/h3>\n\n\n\n<p>Essa etapa est\u00e1 prevista para ser realizada no dia <strong>26 de maio de 2024<\/strong>, onde os candidatos ter\u00e3o o tempo m\u00e1ximo de 04 horas para realizar o exame.<\/p>\n\n\n\n<p>A avalia\u00e7\u00e3o ser\u00e1 composta por <strong>40 quest\u00f5es de m\u00faltipla escolha<\/strong> que ser\u00e3o versadas nas seguintes disciplinas:<\/p>\n\n\n\n<h4 class=\"wp-block-heading\">N\u00edvel fundamental e m\u00e9dio<\/h4>\n\n\n\n<ol>\n<li>L\u00edngua Portuguesa (20)<\/li>\n\n\n\n<li>Conhecimentos Gerais (10)<\/li>\n\n\n\n<li>Conhecimentos L\u00f3gicos-matem\u00e1ticos (10)<\/li>\n<\/ol>\n\n\n\n<h4 class=\"wp-block-heading\">N\u00edvel t\u00e9cnico<\/h4>\n\n\n\n<ol>\n<li>L\u00edngua Portuguesa (10)<\/li>\n\n\n\n<li>Conhecimentos Gerais (10)<\/li>\n\n\n\n<li>Conhecimentos L\u00f3gicos-matem\u00e1ticos (05)<\/li>\n\n\n\n<li>Conhecimentos Espec\u00edficos (15)<\/li>\n<\/ol>\n\n\n\n<h4 class=\"wp-block-heading\">N\u00edvel superior<\/h4>\n\n\n\n<ol>\n<li>L\u00edngua Portuguesa (10)<\/li>\n\n\n\n<li>Conhecimentos Gerais (10)<\/li>\n\n\n\n<li>Conhecimentos L\u00f3gicos-matem\u00e1ticos (05)<\/li>\n\n\n\n<li>Conhecimentos Espec\u00edficos (15)<\/li>\n<\/ol>\n\n\n\n<p>Confira: <a href=\"https:\/\/www.editorasolucao.com.br\/apostila-solucao\/prefeitura-piritiba-ba-agente-combate-endemias\">Apostila Prefeitura de Piritiba-BA: Agente de Combate \u00e0s Endemias<\/a><\/p>\n\n\n\n<p>Ser\u00e1 considerado aprovado o candidato que obtiver no m\u00ednimo  50% do total de pontos atribu\u00eddos.<\/p>\n\n\n\n<h3 class=\"wp-block-heading\">Prova Pr\u00e1tica<\/h3>\n\n\n\n<p>Para a realiza\u00e7\u00e3o dessa etapa os candidatos ao cargo de Motorista ser\u00e3o submetidos a duas atividades. S\u00e3o elas:<\/p>\n\n\n\n<ol>\n<li>Atividade 1: Estacionar o ve\u00edculo em vaga delimitada por balizas remov\u00edveis: a delimita\u00e7\u00e3o da vaga balizada dever\u00e1 atender as seguintes especifica\u00e7\u00f5es, do ve\u00edculo utilizado:\n<ul>\n<li>Comprimento total do ve\u00edculo, acrescido de mais 40% (quarenta por cento);<\/li>\n\n\n\n<li>Largura total do ve\u00edculo, acrescida de mais 40% (quarenta por cento);<\/li>\n\n\n\n<li>O tempo m\u00e1ximo para o estacionamento ser\u00e1 de 6min (seis minutos), contados a partir do giro da igni\u00e7\u00e3o.<\/li>\n<\/ul>\n<\/li>\n\n\n\n<li>Atividade 2: Conduzir o ve\u00edculo em via p\u00fablica, urbana ou rural, no trajeto estabelecido pelos dirigentes do concurso, sendo o ve\u00edculo de transmiss\u00e3o mec\u00e2nica<\/li>\n\n\n\n<li><\/li>\n<\/ol>\n\n\n\n<p>J\u00e1 os candidatos para os cargos de Operador de M\u00e1quinas e Equipamentos ser\u00e3o avaliados os seguintes crit\u00e9rios:<\/p>\n\n\n\n<ol>\n<li>Checagem da M\u00e1quina \u2013 Pr\u00e9-uso (1,0 ponto):\n<ul>\n<li>Estrutura da M\u00e1quina: Lataria, Chassi, Pneus e Material Rodante;<\/li>\n\n\n\n<li>Vazamentos;<\/li>\n\n\n\n<li>Pe\u00e7as;<\/li>\n\n\n\n<li>Conchas, Borda Cortante, Dentes e Escarificadores;<\/li>\n\n\n\n<li>Far\u00f3is, Faroletes, Luz de R\u00e9, Luzes de Freio, Lanternas Indicativas de Dire\u00e7\u00e3o e Retrovisores.<\/li>\n<\/ul>\n<\/li>\n\n\n\n<li>Checagem de Comandos (1,0 ponto):\n<ul>\n<li>Alavancas do Freio de Estacionamento;<\/li>\n\n\n\n<li>Alavancas do Comando Hidr\u00e1ulico da Concha;<\/li>\n\n\n\n<li>Alavanca do Comando de Revers\u00e3o;<\/li>\n\n\n\n<li>Alavanca do Comando da Transmiss\u00e3o;<\/li>\n\n\n\n<li>Pedais de Freio \/ Neutralizador; Bot\u00e3o de Buzina.<\/li>\n<\/ul>\n<\/li>\n\n\n\n<li>Procedimentos de Partida (2,0 pontos):\n<ul>\n<li>Transmiss\u00e3o em Neutro;<\/li>\n\n\n\n<li>Freio de Estacionamento Aplicado;<\/li>\n\n\n\n<li>Concha Baixa no Solo;<\/li>\n\n\n\n<li>Acionamento da Chave de Partida.<\/li>\n<\/ul>\n<\/li>\n\n\n\n<li>Teste de Opera\u00e7\u00e3o (3,0 pontos):\n<ul>\n<li>Escava\u00e7\u00e3o;<\/li>\n\n\n\n<li>Transporte;<\/li>\n\n\n\n<li>Descarga;<\/li>\n\n\n\n<li>Estacionamento.<\/li>\n<\/ul>\n<\/li>\n\n\n\n<li>Procedimento de Parada (2,0 pontos):\n<ul>\n<li>Transmiss\u00e3o em Neutro;<\/li>\n\n\n\n<li>Freio de Estacionamento Aplicado;<\/li>\n\n\n\n<li>Concha no Solo.<\/li>\n<\/ul>\n<\/li>\n\n\n\n<li>Uso adequado de EPI (1,0 ponto): \n<ul>\n<li>Utilizar os equipamentos de prote\u00e7\u00e3o individual de forma adequada para operacionalizar a m\u00e1quina pesada.<\/li>\n<\/ul>\n<\/li>\n<\/ol>\n\n\n\n<p><strong>Confira: <\/strong><a href=\"https:\/\/www.editorasolucao.com.br\/apostila-solucao\/prefeitura-piritiba-ba-ensino-medio\">Apostila Prefeitura de Piritiba-BA: Ensino M\u00e9dio<\/a><\/p>\n\n\n\n<p>A prova ser\u00e1 avaliada em uma escala de 0 a 10 pontos, sendo considerado aprovado o candidato que obtiver no m\u00ednimo 50% dos pontos atribu\u00eddos.<\/p>\n\n\n\n<h3 class=\"wp-block-heading\">Prova de T\u00edtulos<\/h3>\n\n\n\n<p>Confira quais ser\u00e3o os t\u00edtulos aceitos para a avalia\u00e7\u00e3o:<\/p>\n\n\n\n<ol>\n<li>Curso de Mestrado ou Doutorado, na \u00e1rea relacionada \u00e0 vaga pleiteada, devidamente reconhecido pelo Minist\u00e9rio da Educa\u00e7\u00e3o<\/li>\n\n\n\n<li>Curso de Especializa\u00e7\u00e3o na \u00e1rea relacionada \u00e0 vaga pleiteada, com carga hor\u00e1ria m\u00ednima de 360 horas, devidamente reconhecido pelo Minist\u00e9rio da Educa\u00e7\u00e3o.<\/li>\n\n\n\n<li>Anos completos de exerc\u00edcio profissional, na vaga pleiteada, sem sobreposi\u00e7\u00e3o de tempo.<\/li>\n<\/ol>\n\n\n\n<p><\/p>\n\n\n\n<p><strong>Bons estudos e boa prova!!!<\/strong><\/p>\n","protected":false},"excerpt":{"rendered":"<p>O concurso Prefeitura de Piritiba, no estado da Bahia, tem edital publicado com a oferta de 373 vagas para provimento imediato e para forma\u00e7\u00e3o de cadastro reserva para cargos de n\u00edveis fundamental, m\u00e9dio, t\u00e9cnico e superior. Fique e confira os demais detalhes no decorrer da not\u00edcia. \ud83d\ude0e Como fazer minha inscri\u00e7\u00e3o no concurso Prefeitura de Piritiba? Se voc\u00ea est\u00e1 interessado em uma das vagas ofertadas no concurso Prefeitura de Piritiba, fique atento no prazo para realizar a inscri\u00e7\u00e3o! Os interessados em participar do certame j\u00e1 podem realizar as inscri\u00e7\u00f5es por meio do site da banca organizadora, Notus Instituto, at\u00e9 o&#8230;<\/p>\n","protected":false},"author":18,"featured_media":41885,"template":"","meta":{"_acf_changed":false,"rank_math_lock_modified_date":false},"categories":[],"tags":[],"acf":[],"_links":{"self":[{"href":"https:\/\/www.editorasolucao.com.br\/blog\/wp-json\/wp\/v2\/concurso\/41879"}],"collection":[{"href":"https:\/\/www.editorasolucao.com.br\/blog\/wp-json\/wp\/v2\/concurso"}],"about":[{"href":"https:\/\/www.editorasolucao.com.br\/blog\/wp-json\/wp\/v2\/types\/concurso"}],"author":[{"embeddable":true,"href":"https:\/\/www.editorasolucao.com.br\/blog\/wp-json\/wp\/v2\/users\/18"}],"wp:featuredmedia":[{"embeddable":true,"href":"https:\/\/www.editorasolucao.com.br\/blog\/wp-json\/wp\/v2\/media\/41885"}],"wp:attachment":[{"href":"https:\/\/www.editorasolucao.com.br\/blog\/wp-json\/wp\/v2\/media?parent=41879"}],"wp:term":[{"taxonomy":"category","embeddable":true,"href":"https:\/\/www.editorasolucao.com.br\/blog\/wp-json\/wp\/v2\/categories?post=41879"},{"taxonomy":"post_tag","embeddable":true,"href":"https:\/\/www.editorasolucao.com.br\/blog\/wp-json\/wp\/v2\/tags?post=41879"}],"curies":[{"name":"wp","href":"https:\/\/api.w.org\/{rel}","templated":true}]}}