{"id":41884,"date":"2024-07-23T07:55:38","date_gmt":"2024-07-23T10:55:38","guid":{"rendered":"https:\/\/www.editorasolucao.com.br\/blog\/?post_type=concurso&#038;p=41884"},"modified":"2024-07-23T07:55:40","modified_gmt":"2024-07-23T10:55:40","slug":"concurso-embratur-comissao-formada-80-vagas-de-nivel-medio-e-superior","status":"publish","type":"concurso","link":"https:\/\/www.editorasolucao.com.br\/blog\/concurso\/concurso-embratur-comissao-formada-80-vagas-de-nivel-medio-e-superior","title":{"rendered":"Concurso Embratur: Edital publicado. 40 vagas de n\u00edveis m\u00e9dio e superior!"},"content":{"rendered":"\n<p>\u00d3timas not\u00edcias, concurseiros! Foi divulgado o edital do concurso Embratur (Ag\u00eancia Brasileira de Promo\u00e7\u00e3o Internacional de Turismo) que oferta <strong>40 vagas imediatas<\/strong>, al\u00e9m da forma\u00e7\u00e3o de cadastro reserva, <strong>para cargos de n\u00edveis m\u00e9dio e superior. <\/strong>As remunera\u00e7\u00f5es iniciais chamam bastante aten\u00e7\u00e3o, j\u00e1 que podem chegar at\u00e9 <strong>R$ 8 mil!<\/strong> Se interessou? Venha saber mais!<\/p>\n\n\n\n<div id=\"ez-toc-container\" class=\"ez-toc-v2_0_69_1 counter-hierarchy ez-toc-counter ez-toc-grey ez-toc-container-direction\">\n<div class=\"ez-toc-title-container\">\n<p class=\"ez-toc-title \" >Menu de navega&ccedil;&atilde;o<\/p>\n<span class=\"ez-toc-title-toggle\"><a href=\"#\" class=\"ez-toc-pull-right ez-toc-btn ez-toc-btn-xs ez-toc-btn-default ez-toc-toggle\" aria-label=\"Toggle Table of Content\"><span class=\"ez-toc-js-icon-con\"><span class=\"\"><span class=\"eztoc-hide\" style=\"display:none;\">Toggle<\/span><span class=\"ez-toc-icon-toggle-span\"><svg style=\"fill: #999;color:#999\" xmlns=\"http:\/\/www.w3.org\/2000\/svg\" class=\"list-377408\" width=\"20px\" height=\"20px\" viewBox=\"0 0 24 24\" fill=\"none\"><path d=\"M6 6H4v2h2V6zm14 0H8v2h12V6zM4 11h2v2H4v-2zm16 0H8v2h12v-2zM4 16h2v2H4v-2zm16 0H8v2h12v-2z\" fill=\"currentColor\"><\/path><\/svg><svg style=\"fill: #999;color:#999\" class=\"arrow-unsorted-368013\" xmlns=\"http:\/\/www.w3.org\/2000\/svg\" width=\"10px\" height=\"10px\" viewBox=\"0 0 24 24\" version=\"1.2\" baseProfile=\"tiny\"><path d=\"M18.2 9.3l-6.2-6.3-6.2 6.3c-.2.2-.3.4-.3.7s.1.5.3.7c.2.2.4.3.7.3h11c.3 0 .5-.1.7-.3.2-.2.3-.5.3-.7s-.1-.5-.3-.7zM5.8 14.7l6.2 6.3 6.2-6.3c.2-.2.3-.5.3-.7s-.1-.5-.3-.7c-.2-.2-.4-.3-.7-.3h-11c-.3 0-.5.1-.7.3-.2.2-.3.5-.3.7s.1.5.3.7z\"\/><\/svg><\/span><\/span><\/span><\/a><\/span><\/div>\n<nav><ul class='ez-toc-list ez-toc-list-level-1 ' ><li class='ez-toc-page-1 ez-toc-heading-level-2'><a class=\"ez-toc-link ez-toc-heading-1\" href=\"https:\/\/www.editorasolucao.com.br\/blog\/concurso\/concurso-embratur-comissao-formada-80-vagas-de-nivel-medio-e-superior\/#As_inscricoes_para_o_concurso_Embratur_ja_estao_abertas\" title=\"As inscri\u00e7\u00f5es para o concurso Embratur j\u00e1 est\u00e3o abertas?\">As inscri\u00e7\u00f5es para o concurso Embratur j\u00e1 est\u00e3o abertas?<\/a><\/li><li class='ez-toc-page-1 ez-toc-heading-level-2'><a class=\"ez-toc-link ez-toc-heading-2\" href=\"https:\/\/www.editorasolucao.com.br\/blog\/concurso\/concurso-embratur-comissao-formada-80-vagas-de-nivel-medio-e-superior\/#Quais_vagas_cargos_e_salarios_estao_sendo_ofertados\" title=\"Quais vagas, cargos e sal\u00e1rios est\u00e3o sendo ofertados?\">Quais vagas, cargos e sal\u00e1rios est\u00e3o sendo ofertados?<\/a><\/li><li class='ez-toc-page-1 ez-toc-heading-level-2'><a class=\"ez-toc-link ez-toc-heading-3\" href=\"https:\/\/www.editorasolucao.com.br\/blog\/concurso\/concurso-embratur-comissao-formada-80-vagas-de-nivel-medio-e-superior\/#Quais_as_atribuicoes_dos_cargos_ofertados\" title=\"Quais as atribui\u00e7\u00f5es dos cargos ofertados?\">Quais as atribui\u00e7\u00f5es dos cargos ofertados?<\/a><\/li><li class='ez-toc-page-1 ez-toc-heading-level-2'><a class=\"ez-toc-link ez-toc-heading-4\" href=\"https:\/\/www.editorasolucao.com.br\/blog\/concurso\/concurso-embratur-comissao-formada-80-vagas-de-nivel-medio-e-superior\/#Quais_sao_os_requisitos_para_a_investidura_dos_cargos\" title=\"Quais s\u00e3o os requisitos para a investidura dos cargos?\">Quais s\u00e3o os requisitos para a investidura dos cargos?<\/a><\/li><li class='ez-toc-page-1 ez-toc-heading-level-2'><a class=\"ez-toc-link ez-toc-heading-5\" href=\"https:\/\/www.editorasolucao.com.br\/blog\/concurso\/concurso-embratur-comissao-formada-80-vagas-de-nivel-medio-e-superior\/#Como_os_candidatos_do_concurso_Embratur_serao_avaliados\" title=\"Como os candidatos do concurso Embratur ser\u00e3o avaliados?\">Como os candidatos do concurso Embratur ser\u00e3o avaliados?<\/a><\/li><li class='ez-toc-page-1 ez-toc-heading-level-2'><a class=\"ez-toc-link ez-toc-heading-6\" href=\"https:\/\/www.editorasolucao.com.br\/blog\/concurso\/concurso-embratur-comissao-formada-80-vagas-de-nivel-medio-e-superior\/#Quando_ocorreu_o_ultimo_concurso_Embratur\" title=\"Quando ocorreu o \u00faltimo concurso Embratur?\">Quando ocorreu o \u00faltimo concurso Embratur?<\/a><\/li><\/ul><\/nav><\/div>\n<h2 class=\"wp-block-heading\"><span class=\"ez-toc-section\" id=\"As_inscricoes_para_o_concurso_Embratur_ja_estao_abertas\"><\/span>As inscri\u00e7\u00f5es para o concurso Embratur j\u00e1 est\u00e3o abertas? <span class=\"ez-toc-section-end\"><\/span><\/h2>\n\n\n\n<p>Sim, as inscri\u00e7\u00f5es para o concurso Embratur j\u00e1 est\u00e3o abertas! Os interessados devem se inscrever at\u00e9 o dia <strong>16 de agosto de 2024<\/strong>, atrav\u00e9s do site da banca organizadora do certame, a <a href=\"https:\/\/www.fapetec.org\/\" target=\"_blank\" rel=\"noreferrer noopener\">Fapetec.<\/a> <\/p>\n\n\n\n<p>Para que sua inscri\u00e7\u00e3o seja homologada \u00e9 necess\u00e1rio que o candidato efetue o pagamento das taxas de inscri\u00e7\u00e3o, sendo <strong>R$ 60,00<\/strong> para os cargos de n\u00edvel m\u00e9dio e <strong>R$ 90,00 <\/strong>para cargos de n\u00edvel superior. <\/p>\n\n\n\n<p>O candidato inscrito no Cadastro \u00danico, que perten\u00e7a a fam\u00edlia baixa renda, poder\u00e1 solicitar a isen\u00e7\u00e3o dessas taxas at\u00e9 o dia <strong>9 de agosto de 2024. <\/strong><\/p>\n\n\n\n<h2 class=\"wp-block-heading\"><span class=\"ez-toc-section\" id=\"Quais_vagas_cargos_e_salarios_estao_sendo_ofertados\"><\/span>Quais vagas, cargos e sal\u00e1rios est\u00e3o sendo ofertados? <span class=\"ez-toc-section-end\"><\/span><\/h2>\n\n\n\n<p>A Embratur est\u00e1 ofertando <strong>40 vagas imediatas,<\/strong> al\u00e9m da forma\u00e7\u00e3o de cadastro reserva, para cargos de n\u00edveis m\u00e9dio e superior. Confira como essas oportunidades est\u00e3o sendo distribu\u00eddas e suas remunera\u00e7\u00f5es: <\/p>\n\n\n\n<h4 class=\"wp-block-heading\">M\u00e9dio<\/h4>\n\n\n\n<ul>\n<li>Assistente Administrativo (20 vagas + CR)\n<ul>\n<li>R$ 3.158,59<\/li>\n<\/ul>\n<\/li>\n<\/ul>\n\n\n\n<h4 class=\"wp-block-heading\">Superior<\/h4>\n\n\n\n<ul>\n<li>Analista \u2013 Administra\u00e7\u00e3o (8 vagas + CR) \n<ul>\n<li>R$ 8.302,44<\/li>\n<\/ul>\n<\/li>\n\n\n\n<li>Analista \u2013 Marketing e Neg\u00f3cios Internacionais (8 vagas + CR)\n<ul>\n<li>R$ 8.302,44<\/li>\n<\/ul>\n<\/li>\n\n\n\n<li>Analista \u2013 Comunica\u00e7\u00e3o (4 vagas + CR)\n<ul>\n<li>R$ 8.302,44<\/li>\n<\/ul>\n<\/li>\n<\/ul>\n\n\n\n<p><\/p>\n\n\n\n<p>Al\u00e9m do vencimento base, os candidatos aprovados no concurso far\u00e3o jus aos seguintes benef\u00edcios: aux\u00edlio alimenta\u00e7\u00e3o no valor de <strong>R$ 1.877,88<\/strong>, aux\u00edlio-educa\u00e7\u00e3o, aux\u00edlio para cursos de idiomas, aux\u00edlio-creche\/escolas, plano de sa\u00fade e plano odontol\u00f3gico.<\/p>\n\n\n\n<h2 class=\"wp-block-heading\"><span class=\"ez-toc-section\" id=\"Quais_as_atribuicoes_dos_cargos_ofertados\"><\/span>Quais as atribui\u00e7\u00f5es dos cargos ofertados? <span class=\"ez-toc-section-end\"><\/span><\/h2>\n\n\n\n<p>Confira as atribui\u00e7\u00f5es dadas aos cargos ofertados no concurso Embratur: <\/p>\n\n\n\n<ul>\n<li><strong>Assistente (todas as especialidades)<\/strong>\n<ul>\n<li>Realizar atividades de n\u00edvel intermedi\u00e1rio de apoio \u00e0 atividade fim da institui\u00e7\u00e3o, e de suporte t\u00e9cnico e administrativo \u00e0s fun\u00e7\u00f5es de gest\u00e3o de pessoas, material e patrim\u00f4nio, licita\u00e7\u00f5es e contratos, or\u00e7ament\u00e1ria e financeira, auditoria e controle, gest\u00e3o da informa\u00e7\u00e3o, tecnologia da informa\u00e7\u00e3o, entre outras. <\/li>\n<\/ul>\n<\/li>\n\n\n\n<li><strong>Analista<\/strong> <strong>(todas as especialidades)<\/strong>\n<ul>\n<li>Realizar atividades de n\u00edvel superior de apoio \u00e0 atividade fim da institui\u00e7\u00e3o, e de suporte t\u00e9cnico e administrativo \u00e0s fun\u00e7\u00f5es de gest\u00e3o de pessoas, material e patrim\u00f4nio, licita\u00e7\u00f5es e contratos, or\u00e7ament\u00e1ria e financeira, auditoria e controle, gest\u00e3o da informa\u00e7\u00e3o, tecnologia da informa\u00e7\u00e3o, entre outras. Propor, desenvolver e implementar solu\u00e7\u00f5es por meio de an\u00e1lises e desenvolvimento de dados e processos que exijam conhecimentos espec\u00edficos, fornecendo subs\u00eddios necess\u00e1rios para a tomada de decis\u00e3o. Gerenciar projetos, definir escopo, cronograma e recursos, visando ao alcance dos objetivos estrat\u00e9gicos da \u00e1rea de atua\u00e7\u00e3o e, consequentemente, da Ag\u00eancia. Garantir a qualidade e o cumprimento de prazos, monitorar resultados e indicadores de desempenho, prestar consultoria t\u00e9cnica e assessoria,  e assegurar o cumprimento de normas e regulamentos, participando de auditorias e inspe\u00e7\u00f5es conforme necess\u00e1rio. Compor comit\u00eas, comiss\u00f5es, gest\u00e3o e fiscaliza\u00e7\u00e3o de contrato. <\/li>\n<\/ul>\n<\/li>\n<\/ul>\n\n\n\n<h2 class=\"wp-block-heading\"><span class=\"ez-toc-section\" id=\"Quais_sao_os_requisitos_para_a_investidura_dos_cargos\"><\/span>Quais s\u00e3o os requisitos para a investidura dos cargos? <span class=\"ez-toc-section-end\"><\/span><\/h2>\n\n\n\n<p>De acordo com o edital, esses s\u00e3o os requisitos b\u00e1sicos exigidos para a nomea\u00e7\u00e3o e posse dos cargos ofertados: <\/p>\n\n\n\n<ul>\n<li>Ter tido aprova\u00e7\u00e3o em todas as etapas do Processo Seletivo, de acordo com crit\u00e9rios e classifica\u00e7\u00f5es definidas.<\/li>\n\n\n\n<li>Possuir todos os requisitos exigidos para o exerc\u00edcio do cargo, conforme item 1 deste Comunicado.<\/li>\n\n\n\n<li>CTPS \u2013 Carteira de Trabalho e Previd\u00eancia Social.<\/li>\n\n\n\n<li>Ter idade m\u00ednima de 18 anos completos na data de contrata\u00e7\u00e3o.<\/li>\n\n\n\n<li>Estar em dia com as obriga\u00e7\u00f5es eleitorais.<\/li>\n\n\n\n<li>Em caso de pessoa candidata do g\u00eanero masculino, ter certificado de reservista ou de dispensa de incorpora\u00e7\u00e3o.<\/li>\n\n\n\n<li>Apresentar toda a documenta\u00e7\u00e3o solicitada pela EMBRATUR, quando da sua convoca\u00e7\u00e3o para admiss\u00e3o.<\/li>\n\n\n\n<li>A pessoa candidata que deixar de apresentar, por ocasi\u00e3o da convoca\u00e7\u00e3o, a documenta\u00e7\u00e3o exigida para comprova\u00e7\u00e3o dos requisitos para contrata\u00e7\u00e3o, no per\u00edodo determinado, estar\u00e1 eliminada do processo.<\/li>\n\n\n\n<li>O exame m\u00e9dico admissional dever\u00e1 ser realizado no prazo agendado pela EMBRATUR.<\/li>\n<\/ul>\n\n\n\n<h2 class=\"wp-block-heading\"><span class=\"ez-toc-section\" id=\"Como_os_candidatos_do_concurso_Embratur_serao_avaliados\"><\/span>Como os candidatos do concurso Embratur ser\u00e3o avaliados? <span class=\"ez-toc-section-end\"><\/span><\/h2>\n\n\n\n<p>Os candidatos do concurso Embratur ser\u00e3o avaliados por meio das seguintes etapas de sele\u00e7\u00e3o: <\/p>\n\n\n\n<ul>\n<li><strong>Assistente (n\u00edvel m\u00e9dio)<\/strong>\n<ul>\n<li>prova online objetiva e discursiva<\/li>\n\n\n\n<li>an\u00e1lise curricular e documental<\/li>\n\n\n\n<li>entrevista por compet\u00eancias<\/li>\n<\/ul>\n<\/li>\n\n\n\n<li><strong>Analista (n\u00edvel superior)<\/strong>\n<ul>\n<li>prova online objetiva e discursiva<\/li>\n\n\n\n<li>an\u00e1lise curricular e documental<\/li>\n\n\n\n<li>avalia\u00e7\u00e3o de habilidades (pitch)<\/li>\n\n\n\n<li>entrevista por compet\u00eancias<\/li>\n<\/ul>\n<\/li>\n<\/ul>\n\n\n\n<h3 class=\"wp-block-heading\">Provas Online<\/h3>\n\n\n\n<p>As provas online (objetivas e discursivas) ser\u00e3o aplicadas na data prevista de<strong> 28 de agosto de 2024,<\/strong> com in\u00edcio \u00e0s 9h. As provas ser\u00e3o realizadas em um link que ser\u00e1 disponibilizado na data que antecede a realiza\u00e7\u00e3o das avalia\u00e7\u00f5es. <\/p>\n\n\n\n<p>As avalia\u00e7\u00f5es ser\u00e3o constitu\u00eddas de <strong>50 quest\u00f5es objetivas<\/strong>, sendo 25 quest\u00f5es sobre Conhecimentos B\u00e1sicos e 25 sobre Conhecimentos Espec\u00edficos, al\u00e9m de uma quest\u00e3o discursiva espec\u00edfica. <\/p>\n\n\n\n<h3 class=\"wp-block-heading\">An\u00e1lise Curricular e Documental<\/h3>\n\n\n\n<p>Ser\u00e3o convocados para essa etapa os candidatos que forem aprovados nas provas objetivas e discursivas. <\/p>\n\n\n\n<p>Os candidatos dever\u00e3o enviar os t\u00edtulos solicitados no edital de abertura do certame. Confira: <\/p>\n\n\n\n<ul>\n<li>Documento de Identifica\u00e7\u00e3o Pessoal:\n<ul>\n<li>RG, CNH ou qualquer documento oficial com foto.<\/li>\n<\/ul>\n<\/li>\n\n\n\n<li>Comprova\u00e7\u00e3o de cotas\n<ul>\n<li>PcD (Pessoa com defici\u00eancia):<\/li>\n\n\n\n<li>Autodeclara\u00e7\u00e3o \u2013 dispon\u00edvel no portal da FAPETEC<\/li>\n\n\n\n<li>Laudo m\u00e9dico, atualizado, informando a defici\u00eancia que possui, com expressa refer\u00eancia ao c\u00f3digo correspondente da CID \u2013 Classifica\u00e7\u00e3o Internacional de Doen\u00e7as, a causa da defici\u00eancia e o grau ou n\u00edvel de defici\u00eancia.<\/li>\n<\/ul>\n<\/li>\n\n\n\n<li>Negros e negras:\n<ul>\n<li>Autodeclara\u00e7\u00e3o \u2013 dispon\u00edvel no portal da FAPETEC<br>OBS: na etapa da entrevista por compet\u00eancias, ser\u00e1 validado pela banca de hetero<br>identifica\u00e7\u00e3o.<\/li>\n<\/ul>\n<\/li>\n\n\n\n<li>Ind\u00edgenas:\n<ul>\n<li>Autodeclara\u00e7\u00e3o \u2013 dispon\u00edvel no portal da FAPETEC<\/li>\n\n\n\n<li>Documentos:<\/li>\n<\/ul>\n<\/li>\n\n\n\n<li>Documento de identifica\u00e7\u00e3o civil, expedido por \u00f3rg\u00e3o p\u00fablico reconhecido nos termos da lei, com indica\u00e7\u00e3o de pertencimento \u00e9tnico ou<\/li>\n\n\n\n<li>Documento de comunidade ind\u00edgena ou de institui\u00e7\u00e3o ou organiza\u00e7\u00e3o representativa do povo ou grupo ind\u00edgena que reconhe\u00e7a o pertencimento \u00e9tnico do candidato, assinada por, no m\u00ednimo, tr\u00eas integrantes ind\u00edgenas da respectiva etnia ou<\/li>\n\n\n\n<li>Comprovante de habita\u00e7\u00e3o em comunidades ind\u00edgenas ou<\/li>\n\n\n\n<li>Documento expedidos por escolas ind\u00edgenas ou<\/li>\n\n\n\n<li>Documento expedidos por \u00f3rg\u00e3os de sa\u00fade ind\u00edgena ou<\/li>\n\n\n\n<li>Documento expedidos pela Funda\u00e7\u00e3o Nacional dos Povos Ind\u00edgenas (FUNAI) ou pelo Minist\u00e9rio dos Povos Ind\u00edgenas ou<\/li>\n\n\n\n<li>Documento expedidos por \u00f3rg\u00e3o de assist\u00eancia social ou<\/li>\n\n\n\n<li>Documento constantes do Cadastro \u00danico para Programas Sociais do Governo Federal \u2013 Cad\u00danico, institu\u00eddo pelo art. 6o-F da Lei no 8.742, de 7 de dezembro de 1993 ou<\/li>\n\n\n\n<li>Documento de natureza previdenci\u00e1ria.<\/li>\n\n\n\n<li>Pessoas trans e travestis:\n<ul>\n<li>Autodeclara\u00e7\u00e3o \u2013 dispon\u00edvel no portal da FAPETEC<\/li>\n\n\n\n<li>Documento com nome social (carteira de nome social, carteira de identidade profissional, CNH ou cart\u00e3o nacional de sa\u00fade).<\/li>\n<\/ul>\n<\/li>\n\n\n\n<li>Comprova\u00e7\u00e3o de escolaridade:<\/li>\n\n\n\n<li>N\u00edvel Superior\n<ul>\n<li>Diploma (frente e verso) ou<\/li>\n\n\n\n<li>Certificado de Conclus\u00e3o de Curso (frente e verso) com a data de cola\u00e7\u00e3o de grau ou<\/li>\n\n\n\n<li>Declara\u00e7\u00e3o de que o diploma est\u00e1 em fase de elabora\u00e7\u00e3o, desde que contenha todos os dados para an\u00e1lise, tais como: dados da institui\u00e7\u00e3o de ensino, nome completo do profissional, do curso, carga hor\u00e1ria, situa\u00e7\u00e3o do aluno e data de cola\u00e7\u00e3o de grau.<\/li>\n<\/ul>\n<\/li>\n\n\n\n<li>N\u00edvel M\u00e9dio\n<ul>\n<li>Diploma (frente e verso) ou Hist\u00f3rico Escolar ou Declara\u00e7\u00e3o de Conclus\u00e3o de Curso (frente e verso).<\/li>\n<\/ul>\n<\/li>\n<\/ul>\n\n\n\n<h3 class=\"wp-block-heading\">Avalia\u00e7\u00e3o de Habilidades<\/h3>\n\n\n\n<p>Essa etapa \u00e9 exclusiva para os cargos de n\u00edvel superior. <\/p>\n\n\n\n<p>A avalia\u00e7\u00e3o de habilidades constar\u00e1 de  um v\u00eddeo pitch (apresenta\u00e7\u00e3o resumida com objetivo de despertar o interesse da outra parte), conforme orienta\u00e7\u00e3o a ser divulgada na convoca\u00e7\u00e3o para realiza\u00e7\u00e3o desta etapa.<\/p>\n\n\n\n<p>A avalia\u00e7\u00e3o dever\u00e1 seguir a seguinte estrutura: <\/p>\n\n\n\n<ul>\n<li>Nome da pessoa candidata e vaga<\/li>\n\n\n\n<li>Breve apresenta\u00e7\u00e3o pessoal (incluindo forma\u00e7\u00e3o acad\u00eamica e profissional)<\/li>\n\n\n\n<li>Interesse pela vaga\/EMBRATUR<\/li>\n\n\n\n<li>Apresenta\u00e7\u00e3o de estudo de caso \u2013 o tema ser\u00e1 relacionado com o conhecimento espec\u00edfico da vaga.<\/li>\n<\/ul>\n\n\n\n<h3 class=\"wp-block-heading\">Entrevista por Compet\u00eancias<\/h3>\n\n\n\n<p>Por \u00faltimo, a entrevista por compet\u00eancia visa avaliar a correspond\u00eancia entre as compet\u00eancias necess\u00e1rias para a vaga e aquelas demonstradas pelo candidato.<\/p>\n\n\n\n<h2 class=\"wp-block-heading\" id=\"ultimo\"><span class=\"ez-toc-section\" id=\"Quando_ocorreu_o_ultimo_concurso_Embratur\"><\/span>Quando ocorreu o \u00faltimo concurso Embratur? <span class=\"ez-toc-section-end\"><\/span><\/h2>\n\n\n\n<p>O \u00faltimo concurso da Embratur ocorreu em <strong>2010<\/strong> e ofereceu<strong>&nbsp;84 vagas em cargos de n\u00edveis m\u00e9dio e superior.<\/strong> Das vagas ofertadas, 34 foram para n\u00edvel m\u00e9dio e 50 para nivel superior. <\/p>\n\n\n\n<p>Os cargos oferecidos foram: <\/p>\n\n\n\n<ul>\n<li>Administrador.<\/li>\n\n\n\n<li>Economista.<\/li>\n\n\n\n<li>T\u00e9cnico em Comunica\u00e7\u00e3o Social.<\/li>\n\n\n\n<li>T\u00e9cnico Especializado.<\/li>\n\n\n\n<li>Agente Administrativo.<\/li>\n<\/ul>\n\n\n\n<p>Na \u00e9poca tamb\u00e9m foram oferecidas<strong> 397 vagas para cadastro reserva. <\/strong><\/p>\n\n\n\n<p>Os candidatos ao \u00faltimo concurso foram avaliados nas seguintes etapas de sele\u00e7\u00e3o: <\/p>\n\n\n\n<ul>\n<li><strong>Prova Objetiva<\/strong>, de car\u00e1ter eliminat\u00f3rio e classificat\u00f3rio para todos os cargos.<\/li>\n\n\n\n<li><strong>Prova Discursiva<\/strong>, de car\u00e1ter eliminat\u00f3rio e classificat\u00f3rio para todos os cargos de n\u00edvel superior.<\/li>\n\n\n\n<li><strong>Avalia\u00e7\u00e3o de T\u00edtulos e de Experi\u00eancia Profissional<\/strong>, de car\u00e1ter classificat\u00f3rio para todos os cargos de n\u00edvel superior.<\/li>\n<\/ul>\n","protected":false},"excerpt":{"rendered":"<p>\u00d3timas not\u00edcias, concurseiros! Foi divulgado o edital do concurso Embratur (Ag\u00eancia Brasileira de Promo\u00e7\u00e3o Internacional de Turismo) que oferta 40 vagas imediatas, al\u00e9m da forma\u00e7\u00e3o de cadastro reserva, para cargos de n\u00edveis m\u00e9dio e superior. As remunera\u00e7\u00f5es iniciais chamam bastante aten\u00e7\u00e3o, j\u00e1 que podem chegar at\u00e9 R$ 8 mil! Se interessou? Venha saber mais! As inscri\u00e7\u00f5es para o concurso Embratur j\u00e1 est\u00e3o abertas? Sim, as inscri\u00e7\u00f5es para o concurso Embratur j\u00e1 est\u00e3o abertas! Os interessados devem se inscrever at\u00e9 o dia 16 de agosto de 2024, atrav\u00e9s do site da banca organizadora do certame, a Fapetec. Para que sua inscri\u00e7\u00e3o&#8230;<\/p>\n","protected":false},"author":21,"featured_media":41892,"template":"","meta":{"_acf_changed":false,"rank_math_lock_modified_date":false},"categories":[],"tags":[],"acf":[],"_links":{"self":[{"href":"https:\/\/www.editorasolucao.com.br\/blog\/wp-json\/wp\/v2\/concurso\/41884"}],"collection":[{"href":"https:\/\/www.editorasolucao.com.br\/blog\/wp-json\/wp\/v2\/concurso"}],"about":[{"href":"https:\/\/www.editorasolucao.com.br\/blog\/wp-json\/wp\/v2\/types\/concurso"}],"author":[{"embeddable":true,"href":"https:\/\/www.editorasolucao.com.br\/blog\/wp-json\/wp\/v2\/users\/21"}],"wp:featuredmedia":[{"embeddable":true,"href":"https:\/\/www.editorasolucao.com.br\/blog\/wp-json\/wp\/v2\/media\/41892"}],"wp:attachment":[{"href":"https:\/\/www.editorasolucao.com.br\/blog\/wp-json\/wp\/v2\/media?parent=41884"}],"wp:term":[{"taxonomy":"category","embeddable":true,"href":"https:\/\/www.editorasolucao.com.br\/blog\/wp-json\/wp\/v2\/categories?post=41884"},{"taxonomy":"post_tag","embeddable":true,"href":"https:\/\/www.editorasolucao.com.br\/blog\/wp-json\/wp\/v2\/tags?post=41884"}],"curies":[{"name":"wp","href":"https:\/\/api.w.org\/{rel}","templated":true}]}}