{"id":42071,"date":"2024-04-17T12:59:29","date_gmt":"2024-04-17T15:59:29","guid":{"rendered":"https:\/\/www.editorasolucao.com.br\/blog\/?post_type=concurso&#038;p=42071"},"modified":"2024-04-23T10:38:49","modified_gmt":"2024-04-23T13:38:49","slug":"camara-de-embu-das-artes-sp","status":"publish","type":"concurso","link":"https:\/\/www.editorasolucao.com.br\/blog\/concurso\/camara-de-embu-das-artes-sp","title":{"rendered":"Concurso C\u00e2mara de Embu das Artes: Edital publicado para cargos de n\u00edvel m\u00e9dio!"},"content":{"rendered":"\n<p>Foi publicado o edital do <strong>concurso C\u00e2mara de Embu das Artes<\/strong>, no estado de S\u00e3o Paulo, com a oferta de vagas imediatas mais forma\u00e7\u00e3o de cadastro reserva para cargos de n\u00edveis m\u00e9dio e m\u00e9dio\/t\u00e9cnico. Se interessa pelo certame? Confira os demais detalhes no decorrer da not\u00edcia. \ud83d\ude0e<\/p>\n\n\n\n<div id=\"ez-toc-container\" class=\"ez-toc-v2_0_69_1 counter-hierarchy ez-toc-counter ez-toc-grey ez-toc-container-direction\">\n<div class=\"ez-toc-title-container\">\n<p class=\"ez-toc-title \" >Menu de navega&ccedil;&atilde;o<\/p>\n<span class=\"ez-toc-title-toggle\"><a href=\"#\" class=\"ez-toc-pull-right ez-toc-btn ez-toc-btn-xs ez-toc-btn-default ez-toc-toggle\" aria-label=\"Toggle Table of Content\"><span class=\"ez-toc-js-icon-con\"><span class=\"\"><span class=\"eztoc-hide\" style=\"display:none;\">Toggle<\/span><span class=\"ez-toc-icon-toggle-span\"><svg style=\"fill: #999;color:#999\" xmlns=\"http:\/\/www.w3.org\/2000\/svg\" class=\"list-377408\" width=\"20px\" height=\"20px\" viewBox=\"0 0 24 24\" fill=\"none\"><path d=\"M6 6H4v2h2V6zm14 0H8v2h12V6zM4 11h2v2H4v-2zm16 0H8v2h12v-2zM4 16h2v2H4v-2zm16 0H8v2h12v-2z\" fill=\"currentColor\"><\/path><\/svg><svg style=\"fill: #999;color:#999\" class=\"arrow-unsorted-368013\" xmlns=\"http:\/\/www.w3.org\/2000\/svg\" width=\"10px\" height=\"10px\" viewBox=\"0 0 24 24\" version=\"1.2\" baseProfile=\"tiny\"><path d=\"M18.2 9.3l-6.2-6.3-6.2 6.3c-.2.2-.3.4-.3.7s.1.5.3.7c.2.2.4.3.7.3h11c.3 0 .5-.1.7-.3.2-.2.3-.5.3-.7s-.1-.5-.3-.7zM5.8 14.7l6.2 6.3 6.2-6.3c.2-.2.3-.5.3-.7s-.1-.5-.3-.7c-.2-.2-.4-.3-.7-.3h-11c-.3 0-.5.1-.7.3-.2.2-.3.5-.3.7s.1.5.3.7z\"\/><\/svg><\/span><\/span><\/span><\/a><\/span><\/div>\n<nav><ul class='ez-toc-list ez-toc-list-level-1 ' ><li class='ez-toc-page-1 ez-toc-heading-level-2'><a class=\"ez-toc-link ez-toc-heading-1\" href=\"https:\/\/www.editorasolucao.com.br\/blog\/concurso\/camara-de-embu-das-artes-sp\/#Como_me_inscrever_no_concurso_Camara_de_Embu_das_Artes\" title=\"Como me inscrever no concurso C\u00e2mara de Embu das Artes?\">Como me inscrever no concurso C\u00e2mara de Embu das Artes?<\/a><\/li><li class='ez-toc-page-1 ez-toc-heading-level-2'><a class=\"ez-toc-link ez-toc-heading-2\" href=\"https:\/\/www.editorasolucao.com.br\/blog\/concurso\/camara-de-embu-das-artes-sp\/#Quais_sao_os_cargos_ofertados_no_concurso_Camara_de_Embu_das_Artes_%E2%80%93_SP\" title=\"Quais s\u00e3o os cargos ofertados no concurso C\u00e2mara de Embu das Artes &#8211; SP?\">Quais s\u00e3o os cargos ofertados no concurso C\u00e2mara de Embu das Artes &#8211; SP?<\/a><\/li><li class='ez-toc-page-1 ez-toc-heading-level-2'><a class=\"ez-toc-link ez-toc-heading-3\" href=\"https:\/\/www.editorasolucao.com.br\/blog\/concurso\/camara-de-embu-das-artes-sp\/#Quais_sao_os_requisitos_para_participar_do_concurso_Camara_de_Embu_das_Artes-SP\" title=\"Quais s\u00e3o os requisitos para participar do concurso C\u00e2mara de Embu das Artes-SP?\">Quais s\u00e3o os requisitos para participar do concurso C\u00e2mara de Embu das Artes-SP?<\/a><\/li><li class='ez-toc-page-1 ez-toc-heading-level-2'><a class=\"ez-toc-link ez-toc-heading-4\" href=\"https:\/\/www.editorasolucao.com.br\/blog\/concurso\/camara-de-embu-das-artes-sp\/#Como_serao_as_provas_do_concurso_Camara_de_Embu_das_Artes\" title=\"Como ser\u00e3o as provas do concurso C\u00e2mara de Embu das Artes?\">Como ser\u00e3o as provas do concurso C\u00e2mara de Embu das Artes?<\/a><\/li><\/ul><\/nav><\/div>\n<h2 class=\"wp-block-heading\" id=\"inscri\u00e7\u00f5es\"><span class=\"ez-toc-section\" id=\"Como_me_inscrever_no_concurso_Camara_de_Embu_das_Artes\"><\/span>Como me inscrever no concurso C\u00e2mara de Embu das Artes?<span class=\"ez-toc-section-end\"><\/span><\/h2>\n\n\n\n<p>As inscri\u00e7\u00f5es para o certame j\u00e1 podem ser realizadas por meio site da banca organizadora, <a href=\"https:\/\/indepac.jelastic.saveincloud.net\/concurso\/concursoPaginaInterna.do?idConcurso=1&amp;idInstituicao=13\" target=\"_blank\" rel=\"noreferrer noopener\">Indepec<\/a> (Instituto de cultura, desenvolvimento educacional, promo\u00e7\u00e3o humana e a\u00e7\u00e3o comunit\u00e1ria), <strong>at\u00e9 o dia 17 de maio de 2024<\/strong>.<\/p>\n\n\n\n<p>Para homologar a inscri\u00e7\u00e3o \u00e9 necess\u00e1rio que o candidto efetue o pagamento de uma taxa at\u00e9 o dia 17 de maio de 2024, no valor fixo de <strong>R$ 60,00<\/strong>.<\/p>\n\n\n\n<p>Al\u00e9m disso, h\u00e1 a possibilidade de solicitar a isen\u00e7\u00e3o da taxa de participa\u00e7\u00e3o a<strong>t\u00e9 o dia 18 de abril de 2024<\/strong>, para os candidatos que se adequarem a seguinte condi\u00e7\u00e3o:<\/p>\n\n\n\n<ol>\n<li>o candidato deve estar inscrito no Cadastro \u00danico para Programas Sociais do Governo Federal \u2013 Cad\u00danico ou ser Membro de fam\u00edlia de baixa renda ou cuja renda per capita familiar seja igual ou inferior a 50 % de um sal\u00e1rio m\u00ednimo.<\/li>\n<\/ol>\n\n\n\n<h2 class=\"wp-block-heading\" id=\"cargos\"><span class=\"ez-toc-section\" id=\"Quais_sao_os_cargos_ofertados_no_concurso_Camara_de_Embu_das_Artes_%E2%80%93_SP\"><\/span>Quais s\u00e3o os cargos ofertados no concurso C\u00e2mara de Embu das Artes &#8211; SP?<span class=\"ez-toc-section-end\"><\/span><\/h2>\n\n\n\n<p>Conforme o edital, ao todo est\u00e3o sendo ofertadas <strong>13 vagas imediatas mais oportunidades para forma\u00e7\u00e3o de cadastro reserva <\/strong>para cargos de n\u00edveis m\u00e9dio e t\u00e9cnico. Confira os cargos ofertados, a distribui\u00e7\u00e3o das vagas e os sal\u00e1rios:<\/p>\n\n\n\n<h3 class=\"wp-block-heading\">N\u00edvel m\u00e9dio<\/h3>\n\n\n\n<ol>\n<li><a href=\"https:\/\/www.editorasolucao.com.br\/apostila-solucao\/camara-embu-artes-sp-auxiliar-administrativo\">Auxiliar Administrativo<\/a> (02+CR) \n<ul>\n<li>R$ 2.422,14<\/li>\n<\/ul>\n<\/li>\n\n\n\n<li>Auxiliar de Servi\u00e7os Gerais (02+CR) \n<ul>\n<li>R$ 2.422,14<\/li>\n<\/ul>\n<\/li>\n\n\n\n<li>Auxiliar de Manuten\u00e7\u00e3o (01+CR) \n<ul>\n<li>R$ 2.422,14<\/li>\n<\/ul>\n<\/li>\n\n\n\n<li>Oficial Legislativo (02+CR) \n<ul>\n<li>R$ 3.244,60<\/li>\n<\/ul>\n<\/li>\n\n\n\n<li>Seguran\u00e7a Patrimonial (02+CR) \n<ul>\n<li>R$ 2.422,14<\/li>\n<\/ul>\n<\/li>\n\n\n\n<li>Oficial Administrativo (01+CR) \n<ul>\n<li>R$ 3.244,60<\/li>\n<\/ul>\n<\/li>\n\n\n\n<li>Auxiliar de Gabinete (02+CR) \n<ul>\n<li>R$ 3.244,60<\/li>\n<\/ul>\n<\/li>\n<\/ol>\n\n\n\n<h3 class=\"wp-block-heading\">N\u00edvel m\u00e9dio\/t\u00e9cnico<\/h3>\n\n\n\n<ol>\n<li>Assistente de Finan\u00e7as (CR) \n<ul>\n<li>R$ 5.992,06<\/li>\n<\/ul>\n<\/li>\n\n\n\n<li>Tesoureiro (01+CR) \n<ul>\n<li>R$ 5.992,06<\/li>\n<\/ul>\n<\/li>\n<\/ol>\n\n\n\n<p>A carga hor\u00e1ria \u00e9 de 40 horas semanais para todos os cargos ofertados. Al\u00e9m do sal\u00e1rio base, os candidatos aprovados far\u00e3o jus aos seguintes <strong>benef\u00edcios<\/strong>:<\/p>\n\n\n\n<ol>\n<li>Vale Refei\u00e7\u00e3o de R$ 1014,70 por m\u00eas conforme disposto na Resolu\u00e7\u00e3o n\u00ba 174\/2007;<\/li>\n\n\n\n<li>Auxilio Transporte de R$ 150,55.<\/li>\n\n\n\n<li>Plano de Carreira conforme Lei Complementar N\u00ba 262 de 17 de dezembro de 2014.<\/li>\n<\/ol>\n\n\n\n<h2 class=\"wp-block-heading\" id=\"requisitos\"><span class=\"ez-toc-section\" id=\"Quais_sao_os_requisitos_para_participar_do_concurso_Camara_de_Embu_das_Artes-SP\"><\/span>Quais s\u00e3o os requisitos para participar do concurso C\u00e2mara de Embu das Artes-SP?<span class=\"ez-toc-section-end\"><\/span><\/h2>\n\n\n\n<p>Confira quais s\u00e3o as exig\u00eancias do <strong>concurso C\u00e2mara de Embu das Artes<\/strong> para que o candidato tome posse do cargo pretendido:<\/p>\n\n\n\n<ul>\n<li>Ser aprovado neste Concurso P\u00fablico;<\/li>\n\n\n\n<li>Estar com CPF regularizado;<\/li>\n\n\n\n<li>Ser brasileiro, nato ou naturalizado, ou, no caso de estrangeiro, gozar das prerrogativas previstas no artigo 12 da Constitui\u00e7\u00e3o Federal e demais disposi\u00e7\u00f5es legais;<\/li>\n\n\n\n<li>Estar em pleno gozo dos direitos civis e pol\u00edticos;<\/li>\n\n\n\n<li>Estar em dia com as obriga\u00e7\u00f5es eleitorais;<\/li>\n\n\n\n<li>Estar em dia com as obriga\u00e7\u00f5es militares (para os candidatos do sexo masculino);<\/li>\n\n\n\n<li>Ter idade m\u00ednima de 18 anos e inferior a 75 anos, na data da posse;<\/li>\n\n\n\n<li>N\u00e3o ter sido demitido do servi\u00e7o p\u00fablico Federal, Estadual ou Municipal, em consequ\u00eancia de processo administrativo (por justa causa ou a bem do servi\u00e7o p\u00fablico);<\/li>\n\n\n\n<li>N\u00e3o registrar antecedentes criminais, no \u00e2mbito Estadual e Federal nos locais em que teve domic\u00edlio, nos \u00faltimos 5 anos;<\/li>\n\n\n\n<li>Possuir e comprovar os requisitos exigidos para o exerc\u00edcio do cargo, elencados no Quadro de Cargos.<\/li>\n\n\n\n<li>Ter nacionalidade brasileira ou portuguesa, amparada pelo Estatuto da Igualdade entre brasileiros e portugueses, conforme disposto nos termos do Par\u00e1grafo 1\u00ba, Artigo 12, da Constitui\u00e7\u00e3o Federal e do Decreto Federal n.\u00ba 70.436\/72;<\/li>\n\n\n\n<li>No caso do sexo masculino, estar em dia com o Servi\u00e7o Militar, nos termos do Decreto n\u00ba 57.654\/66, alterado pelo Decreto n\u00ba 93.670\/86;<\/li>\n\n\n\n<li>Possuir documenta\u00e7\u00e3o comprobat\u00f3ria, no ato da posse, dos requisitos m\u00ednimos exigidos para o cargo, conforme especificado na Tabela I, do Cap\u00edtulo 1, e a documenta\u00e7\u00e3o comprobat\u00f3ria determinada nos itens 14.5, 14.6, 14.6.1,.14.6.2,.14.6.3, 14.7 do Cap\u00edtulo 14 deste edital;<\/li>\n\n\n\n<li>Ter aptid\u00e3o f\u00edsica e mental e n\u00e3o possuir defici\u00eancia f\u00edsica incompat\u00edvel com o exerc\u00edcio do cargo, comprovada em inspe\u00e7\u00e3o realizada pelo Servi\u00e7o M\u00e9dico indicado pela C\u00e2mara Municipal de Embu das Artes;<\/li>\n\n\n\n<li>N\u00e3o ter sido condenado por crime contra o Patrim\u00f4nio, Administra\u00e7\u00e3o, a F\u00e9 P\u00fablica, contra os Costumes e os previstos na Lei Federal n.\u00ba 11.343, de 23\/08\/2006;<\/li>\n\n\n\n<li>N\u00e3o estar, no ato da posse, incompatibilizado para nova nomea\u00e7\u00e3o em novo cargo p\u00fablico;<\/li>\n\n\n\n<li>N\u00e3o estar com idade de aposentadoria compuls\u00f3ria;<\/li>\n\n\n\n<li>N\u00e3o receber proventos de aposentadoria ou remunera\u00e7\u00e3o de cargo, emprego ou fun\u00e7\u00e3o p\u00fablica, ressalvados os cargos acumul\u00e1veis previstos na Constitui\u00e7\u00e3o Federal.<\/li>\n<\/ul>\n\n\n\n<h2 class=\"wp-block-heading\" id=\"etapas\"><span class=\"ez-toc-section\" id=\"Como_serao_as_provas_do_concurso_Camara_de_Embu_das_Artes\"><\/span>Como ser\u00e3o as provas do concurso C\u00e2mara de Embu das Artes?<span class=\"ez-toc-section-end\"><\/span><\/h2>\n\n\n\n<p>Os candidatos ser\u00e3o avaliados por meio das seguintes etapas:<\/p>\n\n\n\n<ol>\n<li><strong>Prova objetiva<\/strong> &#8211; car\u00e1ter <em>eliminat\u00f3rio <\/em>e <em>classificat\u00f3rio<\/em><\/li>\n\n\n\n<li><strong>Prova pr\u00e1tica<\/strong> &#8211; car\u00e1ter <em>eliminat\u00f3rio <\/em>e <em>classificat\u00f3rio<\/em>\n<ul>\n<li>Somente para o cargo de Auxiliar de Manuten\u00e7\u00e3o<\/li>\n<\/ul>\n<\/li>\n<\/ol>\n\n\n\n<h3 class=\"wp-block-heading\">Prova objetiva<\/h3>\n\n\n\n<p>Essa etapa est\u00e1 prevista para ser realizada nos dias <strong>02 e 09 de junho 2024<\/strong>, de acordo com hor\u00e1rios e locais a serem comunicados oportunamente atrav\u00e9s de Edital de Convoca\u00e7\u00e3o.<\/p>\n\n\n\n<p>Os candidatos ter\u00e3o o tempo m\u00e1ximo de 03 horas para realizar o exame.<\/p>\n\n\n\n<p>A avalia\u00e7\u00e3o ser\u00e1 versada nas seguintes disciplinas:<\/p>\n\n\n\n<h4 class=\"wp-block-heading\">N\u00edvel m\u00e9dio &#8211; 30 quest\u00f5es<\/h4>\n\n\n\n<ol>\n<li>L\u00edngua Portuguesa (10)<\/li>\n\n\n\n<li>Matem\u00e1tica (05)<\/li>\n\n\n\n<li>Conhecimentos Espec\u00edficos (15)<\/li>\n<\/ol>\n\n\n\n<h4 class=\"wp-block-heading\">N\u00edvel m\u00e9dio\/t\u00e9cnico &#8211; 40 quest\u00f5es<\/h4>\n\n\n\n<ol>\n<li>L\u00edngua Portuguesa (07)<\/li>\n\n\n\n<li>Matem\u00e1tica (08)<\/li>\n\n\n\n<li>Conhecimentos Espec\u00edficos (25)<\/li>\n<\/ol>\n\n\n\n<p><strong>Confira: <\/strong><a href=\"https:\/\/www.editorasolucao.com.br\/apostila-solucao\/camara-embu-artes-sp-auxiliar-servicos-gerais\">Apostila C\u00e2mara de Embu das Artes-SP: Auxiliar de Servi\u00e7os Gerais<\/a><\/p>\n\n\n\n<p>A prova ser\u00e1 avaliada em uma escala de 0 a 100 pontos, sendo considerado aprovado o candidato que obtiver no m\u00ednimo 50 pontos.<\/p>\n\n\n\n<h3 class=\"wp-block-heading\">Prova pr\u00e1tica<\/h3>\n\n\n\n<p>Para a realiza\u00e7\u00e3o dessa etapa os candidatos ser\u00e3o submetidos a <strong>duas tarefas<\/strong>, s\u00e3o elas:<\/p>\n\n\n\n<ol>\n<li>Avalia\u00e7\u00e3o sobre o desempenho e conhecimento profissional. A avalia\u00e7\u00e3o ser\u00e1 dentro de uma escala gradativa de 0 a 50 pontos atrav\u00e9s da execu\u00e7\u00e3o e simula\u00e7\u00e3o das tarefas exercidas pelo aprovado, observando a habilidade do candidato quanto \u00e0 destreza na execu\u00e7\u00e3o das atividades, habilidade no desenvolvimento das atividades comuns \u00e0 fun\u00e7\u00e3o, agilidade na execu\u00e7\u00e3o das atividades, racioc\u00ednio l\u00f3gico e de percep\u00e7\u00e3o exerc\u00edcio das fun\u00e7\u00f5es necess\u00e1rias, utiliza\u00e7\u00e3o de EPI&#8217;s e utiliza\u00e7\u00e3o \/ identifica\u00e7\u00e3o correta de materiais e equipamentos, entre outros.<\/li>\n\n\n\n<li>Avalia\u00e7\u00e3o F\u00edsica: A avalia\u00e7\u00e3o ser\u00e1 dentro de uma escala gradativa de 0 a 50 pontos atrav\u00e9s de 5 repeti\u00e7\u00f5es de flex\u00e3o abdominal com tempo m\u00e1ximo de 40 segundos e teste de sentar e alcan\u00e7ar os p\u00e9s com as m\u00e3os para medir a flexibilidade do quadril, dorso e m\u00fasculos posteriores dos membros inferiores.<\/li>\n<\/ol>\n\n\n\n<p><\/p>\n\n\n\n<p>A prova ter\u00e1 a pontua\u00e7\u00e3o m\u00e1xima de 100 pontos, sendo considerado aprovado o candidato que obtiver no m\u00ednimo 50 pontos.<\/p>\n\n\n\n<p>O presente Concurso P\u00fablico tem o prazo de <strong>validade <\/strong>de dois anos, podendo ser prorrogado por igual per\u00edodo, a contar da data da homologa\u00e7\u00e3o do certame, a crit\u00e9rio da C\u00e2mara Municipal de Embu das Artes.<\/p>\n\n\n\n<p><strong>Bons estudos e boa prova!!!<\/strong><\/p>\n","protected":false},"excerpt":{"rendered":"<p>Foi publicado o edital do concurso C\u00e2mara de Embu das Artes, no estado de S\u00e3o Paulo, com a oferta de vagas imediatas mais forma\u00e7\u00e3o de cadastro reserva para cargos de n\u00edveis m\u00e9dio e m\u00e9dio\/t\u00e9cnico. Se interessa pelo certame? Confira os demais detalhes no decorrer da not\u00edcia. \ud83d\ude0e Como me inscrever no concurso C\u00e2mara de Embu das Artes? As inscri\u00e7\u00f5es para o certame j\u00e1 podem ser realizadas por meio site da banca organizadora, Indepec (Instituto de cultura, desenvolvimento educacional, promo\u00e7\u00e3o humana e a\u00e7\u00e3o comunit\u00e1ria), at\u00e9 o dia 17 de maio de 2024. Para homologar a inscri\u00e7\u00e3o \u00e9 necess\u00e1rio que o candidto&#8230;<\/p>\n","protected":false},"author":18,"featured_media":42072,"template":"","meta":{"_acf_changed":false,"rank_math_lock_modified_date":false},"categories":[],"tags":[],"acf":[],"_links":{"self":[{"href":"https:\/\/www.editorasolucao.com.br\/blog\/wp-json\/wp\/v2\/concurso\/42071"}],"collection":[{"href":"https:\/\/www.editorasolucao.com.br\/blog\/wp-json\/wp\/v2\/concurso"}],"about":[{"href":"https:\/\/www.editorasolucao.com.br\/blog\/wp-json\/wp\/v2\/types\/concurso"}],"author":[{"embeddable":true,"href":"https:\/\/www.editorasolucao.com.br\/blog\/wp-json\/wp\/v2\/users\/18"}],"wp:featuredmedia":[{"embeddable":true,"href":"https:\/\/www.editorasolucao.com.br\/blog\/wp-json\/wp\/v2\/media\/42072"}],"wp:attachment":[{"href":"https:\/\/www.editorasolucao.com.br\/blog\/wp-json\/wp\/v2\/media?parent=42071"}],"wp:term":[{"taxonomy":"category","embeddable":true,"href":"https:\/\/www.editorasolucao.com.br\/blog\/wp-json\/wp\/v2\/categories?post=42071"},{"taxonomy":"post_tag","embeddable":true,"href":"https:\/\/www.editorasolucao.com.br\/blog\/wp-json\/wp\/v2\/tags?post=42071"}],"curies":[{"name":"wp","href":"https:\/\/api.w.org\/{rel}","templated":true}]}}