{"id":42089,"date":"2024-04-18T09:02:24","date_gmt":"2024-04-18T12:02:24","guid":{"rendered":"https:\/\/www.editorasolucao.com.br\/blog\/?post_type=concurso&#038;p=42089"},"modified":"2024-04-23T10:03:53","modified_gmt":"2024-04-23T13:03:53","slug":"prefeitura-de-maracaju-ms","status":"publish","type":"concurso","link":"https:\/\/www.editorasolucao.com.br\/blog\/concurso\/prefeitura-de-maracaju-ms","title":{"rendered":"Concurso Prefeitura de Maracaju: Edital com 250 vagas para todos os n\u00edveis de escolaridade!"},"content":{"rendered":"\n<p>Ol\u00e1 concurseiros! Foi publicado o edital do Concurso da Prefeitura de Maracaju, no estado de Mato Grosso do Sul, com oferta de<strong> 250 vagas para todos os n\u00edveis de escolaridade. <\/strong>Os sal\u00e1rios chamam bastante aten\u00e7\u00e3o j\u00e1 que podem chegar at\u00e9 <strong>R$ 14,1 mil! <\/strong>Se interessou pelo certame? Venha saber mais!! <\/p>\n\n\n\n<div id=\"ez-toc-container\" class=\"ez-toc-v2_0_69_1 counter-hierarchy ez-toc-counter ez-toc-grey ez-toc-container-direction\">\n<div class=\"ez-toc-title-container\">\n<p class=\"ez-toc-title \" >Menu de navega&ccedil;&atilde;o<\/p>\n<span class=\"ez-toc-title-toggle\"><a href=\"#\" class=\"ez-toc-pull-right ez-toc-btn ez-toc-btn-xs ez-toc-btn-default ez-toc-toggle\" aria-label=\"Toggle Table of Content\"><span class=\"ez-toc-js-icon-con\"><span class=\"\"><span class=\"eztoc-hide\" style=\"display:none;\">Toggle<\/span><span class=\"ez-toc-icon-toggle-span\"><svg style=\"fill: #999;color:#999\" xmlns=\"http:\/\/www.w3.org\/2000\/svg\" class=\"list-377408\" width=\"20px\" height=\"20px\" viewBox=\"0 0 24 24\" fill=\"none\"><path d=\"M6 6H4v2h2V6zm14 0H8v2h12V6zM4 11h2v2H4v-2zm16 0H8v2h12v-2zM4 16h2v2H4v-2zm16 0H8v2h12v-2z\" fill=\"currentColor\"><\/path><\/svg><svg style=\"fill: #999;color:#999\" class=\"arrow-unsorted-368013\" xmlns=\"http:\/\/www.w3.org\/2000\/svg\" width=\"10px\" height=\"10px\" viewBox=\"0 0 24 24\" version=\"1.2\" baseProfile=\"tiny\"><path d=\"M18.2 9.3l-6.2-6.3-6.2 6.3c-.2.2-.3.4-.3.7s.1.5.3.7c.2.2.4.3.7.3h11c.3 0 .5-.1.7-.3.2-.2.3-.5.3-.7s-.1-.5-.3-.7zM5.8 14.7l6.2 6.3 6.2-6.3c.2-.2.3-.5.3-.7s-.1-.5-.3-.7c-.2-.2-.4-.3-.7-.3h-11c-.3 0-.5.1-.7.3-.2.2-.3.5-.3.7s.1.5.3.7z\"\/><\/svg><\/span><\/span><\/span><\/a><\/span><\/div>\n<nav><ul class='ez-toc-list ez-toc-list-level-1 ' ><li class='ez-toc-page-1 ez-toc-heading-level-2'><a class=\"ez-toc-link ez-toc-heading-1\" href=\"https:\/\/www.editorasolucao.com.br\/blog\/concurso\/prefeitura-de-maracaju-ms\/#Como_posso_realizar_minha_inscricao\" title=\"Como posso realizar minha inscri\u00e7\u00e3o?\">Como posso realizar minha inscri\u00e7\u00e3o?<\/a><\/li><li class='ez-toc-page-1 ez-toc-heading-level-2'><a class=\"ez-toc-link ez-toc-heading-2\" href=\"https:\/\/www.editorasolucao.com.br\/blog\/concurso\/prefeitura-de-maracaju-ms\/#Quais_vagas_estao_sendo_ofertadas\" title=\"Quais vagas est\u00e3o sendo ofertadas?\">Quais vagas est\u00e3o sendo ofertadas?<\/a><\/li><li class='ez-toc-page-1 ez-toc-heading-level-2'><a class=\"ez-toc-link ez-toc-heading-3\" href=\"https:\/\/www.editorasolucao.com.br\/blog\/concurso\/prefeitura-de-maracaju-ms\/#Requisitos_para_investidura_dos_cargos\" title=\"Requisitos para investidura dos cargos\">Requisitos para investidura dos cargos<\/a><\/li><li class='ez-toc-page-1 ez-toc-heading-level-2'><a class=\"ez-toc-link ez-toc-heading-4\" href=\"https:\/\/www.editorasolucao.com.br\/blog\/concurso\/prefeitura-de-maracaju-ms\/#Como_posso_me_preparar_para_as_etapas_de_selecao_deste_concurso\" title=\"Como posso me preparar para as etapas de sele\u00e7\u00e3o deste concurso?\">Como posso me preparar para as etapas de sele\u00e7\u00e3o deste concurso?<\/a><\/li><\/ul><\/nav><\/div>\n<h2 class=\"wp-block-heading\" id=\"inscri\u00e7ao\"><span class=\"ez-toc-section\" id=\"Como_posso_realizar_minha_inscricao\"><\/span>Como posso realizar minha inscri\u00e7\u00e3o?<span class=\"ez-toc-section-end\"><\/span><\/h2>\n\n\n\n<p>As inscri\u00e7\u00f5es do concurso da Prefeitura de Maracaju ficar\u00e3o abertos at\u00e9 <strong>\u00e0s 23h59min do dia 8 de julho de 2024<\/strong>. Os interessados podem realizar suas inscri\u00e7\u00f5es por meio do site da banca organizadora, a <a href=\"https:\/\/concurso.fapec.org\/single-edital.php?new_id=205\" target=\"_blank\" rel=\"noreferrer noopener\">Fapec.<\/a> <\/p>\n\n\n\n<p>As taxas de inscri\u00e7\u00e3o variam de acordo com o n\u00edvel do cargo escolhido pelo candidato, vejamos: <\/p>\n\n\n\n<ul>\n<li><strong>N\u00edvel Fundamental: <\/strong>R$80,00<\/li>\n\n\n\n<li><strong>N\u00edvel M\u00e9dio\/T\u00e9cnico: <\/strong>R$120,00<\/li>\n\n\n\n<li><strong>N\u00edvel Superior: <\/strong>R$180,00<\/li>\n<\/ul>\n\n\n\n<p>Os candidatos inscritos no Cadastro \u00danico, que comprovem baixa renda, poder\u00e3o solicitar a isen\u00e7\u00e3o dessas taxas at\u00e9 o dia <strong>23 de abril. <\/strong><\/p>\n\n\n\n<h2 class=\"wp-block-heading\" id=\"vagas\"><span class=\"ez-toc-section\" id=\"Quais_vagas_estao_sendo_ofertadas\"><\/span>Quais vagas est\u00e3o sendo ofertadas? <span class=\"ez-toc-section-end\"><\/span><\/h2>\n\n\n\n<p>O concurso da Prefeitura de Maracaju est\u00e1 ofertando <strong>250 vagas <\/strong>para todos os n\u00edveis de escolaridade. Vamos olhar com mais detalhes? <\/p>\n\n\n\n<ul>\n<li><strong>Fundamental<\/strong>\n<ul>\n<li>Atendente de Sa\u00fade (3 + CR)\n<ul>\n<li>R$ 2.118,25<\/li>\n<\/ul>\n<\/li>\n\n\n\n<li>Auxiliar de Cuidador (1 + CR)\n<ul>\n<li>R$ 2.118,25<\/li>\n<\/ul>\n<\/li>\n\n\n\n<li>Auxiliar de Disciplina (21 + CR)\n<ul>\n<li>R$ 2.118,25<\/li>\n<\/ul>\n<\/li>\n\n\n\n<li>Eletricista de Ve\u00edculos e M\u00e1quinas (1 + CR)\n<ul>\n<li>R$ 2.368,74<\/li>\n<\/ul>\n<\/li>\n\n\n\n<li>Mec\u00e2nico (1 + CR)\n<ul>\n<li>R$ 2.368,74<\/li>\n<\/ul>\n<\/li>\n\n\n\n<li>Motorista I &#8211; Ve\u00edculo Leve (1 + CR)\n<ul>\n<li>R$ 2.118,25<\/li>\n<\/ul>\n<\/li>\n\n\n\n<li>Motorista II &#8211; Caminh\u00e3o (2 + CR)\n<ul>\n<li>R$ 2.255,95<\/li>\n<\/ul>\n<\/li>\n\n\n\n<li>Motorista III &#8211; \u00d4nibus\/Ambul\u00e2ncia (13 + CR)\n<ul>\n<li>R$ 2.433,88<\/li>\n<\/ul>\n<\/li>\n\n\n\n<li>Oficial de Manuten\u00e7\u00e3o (5 + CR)\n<ul>\n<li>R$ 2.255,95<\/li>\n<\/ul>\n<\/li>\n\n\n\n<li>Operador de M\u00e1quinas I (1 + CR)\n<ul>\n<li>R$ 2.368,74<\/li>\n<\/ul>\n<\/li>\n\n\n\n<li>Ajudante de Manuten\u00e7\u00e3o (58 + CR)\n<ul>\n<li>R$ 2.017,40<\/li>\n<\/ul>\n<\/li>\n\n\n\n<li>Auxiliar de Servi\u00e7os Diversos (41 + CR)\n<ul>\n<li>R$ 1.921,33<\/li>\n<\/ul>\n<\/li>\n\n\n\n<li>Oficial de Cozinha (2 + CR)\n<ul>\n<li>R$ 2.017,40<\/li>\n<\/ul>\n<\/li>\n\n\n\n<li>Oficial de Pavimenta\u00e7\u00e3o (1 + CR)\n<ul>\n<li>R$ 1.921,33<\/li>\n<\/ul>\n<\/li>\n<\/ul>\n<\/li>\n\n\n\n<li><strong>M\u00e9dio\/T\u00e9cnico<\/strong>\n<ul>\n<li>Assistente Administrativo (8 + CR)\n<ul>\n<li>R$ 2.693,40<\/li>\n<\/ul>\n<\/li>\n\n\n\n<li>Assistente de Inform\u00e1tica (CR)\n<ul>\n<li>R$ 2.801,14<\/li>\n<\/ul>\n<\/li>\n\n\n\n<li>Assistente de Educa\u00e7\u00e3o (17 + CR)\n<ul>\n<li>R$ 2.693,40<\/li>\n<\/ul>\n<\/li>\n\n\n\n<li>Auxiliar de Consult\u00f3rio Dent\u00e1rio (CR)\n<ul>\n<li>R$ 2.801,14<\/li>\n<\/ul>\n<\/li>\n\n\n\n<li>Auxiliar de Farm\u00e1cia (1 + CR)\n<ul>\n<li>R$ 2.693,40<\/li>\n<\/ul>\n<\/li>\n\n\n\n<li>Cuidador Social (6 + CR)\n<ul>\n<li>R$ 2.693,40<\/li>\n<\/ul>\n<\/li>\n\n\n\n<li>T\u00e9cnico Agr\u00edcola (CR)\n<ul>\n<li>R$ 2.801,14<\/li>\n<\/ul>\n<\/li>\n\n\n\n<li>T\u00e9cnico de Enfermagem (11 + CR)\n<ul>\n<li>R$ 2.801,14<\/li>\n<\/ul>\n<\/li>\n\n\n\n<li>T\u00e9cnico em Laborat\u00f3rio de An\u00e1lises Cl\u00ednicas (1 + CR)\n<ul>\n<li>R$ 2.801,14<\/li>\n<\/ul>\n<\/li>\n\n\n\n<li>T\u00e9cnico em Seguran\u00e7a do Trabalho (CR)\n<ul>\n<li>R$ 2.801,14<\/li>\n<\/ul>\n<\/li>\n\n\n\n<li>Top\u00f3grafo (CR)\n<ul>\n<li>R$ 2.801,14<\/li>\n<\/ul>\n<\/li>\n<\/ul>\n<\/li>\n\n\n\n<li><strong>Superior<\/strong>\n<ul>\n<li>Analista Cl\u00ednico (CR)\n<ul>\n<li>R$ 7.075,51<\/li>\n<\/ul>\n<\/li>\n\n\n\n<li>Analista de Tecnologia da Informa\u00e7\u00e3o (CR)\n<ul>\n<li>R$ 5.000,02<\/li>\n<\/ul>\n<\/li>\n\n\n\n<li>Assistente Social (2 + CR)\n<ul>\n<li>R$ 5.000,02<\/li>\n<\/ul>\n<\/li>\n\n\n\n<li>Arquiteto (1 + CR)\n<ul>\n<li>R$ 5.000,02<\/li>\n<\/ul>\n<\/li>\n\n\n\n<li>Cirurgi\u00e3o Dentista (CR)\n<ul>\n<li>R$ 9.434,02<\/li>\n<\/ul>\n<\/li>\n\n\n\n<li>Cirurgi\u00e3o Dentista ESF (2 + CR)\n<ul>\n<li>R$ 11.347,69<\/li>\n<\/ul>\n<\/li>\n\n\n\n<li>Contador (CR)\n<ul>\n<li>R$ 9.498,97<\/li>\n<\/ul>\n<\/li>\n\n\n\n<li>Enfermeiro (9 + CR)\n<ul>\n<li>R$ 5.000,02<\/li>\n<\/ul>\n<\/li>\n\n\n\n<li>Engenheiro Civil (CR)\n<ul>\n<li>R$ 9.498,97<\/li>\n<\/ul>\n<\/li>\n\n\n\n<li>Engenheiro Agr\u00f4nomo (CR)\n<ul>\n<li>R$ 9.498,97<\/li>\n<\/ul>\n<\/li>\n\n\n\n<li>Engenheiro Ambiental\/Sanitarista (CR)\n<ul>\n<li>R$ 9.498,97<\/li>\n<\/ul>\n<\/li>\n\n\n\n<li>Farmac\u00eautico (2 + CR)\n<ul>\n<li>R$ 5.000,02<\/li>\n<\/ul>\n<\/li>\n\n\n\n<li>Fisioterapeuta (1 + CR)\n<ul>\n<li>R$ 3.750,02<\/li>\n<\/ul>\n<\/li>\n\n\n\n<li>Fonoaudi\u00f3logo (1 + CR)\n<ul>\n<li>R$ 5.000,02<\/li>\n<\/ul>\n<\/li>\n\n\n\n<li>Int\u00e9rprete de Libras (CR)\n<ul>\n<li>R$ 3.750,02<\/li>\n<\/ul>\n<\/li>\n\n\n\n<li>M\u00e9dico Veterin\u00e1rio (CR)\n<ul>\n<li>R$ 5.000,02<\/li>\n<\/ul>\n<\/li>\n\n\n\n<li>M\u00e9dico (2 + CR)\n<ul>\n<li>R$ 4.717,01<\/li>\n<\/ul>\n<\/li>\n\n\n\n<li>M\u00e9dico de ESF (3 + CR)\n<ul>\n<li>R$ 11.347,69<\/li>\n<\/ul>\n<\/li>\n\n\n\n<li>M\u00e9dico do Trabalho (1 + CR)\n<ul>\n<li>R$ 4.717,01<\/li>\n<\/ul>\n<\/li>\n\n\n\n<li>Nutricionista (CR)\n<ul>\n<li>R$ 5.000,02<\/li>\n<\/ul>\n<\/li>\n\n\n\n<li>Procurador (1 + CR)\n<ul>\n<li>R$ 14.152,83<\/li>\n<\/ul>\n<\/li>\n\n\n\n<li>Orientador Social (CR)\n<ul>\n<li>R$ 5.000,02<\/li>\n<\/ul>\n<\/li>\n\n\n\n<li>Pedagogo Social (CR)\n<ul>\n<li>R$ 5.000,02<\/li>\n<\/ul>\n<\/li>\n\n\n\n<li>Professor Coordenador (1 + CR)\n<ul>\n<li>R$ 3.590,83<\/li>\n<\/ul>\n<\/li>\n\n\n\n<li>Professor de Artes (6 + CR) &#8211; R$ 3.049,82\n<ul>\n<li>L\u00edngua Portuguesa (CR)<\/li>\n\n\n\n<li>Educa\u00e7\u00e3o F\u00edsica (6 + CR)<\/li>\n\n\n\n<li>Geografia (CR)<\/li>\n\n\n\n<li>Hist\u00f3ria (CR)<\/li>\n\n\n\n<li>Ingl\u00eas (1 + CR)<\/li>\n<\/ul>\n<\/li>\n\n\n\n<li>Psic\u00f3logo (6 + CR)\n<ul>\n<li>R$ 5.000,02<\/li>\n<\/ul>\n<\/li>\n\n\n\n<li>Turism\u00f3logo (CR)\n<ul>\n<li>R$ 5.000,02<\/li>\n<\/ul>\n<\/li>\n<\/ul>\n<\/li>\n<\/ul>\n\n\n\n<p>Os candidatos aprovados e admitidos pelo concurso da Prefeitura de Maracaju dever\u00e3o cumprir uma jornada de trabalho que pode variar entre <strong>20h, 30h ou 40h semanais.<\/strong> <\/p>\n\n\n\n<h2 class=\"wp-block-heading\" id=\"requisitos\"><span class=\"ez-toc-section\" id=\"Requisitos_para_investidura_dos_cargos\"><\/span>Requisitos para investidura dos cargos<span class=\"ez-toc-section-end\"><\/span><\/h2>\n\n\n\n<p>De acordo com o edital do concurso da Prefeitura de Maracaju, esses s\u00e3o os requisitos b\u00e1sicos exigidos para nomea\u00e7\u00e3o e posse dos cargos: <\/p>\n\n\n\n<ul>\n<li>Ser brasileiro nato ou naturalizado;<\/li>\n\n\n\n<li>Estar em gozo dos direitos pol\u00edticos e civis;<\/li>\n\n\n\n<li>Estar quite com as obriga\u00e7\u00f5es eleitorais;<\/li>\n\n\n\n<li>Estar quite com as obriga\u00e7\u00f5es militares, se do sexo masculino;<\/li>\n\n\n\n<li>Ter a idade igual ou superior a dezoito anos;<\/li>\n\n\n\n<li><strong>Comprovar a escolaridade e os requisitos espec\u00edficos exigidos para ocupar o cargo no momento da posse;<\/strong><\/li>\n\n\n\n<li>Ter aptid\u00e3o f\u00edsica e mental para o exerc\u00edcio das atribui\u00e7\u00f5es do cargo, verificada em exame m\u00e9dico-pericial;<\/li>\n\n\n\n<li>N\u00e3o exercer cargo, emprego ou fun\u00e7\u00e3o p\u00fablica e n\u00e3o acumular proventos de aposentadoria na administra\u00e7\u00e3o p\u00fablica federal, estadual ou municipal, salvo as exce\u00e7\u00f5es previstas na Constitui\u00e7\u00e3o Federal;<\/li>\n\n\n\n<li><strong>N\u00e3o ter sofrido penalidade de demiss\u00e3o, por justa causa, de \u00f3rg\u00e3o ou entidade da administra\u00e7\u00e3o p\u00fablica municipal, estadual ou federal;<\/strong><\/li>\n\n\n\n<li>N\u00e3o registrar antecedentes criminais, achando-se no pleno exerc\u00edcio de seus direitos civis e pol\u00edticos.<\/li>\n<\/ul>\n\n\n\n<h2 class=\"wp-block-heading\" id=\"etapas\"><span class=\"ez-toc-section\" id=\"Como_posso_me_preparar_para_as_etapas_de_selecao_deste_concurso\"><\/span>Como posso me preparar para as etapas de sele\u00e7\u00e3o deste concurso? <span class=\"ez-toc-section-end\"><\/span><\/h2>\n\n\n\n<p>Os candidatos ao concurso da Prefeitura de Maracaju ser\u00e3o avaliados por meio das seguintes etapas de sele\u00e7\u00e3o: <\/p>\n\n\n\n<ul>\n<li><strong>Prova Objetiva,<\/strong> de car\u00e1ter eliminat\u00f3rio e classificat\u00f3rio,<em> para todos os cargos.<\/em><\/li>\n\n\n\n<li><strong>Prova Pr\u00e1tica, <\/strong>de car\u00e1ter classificat\u00f3rio e eliminat\u00f3rio,<em> para os cargos de Motorista (I, II, III). <\/em><\/li>\n\n\n\n<li><strong>Prova de T\u00edtulos,<\/strong> de car\u00e1ter classificat\u00f3rio, <em>para todos os cargos<\/em>. <\/li>\n\n\n\n<li><strong>Avalia\u00e7\u00e3o Psicol\u00f3gica,<\/strong> de car\u00e1ter eliminat\u00f3rio, <em>para os cargos de Orientador e Pedagogo Social. <\/em><\/li>\n<\/ul>\n\n\n\n<h3 class=\"wp-block-heading\">Prova Objetiva<\/h3>\n\n\n\n<p>A prova objetiva est\u00e1 prevista para acontecer no dia<strong> 28 de julho<\/strong> em dois turnos, sendo o turno da manh\u00e3 para N\u00edvel Superior e Fundamental, j\u00e1 o turno da tarde para N\u00edvel M\u00e9dio e Fundamental Incompleto. A prova ter\u00e1 dura\u00e7\u00e3o de<strong> 4 horas. <\/strong><\/p>\n\n\n\n<p>Essa avalia\u00e7\u00e3o ser\u00e1 versada nas seguintes disciplinas: <\/p>\n\n\n\n<ul>\n<li><strong>N\u00edvel Fundamental<\/strong>\n<ul>\n<li>L\u00edngua Portuguesa<\/li>\n\n\n\n<li>Matem\u00e1tica<\/li>\n<\/ul>\n<\/li>\n\n\n\n<li><strong>N\u00edvel M\u00e9dio\/T\u00e9cnico<\/strong>\n<ul>\n<li>L\u00edngua Portuguesa<\/li>\n\n\n\n<li>Matem\u00e1tica<\/li>\n\n\n\n<li>Conhecimentos Espec\u00edficos<\/li>\n\n\n\n<li>Legisla\u00e7\u00f5es do Munic\u00edpio<\/li>\n<\/ul>\n<\/li>\n\n\n\n<li><strong>N\u00edvel Superior<\/strong>\n<ul>\n<li>L\u00edngua Portuguesa<\/li>\n\n\n\n<li>Conhecimentos Espec\u00edficos<\/li>\n\n\n\n<li>Legisla\u00e7\u00f5es do Munic\u00edpio<\/li>\n\n\n\n<li>Conhecimento Pedag\u00f3gico (apenas para cargos de Professor)<\/li>\n<\/ul>\n<\/li>\n<\/ul>\n\n\n\n<p>\u00c9 importante ressaltar que a <strong>quantidade de quest\u00f5es da prova objetiva <\/strong>varia de acordo com o n\u00edvel ou cargo escolhido! <\/p>\n\n\n\n<p>Ser\u00e3o considerados <strong>reprovados<\/strong> os candidatos que tiverem rendimento na prova inferior a <strong>50%<\/strong> do valor total da mesma ou tirarem nota zero em qualquer modalidade para todos os cargos.<\/p>\n\n\n\n<h3 class=\"wp-block-heading\">Prova Pr\u00e1tica <\/h3>\n\n\n\n<p>A prova pr\u00e1tica ser\u00e1 realizada somente pelos cargos de Motorista (I, II e III) e est\u00e1 prevista para acontecer dia <strong>25 de agosto. <\/strong>Os hor\u00e1rios e locais para a prova pr\u00e1tica ser\u00e3o divulgados no <strong>Edital de Convoca\u00e7\u00e3o <\/strong>publicado pela banca organizadora do concurso. <\/p>\n\n\n\n<p>Essa avalia\u00e7\u00e3o ter\u00e1 car\u00e1ter classificat\u00f3rio e eliminat\u00f3rio e valer\u00e1 <strong>100 pontos<\/strong> no total, ser\u00e1 composta de atividades que visam avaliar a qualidade e conhecimento sobre o cargo do candidato. <\/p>\n\n\n\n<p>Ser\u00e3o atribu\u00eddos os conceitos <strong>\u201cApto\u201d<\/strong> (nota maior que  50 pontos) ou <strong>\u201cInapto\u201d<\/strong> (nota menor que 49 pontos).<\/p>\n\n\n\n<h3 class=\"wp-block-heading\">Prova de T\u00edtulos<\/h3>\n\n\n\n<p>A prova de t\u00edtulos \u00e9 v\u00e1lida para todos os cargos, desde fundamental at\u00e9 superior. A data prevista para a entrega dos documentos \u00e9 dia<strong> 25 de agosto<\/strong>, lembrando que pode haver mudan\u00e7as quanto ao per\u00edodo! <\/p>\n\n\n\n<p>Os candidatos convocados para fazer a entrega dos t\u00edtulos, dever\u00e3o entregar os documentos comprobat\u00f3rios de titula\u00e7\u00e3o atrav\u00e9s de fotoc\u00f3pias autenticadas em cart\u00f3rio, conforme m\u00e9todo que ser\u00e1 divulgado atrav\u00e9s de Edital Espec\u00edfico que ser\u00e1 publicado no di\u00e1rio oficial do munic\u00edpio e no portal de concursos da Fapec. <\/p>\n\n\n\n<p>Assim funcionar\u00e1 a contagem de pontos: <\/p>\n\n\n\n<ul>\n<li><strong>Para cargos de n\u00edvel superior (forma\u00e7\u00e3o professional)<\/strong>\n<ul>\n<li>Especializa\u00e7\u00e3o &#8211; 3,0 pontos<\/li>\n\n\n\n<li>Mestrado &#8211; 4,0 pontos<\/li>\n\n\n\n<li>Doutorado &#8211; 5,0 pontos<\/li>\n<\/ul>\n<\/li>\n\n\n\n<li><strong>eventos de capacita\u00e7\u00e3o presenciais (todos os cargos)<\/strong>\n<ul>\n<li>Certificados como participante em cursos, jornadas, simp\u00f3sios, congressos, semanas, encontros ou workshop, espec\u00edficos na \u00e1rea de atua\u00e7\u00e3o, realizados a partir de 2019,<strong> com carga hor\u00e1ria de 40 a 59 horas <\/strong>&#8211; 0,4 pontos<\/li>\n\n\n\n<li>Com carga hor\u00e1ria de 60 a 79 horas &#8211; 0,6 pontos<\/li>\n\n\n\n<li>Com carga hor\u00e1ria de 80 a 99 horas &#8211; 0,8 pontos<\/li>\n\n\n\n<li>Com carga hor\u00e1ria de 100 horas acima &#8211; 1,0 pontos <\/li>\n<\/ul>\n<\/li>\n\n\n\n<li><strong>eventos de capacita\u00e7\u00e3o online (todos os cargos)<\/strong>\n<ul>\n<li>Certificados como participante em cursos, jornadas, simp\u00f3sios, congressos, semanas, encontros ou workshop, espec\u00edficos na \u00e1rea de atua\u00e7\u00e3o, realizados a partir de 2019, com carga hor\u00e1ria de 100 horas acima &#8211; 0,1 ponto<\/li>\n\n\n\n<li>Com carga hor\u00e1ria de 40 a 99 horas &#8211; 0,5 pontos<\/li>\n<\/ul>\n<\/li>\n\n\n\n<li><strong>tempo de servi\u00e7o (todos os cargos)<\/strong>\n<ul>\n<li>Servi\u00e7o prestado \u00e0 Administra\u00e7\u00e3o P\u00fablica Municipal, Estadual, Federal ou Empresa Privada &#8211; 0,5 pontos<\/li>\n<\/ul>\n<\/li>\n\n\n\n<li><strong>Para cargos de n\u00edvel m\u00e9dio<\/strong>\n<ul>\n<li>Especializa\u00e7\u00e3o &#8211; 3,0 pontos<\/li>\n\n\n\n<li>Gradua\u00e7\u00e3o &#8211; 2,0 pontos<\/li>\n<\/ul>\n<\/li>\n\n\n\n<li><strong>Para cargos de n\u00edvel fundamental<\/strong>\n<ul>\n<li>Gradua\u00e7\u00e3o &#8211; 3,0 pontos<\/li>\n\n\n\n<li>Ensino M\u00e9dio &#8211; 2,0 pontos<\/li>\n<\/ul>\n<\/li>\n<\/ul>\n\n\n\n<h3 class=\"wp-block-heading\">Avalia\u00e7\u00e3o Psicol\u00f3gica<\/h3>\n\n\n\n<p>A avalia\u00e7\u00e3o psicol\u00f3gica do concurso da Prefeitura de Maracaju ser\u00e1 realizada apenas pelos cargos de <strong>Orientador e Pedagogo Social.<\/strong> As datas, hor\u00e1rios e locais ainda ser\u00e3o divulgados pela banca organizadora. <\/p>\n\n\n\n<p>Os instrumentos utilizados para avaliar o perfil psicol\u00f3gico do candidato, a fim de verificar sua capacidade de adapta\u00e7\u00e3o e seu potencial de desempenho positivo, ser\u00e3o definidos segundo os crit\u00e9rios objetivos e os par\u00e2metros estabelecidos pela defini\u00e7\u00e3o do perfil psicol\u00f3gico, podendo abranger as seguintes caracter\u00edsticas:<\/p>\n\n\n\n<ul>\n<li>Controle emocional<\/li>\n\n\n\n<li>Impulsividade<\/li>\n\n\n\n<li>Dom\u00ednio psicomotor<\/li>\n\n\n\n<li>Autoconfian\u00e7a<\/li>\n\n\n\n<li>Resist\u00eancia \u00e0 frustra\u00e7\u00e3o<\/li>\n\n\n\n<li>Potencial de desenvolvimento cognitivo<\/li>\n\n\n\n<li>Mem\u00f3ria auditiva e visual<\/li>\n\n\n\n<li>Controle e canaliza\u00e7\u00e3o produtiva da agressividade<\/li>\n\n\n\n<li>Disposi\u00e7\u00e3o para o trabalho<\/li>\n\n\n\n<li>Resist\u00eancia \u00e0 fadiga psicof\u00edsica<\/li>\n\n\n\n<li>Iniciativa<\/li>\n\n\n\n<li>Potencial de lideran\u00e7a<\/li>\n\n\n\n<li>Capacidade de cooperar e trabalhar em grupo<\/li>\n\n\n\n<li>Relacionamento interpessoal<\/li>\n\n\n\n<li>Flexibilidade de conduta<\/li>\n\n\n\n<li>Criatividade<\/li>\n\n\n\n<li>Flu\u00eancia verbal<\/li>\n\n\n\n<li>Sinais f\u00f3bicos e disr\u00edtmicos<\/li>\n\n\n\n<li>Percep\u00e7\u00e3o de detalhes<\/li>\n\n\n\n<li>Aten\u00e7\u00e3o concentrada<\/li>\n<\/ul>\n\n\n\n<p><\/p>\n\n\n\n<p><strong>Boa prova e bons estudos!!<\/strong><\/p>\n","protected":false},"excerpt":{"rendered":"<p>Ol\u00e1 concurseiros! Foi publicado o edital do Concurso da Prefeitura de Maracaju, no estado de Mato Grosso do Sul, com oferta de 250 vagas para todos os n\u00edveis de escolaridade. Os sal\u00e1rios chamam bastante aten\u00e7\u00e3o j\u00e1 que podem chegar at\u00e9 R$ 14,1 mil! Se interessou pelo certame? Venha saber mais!! Como posso realizar minha inscri\u00e7\u00e3o? As inscri\u00e7\u00f5es do concurso da Prefeitura de Maracaju ficar\u00e3o abertos at\u00e9 \u00e0s 23h59min do dia 8 de julho de 2024. Os interessados podem realizar suas inscri\u00e7\u00f5es por meio do site da banca organizadora, a Fapec. As taxas de inscri\u00e7\u00e3o variam de acordo com o n\u00edvel&#8230;<\/p>\n","protected":false},"author":21,"featured_media":42097,"template":"","meta":{"_acf_changed":false,"rank_math_lock_modified_date":false},"categories":[],"tags":[],"acf":[],"_links":{"self":[{"href":"https:\/\/www.editorasolucao.com.br\/blog\/wp-json\/wp\/v2\/concurso\/42089"}],"collection":[{"href":"https:\/\/www.editorasolucao.com.br\/blog\/wp-json\/wp\/v2\/concurso"}],"about":[{"href":"https:\/\/www.editorasolucao.com.br\/blog\/wp-json\/wp\/v2\/types\/concurso"}],"author":[{"embeddable":true,"href":"https:\/\/www.editorasolucao.com.br\/blog\/wp-json\/wp\/v2\/users\/21"}],"wp:featuredmedia":[{"embeddable":true,"href":"https:\/\/www.editorasolucao.com.br\/blog\/wp-json\/wp\/v2\/media\/42097"}],"wp:attachment":[{"href":"https:\/\/www.editorasolucao.com.br\/blog\/wp-json\/wp\/v2\/media?parent=42089"}],"wp:term":[{"taxonomy":"category","embeddable":true,"href":"https:\/\/www.editorasolucao.com.br\/blog\/wp-json\/wp\/v2\/categories?post=42089"},{"taxonomy":"post_tag","embeddable":true,"href":"https:\/\/www.editorasolucao.com.br\/blog\/wp-json\/wp\/v2\/tags?post=42089"}],"curies":[{"name":"wp","href":"https:\/\/api.w.org\/{rel}","templated":true}]}}