{"id":42116,"date":"2024-10-01T14:14:19","date_gmt":"2024-10-01T17:14:19","guid":{"rendered":"https:\/\/www.editorasolucao.com.br\/blog\/?post_type=concurso&#038;p=42116"},"modified":"2024-10-01T14:14:22","modified_gmt":"2024-10-01T17:14:22","slug":"tj-mt","status":"publish","type":"concurso","link":"https:\/\/www.editorasolucao.com.br\/blog\/concurso\/tj-mt","title":{"rendered":"Concurso TJMT: Saiu edital com 22 vagas. Iniciais de R$7 mil!"},"content":{"rendered":"\n<p>Aten\u00e7\u00e3o, concurseiros! O concurso TJMT (Tribunal de Justi\u00e7a do mato Grosso) est\u00e1 ofertando <strong>22 vagas <\/strong>para cargos de n\u00edveis m\u00e9dio e superior de escolaridade, com remunera\u00e7\u00f5es iniciais que podem chegar at\u00e9 <strong>R$ 7.381,69<\/strong>! Ficou interessado(a)? Venha saber mais! <\/p>\n\n\n\n<div id=\"ez-toc-container\" class=\"ez-toc-v2_0_69_1 counter-hierarchy ez-toc-counter ez-toc-grey ez-toc-container-direction\">\n<div class=\"ez-toc-title-container\">\n<p class=\"ez-toc-title \" >Menu de navega&ccedil;&atilde;o<\/p>\n<span class=\"ez-toc-title-toggle\"><a href=\"#\" class=\"ez-toc-pull-right ez-toc-btn ez-toc-btn-xs ez-toc-btn-default ez-toc-toggle\" aria-label=\"Toggle Table of Content\"><span class=\"ez-toc-js-icon-con\"><span class=\"\"><span class=\"eztoc-hide\" style=\"display:none;\">Toggle<\/span><span class=\"ez-toc-icon-toggle-span\"><svg style=\"fill: #999;color:#999\" xmlns=\"http:\/\/www.w3.org\/2000\/svg\" class=\"list-377408\" width=\"20px\" height=\"20px\" viewBox=\"0 0 24 24\" fill=\"none\"><path d=\"M6 6H4v2h2V6zm14 0H8v2h12V6zM4 11h2v2H4v-2zm16 0H8v2h12v-2zM4 16h2v2H4v-2zm16 0H8v2h12v-2z\" fill=\"currentColor\"><\/path><\/svg><svg style=\"fill: #999;color:#999\" class=\"arrow-unsorted-368013\" xmlns=\"http:\/\/www.w3.org\/2000\/svg\" width=\"10px\" height=\"10px\" viewBox=\"0 0 24 24\" version=\"1.2\" baseProfile=\"tiny\"><path d=\"M18.2 9.3l-6.2-6.3-6.2 6.3c-.2.2-.3.4-.3.7s.1.5.3.7c.2.2.4.3.7.3h11c.3 0 .5-.1.7-.3.2-.2.3-.5.3-.7s-.1-.5-.3-.7zM5.8 14.7l6.2 6.3 6.2-6.3c.2-.2.3-.5.3-.7s-.1-.5-.3-.7c-.2-.2-.4-.3-.7-.3h-11c-.3 0-.5.1-.7.3-.2.2-.3.5-.3.7s.1.5.3.7z\"\/><\/svg><\/span><\/span><\/span><\/a><\/span><\/div>\n<nav><ul class='ez-toc-list ez-toc-list-level-1 ' ><li class='ez-toc-page-1 ez-toc-heading-level-2'><a class=\"ez-toc-link ez-toc-heading-1\" href=\"https:\/\/www.editorasolucao.com.br\/blog\/concurso\/tj-mt\/#Como_posso_participar_do_concurso_TJMT\" title=\"Como posso participar do concurso TJMT?\">Como posso participar do concurso TJMT?<\/a><\/li><li class='ez-toc-page-1 ez-toc-heading-level-2'><a class=\"ez-toc-link ez-toc-heading-2\" href=\"https:\/\/www.editorasolucao.com.br\/blog\/concurso\/tj-mt\/#Cargos_vagas_e_salarios_ofertados\" title=\"Cargos, vagas e sal\u00e1rios ofertados\">Cargos, vagas e sal\u00e1rios ofertados<\/a><\/li><li class='ez-toc-page-1 ez-toc-heading-level-2'><a class=\"ez-toc-link ez-toc-heading-3\" href=\"https:\/\/www.editorasolucao.com.br\/blog\/concurso\/tj-mt\/#Quais_sao_os_requisitos_para_a_investidura_dos_cargos\" title=\"Quais s\u00e3o os requisitos para a investidura dos cargos?\">Quais s\u00e3o os requisitos para a investidura dos cargos?<\/a><\/li><li class='ez-toc-page-1 ez-toc-heading-level-2'><a class=\"ez-toc-link ez-toc-heading-4\" href=\"https:\/\/www.editorasolucao.com.br\/blog\/concurso\/tj-mt\/#Etapas_de_selecao_do_concurso_TJMT_2024\" title=\"Etapas de sele\u00e7\u00e3o do concurso TJMT 2024\">Etapas de sele\u00e7\u00e3o do concurso TJMT 2024<\/a><\/li><li class='ez-toc-page-1 ez-toc-heading-level-2'><a class=\"ez-toc-link ez-toc-heading-5\" href=\"https:\/\/www.editorasolucao.com.br\/blog\/concurso\/tj-mt\/#Ultimo_concurso\" title=\"\u00daltimo concurso\">\u00daltimo concurso<\/a><\/li><\/ul><\/nav><\/div>\n<h2 class=\"wp-block-heading\"><span class=\"ez-toc-section\" id=\"Como_posso_participar_do_concurso_TJMT\"><\/span>Como posso participar do concurso TJMT?<span class=\"ez-toc-section-end\"><\/span><\/h2>\n\n\n\n<p>As inscri\u00e7\u00f5es para o concurso TJMT j\u00e1 est\u00e3o abertas! Os interessados poder\u00e3o se inscrever at\u00e9<strong> \u00e0s 16h do dia 29 de outubro de 2024, <\/strong>atrav\u00e9s do site da banca organizadora do certame, a <a href=\"https:\/\/conhecimento.fgv.br\/concursos\/tjmtservidor\" target=\"_blank\" rel=\"noreferrer noopener\">Funda\u00e7\u00e3o Get\u00falio Vargas (FGV).<\/a><\/p>\n\n\n\n<p>Os valores das taxas de inscri\u00e7\u00e3o variam de acordo com o n\u00edvel de escolaridade do cargo pretendido, sendo <strong>R$ 100,00<\/strong> para os cargos de n\u00edvel m\u00e9dio e <strong>R$ 130,00<\/strong> para os cargos de n\u00edvel superior. <\/p>\n\n\n\n<p>O candidato deve efetuar o pagamento das taxas de inscri\u00e7\u00e3o at\u00e9 a data limite de <strong>29 de outubro<\/strong>, caso contr\u00e1rio sua inscri\u00e7\u00e3o ser\u00e1 dada como indeferida. <\/p>\n\n\n\n<p>Os candidatos poder\u00e3o solicitar a isen\u00e7\u00e3o dessas taxas at\u00e9 o dia <strong>2 de outubro de 2024<\/strong>, desde que se enquadrem em algum dos seguintes requisitos. <\/p>\n\n\n\n<ul>\n<li>doadores regulares de sangue;<\/li>\n\n\n\n<li>desempregados e trabalhadores que percebem at\u00e9 um sal\u00e1rio e meio;<\/li>\n\n\n\n<li>eleitores convocados e nomeados pela Justi\u00e7a Eleitoral de Mato Grosso, que prestarem servi\u00e7os no per\u00edodo eleitoral e jurados que prestarem servi\u00e7o perante o Tribunal do J\u00fari em uma das comarcas do Estado de Mato Grosso.<\/li>\n<\/ul>\n\n\n\n<h2 class=\"wp-block-heading\"><span class=\"ez-toc-section\" id=\"Cargos_vagas_e_salarios_ofertados\"><\/span>Cargos, vagas e sal\u00e1rios ofertados<span class=\"ez-toc-section-end\"><\/span><\/h2>\n\n\n\n<p>O edital TJ MT 2024 est\u00e1 ofertando <strong>22 vagas imediatas<\/strong>, al\u00e9m da forma\u00e7\u00e3o de cadastro reserva, para cargos de n\u00edveis m\u00e9dio e superior. Confira: <\/p>\n\n\n\n<h3 class=\"wp-block-heading\">Cargos de n\u00edvel m\u00e9dio<\/h3>\n\n\n\n<ul>\n<li><a href=\"https:\/\/www.editorasolucao.com.br\/apostila-solucao\/tj-mt-tecnico-judiciario\" target=\"_blank\" rel=\"noreferrer noopener\">T\u00e9cnico Judici\u00e1rio (CR)<\/a>\n<ul>\n<li>\u00a0R$ 3.864,77<\/li>\n<\/ul>\n<\/li>\n<\/ul>\n\n\n\n<h3 class=\"wp-block-heading\"><a href=\"https:\/\/www.editorasolucao.com.br\/apostila-solucao\/tj-mt-comum-nivel-superior\" target=\"_blank\" rel=\"noreferrer noopener\">Cargos de n\u00edvel superior <\/a><\/h3>\n\n\n\n<ul>\n<li>Analista Judici\u00e1rio &#8211; R$ 7.381,69\n<ul>\n<li><a href=\"https:\/\/www.editorasolucao.com.br\/apostila-solucao\/tj-mt-analista-judiciario-administracao\" target=\"_blank\" rel=\"noreferrer noopener\">Administra\u00e7\u00e3o (CR)<\/a><\/li>\n\n\n\n<li>Tecnologia da Informa\u00e7\u00e3o (CR)<\/li>\n\n\n\n<li>Ci\u00eancias Cont\u00e1beis (CR)<\/li>\n\n\n\n<li>Direito (CR)<\/li>\n\n\n\n<li>Economia (CR)<\/li>\n\n\n\n<li>Engenharia Civil (CR)<\/li>\n\n\n\n<li>Engenharia El\u00e9trica (CR)<\/li>\n<\/ul>\n<\/li>\n\n\n\n<li><a href=\"https:\/\/www.editorasolucao.com.br\/apostila-solucao\/tj-mt-oficial-justica\" target=\"_blank\" rel=\"noreferrer noopener\">Oficial de Justi\u00e7a (22)<\/a>\n<ul>\n<li>R$ 5.654,15<\/li>\n<\/ul>\n<\/li>\n<\/ul>\n\n\n\n<p><\/p>\n\n\n\n<p>O concurso tem um prazo de validade de 2 anos, podendo ser prorrogado por igual per\u00edodo. <\/p>\n\n\n\n<h2 class=\"wp-block-heading\"><span class=\"ez-toc-section\" id=\"Quais_sao_os_requisitos_para_a_investidura_dos_cargos\"><\/span>Quais s\u00e3o os requisitos para a investidura dos cargos? <span class=\"ez-toc-section-end\"><\/span><\/h2>\n\n\n\n<p>Confira quais s\u00e3o os requisitos b\u00e1sicos exigidos para a nomea\u00e7\u00e3o e posse dos cargos ofertados: <\/p>\n\n\n\n<ul>\n<li>Ter sido aprovado no concurso p\u00fablico, na forma estabelecida neste edital, em seus anexos e eventuais retifica\u00e7\u00f5es;<\/li>\n\n\n\n<li>Ter nacionalidade brasileira ou portuguesa e, no caso de nacionalidade portuguesa, estar amparado pelo estatuto de igualdade entre brasileiros e portugueses, com reconhecimento do gozo dos direitos pol\u00edticos, nos termos do \u00a7 1\u00ba do art. 12 da Constitui\u00e7\u00e3o da Rep\u00fablica Federativa do Brasil.<\/li>\n\n\n\n<li>Possuir os requisitos exigidos para o cargo, conforme Lei n. 8.814\/2008;<\/li>\n\n\n\n<li>Ter idade m\u00ednima de 18 anos completos;<\/li>\n\n\n\n<li>Certificado de reservista, de dispensa da incorpora\u00e7\u00e3o ou equivalente, em caso de candidato do sexo masculino;<\/li>\n\n\n\n<li>Atestado de aptid\u00e3o f\u00edsica, mental e psicol\u00f3gica para o exerc\u00edcio do cargo, expedido por m\u00e9dico da rede oficial p\u00fablica;<\/li>\n\n\n\n<li>Cumprir as determina\u00e7\u00f5es deste Edital;<\/li>\n\n\n\n<li>N\u00e3o estar cumprindo penalidade aplicada por qualquer Institui\u00e7\u00e3o da Administra\u00e7\u00e3o P\u00fablica Direta ou Indireta das esferas federal, estadual e municipal;<\/li>\n\n\n\n<li>Comprova\u00e7\u00e3o de conduta ilibada e bons antecedentes;<\/li>\n\n\n\n<li>Apresentar, por ocasi\u00e3o da posse, diploma de gradua\u00e7\u00e3o (frente e verso) ou certificado de conclus\u00e3o de curso, fornecido por institui\u00e7\u00e3o de ensino superior reconhecida pelo Minist\u00e9rio da Educa\u00e7\u00e3o (MEC) e os demais requisitos b\u00e1sicos para o cargo;<\/li>\n\n\n\n<li>Certid\u00e3o comprobat\u00f3ria de registro no respectivo Conselho de Classe, quando requisito para o cargo; n\u00e3o estar cumprindo penalidade imposta ap\u00f3s regular processo administrativo, que o impe\u00e7a, ainda que temporariamente, de exercer a profiss\u00e3o; e estar inteiramente quite com as demais exig\u00eancias legais do \u00f3rg\u00e3o fiscalizador do exerc\u00edcio profissional;<\/li>\n\n\n\n<li>C\u00e9dula de Identidade (RG) e Cadastro de Pessoa F\u00edsica (CPF);<\/li>\n\n\n\n<li>T\u00edtulo de eleitor;<\/li>\n\n\n\n<li>Carteira Nacional de Habilita\u00e7\u00e3o (CNH);<\/li>\n\n\n\n<li>Comprovante de resid\u00eancia;<\/li>\n\n\n\n<li>Certid\u00e3o de Casamento ou Escritura de Uni\u00e3o Est\u00e1vel ou Declara\u00e7\u00e3o assinada pelos conviventes com duas testeunhas com firma reconhecida de todos, se for o caso;<\/li>\n\n\n\n<li>Certid\u00e3o negativa de distribui\u00e7\u00e3o da Justi\u00e7a Eleitoral \u2013 quita\u00e7\u00e3o eleitoral;<\/li>\n\n\n\n<li>Certid\u00e3o negativa de distribui\u00e7\u00e3o da Justi\u00e7a Eleitoral &#8211; crimes eleitorais;<\/li>\n\n\n\n<li>Certid\u00e3o negativa da Justi\u00e7a Federal \u2013 Subse\u00e7\u00e3o de Mato Grosso;<\/li>\n\n\n\n<li>Certid\u00e3o negativa da Justi\u00e7a Estadual de Mato Grosso, Primeira e Segunda Inst\u00e2ncias;<\/li>\n\n\n\n<li>Certid\u00e3o negativa do Tribunal de Contas do Estado de Mato Grosso;<\/li>\n\n\n\n<li>Certid\u00e3o negativa do Tribunal de Contas da Uni\u00e3o;<\/li>\n\n\n\n<li>Certid\u00e3o negativa do Conselho Nacional de Justi\u00e7a (CNJ);<\/li>\n\n\n\n<li>Certid\u00e3o negativa da Justi\u00e7a Militar;<\/li>\n\n\n\n<li>Declara\u00e7\u00e3o de rela\u00e7\u00e3o de parentesco, em conson\u00e2ncia com os normativos internos. <\/li>\n<\/ul>\n\n\n\n<h2 class=\"wp-block-heading\"><span class=\"ez-toc-section\" id=\"Etapas_de_selecao_do_concurso_TJMT_2024\"><\/span>Etapas de sele\u00e7\u00e3o do concurso TJMT 2024<span class=\"ez-toc-section-end\"><\/span><\/h2>\n\n\n\n<p>Os candidatos do concurso TJMT ser\u00e3o avaliados por meio das seguintes etapas de sele\u00e7\u00e3o: <strong>prova objetiva e prova discursiva<\/strong>, ambas para todos os cargos. <\/p>\n\n\n\n<h3 class=\"wp-block-heading\">Prova Objetiva<\/h3>\n\n\n\n<p>A prova objetiva, de car\u00e1ter eliminat\u00f3rio e classificat\u00f3rio, ser\u00e1 aplicada na data prevista de <strong>15 de dezembro de 2024<\/strong>, das 8h \u00e0s 13h para os cargos de n\u00edvel superior e das 15h \u00e0s 20h para o cargo de T\u00e9cnico Judici\u00e1rio. <\/p>\n\n\n\n<p>A avalia\u00e7\u00e3o ser\u00e1 composta de <strong>70 quest\u00f5es de m\u00faltipla escolha<\/strong> que ser\u00e3o versadas sobre as seguintes disciplinas: <\/p>\n\n\n\n<ul>\n<li><strong>T\u00e9cnico Judici\u00e1rio <\/strong>\n<ul>\n<li>L\u00edngua Portuguesa: 10 quest\u00f5es<\/li>\n\n\n\n<li>Legisla\u00e7\u00e3o Institucional: 10 quest\u00f5es<\/li>\n\n\n\n<li>Matem\u00e1tica, Racioc\u00ednio L\u00f3gico e Estat\u00edstica: 10 quest\u00f5es<\/li>\n\n\n\n<li>Conhecimentos Espec\u00edficos: 40 quest\u00f5es<\/li>\n<\/ul>\n<\/li>\n<\/ul>\n\n\n\n<ul>\n<li><strong>Analista Judici\u00e1rio e Oficial de Justi\u00e7a<\/strong>\n<ul>\n<li>L\u00edngua Portuguesa: 10 quest\u00f5es<\/li>\n\n\n\n<li>Legisla\u00e7\u00e3o Institucional: 10 quest\u00f5es<\/li>\n\n\n\n<li>Matem\u00e1tica, Racioc\u00ednio L\u00f3gico e Estat\u00edstica: 10 quest\u00f5es<\/li>\n\n\n\n<li>Conhecimentos Espec\u00edficos: 40 quest\u00f5es<\/li>\n<\/ul>\n<\/li>\n<\/ul>\n\n\n\n<p><\/p>\n\n\n\n<p>A prova objetiva ser\u00e1 avaliada em uma escala de 0 a 70 pontos, sendo <strong>aprovado<\/strong> o candidato que obtiver nota igual ou superior a 35 pontos. <\/p>\n\n\n\n<h3 class=\"wp-block-heading\">Prova Discursiva <\/h3>\n\n\n\n<p>A prova discursiva, de car\u00e1ter eliminat\u00f3rio e classificat\u00f3rio, ser\u00e1 aplicada no <strong>mesmo dia e hor\u00e1rio<\/strong> da prova objetiva. <\/p>\n\n\n\n<p>Para todos os cargos, a prova discursiva constar\u00e1 de <strong>uma reda\u00e7\u00e3o<\/strong>, em g\u00eanero dissertativo-argumentativo, com n\u00famero m\u00ednimo de 20 e m\u00e1ximo de 30 linhas.<\/p>\n\n\n\n<p>A reda\u00e7\u00e3o ser\u00e1 corrigida segundo os crit\u00e9rios a seguir:<\/p>\n\n\n\n<ul>\n<li>Estrutura textual global \n<ul>\n<li>Abordagem do tema &#8211; 3 pontos\n<ul>\n<li>Considera a capacidade de o candidato selecionar argumentos convenientes ou aspectos mais importantes, dentro do perfil esperado.<\/li>\n<\/ul>\n<\/li>\n\n\n\n<li>Progress\u00e3o textual &#8211; 3 pontos \n<ul>\n<li>Considera a capacidade de o candidato mostrar coes\u00e3o e coer\u00eancia entre os par\u00e1grafos componentes do texto por ele redigido, assim como a distribui\u00e7\u00e3o do tema e uma evolu\u00e7\u00e3o adequada de suas partes.<\/li>\n<\/ul>\n<\/li>\n<\/ul>\n<\/li>\n\n\n\n<li>Corre\u00e7\u00e3o gramatical \n<ul>\n<li>Sele\u00e7\u00e3o vocabular &#8211; 2 pontos\n<ul>\n<li>Considera problemas de inadequa\u00e7\u00e3o vocabular, troca entre par\u00f4nimos, emprego de palavras gerais por espec\u00edficas, emprego de voc\u00e1bulos de varia\u00e7\u00e3o lingu\u00edstica inadequada, marcas de oralidade.<\/li>\n<\/ul>\n<\/li>\n\n\n\n<li>Norma culta &#8211; 2 pontos\n<ul>\n<li>Considera problemas gerais de constru\u00e7\u00e3o frasal, do ponto de vista comunicativo.<\/li>\n<\/ul>\n<\/li>\n<\/ul>\n<\/li>\n<\/ul>\n\n\n\n<p><\/p>\n\n\n\n<p>Essa etapa ser\u00e1 avaliada em uma escala de 0 a 10 pontos, sendo <strong>aprovado<\/strong> o candidato que obtiver nota igual ou superior a 5 pontos<\/p>\n\n\n\n<h2 class=\"wp-block-heading\"><span class=\"ez-toc-section\" id=\"Ultimo_concurso\"><\/span>\u00daltimo concurso<span class=\"ez-toc-section-end\"><\/span><\/h2>\n\n\n\n<p>O \u00faltimo concurso TJMT ocorreu ainda neste ano e ofertou 161 vagas para Not\u00e1rios, de n\u00edvel superior de escolaridade.&nbsp;<\/p>\n\n\n\n<p>Em rela\u00e7\u00e3o \u00e0 remunera\u00e7\u00e3o, o edital esclareceu que n\u00e3o havia um valor fixo predefinido.&nbsp;<\/p>\n\n\n\n<p>Os candidatos deste concurso foram avaliados por meio das seguintes etapas de sele\u00e7\u00e3o:&nbsp;<\/p>\n\n\n\n<ul>\n<li><strong>Prova objetiva<\/strong> &#8211; de car\u00e1ter <em>eliminat\u00f3rio<\/em><\/li>\n\n\n\n<li><strong>Prova escrita e pr\u00e1tica<\/strong> &#8211; de car\u00e1ter <em>eliminat\u00f3rio <\/em>e <em>classificat\u00f3rio<\/em><\/li>\n\n\n\n<li><strong>Comprova\u00e7\u00e3o dos requisitos para a outorga de delega\u00e7\u00f5es<\/strong> &#8211; de car\u00e1ter <em>eliminat\u00f3rio<\/em><\/li>\n\n\n\n<li><strong>Exame psicot\u00e9cnico<\/strong> &#8211; de car\u00e1ter <em>eliminat\u00f3rio<\/em><\/li>\n\n\n\n<li><strong>An\u00e1lise de vida pregressa<\/strong> &#8211; de car\u00e1ter <em>eliminat\u00f3rio<\/em><\/li>\n\n\n\n<li><strong>Prova oral<\/strong> &#8211; de car\u00e1ter <em>eliminat\u00f3rio <\/em>e <em>classificat\u00f3rio<\/em><\/li>\n\n\n\n<li><strong>Avalia\u00e7\u00e3o de t\u00edtulos<\/strong> &#8211; de car\u00e1ter <em>eliminat\u00f3rio<\/em><\/li>\n<\/ul>\n\n\n\n<p>A prova objetiva, de car\u00e1ter eliminat\u00f3rio e classificat\u00f3rio, foi realizada nos dias 17 e 18 de agosto de 2024.&nbsp;<\/p>\n\n\n\n<p>A avalia\u00e7\u00e3o foi composta por 100 quest\u00f5es que foram versadas nas seguintes disciplinas:<\/p>\n\n\n\n<ul>\n<li>Registros P\u00fablicos<\/li>\n\n\n\n<li>Direito Notarial e Registral<\/li>\n\n\n\n<li>Direito Constitucional<\/li>\n\n\n\n<li>Direito Administrativo<\/li>\n\n\n\n<li>Direito Tribut\u00e1rio<\/li>\n\n\n\n<li>Direito Civil<\/li>\n\n\n\n<li>Direito Processual Civil<\/li>\n\n\n\n<li>Direito Penal<\/li>\n\n\n\n<li>Direito Processual Penal<\/li>\n\n\n\n<li>Direito Comercial<\/li>\n\n\n\n<li>Conhecimentos Gerais<\/li>\n<\/ul>\n\n\n\n<p>Foi considerado aprovado o candidato que obteve nota igual ou superior a 5 pontos.<\/p>\n\n\n\n<p><\/p>\n\n\n\n<p><strong>Boa prova e bons estudos!<\/strong><\/p>\n","protected":false},"excerpt":{"rendered":"<p>Aten\u00e7\u00e3o, concurseiros! O concurso TJMT (Tribunal de Justi\u00e7a do mato Grosso) est\u00e1 ofertando 22 vagas para cargos de n\u00edveis m\u00e9dio e superior de escolaridade, com remunera\u00e7\u00f5es iniciais que podem chegar at\u00e9 R$ 7.381,69! Ficou interessado(a)? Venha saber mais! Como posso participar do concurso TJMT? As inscri\u00e7\u00f5es para o concurso TJMT j\u00e1 est\u00e3o abertas! Os interessados poder\u00e3o se inscrever at\u00e9 \u00e0s 16h do dia 29 de outubro de 2024, atrav\u00e9s do site da banca organizadora do certame, a Funda\u00e7\u00e3o Get\u00falio Vargas (FGV). Os valores das taxas de inscri\u00e7\u00e3o variam de acordo com o n\u00edvel de escolaridade do cargo pretendido, sendo R$&#8230;<\/p>\n","protected":false},"author":21,"featured_media":44457,"template":"","meta":{"_acf_changed":true,"rank_math_lock_modified_date":false},"categories":[],"tags":[],"acf":[],"_links":{"self":[{"href":"https:\/\/www.editorasolucao.com.br\/blog\/wp-json\/wp\/v2\/concurso\/42116"}],"collection":[{"href":"https:\/\/www.editorasolucao.com.br\/blog\/wp-json\/wp\/v2\/concurso"}],"about":[{"href":"https:\/\/www.editorasolucao.com.br\/blog\/wp-json\/wp\/v2\/types\/concurso"}],"author":[{"embeddable":true,"href":"https:\/\/www.editorasolucao.com.br\/blog\/wp-json\/wp\/v2\/users\/21"}],"wp:featuredmedia":[{"embeddable":true,"href":"https:\/\/www.editorasolucao.com.br\/blog\/wp-json\/wp\/v2\/media\/44457"}],"wp:attachment":[{"href":"https:\/\/www.editorasolucao.com.br\/blog\/wp-json\/wp\/v2\/media?parent=42116"}],"wp:term":[{"taxonomy":"category","embeddable":true,"href":"https:\/\/www.editorasolucao.com.br\/blog\/wp-json\/wp\/v2\/categories?post=42116"},{"taxonomy":"post_tag","embeddable":true,"href":"https:\/\/www.editorasolucao.com.br\/blog\/wp-json\/wp\/v2\/tags?post=42116"}],"curies":[{"name":"wp","href":"https:\/\/api.w.org\/{rel}","templated":true}]}}