{"id":42188,"date":"2024-04-19T11:24:33","date_gmt":"2024-04-19T14:24:33","guid":{"rendered":"https:\/\/www.editorasolucao.com.br\/blog\/?post_type=concurso&#038;p=42188"},"modified":"2024-04-23T10:00:57","modified_gmt":"2024-04-23T13:00:57","slug":"camara-de-massaranduba-pb","status":"publish","type":"concurso","link":"https:\/\/www.editorasolucao.com.br\/blog\/concurso\/camara-de-massaranduba-pb","title":{"rendered":"Concurso C\u00e2mara de Massaranduba: Edital aberto para n\u00edvel fundamental e m\u00e9dio!"},"content":{"rendered":"\n<p>Ol\u00e1, concurseiros! A C\u00e2mara de Massaranduba, no estado de Para\u00edba, divulgou um novo edital com oferta de <strong>11 vagas imediatas para cargos de n\u00edvel fundamental e m\u00e9dio. <\/strong>As inscri\u00e7\u00f5es j\u00e1 est\u00e3o abertas!! N\u00e3o perca essa chance, venha saber mais! <\/p>\n\n\n\n<div id=\"ez-toc-container\" class=\"ez-toc-v2_0_69_1 counter-hierarchy ez-toc-counter ez-toc-grey ez-toc-container-direction\">\n<div class=\"ez-toc-title-container\">\n<p class=\"ez-toc-title \" >Menu de navega&ccedil;&atilde;o<\/p>\n<span class=\"ez-toc-title-toggle\"><a href=\"#\" class=\"ez-toc-pull-right ez-toc-btn ez-toc-btn-xs ez-toc-btn-default ez-toc-toggle\" aria-label=\"Toggle Table of Content\"><span class=\"ez-toc-js-icon-con\"><span class=\"\"><span class=\"eztoc-hide\" style=\"display:none;\">Toggle<\/span><span class=\"ez-toc-icon-toggle-span\"><svg style=\"fill: #999;color:#999\" xmlns=\"http:\/\/www.w3.org\/2000\/svg\" class=\"list-377408\" width=\"20px\" height=\"20px\" viewBox=\"0 0 24 24\" fill=\"none\"><path d=\"M6 6H4v2h2V6zm14 0H8v2h12V6zM4 11h2v2H4v-2zm16 0H8v2h12v-2zM4 16h2v2H4v-2zm16 0H8v2h12v-2z\" fill=\"currentColor\"><\/path><\/svg><svg style=\"fill: #999;color:#999\" class=\"arrow-unsorted-368013\" xmlns=\"http:\/\/www.w3.org\/2000\/svg\" width=\"10px\" height=\"10px\" viewBox=\"0 0 24 24\" version=\"1.2\" baseProfile=\"tiny\"><path d=\"M18.2 9.3l-6.2-6.3-6.2 6.3c-.2.2-.3.4-.3.7s.1.5.3.7c.2.2.4.3.7.3h11c.3 0 .5-.1.7-.3.2-.2.3-.5.3-.7s-.1-.5-.3-.7zM5.8 14.7l6.2 6.3 6.2-6.3c.2-.2.3-.5.3-.7s-.1-.5-.3-.7c-.2-.2-.4-.3-.7-.3h-11c-.3 0-.5.1-.7.3-.2.2-.3.5-.3.7s.1.5.3.7z\"\/><\/svg><\/span><\/span><\/span><\/a><\/span><\/div>\n<nav><ul class='ez-toc-list ez-toc-list-level-1 ' ><li class='ez-toc-page-1 ez-toc-heading-level-2'><a class=\"ez-toc-link ez-toc-heading-1\" href=\"https:\/\/www.editorasolucao.com.br\/blog\/concurso\/camara-de-massaranduba-pb\/#Como_posso_me_inscrever_para_este_concurso\" title=\"Como posso me inscrever para este concurso?\">Como posso me inscrever para este concurso?<\/a><\/li><li class='ez-toc-page-1 ez-toc-heading-level-2'><a class=\"ez-toc-link ez-toc-heading-2\" href=\"https:\/\/www.editorasolucao.com.br\/blog\/concurso\/camara-de-massaranduba-pb\/#Quais_vagas_estao_sendo_ofertadas_no_concurso_da_Camara_de_Massaranduba\" title=\"Quais vagas est\u00e3o sendo ofertadas no concurso da C\u00e2mara de Massaranduba?\">Quais vagas est\u00e3o sendo ofertadas no concurso da C\u00e2mara de Massaranduba?<\/a><\/li><li class='ez-toc-page-1 ez-toc-heading-level-2'><a class=\"ez-toc-link ez-toc-heading-3\" href=\"https:\/\/www.editorasolucao.com.br\/blog\/concurso\/camara-de-massaranduba-pb\/#Quais_sao_os_requisitos_para_investidura_dos_cargos\" title=\"Quais s\u00e3o os requisitos para investidura dos cargos?\">Quais s\u00e3o os requisitos para investidura dos cargos?<\/a><\/li><li class='ez-toc-page-1 ez-toc-heading-level-2'><a class=\"ez-toc-link ez-toc-heading-4\" href=\"https:\/\/www.editorasolucao.com.br\/blog\/concurso\/camara-de-massaranduba-pb\/#Como_posso_me_preparar_para_as_etapas_de_selecao_do_concurso_da_Camara_de_Massaranduba\" title=\"Como posso me preparar para as etapas de sele\u00e7\u00e3o do concurso da C\u00e2mara de Massaranduba?\">Como posso me preparar para as etapas de sele\u00e7\u00e3o do concurso da C\u00e2mara de Massaranduba?<\/a><\/li><\/ul><\/nav><\/div>\n<h2 class=\"wp-block-heading\" id=\"inscri\u00e7ao\"><span class=\"ez-toc-section\" id=\"Como_posso_me_inscrever_para_este_concurso\"><\/span>Como posso me inscrever para este concurso? <span class=\"ez-toc-section-end\"><\/span><\/h2>\n\n\n\n<p>As inscri\u00e7\u00f5es para este certame j\u00e1 est\u00e3o abertas e se estender\u00e3o <strong>at\u00e9 \u00e0s 23h59min do dia 19 de maio. <\/strong>Os interessados pelo concurso da C\u00e2mara de Massaranduba podem realizar suas inscri\u00e7\u00f5es por meio do site da banca organizadora, a <a href=\"https:\/\/cpcon.uepb.edu.br\/cmm2024\/\" target=\"_blank\" rel=\"noreferrer noopener\">CPCON<\/a>. <\/p>\n\n\n\n<p>Para ter sua inscri\u00e7\u00e3o<strong> homologada<\/strong>, \u00e9 necess\u00e1rio que o candidato realize o pagamento das taxas de inscri\u00e7\u00e3o. Esses valores variam de acordo com o n\u00edvel de escolaridade, vejamos: <\/p>\n\n\n\n<ul>\n<li><strong>N\u00edvel Fundamental: <\/strong>R$ 75,00<\/li>\n\n\n\n<li><strong>N\u00edvel Superior: <\/strong>R$ 95,00 <\/li>\n<\/ul>\n\n\n\n<p>O boleto banc\u00e1rio deve ser pago at\u00e9 o dia<strong> 20 de maio. <\/strong><\/p>\n\n\n\n<p>N\u00e3o h\u00e1 oportunidade de solicita\u00e7\u00e3o de isen\u00e7\u00e3o das taxas de inscri\u00e7\u00e3o para este certame! <\/p>\n\n\n\n<h2 class=\"wp-block-heading\" id=\"vagas\"><span class=\"ez-toc-section\" id=\"Quais_vagas_estao_sendo_ofertadas_no_concurso_da_Camara_de_Massaranduba\"><\/span>Quais vagas est\u00e3o sendo ofertadas no concurso da C\u00e2mara de Massaranduba? <span class=\"ez-toc-section-end\"><\/span><\/h2>\n\n\n\n<p>A C\u00e2mara de Massaranduba busca preencher<strong> 11 vagas imediatas<\/strong> para cargos de n\u00edvel fundamental e m\u00e9dio. Vejamos abaixo com mais detalhes: <\/p>\n\n\n\n<ul>\n<li><strong>Fundamental<\/strong>\n<ul>\n<li>Assistente Administrativo (2)\n<ul>\n<li>R$ 1.412,00<\/li>\n<\/ul>\n<\/li>\n\n\n\n<li>Auxiliar de Servi\u00e7os (2)\n<ul>\n<li>R$ 1.412,00<\/li>\n<\/ul>\n<\/li>\n\n\n\n<li>Copeira (1)\n<ul>\n<li>R$ 1.412,00<\/li>\n<\/ul>\n<\/li>\n\n\n\n<li>Operador de Som (1)\n<ul>\n<li>R$ 1.412,00<\/li>\n<\/ul>\n<\/li>\n\n\n\n<li>Vigilante Diurno (1)\n<ul>\n<li>R$ 1.412,00<\/li>\n<\/ul>\n<\/li>\n\n\n\n<li>Vigilante Noturno (2)\n<ul>\n<li>R$ 1.412,00<\/li>\n<\/ul>\n<\/li>\n<\/ul>\n<\/li>\n\n\n\n<li><strong>M\u00e9dio<\/strong>\n<ul>\n<li>Arquivista (1)\n<ul>\n<li>R$ 1.700,00<\/li>\n<\/ul>\n<\/li>\n\n\n\n<li>Motorista (1)\n<ul>\n<li>R$ 1.700,00<\/li>\n<\/ul>\n<\/li>\n<\/ul>\n<\/li>\n<\/ul>\n\n\n\n<p>Os candidatos aprovados e admitidos pelo concurso dever\u00e3o cumprir uma jornada de trabalho de <strong>40 horas semanais<\/strong> ou, no caso de Vigilante Noturno, escala <strong>12&#215;36. <\/strong><\/p>\n\n\n\n<h2 class=\"wp-block-heading\" id=\"requisitos\"><span class=\"ez-toc-section\" id=\"Quais_sao_os_requisitos_para_investidura_dos_cargos\"><\/span>Quais s\u00e3o os requisitos para investidura dos cargos?<span class=\"ez-toc-section-end\"><\/span><\/h2>\n\n\n\n<p>De acordo com o edital, esses s\u00e3o os requisitos b\u00e1sicos exigidos para a nomea\u00e7\u00e3o e posse dos cargos: <\/p>\n\n\n\n<ul>\n<li>Ser brasileiro nato ou naturalizado ou cidad\u00e3o portugu\u00eas a quem foi deferida a igualdade rec\u00edproca prevista no Decreto Federal n\u00ba 70.436, de 18 de agosto de 1971, ou ao estrangeiro nos casos previstos em lei.<\/li>\n\n\n\n<li>Ter a idade m\u00ednima de 18 anos completos.<\/li>\n\n\n\n<li><strong>Possuir a escolaridade e as exig\u00eancias do cargo para o qual concorreu, conforme previsto neste Edital. <\/strong><\/li>\n\n\n\n<li>Estar quite com as obriga\u00e7\u00f5es militares, se candidato do sexo masculino.<\/li>\n\n\n\n<li>Estar em gozo de seus direitos civis, pol\u00edticos e eleitorais.<\/li>\n\n\n\n<li>Gozar de boa sa\u00fade f\u00edsica e mental e n\u00e3o possuir defici\u00eancia incompat\u00edvel com o exerc\u00edcio das fun\u00e7\u00f5es atinentes ao cargo, atestado por meio da per\u00edcia m\u00e9dica oficial.<\/li>\n\n\n\n<li>N\u00e3o haver sofrido, no exerc\u00edcio de atividade p\u00fablica, penalidade por atos incompat\u00edveis com o servi\u00e7o p\u00fablico, nem possuir antecedentes criminais. <\/li>\n\n\n\n<li><strong>N\u00e3o ser aposentado por invalidez e nem estar com idade de aposentadoria compuls\u00f3ria, isto \u00e9, 75 anos.<\/strong><\/li>\n\n\n\n<li>N\u00e3o receber proventos, oriundos de cargo, aposentadoria, emprego ou fun\u00e7\u00e3o, exercidos no \u00e2mbito da Uni\u00e3o, dos Estados, do Distrito Federal, dos Munic\u00edpios ou de suas autarquias, empresas ou funda\u00e7\u00f5es, conforme previsto no art. 37, \u00a7 10\u00ba da Constitui\u00e7\u00e3o Federal, ressalvadas as acumula\u00e7\u00f5es permitidas, devendo o candidato apresentar certid\u00e3o contendo o cargo e a carga hor\u00e1ria exercida para fins de an\u00e1lise da possibilidade de acumula\u00e7\u00e3o.<\/li>\n<\/ul>\n\n\n\n<h2 class=\"wp-block-heading\" id=\"etapas\"><span class=\"ez-toc-section\" id=\"Como_posso_me_preparar_para_as_etapas_de_selecao_do_concurso_da_Camara_de_Massaranduba\"><\/span>Como posso me preparar para as etapas de sele\u00e7\u00e3o do concurso da C\u00e2mara de Massaranduba? <span class=\"ez-toc-section-end\"><\/span><\/h2>\n\n\n\n<p>Os candidatos ao concurso da C\u00e2mara de Massaranduba ser\u00e3o avaliados por meio das seguintes etapas de sele\u00e7\u00e3o: <\/p>\n\n\n\n<ul>\n<li><strong>Prova Objetiva<\/strong>, para todos os cargos. <\/li>\n\n\n\n<li><strong>Prova Pr\u00e1tica<\/strong>, exclusiva para o cargo de Motorista. <\/li>\n<\/ul>\n\n\n\n<h3 class=\"wp-block-heading\">Prova Objetiva<\/h3>\n\n\n\n<p>A prova objetiva est\u00e1 prevista para ocorrer no dia <strong>7 de julho de 2024<\/strong> em dois turnos, sendo o turno da <strong>manh\u00e3<\/strong> para os cargos de n\u00edvel fundamental e o turno da<strong> tarde <\/strong>para os cargos de n\u00edvel m\u00e9dio. A prova ter\u00e1 dura\u00e7\u00e3o de <strong>4 horas.<\/strong> <\/p>\n\n\n\n<p>A avalia\u00e7\u00e3o ser\u00e1 composta de <strong>40 quest\u00f5es<\/strong> versadas nas seguintes disciplinas: <\/p>\n\n\n\n<ul>\n<li><strong>N\u00edvel Fundamental: <\/strong>\n<ul>\n<li>Portugu\u00eas &#8211; 20 quest\u00f5es<\/li>\n\n\n\n<li>Matem\u00e1tica &#8211; 10 quest\u00f5es<\/li>\n\n\n\n<li>Conhecimentos Gerais &#8211; 10 quest\u00f5es<\/li>\n<\/ul>\n<\/li>\n\n\n\n<li><strong>N\u00edvel Superior: <\/strong>\n<ul>\n<li>Portugu\u00eas &#8211; 15 quest\u00f5es<\/li>\n\n\n\n<li>Inform\u00e1tica &#8211; 10 quest\u00f5es<\/li>\n\n\n\n<li>Conhecimentos Espec\u00edficos &#8211; 15 quest\u00f5es<\/li>\n<\/ul>\n<\/li>\n<\/ul>\n\n\n\n<p>A prova objetiva tem pontua\u00e7\u00e3o m\u00e1xima de 1.020 pontos e ser\u00e1 <strong>eliminado <\/strong>do concurso aquele candidato que obtiver nota menor que 600 pontos. <\/p>\n\n\n\n<h3 class=\"wp-block-heading\">Prova Pr\u00e1tica<\/h3>\n\n\n\n<p>A prova pr\u00e1tica \u00e9 exclusiva para o cargo de Motorista e est\u00e1 prevista para acontecer no dia <strong>11 de agosto. <\/strong>Os hor\u00e1rios e locais da prova ser\u00e3o divulgados pela banca organizadora no Edital de Convoca\u00e7\u00e3o. <\/p>\n\n\n\n<p>A pontua\u00e7\u00e3o m\u00e1xima da prova pr\u00e1tica de dire\u00e7\u00e3o veicular ser\u00e1 de mil pontos, considerando-se <strong>eliminado<\/strong><br>o candidato que n\u00e3o atingir pelo menos 50% da pontua\u00e7\u00e3o m\u00e1xima. <\/p>\n\n\n\n<p>Constituem faltas eliminat\u00f3rias na prova pr\u00e1tica de dire\u00e7\u00e3o veicular:<\/p>\n\n\n\n<ul>\n<li>Desobedecer \u00e0 sinaliza\u00e7\u00e3o semaf\u00f3rica e de parada obrigat\u00f3ria;<\/li>\n\n\n\n<li>Avan\u00e7ar sobre o meio-fio ou sinaliza\u00e7\u00e3o que o represente;<\/li>\n\n\n\n<li>N\u00e3o colocar o ve\u00edculo na \u00e1rea balizada em no m\u00e1ximo tr\u00eas tentativas no tempo estabelecido de at\u00e9 6 minutos;<\/li>\n\n\n\n<li>Avan\u00e7ar sobre o balizamento demarcado quando do estacionamento do ve\u00edculo na vaga;<\/li>\n\n\n\n<li>Transitar em contram\u00e3o de dire\u00e7\u00e3o;<br>N\u00e3o completar a realiza\u00e7\u00e3o de todas as etapas do exame no prazo m\u00e1ximo estipulado no edital de<br>convoca\u00e7\u00e3o ou nas orienta\u00e7\u00f5es gerais da prova pr\u00e1tica de dire\u00e7\u00e3o veicular;<\/li>\n\n\n\n<li>Avan\u00e7ar a via preferencial;<\/li>\n\n\n\n<li>Provocar acidente durante a realiza\u00e7\u00e3o do exame;<\/li>\n\n\n\n<li>Exceder a velocidade regulamentada para a via;<\/li>\n\n\n\n<li>Cometer qualquer outra infra\u00e7\u00e3o de tr\u00e2nsito de natureza grav\u00edssima;<\/li>\n\n\n\n<li>N\u00e3o retirar o ve\u00edculo do local de in\u00edcio da prova no tempo estabelecido de 5 minutos. <\/li>\n<\/ul>\n\n\n\n<p><\/p>\n\n\n\n<p><\/p>\n\n\n\n<p><strong>Boa prova e bons estudos!! <\/strong><\/p>\n","protected":false},"excerpt":{"rendered":"<p>Ol\u00e1, concurseiros! A C\u00e2mara de Massaranduba, no estado de Para\u00edba, divulgou um novo edital com oferta de 11 vagas imediatas para cargos de n\u00edvel fundamental e m\u00e9dio. As inscri\u00e7\u00f5es j\u00e1 est\u00e3o abertas!! N\u00e3o perca essa chance, venha saber mais! Como posso me inscrever para este concurso? As inscri\u00e7\u00f5es para este certame j\u00e1 est\u00e3o abertas e se estender\u00e3o at\u00e9 \u00e0s 23h59min do dia 19 de maio. Os interessados pelo concurso da C\u00e2mara de Massaranduba podem realizar suas inscri\u00e7\u00f5es por meio do site da banca organizadora, a CPCON. Para ter sua inscri\u00e7\u00e3o homologada, \u00e9 necess\u00e1rio que o candidato realize o pagamento das&#8230;<\/p>\n","protected":false},"author":21,"featured_media":42192,"template":"","meta":{"_acf_changed":false,"rank_math_lock_modified_date":false},"categories":[],"tags":[],"acf":[],"_links":{"self":[{"href":"https:\/\/www.editorasolucao.com.br\/blog\/wp-json\/wp\/v2\/concurso\/42188"}],"collection":[{"href":"https:\/\/www.editorasolucao.com.br\/blog\/wp-json\/wp\/v2\/concurso"}],"about":[{"href":"https:\/\/www.editorasolucao.com.br\/blog\/wp-json\/wp\/v2\/types\/concurso"}],"author":[{"embeddable":true,"href":"https:\/\/www.editorasolucao.com.br\/blog\/wp-json\/wp\/v2\/users\/21"}],"wp:featuredmedia":[{"embeddable":true,"href":"https:\/\/www.editorasolucao.com.br\/blog\/wp-json\/wp\/v2\/media\/42192"}],"wp:attachment":[{"href":"https:\/\/www.editorasolucao.com.br\/blog\/wp-json\/wp\/v2\/media?parent=42188"}],"wp:term":[{"taxonomy":"category","embeddable":true,"href":"https:\/\/www.editorasolucao.com.br\/blog\/wp-json\/wp\/v2\/categories?post=42188"},{"taxonomy":"post_tag","embeddable":true,"href":"https:\/\/www.editorasolucao.com.br\/blog\/wp-json\/wp\/v2\/tags?post=42188"}],"curies":[{"name":"wp","href":"https:\/\/api.w.org\/{rel}","templated":true}]}}