{"id":42204,"date":"2024-04-19T12:29:37","date_gmt":"2024-04-19T15:29:37","guid":{"rendered":"https:\/\/www.editorasolucao.com.br\/blog\/?post_type=concurso&#038;p=42204"},"modified":"2024-04-23T10:34:22","modified_gmt":"2024-04-23T13:34:22","slug":"camara-de-taperoa-pb","status":"publish","type":"concurso","link":"https:\/\/www.editorasolucao.com.br\/blog\/concurso\/camara-de-taperoa-pb","title":{"rendered":"Concurso C\u00e2mara de Tapero\u00e1: Saiu edital para todos os n\u00edveis!"},"content":{"rendered":"\n<p>O edital do <strong>concurso C\u00e2mara de Tapero\u00e1<\/strong>, no estado da Para\u00edba, foi publicado com a oferta de 17 vagas imediatas para cargos de n\u00edveis fundamental, m\u00e9dio, t\u00e9cnico e superior de escolaridade. Se interessa pelo certame? Fique e confira os demais detalhes no decorrer da not\u00edcia. \ud83e\udd29<\/p>\n\n\n\n<div id=\"ez-toc-container\" class=\"ez-toc-v2_0_69_1 counter-hierarchy ez-toc-counter ez-toc-grey ez-toc-container-direction\">\n<div class=\"ez-toc-title-container\">\n<p class=\"ez-toc-title \" >Menu de navega&ccedil;&atilde;o<\/p>\n<span class=\"ez-toc-title-toggle\"><a href=\"#\" class=\"ez-toc-pull-right ez-toc-btn ez-toc-btn-xs ez-toc-btn-default ez-toc-toggle\" aria-label=\"Toggle Table of Content\"><span class=\"ez-toc-js-icon-con\"><span class=\"\"><span class=\"eztoc-hide\" style=\"display:none;\">Toggle<\/span><span class=\"ez-toc-icon-toggle-span\"><svg style=\"fill: #999;color:#999\" xmlns=\"http:\/\/www.w3.org\/2000\/svg\" class=\"list-377408\" width=\"20px\" height=\"20px\" viewBox=\"0 0 24 24\" fill=\"none\"><path d=\"M6 6H4v2h2V6zm14 0H8v2h12V6zM4 11h2v2H4v-2zm16 0H8v2h12v-2zM4 16h2v2H4v-2zm16 0H8v2h12v-2z\" fill=\"currentColor\"><\/path><\/svg><svg style=\"fill: #999;color:#999\" class=\"arrow-unsorted-368013\" xmlns=\"http:\/\/www.w3.org\/2000\/svg\" width=\"10px\" height=\"10px\" viewBox=\"0 0 24 24\" version=\"1.2\" baseProfile=\"tiny\"><path d=\"M18.2 9.3l-6.2-6.3-6.2 6.3c-.2.2-.3.4-.3.7s.1.5.3.7c.2.2.4.3.7.3h11c.3 0 .5-.1.7-.3.2-.2.3-.5.3-.7s-.1-.5-.3-.7zM5.8 14.7l6.2 6.3 6.2-6.3c.2-.2.3-.5.3-.7s-.1-.5-.3-.7c-.2-.2-.4-.3-.7-.3h-11c-.3 0-.5.1-.7.3-.2.2-.3.5-.3.7s.1.5.3.7z\"\/><\/svg><\/span><\/span><\/span><\/a><\/span><\/div>\n<nav><ul class='ez-toc-list ez-toc-list-level-1 ' ><li class='ez-toc-page-1 ez-toc-heading-level-2'><a class=\"ez-toc-link ez-toc-heading-1\" href=\"https:\/\/www.editorasolucao.com.br\/blog\/concurso\/camara-de-taperoa-pb\/#Como_as_inscricoes_do_concurso_Camara_de_Taperoa_%E2%80%93_PB_poderao_ser_realizadas\" title=\"Como as inscri\u00e7\u00f5es do concurso C\u00e2mara de Tapero\u00e1 &#8211; PB poder\u00e3o ser realizadas?\">Como as inscri\u00e7\u00f5es do concurso C\u00e2mara de Tapero\u00e1 &#8211; PB poder\u00e3o ser realizadas?<\/a><\/li><li class='ez-toc-page-1 ez-toc-heading-level-2'><a class=\"ez-toc-link ez-toc-heading-2\" href=\"https:\/\/www.editorasolucao.com.br\/blog\/concurso\/camara-de-taperoa-pb\/#Quais_sao_os_cargos_ofertados_no_concurso_Camara_de_Taperoa\" title=\"Quais s\u00e3o os cargos ofertados no concurso C\u00e2mara de Tapero\u00e1?\">Quais s\u00e3o os cargos ofertados no concurso C\u00e2mara de Tapero\u00e1?<\/a><\/li><li class='ez-toc-page-1 ez-toc-heading-level-2'><a class=\"ez-toc-link ez-toc-heading-3\" href=\"https:\/\/www.editorasolucao.com.br\/blog\/concurso\/camara-de-taperoa-pb\/#Quais_sao_os_requisitos_para_participar_do_concurso_Camara_de_Taperoa-PB\" title=\"Quais s\u00e3o os requisitos para participar do concurso C\u00e2mara de Tapero\u00e1-PB?\">Quais s\u00e3o os requisitos para participar do concurso C\u00e2mara de Tapero\u00e1-PB?<\/a><\/li><li class='ez-toc-page-1 ez-toc-heading-level-2'><a class=\"ez-toc-link ez-toc-heading-4\" href=\"https:\/\/www.editorasolucao.com.br\/blog\/concurso\/camara-de-taperoa-pb\/#Quais_sao_as_atribuicoes_dos_cargos_ofertados_no_certame\" title=\"Quais s\u00e3o as atribui\u00e7\u00f5es dos cargos ofertados no certame?\">Quais s\u00e3o as atribui\u00e7\u00f5es dos cargos ofertados no certame?<\/a><\/li><li class='ez-toc-page-1 ez-toc-heading-level-2'><a class=\"ez-toc-link ez-toc-heading-5\" href=\"https:\/\/www.editorasolucao.com.br\/blog\/concurso\/camara-de-taperoa-pb\/#Como_serao_as_provas_do_concurso_Camara_de_Taperoa\" title=\"Como ser\u00e3o as provas do concurso C\u00e2mara de Tapero\u00e1?\">Como ser\u00e3o as provas do concurso C\u00e2mara de Tapero\u00e1?<\/a><\/li><\/ul><\/nav><\/div>\n<h2 class=\"wp-block-heading\" id=\"inscri\u00e7\u00f5es\"><span class=\"ez-toc-section\" id=\"Como_as_inscricoes_do_concurso_Camara_de_Taperoa_%E2%80%93_PB_poderao_ser_realizadas\"><\/span>Como as inscri\u00e7\u00f5es do concurso C\u00e2mara de Tapero\u00e1 &#8211; PB poder\u00e3o ser realizadas?<span class=\"ez-toc-section-end\"><\/span><\/h2>\n\n\n\n<p>As inscri\u00e7\u00f5es para o certame poder\u00e3o ser realizadas <strong>a partir das 08h do dia 22 de abril at\u00e9 o dia 31 de maio de 2024<\/strong>, atrav\u00e9s do site da banca organizadora, <a href=\"https:\/\/funvapi.com.br\/index.php\/category\/concursos-em-andamento\/\" target=\"_blank\" rel=\"noreferrer noopener\">Funvapi<\/a> (Funda\u00e7\u00e3o do Vale do Piau\u00ed).<\/p>\n\n\n\n<p>Para que a inscri\u00e7\u00e3o seja conclu\u00edda \u00e9 necess\u00e1rio que o candidato efetue o pagamento de uma taxa no valor referente ao n\u00edvel de escolaridade do cargo pretendido:<\/p>\n\n\n\n<ul>\n<li>N\u00edvel fundamental: <strong>R$ 60,00<\/strong><\/li>\n\n\n\n<li>N\u00edvel m\u00e9dio e t\u00e9cnico: <strong>R$ 70,00<\/strong><\/li>\n\n\n\n<li>N\u00edvel superior: <strong>R$ 85,00<\/strong><\/li>\n<\/ul>\n\n\n\n<p>Al\u00e9m disso, haver\u00e1 a possibilidade de solicitar a isen\u00e7\u00e3o da taxa de participa\u00e7\u00e3o<strong> entre os dias 22 a 23 de abril de 2024<\/strong>, para o candidato que se adequar a uma das seguintes condi\u00e7\u00f5es:<\/p>\n\n\n\n<ol>\n<li>estiverem inscritos no Cadastro \u00danico para Programas Sociais do Governo Federal (CadUnico), de que trata o Decreto N\u00ba 11.016, de 29 de mar\u00e7o de 2022; e <\/li>\n\n\n\n<li>os doadores de medula \u00f3ssea cadastrados no REDOME \u2013 Registro Brasileiro de Doadores de Medula e ainda os doadores regulares de sangue.<\/li>\n<\/ol>\n\n\n\n<h2 class=\"wp-block-heading\" id=\"cargos\"><span class=\"ez-toc-section\" id=\"Quais_sao_os_cargos_ofertados_no_concurso_Camara_de_Taperoa\"><\/span>Quais s\u00e3o os cargos ofertados no concurso C\u00e2mara de Tapero\u00e1?<span class=\"ez-toc-section-end\"><\/span><\/h2>\n\n\n\n<p>Ao todo a C\u00e2mara de Tapero\u00e1 oferta <strong>17 vagas imediatas <\/strong>para cargos de n\u00edveis fundamental, m\u00e9dio, t\u00e9cnico e superior de escolaridade. Confira os cargos ofertados, a distribui\u00e7\u00e3o das vagas e os sal\u00e1rios:<\/p>\n\n\n\n<h3 class=\"wp-block-heading\">N\u00edvel fundamental<\/h3>\n\n\n\n<ol>\n<li>Auxiliar de servi\u00e7os (02) \n<ul>\n<li>R$ 1.412,00<\/li>\n<\/ul>\n<\/li>\n\n\n\n<li>Motorista (02) \n<ul>\n<li>R$ 1.412,00<\/li>\n<\/ul>\n<\/li>\n\n\n\n<li>Vigia (03) \n<ul>\n<li>R$ 1.412,00<\/li>\n<\/ul>\n<\/li>\n<\/ol>\n\n\n\n<h3 class=\"wp-block-heading\">N\u00edvel m\u00e9dio e t\u00e9cnico<\/h3>\n\n\n\n<ol>\n<li>Agente de comunica\u00e7\u00e3o (01) \n<ul>\n<li>R$ 1.412,00<\/li>\n<\/ul>\n<\/li>\n\n\n\n<li>Agente legislativo (04) \n<ul>\n<li>R$ 1.412,00<\/li>\n<\/ul>\n<\/li>\n\n\n\n<li>Auxiliar de contabilidade (01) \n<ul>\n<li>R$ 1.412,00<\/li>\n<\/ul>\n<\/li>\n\n\n\n<li>T\u00e9cnico em contabilidade (01) \n<ul>\n<li>R$ 1.412,00<\/li>\n<\/ul>\n<\/li>\n\n\n\n<li>T\u00e9cnico administrativo (01) \n<ul>\n<li>R$ 1.412,00<\/li>\n<\/ul>\n<\/li>\n<\/ol>\n\n\n\n<h3 class=\"wp-block-heading\">N\u00edvel superior<\/h3>\n\n\n\n<ol>\n<li>Assistente legislativo (02) \n<ul>\n<li>R$ 2.000,00<\/li>\n<\/ul>\n<\/li>\n<\/ol>\n\n\n\n<p>A jornada de trabalho \u00e9 de 30 horas semanais para todos os cargos ofertados.<\/p>\n\n\n\n<h2 class=\"wp-block-heading\" id=\"requisitos\"><span class=\"ez-toc-section\" id=\"Quais_sao_os_requisitos_para_participar_do_concurso_Camara_de_Taperoa-PB\"><\/span>Quais s\u00e3o os requisitos para participar do concurso C\u00e2mara de Tapero\u00e1-PB?<span class=\"ez-toc-section-end\"><\/span><\/h2>\n\n\n\n<p>Para que o candidato tome posse do cargo pretendido no <strong>concurso C\u00e2mara de Tapero\u00e1<\/strong> \u00e9 necess\u00e1rio cumprir as seguintes exig\u00eancias:<\/p>\n\n\n\n<ul>\n<li>Ter sido aprovado e classificado no Concurso P\u00fablico, na forma estabelecida neste Edital.<\/li>\n\n\n\n<li>Ser brasileiro nato ou naturalizado, ou no caso de nacionalidade portuguesa, estar amparado pelo Estatuto de Igualdade entre Brasileiros e Portugueses, com reconhecimento do gozo dos direitos pol\u00edticos, na forma do disposto no art. 12 \u00a71\u00ba da Constitui\u00e7\u00e3o Federal\/88, combinado com o Decreto Federal n\u00ba 70.436\/72.<\/li>\n\n\n\n<li>Estar em dia com as obriga\u00e7\u00f5es eleitorais e gozo dos direitos pol\u00edticos.<\/li>\n\n\n\n<li>Estar quite com as obriga\u00e7\u00f5es do Servi\u00e7o Militar, quando se tratar de candidato do sexo masculino.<\/li>\n\n\n\n<li>Ter idade m\u00ednima de 18 anos completos, no ato da contrata\u00e7\u00e3o.<\/li>\n\n\n\n<li>Ter aptid\u00e3o f\u00edsica e mental para o exerc\u00edcio das atribui\u00e7\u00f5es do cargo\/fun\u00e7\u00e3o p\u00fablica para a qual concorreu e se classificou, comprovadas pela per\u00edcia m\u00e9dica promovida pela C\u00e2mara Municipal de Angical &#8211; PI.<\/li>\n\n\n\n<li>Possuir a habilita\u00e7\u00e3o exigida para o cargo\/fun\u00e7\u00e3o p\u00fablica estabelecida, conforme Anexo I deste Edital;<\/li>\n\n\n\n<li>N\u00e3o ser aposentado por invalidez e nem estar com idade de aposentadoria compuls\u00f3ria, ou seja, 75 anos;<\/li>\n\n\n\n<li>N\u00e3o receber proventos de aposentadoria oriundos de cargo ou fun\u00e7\u00e3o exercidos perante a Uni\u00e3o, Territ\u00f3rio, Estado, Distrito Federal, Munic\u00edpio e suas Autarquias, Empresas ou Funda\u00e7\u00f5es, conforme preceitua o artigo 37, \u00a710 da Constitui\u00e7\u00e3o Federal, com a reda\u00e7\u00e3o da Emenda Constitucional n\u00ba 20 de 15\/12\/98, ressalvadas as acumula\u00e7\u00f5es permitidas pelo inciso XVI do citado dispositivo constitucional, os cargos eletivos e os cargos em comiss\u00e3o;<\/li>\n\n\n\n<li>N\u00e3o ter sido demitido\/exonerado da C\u00e2mara Municipal De Tapero\u00e1, por justa causa ou em decorr\u00eancia de processo administrativo disciplinar. 14.2. A falta de comprova\u00e7\u00e3o de qualquer um dos requisitos especificados no subitem 14.1 deste Edital, bem como deixar de apresentar quaisquer documentos constantes no item 16.5 impedir\u00e1 a contrata\u00e7\u00e3o do candidato.<\/li>\n<\/ul>\n\n\n\n<h2 class=\"wp-block-heading\" id=\"atribui\u00e7\u00f5es\"><span class=\"ez-toc-section\" id=\"Quais_sao_as_atribuicoes_dos_cargos_ofertados_no_certame\"><\/span>Quais s\u00e3o as atribui\u00e7\u00f5es dos cargos ofertados no certame?<span class=\"ez-toc-section-end\"><\/span><\/h2>\n\n\n\n<p>Confira quais s\u00e3o as atividades atribu\u00eddas aos cargos ofertados a cada cargo ofertado:<\/p>\n\n\n\n<ol>\n<li>Auxiliar de servi\u00e7os:\n<ul>\n<li>Executar servi\u00e7os de copa, cozinha e limpeza; <\/li>\n\n\n\n<li>Conserva\u00e7\u00e3o e amima\u00e7\u00e3o de m\u00f3veis e utens\u00edlios; <\/li>\n\n\n\n<li>Atender normas de seguran\u00e7a e higiene no trabalho; <\/li>\n\n\n\n<li>Exercer as demais atividades correlatas.<\/li>\n<\/ul>\n<\/li>\n\n\n\n<li>Motorista:\n<ul>\n<li>Conduzir os ve\u00edculos da Casa, mant\u00ea-los abastecidos, limpos e em condi\u00e7\u00f5es de utiliza\u00e7\u00e3o, inclusive para viagens para fora do Munic\u00edpio; <\/li>\n\n\n\n<li>Propor roteiros mais econ\u00f4micos e seguros nos deslocamentos, tanto no Munic\u00edpio, como em viagens; <\/li>\n\n\n\n<li>Inteirar-se antes de iniciar o transporte determinado, de que conhece o roteiro;<\/li>\n\n\n\n<li>Tratar com urbanidade os passageiros que transportar; <\/li>\n\n\n\n<li>Manter discri\u00e7\u00e3o durante o servi\u00e7o; <\/li>\n\n\n\n<li>Atender as normas de uso;<\/li>\n\n\n\n<li>Transportar o pessoal da C\u00e2mara: <\/li>\n\n\n\n<li>Vereadores e Funcion\u00e1rios, nos termos da autoriza\u00e7\u00e3o definida pela Divis\u00e3o respons\u00e1vel, transportar pessoas indicadas pela mesa da C\u00e2mara ou pelo \u00f3rg\u00e3o respons\u00e1vel, inclusive fora dos limites do Munic\u00edpio.<\/li>\n<\/ul>\n<\/li>\n\n\n\n<li>Vigia: \n<ul>\n<li>Exercer vigil\u00e2ncia na Edilidade, rondando suas depend\u00eancias e observando a entrada e sa\u00edda de pessoas ou bens, para evitar roubos, atos de viol\u00eancia e outras infra\u00e7\u00f5es \u00e0 ordem e \u00e0 seguran\u00e7a.<\/li>\n<\/ul>\n<\/li>\n\n\n\n<li>Agente de comunica\u00e7\u00e3o:\n<ul>\n<li>Divulgar informa\u00e7\u00f5es sobre as atividades da C\u00e2mara, redigindo notas, artigos, resumos e textos em geral, encaminhando as mat\u00e9rias para publica\u00e7\u00e3o em \u00f3rg\u00e3os de circula\u00e7\u00e3o externa ou interna para promo\u00e7\u00e3o das a\u00e7\u00f5es realizadas pela C\u00e2mara; <\/li>\n\n\n\n<li>Acompanhar os vereadores em cerim\u00f4nias, reuni\u00f5es e visitas \u00e0 sociedade, sempre que solicitado; <\/li>\n\n\n\n<li>Assistir aos Vereadores e demais servidores em suas fun\u00e7\u00f5es de representa\u00e7\u00e3o, orientando-os sobre normas protocolares, visitando ou recepcionando convidados; <\/li>\n\n\n\n<li>Organizar solenidades e eventos diversos solicitados pelo Presidente da CF; <\/li>\n\n\n\n<li>Realizar editora\u00e7\u00e3o e revis\u00e3o de originais e provas de mat\u00e9ria a ser impressa, lendo e corrigindo erros gramaticais e tipogr\u00e1ficos, para assegurar a corre\u00e7\u00e3o dos textos publicados sob responsabilidade da C\u00e2mara Acompanhar as programa\u00e7\u00f5es da C\u00e2mara, providenciando grava\u00e7\u00e3o supervisionando a realiza\u00e7\u00e3o de fotografias e filmagens recolhendo informa\u00e7\u00f5es para documenta\u00e7\u00e3o ou publica\u00e7\u00e3o de not\u00edcias sobre os eventos; <\/li>\n\n\n\n<li>Manter e atualizar os s\u00edtios eletr\u00f4nicos da C\u00e2mara, bem como o Portal de Transpar\u00eancia Acompanhar e auxiliar nos procedimentos de contrata\u00e7\u00e3o de ag\u00eancias e fornecedores e\/ou aquisi\u00e7\u00f5es de produtos e servi\u00e7os relacionados \u00e0 sua \u00e1rea de atua\u00e7\u00e3o.<\/li>\n<\/ul>\n<\/li>\n\n\n\n<li>Agente legislativo:\n<ul>\n<li>Atender a recep\u00e7\u00e3o interna e externa; Apoio ao SAC &#8211; Servi\u00e7o de Atendimento ao Cidad\u00e3o e \u00e0 Secretaria Geral; <\/li>\n\n\n\n<li>Executar servi\u00e7os administrativos de protocolo, registro, encaminhamento dos atos do Poder Legislativo; <\/li>\n\n\n\n<li>Exercer atividades de apoio \u00e0 Contabilidade e Recursos Humanos; <\/li>\n\n\n\n<li>Atender a cada vereador na formula\u00e7\u00e3o de indica\u00e7\u00f5es e correspond\u00eancias; <\/li>\n\n\n\n<li>Participar quando necess\u00e1rio das reuni\u00f5es das Comiss\u00f5es e de plen\u00e1rio; <\/li>\n\n\n\n<li>Ajudar nas atividades do plen\u00e1rio e eventos; <\/li>\n\n\n\n<li>Exercer demais atividades correlatas ao atendimento interno e externo.<\/li>\n<\/ul>\n<\/li>\n\n\n\n<li>Auxiliar de contabilidade:\n<ul>\n<li>Auxiliar na escritura cont\u00e1bil, financeira e or\u00e7ament\u00e1ria da C\u00e2mara Municipal. Auxiliar na execu\u00e7\u00e3o de atividades administrativas da C\u00e2mara Municipal. <\/li>\n\n\n\n<li>Auxiliar nas atividades de recursos humanos, compras e licita\u00e7\u00f5es. <\/li>\n\n\n\n<li>Exercer outras atividades correlatas \u00e0 fun\u00e7\u00e3o.<\/li>\n<\/ul>\n<\/li>\n\n\n\n<li>T\u00e9cnico em contabilidade:\n<ul>\n<li>Executar todas as atividades relacionadas com \u00e1rea cont\u00e1bil, financeira e or\u00e7ament\u00e1ria da C\u00e2mara Municipal; <\/li>\n\n\n\n<li>Colaborar na elabora\u00e7\u00e3o do or\u00e7amento anual, bem como na sua execu\u00e7\u00e3o; Realizar a escritura\u00e7\u00e3o cont\u00e1bil; <\/li>\n\n\n\n<li>Elaborar e proceder \u00e0s an\u00e1lises dos demonstrativos cont\u00e1beis; <\/li>\n\n\n\n<li>Elaborar os empenhos pr\u00e9vios; <\/li>\n\n\n\n<li>Elaborar notas de empenho; Fornecer apoio consultivo \u00e0s Comiss\u00f5es em assunto cont\u00e1bil financeiro; <\/li>\n\n\n\n<li>Acompanhar as orienta\u00e7\u00f5es do TCE\/PB, TCU e Controle Interno;<\/li>\n\n\n\n<li>Elaborar relat\u00f3rios exigidos por Lei;<\/li>\n\n\n\n<li>Verificar sempre a execu\u00e7\u00e3o or\u00e7ament\u00e1ria e manter a presid\u00eancia sempre informada; <\/li>\n\n\n\n<li>Preparar as presta\u00e7\u00f5es de contas e balancetes; <\/li>\n\n\n\n<li>Planejar e desenvolver as atividades de recursos humanos, com a execu\u00e7\u00e3o de todas as atividades de pessoal.<\/li>\n<\/ul>\n<\/li>\n\n\n\n<li>T\u00e9cnico administrativo:\n<ul>\n<li>Planejar, organizar, coordenar e controlar as atividades pertinentes \u00e0 respectiva \u00e1rea; <\/li>\n\n\n\n<li>Organizar e manter organizados os cadastros, arquivos, e outros instrumentos de controle administrativo; <\/li>\n\n\n\n<li>Zelar pela observ\u00e2ncia das normas de seguran\u00e7a e higiene do trabalho; <\/li>\n\n\n\n<li>Avaliar as atividades or\u00e7ament\u00e1rias\/financeiras; <\/li>\n\n\n\n<li>Dirigir a Secretaria, em observ\u00e2ncia \u00e0s compet\u00eancias da mesma; <\/li>\n\n\n\n<li>Assessorar e auxiliar o Presidente da C\u00e2mara; <\/li>\n\n\n\n<li>Fazer cumprir as normas administrativas e operacionais e zelar pelo regular funcionamento da C\u00e2mara; <\/li>\n\n\n\n<li>Zelar pela observ\u00e2ncia de todas as normas inerentes \u00e0s atividades do Legislativo, em especial a Lei Org\u00e2nica e Regimento Interno, no \u00e2mbito da C\u00e2mara, e indicar ao Presidente, por escrito, qualquer irregularidade na sua \u00e1rea de compet\u00eancia; <\/li>\n\n\n\n<li>Cumprir demais atividades correlatas \u00e0 fun\u00e7\u00e3o.<\/li>\n<\/ul>\n<\/li>\n\n\n\n<li>Assistente legislativo:\n<ul>\n<li>Assessorar a Comiss\u00e3o para que for designado; <\/li>\n\n\n\n<li>Redigir parecer da Comiss\u00e3o, of\u00edcios e demais correspond\u00eancias;<\/li>\n\n\n\n<li>Organizar o arquivo da C\u00e2mara; <\/li>\n\n\n\n<li>Organizar Central de Documenta\u00e7\u00e3o da C\u00e2mara, Assessoria e Secretaria Geral;<\/li>\n\n\n\n<li>Acompanhar andamento processual dos processos relacionados \u00e0 C\u00e2mara Municipal; <\/li>\n\n\n\n<li>Protocolizar a\u00e7\u00f5es e demais pe\u00e7as processuais; <\/li>\n\n\n\n<li>Gerir o arquivo e documenta\u00e7\u00e3o da C\u00e2mara; <\/li>\n\n\n\n<li>Desempenhar demais atividades correlatas para o bom funcionamento da C\u00e2mara; <\/li>\n\n\n\n<li>Promover no \u00e2mbito dos atendimentos assessoria jur\u00eddica e\/ou necess\u00e1ria aos participantes do Servi\u00e7o de Promo\u00e7\u00e3o de Cidadania.<\/li>\n<\/ul>\n<\/li>\n<\/ol>\n\n\n\n<h2 class=\"wp-block-heading\" id=\"etapas\"><span class=\"ez-toc-section\" id=\"Como_serao_as_provas_do_concurso_Camara_de_Taperoa\"><\/span>Como ser\u00e3o as provas do concurso C\u00e2mara de Tapero\u00e1?<span class=\"ez-toc-section-end\"><\/span><\/h2>\n\n\n\n<p>Os candidatos ser\u00e3o avaliados por meio de uma \u00fanica etapa de sele\u00e7\u00e3o, a Prova Objetiva, de car\u00e1ter <em>eliminat\u00f3rio <\/em>e <em>classificat\u00f3rio<\/em>, que est\u00e1 prevista para ser realizada no dia <strong>1\u00ba de setembro de 2024<\/strong>, onde os candidatos ter\u00e3o o tempo m\u00e1ximo de 04 horas para realizar o exame.<\/p>\n\n\n\n<p>A avalia\u00e7\u00e3o ser\u00e1 composta por <strong>40 quest\u00f5es de m\u00faltipla escolha <\/strong>que ser\u00e3o versadas nas seguintes disciplinas:<\/p>\n\n\n\n<h3 class=\"wp-block-heading\">N\u00edvel fundamental<\/h3>\n\n\n\n<ol>\n<li>L\u00edngua portuguesa <\/li>\n\n\n\n<li>Matem\u00e1tica <\/li>\n\n\n\n<li>Conhecimento espec\u00edfico\n<ul>\n<li>Somente para o cargo de Motorista<\/li>\n<\/ul>\n<\/li>\n<\/ol>\n\n\n\n<h3 class=\"wp-block-heading\">N\u00edvel m\u00e9dio<\/h3>\n\n\n\n<ol>\n<li>L\u00edngua portuguesa (10)<\/li>\n\n\n\n<li>Matem\u00e1tica (10)<\/li>\n\n\n\n<li>Inform\u00e1tica (10)\n<ul>\n<li>Exceto para o cargo de T\u00e9cnico em contabilidade<\/li>\n<\/ul>\n<\/li>\n\n\n\n<li>Regimento interno (10)\n<ul>\n<li>Exceto para o cargo de T\u00e9cnico em contabilidade<\/li>\n<\/ul>\n<\/li>\n\n\n\n<li>Conhecimento espec\u00edfico (20)\n<ul>\n<li>Somente para o cargo de T\u00e9cnico em contabilidade<\/li>\n<\/ul>\n<\/li>\n<\/ol>\n\n\n\n<h3 class=\"wp-block-heading\">N\u00edvel superior<\/h3>\n\n\n\n<ol>\n<li>L\u00edngua portuguesa (10)<\/li>\n\n\n\n<li>Racioc\u00ednio l\u00f3gico (10)<\/li>\n\n\n\n<li>Conhecimento espec\u00edfico (20)<\/li>\n<\/ol>\n\n\n\n<p>A prova ter\u00e1 a pontua\u00e7\u00e3o m\u00e1xima de 100 pontos, sendo considerado aprovado o candidato que obtiver no m\u00ednimo 60% do somat\u00f3rio dos pontos.<\/p>\n\n\n\n<p>Este Concurso P\u00fablico ter\u00e1 <strong>validade <\/strong>de dois anos, a contar da data da publica\u00e7\u00e3o de sua homologa\u00e7\u00e3o, podendo ser prorrogado por igual per\u00edodo, a crit\u00e9rio da C\u00e2mara Municipal de Tapero\u00e1.<\/p>\n\n\n\n<p><strong>Bons estudos e boa prova!!!<\/strong><\/p>\n","protected":false},"excerpt":{"rendered":"<p>O edital do concurso C\u00e2mara de Tapero\u00e1, no estado da Para\u00edba, foi publicado com a oferta de 17 vagas imediatas para cargos de n\u00edveis fundamental, m\u00e9dio, t\u00e9cnico e superior de escolaridade. Se interessa pelo certame? Fique e confira os demais detalhes no decorrer da not\u00edcia. \ud83e\udd29 Como as inscri\u00e7\u00f5es do concurso C\u00e2mara de Tapero\u00e1 &#8211; PB poder\u00e3o ser realizadas? As inscri\u00e7\u00f5es para o certame poder\u00e3o ser realizadas a partir das 08h do dia 22 de abril at\u00e9 o dia 31 de maio de 2024, atrav\u00e9s do site da banca organizadora, Funvapi (Funda\u00e7\u00e3o do Vale do Piau\u00ed). Para que a inscri\u00e7\u00e3o&#8230;<\/p>\n","protected":false},"author":18,"featured_media":42207,"template":"","meta":{"_acf_changed":false,"rank_math_lock_modified_date":false},"categories":[],"tags":[],"acf":[],"_links":{"self":[{"href":"https:\/\/www.editorasolucao.com.br\/blog\/wp-json\/wp\/v2\/concurso\/42204"}],"collection":[{"href":"https:\/\/www.editorasolucao.com.br\/blog\/wp-json\/wp\/v2\/concurso"}],"about":[{"href":"https:\/\/www.editorasolucao.com.br\/blog\/wp-json\/wp\/v2\/types\/concurso"}],"author":[{"embeddable":true,"href":"https:\/\/www.editorasolucao.com.br\/blog\/wp-json\/wp\/v2\/users\/18"}],"wp:featuredmedia":[{"embeddable":true,"href":"https:\/\/www.editorasolucao.com.br\/blog\/wp-json\/wp\/v2\/media\/42207"}],"wp:attachment":[{"href":"https:\/\/www.editorasolucao.com.br\/blog\/wp-json\/wp\/v2\/media?parent=42204"}],"wp:term":[{"taxonomy":"category","embeddable":true,"href":"https:\/\/www.editorasolucao.com.br\/blog\/wp-json\/wp\/v2\/categories?post=42204"},{"taxonomy":"post_tag","embeddable":true,"href":"https:\/\/www.editorasolucao.com.br\/blog\/wp-json\/wp\/v2\/tags?post=42204"}],"curies":[{"name":"wp","href":"https:\/\/api.w.org\/{rel}","templated":true}]}}