{"id":42218,"date":"2024-04-22T08:33:02","date_gmt":"2024-04-22T11:33:02","guid":{"rendered":"https:\/\/www.editorasolucao.com.br\/blog\/?post_type=concurso&#038;p=42218"},"modified":"2024-04-23T10:00:13","modified_gmt":"2024-04-23T13:00:13","slug":"prefeitura-de-simao-dias-pe","status":"publish","type":"concurso","link":"https:\/\/www.editorasolucao.com.br\/blog\/concurso\/prefeitura-de-simao-dias-pe","title":{"rendered":"Concurso Prefeitura de Sim\u00e3o Dias: Vagas para n\u00edvel m\u00e9dio, t\u00e9cnico e superior."},"content":{"rendered":"\n<p>Ol\u00e1, concurseiros! A Prefeitura de Sim\u00e3o Dias, no estado de Sergipe, divulgou um novo edital com<strong> 82 vagas imediatas<\/strong>, al\u00e9m da forma\u00e7\u00e3o de cadastro reserva, para cargos de n\u00edvel m\u00e9dio, t\u00e9cnico e superior. As remunera\u00e7\u00f5es chamam a aten\u00e7\u00e3o, j\u00e1 que podem chegar at\u00e9 <strong>R$ 12 mil! <\/strong>Se interessou pelo certame? Venha saber mais!! <\/p>\n\n\n\n<div id=\"ez-toc-container\" class=\"ez-toc-v2_0_69_1 counter-hierarchy ez-toc-counter ez-toc-grey ez-toc-container-direction\">\n<div class=\"ez-toc-title-container\">\n<p class=\"ez-toc-title \" >Menu de navega&ccedil;&atilde;o<\/p>\n<span class=\"ez-toc-title-toggle\"><a href=\"#\" class=\"ez-toc-pull-right ez-toc-btn ez-toc-btn-xs ez-toc-btn-default ez-toc-toggle\" aria-label=\"Toggle Table of Content\"><span class=\"ez-toc-js-icon-con\"><span class=\"\"><span class=\"eztoc-hide\" style=\"display:none;\">Toggle<\/span><span class=\"ez-toc-icon-toggle-span\"><svg style=\"fill: #999;color:#999\" xmlns=\"http:\/\/www.w3.org\/2000\/svg\" class=\"list-377408\" width=\"20px\" height=\"20px\" viewBox=\"0 0 24 24\" fill=\"none\"><path d=\"M6 6H4v2h2V6zm14 0H8v2h12V6zM4 11h2v2H4v-2zm16 0H8v2h12v-2zM4 16h2v2H4v-2zm16 0H8v2h12v-2z\" fill=\"currentColor\"><\/path><\/svg><svg style=\"fill: #999;color:#999\" class=\"arrow-unsorted-368013\" xmlns=\"http:\/\/www.w3.org\/2000\/svg\" width=\"10px\" height=\"10px\" viewBox=\"0 0 24 24\" version=\"1.2\" baseProfile=\"tiny\"><path d=\"M18.2 9.3l-6.2-6.3-6.2 6.3c-.2.2-.3.4-.3.7s.1.5.3.7c.2.2.4.3.7.3h11c.3 0 .5-.1.7-.3.2-.2.3-.5.3-.7s-.1-.5-.3-.7zM5.8 14.7l6.2 6.3 6.2-6.3c.2-.2.3-.5.3-.7s-.1-.5-.3-.7c-.2-.2-.4-.3-.7-.3h-11c-.3 0-.5.1-.7.3-.2.2-.3.5-.3.7s.1.5.3.7z\"\/><\/svg><\/span><\/span><\/span><\/a><\/span><\/div>\n<nav><ul class='ez-toc-list ez-toc-list-level-1 ' ><li class='ez-toc-page-1 ez-toc-heading-level-2'><a class=\"ez-toc-link ez-toc-heading-1\" href=\"https:\/\/www.editorasolucao.com.br\/blog\/concurso\/prefeitura-de-simao-dias-pe\/#Como_posso_realizar_minha_inscricao\" title=\"Como posso realizar minha inscri\u00e7\u00e3o?\">Como posso realizar minha inscri\u00e7\u00e3o?<\/a><\/li><li class='ez-toc-page-1 ez-toc-heading-level-2'><a class=\"ez-toc-link ez-toc-heading-2\" href=\"https:\/\/www.editorasolucao.com.br\/blog\/concurso\/prefeitura-de-simao-dias-pe\/#Quais_vagas_estao_sendo_ofertadas_no_concurso_da_Prefeitura_de_Simao_Dias\" title=\"Quais vagas est\u00e3o sendo ofertadas no concurso da Prefeitura de Sim\u00e3o Dias?\">Quais vagas est\u00e3o sendo ofertadas no concurso da Prefeitura de Sim\u00e3o Dias?<\/a><\/li><li class='ez-toc-page-1 ez-toc-heading-level-2'><a class=\"ez-toc-link ez-toc-heading-3\" href=\"https:\/\/www.editorasolucao.com.br\/blog\/concurso\/prefeitura-de-simao-dias-pe\/#Quais_os_requisitos_para_a_investidura_dos_cargos_da_Prefeitura_de_Simao_Dias\" title=\"Quais os requisitos para a investidura dos cargos da Prefeitura de Sim\u00e3o Dias?\">Quais os requisitos para a investidura dos cargos da Prefeitura de Sim\u00e3o Dias?<\/a><\/li><li class='ez-toc-page-1 ez-toc-heading-level-2'><a class=\"ez-toc-link ez-toc-heading-4\" href=\"https:\/\/www.editorasolucao.com.br\/blog\/concurso\/prefeitura-de-simao-dias-pe\/#Como_posso_me_preparar_para_as_etapas_de_selecao_do_concurso_da_Prefeitura_de_Simao_Dias\" title=\"Como posso me preparar para as etapas de sele\u00e7\u00e3o do concurso da Prefeitura de Sim\u00e3o Dias?\">Como posso me preparar para as etapas de sele\u00e7\u00e3o do concurso da Prefeitura de Sim\u00e3o Dias?<\/a><\/li><\/ul><\/nav><\/div>\n<h2 class=\"wp-block-heading\" id=\"inscri\u00e7ao\"><span class=\"ez-toc-section\" id=\"Como_posso_realizar_minha_inscricao\"><\/span>Como posso realizar minha inscri\u00e7\u00e3o? <span class=\"ez-toc-section-end\"><\/span><\/h2>\n\n\n\n<p>As inscri\u00e7\u00f5es para o concurso da Prefeitura de Sim\u00e3o Dias j\u00e1 est\u00e3o abertas e podem ser realizadas at\u00e9 <strong>\u00e0s 23h59min do dia 7 de maio. <\/strong>Os interessados pelo certame podem realizar suas inscri\u00e7\u00f5es por meio do site da banca organizadora, o<a href=\"https:\/\/www.ibptec.org.br\/concursos\/publicacoes\/PREFEITURA+MUNICIPAL+DE+SIM%C3%83O+DIAS\/2\" target=\"_blank\" rel=\"noreferrer noopener\"> IBPTEC. <\/a><\/p>\n\n\n\n<p>As taxas de inscri\u00e7\u00e3o variam de acordo com o n\u00edvel do cargo escolhido, vejamos: <\/p>\n\n\n\n<ul>\n<li><strong>N\u00edvel M\u00e9dio\/T\u00e9cnico:<\/strong> R$ 85,00<\/li>\n\n\n\n<li><strong>N\u00edvel Superior: <\/strong>R$ 120,00<\/li>\n<\/ul>\n\n\n\n<p>O pagamento do boleto banc\u00e1rio deve ser realizado at\u00e9 o dia <strong>8 de maio. <\/strong><\/p>\n\n\n\n<p>Houve a oportunidade de solicitar a isen\u00e7\u00e3o dessas taxas, mas esse per\u00edodo j\u00e1 foi encerrado. <\/p>\n\n\n\n<h2 class=\"wp-block-heading\" id=\"vagas\"><span class=\"ez-toc-section\" id=\"Quais_vagas_estao_sendo_ofertadas_no_concurso_da_Prefeitura_de_Simao_Dias\"><\/span>Quais vagas est\u00e3o sendo ofertadas no concurso da Prefeitura de Sim\u00e3o Dias? <span class=\"ez-toc-section-end\"><\/span><\/h2>\n\n\n\n<p>A Prefeitura de Sim\u00e3o Dias est\u00e1 ofertando <strong>82 vagas imediatas <\/strong>para n\u00edvel m\u00e9dio, t\u00e9cnico e superior. Vejamos com mais detalhes: <\/p>\n\n\n\n<ul>\n<li><strong>M\u00e9dio\/T\u00e9cnico<\/strong>\n<ul>\n<li>Auxiliar (T\u00e9cnico) de Sa\u00fade Bucal (2)\n<ul>\n<li>R$ 1.412,00<\/li>\n<\/ul>\n<\/li>\n\n\n\n<li>T\u00e9cnico de Laborat\u00f3rio em An\u00e1lises Cl\u00ednicas (2)\n<ul>\n<li>R$ 1.412,00<\/li>\n<\/ul>\n<\/li>\n\n\n\n<li>Cuidador Escolar (20)\n<ul>\n<li>R$ 1.412,00<\/li>\n<\/ul>\n<\/li>\n\n\n\n<li>Guarda Municipal (11)\n<ul>\n<li>R$ 1.412,00<\/li>\n<\/ul>\n<\/li>\n\n\n\n<li>T\u00e9cnico em Seguran\u00e7a do Trabalho (CR)\n<ul>\n<li>R$ 1.800,00<\/li>\n<\/ul>\n<\/li>\n<\/ul>\n<\/li>\n\n\n\n<li><strong>Superior<\/strong>\n<ul>\n<li>Biom\u00e9dico (CR) \n<ul>\n<li>R$ 2.500,00<\/li>\n<\/ul>\n<\/li>\n\n\n\n<li>M\u00e9dico Cardiologista (1) &#8211; R$ 4.500,00\n<ul>\n<li>Cl\u00ednico Geral &#8211; Ambulatorial (2) &#8211; R$ 10.000,00<\/li>\n\n\n\n<li>Neurologista (1) &#8211; R$ 4.500,00<\/li>\n\n\n\n<li>Pediatra (1) &#8211; R$ 4.500,00<\/li>\n\n\n\n<li>PSF (5) &#8211; R$ 12.000,00<\/li>\n\n\n\n<li>Psiquiatria \u2013 Ambulatorial (1) &#8211; R$ 4.500,00<\/li>\n\n\n\n<li>Psiquiatria Ambulatorial \u2013 CAPS (1) &#8211; R$ 6.000,00<\/li>\n<\/ul>\n<\/li>\n\n\n\n<li>Assistente Social (1)\n<ul>\n<li>R$ 1.500,00<\/li>\n<\/ul>\n<\/li>\n\n\n\n<li>Arquiteto (CR)\n<ul>\n<li>R$ 2.500,00<\/li>\n<\/ul>\n<\/li>\n\n\n\n<li>Analista\/Engenheiro Ambiental (CR)\n<ul>\n<li>R$ 2.500,00<\/li>\n<\/ul>\n<\/li>\n\n\n\n<li>Engenheiro Agr\u00f4nomo (CR)\n<ul>\n<li>R$ 2.500,00<\/li>\n<\/ul>\n<\/li>\n\n\n\n<li>Engenheiro El\u00e9trico (CR)\n<ul>\n<li>R$ 2.500,00<\/li>\n<\/ul>\n<\/li>\n\n\n\n<li>Nutricionista (1) \n<ul>\n<li>R$ 1.500,00<\/li>\n<\/ul>\n<\/li>\n\n\n\n<li>Professor de Educa\u00e7\u00e3o Infantil e Ensino Fundamental (30)\n<ul>\n<li>R$ 4.580,57<\/li>\n<\/ul>\n<\/li>\n\n\n\n<li>Psicopedagogo (1)\n<ul>\n<li>R$ 2.000,00<\/li>\n<\/ul>\n<\/li>\n\n\n\n<li>Psic\u00f3logo (1)\n<ul>\n<li>R$ 1.500,00<\/li>\n<\/ul>\n<\/li>\n<\/ul>\n<\/li>\n<\/ul>\n\n\n\n<p>Os candidatos aprovados e admitidos pelo concurso dever\u00e3o cumprir uma jornada de trabalho que pode variar entre<strong> 8h, 20h, 30h ou 40h semanais. <\/strong><\/p>\n\n\n\n<h2 class=\"wp-block-heading\" id=\"requisitos\"><span class=\"ez-toc-section\" id=\"Quais_os_requisitos_para_a_investidura_dos_cargos_da_Prefeitura_de_Simao_Dias\"><\/span>Quais os requisitos para a investidura dos cargos da Prefeitura de Sim\u00e3o Dias? <span class=\"ez-toc-section-end\"><\/span><\/h2>\n\n\n\n<p>De acordo com o edital, esses s\u00e3o os requisitos b\u00e1sicos exigidos para a nomea\u00e7\u00e3o e posse dos cargos: <\/p>\n\n\n\n<ul>\n<li>Ser brasileiro, nos termos da Constitui\u00e7\u00e3o Federal;<\/li>\n\n\n\n<li>Ter completado 18 anos na data da posse;<\/li>\n\n\n\n<li>Estar em pleno exerc\u00edcio dos direitos pol\u00edticos;<\/li>\n\n\n\n<li><strong>Possuir a escolaridade exigida e demais requisitos para o exerc\u00edcio do cargo, conforme Anexo I deste Edital;<\/strong><\/li>\n\n\n\n<li>Declarar expressamente o exerc\u00edcio ou n\u00e3o de cargo, emprego ou fun\u00e7\u00e3o p\u00fablica nos \u00f3rg\u00e3os e entidades da Administra\u00e7\u00e3o P\u00fablica Estadual, Federal ou Municipal, para fins de verifica\u00e7\u00e3o do ac\u00famulo de cargos;<\/li>\n\n\n\n<li>A quita\u00e7\u00e3o com as obriga\u00e7\u00f5es eleitorais e militares;<\/li>\n\n\n\n<li>N\u00e3o haver sofrido san\u00e7\u00e3o impeditiva do exerc\u00edcio de cargo p\u00fablico;<\/li>\n\n\n\n<li>Ter sido aprovado e classificado no concurso p\u00fablico;<\/li>\n\n\n\n<li>Atender \u00e0s demais exig\u00eancias contidas neste Edital.<\/li>\n<\/ul>\n\n\n\n<h2 class=\"wp-block-heading\" id=\"etapas\"><span class=\"ez-toc-section\" id=\"Como_posso_me_preparar_para_as_etapas_de_selecao_do_concurso_da_Prefeitura_de_Simao_Dias\"><\/span>Como posso me preparar para as etapas de sele\u00e7\u00e3o do concurso da Prefeitura de Sim\u00e3o Dias? <span class=\"ez-toc-section-end\"><\/span><\/h2>\n\n\n\n<p>Os candidatos ao concurso da Prefeitura de Sim\u00e3o Dias ser\u00e3o avaliados por meio das seguintes etapas de sele\u00e7\u00e3o: <\/p>\n\n\n\n<ul>\n<li><strong>Prova Objetiva<\/strong>, de car\u00e1ter eliminat\u00f3rio e classificat\u00f3rio, <em>para todos os cargos<\/em>. <\/li>\n\n\n\n<li><strong>Prova de T\u00edtulos<\/strong>, de car\u00e1ter classificat\u00f3rio, <em>para cargos de n\u00edvel superior<\/em>. <\/li>\n\n\n\n<li><strong>Teste de Aptid\u00e3o F\u00edsica,<\/strong> de car\u00e1ter eliminat\u00f3rio, <em>para o cargo de Guarda Municipal. <\/em><\/li>\n\n\n\n<li><strong>Avalia\u00e7\u00e3o Psicol\u00f3gica,<\/strong> de car\u00e1ter eliminat\u00f3rio, <em>para o cargo de Guarda Municipal.<\/em> <\/li>\n<\/ul>\n\n\n\n<h3 class=\"wp-block-heading\">Prova Objetiva<\/h3>\n\n\n\n<p>A prova objetiva ser\u00e1 realizada no dia <strong>16 de junho,<\/strong> em hor\u00e1rios e locais a seram divulgados pela banca organizadora. Essa avalia\u00e7\u00e3o ter\u00e1 dura\u00e7\u00e3o de<strong> 4 horas. <\/strong><\/p>\n\n\n\n<p>A prova ser\u00e1 composta de<strong> 40 quest\u00f5es<\/strong> versadas nas seguintes disciplinas: <\/p>\n\n\n\n<ul>\n<li><strong>Todos os cargos (m\u00e9dio, t\u00e9cnico e superior)<\/strong>\n<ul>\n<li>L\u00edngua Portuguesa &#8211; 15 quest\u00f5es<\/li>\n\n\n\n<li>No\u00e7\u00f5es de Inform\u00e1tica &#8211; 5 quest\u00f5es<\/li>\n\n\n\n<li>Conhecimentos Gerais e Atualidades &#8211; 5 quest\u00f5es<\/li>\n\n\n\n<li>Conhecimentos Espec\u00edficos &#8211; 15 quest\u00f5es<\/li>\n<\/ul>\n<\/li>\n<\/ul>\n\n\n\n<p>O candidato dever\u00e1 obter <strong>50%<\/strong> ou mais do total de pontos previstos na prova objetiva e n\u00e3o zerar nenhuma \u00e1rea de conhecimento para n\u00e3o ser eliminado do concurso. <\/p>\n\n\n\n<h3 class=\"wp-block-heading\">Prova de T\u00edtulos<\/h3>\n\n\n\n<p>A prova de t\u00edtulos est\u00e1 prevista para acontecer dia <strong>14 de julho<\/strong>, os hor\u00e1rios e locais ser\u00e3o divulgados pela banca organizadora no Edital de Convoca\u00e7\u00e3o. <\/p>\n\n\n\n<p>O envio dos documentos ser\u00e1 feito de maneira online. <\/p>\n\n\n\n<p>Assim ir\u00e1 funcionar a contagem de pontos: <\/p>\n\n\n\n<ul>\n<li>Especializa\u00e7\u00e3o &#8211; 2,0 pontos<\/li>\n\n\n\n<li>Mestrado &#8211; 3,0 pontos<\/li>\n\n\n\n<li>Doutorado &#8211; 5,0 pontos<\/li>\n<\/ul>\n\n\n\n<p>A prova de t\u00edtulos ser\u00e1 avaliada numa escala de <strong>0 a 10 pontos. <\/strong><\/p>\n\n\n\n<h3 class=\"wp-block-heading\">Teste de Aptid\u00e3o F\u00edsica<\/h3>\n\n\n\n<p>Esta etapa do concurso ser\u00e1 aplicada somente ao cargo de Guarda Municipal. O teste de aptid\u00e3o f\u00edsica tamb\u00e9m est\u00e1 previsto para acontecer no dia <strong>14 de julho. <\/strong><\/p>\n\n\n\n<p>Ser\u00e3o cobradas as seguintes atividades: <\/p>\n\n\n\n<ul>\n<li>Extens\u00e3o de cotovelos em apoio de frente ao solo em quatro apoios (sexo masculino)<\/li>\n\n\n\n<li>Flexo-extens\u00e3o de cotovelos em apoio de frente ao solo em seis apoios (sexo feminino)<\/li>\n\n\n\n<li>Teste de impuls\u00e3o horizontal <\/li>\n\n\n\n<li>Corridas <\/li>\n<\/ul>\n\n\n\n<p><\/p>\n\n\n\n<p>Ser\u00e1 considerado<strong> \u201cApto\u201d <\/strong>no TAF o candidato que atingir a performance m\u00ednima nos testes realizados.<\/p>\n\n\n\n<p><strong>Boa prova e bons estudos!! <\/strong><\/p>\n","protected":false},"excerpt":{"rendered":"<p>Ol\u00e1, concurseiros! A Prefeitura de Sim\u00e3o Dias, no estado de Sergipe, divulgou um novo edital com 82 vagas imediatas, al\u00e9m da forma\u00e7\u00e3o de cadastro reserva, para cargos de n\u00edvel m\u00e9dio, t\u00e9cnico e superior. As remunera\u00e7\u00f5es chamam a aten\u00e7\u00e3o, j\u00e1 que podem chegar at\u00e9 R$ 12 mil! Se interessou pelo certame? Venha saber mais!! Como posso realizar minha inscri\u00e7\u00e3o? As inscri\u00e7\u00f5es para o concurso da Prefeitura de Sim\u00e3o Dias j\u00e1 est\u00e3o abertas e podem ser realizadas at\u00e9 \u00e0s 23h59min do dia 7 de maio. Os interessados pelo certame podem realizar suas inscri\u00e7\u00f5es por meio do site da banca organizadora, o IBPTEC&#8230;.<\/p>\n","protected":false},"author":21,"featured_media":42221,"template":"","meta":{"_acf_changed":false,"rank_math_lock_modified_date":false},"categories":[],"tags":[],"acf":[],"_links":{"self":[{"href":"https:\/\/www.editorasolucao.com.br\/blog\/wp-json\/wp\/v2\/concurso\/42218"}],"collection":[{"href":"https:\/\/www.editorasolucao.com.br\/blog\/wp-json\/wp\/v2\/concurso"}],"about":[{"href":"https:\/\/www.editorasolucao.com.br\/blog\/wp-json\/wp\/v2\/types\/concurso"}],"author":[{"embeddable":true,"href":"https:\/\/www.editorasolucao.com.br\/blog\/wp-json\/wp\/v2\/users\/21"}],"wp:featuredmedia":[{"embeddable":true,"href":"https:\/\/www.editorasolucao.com.br\/blog\/wp-json\/wp\/v2\/media\/42221"}],"wp:attachment":[{"href":"https:\/\/www.editorasolucao.com.br\/blog\/wp-json\/wp\/v2\/media?parent=42218"}],"wp:term":[{"taxonomy":"category","embeddable":true,"href":"https:\/\/www.editorasolucao.com.br\/blog\/wp-json\/wp\/v2\/categories?post=42218"},{"taxonomy":"post_tag","embeddable":true,"href":"https:\/\/www.editorasolucao.com.br\/blog\/wp-json\/wp\/v2\/tags?post=42218"}],"curies":[{"name":"wp","href":"https:\/\/api.w.org\/{rel}","templated":true}]}}