{"id":42463,"date":"2024-04-26T14:07:44","date_gmt":"2024-04-26T17:07:44","guid":{"rendered":"https:\/\/www.editorasolucao.com.br\/blog\/?post_type=concurso&#038;p=42463"},"modified":"2024-04-26T14:07:46","modified_gmt":"2024-04-26T17:07:46","slug":"camara-de-queimadas-ba","status":"publish","type":"concurso","link":"https:\/\/www.editorasolucao.com.br\/blog\/concurso\/camara-de-queimadas-ba","title":{"rendered":"Concurso C\u00e2mara de Queimadas: Inscri\u00e7\u00f5es abertas para diversos n\u00edveis!"},"content":{"rendered":"\n<p>Est\u00e3o abertas as inscri\u00e7\u00f5es do <strong>concurso C\u00e2mara de Queimadas<\/strong>, no estado da Bahia, com a oferta de 15 vagas imediatas para cargos de n\u00edveis fundamental, m\u00e9dio e superior de escolaridade. Ficou interessado(a)? Confira os demais detalhes no decorrer da not\u00edcia. \ud83d\ude09<\/p>\n\n\n\n<div id=\"ez-toc-container\" class=\"ez-toc-v2_0_69_1 counter-hierarchy ez-toc-counter ez-toc-grey ez-toc-container-direction\">\n<div class=\"ez-toc-title-container\">\n<p class=\"ez-toc-title \" >Menu de navega&ccedil;&atilde;o<\/p>\n<span class=\"ez-toc-title-toggle\"><a href=\"#\" class=\"ez-toc-pull-right ez-toc-btn ez-toc-btn-xs ez-toc-btn-default ez-toc-toggle\" aria-label=\"Toggle Table of Content\"><span class=\"ez-toc-js-icon-con\"><span class=\"\"><span class=\"eztoc-hide\" style=\"display:none;\">Toggle<\/span><span class=\"ez-toc-icon-toggle-span\"><svg style=\"fill: #999;color:#999\" xmlns=\"http:\/\/www.w3.org\/2000\/svg\" class=\"list-377408\" width=\"20px\" height=\"20px\" viewBox=\"0 0 24 24\" fill=\"none\"><path d=\"M6 6H4v2h2V6zm14 0H8v2h12V6zM4 11h2v2H4v-2zm16 0H8v2h12v-2zM4 16h2v2H4v-2zm16 0H8v2h12v-2z\" fill=\"currentColor\"><\/path><\/svg><svg style=\"fill: #999;color:#999\" class=\"arrow-unsorted-368013\" xmlns=\"http:\/\/www.w3.org\/2000\/svg\" width=\"10px\" height=\"10px\" viewBox=\"0 0 24 24\" version=\"1.2\" baseProfile=\"tiny\"><path d=\"M18.2 9.3l-6.2-6.3-6.2 6.3c-.2.2-.3.4-.3.7s.1.5.3.7c.2.2.4.3.7.3h11c.3 0 .5-.1.7-.3.2-.2.3-.5.3-.7s-.1-.5-.3-.7zM5.8 14.7l6.2 6.3 6.2-6.3c.2-.2.3-.5.3-.7s-.1-.5-.3-.7c-.2-.2-.4-.3-.7-.3h-11c-.3 0-.5.1-.7.3-.2.2-.3.5-.3.7s.1.5.3.7z\"\/><\/svg><\/span><\/span><\/span><\/a><\/span><\/div>\n<nav><ul class='ez-toc-list ez-toc-list-level-1 ' ><li class='ez-toc-page-1 ez-toc-heading-level-2'><a class=\"ez-toc-link ez-toc-heading-1\" href=\"https:\/\/www.editorasolucao.com.br\/blog\/concurso\/camara-de-queimadas-ba\/#Como_fazer_minha_inscricao_no_concurso_Camara_de_Queimadas\" title=\"Como fazer minha inscri\u00e7\u00e3o no concurso C\u00e2mara de Queimadas?\">Como fazer minha inscri\u00e7\u00e3o no concurso C\u00e2mara de Queimadas?<\/a><\/li><li class='ez-toc-page-1 ez-toc-heading-level-2'><a class=\"ez-toc-link ez-toc-heading-2\" href=\"https:\/\/www.editorasolucao.com.br\/blog\/concurso\/camara-de-queimadas-ba\/#Quais_sao_os_cargos_ofertados_no_concurso_Camara_de_Queimadas_%E2%80%93_BA\" title=\"Quais s\u00e3o os cargos ofertados no concurso C\u00e2mara de Queimadas &#8211; BA?\">Quais s\u00e3o os cargos ofertados no concurso C\u00e2mara de Queimadas &#8211; BA?<\/a><\/li><li class='ez-toc-page-1 ez-toc-heading-level-2'><a class=\"ez-toc-link ez-toc-heading-3\" href=\"https:\/\/www.editorasolucao.com.br\/blog\/concurso\/camara-de-queimadas-ba\/#Quais_sao_os_requisitos_para_participar_do_concurso_Camara_de_Queimadas-BA\" title=\"Quais s\u00e3o os requisitos para participar do concurso C\u00e2mara de Queimadas-BA?\">Quais s\u00e3o os requisitos para participar do concurso C\u00e2mara de Queimadas-BA?<\/a><\/li><li class='ez-toc-page-1 ez-toc-heading-level-2'><a class=\"ez-toc-link ez-toc-heading-4\" href=\"https:\/\/www.editorasolucao.com.br\/blog\/concurso\/camara-de-queimadas-ba\/#Como_serao_as_provas_do_concurso_Camara_de_Queimadas\" title=\"Como ser\u00e3o as provas do concurso C\u00e2mara de Queimadas?\">Como ser\u00e3o as provas do concurso C\u00e2mara de Queimadas?<\/a><\/li><\/ul><\/nav><\/div>\n<h2 class=\"wp-block-heading\"><span class=\"ez-toc-section\" id=\"Como_fazer_minha_inscricao_no_concurso_Camara_de_Queimadas\"><\/span>Como fazer minha inscri\u00e7\u00e3o no concurso C\u00e2mara de Queimadas?<span class=\"ez-toc-section-end\"><\/span><\/h2>\n\n\n\n<p>As inscri\u00e7\u00f5es para o certame j\u00e1 podem ser realizadas por meio do site da banca organizadora, <a href=\"https:\/\/concursos.ibecconquista.com.br\/informacoes\/81\/\" target=\"_blank\" rel=\"noopener\">IBEC<\/a> (Instituto Brasileiro Educar Conquista), <strong>at\u00e9 o dia 8 de maio de 2024<\/strong>.<\/p>\n\n\n\n<p>Para que a inscri\u00e7\u00e3o seja efetivada \u00e9 necess\u00e1rio que o candidato efetue o pagamento de uma taxa no valor referente ao n\u00edvel de escolaridade do cargo pretendido:<\/p>\n\n\n\n<ul>\n<li>N\u00edvel fundamental: <strong>R$ 43,50<\/strong><\/li>\n\n\n\n<li>N\u00edvel m\u00e9dio: <strong>R$ 71,25<\/strong><\/li>\n\n\n\n<li>N\u00edvel superior: <strong>R$ 91,25<\/strong><\/li>\n<\/ul>\n\n\n\n<p>Houve a possibilidade de solicitar a isen\u00e7\u00e3o da taxa de participa\u00e7\u00e3o para os candidatos que se adequassem a uma das seguintes condi\u00e7\u00f5es:<\/p>\n\n\n\n<ol>\n<li>cidad\u00e3o amparado pelo Decreto Federal n\u00ba 6.593 de 02 de outubro de 2008, que estiver inscrito no Cadastro \u00danico para Programas Sociais do Governo Federal (Cadastro \u00danico) e que for membro de fam\u00edlia de baixa renda, nos termos do Decreto Federal n\u00ba 6.135, de 26 de junho de 2007.<\/li>\n\n\n\n<li>cidad\u00e3o enquadrado na Lei Federal n\u00ba 13.656\/2018, que trata sobre a isen\u00e7\u00e3o dos pagamentos para candidatos doadores de medula \u00f3ssea.<\/li>\n<\/ol>\n\n\n\n<p>O per\u00edodo para realizar a solicita\u00e7\u00e3o de isen\u00e7\u00e3o da taxa de inscri\u00e7\u00e3o j\u00e1 foi <strong>encerrado<\/strong>.<\/p>\n\n\n\n<h2 class=\"wp-block-heading\"><span class=\"ez-toc-section\" id=\"Quais_sao_os_cargos_ofertados_no_concurso_Camara_de_Queimadas_%E2%80%93_BA\"><\/span>Quais s\u00e3o os cargos ofertados no concurso C\u00e2mara de Queimadas &#8211; BA?<span class=\"ez-toc-section-end\"><\/span><\/h2>\n\n\n\n<p>Segundo o edital, ao todo est\u00e3o sendo ofertadas <strong>14 vagas imediatas<\/strong> para cargos de n\u00edveis fundamental, m\u00e9dio e superior de escolaridade. Confira os cargos ofertados, a distribui\u00e7\u00e3o das vagas e os sal\u00e1rios:<\/p>\n\n\n\n<h3 class=\"wp-block-heading\">N\u00edvel fundamental<\/h3>\n\n\n\n<ol>\n<li>Motorista (03) \n<ul>\n<li>R$ 1.980,00<\/li>\n<\/ul>\n<\/li>\n\n\n\n<li>Auxiliar de Servi\u00e7os Gerais (03) \n<ul>\n<li>R$ 1.412,00<\/li>\n<\/ul>\n<\/li>\n\n\n\n<li>Recepcionista (02) \n<ul>\n<li>R$ 1.412,00<\/li>\n<\/ul>\n<\/li>\n<\/ol>\n\n\n\n<h3 class=\"wp-block-heading\">N\u00edvel m\u00e9dio<\/h3>\n\n\n\n<ol>\n<li>Auxiliar Administrativo (02) \n<ul>\n<li>R$ 1.980,00<\/li>\n<\/ul>\n<\/li>\n<\/ol>\n\n\n\n<h3 class=\"wp-block-heading\">N\u00edvel superior<\/h3>\n\n\n\n<ol>\n<li>Agente Administrativo (03) \n<ul>\n<li>R$ 2.640,00<\/li>\n<\/ul>\n<\/li>\n\n\n\n<li>Secret\u00e1rio (01) \n<ul>\n<li>R$ 2.640,00<\/li>\n<\/ul>\n<\/li>\n<\/ol>\n\n\n\n<p>A jornada de trabalho \u00e9 de 30 horas semanais para todos os cargos pretendidos.<\/p>\n\n\n\n<h2 class=\"wp-block-heading\"><span class=\"ez-toc-section\" id=\"Quais_sao_os_requisitos_para_participar_do_concurso_Camara_de_Queimadas-BA\"><\/span>Quais s\u00e3o os requisitos para participar do concurso C\u00e2mara de Queimadas-BA?<span class=\"ez-toc-section-end\"><\/span><\/h2>\n\n\n\n<p>Para que o candidato tome posse do cargo pretendido no<strong> concurso C\u00e2mara de Queimadas<\/strong> \u00e9 necess\u00e1rio cumprir as seguintes exig\u00eancias;<\/p>\n\n\n\n<ul>\n<li>Possuir o requisito exigido de acordo com o cargo concorrido;<\/li>\n\n\n\n<li>Ter sido aprovado em todas as etapas do concurso p\u00fablico objeto do presente edital;<\/li>\n\n\n\n<li>Ter nacionalidade brasileira ou portuguesa e, no caso de nacionalidade portuguesa, estar amparado pelo Estatuto de igualdade entre brasileiros e portugueses, com reconhecimento do gozo dos direitos pol\u00edticos, nos termos do \u00a7 1\u00ba do artigo 12 da Constitui\u00e7\u00e3o Federal;<\/li>\n\n\n\n<li>Ter idade m\u00ednima de 18 anos completos;<\/li>\n\n\n\n<li>Estar em pleno gozo e exerc\u00edcio dos direitos pol\u00edticos;<\/li>\n\n\n\n<li>Estar em dia com as obriga\u00e7\u00f5es eleitorais;<\/li>\n\n\n\n<li>Estar em dia com os deveres do Servi\u00e7o Militar para os candidatos do sexo masculino;<\/li>\n\n\n\n<li>Possuir aptid\u00e3o f\u00edsica e mental para o exerc\u00edcio das atribui\u00e7\u00f5es do cargo;<\/li>\n\n\n\n<li>Possuir idoneidade moral, comprovada pela inexist\u00eancia de antecedentes criminais, atestados por certid\u00f5es negativas expedidas por \u00f3rg\u00e3os policiais e judiciais, estaduais e federais;<\/li>\n\n\n\n<li>N\u00e3o ter perdido cargo eletivo de governador e de vice-governador do Estado e de prefeito e de vice prefeito, por infring\u00eancia ao dispositivo da Constitui\u00e7\u00e3o Estadual ou da Lei Org\u00e2nica do Munic\u00edpio, nos \u00faltimos 08 anos;<\/li>\n\n\n\n<li>N\u00e3o ter contra si representa\u00e7\u00e3o julgada procedente pela Justi\u00e7a Eleitoral em decis\u00e3o transitada em julgado, em processo de apura\u00e7\u00e3o de abuso de poder econ\u00f4mico ou pol\u00edtico nos \u00faltimos 08 anos;<\/li>\n\n\n\n<li>N\u00e3o ter contra si decis\u00e3o condenat\u00f3ria transitada em julgado ou proferida por \u00f3rg\u00e3o judicial colegiado, desde a condena\u00e7\u00e3o at\u00e9 o transcurso do prazo de 08 anos ap\u00f3s o cumprimento da pena pelos crimes:\n<ul>\n<li>Contra a economia popular, a f\u00e9 p\u00fablica, a administra\u00e7\u00e3o p\u00fablica e o patrim\u00f4nio p\u00fablico;<\/li>\n\n\n\n<li>Contra o patrim\u00f4nio privado, o sistema financeiro, o mercado de capitais e os previstos na lei que regula a fal\u00eancia;<\/li>\n\n\n\n<li>Contra o meio ambiente e a sa\u00fade p\u00fablica;<\/li>\n\n\n\n<li>Eleitorais, para os quais a lei comine pena privativa de liberdade;<\/li>\n\n\n\n<li>De abuso de autoridade, nos casos em que houver condena\u00e7\u00e3o a perda do cargo ou a inabilita\u00e7\u00e3o para o exerc\u00edcio do cargo p\u00fablico;<\/li>\n\n\n\n<li>De lavagem ou oculta\u00e7\u00e3o de bens, direitos e valores;<\/li>\n\n\n\n<li>De tr\u00e1fico de entorpecentes e drogas afins, racismo, tortura, terrorismo e hediondos;<\/li>\n\n\n\n<li>De redu\u00e7\u00e3o \u00e0 condi\u00e7\u00e3o an\u00e1loga a de escravo;<\/li>\n\n\n\n<li>Contra a vida e a dignidade sexual; e <\/li>\n\n\n\n<li>Praticados por organiza\u00e7\u00e3o criminosa, quadrilha ou bando.<\/li>\n<\/ul>\n<\/li>\n\n\n\n<li>N\u00e3o ter contra si decreta\u00e7\u00e3o da suspens\u00e3o dos direitos pol\u00edticos, em decis\u00e3o transitada em julgado ou por \u00f3rg\u00e3o judicial colegiado, por ato doloso e de improbidade administrativa que importe les\u00e3o ao patrim\u00f4nio p\u00fablico e enriquecimento il\u00edcito, desde a condena\u00e7\u00e3o ou o tr\u00e2nsito em julgado at\u00e9 o transcurso do prazo de 08 anos ap\u00f3s o cumprimento da pena;<\/li>\n\n\n\n<li>N\u00e3o ter sido exclu\u00eddo do exerc\u00edcio da profiss\u00e3o, por decis\u00e3o sancionat\u00f3ria do \u00f3rg\u00e3o profissional competente, em decorr\u00eancia de infra\u00e7\u00e3o \u00e9tico-profissional, pelo prazo de 08 anos, salvo se o ato houver sido anulado ou suspenso pelo Poder Judici\u00e1rio;<\/li>\n\n\n\n<li>N\u00e3o ter sido demitido do servi\u00e7o p\u00fablico em decorr\u00eancia de processo administrativo ou judicial, pelo prazo de 08 anos, contados da decis\u00e3o, salvo se o ato houver sido suspenso ou anulado pelo Poder Judici\u00e1rio;<\/li>\n\n\n\n<li>No caso de Magistrado e de membro do Minist\u00e9rio P\u00fablico, que n\u00e3o tenha sido aposentado compulsoriamente por decis\u00e3o sancionat\u00f3ria, que n\u00e3o tenha perdido o cargo por senten\u00e7a ou que n\u00e3o tenha pedido exonera\u00e7\u00e3o ou aposentadoria volunt\u00e1ria na pend\u00eancia de processo administrativo disciplinar, pelo prazo de 08 anos;<\/li>\n\n\n\n<li>Apresentar declara\u00e7\u00e3o de n\u00e3o acumula\u00e7\u00e3o de cargos, empregos e fun\u00e7\u00f5es p\u00fablicas, exceto aqueles permitidos pelo artigo 37 da Constitui\u00e7\u00e3o Federal.<\/li>\n\n\n\n<li>Apresentar os documentos comprobat\u00f3rios de escolaridade e dos pr\u00e9-requisitos previstos e demais documentos constantes no subitem 15.3 deste Edital;<\/li>\n\n\n\n<li>Cumprir as determina\u00e7\u00f5es deste Edital;<\/li>\n\n\n\n<li>Outras exig\u00eancias estabelecidas em lei, que poder\u00e3o ser solicitadas para o desempenho das atribui\u00e7\u00f5es do cargo.<\/li>\n<\/ul>\n\n\n\n<h2 class=\"wp-block-heading\"><span class=\"ez-toc-section\" id=\"Como_serao_as_provas_do_concurso_Camara_de_Queimadas\"><\/span>Como ser\u00e3o as provas do concurso C\u00e2mara de Queimadas?<span class=\"ez-toc-section-end\"><\/span><\/h2>\n\n\n\n<p>O certame ser\u00e1 composto pelas seguintes etapas de sele\u00e7\u00e3o:<\/p>\n\n\n\n<ol>\n<li><strong>Prova objetiva<\/strong> &#8211; de car\u00e1ter <em>classificat\u00f3rio <\/em>e <em>eliminat\u00f3rio<\/em><\/li>\n\n\n\n<li><strong>Prova pr\u00e1tica<\/strong> &#8211; de car\u00e1ter <em>classificat\u00f3rio<\/em> e <em>eliminat\u00f3rio<\/em>\n<ul>\n<li>Somente para o cargo de Motorista<\/li>\n<\/ul>\n<\/li>\n<\/ol>\n\n\n\n<h3 class=\"wp-block-heading\">Prova objetiva<\/h3>\n\n\n\n<p>Essa etapa est\u00e1 prevista para ser realizada no dia <strong>2 de junho de 2024<\/strong>, onde os candidatos ter\u00e3o o tempo m\u00e1ximo de 03 horas para realizar o exame.<\/p>\n\n\n\n<p>A avalia\u00e7\u00e3o ser\u00e1 composta por <strong>40 quest\u00f5es de m\u00faltipla escolha<\/strong> que ser\u00e3o versadas nas seguintes disciplinas:<\/p>\n\n\n\n<ol>\n<li>L\u00edngua Portuguesa (10)<\/li>\n\n\n\n<li>Conhecimentos Gerais e Legisla\u00e7\u00e3o Municipal (05)<\/li>\n\n\n\n<li>Matem\u00e1tica e Racioc\u00ednio L\u00f3gico (05)<\/li>\n\n\n\n<li>Conhecimentos Espec\u00edficos (20)<\/li>\n<\/ol>\n\n\n\n<p>A prova ter\u00e1 a pontua\u00e7\u00e3o m\u00e1xima de 100 pontos, sendo considerado aprovado o candidato que obtiver no m\u00ednimo 50% do total de pontos e n\u00e3o zerar em qualquer uma das disciplinas.<\/p>\n\n\n\n<h3 class=\"wp-block-heading\">Prova pr\u00e1tica<\/h3>\n\n\n\n<p>Essa fase consistir\u00e1 em <strong>duas etapas<\/strong>, s\u00e3o elas:<\/p>\n\n\n\n<ol>\n<li>Estacionar o ve\u00edculo na vaga delimitada &#8211; de 01 a 03 minutos.<\/li>\n\n\n\n<li>Conduzir o ve\u00edculo em via p\u00fablica, urbana ou rural;\n<ul>\n<li>O candidato dever\u00e1 conduzir o ve\u00edculo por vias p\u00fablicas, sendo avaliado mediante os crit\u00e9rios a seguir:\n<ul>\n<li>Conhecimento pr\u00e1tico e destreza na execu\u00e7\u00e3o das atividades;<\/li>\n\n\n\n<li>Habilidade no desenvolvimento das atividades comuns \u00e0 fun\u00e7\u00e3o;<\/li>\n\n\n\n<li>Agilidade na execu\u00e7\u00e3o das atividades;<\/li>\n\n\n\n<li>Racioc\u00ednio l\u00f3gico e de percep\u00e7\u00e3o.<\/li>\n<\/ul>\n<\/li>\n<\/ul>\n<\/li>\n<\/ol>\n\n\n\n<p>A prova ter\u00e1 pontua\u00e7\u00e3o m\u00e1xima de 10 pontos, sendo considerado aprovado o candidato que atingir no m\u00ednimo 6 pontos na avalia\u00e7\u00e3o.<\/p>\n\n\n\n<p>O concurso p\u00fablico ter\u00e1 <strong>validade <\/strong>de dois anos, a contar da data de publica\u00e7\u00e3o da homologa\u00e7\u00e3o do resultado, podendo ser prorrogado, uma \u00fanica vez, por igual per\u00edodo, a crit\u00e9rio da C\u00e2mara Municipal.<\/p>\n\n\n\n<p><strong>Bons estudos e boa prova!!!<\/strong><\/p>\n","protected":false},"excerpt":{"rendered":"<p>Est\u00e3o abertas as inscri\u00e7\u00f5es do concurso C\u00e2mara de Queimadas, no estado da Bahia, com a oferta de 15 vagas imediatas para cargos de n\u00edveis fundamental, m\u00e9dio e superior de escolaridade. Ficou interessado(a)? Confira os demais detalhes no decorrer da not\u00edcia. \ud83d\ude09 Como fazer minha inscri\u00e7\u00e3o no concurso C\u00e2mara de Queimadas? As inscri\u00e7\u00f5es para o certame j\u00e1 podem ser realizadas por meio do site da banca organizadora, IBEC (Instituto Brasileiro Educar Conquista), at\u00e9 o dia 8 de maio de 2024. Para que a inscri\u00e7\u00e3o seja efetivada \u00e9 necess\u00e1rio que o candidato efetue o pagamento de uma taxa no valor referente ao&#8230;<\/p>\n","protected":false},"author":18,"featured_media":42465,"template":"","meta":{"_acf_changed":true,"rank_math_lock_modified_date":false},"categories":[],"tags":[],"acf":[],"_links":{"self":[{"href":"https:\/\/www.editorasolucao.com.br\/blog\/wp-json\/wp\/v2\/concurso\/42463"}],"collection":[{"href":"https:\/\/www.editorasolucao.com.br\/blog\/wp-json\/wp\/v2\/concurso"}],"about":[{"href":"https:\/\/www.editorasolucao.com.br\/blog\/wp-json\/wp\/v2\/types\/concurso"}],"author":[{"embeddable":true,"href":"https:\/\/www.editorasolucao.com.br\/blog\/wp-json\/wp\/v2\/users\/18"}],"wp:featuredmedia":[{"embeddable":true,"href":"https:\/\/www.editorasolucao.com.br\/blog\/wp-json\/wp\/v2\/media\/42465"}],"wp:attachment":[{"href":"https:\/\/www.editorasolucao.com.br\/blog\/wp-json\/wp\/v2\/media?parent=42463"}],"wp:term":[{"taxonomy":"category","embeddable":true,"href":"https:\/\/www.editorasolucao.com.br\/blog\/wp-json\/wp\/v2\/categories?post=42463"},{"taxonomy":"post_tag","embeddable":true,"href":"https:\/\/www.editorasolucao.com.br\/blog\/wp-json\/wp\/v2\/tags?post=42463"}],"curies":[{"name":"wp","href":"https:\/\/api.w.org\/{rel}","templated":true}]}}