{"id":42469,"date":"2024-04-29T08:36:55","date_gmt":"2024-04-29T11:36:55","guid":{"rendered":"https:\/\/www.editorasolucao.com.br\/blog\/?post_type=concurso&#038;p=42469"},"modified":"2024-05-02T13:14:18","modified_gmt":"2024-05-02T16:14:18","slug":"prefeitura-de-alem-paraiba-mg","status":"publish","type":"concurso","link":"https:\/\/www.editorasolucao.com.br\/blog\/concurso\/prefeitura-de-alem-paraiba-mg","title":{"rendered":"Concurso Prefeitura de Al\u00e9m Para\u00edba: Mais de 210 vagas para SME!"},"content":{"rendered":"\n<p>Foi publicado o edital do <strong>concurso Prefeitura de Al\u00e9m Para\u00edba<\/strong>, no estado de Minas Gerais, com a oferta de 214 vagas imediatas para a Secretaria Municipal de Educa\u00e7\u00e3o. Ficou interessado(a)? Fique e confira os demais detalhes no decorrer da not\u00edcia! \ud83e\udd29<\/p>\n\n\n\n<div id=\"ez-toc-container\" class=\"ez-toc-v2_0_69_1 counter-hierarchy ez-toc-counter ez-toc-grey ez-toc-container-direction\">\n<div class=\"ez-toc-title-container\">\n<p class=\"ez-toc-title \" >Menu de navega&ccedil;&atilde;o<\/p>\n<span class=\"ez-toc-title-toggle\"><a href=\"#\" class=\"ez-toc-pull-right ez-toc-btn ez-toc-btn-xs ez-toc-btn-default ez-toc-toggle\" aria-label=\"Toggle Table of Content\"><span class=\"ez-toc-js-icon-con\"><span class=\"\"><span class=\"eztoc-hide\" style=\"display:none;\">Toggle<\/span><span class=\"ez-toc-icon-toggle-span\"><svg style=\"fill: #999;color:#999\" xmlns=\"http:\/\/www.w3.org\/2000\/svg\" class=\"list-377408\" width=\"20px\" height=\"20px\" viewBox=\"0 0 24 24\" fill=\"none\"><path d=\"M6 6H4v2h2V6zm14 0H8v2h12V6zM4 11h2v2H4v-2zm16 0H8v2h12v-2zM4 16h2v2H4v-2zm16 0H8v2h12v-2z\" fill=\"currentColor\"><\/path><\/svg><svg style=\"fill: #999;color:#999\" class=\"arrow-unsorted-368013\" xmlns=\"http:\/\/www.w3.org\/2000\/svg\" width=\"10px\" height=\"10px\" viewBox=\"0 0 24 24\" version=\"1.2\" baseProfile=\"tiny\"><path d=\"M18.2 9.3l-6.2-6.3-6.2 6.3c-.2.2-.3.4-.3.7s.1.5.3.7c.2.2.4.3.7.3h11c.3 0 .5-.1.7-.3.2-.2.3-.5.3-.7s-.1-.5-.3-.7zM5.8 14.7l6.2 6.3 6.2-6.3c.2-.2.3-.5.3-.7s-.1-.5-.3-.7c-.2-.2-.4-.3-.7-.3h-11c-.3 0-.5.1-.7.3-.2.2-.3.5-.3.7s.1.5.3.7z\"\/><\/svg><\/span><\/span><\/span><\/a><\/span><\/div>\n<nav><ul class='ez-toc-list ez-toc-list-level-1 ' ><li class='ez-toc-page-1 ez-toc-heading-level-2'><a class=\"ez-toc-link ez-toc-heading-1\" href=\"https:\/\/www.editorasolucao.com.br\/blog\/concurso\/prefeitura-de-alem-paraiba-mg\/#Como_as_inscricoes_do_concurso_Prefeitura_de_Alem_Paraiba_poderao_ser_realizadas\" title=\"Como as inscri\u00e7\u00f5es do concurso Prefeitura de Al\u00e9m Para\u00edba poder\u00e3o ser realizadas?\">Como as inscri\u00e7\u00f5es do concurso Prefeitura de Al\u00e9m Para\u00edba poder\u00e3o ser realizadas?<\/a><\/li><li class='ez-toc-page-1 ez-toc-heading-level-2'><a class=\"ez-toc-link ez-toc-heading-2\" href=\"https:\/\/www.editorasolucao.com.br\/blog\/concurso\/prefeitura-de-alem-paraiba-mg\/#Quantas_vagas_estao_sendo_ofertadas_no_concurso_Prefeitura_de_Alem_Paraiba_%E2%80%93_MG\" title=\"Quantas vagas est\u00e3o sendo ofertadas no concurso Prefeitura de Al\u00e9m Para\u00edba &#8211; MG?\">Quantas vagas est\u00e3o sendo ofertadas no concurso Prefeitura de Al\u00e9m Para\u00edba &#8211; MG?<\/a><\/li><li class='ez-toc-page-1 ez-toc-heading-level-2'><a class=\"ez-toc-link ez-toc-heading-3\" href=\"https:\/\/www.editorasolucao.com.br\/blog\/concurso\/prefeitura-de-alem-paraiba-mg\/#Quais_sao_os_requisitos_para_participar_do_concurso_Prefeitura_de_Alem_Paraiba-MG\" title=\"Quais s\u00e3o os requisitos para participar do concurso Prefeitura de Al\u00e9m Para\u00edba-MG?\">Quais s\u00e3o os requisitos para participar do concurso Prefeitura de Al\u00e9m Para\u00edba-MG?<\/a><\/li><li class='ez-toc-page-1 ez-toc-heading-level-2'><a class=\"ez-toc-link ez-toc-heading-4\" href=\"https:\/\/www.editorasolucao.com.br\/blog\/concurso\/prefeitura-de-alem-paraiba-mg\/#Quais_sao_as_atribuicoes_dos_cargos_ofertados_no_certame\" title=\"Quais s\u00e3o as atribui\u00e7\u00f5es dos cargos ofertados no certame?\">Quais s\u00e3o as atribui\u00e7\u00f5es dos cargos ofertados no certame?<\/a><\/li><li class='ez-toc-page-1 ez-toc-heading-level-2'><a class=\"ez-toc-link ez-toc-heading-5\" href=\"https:\/\/www.editorasolucao.com.br\/blog\/concurso\/prefeitura-de-alem-paraiba-mg\/#Quais_serao_as_etapas_de_selecao_do_concurso_Prefeitura_de_Alem_Paraiba\" title=\"Quais ser\u00e3o as etapas de sele\u00e7\u00e3o do concurso Prefeitura de Al\u00e9m Para\u00edba?\">Quais ser\u00e3o as etapas de sele\u00e7\u00e3o do concurso Prefeitura de Al\u00e9m Para\u00edba?<\/a><\/li><\/ul><\/nav><\/div>\n<h2 class=\"wp-block-heading\"><span class=\"ez-toc-section\" id=\"Como_as_inscricoes_do_concurso_Prefeitura_de_Alem_Paraiba_poderao_ser_realizadas\"><\/span>Como as inscri\u00e7\u00f5es do concurso Prefeitura de Al\u00e9m Para\u00edba poder\u00e3o ser realizadas?<span class=\"ez-toc-section-end\"><\/span><\/h2>\n\n\n\n<p>As inscri\u00e7\u00f5es para o certame poder\u00e3o ser realizadas <strong>a partir das 16h do dia 2 de julho at\u00e9 \u00e0s 16h do dia 1 de agosto de 2024<\/strong>, atrav\u00e9s do site da banca organizadora, <a href=\"https:\/\/www.institutoconsulplan.org.br\/getConc.aspx?key=tTCELlOSpBw=\" target=\"_blank\" rel=\"noreferrer noopener\">Instituto Consulplan<\/a>.<\/p>\n\n\n\n<p>Para que a inscri\u00e7\u00e3o seja homologada \u00e9 necess\u00e1rio que o candidato efetue o pagamento de uma taxa no valor referente ao n\u00edvel de escolaridade do cargo pretendido:<\/p>\n\n\n\n<ul>\n<li>N\u00edvel m\u00e9dio: <strong>R$ 80,00<\/strong><\/li>\n\n\n\n<li>N\u00edvel superior e m\u00e9dio normal: <strong>R$ 100,00<\/strong><\/li>\n<\/ul>\n\n\n\n<p>Ademais, haver\u00e1 a possibilidade de solicitar a isen\u00e7\u00e3o da taxa de participa\u00e7\u00e3o <strong>entre os dias 2 e 4 de julho de 2024<\/strong>, para o candidato que se adequar a uma das seguintes condi\u00e7\u00f5es:<\/p>\n\n\n\n<ol>\n<li>O candidato que comprovar ser doador regular de sangue.<\/li>\n\n\n\n<li>O candidato que, por raz\u00f5es de limita\u00e7\u00f5es de ordem financeira, n\u00e3o possam arcar com o pagamento da taxa de inscri\u00e7\u00e3o sem que comprometa o sustento pr\u00f3prio e de sua fam\u00edlia.<\/li>\n<\/ol>\n\n\n\n<h2 class=\"wp-block-heading\"><span class=\"ez-toc-section\" id=\"Quantas_vagas_estao_sendo_ofertadas_no_concurso_Prefeitura_de_Alem_Paraiba_%E2%80%93_MG\"><\/span>Quantas vagas est\u00e3o sendo ofertadas no concurso Prefeitura de Al\u00e9m Para\u00edba &#8211; MG?<span class=\"ez-toc-section-end\"><\/span><\/h2>\n\n\n\n<p>Conforme o edital, ao todo est\u00e3o sendo ofertadas <strong>214 vagas imediatas<\/strong> para cargos de n\u00edveis m\u00e9dio e superior de escolaridade. Confira os cargos ofertados, a distribui\u00e7\u00e3o das vagas e os sal\u00e1rios:<\/p>\n\n\n\n<h3 class=\"wp-block-heading\">N\u00edvel m\u00e9dio<\/h3>\n\n\n\n<ol>\n<li><a href=\"https:\/\/www.editorasolucao.com.br\/apostila-solucao\/sme-alem-paraiba-mg-auxiliar-biblioteca\">Auxiliar de Biblioteca<\/a> (04) <\/li>\n\n\n\n<li>Secret\u00e1rio Escolar (06)<\/li>\n<\/ol>\n\n\n\n<p>Sal\u00e1rio: R$ 1.412,00<\/p>\n\n\n\n<h3 class=\"wp-block-heading\">N\u00edvel m\u00e9dio &#8211; normal<\/h3>\n\n\n\n<ul>\n<li>Monitor de Creche (30) <\/li>\n<\/ul>\n\n\n\n<p>Sal\u00e1rio: R$ 1.412,00<\/p>\n\n\n\n<h3 class=\"wp-block-heading\">N\u00edvel superior<\/h3>\n\n\n\n<ol>\n<li>Assistente Social (02) \n<ul>\n<li>R$ 2.227,80<\/li>\n<\/ul>\n<\/li>\n\n\n\n<li>Fonoaudi\u00f3logo (01) \n<ul>\n<li>R$ 2.227,80<\/li>\n<\/ul>\n<\/li>\n\n\n\n<li>Nutricionista (01) \n<ul>\n<li>R$ 2.227,80<\/li>\n<\/ul>\n<\/li>\n\n\n\n<li>Professor -R$ 2.597,08\n<ul>\n<li>AEE \u2013 Sala de Recurso (09) <\/li>\n\n\n\n<li>Apoio \u00e0 Comunica\u00e7\u00e3o, Linguagem e Tecnologias Assistiva &#8211; ACLTA (25)<\/li>\n\n\n\n<li>Ci\u00eancias (02) <\/li>\n\n\n\n<li>Educa\u00e7\u00e3o F\u00edsica (03) <\/li>\n\n\n\n<li>Ensino Religioso (01) <\/li>\n\n\n\n<li>Geografia (02)<\/li>\n\n\n\n<li>Hist\u00f3ria (03)<\/li>\n\n\n\n<li>Ingl\u00eas (04)<\/li>\n\n\n\n<li>L\u00edngua Portuguesa (03)<\/li>\n\n\n\n<li>Matem\u00e1tica (03)<\/li>\n\n\n\n<li>Municipal IV (110)<\/li>\n<\/ul>\n<\/li>\n\n\n\n<li>Psic\u00f3logo (01) \n<ul>\n<li>R$ 2.227,80<\/li>\n<\/ul>\n<\/li>\n\n\n\n<li>Supervisor Pedag\u00f3gico (01) \n<ul>\n<li>R$ 2.597,08<\/li>\n<\/ul>\n<\/li>\n<\/ol>\n\n\n\n<p>A jornada de trabalho varia de acordo com o cargo pretendido pelo candidato.<\/p>\n\n\n\n<h2 class=\"wp-block-heading\"><span class=\"ez-toc-section\" id=\"Quais_sao_os_requisitos_para_participar_do_concurso_Prefeitura_de_Alem_Paraiba-MG\"><\/span>Quais s\u00e3o os requisitos para participar do concurso Prefeitura de Al\u00e9m Para\u00edba-MG?<span class=\"ez-toc-section-end\"><\/span><\/h2>\n\n\n\n<p>Para que o candidato tome posse do cargo pretendido no <strong>concurso Prefeitura de Al\u00e9m Para\u00edba<\/strong> \u00e9 necess\u00e1rio cumprir as seguintes exig\u00eancias:<\/p>\n\n\n\n<ul>\n<li>Ser brasileiro nato ou naturalizado ou cidad\u00e3o portugu\u00eas que tenha adquirido a igualdade de direitos e obriga\u00e7\u00f5es civis e gozo dos direitos pol\u00edticos (Decreto n\u00ba 70.436, de 18\/04\/1972, Constitui\u00e7\u00e3o Federal &#8211; \u00a7 1\u00ba do art. 12 de 05\/10\/1988 e Emenda Constitucional n\u00ba 19, de 04\/06\/1998 \u2013 art. 3\u00ba).<\/li>\n\n\n\n<li>Ter na data da nomea\u00e7\u00e3o 18 anos completos.<\/li>\n\n\n\n<li>Estar em dia com as obriga\u00e7\u00f5es resultantes da legisla\u00e7\u00e3o eleitoral e, se do sexo masculino, do Servi\u00e7o Militar.<\/li>\n\n\n\n<li>Estar em pleno gozo de seus direitos civis e pol\u00edticos.<\/li>\n\n\n\n<li>Possuir aptid\u00e3o f\u00edsica e mental.<\/li>\n\n\n\n<li>Possuir e com provar o pr\u00e9-requisito para o cargo, \u00e0 \u00e9poca da nomea\u00e7\u00e3o.<\/li>\n\n\n\n<li>Conhecer e estar de acordo com as exig\u00eancias contidas neste Edital.<\/li>\n<\/ul>\n\n\n\n<h2 class=\"wp-block-heading\"><span class=\"ez-toc-section\" id=\"Quais_sao_as_atribuicoes_dos_cargos_ofertados_no_certame\"><\/span>Quais s\u00e3o as atribui\u00e7\u00f5es dos cargos ofertados no certame?<span class=\"ez-toc-section-end\"><\/span><\/h2>\n\n\n\n<p>Saiba quais s\u00e3o algumas das <strong>atividades atribu\u00eddas<\/strong> a cada cargo ofertado no certame:<\/p>\n\n\n\n<ol>\n<li><a href=\"https:\/\/www.editorasolucao.com.br\/apostila-solucao\/sme-alem-paraiba-mg-auxiliar-biblioteca\">Auxiliar de Biblioteca<\/a>\n<ul>\n<li>Executar trabalhos relacionados com a entrega e a recep\u00e7\u00e3o de publica\u00e7\u00f5es em uma biblioteca e como registros que t\u00eam de constar;<\/li>\n\n\n\n<li>Receber livros, folhetos, revistas peri\u00f3dicas e outros, e registra-los; <\/li>\n\n\n\n<li>Controlar o fich\u00e1rio de requisi\u00e7\u00e3o de revistas, acompanhando seu andamento; <\/li>\n\n\n\n<li>Auxiliar no preparo dos livros e revistas a serem colocados em circula\u00e7\u00e3o; <\/li>\n\n\n\n<li>Atender a leitores, informando-os sobre o uso da biblioteca, localizando ou reservando livros e publica\u00e7\u00f5es;<\/li>\n<\/ul>\n<\/li>\n\n\n\n<li>Secret\u00e1rio Escolar\n<ul>\n<li>Controlar documentos de professores e alunos, lan\u00e7ar notas em boletins e hist\u00f3ricos escolares, realizar lan\u00e7amentos, redigir atas, receber e fornecer informa\u00e7\u00f5es a alunos, professores, pais e p\u00fablico em geral, executar o trabalho criando e organizando mecanismos de participa\u00e7\u00e3o em programas educacionais, facilitar o processo comunicativo entre a comunidade escolar e comunidade a ela vinculada, executar outras atividades correlatas com o mesmo grau de complexidade.<\/li>\n<\/ul>\n<\/li>\n\n\n\n<li>Monitor de Creche\n<ul>\n<li>Ser ass\u00edduo e pontual, ter postura \u00e9tica e apresentar-se convenientemente trajado. <\/li>\n\n\n\n<li>Exercer as fun\u00e7\u00f5es de cuidar e educar apoiando o professor nas atividades de forma\u00e7\u00e3o de h\u00e1bitos, tais como: alimenta\u00e7\u00e3o, higiene das m\u00e3os, corporal e bucal, dentre outras. <\/li>\n\n\n\n<li>Orientar e auxiliar o aluno quanto ao uso adequado do banheiro. <\/li>\n\n\n\n<li>Auxiliar o professor no processo de constru\u00e7\u00e3o da autonomia da crian\u00e7a, respeitando a sua individualidade e o seu processo de desenvolvimento. <\/li>\n\n\n\n<li>Auxiliar os alunos no desenvolvimento das atividades pedag\u00f3gicas de acordo com as orienta\u00e7\u00f5es e planejamento do professor.<\/li>\n<\/ul>\n<\/li>\n\n\n\n<li>Assistente Social\n<ul>\n<li>Relacionar e articular recursos dispon\u00edveis objetivando facilitar o encaminhamento a solu\u00e7\u00e3o de situa\u00e7\u00f5es sociais; <\/li>\n\n\n\n<li>Divulgar os programas sociais; <\/li>\n\n\n\n<li>Participar de equipes multiprofissionais no processo de planejamento, execu\u00e7\u00e3o e avalia\u00e7\u00e3o das a\u00e7\u00f5es visando a integra\u00e7\u00e3o de \u00e1reas de servi\u00e7os conforme as necessidades dos grupos populacionais; <\/li>\n\n\n\n<li>Mobilizar e fortalecer subs\u00eddios para elabora\u00e7\u00e3o, controle e execu\u00e7\u00e3o das a\u00e7\u00f5es sociais; <\/li>\n\n\n\n<li>Orientar indiv\u00edduos e familiares sobre servi\u00e7os e recursos sociais e programas; realizar visitas em domic\u00edlios.<\/li>\n<\/ul>\n<\/li>\n\n\n\n<li>Fonoaudi\u00f3logo\n<ul>\n<li>Propor estudo, avalia\u00e7\u00e3o e tratamento dos dist\u00farbios de comunica\u00e7\u00e3o humana no que se refere a linguagem oral e escrita, voz, fala e audi\u00e7\u00e3o, propiciando ao indiv\u00edduo condi\u00e7\u00f5es de melhor ajuste social.<\/li>\n<\/ul>\n<\/li>\n\n\n\n<li>Nutricionista\n<ul>\n<li>Prestar assist\u00eancia nutricional a indiv\u00edduos e coletividades, organizar, administrar e avaliar unidades de alimenta\u00e7\u00e3o e nutri\u00e7\u00e3o; <\/li>\n\n\n\n<li>Efetuar controle higi\u00eanico-sanit\u00e1rio; participar de programas de educa\u00e7\u00e3o nutricional; <\/li>\n\n\n\n<li>Coordenar, supervisionar e executar as atividades integrando equipe multiprofissional, participando de forma sist\u00eamica com os demais elementos da equipe e promovendo a operacionaliza\u00e7\u00e3o dos servi\u00e7os para assegurar o efetivo atendimento \u00e0s necessidades da popula\u00e7\u00e3o; <\/li>\n\n\n\n<li>Ministrar treinamentos internos, para funcion\u00e1rios da prefeitura, na sua \u00e1rea de atua\u00e7\u00e3o profissional e enquadramento funcional, sempre que solicitado por seus superiores; <\/li>\n\n\n\n<li>Alimentar sistema informatizando; <\/li>\n\n\n\n<li>Receber e fornecer informa\u00e7\u00f5es; executar outras atividades correlatadas com o mesmo grau de complexidade.<\/li>\n<\/ul>\n<\/li>\n\n\n\n<li>Professor de AEE \u2013 Sala de Recurso\n<ul>\n<li>Eliminar, em colabora\u00e7\u00e3o com o regente, as barreiras que podem obstruir a participa\u00e7\u00e3o plena e efetiva do estudante com defici\u00eancia nas atividades escolares em igualdade de condi\u00e7\u00f5es com os demais estudantes;<\/li>\n\n\n\n<li>Trabalhar em colabora\u00e7\u00e3o com o regente de turma e regente de aula para planejamento dos recursos de acessibilidade dos estudantes com base no planejamento de aula dos regentes;<\/li>\n\n\n\n<li>Atuar na escola como multiplicador do conhecimento acerca de metodologias de ensino da Educa\u00e7\u00e3o Especial, tecnologias assistivas e comunica\u00e7\u00e3o alternativa;<\/li>\n\n\n\n<li>Zelar pela aprendizagem dos estudantes p\u00fablicos da educa\u00e7\u00e3o especial;<\/li>\n\n\n\n<li>Participar de reuni\u00f5es e capacita\u00e7\u00f5es promovidas pela Secretaria de Estado de Educa\u00e7\u00e3o, sempre que convocados;<\/li>\n<\/ul>\n<\/li>\n\n\n\n<li>Professor de  Apoio \u00e0 Comunica\u00e7\u00e3o, Linguagem e Tecnologias Assistiva (ACLTA)\n<ul>\n<li>Eliminar, em colabora\u00e7\u00e3o com o regente, as barreiras que podem obstruir a participa\u00e7\u00e3o plena e efetiva do estudante com defici\u00eancia nas atividades escolares em igualdade de condi\u00e7\u00f5es com os demais estudantes; <\/li>\n\n\n\n<li>Trabalhar em colabora\u00e7\u00e3o com o regente de turma e regente de aula para planejamento dos recursos de acessibilidade dos estudantes com base no planejamento de aula dos regentes; <\/li>\n\n\n\n<li>Zelar pela aprendizagem do(s) estudante(s) p\u00fablico(s) da educa\u00e7\u00e3o especial; <\/li>\n\n\n\n<li>Participar de reuni\u00f5es e capacita\u00e7\u00f5es promovidas pela Secretaria de Estado de Educa\u00e7\u00e3o, sempre que solicitado\/convocados; <\/li>\n\n\n\n<li>Registrar todas as adapta\u00e7\u00f5es realizadas para o estudante.<\/li>\n<\/ul>\n<\/li>\n\n\n\n<li>Professor de Ci\u00eancias\n<ul>\n<li>Executar o trabalho di\u00e1rio de forma a se vivenciar um clima de respeito m\u00fatuo e de rela\u00e7\u00f5es que conduzam \u00e0 aprendizagem; <\/li>\n\n\n\n<li>Manter com os colegas o espirito de colabora\u00e7\u00e3o e solidariedade indispens\u00e1vel \u00e0 efici\u00eancia da obra educativa; <\/li>\n\n\n\n<li>Realizar com clareza, precis\u00e3o e presteza toda escritura\u00e7\u00e3o referente \u00e0 execu\u00e7\u00e3o da programa\u00e7\u00e3o, frequ\u00eancia e aproveitamento dos alunos; <\/li>\n\n\n\n<li>Zelar pela conserva\u00e7\u00e3o dos bens materiais, limpeza e o bom nome da escola; <\/li>\n\n\n\n<li>Executar as demais normas estabelecidas no regimento escolar, nas diretrizes emanadas dos \u00f3rg\u00e3os superiores e legisla\u00e7\u00f5es federal, estadual e municipal.<\/li>\n<\/ul>\n<\/li>\n\n\n\n<li>Professor de Educa\u00e7\u00e3o F\u00edsica\n<ul>\n<li>Planejar e ministrar aulas, observando os programas oficiais de ensino; <\/li>\n\n\n\n<li>Elaborar programas e planos de trabalho; participar de reuni\u00f5es e trabalhos pedag\u00f3gicos elaborar e participar de programas e projetos esportivos, de lazer e recreativos junto \u00e0s escolas e comunidade; <\/li>\n\n\n\n<li>Participar de a\u00e7\u00f5es administrativas e das intera\u00e7\u00f5es educativas da comunidade e outras fun\u00e7\u00f5es similares.<\/li>\n<\/ul>\n<\/li>\n\n\n\n<li>Professor de Ensino Religioso\n<ul>\n<li>Propor reflex\u00f5es sobre fundamentos, costumes e valores das diferentes religi\u00f5es existentes na sociedade, explorando os conte\u00fados de maneira interdisciplinar, com atividades que estimulem o di\u00e1logo e o respeito entre religi\u00f5es.<\/li>\n<\/ul>\n<\/li>\n\n\n\n<li>Professor de Geografia\n<ul>\n<li>Estabelecer estrat\u00e9gias de recupera\u00e7\u00e3o para os alunos de menor rendimento; <\/li>\n\n\n\n<li>Ministrar os dias letivos e horas aula estabelecidos, al\u00e9m de participar integralmente dos per\u00edodos dedicados ao planejamento avalia\u00e7\u00e3o e ao desenvolvimento profissional; <\/li>\n\n\n\n<li>Colaborar com as atividades de articula\u00e7\u00e3o da escola com as fam\u00edlias e a comunidade; <\/li>\n\n\n\n<li>Executar o trabalho di\u00e1rio de forma a se vivenciar um clima de respeito m\u00fatuo e de rela\u00e7\u00f5es que conduzam \u00e0 aprendizagem; <\/li>\n\n\n\n<li>Manter com os colegas o esp\u00edrito de colabora\u00e7\u00e3o e solidariedade indispens\u00e1vel \u00e0 efici\u00eancia da obra educativa; <\/li>\n<\/ul>\n<\/li>\n\n\n\n<li>Professor de Hist\u00f3ria\n<ul>\n<li>Ministrar os dias letivos e horas aula estabelecidos, al\u00e9m de participar integralmente dos per\u00edodos dedicados ao planejamento, avalia\u00e7\u00e3o e ao desenvolvimento profissional; <\/li>\n\n\n\n<li>No\u00e7\u00f5es sobre Hist\u00f3ria do munic\u00edpio de Al\u00e9m Para\u00edba &#8211; MG; <\/li>\n\n\n\n<li>Colaborar com as atividades de articula\u00e7\u00e3o da escola com as fam\u00edlias e a comunidade; <\/li>\n\n\n\n<li>Executar o trabalho di\u00e1rio de forma a se vivenciar um clima de respeito m\u00fatuo e de rela\u00e7\u00f5es que conduzam \u00e0 aprendizagem; <\/li>\n\n\n\n<li>Manter com os colegas o esp\u00edrito de colabora\u00e7\u00e3o e solidariedade indispens\u00e1vel \u00e0 efici\u00eancia da obra educativa;<\/li>\n<\/ul>\n<\/li>\n\n\n\n<li>Professor de Ingl\u00eas\n<ul>\n<li>Colaborar com as atividades de articula\u00e7\u00e3o da escola com as fam\u00edlias e a comunidade; <\/li>\n\n\n\n<li>Executar o trabalho di\u00e1rio de forma a se vivenciar um clima de respeito m\u00fatuo e de rela\u00e7\u00f5es que conduzam \u00e0 aprendizagem; <\/li>\n\n\n\n<li>Manter com os colegas o esp\u00edrito de colabora\u00e7\u00e3o e solidariedade indispens\u00e1vel \u00e0 efici\u00eancia da obra educativa; <\/li>\n\n\n\n<li>Realizar com clareza, precis\u00e3o e presteza toda escritura\u00e7\u00e3o referente \u00e0 execu\u00e7\u00e3o da programa\u00e7\u00e3o, frequ\u00eancia e aproveitamento dos alunos; <\/li>\n\n\n\n<li>Zelar pela conserva\u00e7\u00e3o dos bens materiais, limpeza e o bom nome da escola;<\/li>\n<\/ul>\n<\/li>\n\n\n\n<li>Professor de L\u00edngua Portuguesa\n<ul>\n<li>Zelar pela aprendizagem dos alunos, dando condi\u00e7\u00f5es para manuten\u00e7\u00e3o da sa\u00fade f\u00edsica e ps\u00edquica dos alunos; <\/li>\n\n\n\n<li>Estabelecer estrat\u00e9gias de recupera\u00e7\u00e3o para os alunos de menor rendimento; <\/li>\n\n\n\n<li>Ministrar os dias letivos e horas aula estabelecidos, al\u00e9m de participar integralmente dos per\u00edodos dedicados ao planejamento, avalia\u00e7\u00e3o e ao desenvolvimento profissional; <\/li>\n\n\n\n<li>Colaborar com as atividades de articula\u00e7\u00e3o da escola com as fam\u00edlias e a comunidade; <\/li>\n\n\n\n<li>Executar o trabalho di\u00e1rio de forma a se vivenciar um clima de respeito m\u00fatuo e de rela\u00e7\u00f5es que conduzam \u00e0 aprendizagem;<\/li>\n<\/ul>\n<\/li>\n\n\n\n<li>Professor de Matem\u00e1tica\n<ul>\n<li>Colaborar com as atividades de articula\u00e7\u00e3o da escola com as fam\u00edlias e a comunidade; <\/li>\n\n\n\n<li>Executar o trabalho di\u00e1rio de forma a vivenciar um clima de respeito m\u00fatuo e de rela\u00e7\u00f5es que conduzam \u00e0 aprendizagem; <\/li>\n\n\n\n<li>Manter com os colegas o espirito de colabora\u00e7\u00e3o e solidariedade indispens\u00e1vel \u00e0 efici\u00eancia da obra educativa; <\/li>\n\n\n\n<li>Realizar com clareza, precis\u00e3o e presteza toda escritura\u00e7\u00e3o referente \u00e0 execu\u00e7\u00e3o da programa\u00e7\u00e3o, frequ\u00eancia e aproveitamento dos alunos; <\/li>\n\n\n\n<li>Zelar pela conserva\u00e7\u00e3o dos bens materiais, limpeza e o bom nome da escola; <\/li>\n\n\n\n<li>Executar as demais normas estabelecidas no regimento escolar, nas diretrizes emanadas dos \u00f3rg\u00e3os superiores e legisla\u00e7\u00f5es federal, estadual e municipal<\/li>\n<\/ul>\n<\/li>\n\n\n\n<li>Professor de Municipal IV \n<ul>\n<li>Ministrar aulas; <\/li>\n\n\n\n<li>Preparar aulas; <\/li>\n\n\n\n<li>Efetuar registros burocr\u00e1ticos e pedag\u00f3gicos; <\/li>\n\n\n\n<li>Participar na elabora\u00e7\u00e3o do projeto pedag\u00f3gico; <\/li>\n\n\n\n<li>Planejar o curso de acordo com as diretrizes educacionais; <\/li>\n\n\n\n<li>Atuar em reuni\u00f5es administrativas e pedag\u00f3gicas; <\/li>\n\n\n\n<li>Organizar eventos e atividades sociais, culturais e pedag\u00f3gicas; <\/li>\n<\/ul>\n<\/li>\n\n\n\n<li>Psic\u00f3logo\n<ul>\n<li>Prestar atendimento psicol\u00f3gico, emitir parecer t\u00e9cnico, programar, supervisionar, desenvolver e\/ou acompanhar servi\u00e7os, participar de equipe multiprofissional.<\/li>\n<\/ul>\n<\/li>\n\n\n\n<li>Supervisor Pedag\u00f3gico\n<ul>\n<li>Supervisionar o desenvolvimento de projetos pedag\u00f3gicos\/institucionais nas modalidades de ensino, aplicando metodologias e t\u00e9cnicas para facilitar o processo de ensino e aprendizagem; <\/li>\n\n\n\n<li>Atuar em todos os n\u00edveis de ensino para atender as necessidades doa alunos, acompanhamento e avaliando os processos educacionais; <\/li>\n\n\n\n<li>Viabilizar o trabalho coletivo, criando e organizando mecanismos de participa\u00e7\u00e3o em programas e projetos educacionais, facilitando o processo comunicativo entre a comunidade escolar e as associa\u00e7\u00f5es a ela vinculadas; <\/li>\n\n\n\n<li>Executar outras atividades correlatas com o mesmo grau de complexidade.<\/li>\n<\/ul>\n<\/li>\n<\/ol>\n\n\n\n<h2 class=\"wp-block-heading\"><span class=\"ez-toc-section\" id=\"Quais_serao_as_etapas_de_selecao_do_concurso_Prefeitura_de_Alem_Paraiba\"><\/span>Quais ser\u00e3o as etapas de sele\u00e7\u00e3o do concurso Prefeitura de Al\u00e9m Para\u00edba?<span class=\"ez-toc-section-end\"><\/span><\/h2>\n\n\n\n<p>Os candidatos ser\u00e3o avaliados por meio das seguintes etapas de sele\u00e7\u00e3o:<\/p>\n\n\n\n<ol>\n<li><strong>Prova objetiva<\/strong> &#8211; de car\u00e1ter <em>eliminat\u00f3rio <\/em>e <em>classificat\u00f3rio<\/em><\/li>\n\n\n\n<li><strong>Avalia\u00e7\u00e3o de t\u00edtulos<\/strong> &#8211;  de car\u00e1ter<em> classificat\u00f3rio<\/em>\n<ul>\n<li>Apenas para cargos de n\u00edvel superior<\/li>\n<\/ul>\n<\/li>\n<\/ol>\n\n\n\n<h3 class=\"wp-block-heading\">Prova objetiva<\/h3>\n\n\n\n<p>Essa etapa est\u00e1 prevista para ser realizada no dia <strong>1\u00ba de setembro de 2024<\/strong>, nos per\u00edodos da tarde e da noite, onde os candidatos ter\u00e3o o tempo m\u00e1ximo de 03 horas para realizar o exame.<\/p>\n\n\n\n<p>A avalia\u00e7\u00e3o ser\u00e1 composta por<strong> 40 quest\u00f5es de m\u00faltipla escolha<\/strong> que ser\u00e3o versadas nas seguintes disciplinas:<\/p>\n\n\n\n<ol>\n<li>L\u00edngua Portuguesa<\/li>\n\n\n\n<li>Racioc\u00ednio L\u00f3gico Matem\u00e1tico<\/li>\n\n\n\n<li>Legisla\u00e7\u00e3o Municipal<\/li>\n\n\n\n<li>Conhecimentos Did\u00e1tico-pedag\u00f3gicos\n<ul>\n<li>Somente para os cargos de Professor, Monitor de Creche e Supervisor Pedag\u00f3gico<\/li>\n<\/ul>\n<\/li>\n\n\n\n<li>Conhecimentos do Cargo<\/li>\n<\/ol>\n\n\n\n<p>A prova ter\u00e1 a pontua\u00e7\u00e3o m\u00e1xima de 40 pontos, sendo considerado aprovado o candidato que obtiver no m\u00ednimo 50% de aproveitamento dos pontos.<\/p>\n\n\n\n<h3 class=\"wp-block-heading\">Avalia\u00e7\u00e3o de t\u00edtulos<\/h3>\n\n\n\n<p>Confira abaixo quais ser\u00e3o os t\u00edtulos <strong>aceitos <\/strong>para a avalia\u00e7\u00e3o e sua respectiva pontua\u00e7\u00e3o:<\/p>\n\n\n\n<ol>\n<li>Diploma, devidamente registrado, de conclus\u00e3o de curso de p\u00f3s-gradua\u00e7\u00e3o (stricto sensu), na \u00e1rea espec\u00edfica do cargo pretendido, em n\u00edvel de doutorado (t\u00edtulo de Doutor), acompanhado obrigatoriamente do respectivo hist\u00f3rico escolar.<\/li>\n\n\n\n<li>Diploma, devidamente registrado, de conclus\u00e3o de curso de p\u00f3s-gradua\u00e7\u00e3o (stricto sensu), na \u00e1rea espec\u00edfica do cargo pretendido, em n\u00edvel de mestrado (t\u00edtulo de Mestre), acompanhado obrigatoriamente do respectivo hist\u00f3rico escolar.<\/li>\n\n\n\n<li>Certificado, devidamente registrado, de conclus\u00e3o de curso de p\u00f3s-gradua\u00e7\u00e3o (lato sensu), na \u00e1rea espec\u00edfica do cargo pretendido, em n\u00edvel de especializa\u00e7\u00e3o, acompanhado obrigatoriamente do respectivo hist\u00f3rico escolar, com carga hor\u00e1ria m\u00ednima de 360 horas.<\/li>\n<\/ol>\n\n\n\n<p>A <strong>validade <\/strong>deste Concurso P\u00fablico \u00e9 de dois anos, contados da data de sua homologa\u00e7\u00e3o, podendo ser prorrogado uma vez, por igual per\u00edodo, sendo que todas as vagas ofertadas ser\u00e3o preenchidas durante o prazo de validade descrito.<\/p>\n\n\n\n<p><strong>Bons estudos e boa prova!!!<\/strong><\/p>\n","protected":false},"excerpt":{"rendered":"<p>Foi publicado o edital do concurso Prefeitura de Al\u00e9m Para\u00edba, no estado de Minas Gerais, com a oferta de 214 vagas imediatas para a Secretaria Municipal de Educa\u00e7\u00e3o. Ficou interessado(a)? Fique e confira os demais detalhes no decorrer da not\u00edcia! \ud83e\udd29 Como as inscri\u00e7\u00f5es do concurso Prefeitura de Al\u00e9m Para\u00edba poder\u00e3o ser realizadas? As inscri\u00e7\u00f5es para o certame poder\u00e3o ser realizadas a partir das 16h do dia 2 de julho at\u00e9 \u00e0s 16h do dia 1 de agosto de 2024, atrav\u00e9s do site da banca organizadora, Instituto Consulplan. Para que a inscri\u00e7\u00e3o seja homologada \u00e9 necess\u00e1rio que o candidato efetue&#8230;<\/p>\n","protected":false},"author":18,"featured_media":42474,"template":"","meta":{"_acf_changed":true,"rank_math_lock_modified_date":false},"categories":[],"tags":[],"acf":[],"_links":{"self":[{"href":"https:\/\/www.editorasolucao.com.br\/blog\/wp-json\/wp\/v2\/concurso\/42469"}],"collection":[{"href":"https:\/\/www.editorasolucao.com.br\/blog\/wp-json\/wp\/v2\/concurso"}],"about":[{"href":"https:\/\/www.editorasolucao.com.br\/blog\/wp-json\/wp\/v2\/types\/concurso"}],"author":[{"embeddable":true,"href":"https:\/\/www.editorasolucao.com.br\/blog\/wp-json\/wp\/v2\/users\/18"}],"wp:featuredmedia":[{"embeddable":true,"href":"https:\/\/www.editorasolucao.com.br\/blog\/wp-json\/wp\/v2\/media\/42474"}],"wp:attachment":[{"href":"https:\/\/www.editorasolucao.com.br\/blog\/wp-json\/wp\/v2\/media?parent=42469"}],"wp:term":[{"taxonomy":"category","embeddable":true,"href":"https:\/\/www.editorasolucao.com.br\/blog\/wp-json\/wp\/v2\/categories?post=42469"},{"taxonomy":"post_tag","embeddable":true,"href":"https:\/\/www.editorasolucao.com.br\/blog\/wp-json\/wp\/v2\/tags?post=42469"}],"curies":[{"name":"wp","href":"https:\/\/api.w.org\/{rel}","templated":true}]}}