{"id":42597,"date":"2024-06-11T09:04:32","date_gmt":"2024-06-11T12:04:32","guid":{"rendered":"https:\/\/www.editorasolucao.com.br\/blog\/?post_type=concurso&#038;p=42597"},"modified":"2024-06-11T09:04:34","modified_gmt":"2024-06-11T12:04:34","slug":"floram","status":"publish","type":"concurso","link":"https:\/\/www.editorasolucao.com.br\/blog\/concurso\/floram","title":{"rendered":"Concurso FLORAM: Inscri\u00e7\u00f5es abertas para n\u00edvel m\u00e9dio e superior!"},"content":{"rendered":"\n<p><strong>Ol\u00e1, concurseiros!! <\/strong>Foi retificado o edital do concurso FLORAM (Funda\u00e7\u00e3o Municipal do Meio Ambiente de Florian\u00f3polis). Este certame visa preencher<strong> quatro vagas imediatas<\/strong>, al\u00e9m da oportunidade de forma\u00e7\u00e3o de cadastro reserva, para v\u00e1rios n\u00edveis de escolaridade. As remunera\u00e7\u00f5es podem chegar at\u00e9<strong> R$ 5,4 mil!! <\/strong>Se interessou? Venha saber mais!! <\/p>\n\n\n\n<div id=\"ez-toc-container\" class=\"ez-toc-v2_0_69_1 counter-hierarchy ez-toc-counter ez-toc-grey ez-toc-container-direction\">\n<div class=\"ez-toc-title-container\">\n<p class=\"ez-toc-title \" >Menu de navega&ccedil;&atilde;o<\/p>\n<span class=\"ez-toc-title-toggle\"><a href=\"#\" class=\"ez-toc-pull-right ez-toc-btn ez-toc-btn-xs ez-toc-btn-default ez-toc-toggle\" aria-label=\"Toggle Table of Content\"><span class=\"ez-toc-js-icon-con\"><span class=\"\"><span class=\"eztoc-hide\" style=\"display:none;\">Toggle<\/span><span class=\"ez-toc-icon-toggle-span\"><svg style=\"fill: #999;color:#999\" xmlns=\"http:\/\/www.w3.org\/2000\/svg\" class=\"list-377408\" width=\"20px\" height=\"20px\" viewBox=\"0 0 24 24\" fill=\"none\"><path d=\"M6 6H4v2h2V6zm14 0H8v2h12V6zM4 11h2v2H4v-2zm16 0H8v2h12v-2zM4 16h2v2H4v-2zm16 0H8v2h12v-2z\" fill=\"currentColor\"><\/path><\/svg><svg style=\"fill: #999;color:#999\" class=\"arrow-unsorted-368013\" xmlns=\"http:\/\/www.w3.org\/2000\/svg\" width=\"10px\" height=\"10px\" viewBox=\"0 0 24 24\" version=\"1.2\" baseProfile=\"tiny\"><path d=\"M18.2 9.3l-6.2-6.3-6.2 6.3c-.2.2-.3.4-.3.7s.1.5.3.7c.2.2.4.3.7.3h11c.3 0 .5-.1.7-.3.2-.2.3-.5.3-.7s-.1-.5-.3-.7zM5.8 14.7l6.2 6.3 6.2-6.3c.2-.2.3-.5.3-.7s-.1-.5-.3-.7c-.2-.2-.4-.3-.7-.3h-11c-.3 0-.5.1-.7.3-.2.2-.3.5-.3.7s.1.5.3.7z\"\/><\/svg><\/span><\/span><\/span><\/a><\/span><\/div>\n<nav><ul class='ez-toc-list ez-toc-list-level-1 ' ><li class='ez-toc-page-1 ez-toc-heading-level-2'><a class=\"ez-toc-link ez-toc-heading-1\" href=\"https:\/\/www.editorasolucao.com.br\/blog\/concurso\/floram\/#Como_posso_realizar_minha_inscricao_no_concurso_FLORAM\" title=\"Como posso realizar minha inscri\u00e7\u00e3o no concurso FLORAM?\">Como posso realizar minha inscri\u00e7\u00e3o no concurso FLORAM?<\/a><\/li><li class='ez-toc-page-1 ez-toc-heading-level-2'><a class=\"ez-toc-link ez-toc-heading-2\" href=\"https:\/\/www.editorasolucao.com.br\/blog\/concurso\/floram\/#Quais_vagas_estao_sendo_ofertadas\" title=\"Quais vagas est\u00e3o sendo ofertadas?\">Quais vagas est\u00e3o sendo ofertadas?<\/a><\/li><li class='ez-toc-page-1 ez-toc-heading-level-2'><a class=\"ez-toc-link ez-toc-heading-3\" href=\"https:\/\/www.editorasolucao.com.br\/blog\/concurso\/floram\/#Quais_os_requisitos_para_a_investidura_dos_cargos\" title=\"Quais os requisitos para a investidura dos cargos?\">Quais os requisitos para a investidura dos cargos?<\/a><\/li><li class='ez-toc-page-1 ez-toc-heading-level-2'><a class=\"ez-toc-link ez-toc-heading-4\" href=\"https:\/\/www.editorasolucao.com.br\/blog\/concurso\/floram\/#Como_posso_me_preparar_para_as_etapas_de_selecao_do_concurso_FLORAM\" title=\"Como posso me preparar para as etapas de sele\u00e7\u00e3o do concurso FLORAM?\">Como posso me preparar para as etapas de sele\u00e7\u00e3o do concurso FLORAM?<\/a><\/li><\/ul><\/nav><\/div>\n<h2 class=\"wp-block-heading\"><span class=\"ez-toc-section\" id=\"Como_posso_realizar_minha_inscricao_no_concurso_FLORAM\"><\/span>Como posso realizar minha inscri\u00e7\u00e3o no concurso FLORAM? <span class=\"ez-toc-section-end\"><\/span><\/h2>\n\n\n\n<p>As inscri\u00e7\u00f5es para este certame foram prorrogadas at\u00e9 o dia<strong> 10 de julho de 2024. <\/strong>Os interessados pelo concurso FLORAM devem realizar suas inscri\u00e7\u00f5es por meio do site da banca organizadora, a <a href=\"https:\/\/concursos.furb.br\/informacoes\/350\/\" target=\"_blank\" rel=\"noreferrer noopener\">FURB. <\/a><\/p>\n\n\n\n<p>Para que sua inscri\u00e7\u00e3o seja deferida, \u00e9 necess\u00e1rio que o candidato desembolse o valor das taxas de inscri\u00e7\u00e3o. Esses valores variam de acordo com o n\u00edvel de escolaridade do cargo escolhido pelo candidato, vejamos: <\/p>\n\n\n\n<ul>\n<li><strong>N\u00edvel M\u00e9dio e T\u00e9cnico:<\/strong> R$ 120,00<\/li>\n\n\n\n<li><strong>N\u00edvel Superior: <\/strong>R$ 150,00<\/li>\n<\/ul>\n\n\n\n<p>O pagamento do valor correspondente \u00e0 taxa de inscri\u00e7\u00e3o dever\u00e1 ser efetuado at\u00e9 o dia <strong>11 de julho de 2024. <\/strong><\/p>\n\n\n\n<p>Houve a oportunidade de solicitar a isen\u00e7\u00e3o dessas taxas, mas esse per\u00edodo j\u00e1 foi encerrado!<\/p>\n\n\n\n<h2 class=\"wp-block-heading\"><span class=\"ez-toc-section\" id=\"Quais_vagas_estao_sendo_ofertadas\"><\/span>Quais vagas est\u00e3o sendo ofertadas? <span class=\"ez-toc-section-end\"><\/span><\/h2>\n\n\n\n<p>A Funda\u00e7\u00e3o Municipal do Meio Ambiente de Florian\u00f3polis (FLORAM) est\u00e1 ofertando <strong>4 vagas imediatas,<\/strong> al\u00e9m da forma\u00e7\u00e3o de cadastro reserva, para os seguintes cargos: <\/p>\n\n\n\n<ul>\n<li><strong>M\u00e9dio e T\u00e9cnico<\/strong>\n<ul>\n<li><a href=\"https:\/\/www.editorasolucao.com.br\/concurso\/floram-sc-fundacao-municipal-do-meio-ambiente-de-florianopolis\" target=\"_blank\" rel=\"noreferrer noopener\">T\u00e9cnico de Meio Ambiente (CR) &#8211; 30 horas semanais<\/a>\n<ul>\n<li>R$ 1.994,80<\/li>\n<\/ul>\n<\/li>\n<\/ul>\n<\/li>\n\n\n\n<li><strong>Superior<\/strong>\n<ul>\n<li>Engenheiro Agr\u00f4nomo (CR) &#8211; 30 horas semanais\n<ul>\n<li>R$ 5.419,00<\/li>\n<\/ul>\n<\/li>\n\n\n\n<li>Fiscal de Meio Ambiente (4) &#8211; 30 horas semanais\n<ul>\n<li>R$ 5.419,00<\/li>\n<\/ul>\n<\/li>\n\n\n\n<li>Ge\u00f3logo (CR) &#8211; 30 horas semanais\n<ul>\n<li>R$ 5.419,00<\/li>\n<\/ul>\n<\/li>\n\n\n\n<li>Ocean\u00f3grafo (CR) &#8211; 30 horas semanais\n<ul>\n<li>R$ 3.161,09<\/li>\n<\/ul>\n<\/li>\n<\/ul>\n<\/li>\n<\/ul>\n\n\n\n<p>Al\u00e9m do vencimento base, os candidatos aprovados receber\u00e3o o benef\u00edcio de Aux\u00edlio Lanche no valor <strong>R$ 23,53<\/strong>, pago por dia \u00fatil trabalhado, para os servidores com carga hor\u00e1ria semanal de 30 horas. <\/p>\n\n\n\n<h2 class=\"wp-block-heading\"><span class=\"ez-toc-section\" id=\"Quais_os_requisitos_para_a_investidura_dos_cargos\"><\/span>Quais os requisitos para a investidura dos cargos? <span class=\"ez-toc-section-end\"><\/span><\/h2>\n\n\n\n<p>De acordo com o edital, esses s\u00e3o os requisitos b\u00e1sicos exigidos para a nomea\u00e7\u00e3o e posse dos cargos ofertados: <\/p>\n\n\n\n<ul>\n<li>O candidato, no ato da nomea\u00e7\u00e3o e posse, dever\u00e1 apresentar os seguintes documentos: \n<ul>\n<li>Carteira de Identidade &#8211; RG;<\/li>\n\n\n\n<li>Cadastro de Pessoa F\u00edsica &#8211; CPF regularizado e Comprovante de Situa\u00e7\u00e3o Cadastral Regular no<\/li>\n\n\n\n<li>CPF com validade de 30 dias a contar da data de sua emiss\u00e3o; <\/li>\n\n\n\n<li>T\u00edtulo de Eleitor;<\/li>\n\n\n\n<li>Certid\u00e3o de Quita\u00e7\u00e3o Eleitoral do TRE (dispon\u00edvel por meio do endere\u00e7o eletr\u00f4nico<\/li>\n\n\n\n<li>Comprovante de quita\u00e7\u00e3o com as obriga\u00e7\u00f5es militares, apenas para candidatos do sexo masculino, at\u00e9 45 anos completos;<\/li>\n\n\n\n<li>N\u00famero do PIS\/PASEP (c\u00f3pia da Carteira de Trabalho ou extrato fornecido pelo Banco do Brasil ou Caixa Econ\u00f4mica Federal);<\/li>\n\n\n\n<li>Certid\u00e3o de Casamento ou Escritura P\u00fablica de Uni\u00e3o Est\u00e1vel, com RG e CPF do c\u00f4njuge;<\/li>\n\n\n\n<li>Certid\u00e3o de Nascimento, RG e CPF (de filhos menores de 21 anos); para filhos de 21 at\u00e9 24 anos, se for estudante, dever\u00e1 apresentar declara\u00e7\u00e3o de matr\u00edcula da institui\u00e7\u00e3o;<\/li>\n\n\n\n<li>Comprovante de escolaridade exigida para o cargo;<\/li>\n\n\n\n<li><strong>Registro no respectivo Conselho de Classe (se houver);<\/strong><\/li>\n\n\n\n<li>Comprovante de resid\u00eancia atualizado (\u00e1gua, luz, telefone, condom\u00ednio ou internet);<\/li>\n\n\n\n<li>C\u00f3pia da Declara\u00e7\u00e3o de Imposto de Renda completa (declara\u00e7\u00e3o com recibo de entrega), encaminhada \u00e0 Receita Federal, relativa ao \u00faltimo exerc\u00edcio fiscal;<\/li>\n\n\n\n<li>Comprovante de qualifica\u00e7\u00e3o cadastral no Sistema de Escritura\u00e7\u00e3o Digital das Obriga\u00e7\u00f5es Fiscais, Previdenci\u00e1rias e Trabalhistas (eSocial).<\/li>\n\n\n\n<li>Certid\u00e3o Criminal &#8211; Comarcas e Turmas Recursais (Primeiro Grau)<\/li>\n\n\n\n<li>Certid\u00e3o Criminal &#8211; Tribunal de Justi\u00e7a (Segundo Grau). <\/li>\n\n\n\n<li>Certid\u00e3o de Antecedentes Criminais do respectivo Estado de origem, caso resida fora de SC;<\/li>\n\n\n\n<li><strong>Se for manter outro v\u00ednculo empregat\u00edcio, dever\u00e1 apresentar Declara\u00e7\u00e3o, emitida pelo \u00f3rg\u00e3o competente, com assinatura e carimbo do respons\u00e1vel, constando regime de contrata\u00e7\u00e3o, carga hor\u00e1ria semanal e hor\u00e1rio de trabalho; ou<\/strong><\/li>\n\n\n\n<li>Se for aposentado(a), \u00e9 obrigat\u00f3ria a apresenta\u00e7\u00e3o de fotoc\u00f3pia leg\u00edvel do Ato da Aposentadoria;<\/li>\n\n\n\n<li>Laudo M\u00e9dico de Aptid\u00e3o, fornecido pela Per\u00edcia M\u00e9dica, da Prefeitura Municipal de Florian\u00f3polis.<\/li>\n<\/ul>\n<\/li>\n<\/ul>\n\n\n\n<h2 class=\"wp-block-heading\"><span class=\"ez-toc-section\" id=\"Como_posso_me_preparar_para_as_etapas_de_selecao_do_concurso_FLORAM\"><\/span>Como posso me preparar para as etapas de sele\u00e7\u00e3o do concurso FLORAM? <span class=\"ez-toc-section-end\"><\/span><\/h2>\n\n\n\n<p>Os candidatos ao concurso FLORAM ser\u00e3o avaliados por meio das seguintes etapas de sele\u00e7\u00e3o: <\/p>\n\n\n\n<ul>\n<li><strong>Prova Objetiva<\/strong>, de car\u00e1ter classificat\u00f3rio e eliminat\u00f3rio, <em>para todos os cargos. <\/em><\/li>\n\n\n\n<li><strong>Prova de T\u00edtulos<\/strong>, de car\u00e1ter classificat\u00f3rio,<em> para todos os cargos de n\u00edvel superior. <\/em><\/li>\n<\/ul>\n\n\n\n<h3 class=\"wp-block-heading\">Prova Objetiva<\/h3>\n\n\n\n<p>A data da prova objetiva tamb\u00e9m sofreu uma modifica\u00e7\u00e3o com a retifica\u00e7\u00e3o do edital, ser\u00e1 aplicada no dia <strong>15 de setembro de 2024 \u00e0s 14h<\/strong>, com dura\u00e7\u00e3o de 3h30min para cargos de n\u00edvel m\u00e9dio\/t\u00e9cnico e 4h30min para cargos de n\u00edvel superior. <\/p>\n\n\n\n<p>A avalia\u00e7\u00e3o ser\u00e1 composta de <strong>quest\u00f5es de m\u00faltipla escolha<\/strong> versadas nas seguintes disciplinas: <\/p>\n\n\n\n<ul>\n<li><strong>M\u00e9dio e T\u00e9cnico<\/strong>\n<ul>\n<li>L\u00edngua Portuguesa &#8211; 10 quest\u00f5es<\/li>\n\n\n\n<li>Conhecimentos Gerais e Legisla\u00e7\u00e3o &#8211; 10 quest\u00f5es<\/li>\n\n\n\n<li>Racioc\u00ednio L\u00f3gico &#8211; 5 quest\u00f5es<\/li>\n\n\n\n<li>No\u00e7\u00f5es de Inform\u00e1tica &#8211; 5 quest\u00f5es<\/li>\n\n\n\n<li>Conhecimentos Espec\u00edficos &#8211; 30 quest\u00f5es<\/li>\n<\/ul>\n<\/li>\n\n\n\n<li><strong>Superior<\/strong>\n<ul>\n<li>L\u00edngua Portuguesa &#8211; 15 quest\u00f5es<\/li>\n\n\n\n<li>Conhecimentos Gerais e Legisla\u00e7\u00e3o &#8211; 10 quest\u00f5es<\/li>\n\n\n\n<li>Racioc\u00ednio L\u00f3gico &#8211; 10 quest\u00f5es<\/li>\n\n\n\n<li>No\u00e7\u00f5es de Inform\u00e1tica &#8211; 5 quest\u00f5es<\/li>\n\n\n\n<li>Conhecimentos Espec\u00edficos &#8211; 40 quest\u00f5es<\/li>\n<\/ul>\n<\/li>\n<\/ul>\n\n\n\n<p>A prova objetiva ser\u00e1 avaliada na escala de <strong>0 a 10 pontos<\/strong>, devendo o candidato obter no m\u00ednimo 5 pontos para ser considerado como aprovado. <\/p>\n\n\n\n<h3 class=\"wp-block-heading\">Prova de T\u00edtulos<\/h3>\n\n\n\n<p>A prova de t\u00edtulos \u00e9 v\u00e1lida apenas para os cargos de n\u00edvel superior. O envio dos certificados deve ser feito de maneira online, no per\u00edodo entre <strong>8h do dia 4 de outubro de 2024 e 23h59min do dia 13 de outubro de 2024.<\/strong><\/p>\n\n\n\n<p>A avalia\u00e7\u00e3o de t\u00edtulos tem valor m\u00e1ximo de 1,0 ponto, ou seja, ser\u00e1 computada a pontua\u00e7\u00e3o somente de um t\u00edtulo. Vejamos:<\/p>\n\n\n\n<ul>\n<li>Especializa\u00e7\u00e3o &#8211; 0,5 pontos<\/li>\n\n\n\n<li>Mestrado &#8211; 0,75 pontos<\/li>\n\n\n\n<li>Doutorado &#8211; 1,0 ponto<\/li>\n<\/ul>\n\n\n\n<p><\/p>\n\n\n\n<p><\/p>\n\n\n\n<p>Se voc\u00ea busca ser aprovado neste <strong>concurso<\/strong>, n\u00f3s temos <strong>material<\/strong> certo para voc\u00ea! <a href=\"https:\/\/www.editorasolucao.com.br\/concurso\/floram-sc-fundacao-municipal-do-meio-ambiente-de-florianopolis\" target=\"_blank\" rel=\"noreferrer noopener\">Confira aqui.&nbsp;<\/a><\/p>\n","protected":false},"excerpt":{"rendered":"<p>Ol\u00e1, concurseiros!! Foi retificado o edital do concurso FLORAM (Funda\u00e7\u00e3o Municipal do Meio Ambiente de Florian\u00f3polis). Este certame visa preencher quatro vagas imediatas, al\u00e9m da oportunidade de forma\u00e7\u00e3o de cadastro reserva, para v\u00e1rios n\u00edveis de escolaridade. As remunera\u00e7\u00f5es podem chegar at\u00e9 R$ 5,4 mil!! Se interessou? Venha saber mais!! Como posso realizar minha inscri\u00e7\u00e3o no concurso FLORAM? As inscri\u00e7\u00f5es para este certame foram prorrogadas at\u00e9 o dia 10 de julho de 2024. Os interessados pelo concurso FLORAM devem realizar suas inscri\u00e7\u00f5es por meio do site da banca organizadora, a FURB. Para que sua inscri\u00e7\u00e3o seja deferida, \u00e9 necess\u00e1rio que o&#8230;<\/p>\n","protected":false},"author":21,"featured_media":42601,"template":"","meta":{"_acf_changed":false,"rank_math_lock_modified_date":false},"categories":[],"tags":[],"acf":[],"_links":{"self":[{"href":"https:\/\/www.editorasolucao.com.br\/blog\/wp-json\/wp\/v2\/concurso\/42597"}],"collection":[{"href":"https:\/\/www.editorasolucao.com.br\/blog\/wp-json\/wp\/v2\/concurso"}],"about":[{"href":"https:\/\/www.editorasolucao.com.br\/blog\/wp-json\/wp\/v2\/types\/concurso"}],"author":[{"embeddable":true,"href":"https:\/\/www.editorasolucao.com.br\/blog\/wp-json\/wp\/v2\/users\/21"}],"wp:featuredmedia":[{"embeddable":true,"href":"https:\/\/www.editorasolucao.com.br\/blog\/wp-json\/wp\/v2\/media\/42601"}],"wp:attachment":[{"href":"https:\/\/www.editorasolucao.com.br\/blog\/wp-json\/wp\/v2\/media?parent=42597"}],"wp:term":[{"taxonomy":"category","embeddable":true,"href":"https:\/\/www.editorasolucao.com.br\/blog\/wp-json\/wp\/v2\/categories?post=42597"},{"taxonomy":"post_tag","embeddable":true,"href":"https:\/\/www.editorasolucao.com.br\/blog\/wp-json\/wp\/v2\/tags?post=42597"}],"curies":[{"name":"wp","href":"https:\/\/api.w.org\/{rel}","templated":true}]}}