{"id":42605,"date":"2024-05-03T13:15:19","date_gmt":"2024-05-03T16:15:19","guid":{"rendered":"https:\/\/www.editorasolucao.com.br\/blog\/?post_type=concurso&#038;p=42605"},"modified":"2024-05-03T13:15:22","modified_gmt":"2024-05-03T16:15:22","slug":"prefeitura-de-sao-pedro-do-ivai-pr","status":"publish","type":"concurso","link":"https:\/\/www.editorasolucao.com.br\/blog\/concurso\/prefeitura-de-sao-pedro-do-ivai-pr","title":{"rendered":"Concurso Prefeitura de S\u00e3o Pedro do Iva\u00ed: Inscri\u00e7\u00f5es abertas. At\u00e9 R$11 mil!"},"content":{"rendered":"\n<p>Ol\u00e1, concurseiros!! Est\u00e3o abertas as inscri\u00e7\u00f5es para o concurso da Prefeitura de S\u00e3o Pedro do Iva\u00ed, no estado do Paran\u00e1. Este certame visa preencher <strong>52 vagas imediatas<\/strong> <strong>para cargos de v\u00e1rios n\u00edveis de escolaridade. <\/strong>As remunera\u00e7\u00f5es iniciais chamam bastante aten\u00e7\u00e3o, j\u00e1 que podem chegar at\u00e9 <strong>R$ 11 mil!! <\/strong>Se ineteressou? Venha saber mais!! <\/p>\n\n\n\n<div id=\"ez-toc-container\" class=\"ez-toc-v2_0_69_1 counter-hierarchy ez-toc-counter ez-toc-grey ez-toc-container-direction\">\n<div class=\"ez-toc-title-container\">\n<p class=\"ez-toc-title \" >Menu de navega&ccedil;&atilde;o<\/p>\n<span class=\"ez-toc-title-toggle\"><a href=\"#\" class=\"ez-toc-pull-right ez-toc-btn ez-toc-btn-xs ez-toc-btn-default ez-toc-toggle\" aria-label=\"Toggle Table of Content\"><span class=\"ez-toc-js-icon-con\"><span class=\"\"><span class=\"eztoc-hide\" style=\"display:none;\">Toggle<\/span><span class=\"ez-toc-icon-toggle-span\"><svg style=\"fill: #999;color:#999\" xmlns=\"http:\/\/www.w3.org\/2000\/svg\" class=\"list-377408\" width=\"20px\" height=\"20px\" viewBox=\"0 0 24 24\" fill=\"none\"><path d=\"M6 6H4v2h2V6zm14 0H8v2h12V6zM4 11h2v2H4v-2zm16 0H8v2h12v-2zM4 16h2v2H4v-2zm16 0H8v2h12v-2z\" fill=\"currentColor\"><\/path><\/svg><svg style=\"fill: #999;color:#999\" class=\"arrow-unsorted-368013\" xmlns=\"http:\/\/www.w3.org\/2000\/svg\" width=\"10px\" height=\"10px\" viewBox=\"0 0 24 24\" version=\"1.2\" baseProfile=\"tiny\"><path d=\"M18.2 9.3l-6.2-6.3-6.2 6.3c-.2.2-.3.4-.3.7s.1.5.3.7c.2.2.4.3.7.3h11c.3 0 .5-.1.7-.3.2-.2.3-.5.3-.7s-.1-.5-.3-.7zM5.8 14.7l6.2 6.3 6.2-6.3c.2-.2.3-.5.3-.7s-.1-.5-.3-.7c-.2-.2-.4-.3-.7-.3h-11c-.3 0-.5.1-.7.3-.2.2-.3.5-.3.7s.1.5.3.7z\"\/><\/svg><\/span><\/span><\/span><\/a><\/span><\/div>\n<nav><ul class='ez-toc-list ez-toc-list-level-1 ' ><li class='ez-toc-page-1 ez-toc-heading-level-2'><a class=\"ez-toc-link ez-toc-heading-1\" href=\"https:\/\/www.editorasolucao.com.br\/blog\/concurso\/prefeitura-de-sao-pedro-do-ivai-pr\/#Como_posso_realizar_minha_inscricao_para_o_concurso_da_Prefeitura_de_Sao_Pedro_do_Ivai\" title=\"Como posso realizar minha inscri\u00e7\u00e3o para o concurso da Prefeitura de S\u00e3o Pedro do Iva\u00ed?\">Como posso realizar minha inscri\u00e7\u00e3o para o concurso da Prefeitura de S\u00e3o Pedro do Iva\u00ed?<\/a><\/li><li class='ez-toc-page-1 ez-toc-heading-level-2'><a class=\"ez-toc-link ez-toc-heading-2\" href=\"https:\/\/www.editorasolucao.com.br\/blog\/concurso\/prefeitura-de-sao-pedro-do-ivai-pr\/#Quais_vagas_estao_sendo_ofertadas\" title=\"Quais vagas est\u00e3o sendo ofertadas?\">Quais vagas est\u00e3o sendo ofertadas?<\/a><\/li><li class='ez-toc-page-1 ez-toc-heading-level-2'><a class=\"ez-toc-link ez-toc-heading-3\" href=\"https:\/\/www.editorasolucao.com.br\/blog\/concurso\/prefeitura-de-sao-pedro-do-ivai-pr\/#Quais_os_requisitos_exigidos_para_a_investidura_dos_cargos\" title=\"Quais os requisitos exigidos para a investidura dos cargos?\">Quais os requisitos exigidos para a investidura dos cargos?<\/a><\/li><li class='ez-toc-page-1 ez-toc-heading-level-2'><a class=\"ez-toc-link ez-toc-heading-4\" href=\"https:\/\/www.editorasolucao.com.br\/blog\/concurso\/prefeitura-de-sao-pedro-do-ivai-pr\/#Como_posso_me_preparar_para_as_etapas_de_selecao_do_concurso_do_Prefeitura_de_Sao_Pedro_do_Ivai\" title=\"Como posso me preparar para as etapas de sele\u00e7\u00e3o do concurso do Prefeitura de S\u00e3o Pedro do Iva\u00ed?\">Como posso me preparar para as etapas de sele\u00e7\u00e3o do concurso do Prefeitura de S\u00e3o Pedro do Iva\u00ed?<\/a><\/li><\/ul><\/nav><\/div>\n<h2 class=\"wp-block-heading\"><span class=\"ez-toc-section\" id=\"Como_posso_realizar_minha_inscricao_para_o_concurso_da_Prefeitura_de_Sao_Pedro_do_Ivai\"><\/span>Como posso realizar minha inscri\u00e7\u00e3o para o concurso da Prefeitura de S\u00e3o Pedro do Iva\u00ed? <span class=\"ez-toc-section-end\"><\/span><\/h2>\n\n\n\n<p>As inscri\u00e7\u00f5es para este certame j\u00e1 est\u00e3o abertas e se estender\u00e3o at\u00e9 o dia <strong>16 de maio de 2024. <\/strong>Os interessados pelo concurso da Prefeitura de S\u00e3o Pedro do Iva\u00ed podem se inscrever por meio do site da banca organizadora, o <a href=\"https:\/\/institutounicampo.com.br\/concurso\/processo-de-selecao-de-pessoal-psp-concurso-publico-do-municipio-de-sao-pedro-do-ivai-pr\" target=\"_blank\" rel=\"noreferrer noopener\">Instituo Unicampo<\/a>. <\/p>\n\n\n\n<p>Os valores das taxas de inscri\u00e7\u00e3o variam de acordo com o n\u00edvel de escolaridade do cargo escolhido pelo candidato. Vejamos com mais detalhes: <\/p>\n\n\n\n<ul>\n<li><strong>N\u00edvel Fundamental: <\/strong>R$ 50,00<\/li>\n\n\n\n<li><strong>N\u00edvel M\u00e9dio e T\u00e9cnico: <\/strong>R$ 80,00<\/li>\n\n\n\n<li><strong>N\u00edvel Superior: <\/strong>R$ 100,00<\/li>\n<\/ul>\n\n\n\n<p>Para que sua inscri\u00e7\u00e3o seja homologada, \u00e9 necess\u00e1rio que o candidato efetue o pagamento da taxa de inscri\u00e7\u00e3o at\u00e9 o dia<strong> 17 de maio de 2024. <\/strong><\/p>\n\n\n\n<p>Os candidatos inscritos no Cad\u00danico, que comprovem situa\u00e7\u00e3o de baixa renda, podem solicitar a isen\u00e7\u00e3o dessas taxas at\u00e9 o dia <strong>7 de maio. <\/strong><\/p>\n\n\n\n<h2 class=\"wp-block-heading\"><span class=\"ez-toc-section\" id=\"Quais_vagas_estao_sendo_ofertadas\"><\/span>Quais vagas est\u00e3o sendo ofertadas? <span class=\"ez-toc-section-end\"><\/span><\/h2>\n\n\n\n<p>A Prefeitura de S\u00e3o Pedro do Iva\u00ed est\u00e1 ofertando <strong>52 vagas imediatas<\/strong> para v\u00e1rios n\u00edveis de escolaridade. Vamos ver com mais detalhes? <\/p>\n\n\n\n<ul>\n<li><strong>N\u00edvel Fundamental<\/strong>\n<ul>\n<li>Agente de Endemias (4 + 2 CR)\n<ul>\n<li>R$ 2.824,00<\/li>\n<\/ul>\n<\/li>\n\n\n\n<li>Auxiliar de Servi\u00e7os Gerais (6 + 2 CR)\n<ul>\n<li>R$ 1.412,00<\/li>\n<\/ul>\n<\/li>\n\n\n\n<li>Eletricista (1 + 1 CR)\n<ul>\n<li>R$ 1.412,00<\/li>\n<\/ul>\n<\/li>\n\n\n\n<li>Gari (2 + 1 CR)\n<ul>\n<li>R$ 1.412,00<\/li>\n<\/ul>\n<\/li>\n\n\n\n<li>Mec\u00e2nico (1 + 1 CR)\n<ul>\n<li>R$ 1.412,00<\/li>\n<\/ul>\n<\/li>\n\n\n\n<li>Motorista (2 + 1 CR)\n<ul>\n<li>R$ 1.412,00<\/li>\n<\/ul>\n<\/li>\n\n\n\n<li>Operador de M\u00e1quinas (1 + 1 CR)\n<ul>\n<li>R$ 1.412,00<\/li>\n<\/ul>\n<\/li>\n\n\n\n<li>Pedreiro (1 + 1 CR)\n<ul>\n<li>R$ 1.412,00<\/li>\n<\/ul>\n<\/li>\n\n\n\n<li>Vigia (2 + 1 CR)\n<ul>\n<li>R$ 1.412,00<\/li>\n<\/ul>\n<\/li>\n<\/ul>\n<\/li>\n\n\n\n<li><strong>N\u00edvel M\u00e9dio e T\u00e9cnico<\/strong>\n<ul>\n<li>Auxiliar Administrativo (3 + 1 CR)\n<ul>\n<li>R$ 1.412,00<\/li>\n<\/ul>\n<\/li>\n\n\n\n<li>Auxiliar de Cuidados Dent\u00e1rios (3 + 1 CR)\n<ul>\n<li>R$ 1.412,00<\/li>\n<\/ul>\n<\/li>\n\n\n\n<li>Fiscal de Obras e Posturas (1 + 1 CR)\n<ul>\n<li>R$ 1.605,83<\/li>\n<\/ul>\n<\/li>\n\n\n\n<li>Fiscal de Tribut\u00e1rio (1 + 1 CR)\n<ul>\n<li>R$ 1.412,00<\/li>\n<\/ul>\n<\/li>\n\n\n\n<li>T\u00e9cnico em Enfermagem (2 + 1 CR)\n<ul>\n<li>R$ 1.412,00<\/li>\n<\/ul>\n<\/li>\n\n\n\n<li>T\u00e9cnico em Vigil\u00e2ncia Sanit\u00e1ria (2 + 1 CR)\n<ul>\n<li>R$ 1.412,00<\/li>\n<\/ul>\n<\/li>\n<\/ul>\n<\/li>\n\n\n\n<li><strong>N\u00edvel Superior<\/strong>\n<ul>\n<li>Assistente Social (1 + 1 CR)\n<ul>\n<li>R$ 1.366,19<\/li>\n<\/ul>\n<\/li>\n\n\n\n<li>Educador Infantil (2 + 1 CR)\n<ul>\n<li>R$ 4.420,55<\/li>\n<\/ul>\n<\/li>\n\n\n\n<li>Enfermeira (1 + 1 CR)\n<ul>\n<li>R$ 2.731,86<\/li>\n<\/ul>\n<\/li>\n\n\n\n<li>Farmac\u00eautico (1 + 1 CR)\n<ul>\n<li>R$ 2.731,86<\/li>\n<\/ul>\n<\/li>\n\n\n\n<li>Fisioterapeuta (1 + 1 CR)\n<ul>\n<li>R$ 1.366,19<\/li>\n<\/ul>\n<\/li>\n\n\n\n<li>Fonoaudi\u00f3logo (1 + 1 CR)\n<ul>\n<li>R$ 1.366,19<\/li>\n<\/ul>\n<\/li>\n\n\n\n<li>M\u00e9dico (1 + 1 CR)\n<ul>\n<li>R$ 11.795,39<\/li>\n<\/ul>\n<\/li>\n\n\n\n<li>Odont\u00f3logo (1 + 1 CR)\n<ul>\n<li>R$ 1.366,19<\/li>\n<\/ul>\n<\/li>\n\n\n\n<li>Professor (10 + 1 CR)\n<ul>\n<li>R$ 2.710,27<\/li>\n<\/ul>\n<\/li>\n\n\n\n<li>Professor de Ingl\u00eas (1 + 1 CR)\n<ul>\n<li>R$ 2.710,27<\/li>\n<\/ul>\n<\/li>\n\n\n\n<li>Psic\u00f3loga (1 + 1 CR)\n<ul>\n<li>R$ 2.731,86<\/li>\n<\/ul>\n<\/li>\n<\/ul>\n<\/li>\n<\/ul>\n\n\n\n<p>Os candidatos aprovados e admitidos pelo concurso dever\u00e3o cumprir uma jornada de trabalho que pode variar entre <strong>20h ou 40h semanais.<\/strong> <\/p>\n\n\n\n<h2 class=\"wp-block-heading\"><span class=\"ez-toc-section\" id=\"Quais_os_requisitos_exigidos_para_a_investidura_dos_cargos\"><\/span>Quais os requisitos exigidos para a investidura dos cargos?<span class=\"ez-toc-section-end\"><\/span><\/h2>\n\n\n\n<p>De acordo com o edital, esses s\u00e3o os requisitos b\u00e1sicos exigidos para a nomea\u00e7\u00e3o e posse dos cargos ofertados: <\/p>\n\n\n\n<ul>\n<li>Ser brasileiro nato ou naturalizado, ou cidad\u00e3o Portugu\u00eas que tenha adquirido a igualdade de direitos e obriga\u00e7\u00f5es civis e gozo dos direitos pol\u00edticos (Decreto n\u00ba 70.436, de18\/04\/72, Constitui\u00e7\u00e3o Federal, \u00a7 1\u00b0 do Art. 12 de 05\/10\/88 e Emenda Constitucional n\u00ba 19, de 04\/06\/98.<\/li>\n\n\n\n<li><strong>Ter idade m\u00ednima de 18 anos at\u00e9 a data para posse prevista no Edital de Convoca\u00e7\u00e3o.<\/strong><\/li>\n\n\n\n<li>Gozar de direitos pol\u00edticos.<\/li>\n\n\n\n<li>Estar em dia com as obriga\u00e7\u00f5es eleitorais.<\/li>\n\n\n\n<li>Os candidatos do sexo masculino dever\u00e3o estar em dia com os deveres do Servi\u00e7o Militar.<\/li>\n\n\n\n<li>N\u00e3o estar condenado por senten\u00e7a criminal transitada em julgado, devendo ser atestado por declara\u00e7\u00e3o assinada pelo candidato.<\/li>\n\n\n\n<li>N\u00e3o registrar antecedentes criminais.<\/li>\n\n\n\n<li>N\u00e3o estar em exerc\u00edcio ou investido em cargo, fun\u00e7\u00e3o ou emprego p\u00fablico em qualquer das esferas de governo, atestado por declara\u00e7\u00e3o assinada pelo candidato, ressalvados os casos previstos no inciso XVI do artigo 37 da Constitui\u00e7\u00e3o Federal, desde que haja a compatibilidade de hor\u00e1rios entre os cargos.<\/li>\n\n\n\n<li><strong>Possuir documentos que comprovem a escolaridade e demais pr\u00e9-requisitos exigidos para desempenho do cargo.<\/strong><\/li>\n<\/ul>\n\n\n\n<h2 class=\"wp-block-heading\"><span class=\"ez-toc-section\" id=\"Como_posso_me_preparar_para_as_etapas_de_selecao_do_concurso_do_Prefeitura_de_Sao_Pedro_do_Ivai\"><\/span>Como posso me preparar para as etapas de sele\u00e7\u00e3o do concurso do Prefeitura de S\u00e3o Pedro do Iva\u00ed? <span class=\"ez-toc-section-end\"><\/span><\/h2>\n\n\n\n<p>Os candidatos do concurso da Prefeitura de S\u00e3o Pedro do Iva\u00ed ser\u00e3o avaliados por meio das seguintes etapas de sele\u00e7\u00e3o: <\/p>\n\n\n\n<ul>\n<li><strong>Prova Objetiva<\/strong>, de car\u00e1ter eliminat\u00f3rio e classificat\u00f3rio, <em>para todos os cargos.<\/em><\/li>\n\n\n\n<li><strong>Prova de T\u00edtulos,<\/strong> de car\u00e1ter classificat\u00f3rio, <em>para cargos de Professor, Professor de Ingl\u00eas e Educador Infantil.<\/em><\/li>\n\n\n\n<li><strong>Prova Pr\u00e1tica<\/strong>, de car\u00e1ter eliminat\u00f3rio e classificat\u00f3rio, <em>para os cargos que de Motorista \u201cD\u201d e Operador de M\u00e1quinas \u201cB\u201d. <\/em><\/li>\n<\/ul>\n\n\n\n<h3 class=\"wp-block-heading\">Prova Objetiva<\/h3>\n\n\n\n<p>A prova objetiva est\u00e1 prevista para acontecer no dia <strong>26 de maio de 2024<\/strong>, em hor\u00e1rios e locais que ainda ser\u00e3o divulgados pela banca organizadora do concurso. <\/p>\n\n\n\n<p>Essa avalia\u00e7\u00e3o ser\u00e1 composta de quest\u00f5es de m\u00faltipla escolha, versando sobre o conte\u00fado a seguir: <\/p>\n\n\n\n<ul>\n<li><strong>Superior<\/strong>\n<ul>\n<li>L\u00edngua Portuguesa &#8211; 10 quest\u00f5es<\/li>\n\n\n\n<li>Matem\u00e1tica &#8211; 5 quest\u00f5es<\/li>\n\n\n\n<li>Conhecimento Espec\u00edfico &#8211; 15 quest\u00f5es<\/li>\n<\/ul>\n<\/li>\n\n\n\n<li><strong>M\u00e9dio, T\u00e9cnico e Fundamental<\/strong>\n<ul>\n<li><em>cargos de Auxiliar de Serv. Gerais, Eletricista, Gari, Mec\u00e2nico, Motorista, Operador de M\u00e1quinas, Pedreiro e Vigia:<\/em>\n<ul>\n<li>L\u00edngua Portuguesa &#8211; 10 quest\u00f5es<\/li>\n\n\n\n<li>Matem\u00e1tica &#8211; 5 quest\u00f5es<\/li>\n\n\n\n<li>Conhecimento Espec\u00edfico &#8211; 15 quest\u00f5es<\/li>\n<\/ul>\n<\/li>\n\n\n\n<li><em>demais cargos: <\/em>\n<ul>\n<li>L\u00edngua Portuguesa &#8211; 10 quest\u00f5es (5 quest\u00f5es para cargos de Agente de Endemias e Auxiliar Administrativo)<\/li>\n\n\n\n<li>Matem\u00e1tica &#8211; 5 quest\u00f5es<\/li>\n\n\n\n<li>No\u00e7\u00f5es B\u00e1sica de Inform\u00e1tica &#8211; 5 quest\u00f5es<\/li>\n\n\n\n<li>Conhecimentos Espec\u00edficos &#8211; 10 quest\u00f5es ( 5 quest\u00f5es para cargos de Agente de Endemias e Auxiliar Administrativo)<\/li>\n<\/ul>\n<\/li>\n<\/ul>\n<\/li>\n<\/ul>\n\n\n\n<p>Ser\u00e1 considerado aprovado na prova objetiva aquele candidato que obtiver nota igual ou superior a <strong>50 pontos.<\/strong><\/p>\n\n\n\n<h3 class=\"wp-block-heading\">Prova de T\u00edtulos<\/h3>\n\n\n\n<p>A entrega dos t\u00edtulos, v\u00e1lida apenas aos cargos de Professor (todas as \u00e1reas) e Educador Infantil, dever\u00e1 ser feita de maneira online no per\u00edodo dos dias <strong>13 a 15 de junho de 2024. <\/strong><\/p>\n\n\n\n<p>Esta etapa ter\u00e1 o valor m\u00e1ximo de 10 pontos, sendo avaliados os seguintes certificados: <\/p>\n\n\n\n<ul>\n<li>Participa\u00e7\u00e3o em eventos cient\u00edficos ou cursos realizados na \u00e1rea do cargo pretendido, que somados totalizem 100 horas, desde que a participa\u00e7\u00e3o tenha ocorrido nos \u00faltimos 5 anos &#8211; 1,0 ponto<\/li>\n\n\n\n<li>Especializa\u00e7\u00e3o &#8211; 1,0 ponto<\/li>\n\n\n\n<li>Mestrado &#8211; 3,0 pontos<\/li>\n\n\n\n<li>Doutorado &#8211; 4,0 pontos<\/li>\n<\/ul>\n\n\n\n<h3 class=\"wp-block-heading\">Prova Pr\u00e1tica<\/h3>\n\n\n\n<p>A prova pr\u00e1tica ser\u00e1 aplicada somente aos cargos de Motorista e Operador de M\u00e1quinas. Essa etapa est\u00e1 prevista para acontecer no dia<strong> 13 de junho de 2024. <\/strong><\/p>\n\n\n\n<p>Ser\u00e3o avaliadas as seguintes atividades: <\/p>\n\n\n\n<ul>\n<li><strong>Motorista <\/strong>\n<ul>\n<li>consistir\u00e1 na condu\u00e7\u00e3o de um dos ve\u00edculos motorizados abrangidos pela categoria de habilita\u00e7\u00e3o do C\u00f3digo de Tr\u00e2nsito Brasileiro.<\/li>\n<\/ul>\n<\/li>\n<\/ul>\n\n\n\n<p>Essa etapa possuir\u00e1 o valor de <strong>100 pontos<\/strong> e ser\u00e1 aprovado o  candidato que permanecer com pontua\u00e7\u00e3o igual ou superior a <strong>50 pontos positivos.<\/strong><\/p>\n\n\n\n<ul>\n<li><strong>Operador de M\u00e1quinas<\/strong>\n<ul>\n<li>consistir\u00e1 inicialmente na avalia\u00e7\u00e3o pr\u00e1tica-te\u00f3rica dos quesitos que o candidato deve observar antes de colocar o equipamento em movimento para o trabalho e posteriormente na avalia\u00e7\u00e3o pr\u00e1tica dos procedimentos do candidato no deslocamento do equipamento at\u00e9 o local de trabalho e na execu\u00e7\u00e3o das tarefas determinadas pelos examinadores respons\u00e1veis pela aplica\u00e7\u00e3o da prova pr\u00e1tica.<\/li>\n<\/ul>\n<\/li>\n<\/ul>\n\n\n\n<p>Essa etapa possuir\u00e1 o valor de <strong>100 pontos<\/strong> e ser\u00e1 aprovado o  candidato que permanecer com pontua\u00e7\u00e3o igual ou superior a <strong>50 pontos positivos.<\/strong><\/p>\n\n\n\n<p><\/p>\n\n\n\n<p><\/p>\n\n\n\n<p><strong>Boa prova e bons estudos!!  <\/strong><\/p>\n","protected":false},"excerpt":{"rendered":"<p>Ol\u00e1, concurseiros!! Est\u00e3o abertas as inscri\u00e7\u00f5es para o concurso da Prefeitura de S\u00e3o Pedro do Iva\u00ed, no estado do Paran\u00e1. Este certame visa preencher 52 vagas imediatas para cargos de v\u00e1rios n\u00edveis de escolaridade. As remunera\u00e7\u00f5es iniciais chamam bastante aten\u00e7\u00e3o, j\u00e1 que podem chegar at\u00e9 R$ 11 mil!! Se ineteressou? Venha saber mais!! Como posso realizar minha inscri\u00e7\u00e3o para o concurso da Prefeitura de S\u00e3o Pedro do Iva\u00ed? As inscri\u00e7\u00f5es para este certame j\u00e1 est\u00e3o abertas e se estender\u00e3o at\u00e9 o dia 16 de maio de 2024. Os interessados pelo concurso da Prefeitura de S\u00e3o Pedro do Iva\u00ed podem se&#8230;<\/p>\n","protected":false},"author":21,"featured_media":42607,"template":"","meta":{"_acf_changed":true,"rank_math_lock_modified_date":false},"categories":[],"tags":[],"acf":[],"_links":{"self":[{"href":"https:\/\/www.editorasolucao.com.br\/blog\/wp-json\/wp\/v2\/concurso\/42605"}],"collection":[{"href":"https:\/\/www.editorasolucao.com.br\/blog\/wp-json\/wp\/v2\/concurso"}],"about":[{"href":"https:\/\/www.editorasolucao.com.br\/blog\/wp-json\/wp\/v2\/types\/concurso"}],"author":[{"embeddable":true,"href":"https:\/\/www.editorasolucao.com.br\/blog\/wp-json\/wp\/v2\/users\/21"}],"wp:featuredmedia":[{"embeddable":true,"href":"https:\/\/www.editorasolucao.com.br\/blog\/wp-json\/wp\/v2\/media\/42607"}],"wp:attachment":[{"href":"https:\/\/www.editorasolucao.com.br\/blog\/wp-json\/wp\/v2\/media?parent=42605"}],"wp:term":[{"taxonomy":"category","embeddable":true,"href":"https:\/\/www.editorasolucao.com.br\/blog\/wp-json\/wp\/v2\/categories?post=42605"},{"taxonomy":"post_tag","embeddable":true,"href":"https:\/\/www.editorasolucao.com.br\/blog\/wp-json\/wp\/v2\/tags?post=42605"}],"curies":[{"name":"wp","href":"https:\/\/api.w.org\/{rel}","templated":true}]}}