{"id":42617,"date":"2024-05-06T10:07:41","date_gmt":"2024-05-06T13:07:41","guid":{"rendered":"https:\/\/www.editorasolucao.com.br\/blog\/?post_type=concurso&#038;p=42617"},"modified":"2024-05-06T10:07:44","modified_gmt":"2024-05-06T13:07:44","slug":"prefeitura-de-apore-go","status":"publish","type":"concurso","link":"https:\/\/www.editorasolucao.com.br\/blog\/concurso\/prefeitura-de-apore-go","title":{"rendered":"Concurso Prefeitura de Apor\u00e9: Edital publicado. 76 vagas e at\u00e9 R$6 mil!"},"content":{"rendered":"\n<p><strong>Ol\u00e1, concurseiros!!<\/strong> A Prefeitura de Apor\u00e9, no estado de Goi\u00e1s, divulgou um novo edital com oferta de <strong>76 vagas imediatas<\/strong>, al\u00e9m da forma\u00e7\u00e3o de cadastro reserva, para cargos de v\u00e1rios n\u00edveis de escolaridade. As remunera\u00e7\u00f5es iniciais podem chegar at\u00e9<strong> R$ 6 mil!! <\/strong>Se interessou pelo certame? Venha saber mais lendo esta not\u00edcia! <\/p>\n\n\n\n<div id=\"ez-toc-container\" class=\"ez-toc-v2_0_69_1 counter-hierarchy ez-toc-counter ez-toc-grey ez-toc-container-direction\">\n<div class=\"ez-toc-title-container\">\n<p class=\"ez-toc-title \" >Menu de navega&ccedil;&atilde;o<\/p>\n<span class=\"ez-toc-title-toggle\"><a href=\"#\" class=\"ez-toc-pull-right ez-toc-btn ez-toc-btn-xs ez-toc-btn-default ez-toc-toggle\" aria-label=\"Toggle Table of Content\"><span class=\"ez-toc-js-icon-con\"><span class=\"\"><span class=\"eztoc-hide\" style=\"display:none;\">Toggle<\/span><span class=\"ez-toc-icon-toggle-span\"><svg style=\"fill: #999;color:#999\" xmlns=\"http:\/\/www.w3.org\/2000\/svg\" class=\"list-377408\" width=\"20px\" height=\"20px\" viewBox=\"0 0 24 24\" fill=\"none\"><path d=\"M6 6H4v2h2V6zm14 0H8v2h12V6zM4 11h2v2H4v-2zm16 0H8v2h12v-2zM4 16h2v2H4v-2zm16 0H8v2h12v-2z\" fill=\"currentColor\"><\/path><\/svg><svg style=\"fill: #999;color:#999\" class=\"arrow-unsorted-368013\" xmlns=\"http:\/\/www.w3.org\/2000\/svg\" width=\"10px\" height=\"10px\" viewBox=\"0 0 24 24\" version=\"1.2\" baseProfile=\"tiny\"><path d=\"M18.2 9.3l-6.2-6.3-6.2 6.3c-.2.2-.3.4-.3.7s.1.5.3.7c.2.2.4.3.7.3h11c.3 0 .5-.1.7-.3.2-.2.3-.5.3-.7s-.1-.5-.3-.7zM5.8 14.7l6.2 6.3 6.2-6.3c.2-.2.3-.5.3-.7s-.1-.5-.3-.7c-.2-.2-.4-.3-.7-.3h-11c-.3 0-.5.1-.7.3-.2.2-.3.5-.3.7s.1.5.3.7z\"\/><\/svg><\/span><\/span><\/span><\/a><\/span><\/div>\n<nav><ul class='ez-toc-list ez-toc-list-level-1 ' ><li class='ez-toc-page-1 ez-toc-heading-level-2'><a class=\"ez-toc-link ez-toc-heading-1\" href=\"https:\/\/www.editorasolucao.com.br\/blog\/concurso\/prefeitura-de-apore-go\/#Como_posso_me_inscrever_para_o_concurso_da_Prefeitura_de_Apore\" title=\"Como posso me inscrever para o concurso da Prefeitura de Apor\u00e9?\">Como posso me inscrever para o concurso da Prefeitura de Apor\u00e9?<\/a><\/li><li class='ez-toc-page-1 ez-toc-heading-level-2'><a class=\"ez-toc-link ez-toc-heading-2\" href=\"https:\/\/www.editorasolucao.com.br\/blog\/concurso\/prefeitura-de-apore-go\/#Quais_vagas_estao_sendo_ofertadas\" title=\"Quais vagas est\u00e3o sendo ofertadas?\">Quais vagas est\u00e3o sendo ofertadas?<\/a><\/li><li class='ez-toc-page-1 ez-toc-heading-level-2'><a class=\"ez-toc-link ez-toc-heading-3\" href=\"https:\/\/www.editorasolucao.com.br\/blog\/concurso\/prefeitura-de-apore-go\/#Quais_sao_os_requisitos_para_a_investidura_e_posse_dos_cargos\" title=\"Quais s\u00e3o os requisitos para a investidura e posse dos cargos?\">Quais s\u00e3o os requisitos para a investidura e posse dos cargos?<\/a><\/li><li class='ez-toc-page-1 ez-toc-heading-level-2'><a class=\"ez-toc-link ez-toc-heading-4\" href=\"https:\/\/www.editorasolucao.com.br\/blog\/concurso\/prefeitura-de-apore-go\/#Como_posso_me_preparar_para_as_etapas_de_selecao_do_concurso_da_Prefeitura_de_Apore\" title=\"Como posso me preparar para as etapas de sele\u00e7\u00e3o do concurso da Prefeitura de Apor\u00e9?\">Como posso me preparar para as etapas de sele\u00e7\u00e3o do concurso da Prefeitura de Apor\u00e9?<\/a><\/li><\/ul><\/nav><\/div>\n<h2 class=\"wp-block-heading\"><span class=\"ez-toc-section\" id=\"Como_posso_me_inscrever_para_o_concurso_da_Prefeitura_de_Apore\"><\/span>Como posso me inscrever para o concurso da Prefeitura de Apor\u00e9? <span class=\"ez-toc-section-end\"><\/span><\/h2>\n\n\n\n<p>As inscri\u00e7\u00f5es para o concurso da Prefeitura de Apor\u00e9 j\u00e1 est\u00e3o abertas e podem ser realizadas at\u00e9 o dia <strong>31 de maio de 2024. <\/strong>Os interessados pelo certame devem realizar suas inscri\u00e7\u00f5es atrav\u00e9s do site da banca organizadora, a <a href=\"https:\/\/empresabrainco.com.br\/sys\/concurso.php?id=15\" target=\"_blank\" rel=\"noreferrer noopener\">Empresa Brainco.<\/a> <\/p>\n\n\n\n<p>Os valores das taxas de inscri\u00e7\u00e3o variam de acordo com o n\u00edvel de escolaridade do cargo escolhido pelo candidato, vejamos: <\/p>\n\n\n\n<ul>\n<li><strong>N\u00edvel Fundamental: <\/strong>R$ 20,00<\/li>\n\n\n\n<li><strong>N\u00edvel M\u00e9dio e T\u00e9cnico: <\/strong>R$ 40,00<\/li>\n\n\n\n<li><strong>N\u00edvel Superior:<\/strong> R$ 60,00<\/li>\n<\/ul>\n\n\n\n<p>Para que sua inscri\u00e7\u00e3o seja homologada, o candidato deve efetuar o pagamento dessas taxas at\u00e9 o dia <strong>31 de maio. <\/strong><\/p>\n\n\n\n<p>Houve a oportunidade de solicitar a isen\u00e7\u00e3o das taxas de inscri\u00e7\u00e3o, mas esse per\u00edodo j\u00e1 foi encerrado. <\/p>\n\n\n\n<h2 class=\"wp-block-heading\"><span class=\"ez-toc-section\" id=\"Quais_vagas_estao_sendo_ofertadas\"><\/span>Quais vagas est\u00e3o sendo ofertadas? <span class=\"ez-toc-section-end\"><\/span><\/h2>\n\n\n\n<p>A Prefeitura de Apor\u00e9 visa preencher<strong> 76 vagas imediatas<\/strong>, al\u00e9m da oportunidade de cadastro reserva, para cargos de todos os n\u00edveis de escolaridade. Vamos ver com mais detalhes? <\/p>\n\n\n\n<ul>\n<li><strong>Fundamental<\/strong>\n<ul>\n<li>Auxiliar de Sa\u00fade Bucal (CR)\n<ul>\n<li>R$ 1.459,77<\/li>\n<\/ul>\n<\/li>\n\n\n\n<li>Auxiliar de Servi\u00e7os Gerais (5)\n<ul>\n<li>R$ 1.459,77<\/li>\n<\/ul>\n<\/li>\n\n\n\n<li>Eletricista (CR)\n<ul>\n<li>R$ 1.459,77<\/li>\n<\/ul>\n<\/li>\n\n\n\n<li>Fiscal de Vigil\u00e2ncia em Sa\u00fade (2)\n<ul>\n<li>R$ 1.459,77<\/li>\n<\/ul>\n<\/li>\n\n\n\n<li>Mec\u00e2nico (1)\n<ul>\n<li>R$ 1.459,77<\/li>\n<\/ul>\n<\/li>\n\n\n\n<li>Merendeira (4)\n<ul>\n<li>R$ 1.459,77<\/li>\n<\/ul>\n<\/li>\n\n\n\n<li>Motorista (2)\n<ul>\n<li>R$ 1.459,77<\/li>\n<\/ul>\n<\/li>\n\n\n\n<li>Motorista &#8211; Transporte Escolar (5)\n<ul>\n<li>R$ 1.459,77<\/li>\n<\/ul>\n<\/li>\n\n\n\n<li>Motorista Ve\u00edculo Prancha (CR)\n<ul>\n<li>R$ 1.459,77<\/li>\n<\/ul>\n<\/li>\n\n\n\n<li>Operador de M\u00e1quinas (3)\n<ul>\n<li>R$ 1.459,77<\/li>\n<\/ul>\n<\/li>\n\n\n\n<li>Pedreiro (CR)\n<ul>\n<li>R$ 1.459,77<\/li>\n<\/ul>\n<\/li>\n\n\n\n<li>Telefonista (CR)\n<ul>\n<li>R$ 1.459,77<\/li>\n<\/ul>\n<\/li>\n\n\n\n<li>Tratorista (2)\n<ul>\n<li>R$ 1.459,77<\/li>\n<\/ul>\n<\/li>\n\n\n\n<li>Vigilante (1)\n<ul>\n<li>R$ 1.459,77<\/li>\n<\/ul>\n<\/li>\n<\/ul>\n<\/li>\n\n\n\n<li><strong>M\u00e9dio e T\u00e9cnico <\/strong>\n<ul>\n<li>Agente Comunit\u00e1rio de Sa\u00fade (4)\n<ul>\n<li>R$ 2.840,00<\/li>\n<\/ul>\n<\/li>\n\n\n\n<li>Agente de Combate \u00e0s Endemias (2)\n<ul>\n<li>R$ 2.840,00<\/li>\n<\/ul>\n<\/li>\n\n\n\n<li>Agente de Enfermagem (CR)\n<ul>\n<li>R$1.459,77<\/li>\n<\/ul>\n<\/li>\n\n\n\n<li>Auxiliar Administrativo (4)\n<ul>\n<li>R$ 1.459,77<\/li>\n<\/ul>\n<\/li>\n\n\n\n<li>Fiscal de Servi\u00e7os P\u00fablicos (2)\n<ul>\n<li>R$ 1.459,77<\/li>\n<\/ul>\n<\/li>\n\n\n\n<li>Monitor (5)\n<ul>\n<li>R$ 1.459,77<\/li>\n<\/ul>\n<\/li>\n\n\n\n<li>T\u00e9cnico em Higiene Dental (CR)\n<ul>\n<li>R$ 1.459,77<\/li>\n<\/ul>\n<\/li>\n\n\n\n<li>T\u00e9cnico em Eletr\u00f4nica (CR)\n<ul>\n<li>R$ 1.459,77<\/li>\n<\/ul>\n<\/li>\n\n\n\n<li>T\u00e9cnico em Enfermagem (5)\n<ul>\n<li>R$ 1.459,77<\/li>\n<\/ul>\n<\/li>\n\n\n\n<li>T\u00e9cnico em Inform\u00e1tica (1)\n<ul>\n<li>R$ 1.459,77<\/li>\n<\/ul>\n<\/li>\n\n\n\n<li>T\u00e9cnico em Radiologia (1)\n<ul>\n<li>R$ 1.459,77<\/li>\n<\/ul>\n<\/li>\n\n\n\n<li>T\u00e9cnico em Seguran\u00e7a do Trabalho (1)\n<ul>\n<li>R$ 1.459,77<\/li>\n<\/ul>\n<\/li>\n<\/ul>\n<\/li>\n\n\n\n<li><strong>Superior <\/strong>\n<ul>\n<li>Assistente Social (2)\n<ul>\n<li>R$ 2.251,22<\/li>\n<\/ul>\n<\/li>\n\n\n\n<li>Biom\u00e9dico (1)\n<ul>\n<li>R$ 2.264,71<\/li>\n<\/ul>\n<\/li>\n\n\n\n<li>Contador (CR)\n<ul>\n<li>R$ 2.264,71<\/li>\n<\/ul>\n<\/li>\n\n\n\n<li>Controlador Interno (CR)\n<ul>\n<li>R$ 2.264,71<\/li>\n<\/ul>\n<\/li>\n\n\n\n<li>Enfermeiro (1)\n<ul>\n<li>R$ 2.264,71<\/li>\n<\/ul>\n<\/li>\n\n\n\n<li>Engenheiro Civil (CR)\n<ul>\n<li>R$ 2.251,77<\/li>\n<\/ul>\n<\/li>\n\n\n\n<li>Farmac\u00eautico (1)\n<ul>\n<li>R$ 2.251,77<\/li>\n<\/ul>\n<\/li>\n\n\n\n<li>Fisioterapeuta (2)\n<ul>\n<li>R$ 2.264,71<\/li>\n<\/ul>\n<\/li>\n\n\n\n<li>Fonoaudi\u00f3logo (CR)\n<ul>\n<li>R$ 2.264,71<\/li>\n<\/ul>\n<\/li>\n\n\n\n<li>Gestor Ambiental (1)\n<ul>\n<li>R$ 2.264,71<\/li>\n<\/ul>\n<\/li>\n\n\n\n<li>M\u00e9dico (CR)\n<ul>\n<li>R$ 6.977,90<\/li>\n<\/ul>\n<\/li>\n\n\n\n<li>Nutricionista (2)\n<ul>\n<li>R$ 2.264,71<\/li>\n<\/ul>\n<\/li>\n\n\n\n<li>Odont\u00f3logo (CR)\n<ul>\n<li>R$ 2.264,71<\/li>\n<\/ul>\n<\/li>\n\n\n\n<li>Procurador Jur\u00eddico (CR)\n<ul>\n<li>R$ 2.264,71<\/li>\n<\/ul>\n<\/li>\n\n\n\n<li>Professor (10)\n<ul>\n<li>R$ 2.603,70<\/li>\n<\/ul>\n<\/li>\n\n\n\n<li>Professor &#8211; Educa\u00e7\u00e3o F\u00edsica (2)\n<ul>\n<li>R$ 2.603,70<\/li>\n<\/ul>\n<\/li>\n\n\n\n<li>Professor &#8211; L\u00edngua Inglesa (CR)\n<ul>\n<li>R$ 2.603,70<\/li>\n<\/ul>\n<\/li>\n\n\n\n<li>Psic\u00f3logo (2)\n<ul>\n<li>R$ 2.264,71<\/li>\n<\/ul>\n<\/li>\n\n\n\n<li>Psic\u00f3logo Educacional (1)\n<ul>\n<li>R$ 2.264,71<\/li>\n<\/ul>\n<\/li>\n\n\n\n<li>Veterin\u00e1rio (1)\n<ul>\n<li>R$2.251,22<\/li>\n<\/ul>\n<\/li>\n<\/ul>\n<\/li>\n<\/ul>\n\n\n\n<p>Os candidatos aprovados dever\u00e3o cumprir uma jornada de trabalho que pode variar entre <strong>30h ou 40h semanais. <\/strong><\/p>\n\n\n\n<h2 class=\"wp-block-heading\"><span class=\"ez-toc-section\" id=\"Quais_sao_os_requisitos_para_a_investidura_e_posse_dos_cargos\"><\/span>Quais s\u00e3o os requisitos para a investidura e posse dos cargos? <span class=\"ez-toc-section-end\"><\/span><\/h2>\n\n\n\n<p>De acordo com o edital, esses s\u00e3o os requisitos b\u00e1sicos exigidos para a nomea\u00e7\u00e3o e posse dos cargos ofertados: <\/p>\n\n\n\n<ul>\n<li>Possuir, no ato da Nomea\u00e7\u00e3o, a escolaridade m\u00ednima exigida para o provimento do Emprego, bem como os requisitos constantes no Item 02 deste Edital. Os documentos comprobat\u00f3rios de escolaridade obtidos no exterior (certificados, diplomas, hist\u00f3rico escolar) poder\u00e3o ser aceitos para fins de Contrata\u00e7\u00e3o somente se revalidados ou convalidados por autoridade educacional brasileira competente. Estes documentos, bem como quaisquer outros obtidos no exterior, dever\u00e3o estar acompanhados de tradu\u00e7\u00e3o p\u00fablica e juramentada;<\/li>\n\n\n\n<li>Apresentar todos os documentos pessoais RG, CPF e T\u00edtulo de Eleitor junto com a Certid\u00e3o de quita\u00e7\u00e3o eleitoral e o certificado de regularidade no servi\u00e7o militar se do sexo masculino;<\/li>\n\n\n\n<li>Ser brasileiro nato, naturalizado ou cidad\u00e3o portugu\u00eas a quem foi deferida igualdade nos termos do Decreto Federal n\u00ba 70.391\/72 e do Decreto Federal n.\u00ba 70.436\/72;<\/li>\n\n\n\n<li>Submeter-se, por ocasi\u00e3o da Nomea\u00e7\u00e3o, ao exame m\u00e9dico pr\u00e9-admissional, de car\u00e1ter eliminat\u00f3rio, a ser realizado pela Administra\u00e7\u00e3o ou por sua ordem, para constata\u00e7\u00e3o de aptid\u00e3o f\u00edsica e mental;<\/li>\n\n\n\n<li>Ter plena aptid\u00e3o f\u00edsica e mental e n\u00e3o possuir defici\u00eancia f\u00edsica incompat\u00edvel com os requisitos e atribui\u00e7\u00f5es para o pleno exerc\u00edcio do Emprego, comprovada em inspe\u00e7\u00e3o realizada pela Medicina do Trabalho da Administra\u00e7\u00e3o P\u00fablica;<\/li>\n\n\n\n<li>N\u00e3o ter sofrido nenhuma condena\u00e7\u00e3o em virtude de crime contra a Administra\u00e7\u00e3o;<\/li>\n\n\n\n<li>N\u00e3o registrar antecedentes criminais: Estadual e Federal, impeditivos do exerc\u00edcio do Emprego P\u00fablico, achando se no pleno gozo de seus direitos civis e pol\u00edticos;<\/li>\n\n\n\n<li>Ter idade m\u00ednima de 18 anos completos na data de Contrata\u00e7\u00e3o e n\u00e3o ter completado 75 anos, idade para aposentadoria compuls\u00f3ria dos servidores p\u00fablicos;<\/li>\n\n\n\n<li><strong>N\u00e3o poder\u00e1 estar exercendo cargo, emprego ou fun\u00e7\u00e3o p\u00fablica, nos termos do art. 37 da Constitui\u00e7\u00e3o Federal, salvo nos casos previstos na lei. Desta forma dever\u00e1 apresentar no ato da Contrata\u00e7\u00e3o declara\u00e7\u00e3o quanto ao exerc\u00edcio ou n\u00e3o de Cargo, emprego ou fun\u00e7\u00e3o p\u00fablica e sobre recebimento de provento decorrente de aposentadoria e pens\u00e3o;<\/strong><\/li>\n\n\n\n<li>N\u00e3o ter anteriormente, contrato de trabalho com o Poder P\u00fablico rescindido por justa causa;<\/li>\n\n\n\n<li>Os candidatos aprovados somente ser\u00e3o convocados de acordo com as necessidades e disponibilidades financeiras da Prefeitura Municipal de Apor\u00e9 &#8211; GO. O candidato, no ato da Nomea\u00e7\u00e3o, n\u00e3o dever\u00e1 estar incompatibilizado para nova Contrata\u00e7\u00e3o em novo Emprego P\u00fablico;<\/li>\n\n\n\n<li>A n\u00e3o comprova\u00e7\u00e3o de qualquer dos requisitos exigidos, importar\u00e1 na exclus\u00e3o do candidato do presente Concurso P\u00fablico;<\/li>\n\n\n\n<li>O candidato aprovado e classificado neste Concurso P\u00fablico, na forma estabelecida neste Edital, ser\u00e1 investido no emprego p\u00fablico se atendidas as Escolaridade e Exig\u00eancias constantes do presente edital;<\/li>\n\n\n\n<li>Demais documentos poder\u00e3o ser solicitados.<\/li>\n<\/ul>\n\n\n\n<h2 class=\"wp-block-heading\"><span class=\"ez-toc-section\" id=\"Como_posso_me_preparar_para_as_etapas_de_selecao_do_concurso_da_Prefeitura_de_Apore\"><\/span>Como posso me preparar para as etapas de sele\u00e7\u00e3o do concurso da Prefeitura de Apor\u00e9? <span class=\"ez-toc-section-end\"><\/span><\/h2>\n\n\n\n<p>Os candidatos ao concurso da Prefeitura de Apor\u00e9 ser\u00e3o avaliados pelas seguintes etapas de sele\u00e7\u00e3o: <\/p>\n\n\n\n<ul>\n<li><strong>Prova Objetiva,<\/strong> de car\u00e1ter eliminat\u00f3rio e classificat\u00f3rio, <em>para todos os cargos.<\/em><\/li>\n\n\n\n<li><strong>Prova Pr\u00e1tica,<\/strong> de car\u00e1ter eliminat\u00f3rio e classificat\u00f3rio, <em>para os cargos de Motorista (todos), Operador de M\u00e1quinas e Tratorista. <\/em><\/li>\n\n\n\n<li><strong>Prova de T\u00edtulos,<\/strong> de car\u00e1ter classificat\u00f3rio, <em>para os cargos de Professor (todos), Psic\u00f3logo e Veterin\u00e1rio. <\/em><\/li>\n<\/ul>\n\n\n\n<h3 class=\"wp-block-heading\">Prova Objetiva<\/h3>\n\n\n\n<p>A prova objetiva est\u00e1 prevista para acontecer dia <strong>16 de junho de 2024<\/strong>, no turno vespertino e com dura\u00e7\u00e3o de 4h30min. Os hor\u00e1rios e locais ainda ser\u00e3o anunciados pela banca organizadora do concurso. <\/p>\n\n\n\n<p>A avalia\u00e7\u00e3o ser\u00e1 composta de quest\u00f5es de m\u00faltipla escolha com quatro alternativas (A, B, C ou D) sendo que apenas uma \u00e9 a correta. Os conte\u00fados que versar\u00e3o a prova \u00e9 <strong>o mesmo para todos os n\u00edveis de escolaridade<\/strong>, vejamos: <\/p>\n\n\n\n<ul>\n<li>Portugu\u00eas \u2013 10 quest\u00f5es<\/li>\n\n\n\n<li>Matem\u00e1tica \u2013 10 quest\u00f5es<\/li>\n\n\n\n<li>Conhecimento Geral \u2013 10 quest\u00f5es<\/li>\n\n\n\n<li>Conhecimento Espec\u00edfico \u2013 20 quest\u00f5es<\/li>\n<\/ul>\n\n\n\n<p>A prova objetiva ser\u00e1 avaliada na escala de<strong> 0 a 100 pontos<\/strong> e ser\u00e1 considerado desclassificado o candidato que n\u00e3o obtiver, no m\u00ednimo, <strong>a nota 50. <\/strong><\/p>\n\n\n\n<h3 class=\"wp-block-heading\">Prova Pr\u00e1tica<\/h3>\n\n\n\n<p>A prova pr\u00e1tica est\u00e1 marcada para ser aplicada no dia <strong>23 de junho de 2024. <\/strong><\/p>\n\n\n\n<p>A avalia\u00e7\u00e3o ser\u00e1 feita pelo desempenho do candidato no trabalho que ir\u00e1 executar, dentro das normas t\u00e9cnicas e legais, levando em considera\u00e7\u00e3o o uso e aproveitamento do ve\u00edculo, avaliando sua habilidade, seu aproveitamento, t\u00e9cnica e produtividade.<\/p>\n\n\n\n<p>O candidato iniciar\u00e1 a prova com <strong>10 pontos<\/strong>, e no decorrer do trajeto ser\u00e3o apontadas as seguintes faltas: <\/p>\n\n\n\n<ul>\n<li>Faltas Grav\u00edssimas<\/li>\n\n\n\n<li>Faltas Graves <\/li>\n\n\n\n<li>Faltas M\u00e9dias<\/li>\n\n\n\n<li>Faltas Leves<\/li>\n<\/ul>\n\n\n\n<h3 class=\"wp-block-heading\">Prova de T\u00edtulos<\/h3>\n\n\n\n<p>A prova de t\u00edtulos \u00e9 exclusiva para cargos de Professor (todos), Psic\u00f3logo (todos) e Veterin\u00e1rio. Os candidatos devem fazer o envio dos documentos<strong> por meio do site da banca organizadora<\/strong>, na \u00e1rea do candidato. <\/p>\n\n\n\n<p>Vejamos abaixo os t\u00edtulos que ser\u00e3o pontuados: <\/p>\n\n\n\n<ul>\n<li>Certificado de conclus\u00e3o de Cursos de Capacita\u00e7\u00e3o &#8211; 0,01 ponto para cada 1 hora<\/li>\n\n\n\n<li>P\u00f3s &#8211; Latu Sensu &#8211; 3,0 pontos<\/li>\n\n\n\n<li>Mestrado &#8211; 5,0 pontos<\/li>\n\n\n\n<li>Doutorado &#8211; 8,0pontos<\/li>\n<\/ul>\n\n\n\n<p><\/p>\n\n\n\n<p><\/p>\n\n\n\n<p><strong>Boa prova e bons estudos!!<\/strong><\/p>\n","protected":false},"excerpt":{"rendered":"<p>Ol\u00e1, concurseiros!! A Prefeitura de Apor\u00e9, no estado de Goi\u00e1s, divulgou um novo edital com oferta de 76 vagas imediatas, al\u00e9m da forma\u00e7\u00e3o de cadastro reserva, para cargos de v\u00e1rios n\u00edveis de escolaridade. As remunera\u00e7\u00f5es iniciais podem chegar at\u00e9 R$ 6 mil!! Se interessou pelo certame? Venha saber mais lendo esta not\u00edcia! Como posso me inscrever para o concurso da Prefeitura de Apor\u00e9? As inscri\u00e7\u00f5es para o concurso da Prefeitura de Apor\u00e9 j\u00e1 est\u00e3o abertas e podem ser realizadas at\u00e9 o dia 31 de maio de 2024. Os interessados pelo certame devem realizar suas inscri\u00e7\u00f5es atrav\u00e9s do site da banca&#8230;<\/p>\n","protected":false},"author":21,"featured_media":42619,"template":"","meta":{"_acf_changed":true,"rank_math_lock_modified_date":false},"categories":[],"tags":[],"acf":[],"_links":{"self":[{"href":"https:\/\/www.editorasolucao.com.br\/blog\/wp-json\/wp\/v2\/concurso\/42617"}],"collection":[{"href":"https:\/\/www.editorasolucao.com.br\/blog\/wp-json\/wp\/v2\/concurso"}],"about":[{"href":"https:\/\/www.editorasolucao.com.br\/blog\/wp-json\/wp\/v2\/types\/concurso"}],"author":[{"embeddable":true,"href":"https:\/\/www.editorasolucao.com.br\/blog\/wp-json\/wp\/v2\/users\/21"}],"wp:featuredmedia":[{"embeddable":true,"href":"https:\/\/www.editorasolucao.com.br\/blog\/wp-json\/wp\/v2\/media\/42619"}],"wp:attachment":[{"href":"https:\/\/www.editorasolucao.com.br\/blog\/wp-json\/wp\/v2\/media?parent=42617"}],"wp:term":[{"taxonomy":"category","embeddable":true,"href":"https:\/\/www.editorasolucao.com.br\/blog\/wp-json\/wp\/v2\/categories?post=42617"},{"taxonomy":"post_tag","embeddable":true,"href":"https:\/\/www.editorasolucao.com.br\/blog\/wp-json\/wp\/v2\/tags?post=42617"}],"curies":[{"name":"wp","href":"https:\/\/api.w.org\/{rel}","templated":true}]}}