{"id":42746,"date":"2024-05-15T10:56:44","date_gmt":"2024-05-15T13:56:44","guid":{"rendered":"https:\/\/www.editorasolucao.com.br\/blog\/?post_type=concurso&#038;p=42746"},"modified":"2024-05-15T10:56:47","modified_gmt":"2024-05-15T13:56:47","slug":"camara-de-paracatu-mg","status":"publish","type":"concurso","link":"https:\/\/www.editorasolucao.com.br\/blog\/concurso\/camara-de-paracatu-mg","title":{"rendered":"Concurso C\u00e2mara de Paracatu: Edital publicado com sal\u00e1rios de at\u00e9 R$10 mil!"},"content":{"rendered":"\n<p>Ol\u00e1, concurseiros!! A C\u00e2mara de Paracatu, no estado de Minas Gerais, divulgou um novo edital com oferta de <strong>dez vagas imediatas <\/strong>para cargos de n\u00edvel m\u00e9dio e superior. As remunera\u00e7\u00f5es chamam a aten\u00e7\u00e3o, j\u00e1 que podem chegar at\u00e9 <strong>R$ 10 mil!!<\/strong> Venha ler esta not\u00edcia e saber mais! <\/p>\n\n\n\n<div id=\"ez-toc-container\" class=\"ez-toc-v2_0_69_1 counter-hierarchy ez-toc-counter ez-toc-grey ez-toc-container-direction\">\n<div class=\"ez-toc-title-container\">\n<p class=\"ez-toc-title \" >Menu de navega&ccedil;&atilde;o<\/p>\n<span class=\"ez-toc-title-toggle\"><a href=\"#\" class=\"ez-toc-pull-right ez-toc-btn ez-toc-btn-xs ez-toc-btn-default ez-toc-toggle\" aria-label=\"Toggle Table of Content\"><span class=\"ez-toc-js-icon-con\"><span class=\"\"><span class=\"eztoc-hide\" style=\"display:none;\">Toggle<\/span><span class=\"ez-toc-icon-toggle-span\"><svg style=\"fill: #999;color:#999\" xmlns=\"http:\/\/www.w3.org\/2000\/svg\" class=\"list-377408\" width=\"20px\" height=\"20px\" viewBox=\"0 0 24 24\" fill=\"none\"><path d=\"M6 6H4v2h2V6zm14 0H8v2h12V6zM4 11h2v2H4v-2zm16 0H8v2h12v-2zM4 16h2v2H4v-2zm16 0H8v2h12v-2z\" fill=\"currentColor\"><\/path><\/svg><svg style=\"fill: #999;color:#999\" class=\"arrow-unsorted-368013\" xmlns=\"http:\/\/www.w3.org\/2000\/svg\" width=\"10px\" height=\"10px\" viewBox=\"0 0 24 24\" version=\"1.2\" baseProfile=\"tiny\"><path d=\"M18.2 9.3l-6.2-6.3-6.2 6.3c-.2.2-.3.4-.3.7s.1.5.3.7c.2.2.4.3.7.3h11c.3 0 .5-.1.7-.3.2-.2.3-.5.3-.7s-.1-.5-.3-.7zM5.8 14.7l6.2 6.3 6.2-6.3c.2-.2.3-.5.3-.7s-.1-.5-.3-.7c-.2-.2-.4-.3-.7-.3h-11c-.3 0-.5.1-.7.3-.2.2-.3.5-.3.7s.1.5.3.7z\"\/><\/svg><\/span><\/span><\/span><\/a><\/span><\/div>\n<nav><ul class='ez-toc-list ez-toc-list-level-1 ' ><li class='ez-toc-page-1 ez-toc-heading-level-2'><a class=\"ez-toc-link ez-toc-heading-1\" href=\"https:\/\/www.editorasolucao.com.br\/blog\/concurso\/camara-de-paracatu-mg\/#Como_posso_me_inscrever_no_concurso_da_Camara_de_Paracatu\" title=\"Como posso me inscrever no concurso da C\u00e2mara de Paracatu?\">Como posso me inscrever no concurso da C\u00e2mara de Paracatu?<\/a><\/li><li class='ez-toc-page-1 ez-toc-heading-level-2'><a class=\"ez-toc-link ez-toc-heading-2\" href=\"https:\/\/www.editorasolucao.com.br\/blog\/concurso\/camara-de-paracatu-mg\/#Quais_vagas_estao_sendo_ofertadas\" title=\"Quais vagas est\u00e3o sendo ofertadas?\">Quais vagas est\u00e3o sendo ofertadas?<\/a><\/li><li class='ez-toc-page-1 ez-toc-heading-level-2'><a class=\"ez-toc-link ez-toc-heading-3\" href=\"https:\/\/www.editorasolucao.com.br\/blog\/concurso\/camara-de-paracatu-mg\/#Quais_sao_os_requisitos_para_a_investidura_dos_cargos\" title=\"Quais s\u00e3o os requisitos para a investidura dos cargos?\">Quais s\u00e3o os requisitos para a investidura dos cargos?<\/a><\/li><li class='ez-toc-page-1 ez-toc-heading-level-2'><a class=\"ez-toc-link ez-toc-heading-4\" href=\"https:\/\/www.editorasolucao.com.br\/blog\/concurso\/camara-de-paracatu-mg\/#O_que_faz_um_Tecnico_Legislativo_%E2%80%93_Funcao_Administrativa\" title=\"O que faz um T\u00e9cnico Legislativo &#8211; Fun\u00e7\u00e3o Administrativa?\">O que faz um T\u00e9cnico Legislativo &#8211; Fun\u00e7\u00e3o Administrativa?<\/a><\/li><li class='ez-toc-page-1 ez-toc-heading-level-2'><a class=\"ez-toc-link ez-toc-heading-5\" href=\"https:\/\/www.editorasolucao.com.br\/blog\/concurso\/camara-de-paracatu-mg\/#Como_posso_me_preparar_para_as_etapas_de_selecao_do_concurso_da_Camara_de_Paracatu\" title=\"Como posso me preparar para as etapas de sele\u00e7\u00e3o do concurso da C\u00e2mara de Paracatu?\">Como posso me preparar para as etapas de sele\u00e7\u00e3o do concurso da C\u00e2mara de Paracatu?<\/a><\/li><\/ul><\/nav><\/div>\n<h2 class=\"wp-block-heading\"><span class=\"ez-toc-section\" id=\"Como_posso_me_inscrever_no_concurso_da_Camara_de_Paracatu\"><\/span>Como posso me inscrever no concurso da C\u00e2mara de Paracatu? <span class=\"ez-toc-section-end\"><\/span><\/h2>\n\n\n\n<p>O per\u00edodo de inscri\u00e7\u00e3o para o concurso da C\u00e2mara de Paracatu ser\u00e1 entre os dias <strong>28 de maio at\u00e9 1\u00b0 de julho de 2024. <\/strong>Os interessados em participar do certame dever\u00e3o acessar o site da banca organizadora, a <a href=\"https:\/\/www.ibam-concursos.org.br\/\" target=\"_blank\" rel=\"noreferrer noopener\">IBAM<\/a>, para realizar suas inscri\u00e7\u00f5es. <\/p>\n\n\n\n<p>Os valores das taxas de inscri\u00e7\u00e3o variam de acordo com o n\u00edvel de escolaridade do cargo escolhido pelo candidato, sendo o valor de <strong>R$ 100,00<\/strong> para n\u00edvel m\u00e9dio e <strong>R$ 150,00<\/strong> para n\u00edvel superior. \u00c9 importante ressaltar que, o pagamento do boleto banc\u00e1rio deve ser efetuado at\u00e9 o dia<strong> 2 de julho<\/strong>, caso contr\u00e1rio o candidato ter\u00e1 sua inscri\u00e7\u00e3o dada como indeferida. <\/p>\n\n\n\n<p>Os candidatos, que n\u00e3o possuam condi\u00e7\u00f5es de arcar com os custos das taxas de inscri\u00e7\u00e3o, poder\u00e3o solicitar a isen\u00e7\u00e3o das mesmas entre os dias <strong>28 a 30 de maio de 2024<\/strong>. <\/p>\n\n\n\n<h2 class=\"wp-block-heading\"><span class=\"ez-toc-section\" id=\"Quais_vagas_estao_sendo_ofertadas\"><\/span>Quais vagas est\u00e3o sendo ofertadas? <span class=\"ez-toc-section-end\"><\/span><\/h2>\n\n\n\n<p>A C\u00e2mara de Paracatu est\u00e1 ofertando <strong>10 vagas imediatas<\/strong> para cargos de n\u00edvel m\u00e9dio e superior. Vamos conferir com mais detalhes? <\/p>\n\n\n\n<ul>\n<li><strong>N\u00edvel M\u00e9dio<\/strong>\n<ul>\n<li>T\u00e9cnico Legislativo \u2013 Fun\u00e7\u00e3o Administrativa (4)\n<ul>\n<li>R$ 5.658,60<\/li>\n<\/ul>\n<\/li>\n<\/ul>\n<\/li>\n\n\n\n<li><strong>N\u00edvel Superior<\/strong>\n<ul>\n<li>Analista Legislativo I &#8211; R$ 8.935,38\n<ul>\n<li>Fun\u00e7\u00e3o Administrativa-Legislativa (4)<\/li>\n\n\n\n<li>Fun\u00e7\u00e3o Financeira (1)<\/li>\n<\/ul>\n<\/li>\n\n\n\n<li>Analista Legislativo II \u2013 Fun\u00e7\u00e3o Advogado (1)\n<ul>\n<li>R$ 10.453,11<\/li>\n<\/ul>\n<\/li>\n<\/ul>\n<\/li>\n<\/ul>\n\n\n\n<p>Os candidatos aprovados e admitidos pelo concurso p\u00fablico dever\u00e3o cumprir uma jornada de trabalho de <strong>quarenta horas semanais. <\/strong><\/p>\n\n\n\n<h2 class=\"wp-block-heading\"><span class=\"ez-toc-section\" id=\"Quais_sao_os_requisitos_para_a_investidura_dos_cargos\"><\/span>Quais s\u00e3o os requisitos para a investidura dos cargos? <span class=\"ez-toc-section-end\"><\/span><\/h2>\n\n\n\n<p>De acordo com o que consta no edital, esses s\u00e3o os requisitos b\u00e1sicos exigidos para a nomea\u00e7\u00e3o e posse dos cargos: <\/p>\n\n\n\n<ul>\n<li>Ser brasileiro ou naturalizado, ou no caso de nacionalidade portuguesa, estar amparado pelo Estatuto de Igualdade entre Brasileiros e Portugueses, com reconhecimento do gozo dos direitos pol\u00edticos, na forma do disposto no art. 12, \u00a7 1\u00ba da Constitui\u00e7\u00e3o Federal\/88; combinado com o Decreto Federal n\u00ba 70.436\/72;<\/li>\n\n\n\n<li>Estar em pleno gozo dos direitos pol\u00edticos;<\/li>\n\n\n\n<li>Estar quites com as obriga\u00e7\u00f5es militares e eleitorais;<\/li>\n\n\n\n<li><strong>Ter n\u00edvel de escolaridade e capacita\u00e7\u00e3o t\u00e9cnica exigida para o exerc\u00edcio do cargo;<\/strong><\/li>\n\n\n\n<li>O candidato que n\u00e3o comprovar a escolaridade e os requisitos exigidos para o cargo, no ato da posse, ser\u00e1 eliminado do Concurso P\u00fablico.<\/li>\n\n\n\n<li>Ter idade m\u00ednima de 18 (dezoito) anos completos at\u00e9 a data da posse;<\/li>\n\n\n\n<li>Ter aptid\u00e3o f\u00edsica e mental para o exerc\u00edcio das atribui\u00e7\u00f5es do cargo;<\/li>\n\n\n\n<li>Apresentar, quando se tratar de profiss\u00e3o regulamentada, no ato da posse, o competente registro de inscri\u00e7\u00e3o no respectivo \u00f3rg\u00e3o fiscalizador;<\/li>\n\n\n\n<li><strong>Apresentar declara\u00e7\u00e3o de n\u00e3o possuir ac\u00famulo de cargo ou cargo p\u00fablico, exceto aqueles admitidos constitucionalmente;<\/strong><\/li>\n\n\n\n<li>No ato da inscri\u00e7\u00e3o n\u00e3o ser\u00e3o solicitados comprovantes das exig\u00eancias contidas nos itens 2.1 a 2.8, sendo obrigat\u00f3ria a sua comprova\u00e7\u00e3o quando da convoca\u00e7\u00e3o para ingresso no quadro de servidores p\u00fablicos da C\u00e2mara Municipal de Paracatu, sob pena de elimina\u00e7\u00e3o.<\/li>\n<\/ul>\n\n\n\n<h2 class=\"wp-block-heading\"><span class=\"ez-toc-section\" id=\"O_que_faz_um_Tecnico_Legislativo_%E2%80%93_Funcao_Administrativa\"><\/span>O que faz um T\u00e9cnico Legislativo &#8211; Fun\u00e7\u00e3o Administrativa? <span class=\"ez-toc-section-end\"><\/span><\/h2>\n\n\n\n<p>S\u00e3o diversas as atribui\u00e7\u00f5es dadas ao cargo de T\u00e9cnico Legislativo. Vamos conferir algumas? <\/p>\n\n\n\n<ul>\n<li>Realizar apoio t\u00e9cnico ao processo de inform\u00e1tica legislativa, incluindo t\u00e9cnicas de teleprocessamento, t\u00e9cnicas de opera\u00e7\u00e3o de computadores, t\u00e9cnicas de controle de qualidade, t\u00e9cnicas de produ\u00e7\u00e3o e de prepara\u00e7\u00e3o t\u00e9cnica; <\/li>\n\n\n\n<li>Realizar apoio t\u00e9cnico administrativo, incluindo gest\u00e3o administrativa, desenvolvimento da organiza\u00e7\u00e3o e de recursos humanos e secretaria; <\/li>\n\n\n\n<li>Realizar servi\u00e7o de digita\u00e7\u00e3o em computadores de tarefas de m\u00e9dia complexidade; <\/li>\n\n\n\n<li>Operar computadores em tarefas de m\u00e9dia complexidade, utilizando sistemas legislativos, da administra\u00e7\u00e3o p\u00fablica e aplicativos diversos, incluindo, alterando, obtendo dados e informa\u00e7\u00f5es, bem como consultar registros; <\/li>\n\n\n\n<li>Arquivar processos legislativos, administrativos e financeiros;<\/li>\n\n\n\n<li>Receber, conferir, distribuir e registrar a tramita\u00e7\u00e3o de documentos, fiscalizando o cumprimento das normas referentes a protocolo; <\/li>\n\n\n\n<li>Controlar estoques e distribuir material de acordo com as instru\u00e7\u00f5es recebidas; <\/li>\n\n\n\n<li>Preencher fichas, formul\u00e1rios e mapas, conferindo as informa\u00e7\u00f5es e os documentos originais;<\/li>\n<\/ul>\n\n\n\n<p>Se interessou pelo cargo? Confira nossos <a href=\"https:\/\/www.editorasolucao.com.br\/apostila\/camara-paracatu-mg-tec-legislativo-funcao-adm\" target=\"_blank\" rel=\"noreferrer noopener\">materiais<\/a>! <\/p>\n\n\n\n<h2 class=\"wp-block-heading\"><span class=\"ez-toc-section\" id=\"Como_posso_me_preparar_para_as_etapas_de_selecao_do_concurso_da_Camara_de_Paracatu\"><\/span>Como posso me preparar para as etapas de sele\u00e7\u00e3o do concurso da C\u00e2mara de Paracatu? <span class=\"ez-toc-section-end\"><\/span><\/h2>\n\n\n\n<p>Os candidatos do concurso da C\u00e2mara de Paracatu ser\u00e3o avaliados por meio de <strong>uma prova objetiva e uma prova dissertativa<\/strong>, comum a todos os cargos. J\u00e1 os cargos de n\u00edvel superior, tamb\u00e9m ser\u00e3o avaliados por meio da<strong> avalia\u00e7\u00e3o de t\u00edtulos. <\/strong><\/p>\n\n\n\n<h3 class=\"wp-block-heading\">Prova Objetiva<\/h3>\n\n\n\n<p>A prova objetiva ser\u00e1 aplicada no dia<strong> 4 de agosto de 2024,<\/strong> no turno da manh\u00e3 para cargos de n\u00edvel superior e no turno da tarde para cargos de n\u00edvel m\u00e9dio. A prova ter\u00e1 dura\u00e7\u00e3o m\u00e1xima de 4 horas. <\/p>\n\n\n\n<p>A avalia\u00e7\u00e3o ser\u00e1 constitu\u00edda de <strong>50 quest\u00f5es de m\u00faltipla escolha<\/strong> versadas nas seguintes disciplinas: <\/p>\n\n\n\n<ul>\n<li><strong>M\u00e9dio<\/strong>\n<ul>\n<li>Conhecimentos Espec\u00edficos &#8211; 20 quest\u00f5es<\/li>\n\n\n\n<li>Portugu\u00eas &#8211; 10 quest\u00f5es<\/li>\n\n\n\n<li>Inform\u00e1tica &#8211; 10 quest\u00f5es<\/li>\n\n\n\n<li>Legisla\u00e7\u00e3o Municipal &#8211; 5 quest\u00f5es<\/li>\n\n\n\n<li>Matem\u00e1tica &#8211; 5 quest\u00f5es<\/li>\n<\/ul>\n<\/li>\n\n\n\n<li><strong>Superior<\/strong>\n<ul>\n<li>Conhecimentos Espec\u00edficos &#8211; 20 quest\u00f5es<\/li>\n\n\n\n<li>Portugu\u00eas &#8211; 10 quest\u00f5es<\/li>\n\n\n\n<li>Legisla\u00e7\u00e3o Municipal &#8211; 10 quest\u00f5es<\/li>\n\n\n\n<li>Inform\u00e1tica &#8211; 10 quest\u00f5es<\/li>\n<\/ul>\n<\/li>\n<\/ul>\n\n\n\n<h3 class=\"wp-block-heading\">Prova Dissertativa<\/h3>\n\n\n\n<p>A prova dissertativa est\u00e1 prevista para acontecer no mesmo dia e hor\u00e1rio da prova objetiva. Somente ser\u00e3o corrigidas as provas dissertativas dos candidatos que tenham sido aprovados e classificados na etapa anterior. <\/p>\n\n\n\n<p>A avalia\u00e7\u00e3o dissertativa ser\u00e1 constitu\u00edda de uma quest\u00e3o dissertativa de conte\u00fado t\u00e9cnico, que versar\u00e1<br>sobre os conhecimentos espec\u00edficos do cargo. Essa fase possuir\u00e1 o valor de <strong>20 pontos<\/strong> e dever\u00e1 ter no m\u00ednimo 25 linhas e no m\u00e1ximo 30 linhas. <\/p>\n\n\n\n<p>Por fim, ser\u00e1 atribu\u00edda nota <strong>zero<\/strong> ao texto que n\u00e3o responder \u00e0 proposta formulada pela Banca Examinadora, apresentar informa\u00e7\u00f5es sob forma n\u00e3o articulada verbalmente ou qualquer fragmento escrito fora do local apropriado, for escrito a l\u00e1pis (em parte ou em sua totalidade), estiver em branco, apresentar letra ileg\u00edvel e\/ou incompreens\u00edvel, apresentar espa\u00e7amento excessivo ou condensado entre letras, palavras e par\u00e1grafos e conter menos de 25 ou mais de 30 linhas<\/p>\n\n\n\n<h3 class=\"wp-block-heading\">Avalia\u00e7\u00e3o de T\u00edtulos<\/h3>\n\n\n\n<p>Essa etapa \u00e9 exclusiva para os candidatos aos <strong>cargos de n\u00edvel superior <\/strong>que foram aprovados nas duas etapas de sele\u00e7\u00e3o anteriores. <\/p>\n\n\n\n<p>Os candidatos dever\u00e3o fazer o envio dos documentos, autenticados, no per\u00edodo de<strong> 4 a 6 de setembro de 2024<\/strong>, das 8h \u00e0s 18h, atrav\u00e9s do site da banca organizadora. <\/p>\n\n\n\n<p>Ser\u00e3o contabilizados os seguintes t\u00edtulos: <\/p>\n\n\n\n<ul>\n<li>Curso de Especializa\u00e7\u00e3o em P\u00f3s-Gradua\u00e7\u00e3o &#8211; 1,0 ponto<\/li>\n\n\n\n<li>Mestrado &#8211; 3,0 pontos<\/li>\n\n\n\n<li>Doutorado &#8211; 4,0 pontos<\/li>\n<\/ul>\n\n\n\n<p><\/p>\n\n\n\n<p>Se voc\u00ea busca ser aprovado neste <strong>concurso<\/strong>, n\u00f3s temos <strong>material<\/strong> certo para voc\u00ea! <a href=\"https:\/\/www.editorasolucao.com.br\/apostila\/camara-paracatu-mg-tec-legislativo-funcao-adm\" target=\"_blank\" rel=\"noreferrer noopener\">Confira aqui.\u00a0<\/a><\/p>\n","protected":false},"excerpt":{"rendered":"<p>Ol\u00e1, concurseiros!! A C\u00e2mara de Paracatu, no estado de Minas Gerais, divulgou um novo edital com oferta de dez vagas imediatas para cargos de n\u00edvel m\u00e9dio e superior. As remunera\u00e7\u00f5es chamam a aten\u00e7\u00e3o, j\u00e1 que podem chegar at\u00e9 R$ 10 mil!! Venha ler esta not\u00edcia e saber mais! Como posso me inscrever no concurso da C\u00e2mara de Paracatu? O per\u00edodo de inscri\u00e7\u00e3o para o concurso da C\u00e2mara de Paracatu ser\u00e1 entre os dias 28 de maio at\u00e9 1\u00b0 de julho de 2024. Os interessados em participar do certame dever\u00e3o acessar o site da banca organizadora, a IBAM, para realizar suas&#8230;<\/p>\n","protected":false},"author":21,"featured_media":42747,"template":"","meta":{"_acf_changed":true,"rank_math_lock_modified_date":false},"categories":[],"tags":[],"acf":[],"_links":{"self":[{"href":"https:\/\/www.editorasolucao.com.br\/blog\/wp-json\/wp\/v2\/concurso\/42746"}],"collection":[{"href":"https:\/\/www.editorasolucao.com.br\/blog\/wp-json\/wp\/v2\/concurso"}],"about":[{"href":"https:\/\/www.editorasolucao.com.br\/blog\/wp-json\/wp\/v2\/types\/concurso"}],"author":[{"embeddable":true,"href":"https:\/\/www.editorasolucao.com.br\/blog\/wp-json\/wp\/v2\/users\/21"}],"wp:featuredmedia":[{"embeddable":true,"href":"https:\/\/www.editorasolucao.com.br\/blog\/wp-json\/wp\/v2\/media\/42747"}],"wp:attachment":[{"href":"https:\/\/www.editorasolucao.com.br\/blog\/wp-json\/wp\/v2\/media?parent=42746"}],"wp:term":[{"taxonomy":"category","embeddable":true,"href":"https:\/\/www.editorasolucao.com.br\/blog\/wp-json\/wp\/v2\/categories?post=42746"},{"taxonomy":"post_tag","embeddable":true,"href":"https:\/\/www.editorasolucao.com.br\/blog\/wp-json\/wp\/v2\/tags?post=42746"}],"curies":[{"name":"wp","href":"https:\/\/api.w.org\/{rel}","templated":true}]}}