{"id":42807,"date":"2024-05-20T09:52:15","date_gmt":"2024-05-20T12:52:15","guid":{"rendered":"https:\/\/www.editorasolucao.com.br\/blog\/?post_type=concurso&#038;p=42807"},"modified":"2024-05-20T09:52:19","modified_gmt":"2024-05-20T12:52:19","slug":"camara-de-rio-branco-ac","status":"publish","type":"concurso","link":"https:\/\/www.editorasolucao.com.br\/blog\/concurso\/camara-de-rio-branco-ac","title":{"rendered":"Concurso C\u00e2mara de Rio Branco: Banca em defini\u00e7\u00e3o. Cargos revelados!"},"content":{"rendered":"\n<p>\u00d3timas not\u00edcias, concurseiros!! Foi iniciado o processo administrativo para a contrata\u00e7\u00e3o da banca organizadora do<strong> pr\u00f3ximo concurso C\u00e2mara de Rio Branco,<\/strong> capital do Acre. O munic\u00edpio n\u00e3o conta com um edital desde 2016. Al\u00e9m disso, o \u00f3rg\u00e3o revelou os cargos e vagas ofertados. Vamos conferir? <\/p>\n\n\n\n<div id=\"ez-toc-container\" class=\"ez-toc-v2_0_69_1 counter-hierarchy ez-toc-counter ez-toc-grey ez-toc-container-direction\">\n<div class=\"ez-toc-title-container\">\n<p class=\"ez-toc-title \" >Menu de navega&ccedil;&atilde;o<\/p>\n<span class=\"ez-toc-title-toggle\"><a href=\"#\" class=\"ez-toc-pull-right ez-toc-btn ez-toc-btn-xs ez-toc-btn-default ez-toc-toggle\" aria-label=\"Toggle Table of Content\"><span class=\"ez-toc-js-icon-con\"><span class=\"\"><span class=\"eztoc-hide\" style=\"display:none;\">Toggle<\/span><span class=\"ez-toc-icon-toggle-span\"><svg style=\"fill: #999;color:#999\" xmlns=\"http:\/\/www.w3.org\/2000\/svg\" class=\"list-377408\" width=\"20px\" height=\"20px\" viewBox=\"0 0 24 24\" fill=\"none\"><path d=\"M6 6H4v2h2V6zm14 0H8v2h12V6zM4 11h2v2H4v-2zm16 0H8v2h12v-2zM4 16h2v2H4v-2zm16 0H8v2h12v-2z\" fill=\"currentColor\"><\/path><\/svg><svg style=\"fill: #999;color:#999\" class=\"arrow-unsorted-368013\" xmlns=\"http:\/\/www.w3.org\/2000\/svg\" width=\"10px\" height=\"10px\" viewBox=\"0 0 24 24\" version=\"1.2\" baseProfile=\"tiny\"><path d=\"M18.2 9.3l-6.2-6.3-6.2 6.3c-.2.2-.3.4-.3.7s.1.5.3.7c.2.2.4.3.7.3h11c.3 0 .5-.1.7-.3.2-.2.3-.5.3-.7s-.1-.5-.3-.7zM5.8 14.7l6.2 6.3 6.2-6.3c.2-.2.3-.5.3-.7s-.1-.5-.3-.7c-.2-.2-.4-.3-.7-.3h-11c-.3 0-.5.1-.7.3-.2.2-.3.5-.3.7s.1.5.3.7z\"\/><\/svg><\/span><\/span><\/span><\/a><\/span><\/div>\n<nav><ul class='ez-toc-list ez-toc-list-level-1 ' ><li class='ez-toc-page-1 ez-toc-heading-level-2'><a class=\"ez-toc-link ez-toc-heading-1\" href=\"https:\/\/www.editorasolucao.com.br\/blog\/concurso\/camara-de-rio-branco-ac\/#Camara_de_Rio_Branco_Banca_em_contratacao_e_vagas_divulgadas\" title=\"C\u00e2mara de Rio Branco: Banca em contrata\u00e7\u00e3o e vagas divulgadas\">C\u00e2mara de Rio Branco: Banca em contrata\u00e7\u00e3o e vagas divulgadas<\/a><\/li><li class='ez-toc-page-1 ez-toc-heading-level-2'><a class=\"ez-toc-link ez-toc-heading-2\" href=\"https:\/\/www.editorasolucao.com.br\/blog\/concurso\/camara-de-rio-branco-ac\/#Camara_de_Rio_Branco_Ultimo_concurso\" title=\"C\u00e2mara de Rio Branco: \u00daltimo concurso\">C\u00e2mara de Rio Branco: \u00daltimo concurso<\/a><\/li><\/ul><\/nav><\/div>\n<h2 class=\"wp-block-heading\"><span class=\"ez-toc-section\" id=\"Camara_de_Rio_Branco_Banca_em_contratacao_e_vagas_divulgadas\"><\/span>C\u00e2mara de Rio Branco: Banca em contrata\u00e7\u00e3o e vagas divulgadas <span class=\"ez-toc-section-end\"><\/span><\/h2>\n\n\n\n<p>O processo administrativo para a contrata\u00e7\u00e3o da banca organizadora do concurso j\u00e1 foi iniciado. De acordo com o que foi divulgado, o novo edital ofertar\u00e1<strong> 15 vagas imediatas para n\u00edveis m\u00e9dio e superior<\/strong>, al\u00e9m de contar com oportunidades para cadastro reserva. <\/p>\n\n\n\n<p>Vamos conferir as vagas que ser\u00e3o ofertadas? <\/p>\n\n\n\n<ul>\n<li>Agente Legislativo\n<ul>\n<li>especialidade Pol\u00edcia Legislativa<\/li>\n\n\n\n<li>especialidade \u2013 Tradutor e int\u00e9rprete de L\u00ednguas de Sinais<\/li>\n<\/ul>\n<\/li>\n\n\n\n<li>Analista Legislativo (especialidade Tecnologia da Informa\u00e7\u00e3o) para desenvolvimento e manuten\u00e7\u00e3o de programas)\n<ul>\n<li>especialidade Tecnologia da Informa\u00e7\u00e3o (para administra\u00e7\u00e3o e suporte de redes)<\/li>\n\n\n\n<li>especialidade Contabilidade<\/li>\n\n\n\n<li>especialidade Taquigrafia<\/li>\n\n\n\n<li>especialidade Direito<\/li>\n\n\n\n<li>especialidade Reda\u00e7\u00e3o e Revis\u00e3o<\/li>\n\n\n\n<li>especialidade Administra\u00e7\u00e3o<\/li>\n\n\n\n<li>especialidade Gest\u00e3o P\u00fablica<\/li>\n\n\n\n<li>especialidade Log\u00edstica<\/li>\n\n\n\n<li>especialidade Gest\u00e3o de Pessoas<\/li>\n<\/ul>\n<\/li>\n\n\n\n<li>Procurador<\/li>\n<\/ul>\n\n\n\n<p>\u00c9 importante ressaltar que o quantitativo de vagas e os cargos ofertados podem sofrer altera\u00e7\u00e3o, a depender da disponibilidade financeira e or\u00e7ament\u00e1ria do \u00f3rg\u00e3o. <\/p>\n\n\n\n<h3 class=\"wp-block-heading\">Comiss\u00e3o Formada <\/h3>\n\n\n\n<p>Ap\u00f3s longos anos de espera, desde 2016, o novo concurso da C\u00e2mara de Rio Branco est\u00e1 prestes a ser realizado. Isso porque a comiss\u00e3o de acompanhamento j\u00e1 foi definida e divulgada! Vejamos abaixo: <\/p>\n\n\n\n<figure class=\"wp-block-image size-large is-resized\"><img loading=\"lazy\" decoding=\"async\" width=\"600\" height=\"480\" src=\"https:\/\/www.editorasolucao.com.br\/blog\/wp-content\/uploads\/2024\/05\/image-7-600x480.png\" alt=\"\" class=\"wp-image-42808\" style=\"width:840px;height:auto\"\/><\/figure>\n\n\n\n<p>Ap\u00f3s a defini\u00e7\u00e3o da banca organizadora do concurso, os trabalhos se voltam para a finaliza\u00e7\u00e3o do edital para que ele possa ser logo publicado! <\/p>\n\n\n\n<h2 class=\"wp-block-heading\"><span class=\"ez-toc-section\" id=\"Camara_de_Rio_Branco_Ultimo_concurso\"><\/span>C\u00e2mara de Rio Branco: \u00daltimo concurso<span class=\"ez-toc-section-end\"><\/span><\/h2>\n\n\n\n<p>O \u00faltimo concurso da C\u00e2mara de Rio Branco, ocorrido em 2016, ofertou 24 vagas imediatas para os cargos de Agente Legislativo, Analista Legislativo e Procurador, que exigia n\u00edveis m\u00e9dio e superior de escolaridade. <\/p>\n\n\n\n<p>Vejamos com mais detalhes as vagas ofertadas: <\/p>\n\n\n\n<ul>\n<li><strong>N\u00edvel M\u00e9dio<\/strong>\n<ul>\n<li>Agente Legislativo (2) &#8211; R$ 1.325,25<\/li>\n\n\n\n<li>Agente Legislativo &#8211; Pol\u00edcia Legislativa (4) &#8211; R$ 1.325,25<\/li>\n\n\n\n<li>Agente Legislativo &#8211; Tradutor e Int\u00e9rprete de Libras (2) &#8211; R$ 1.325,25<\/li>\n<\/ul>\n<\/li>\n\n\n\n<li><strong>N\u00edvel Superior<\/strong>\n<ul>\n<li>Analista Legislativo (6) &#8211; R$ 2.186,66<\/li>\n\n\n\n<li>Analista Legislativo &#8211; Administra\u00e7\u00e3o (1) &#8211; R$ 2.186,66<\/li>\n\n\n\n<li>Analista Legislativo &#8211; Contabilidade (1) &#8211; R$ 2.186,66<\/li>\n\n\n\n<li>Analista Legislativo &#8211; Direito (1) &#8211; R$ 2.186,66<\/li>\n\n\n\n<li>Analista Legislativo &#8211; Reda\u00e7\u00e3o e Revis\u00e3o (1) &#8211; R$ 2.186,66<\/li>\n\n\n\n<li>Analista Legislativo &#8211; T\u00e9cnico Informa\u00e7\u00e3o e Manuten\u00e7\u00e3o (1) &#8211; R$ 2.186,66<\/li>\n\n\n\n<li>Analista Legislativo &#8211; T\u00e9cnico Informa\u00e7\u00e3o e Redes (1) &#8211; R$ 2.186,66<\/li>\n\n\n\n<li>Analista Legislativo &#8211; Taquigrafia (3) &#8211; R$ 2.186,66<\/li>\n\n\n\n<li>Procurador (2) &#8211; R$ 11.488,57<\/li>\n<\/ul>\n<\/li>\n<\/ul>\n\n\n\n<p>Os candidatos do concurso de 2016 foram avaliados por meio de uma prova objetiva, uma prova pr\u00e1tica (para cargos espec\u00edficos), um teste de aptid\u00e3o f\u00edsica (para o cargo de Policial Legislativo) e, por fim, a avalia\u00e7\u00e3o de t\u00edtulos (para o cargo de Procurador). <\/p>\n\n\n\n<h3 class=\"wp-block-heading\">Prova Objetiva <\/h3>\n\n\n\n<p>A prova objetiva, de car\u00e1ter eliminat\u00f3rio e classificat\u00f3rio, foi constitu\u00edda de<strong> 50 quest\u00f5es de m\u00faltipla escolha<\/strong>, com valor total de 100 pontos. Vejamos abaixo sobre quais disciplinas as quest\u00f5es foram versadas: <\/p>\n\n\n\n<ul>\n<li>L\u00edngua Portuguesa: 10 quest\u00f5es<\/li>\n\n\n\n<li>Racioc\u00ednio L\u00f3gico e Matem\u00e1tico: 5 quest\u00f5es<\/li>\n\n\n\n<li>Inform\u00e1tica: 5 quest\u00f5es<\/li>\n\n\n\n<li>Conhecimentos Espec\u00edficos: 30 quest\u00f5es<\/li>\n<\/ul>\n\n\n\n<p>Foram <strong>aprovados<\/strong> os candidatos que obtiveram, no m\u00ednimo, 50 pontos na prova objetiva. <\/p>\n\n\n\n<h3 class=\"wp-block-heading\">Prova Pr\u00e1tica Processual e Prova de T\u00edtulos<\/h3>\n\n\n\n<p>Os candidatos ao cargo de Procurador foram avaliados tanto por uma prova pr\u00e1tica processual, quanto pela avalia\u00e7\u00e3o de t\u00edtulos. <\/p>\n\n\n\n<p>A prova pr\u00e1tica consistiu na <strong>elabora\u00e7\u00e3o de uma pe\u00e7a processual ou um parecer.<\/strong> Essa etapa possu\u00eda pontua\u00e7\u00e3o m\u00e1xima de 40 pontos, e para ser aprovado o candidato deveria obter 20 ou mais pontos. <\/p>\n\n\n\n<p>J\u00e1 a prova de t\u00edtulos, que valia 10 pontos (ainda que as somas dos t\u00edtulos apresentados ultrapassassem esse valor), visou pontuar os seguintes certificados: <\/p>\n\n\n\n<ul>\n<li>Especializa\u00e7\u00e3o: 1 ponto<\/li>\n\n\n\n<li>Mestrado: 3 pontos<\/li>\n\n\n\n<li>Doutorado: 5 pontos<\/li>\n<\/ul>\n\n\n\n<h3 class=\"wp-block-heading\">Prova Pr\u00e1tica<\/h3>\n\n\n\n<p>A prova pr\u00e1tica foi exclusiva para os cargos de Int\u00e9rprete e Tradutor de Libras e Taquigrafia.  <\/p>\n\n\n\n<p>Essa etapa, para Int\u00e9rprete e Tradutor de Libras, era composta por duas atividades, sendo uma a tradu\u00e7\u00e3o de texto em Libras para a L\u00edngua Portuguesa e a outra tradu\u00e7\u00e3o de texto em L\u00edngua Portuguesa para Libras. A prova pr\u00e1tica valia o total de 40 pontos, sendo <strong>aprovado<\/strong> o candidato que obtivesse, no m\u00ednimo, 20 pontos. <\/p>\n\n\n\n<p>J\u00e1 para o cargo de Taquigrafia, a prova possu\u00eda o valor de 100 pontos e foi <strong>aprovado<\/strong> o candidato que obteve 50 ou mais pontos. Essa etapa tamb\u00e9m foi composta de duas atividades, sendo elas: registro taquigr\u00e1fico de ditado de texto e transcri\u00e7\u00e3o do registro taquigr\u00e1fico para a L\u00edngua Portuguesa. <\/p>\n\n\n\n<h3 class=\"wp-block-heading\">Prova de Aptid\u00e3o F\u00edsica<\/h3>\n\n\n\n<p>Essa etapa foi exclusiva para o cargo de Policial Legislativo e tinha como objetivo avaliar se o candidato estava em condi\u00e7\u00f5es f\u00edsicas plenas para desempenhar as tarefas inerentes do cargo.<\/p>\n\n\n\n<p>A prova de aptid\u00e3o f\u00edsica avaliou seus candidatos por meio de flex\u00e3o abdominal, flex\u00e3o de bra\u00e7os e corrida de 1.600 metros. <\/p>\n\n\n\n<p><\/p>\n\n\n\n<p><strong>Se interessou pelo certame? N\u00e3o perca nossas not\u00edcias!! <\/strong><\/p>\n","protected":false},"excerpt":{"rendered":"<p>\u00d3timas not\u00edcias, concurseiros!! Foi iniciado o processo administrativo para a contrata\u00e7\u00e3o da banca organizadora do pr\u00f3ximo concurso C\u00e2mara de Rio Branco, capital do Acre. O munic\u00edpio n\u00e3o conta com um edital desde 2016. Al\u00e9m disso, o \u00f3rg\u00e3o revelou os cargos e vagas ofertados. Vamos conferir? C\u00e2mara de Rio Branco: Banca em contrata\u00e7\u00e3o e vagas divulgadas O processo administrativo para a contrata\u00e7\u00e3o da banca organizadora do concurso j\u00e1 foi iniciado. De acordo com o que foi divulgado, o novo edital ofertar\u00e1 15 vagas imediatas para n\u00edveis m\u00e9dio e superior, al\u00e9m de contar com oportunidades para cadastro reserva. Vamos conferir as vagas&#8230;<\/p>\n","protected":false},"author":21,"featured_media":42809,"template":"","meta":{"_acf_changed":true,"rank_math_lock_modified_date":false},"categories":[],"tags":[],"acf":[],"_links":{"self":[{"href":"https:\/\/www.editorasolucao.com.br\/blog\/wp-json\/wp\/v2\/concurso\/42807"}],"collection":[{"href":"https:\/\/www.editorasolucao.com.br\/blog\/wp-json\/wp\/v2\/concurso"}],"about":[{"href":"https:\/\/www.editorasolucao.com.br\/blog\/wp-json\/wp\/v2\/types\/concurso"}],"author":[{"embeddable":true,"href":"https:\/\/www.editorasolucao.com.br\/blog\/wp-json\/wp\/v2\/users\/21"}],"wp:featuredmedia":[{"embeddable":true,"href":"https:\/\/www.editorasolucao.com.br\/blog\/wp-json\/wp\/v2\/media\/42809"}],"wp:attachment":[{"href":"https:\/\/www.editorasolucao.com.br\/blog\/wp-json\/wp\/v2\/media?parent=42807"}],"wp:term":[{"taxonomy":"category","embeddable":true,"href":"https:\/\/www.editorasolucao.com.br\/blog\/wp-json\/wp\/v2\/categories?post=42807"},{"taxonomy":"post_tag","embeddable":true,"href":"https:\/\/www.editorasolucao.com.br\/blog\/wp-json\/wp\/v2\/tags?post=42807"}],"curies":[{"name":"wp","href":"https:\/\/api.w.org\/{rel}","templated":true}]}}