{"id":42810,"date":"2024-05-20T11:10:06","date_gmt":"2024-05-20T14:10:06","guid":{"rendered":"https:\/\/www.editorasolucao.com.br\/blog\/?post_type=concurso&#038;p=42810"},"modified":"2024-06-19T09:29:15","modified_gmt":"2024-06-19T12:29:15","slug":"prefeitura-esmeraldas-mg","status":"publish","type":"concurso","link":"https:\/\/www.editorasolucao.com.br\/blog\/concurso\/prefeitura-esmeraldas-mg","title":{"rendered":"Concurso Prefeitura de Esmeraldas: Edital publicado. 156 vagas para todos os n\u00edveis!"},"content":{"rendered":"\n<p>Ol\u00e1, concurseiros!! A Prefeitura de Esmeraldas, munic\u00edpio do estado de Minas Gerais, divulgou um novo edital com oferta de <strong>156 vagas imediatas<\/strong> para cargos de n\u00edvel fundamental, m\u00e9dio e superior. As remunera\u00e7\u00f5es chegam at\u00e9 <strong>R$ 3 mil!!<\/strong> Se interessou? Venha saber mais!! <\/p>\n\n\n\n<div id=\"ez-toc-container\" class=\"ez-toc-v2_0_69_1 counter-hierarchy ez-toc-counter ez-toc-grey ez-toc-container-direction\">\n<div class=\"ez-toc-title-container\">\n<p class=\"ez-toc-title \" >Menu de navega&ccedil;&atilde;o<\/p>\n<span class=\"ez-toc-title-toggle\"><a href=\"#\" class=\"ez-toc-pull-right ez-toc-btn ez-toc-btn-xs ez-toc-btn-default ez-toc-toggle\" aria-label=\"Toggle Table of Content\"><span class=\"ez-toc-js-icon-con\"><span class=\"\"><span class=\"eztoc-hide\" style=\"display:none;\">Toggle<\/span><span class=\"ez-toc-icon-toggle-span\"><svg style=\"fill: #999;color:#999\" xmlns=\"http:\/\/www.w3.org\/2000\/svg\" class=\"list-377408\" width=\"20px\" height=\"20px\" viewBox=\"0 0 24 24\" fill=\"none\"><path d=\"M6 6H4v2h2V6zm14 0H8v2h12V6zM4 11h2v2H4v-2zm16 0H8v2h12v-2zM4 16h2v2H4v-2zm16 0H8v2h12v-2z\" fill=\"currentColor\"><\/path><\/svg><svg style=\"fill: #999;color:#999\" class=\"arrow-unsorted-368013\" xmlns=\"http:\/\/www.w3.org\/2000\/svg\" width=\"10px\" height=\"10px\" viewBox=\"0 0 24 24\" version=\"1.2\" baseProfile=\"tiny\"><path d=\"M18.2 9.3l-6.2-6.3-6.2 6.3c-.2.2-.3.4-.3.7s.1.5.3.7c.2.2.4.3.7.3h11c.3 0 .5-.1.7-.3.2-.2.3-.5.3-.7s-.1-.5-.3-.7zM5.8 14.7l6.2 6.3 6.2-6.3c.2-.2.3-.5.3-.7s-.1-.5-.3-.7c-.2-.2-.4-.3-.7-.3h-11c-.3 0-.5.1-.7.3-.2.2-.3.5-.3.7s.1.5.3.7z\"\/><\/svg><\/span><\/span><\/span><\/a><\/span><\/div>\n<nav><ul class='ez-toc-list ez-toc-list-level-1 ' ><li class='ez-toc-page-1 ez-toc-heading-level-2'><a class=\"ez-toc-link ez-toc-heading-1\" href=\"https:\/\/www.editorasolucao.com.br\/blog\/concurso\/prefeitura-esmeraldas-mg\/#Como_posso_me_inscrever_para_o_concurso_da_Prefeitura_de_Esmeraldas\" title=\"Como posso me inscrever para o concurso da Prefeitura de Esmeraldas?\">Como posso me inscrever para o concurso da Prefeitura de Esmeraldas?<\/a><\/li><li class='ez-toc-page-1 ez-toc-heading-level-2'><a class=\"ez-toc-link ez-toc-heading-2\" href=\"https:\/\/www.editorasolucao.com.br\/blog\/concurso\/prefeitura-esmeraldas-mg\/#Quais_vagas_estao_sendo_ofertadas\" title=\"Quais vagas est\u00e3o sendo ofertadas?\">Quais vagas est\u00e3o sendo ofertadas?<\/a><\/li><li class='ez-toc-page-1 ez-toc-heading-level-2'><a class=\"ez-toc-link ez-toc-heading-3\" href=\"https:\/\/www.editorasolucao.com.br\/blog\/concurso\/prefeitura-esmeraldas-mg\/#Quais_sao_os_requisitos_para_a_investidura_dos_cargos\" title=\"Quais s\u00e3o os requisitos para a investidura dos cargos?\">Quais s\u00e3o os requisitos para a investidura dos cargos?<\/a><\/li><li class='ez-toc-page-1 ez-toc-heading-level-2'><a class=\"ez-toc-link ez-toc-heading-4\" href=\"https:\/\/www.editorasolucao.com.br\/blog\/concurso\/prefeitura-esmeraldas-mg\/#Como_posso_me_preparar_para_as_etapas_de_selecao_do_concurso_da_Prefeitura_de_Esmeraldas\" title=\"Como posso me preparar para as etapas de sele\u00e7\u00e3o do concurso da Prefeitura de Esmeraldas?\">Como posso me preparar para as etapas de sele\u00e7\u00e3o do concurso da Prefeitura de Esmeraldas?<\/a><\/li><\/ul><\/nav><\/div>\n<h2 class=\"wp-block-heading\"><span class=\"ez-toc-section\" id=\"Como_posso_me_inscrever_para_o_concurso_da_Prefeitura_de_Esmeraldas\"><\/span>Como posso me inscrever para o concurso da Prefeitura de Esmeraldas? <span class=\"ez-toc-section-end\"><\/span><\/h2>\n\n\n\n<p>As inscri\u00e7\u00f5es para o concurso da Prefeitura de Esmeraldas estar\u00e3o abertas no per\u00edodo do dia <strong>19 de julho de 2024 at\u00e9 20 de agosto de 2024. <\/strong>Os interessados pelo certame devem acessar o site da banca organizadora, <a href=\"https:\/\/www.institutoconsulplan.org.br\/getConc.aspx?key=Qo9ldnKwtzk=\" target=\"_blank\" rel=\"noreferrer noopener\">o Instituto Consulplan<\/a>, para realizar suas inscri\u00e7\u00f5es. <\/p>\n\n\n\n<p>Os valores das taxas de inscri\u00e7\u00e3o variam de acordo com o n\u00edvel de escolaridade do cargo pretendido, sendo <strong>R$ 50,00 <\/strong>para n\u00edvel fundamental, <strong>R$ 70,00<\/strong> para n\u00edvel m\u00e9dio e <strong>R$ 100,00<\/strong> para n\u00edvel superior. <\/p>\n\n\n\n<p>O pagamento do boleto banc\u00e1rio deve ser efetuado at\u00e9 o dia <strong>21 de agosto de 2024. <\/strong><\/p>\n\n\n\n<p>O candidato que comprove ser economicamente hipossuficiente, doador de medula \u00f3ssea ou que n\u00e3o<br>possa arcar com o pagamento da taxa de inscri\u00e7\u00e3o, poder\u00e1 solicitar a isen\u00e7\u00e3o dessas taxas entre os dias <strong>19 a 22 de julho de 2024. <\/strong><\/p>\n\n\n\n<h2 class=\"wp-block-heading\"><span class=\"ez-toc-section\" id=\"Quais_vagas_estao_sendo_ofertadas\"><\/span>Quais vagas est\u00e3o sendo ofertadas?<span class=\"ez-toc-section-end\"><\/span><\/h2>\n\n\n\n<p>A Prefeitura de Esmeraldas est\u00e1 ofertando<strong> 156 vagas imediatas<\/strong> para cargos de todos os n\u00edveis de escolaridade. Vamos conferir com mais detalhes? <\/p>\n\n\n\n<ul>\n<li><strong>N\u00edvel Fundamental<\/strong>\n<ul>\n<li>Auxiliar de Cuidador (4)\n<ul>\n<li>R$ 1.324,13<\/li>\n<\/ul>\n<\/li>\n<\/ul>\n<\/li>\n\n\n\n<li><strong>N\u00edvel M\u00e9dio<\/strong>\n<ul>\n<li>Educador Social (14)\n<ul>\n<li>R$ 1.324,13<\/li>\n<\/ul>\n<\/li>\n\n\n\n<li>Cuidador da Casa Lar (4)\n<ul>\n<li>R$ 1.432,17<\/li>\n<\/ul>\n<\/li>\n\n\n\n<li>Auxiliar de Secretaria da Educa\u00e7\u00e3o B\u00e1sica &#8211; ASEB (15)\n<ul>\n<li>R$ 1.733,23<\/li>\n<\/ul>\n<\/li>\n\n\n\n<li>Auxiliar de Biblioteca da Educa\u00e7\u00e3o B\u00e1sica &#8211; ABEB (3)\n<ul>\n<li>R$ 1.733,23<\/li>\n<\/ul>\n<\/li>\n<\/ul>\n<\/li>\n\n\n\n<li><strong>N\u00edvel Superior<\/strong>\n<ul>\n<li>Professor da Educa\u00e7\u00e3o B\u00e1sica &#8211; R$ 2.744,11\n<ul>\n<li>Anos Iniciais (80)<\/li>\n\n\n\n<li>L\u00edngua Portuguesa (1)<\/li>\n\n\n\n<li>Hist\u00f3ria (1)<\/li>\n\n\n\n<li>Artes (1)<\/li>\n\n\n\n<li>Ensino Religioso (2)<\/li>\n<\/ul>\n<\/li>\n\n\n\n<li>Pedagogo da Educa\u00e7\u00e3o B\u00e1sica &#8211; PDEB (16)\n<ul>\n<li>R$ 2.744,11<\/li>\n<\/ul>\n<\/li>\n\n\n\n<li>Procurador Municipal (2)\n<ul>\n<li>R$ 3.099,51<\/li>\n<\/ul>\n<\/li>\n\n\n\n<li>T\u00e9cnico De N\u00edvel Superior em Psicologia (5)\n<ul>\n<li>R$ 2.066,69<\/li>\n<\/ul>\n<\/li>\n\n\n\n<li>T\u00e9cnico De N\u00edvel Superior em Servi\u00e7o Social (8)\n<ul>\n<li>R$ 2.066,69<\/li>\n<\/ul>\n<\/li>\n<\/ul>\n<\/li>\n<\/ul>\n\n\n\n<p>Os candidatos aprovados e admitidos pelo concurso dever\u00e3o cumprir uma jornada de trabalho que pode variar entre <strong>20, 24 ou 40 horas semanais.<\/strong> <\/p>\n\n\n\n<h2 class=\"wp-block-heading\"><span class=\"ez-toc-section\" id=\"Quais_sao_os_requisitos_para_a_investidura_dos_cargos\"><\/span>Quais s\u00e3o os requisitos para a investidura dos cargos? <span class=\"ez-toc-section-end\"><\/span><\/h2>\n\n\n\n<p>De acordo com o edital, esses s\u00e3o os requisitos b\u00e1sicos exigidos para a nomea\u00e7\u00e3o e posse dos cargos ofertados: <\/p>\n\n\n\n<ul>\n<li>Ser brasileiro nato ou naturalizado ou cidad\u00e3o portugu\u00eas que tenha adquirido a igualdade de direitos e obriga\u00e7\u00f5es civis e gozo dos direitos pol\u00edticos (Decreto n\u00ba 70.436, de 18\/04\/1972, Constitui\u00e7\u00e3o Federal &#8211; \u00a7 1\u00ba do art. 12 de 05\/10\/1988 e Emenda Constitucional n\u00ba 19, de 04\/06\/1998 &#8211; art. 3\u00ba).<\/li>\n\n\n\n<li>Ter na data da nomea\u00e7\u00e3o 18 (dezoito) anos completos.<\/li>\n\n\n\n<li>Estar em dia com as obriga\u00e7\u00f5es resultantes da legisla\u00e7\u00e3o eleitoral e, se do sexo masculino, do Servi\u00e7o Militar.<\/li>\n\n\n\n<li>Estar em pleno gozo de seus direitos civis e pol\u00edticos.<\/li>\n\n\n\n<li>Possuir aptid\u00e3o f\u00edsica e mental.<\/li>\n\n\n\n<li>Possuir e comprovar o pr\u00e9-requisito para o cargo, \u00e0 \u00e9poca da posse.<\/li>\n\n\n\n<li>Conhecer e estar de acordo com as exig\u00eancias contidas neste Edital.<\/li>\n\n\n\n<li><strong>A comprova\u00e7\u00e3o da escolaridade m\u00ednima exigida ser\u00e1 feita por meio de diploma registrado e legalmente reconhecido, expedido por institui\u00e7\u00e3o de ensino credenciada no Conselho Estadual de Educa\u00e7\u00e3o ou no Minist\u00e9rio da Educa\u00e7\u00e3o.<\/strong><\/li>\n\n\n\n<li>Caso o candidato ainda n\u00e3o esteja de posse do diploma correspondente \u00e0 sua forma\u00e7\u00e3o ou gradua\u00e7\u00e3o\/habilita\u00e7\u00e3o, este documento poder\u00e1 ser substitu\u00eddo provisoriamente por certid\u00e3o de conclus\u00e3o de curso, expedida, no m\u00e1ximo 90 (noventa) dias, acompanhada de hist\u00f3rico escolar emitida por institui\u00e7\u00e3o de ensino credenciada.<\/li>\n\n\n\n<li>N\u00e3o ter sido condenado, em qualquer \u00f3rg\u00e3o colegiado, por infra\u00e7\u00e3o penal ou por improbidade administrativa nos \u00faltimos 10 (dez) anos.<\/li>\n\n\n\n<li>O candidato que, na data da posse, n\u00e3o reunir os requisitos enumerados no item 2.1 deste Edital, ou que por qualquer raz\u00e3o n\u00e3o puder comprov\u00e1-los, perder\u00e1 o direito \u00e0 investidura no cargo para o qual concorre, para o qual foi nomeado.<\/li>\n\n\n\n<li>\u00c9 vedada a acumula\u00e7\u00e3o de cargos p\u00fablicos, exceto quando houver compatibilidade de hor\u00e1rios, observado em qualquer caso, o inciso XVI do art. 37 da Constitui\u00e7\u00e3o Federal.<\/li>\n<\/ul>\n\n\n\n<h2 class=\"wp-block-heading\"><span class=\"ez-toc-section\" id=\"Como_posso_me_preparar_para_as_etapas_de_selecao_do_concurso_da_Prefeitura_de_Esmeraldas\"><\/span>Como posso me preparar para as etapas de sele\u00e7\u00e3o do concurso da Prefeitura de Esmeraldas? <span class=\"ez-toc-section-end\"><\/span><\/h2>\n\n\n\n<p>Os candidatos do concurso da Prefeitura de Esmeraldas ser\u00e3o avaliados por meio de tr\u00eas etapas de sele\u00e7\u00e3o, sendo elas: prova objetiva (para todos os cargos), prova discursiva (para cargos espec\u00edficos) e avalia\u00e7\u00e3o de t\u00edtulos (para cargos de n\u00edvel superior). <\/p>\n\n\n\n<h3 class=\"wp-block-heading\">Prova Objetiva<\/h3>\n\n\n\n<p>A prova objetiva est\u00e1 prevista para acontecer no dia <strong>22 de setembro de 2024<\/strong>, em turnos dispon\u00edveis para consulta no edital de abertura do concurso. <\/p>\n\n\n\n<p>Essa avalia\u00e7\u00e3o ser\u00e1 constitu\u00edda de quest\u00f5es de m\u00faltipla escolha versadas sobre as seguintes disciplinas: <\/p>\n\n\n\n<ul>\n<li><strong>Fundamental<\/strong> <strong>e M\u00e9dio<\/strong>\n<ul>\n<li>todos os cargos\n<ul>\n<li>L\u00edngua Portuguesa: 10 quest\u00f5es<\/li>\n\n\n\n<li>Legisla\u00e7\u00e3o Municipal: 10 quest\u00f5es<\/li>\n\n\n\n<li>Conhecimentos do Cargo: 20 quest\u00f5es<\/li>\n<\/ul>\n<\/li>\n\n\n\n<li>auxiliar \n<ul>\n<li>L\u00edngua Portuguesa: 10 quest\u00f5es<\/li>\n\n\n\n<li>Racioc\u00ednio L\u00f3gico Matem\u00e1tico: 5 quest\u00f5es<\/li>\n\n\n\n<li>Conhecimentos de Inform\u00e1tica: 5 quest\u00f5es<\/li>\n\n\n\n<li>Legisla\u00e7\u00e3o Municipal: 10 quest\u00f5es<\/li>\n\n\n\n<li>Conhecimentos do Cargo: 20 quest\u00f5es<\/li>\n<\/ul>\n<\/li>\n<\/ul>\n<\/li>\n\n\n\n<li><strong>Superior<\/strong>\n<ul>\n<li>\u00e1rea da educa\u00e7\u00e3o \n<ul>\n<li>L\u00edngua Portuguesa: 8 quest\u00f5es <\/li>\n\n\n\n<li>Racioc\u00ednio L\u00f3gico Matem\u00e1tico: 8 quest\u00f5es<\/li>\n\n\n\n<li>Conhecimentos de Inform\u00e1tica: 4 quest\u00f5es<\/li>\n\n\n\n<li>Legisla\u00e7\u00e3o Municipal: 10 quest\u00f5es<\/li>\n\n\n\n<li>Conhecimentos Did\u00e1ticos-Pedag\u00f3gicos: 10 quest\u00f5es <\/li>\n\n\n\n<li>Conhecimentos do Cargo: 10 quest\u00f5es <\/li>\n<\/ul>\n<\/li>\n\n\n\n<li>procurador municipal \n<ul>\n<li>Direito Administrativo: 10 quest\u00f5es<\/li>\n\n\n\n<li>Direito Constitucional: 10 quest\u00f5es<\/li>\n\n\n\n<li>Direito Civil e Processual Civil: 10 quest\u00f5es<\/li>\n\n\n\n<li>Direito Tribut\u00e1rio e Financeiro: 10 quest\u00f5es<\/li>\n\n\n\n<li>Legisla\u00e7\u00e3o Municipal: 10 quest\u00f5es<\/li>\n<\/ul>\n<\/li>\n\n\n\n<li>t\u00e9cnico \n<ul>\n<li>L\u00edngua Portuguesa: 10 quest\u00f5es<\/li>\n\n\n\n<li>Legisla\u00e7\u00e3o Municipal: 10 quest\u00f5es<\/li>\n\n\n\n<li>Conhecimentos do Cargo: 30 quest\u00f5es<\/li>\n<\/ul>\n<\/li>\n<\/ul>\n<\/li>\n<\/ul>\n\n\n\n<p>Ser\u00e1 considerado aprovado o candidato que obtiver, no m\u00ednimo, 60% de aproveitamento dos pontos da prova objetiva de m\u00faltipla escolha e n\u00e3o obtenha nota 0 em nenhuma das disciplinas.<\/p>\n\n\n\n<h3 class=\"wp-block-heading\">Prova Discursiva<\/h3>\n\n\n\n<p>A prova discursiva \u00e9 exclusiva para os cargos de T\u00e9cnico de N\u00edvel Superior, Pedagogo, Procurador, Professor, Auxiliar de Biblioteca e Auxiliar de Secretaria.  Essa etapa ser\u00e1 constitu\u00edda de uma reda\u00e7\u00e3o, exceto para o cargo de Procurador que ser\u00e1 constitu\u00edda de um parecer jur\u00eddico. <\/p>\n\n\n\n<p>Essa etapa ser\u00e1 avaliada em uma escala de 0 a 30 pontos e ser\u00e1 <strong>aprovado<\/strong> o candidato que obtiver o  m\u00ednimo de 60% de aproveitamento do total de pontos.<\/p>\n\n\n\n<p>A prova discursiva ser\u00e1 realizada no mesmo dia e hor\u00e1rio da prova objetiva. <\/p>\n\n\n\n<h3 class=\"wp-block-heading\">Avalia\u00e7\u00e3o de T\u00edtulos<\/h3>\n\n\n\n<p>O envio dos t\u00edtulos ser\u00e1 feito via SEDEX at\u00e9 o dia \u00fatil posterior ao t\u00e9rmino das inscri\u00e7\u00f5es, <strong>21 de agosto de 2024. <\/strong><\/p>\n\n\n\n<p>A avalia\u00e7\u00e3o ter\u00e1 pontua\u00e7\u00e3o m\u00e1xima de 5 pontos, ainda que a soma dos t\u00edtulos apresentados seja superior a esse valor. Vejamos abaixo os certificados que ser\u00e3o avaliados: <\/p>\n\n\n\n<ul>\n<li>Especializa\u00e7\u00e3o: 0,5 pontos<\/li>\n\n\n\n<li>Mestrado: 1,5 pontos<\/li>\n\n\n\n<li>Doutorado: 2,5 pontos<\/li>\n<\/ul>\n\n\n\n<p><\/p>\n\n\n\n<p>Se voc\u00ea busca ser aprovado neste <strong>concurso<\/strong>, n\u00f3s temos <strong>material<\/strong> certo para voc\u00ea! <a href=\"https:\/\/www.editorasolucao.com.br\/concurso\/prefeitura-de-esmeraldas-mg\" target=\"_blank\" rel=\"noreferrer noopener\">Confira aqui.<\/a>\u00a0<\/p>\n","protected":false},"excerpt":{"rendered":"<p>Ol\u00e1, concurseiros!! A Prefeitura de Esmeraldas, munic\u00edpio do estado de Minas Gerais, divulgou um novo edital com oferta de 156 vagas imediatas para cargos de n\u00edvel fundamental, m\u00e9dio e superior. As remunera\u00e7\u00f5es chegam at\u00e9 R$ 3 mil!! Se interessou? Venha saber mais!! Como posso me inscrever para o concurso da Prefeitura de Esmeraldas? As inscri\u00e7\u00f5es para o concurso da Prefeitura de Esmeraldas estar\u00e3o abertas no per\u00edodo do dia 19 de julho de 2024 at\u00e9 20 de agosto de 2024. Os interessados pelo certame devem acessar o site da banca organizadora, o Instituto Consulplan, para realizar suas inscri\u00e7\u00f5es. Os valores das&#8230;<\/p>\n","protected":false},"author":21,"featured_media":42811,"template":"","meta":{"_acf_changed":true,"rank_math_lock_modified_date":false},"categories":[],"tags":[],"acf":[],"_links":{"self":[{"href":"https:\/\/www.editorasolucao.com.br\/blog\/wp-json\/wp\/v2\/concurso\/42810"}],"collection":[{"href":"https:\/\/www.editorasolucao.com.br\/blog\/wp-json\/wp\/v2\/concurso"}],"about":[{"href":"https:\/\/www.editorasolucao.com.br\/blog\/wp-json\/wp\/v2\/types\/concurso"}],"author":[{"embeddable":true,"href":"https:\/\/www.editorasolucao.com.br\/blog\/wp-json\/wp\/v2\/users\/21"}],"wp:featuredmedia":[{"embeddable":true,"href":"https:\/\/www.editorasolucao.com.br\/blog\/wp-json\/wp\/v2\/media\/42811"}],"wp:attachment":[{"href":"https:\/\/www.editorasolucao.com.br\/blog\/wp-json\/wp\/v2\/media?parent=42810"}],"wp:term":[{"taxonomy":"category","embeddable":true,"href":"https:\/\/www.editorasolucao.com.br\/blog\/wp-json\/wp\/v2\/categories?post=42810"},{"taxonomy":"post_tag","embeddable":true,"href":"https:\/\/www.editorasolucao.com.br\/blog\/wp-json\/wp\/v2\/tags?post=42810"}],"curies":[{"name":"wp","href":"https:\/\/api.w.org\/{rel}","templated":true}]}}