{"id":42885,"date":"2024-10-17T08:25:14","date_gmt":"2024-10-17T11:25:14","guid":{"rendered":"https:\/\/www.editorasolucao.com.br\/blog\/?post_type=concurso&#038;p=42885"},"modified":"2024-10-24T09:45:17","modified_gmt":"2024-10-24T12:45:17","slug":"seec-rn","status":"publish","type":"concurso","link":"https:\/\/www.editorasolucao.com.br\/blog\/concurso\/seec-rn","title":{"rendered":"Concurso SEEC RN: Saiu edital com 598 vagas para professor!"},"content":{"rendered":"\n<p>Aten\u00e7\u00e3o, concurseiros! Foi divulgado o t\u00e3o aguardado edital do concurso SEEC RN (Secretaria de Estado da Educa\u00e7\u00e3o, do Esporte e do Lazer do Rio Grande do Norte) que est\u00e1 ofertando<strong> 598 vagas imediatas <\/strong>para o cargo de Professor, com remunera\u00e7\u00f5es iniciais de <strong>R$ 4.809,60<\/strong> para todos os cargos! Confira os detalhes. <\/p>\n\n\n\n<div id=\"ez-toc-container\" class=\"ez-toc-v2_0_69_1 counter-hierarchy ez-toc-counter ez-toc-grey ez-toc-container-direction\">\n<div class=\"ez-toc-title-container\">\n<p class=\"ez-toc-title \" >Menu de navega&ccedil;&atilde;o<\/p>\n<span class=\"ez-toc-title-toggle\"><a href=\"#\" class=\"ez-toc-pull-right ez-toc-btn ez-toc-btn-xs ez-toc-btn-default ez-toc-toggle\" aria-label=\"Toggle Table of Content\"><span class=\"ez-toc-js-icon-con\"><span class=\"\"><span class=\"eztoc-hide\" style=\"display:none;\">Toggle<\/span><span class=\"ez-toc-icon-toggle-span\"><svg style=\"fill: #999;color:#999\" xmlns=\"http:\/\/www.w3.org\/2000\/svg\" class=\"list-377408\" width=\"20px\" height=\"20px\" viewBox=\"0 0 24 24\" fill=\"none\"><path d=\"M6 6H4v2h2V6zm14 0H8v2h12V6zM4 11h2v2H4v-2zm16 0H8v2h12v-2zM4 16h2v2H4v-2zm16 0H8v2h12v-2z\" fill=\"currentColor\"><\/path><\/svg><svg style=\"fill: #999;color:#999\" class=\"arrow-unsorted-368013\" xmlns=\"http:\/\/www.w3.org\/2000\/svg\" width=\"10px\" height=\"10px\" viewBox=\"0 0 24 24\" version=\"1.2\" baseProfile=\"tiny\"><path d=\"M18.2 9.3l-6.2-6.3-6.2 6.3c-.2.2-.3.4-.3.7s.1.5.3.7c.2.2.4.3.7.3h11c.3 0 .5-.1.7-.3.2-.2.3-.5.3-.7s-.1-.5-.3-.7zM5.8 14.7l6.2 6.3 6.2-6.3c.2-.2.3-.5.3-.7s-.1-.5-.3-.7c-.2-.2-.4-.3-.7-.3h-11c-.3 0-.5.1-.7.3-.2.2-.3.5-.3.7s.1.5.3.7z\"\/><\/svg><\/span><\/span><\/span><\/a><\/span><\/div>\n<nav><ul class='ez-toc-list ez-toc-list-level-1 ' ><li class='ez-toc-page-1 ez-toc-heading-level-2'><a class=\"ez-toc-link ez-toc-heading-1\" href=\"https:\/\/www.editorasolucao.com.br\/blog\/concurso\/seec-rn\/#Como_posso_me_inscrever_no_concurso_SEEC_RN\" title=\"Como posso me inscrever no concurso SEEC RN?\">Como posso me inscrever no concurso SEEC RN?<\/a><\/li><li class='ez-toc-page-1 ez-toc-heading-level-2'><a class=\"ez-toc-link ez-toc-heading-2\" href=\"https:\/\/www.editorasolucao.com.br\/blog\/concurso\/seec-rn\/#Quais_cargos_vagas_e_salarios_estao_sendo_ofertados\" title=\"Quais cargos, vagas e sal\u00e1rios est\u00e3o sendo ofertados?\">Quais cargos, vagas e sal\u00e1rios est\u00e3o sendo ofertados?<\/a><\/li><li class='ez-toc-page-1 ez-toc-heading-level-2'><a class=\"ez-toc-link ez-toc-heading-3\" href=\"https:\/\/www.editorasolucao.com.br\/blog\/concurso\/seec-rn\/#Requisitos_para_a_investidura_dos_cargos\" title=\"Requisitos para a investidura dos cargos\">Requisitos para a investidura dos cargos<\/a><\/li><li class='ez-toc-page-1 ez-toc-heading-level-2'><a class=\"ez-toc-link ez-toc-heading-4\" href=\"https:\/\/www.editorasolucao.com.br\/blog\/concurso\/seec-rn\/#Etapas_de_selecao_do_concurso_SEEC_RN\" title=\"Etapas de sele\u00e7\u00e3o do concurso SEEC RN\">Etapas de sele\u00e7\u00e3o do concurso SEEC RN<\/a><\/li><li class='ez-toc-page-1 ez-toc-heading-level-2'><a class=\"ez-toc-link ez-toc-heading-5\" href=\"https:\/\/www.editorasolucao.com.br\/blog\/concurso\/seec-rn\/#SEEC_RN_Ultimo_concurso\" title=\"SEEC RN: \u00daltimo concurso\">SEEC RN: \u00daltimo concurso<\/a><\/li><\/ul><\/nav><\/div>\n<h2 class=\"wp-block-heading\"><span class=\"ez-toc-section\" id=\"Como_posso_me_inscrever_no_concurso_SEEC_RN\"><\/span>Como posso me inscrever no concurso SEEC RN?<span class=\"ez-toc-section-end\"><\/span><\/h2>\n\n\n\n<p>As inscri\u00e7\u00f5es para o concurso SEEC RN estar\u00e3o dispon\u00edveis a partir das <strong>16h do dia 21 de outubro at\u00e9 \u00e0s 16h do dia 21 de novembro de 2024,<\/strong> no site da <a href=\"https:\/\/conhecimento.fgv.br\/concursos\/seec.rn24\" target=\"_blank\" rel=\"noreferrer noopener\">Funda\u00e7\u00e3o Get\u00falio Vargas (FGV)<\/a>, respons\u00e1vel pela organiza\u00e7\u00e3o do certame.<\/p>\n\n\n\n<p>Os participantes interessados em se inscrever no concurso precisam pagar as taxas de inscri\u00e7\u00e3o no montante de <strong>R$ 150,00.<\/strong><\/p>\n\n\n\n<p>\u00c9 necess\u00e1rio realizar o pagamento do boleto banc\u00e1rio at\u00e9 o prazo m\u00e1ximo de <strong>22 de novembro<\/strong>, caso contr\u00e1rio, a sua inscri\u00e7\u00e3o n\u00e3o ser\u00e1 validada.<\/p>\n\n\n\n<p>Os candidatos poder\u00e3o solicitar a isen\u00e7\u00e3o dessas taxas entre os dias <strong>21 a 23 de outubro de 2024,<\/strong> desde que se encaixem em algum dos seguintes requisitos. <\/p>\n\n\n\n<ul>\n<li>inscritos no Cadastro \u00danico para Programas Sociais do Governo Federal (Cad\u00danico) e forem membros de fam\u00edlia de baixa renda;<\/li>\n\n\n\n<li>doador de medula \u00f3ssea;<\/li>\n\n\n\n<li>candidata doadora regular de leite materno;<\/li>\n\n\n\n<li>eleitores convocados e nomeados para servirem \u00e0 Justi\u00e7a eleitoral por ocasi\u00e3o dos pleitos eleitorais. <\/li>\n<\/ul>\n\n\n\n<h2 class=\"wp-block-heading\"><span class=\"ez-toc-section\" id=\"Quais_cargos_vagas_e_salarios_estao_sendo_ofertados\"><\/span>Quais cargos, vagas e sal\u00e1rios est\u00e3o sendo ofertados? <span class=\"ez-toc-section-end\"><\/span><\/h2>\n\n\n\n<p>O concurso SEEC <a href=\"https:\/\/www.editorasolucao.com.br\/blog\/concursos-abertos-rn\" target=\"_blank\" rel=\"noreferrer noopener\">RN<\/a> est\u00e1 disponibilizando <strong>598 vagas imediatas<\/strong>, al\u00e9m da oportunidade de cadastro reserva, para a fun\u00e7\u00e3o de <a href=\"https:\/\/www.editorasolucao.com.br\/apostila-solucao\/seec-rn-comum-todos-cargos?promo_name=concurso&amp;promo_id=https%3A%2F%2Fwww.editorasolucao.com.br%2Fblog%2Fconcurso%2Fseec-rn&amp;promo_creative=Apostila+SEEC-RN+2024+-+Comum+a+Todos+os+Cargos&amp;promo_position=produtos-relacionados\" target=\"_blank\" rel=\"noreferrer noopener\">Professor<\/a>, abrangendo diferentes \u00e1reas de atua\u00e7\u00e3o. Veja a distribui\u00e7\u00e3o detalhada dessas oportunidades e os respectivos sal\u00e1rios:<\/p>\n\n\n\n<ul>\n<li>Professor de Arte (16 + CR)<\/li>\n\n\n\n<li>Professor de Ci\u00eancias Biol\u00f3gicas (30 + CR)<\/li>\n\n\n\n<li>Professor Educa\u00e7\u00e3o Especial &#8211; Int\u00e9rprete\/Tradutor de Libras (44 + CR)<\/li>\n\n\n\n<li>Professor Educa\u00e7\u00e3o Especial &#8211; Libras (11 + CR)<\/li>\n\n\n\n<li>Professor de Educa\u00e7\u00e3o F\u00edsica (16 + CR)<\/li>\n\n\n\n<li>Professor de Filosofia (15 + CR)<\/li>\n\n\n\n<li>Professor de F\u00edsica (30 + CR)<\/li>\n\n\n\n<li>Professor de Geografia (29 + CR)<\/li>\n\n\n\n<li>Professor de Hist\u00f3ria (31 + CR)<\/li>\n\n\n\n<li>Professor de L\u00edngua Espanhola (15 + CR)<\/li>\n\n\n\n<li>Professor de L\u00edngua Inglesa (16 + CR)<\/li>\n\n\n\n<li>Professor de L\u00edngua Portuguesa (65 + CR)<\/li>\n\n\n\n<li><a href=\"https:\/\/www.editorasolucao.com.br\/apostila-solucao\/seec-rn-professor-matematica?promo_name=concurso&amp;promo_id=https%3A%2F%2Fwww.editorasolucao.com.br%2Fblog%2Fconcurso%2Fseec-rn&amp;promo_creative=Apostila+SEEC-RN+2024+-+Professor+de+Matem%C3%A1tica&amp;promo_position=produtos-relacionados\" target=\"_blank\" rel=\"noreferrer noopener\">Professor de Matem\u00e1tica (50 + CR)<\/a><\/li>\n\n\n\n<li><a href=\"https:\/\/www.editorasolucao.com.br\/apostila-solucao\/seec-rn-professor-pedagogia-anos-iniciais?promo_name=concurso&amp;promo_id=https%3A%2F%2Fwww.editorasolucao.com.br%2Fblog%2Fconcurso%2Fseec-rn&amp;promo_creative=Apostila+SEEC-RN+2024+-+Professor+de+Pedagogia+-+Anos+Iniciais&amp;promo_position=produtos-relacionados\" target=\"_blank\" rel=\"noreferrer noopener\">Professor de Pedagogia \u2013 Anos Iniciais (16 + CR)<\/a><\/li>\n\n\n\n<li>Professor de Pedagogia \u2013 Educa\u00e7\u00e3o Especial (129 + CR)<\/li>\n\n\n\n<li>Professor de Qu\u00edmica (28 + CR)<\/li>\n\n\n\n<li>Professor de Ensino Religioso (CR)<\/li>\n\n\n\n<li>Professor de Sociologia (15 + CR)<\/li>\n\n\n\n<li>Professor do Curso T\u00e9cnico de N\u00edvel M\u00e9dio em Administra\u00e7\u00e3o (21 + CR)<\/li>\n\n\n\n<li>Professor do Curso T\u00e9cnico de N\u00edvel M\u00e9dio em Inform\u00e1tica (21 + CR)<\/li>\n\n\n\n<li>Especialista de Educa\u00e7\u00e3o &#8211; Suporte Pedag\u00f3gico (CR)<\/li>\n<\/ul>\n\n\n\n<p><\/p>\n\n\n\n<p>Os candidatos aprovado e admitidos no concurso receber\u00e3o um vencimento base no valor de <strong>R$ 4.809,60<\/strong>, para uma jornada de trabalho de 30 horas semanais. <\/p>\n\n\n\n<h2 class=\"wp-block-heading\"><span class=\"ez-toc-section\" id=\"Requisitos_para_a_investidura_dos_cargos\"><\/span>Requisitos para a investidura dos cargos <span class=\"ez-toc-section-end\"><\/span><\/h2>\n\n\n\n<p>Conforme o edital, os crit\u00e9rios estabelecidos para a nomea\u00e7\u00e3o e posse dos cargos oferecidos no concurso SEEC RN s\u00e3o os seguintes:<\/p>\n\n\n\n<ul>\n<li>Ter sido classificado no Concurso P\u00fablico na forma estabelecida neste Edital, em seus anexos e eventuais retifica\u00e7\u00f5es;<\/li>\n\n\n\n<li>Ter a nacionalidade brasileira ou portuguesa e, no caso de nacionalidade portuguesa, estar amparado pelo estatuto de igualdade entre brasileiros e portugueses, com reconhecimento do gozo dos direitos pol\u00edticos, nos termos do \u00a7 1\u00ba do artigo 12 da Constitui\u00e7\u00e3o Federal;<\/li>\n\n\n\n<li>Ter idade m\u00ednima de 18 anos completos na data da posse;<\/li>\n\n\n\n<li>Estar quite com as obriga\u00e7\u00f5es militares, em caso de candidato do sexo masculino;<\/li>\n\n\n\n<li>Estar em pleno gozo dos direitos pol\u00edticos;<\/li>\n\n\n\n<li>Estar quite com as obriga\u00e7\u00f5es eleitorais;<\/li>\n\n\n\n<li>Ter aptid\u00e3o f\u00edsica e mental para o exerc\u00edcio das atribui\u00e7\u00f5es do cargo, comprovadas por inspe\u00e7\u00e3o m\u00e9dica oficial designada pela Secretaria de Estado da Educa\u00e7\u00e3o, do Esporte e do Lazer &#8211; (SEEC)-RN;<\/li>\n\n\n\n<li>Possuir os requisitos exigidos para o exerc\u00edcio das atribui\u00e7\u00f5es legais do respectivo cargo, conforme mencionado neste Edital;<\/li>\n\n\n\n<li>Firmar declara\u00e7\u00e3o de n\u00e3o estar cumprindo e nem ter sofrido, no exerc\u00edcio da fun\u00e7\u00e3o p\u00fablica, penalidade por pr\u00e1tica de improbidade administrativa, aplicada por qualquer \u00f3rg\u00e3o p\u00fablico ou entidade da esfera federal, estadual ou municipal;<\/li>\n\n\n\n<li>Apresentar declara\u00e7\u00e3o quanto ao exerc\u00edcio de outro(s) cargo(s), emprego(s) ou outra(s) fun\u00e7\u00e3o(\u00f5es) p\u00fablica(s) e sobre o recebimento de proventos decorrentes de aposentadoria e pens\u00e3o;<\/li>\n\n\n\n<li>Apresentar declara\u00e7\u00e3o de bens e valores que constituam patrim\u00f4nio;<\/li>\n\n\n\n<li>Firmar declara\u00e7\u00e3o de n\u00e3o estar cumprindo san\u00e7\u00e3o por inidoneidade, aplicada por qualquer \u00f3rg\u00e3o p\u00fablico ou entidade da esfera federal, estadual ou municipal;<\/li>\n\n\n\n<li>Firmar termo de compromisso de sigilo e confidencialidade das informa\u00e7\u00f5es;<\/li>\n\n\n\n<li>Apresentar diploma, devidamente registrado, de conclus\u00e3o de curso de N\u00edvel Superior, conforme subitem 3.4.3, fornecido por institui\u00e7\u00e3o de ensino, reconhecido pelo Minist\u00e9rio de Educa\u00e7\u00e3o, comprovado por meio de apresenta\u00e7\u00e3o de original e c\u00f3pia do respectivo documento;<\/li>\n\n\n\n<li>N\u00e3o ter sido condenado \u00e0 pena privativa de liberdade transitada em julgado ou a qualquer outra condena\u00e7\u00e3o incompat\u00edvel com a fun\u00e7\u00e3o p\u00fablica;<\/li>\n\n\n\n<li>N\u00e3o registrar antecedentes criminais;<\/li>\n\n\n\n<li>Apresentar outros documentos que se fizerem necess\u00e1rios \u00e0 \u00e9poca da posse; e<\/li>\n\n\n\n<li>Cumprir as determina\u00e7\u00f5es dos Editais do Concurso P\u00fablico.<\/li>\n<\/ul>\n\n\n\n<h2 class=\"wp-block-heading\"><span class=\"ez-toc-section\" id=\"Etapas_de_selecao_do_concurso_SEEC_RN\"><\/span>Etapas de sele\u00e7\u00e3o do concurso SEEC RN<span class=\"ez-toc-section-end\"><\/span><\/h2>\n\n\n\n<p>Os participantes do certame SEEC RN ser\u00e3o submetidos a diferentes fases de sele\u00e7\u00e3o, como prova objetiva, prova discursiva e prova de t\u00edtulos.<\/p>\n\n\n\n<p>Vamos conferir com mais detalhes? <\/p>\n\n\n\n<h3 class=\"wp-block-heading\">Prova Objetiva<\/h3>\n\n\n\n<p>A prova objetiva, de car\u00e1ter eliminat\u00f3rio e classificat\u00f3rio, ser\u00e1 aplicada na data prevista de <strong>19 de janeiro de 2025,<\/strong> das 13h \u00e0s 18h. <\/p>\n\n\n\n<p>A avalia\u00e7\u00e3o ser\u00e1 constitu\u00edda de <strong>65 quest\u00f5es de m\u00faltipla escolha<\/strong>, contendo 5 alternativas cada e apenas uma resposta correta. A prova ser\u00e1 versada sobre as seguintes disciplinas: <\/p>\n\n\n\n<ul>\n<li><strong>Conhecimentos gerais <\/strong>\n<ul>\n<li>L\u00edngua Portuguesa: 20 quest\u00f5es<\/li>\n\n\n\n<li>Fundamentos da Educa\u00e7\u00e3o: 10 quest\u00f5es<\/li>\n\n\n\n<li>Racioc\u00ednio L\u00f3gico Matem\u00e1tico: 5 quest\u00f5es<\/li>\n\n\n\n<li>Direitos Humanos, \u00c9tica e Cidadania: 5 quest\u00f5es <\/li>\n<\/ul>\n<\/li>\n\n\n\n<li><strong>Conhecimentos espec\u00edficos <\/strong>\n<ul>\n<li>Conhecimentos espec\u00edficos de cada cargo: 25 quest\u00f5es <\/li>\n<\/ul>\n<\/li>\n<\/ul>\n\n\n\n<p><\/p>\n\n\n\n<p>A pontua\u00e7\u00e3o total da prova objetiva \u00e9 de 65 pontos e o candidato ser\u00e1 aprovado se alcan\u00e7ar uma nota igual ou superior a 31 pontos.<\/p>\n\n\n\n<h3 class=\"wp-block-heading\">Prova Discursiva<\/h3>\n\n\n\n<p>A prova discursiva, de car\u00e1ter eliminat\u00f3rio e classificat\u00f3rio, ser\u00e1 aplicada na <strong>mesma data e hor\u00e1rio<\/strong> da prova objetiva. <\/p>\n\n\n\n<p>Ser\u00e3o apresentadas <strong>duas quest\u00f5es dissertativas<\/strong> nesta fase, cada uma delas valendo dez pontos, abordando o conte\u00fado program\u00e1tico da \u00e1rea espec\u00edfica de cada cargo. A disserta\u00e7\u00e3o deve ter um m\u00ednimo de 15 linhas e um m\u00e1ximo de 30 linhas.<\/p>\n\n\n\n<p>A pontua\u00e7\u00e3o total da avalia\u00e7\u00e3o \u00e9 de 20 pontos, e o candidato ser\u00e1 aprovado se conseguir um total de 8 pontos ou mais.<\/p>\n\n\n\n<h3 class=\"wp-block-heading\">Prova de T\u00edtulos<\/h3>\n\n\n\n<p>A pontua\u00e7\u00e3o para a avalia\u00e7\u00e3o dos t\u00edtulos ser\u00e1 de <strong>10 pontos<\/strong>, mesmo que a soma dos documentos exceda esse valor.<\/p>\n\n\n\n<p>Confira quais certificados ser\u00e3o avaliados: <\/p>\n\n\n\n<figure class=\"wp-block-image size-full\"><img loading=\"lazy\" decoding=\"async\" width=\"634\" height=\"399\" src=\"https:\/\/www.editorasolucao.com.br\/blog\/wp-content\/uploads\/2024\/10\/Tabela-de-titulos-concurso-SEEC-RN.webp\" alt=\"Tabela de pontos da prova de t\u00edtulos do concurso SEEC RN!\" class=\"wp-image-44654\"\/><figcaption class=\"wp-element-caption\"><em>Tabela de pontos da prova de t\u00edtulos do concurso SEEC RN!<\/em><\/figcaption><\/figure>\n\n\n\n<h2 class=\"wp-block-heading\"><span class=\"ez-toc-section\" id=\"SEEC_RN_Ultimo_concurso\"><\/span>SEEC RN: \u00daltimo concurso<span class=\"ez-toc-section-end\"><\/span><\/h2>\n\n\n\n<p>O \u00faltimo concurso da SEEC RN ocorreu em 2015 e foram ofertadas <strong>1.400 vagas imediatas<\/strong>, al\u00e9m da oportunidade de cadastro reserva, para cargos de n\u00edvel superior. Confira a distribui\u00e7\u00e3o de vagas: <\/p>\n\n\n\n<ul>\n<li>Suporte Pedag\u00f3gico (174 vagas + cadastro reserva)<\/li>\n\n\n\n<li>Arte (38 vagas + cadastro reserva)<\/li>\n\n\n\n<li>Arte M\u00fasica (89 vagas + cadastro reserva)<\/li>\n\n\n\n<li>Ci\u00eancia Biol\u00f3gicas (56 vagas + cadastro reserva)<\/li>\n\n\n\n<li>Educa\u00e7\u00e3o Especial &#8211; int\u00e9rprete\/tradutor de libras (140 vagas + cadastro reserva)<\/li>\n\n\n\n<li>Educa\u00e7\u00e3o Especial &#8211; libras (60 vagas + cadastro reserva)<\/li>\n\n\n\n<li>Educa\u00e7\u00e3o F\u00edsica (56 vagas + cadastro reserva)<\/li>\n\n\n\n<li>Filosofia (17 vagas + cadastro reserva)<\/li>\n\n\n\n<li>F\u00edsica (41 vagas + cadastro reserva)<\/li>\n\n\n\n<li>Geografia (54 vagas + cadastro reserva)<\/li>\n\n\n\n<li>Hist\u00f3ria (53 vagas + cadastro reserva)<\/li>\n\n\n\n<li>L\u00edngua Espanhola (18 vagas + cadastro reserva)<\/li>\n\n\n\n<li>L\u00edngua Inglesa (37 vagas + cadastro reserva)<\/li>\n\n\n\n<li>Matem\u00e1tica (72 vagas + cadastro reserva)<\/li>\n\n\n\n<li>Pedagogia &#8211; Anos Iniciais (178 vagas + cadastro reserva)<\/li>\n\n\n\n<li>Pedagogia &#8211; Educa\u00e7\u00e3o Especial (146 vagas + cadastro reserva)<\/li>\n\n\n\n<li>Qu\u00edmica (28 vagas + cadastro reserva)<\/li>\n\n\n\n<li>Ensino Religioso (16 vagas + cadastro reserva)<\/li>\n\n\n\n<li>Sociologia (19 vagas + cadastro reserva)<\/li>\n<\/ul>\n\n\n\n<p>Os candidatos do concurso de 2015 foram avaliados por duas etapas de sele\u00e7\u00e3o: a prova objetiva e a avalia\u00e7\u00e3o de t\u00edtulos. <\/p>\n\n\n\n<p>A prova objetiva foi constitu\u00edda de 60 quest\u00f5es de m\u00faltipla escolha sobre as disciplinas de l\u00edngua portuguesa, conhecimentos did\u00e1ticos e pedag\u00f3gicos e conhecimentos espec\u00edficos. Foi <strong>aprovado<\/strong> no concurso o candidato que obteve 50% de aproveitamento dos pontos da prova. <\/p>\n\n\n\n<p><\/p>\n\n\n\n<p><strong>Boa prova e bons estudos!<\/strong><\/p>\n","protected":false},"excerpt":{"rendered":"<p>Foi divulgado o edital do concurso SEEC RN que est\u00e1 ofertando 598 vagas para o cargo de Professor, com iniciais de R$ 4,8 mil!<\/p>\n","protected":false},"author":21,"featured_media":44651,"template":"","meta":{"_acf_changed":false,"rank_math_lock_modified_date":false},"categories":[52],"tags":[4336],"acf":[],"_links":{"self":[{"href":"https:\/\/www.editorasolucao.com.br\/blog\/wp-json\/wp\/v2\/concurso\/42885"}],"collection":[{"href":"https:\/\/www.editorasolucao.com.br\/blog\/wp-json\/wp\/v2\/concurso"}],"about":[{"href":"https:\/\/www.editorasolucao.com.br\/blog\/wp-json\/wp\/v2\/types\/concurso"}],"author":[{"embeddable":true,"href":"https:\/\/www.editorasolucao.com.br\/blog\/wp-json\/wp\/v2\/users\/21"}],"wp:featuredmedia":[{"embeddable":true,"href":"https:\/\/www.editorasolucao.com.br\/blog\/wp-json\/wp\/v2\/media\/44651"}],"wp:attachment":[{"href":"https:\/\/www.editorasolucao.com.br\/blog\/wp-json\/wp\/v2\/media?parent=42885"}],"wp:term":[{"taxonomy":"category","embeddable":true,"href":"https:\/\/www.editorasolucao.com.br\/blog\/wp-json\/wp\/v2\/categories?post=42885"},{"taxonomy":"post_tag","embeddable":true,"href":"https:\/\/www.editorasolucao.com.br\/blog\/wp-json\/wp\/v2\/tags?post=42885"}],"curies":[{"name":"wp","href":"https:\/\/api.w.org\/{rel}","templated":true}]}}