{"id":42938,"date":"2024-05-31T11:28:05","date_gmt":"2024-05-31T14:28:05","guid":{"rendered":"https:\/\/www.editorasolucao.com.br\/blog\/?post_type=concurso&#038;p=42938"},"modified":"2024-06-06T08:49:58","modified_gmt":"2024-06-06T11:49:58","slug":"crq-rn","status":"publish","type":"concurso","link":"https:\/\/www.editorasolucao.com.br\/blog\/concurso\/crq-rn","title":{"rendered":"Concurso CRQ RN: Edital publicado. 60 vagas e at\u00e9 R$4 mil!"},"content":{"rendered":"\n<p>Ol\u00e1, concurseiros!! Foi divulgado o edital do concurso CRQ RN com oferta de <strong>60 vagas imediatas<\/strong> para cargos de n\u00edveis m\u00e9dio e t\u00e9cnico. As remunera\u00e7\u00f5es iniciais chegam at\u00e9 <strong>R$ 4 mil!! <\/strong>Se interessou pelo certame? Venha saber mais! <\/p>\n\n\n\n<div id=\"ez-toc-container\" class=\"ez-toc-v2_0_69_1 counter-hierarchy ez-toc-counter ez-toc-grey ez-toc-container-direction\">\n<div class=\"ez-toc-title-container\">\n<p class=\"ez-toc-title \" >Menu de navega&ccedil;&atilde;o<\/p>\n<span class=\"ez-toc-title-toggle\"><a href=\"#\" class=\"ez-toc-pull-right ez-toc-btn ez-toc-btn-xs ez-toc-btn-default ez-toc-toggle\" aria-label=\"Toggle Table of Content\"><span class=\"ez-toc-js-icon-con\"><span class=\"\"><span class=\"eztoc-hide\" style=\"display:none;\">Toggle<\/span><span class=\"ez-toc-icon-toggle-span\"><svg style=\"fill: #999;color:#999\" xmlns=\"http:\/\/www.w3.org\/2000\/svg\" class=\"list-377408\" width=\"20px\" height=\"20px\" viewBox=\"0 0 24 24\" fill=\"none\"><path d=\"M6 6H4v2h2V6zm14 0H8v2h12V6zM4 11h2v2H4v-2zm16 0H8v2h12v-2zM4 16h2v2H4v-2zm16 0H8v2h12v-2z\" fill=\"currentColor\"><\/path><\/svg><svg style=\"fill: #999;color:#999\" class=\"arrow-unsorted-368013\" xmlns=\"http:\/\/www.w3.org\/2000\/svg\" width=\"10px\" height=\"10px\" viewBox=\"0 0 24 24\" version=\"1.2\" baseProfile=\"tiny\"><path d=\"M18.2 9.3l-6.2-6.3-6.2 6.3c-.2.2-.3.4-.3.7s.1.5.3.7c.2.2.4.3.7.3h11c.3 0 .5-.1.7-.3.2-.2.3-.5.3-.7s-.1-.5-.3-.7zM5.8 14.7l6.2 6.3 6.2-6.3c.2-.2.3-.5.3-.7s-.1-.5-.3-.7c-.2-.2-.4-.3-.7-.3h-11c-.3 0-.5.1-.7.3-.2.2-.3.5-.3.7s.1.5.3.7z\"\/><\/svg><\/span><\/span><\/span><\/a><\/span><\/div>\n<nav><ul class='ez-toc-list ez-toc-list-level-1 ' ><li class='ez-toc-page-1 ez-toc-heading-level-2'><a class=\"ez-toc-link ez-toc-heading-1\" href=\"https:\/\/www.editorasolucao.com.br\/blog\/concurso\/crq-rn\/#Como_posso_me_inscrever_para_o_concurso_CRQ_RN\" title=\"Como posso me inscrever para o concurso CRQ RN?\">Como posso me inscrever para o concurso CRQ RN?<\/a><\/li><li class='ez-toc-page-1 ez-toc-heading-level-2'><a class=\"ez-toc-link ez-toc-heading-2\" href=\"https:\/\/www.editorasolucao.com.br\/blog\/concurso\/crq-rn\/#Quais_vagas_estao_sendo_ofertadas\" title=\"Quais vagas est\u00e3o sendo ofertadas?\">Quais vagas est\u00e3o sendo ofertadas?<\/a><\/li><li class='ez-toc-page-1 ez-toc-heading-level-2'><a class=\"ez-toc-link ez-toc-heading-3\" href=\"https:\/\/www.editorasolucao.com.br\/blog\/concurso\/crq-rn\/#Quais_os_requisitos_para_a_investidura_dos_cargos\" title=\"Quais os requisitos para a investidura dos cargos?\">Quais os requisitos para a investidura dos cargos?<\/a><\/li><li class='ez-toc-page-1 ez-toc-heading-level-2'><a class=\"ez-toc-link ez-toc-heading-4\" href=\"https:\/\/www.editorasolucao.com.br\/blog\/concurso\/crq-rn\/#O_que_faz_um_Fiscal_e_Auxiliar_Administrativo\" title=\"O que faz um Fiscal e Auxiliar Administrativo?\">O que faz um Fiscal e Auxiliar Administrativo?<\/a><\/li><li class='ez-toc-page-1 ez-toc-heading-level-2'><a class=\"ez-toc-link ez-toc-heading-5\" href=\"https:\/\/www.editorasolucao.com.br\/blog\/concurso\/crq-rn\/#Como_posso_me_preparar_para_as_provas_do_concurso_CRQ_RN\" title=\"Como posso me preparar para as provas do concurso CRQ RN?\">Como posso me preparar para as provas do concurso CRQ RN?<\/a><\/li><\/ul><\/nav><\/div>\n<h2 class=\"wp-block-heading\"><span class=\"ez-toc-section\" id=\"Como_posso_me_inscrever_para_o_concurso_CRQ_RN\"><\/span>Como posso me inscrever para o concurso CRQ RN? <span class=\"ez-toc-section-end\"><\/span><\/h2>\n\n\n\n<p>As inscri\u00e7\u00f5es para o concurso CRQ RN (Conselho Regional de Qu\u00edmica da 15\u00b0 regi\u00e3o)  j\u00e1 est\u00e3o abertas e permanecer\u00e3o at\u00e9 o dia <strong>8 de julho de 2024<\/strong>. Os candidatos interessados devem realizar suas inscri\u00e7\u00f5es atrav\u00e9s do site da banca organizadora, o <a href=\"https:\/\/www.quadrix.org.br\/todos-os-concursos\/inscricoes-abertas\/crq15_2024.aspx\" target=\"_blank\" rel=\"noreferrer noopener\">Instituto Quadrix. <\/a><\/p>\n\n\n\n<p>A taxa de inscri\u00e7\u00e3o possui valor fixo de<strong> R$ 65,00<\/strong>. O pagamento do boleto banc\u00e1rio deve ser efetuado at\u00e9 o dia<strong> 9 de julho de 2024<\/strong>, caso contr\u00e1rio o candidato ter\u00e1 sua inscri\u00e7\u00e3o cancelada. <\/p>\n\n\n\n<p>Houve a oportunidade de solicitar a isen\u00e7\u00e3o dessas taxas, mas o per\u00edodo j\u00e1 foi encerrado. <\/p>\n\n\n\n<h2 class=\"wp-block-heading\"><span class=\"ez-toc-section\" id=\"Quais_vagas_estao_sendo_ofertadas\"><\/span>Quais vagas est\u00e3o sendo ofertadas? <span class=\"ez-toc-section-end\"><\/span><\/h2>\n\n\n\n<p>O CRQ RN est\u00e1 ofertando <strong>60 vagas<\/strong> para cargos de n\u00edvel m\u00e9dio e t\u00e9cnico. Vamos conferir com mais detalhes: <\/p>\n\n\n\n<ul>\n<li><strong>M\u00e9dio<\/strong>\n<ul>\n<li><a href=\"https:\/\/www.editorasolucao.com.br\/apostila\/crq-15-auxiliar-administrativo\" target=\"_blank\" rel=\"noreferrer noopener\">Auxiliar Administrativo (35 vagas imediatas)<\/a>\n<ul>\n<li>R$ 1.920,00 + benef\u00edcios<\/li>\n<\/ul>\n<\/li>\n<\/ul>\n<\/li>\n\n\n\n<li><strong>T\u00e9cnico<\/strong>\n<ul>\n<li>Fiscal (25 vagas imediatas)\n<ul>\n<li>R$ 4.800,00 + benef\u00edcios<\/li>\n<\/ul>\n<\/li>\n<\/ul>\n<\/li>\n<\/ul>\n\n\n\n<p>Os candidatos aprovados e admitidos pelo concurso dever\u00e3o cumprir uma jornada de trabalho de <strong>quarenta horas semanais. <\/strong><\/p>\n\n\n\n<h2 class=\"wp-block-heading\"><span class=\"ez-toc-section\" id=\"Quais_os_requisitos_para_a_investidura_dos_cargos\"><\/span>Quais os requisitos para a investidura dos cargos? <span class=\"ez-toc-section-end\"><\/span><\/h2>\n\n\n\n<p>De acordo com o edital, esses s\u00e3o os requisitos b\u00e1sicos exigidos para a nomea\u00e7\u00e3o e posse dos cargos ofertados: <\/p>\n\n\n\n<ul>\n<li>Ser aprovado em todas as fases do concurso p\u00fablico;<\/li>\n\n\n\n<li>Ter a nacionalidade brasileira ou portuguesa e, no caso de nacionalidade portuguesa, estar amparado pelo Estatuto de Igualdade entre Brasileiros e Portugueses, com reconhecimento do gozo dos direitos pol\u00edticos, nos termos do \u00a7 1\u00ba do art. 12 da Constitui\u00e7\u00e3o Federal;<\/li>\n\n\n\n<li>Estar em gozo dos direitos pol\u00edticos; <\/li>\n\n\n\n<li>Estar quite com as obriga\u00e7\u00f5es militares, em caso de candidato do sexo masculino;<\/li>\n\n\n\n<li>Estar quite com as obriga\u00e7\u00f5es eleitorais;<\/li>\n\n\n\n<li>Possuir os requisitos exigidos para o exerc\u00edcio do cargo, conforme o Anexo II deste edital;<\/li>\n\n\n\n<li>Ter idade m\u00ednima de 18 anos completos na data da contrata\u00e7\u00e3o;<\/li>\n\n\n\n<li><strong>Apresentar atestado de pr\u00e9via aprova\u00e7\u00e3o de aptid\u00e3o f\u00edsica e mental para o exerc\u00edcio das atribui\u00e7\u00f5es do cargo;<\/strong><\/li>\n\n\n\n<li>Apresentar declara\u00e7\u00e3o de que n\u00e3o acumula cargo ou fun\u00e7\u00e3o p\u00fablica, ou proventos de inatividade, ressalvadas as possibilidades de acumula\u00e7\u00e3o l\u00edcita previstas no Inciso XVI do art. 37 da Constitui\u00e7\u00e3o Federal;<\/li>\n\n\n\n<li>N\u00e3o estar cumprindo san\u00e7\u00e3o por inidoneidade, aplicada por qualquer \u00f3rg\u00e3o p\u00fablico ou entidade das esferas federal, estadual, municipal ou do Distrito Federal;<\/li>\n\n\n\n<li>Cumprir as determina\u00e7\u00f5es deste edital.<\/li>\n<\/ul>\n\n\n\n<h2 class=\"wp-block-heading\"><span class=\"ez-toc-section\" id=\"O_que_faz_um_Fiscal_e_Auxiliar_Administrativo\"><\/span>O que faz um Fiscal e Auxiliar Administrativo? <span class=\"ez-toc-section-end\"><\/span><\/h2>\n\n\n\n<p>Confira abaixo as atribui\u00e7\u00f5es dadas aos cargos de Fiscal e Auxiliar Administrativo: <\/p>\n\n\n\n<ul>\n<li><strong>Fiscal <\/strong>\n<ul>\n<li>Fiscalizar o exerc\u00edcio profissional na \u00e1rea da qu\u00edmica, vistoriando in loco estabelecimentos comerciais, industriais, de ensino e de pesquisa, \u00f3rg\u00e3os p\u00fablicos e outras entidades que desenvolvam alguma atividade que exija conhecimentos de qu\u00edmica, realizando as investiga\u00e7\u00f5es que julgar necess\u00e1ria, bem como o exame de contratos, livros de escritura\u00e7\u00e3o, folhas de pagamento, notas fiscais, entre outras; Realizar atividades de fiscaliza\u00e7\u00e3o, na capital  no interior do Estado, sempre que se fizer necess\u00e1rio, a fim de cumprir os planos de a\u00e7\u00e3o fiscal aprovados pela dire\u00e7\u00e3o do CRQ &#8211; 15; <\/li>\n\n\n\n<li>Lavrar Termo de Fiscaliza\u00e7\u00e3o da Pessoa F\u00edsica e da Pessoa Jur\u00eddica a cada visita efetuada, identificando as rea\u00e7\u00f5es qu\u00edmicas, opera\u00e7\u00f5es unit\u00e1rias e pr\u00e1ticas operacionais verificadas, bem como os nomes das pessoas envolvidas nestas atividades; Lavrar Termo de Resist\u00eancia \u00e0 Fiscaliza\u00e7\u00e3o quando houver impedimento de sua realiza\u00e7\u00e3o; Contatar prefeituras, associa\u00e7\u00f5es e outras entidades, com o objetivo de pesquisar a exist\u00eancia de pessoas jur\u00eddicas ainda n\u00e3o cadastradas no CRQ &#8211; 15, bem como checar os casos de pessoas jur\u00eddicas que se encontram em local incerto; Orientar pessoas jur\u00eddicas e pessoas f\u00edsicas da \u00e1rea qu\u00edmica quanto ao registro e outros servi\u00e7os do CRQ &#8211; 15, bem como instru\u00ed-los \u00e0s normas e exig\u00eancias legais; Recolher informa\u00e7\u00f5es necess\u00e1rias para apurar a exist\u00eancia de poss\u00edvel infra\u00e7\u00e3o;<\/li>\n\n\n\n<li>Representar o CRQ-15 perante organiza\u00e7\u00f5es oficiais, sempre que solicitado, bem como realizar palestras em escolas, faculdades e universidades que formam profissionais da \u00e1rea da Qu\u00edmica.<\/li>\n<\/ul>\n<\/li>\n\n\n\n<li><strong>Auxiliar Administrativo<\/strong>\n<ul>\n<li>Prestar atendimento ao p\u00fablico em geral, presencialmente ou por meio virtual (e-mail, telefone, chat, v\u00eddeo chamada ou outros); <\/li>\n\n\n\n<li>Responder ao p\u00fablico interno e externo, por qualquer meio, no tratamento de d\u00favidas sobre o monitoramento e execu\u00e7\u00e3o do planejamento estrat\u00e9gico do CRQ-15 REGI\u00c3O; <\/li>\n\n\n\n<li>Manter e arquivar documentos referente a documenta\u00e7\u00e3o dos \u00f3rg\u00e3os reguladores, planejamento estrat\u00e9gico e dos processos internos no acervo permanente do CRQ- 15 REGI\u00c3O;<\/li>\n\n\n\n<li>Auxiliar no desenvolvimento dos relat\u00f3rios de gest\u00e3o do CRQ-15 Regi\u00e3o sob orienta\u00e7\u00e3o do superior imediato e\/ou da alta administra\u00e7\u00e3o; <\/li>\n\n\n\n<li>Auxiliar no desenvolvimento e monitoramento da gest\u00e3o de risco institucional; <\/li>\n\n\n\n<li>Auxiliar no desenvolvimento de relat\u00f3rios e p\u00e1ginas de conte\u00fado para publica\u00e7\u00e3o no Portal da Transpar\u00eancia P\u00fablica; <\/li>\n\n\n\n<li>Auxiliar na pesquisa e desenvolvimento de p\u00e1ginas de conte\u00fado para o s\u00edtio eletr\u00f4nico e redes sociais do CRQ-15 Regi\u00e3o; <\/li>\n\n\n\n<li>Auxiliar na elabora\u00e7\u00e3o de cursos e eventos sobre governan\u00e7a p\u00fablica com participa\u00e7\u00e3o do CRQ-15 Regi\u00e3o na divulga\u00e7\u00e3o do planejamento estrat\u00e9gico, metas, resultados, bem como participar de a\u00e7\u00f5es para divulga\u00e7\u00e3o da atividade Qu\u00edmica; <\/li>\n\n\n\n<li>Participar de cursos de capacita\u00e7\u00e3o definidos pela respectiva unidade organizacional; cadastrar pessoas jur\u00eddicas, f\u00edsicas e estudantes, digitalizando os documentos necess\u00e1rios; <\/li>\n\n\n\n<li>Participar e auxiliar em reuni\u00f5es, quando solicitado; receber e transmitir recados, registrando as informa\u00e7\u00f5es recebidas para possibilitar comunica\u00e7\u00f5es posteriores aos interessados; <\/li>\n\n\n\n<li>Separar, ordenar e arquivar os documentos (f\u00edsicos e digitais), por tipo e origem, utilizando-se de pastas ou caixas apropriadas, observando as regras e procedimentos estabelecidos, mantendo o local em ordem; <\/li>\n\n\n\n<li>Promover e auxiliar nos levantamentos de dados referentes a situa\u00e7\u00f5es processuais, quando os processos (de qualquer natureza) estiverem em tr\u00e2mite no CRQ-15 Regi\u00e3o.<\/li>\n<\/ul>\n<\/li>\n<\/ul>\n\n\n\n<h2 class=\"wp-block-heading\"><span class=\"ez-toc-section\" id=\"Como_posso_me_preparar_para_as_provas_do_concurso_CRQ_RN\"><\/span>Como posso me preparar para as provas do concurso CRQ RN? <span class=\"ez-toc-section-end\"><\/span><\/h2>\n\n\n\n<p>Os candidatos do concurso CRQ RN ser\u00e3o avaliados por meio de uma \u00fanica etapa de sele\u00e7\u00e3o, a prova objetiva. <\/p>\n\n\n\n<p>A prova objetiva, de car\u00e1ter eliminat\u00f3rio e classificat\u00f3rio, ser\u00e1 aplicada no dia <strong>25 de agosto de 2024<\/strong>, no turno da tarde, com dura\u00e7\u00e3o de 3 horas. <\/p>\n\n\n\n<p>A avalia\u00e7\u00e3o ser\u00e1 constitu\u00edda de <strong>120 quest\u00f5es de m\u00faltipla escolha<\/strong> sobre os seguintes conte\u00fados: <\/p>\n\n\n\n<ul>\n<li>Conhecimentos B\u00e1sicos: 40 quest\u00f5es<\/li>\n\n\n\n<li>Conhecimentos Complementares: 30 quest\u00f5es<\/li>\n\n\n\n<li>Conhecimentos Espec\u00edficos: 50 quest\u00f5es<\/li>\n<\/ul>\n\n\n\n<p>A prova objetiva ser\u00e1 avaliada em uma escala de 0 a 120 pontos, sendo <strong>eliminado<\/strong> do concurso o candidato que obtiver nota inferior a: 10 pontos em conhecimentos b\u00e1sicos, 8 pontos em conhecimentos complementares, 12 pontos em conhecimentos espec\u00edficos e 34 pontos na nota final da prova. <\/p>\n\n\n\n<p><\/p>\n\n\n\n<p>Se voc\u00ea busca ser aprovado neste <strong>concurso<\/strong>, n\u00f3s temos <strong>material<\/strong> certo para voc\u00ea! <a href=\"https:\/\/www.editorasolucao.com.br\/apostila\/crq-15-auxiliar-administrativo\" target=\"_blank\" rel=\"noreferrer noopener\">Confira aqui<\/a>.\u00a0<\/p>\n","protected":false},"excerpt":{"rendered":"<p>Ol\u00e1, concurseiros!! Foi divulgado o edital do concurso CRQ RN com oferta de 60 vagas imediatas para cargos de n\u00edveis m\u00e9dio e t\u00e9cnico. As remunera\u00e7\u00f5es iniciais chegam at\u00e9 R$ 4 mil!! Se interessou pelo certame? Venha saber mais! Como posso me inscrever para o concurso CRQ RN? As inscri\u00e7\u00f5es para o concurso CRQ RN (Conselho Regional de Qu\u00edmica da 15\u00b0 regi\u00e3o) j\u00e1 est\u00e3o abertas e permanecer\u00e3o at\u00e9 o dia 8 de julho de 2024. Os candidatos interessados devem realizar suas inscri\u00e7\u00f5es atrav\u00e9s do site da banca organizadora, o Instituto Quadrix. A taxa de inscri\u00e7\u00e3o possui valor fixo de R$ 65,00&#8230;.<\/p>\n","protected":false},"author":21,"featured_media":42939,"template":"","meta":{"_acf_changed":true,"rank_math_lock_modified_date":false},"categories":[],"tags":[],"acf":[],"_links":{"self":[{"href":"https:\/\/www.editorasolucao.com.br\/blog\/wp-json\/wp\/v2\/concurso\/42938"}],"collection":[{"href":"https:\/\/www.editorasolucao.com.br\/blog\/wp-json\/wp\/v2\/concurso"}],"about":[{"href":"https:\/\/www.editorasolucao.com.br\/blog\/wp-json\/wp\/v2\/types\/concurso"}],"author":[{"embeddable":true,"href":"https:\/\/www.editorasolucao.com.br\/blog\/wp-json\/wp\/v2\/users\/21"}],"wp:featuredmedia":[{"embeddable":true,"href":"https:\/\/www.editorasolucao.com.br\/blog\/wp-json\/wp\/v2\/media\/42939"}],"wp:attachment":[{"href":"https:\/\/www.editorasolucao.com.br\/blog\/wp-json\/wp\/v2\/media?parent=42938"}],"wp:term":[{"taxonomy":"category","embeddable":true,"href":"https:\/\/www.editorasolucao.com.br\/blog\/wp-json\/wp\/v2\/categories?post=42938"},{"taxonomy":"post_tag","embeddable":true,"href":"https:\/\/www.editorasolucao.com.br\/blog\/wp-json\/wp\/v2\/tags?post=42938"}],"curies":[{"name":"wp","href":"https:\/\/api.w.org\/{rel}","templated":true}]}}