{"id":43012,"date":"2024-06-07T08:22:28","date_gmt":"2024-06-07T11:22:28","guid":{"rendered":"https:\/\/www.editorasolucao.com.br\/blog\/?post_type=concurso&#038;p=43012"},"modified":"2024-06-07T08:22:31","modified_gmt":"2024-06-07T11:22:31","slug":"prefeitura-de-espinosa-mg","status":"publish","type":"concurso","link":"https:\/\/www.editorasolucao.com.br\/blog\/concurso\/prefeitura-de-espinosa-mg","title":{"rendered":"Concurso Prefeitura de Espinosa: Edital publicado. 587 vagas para todos os n\u00edveis!"},"content":{"rendered":"\n<p>Ol\u00e1, concurseiros! A Prefeitura de Espinosa, no estado de Minas Gerais, divulgou um edital que oferta <strong>587 vagas imediatas <\/strong>para cargos de v\u00e1rios n\u00edveis de escolaridade. As remunera\u00e7\u00f5es iniciais ofertadas podem chegar at\u00e9 <strong>R$ 5 mil!<\/strong> N\u00e3o perca essa chance, venha saber mais! <\/p>\n\n\n\n<div id=\"ez-toc-container\" class=\"ez-toc-v2_0_69_1 counter-hierarchy ez-toc-counter ez-toc-grey ez-toc-container-direction\">\n<div class=\"ez-toc-title-container\">\n<p class=\"ez-toc-title \" >Menu de navega&ccedil;&atilde;o<\/p>\n<span class=\"ez-toc-title-toggle\"><a href=\"#\" class=\"ez-toc-pull-right ez-toc-btn ez-toc-btn-xs ez-toc-btn-default ez-toc-toggle\" aria-label=\"Toggle Table of Content\"><span class=\"ez-toc-js-icon-con\"><span class=\"\"><span class=\"eztoc-hide\" style=\"display:none;\">Toggle<\/span><span class=\"ez-toc-icon-toggle-span\"><svg style=\"fill: #999;color:#999\" xmlns=\"http:\/\/www.w3.org\/2000\/svg\" class=\"list-377408\" width=\"20px\" height=\"20px\" viewBox=\"0 0 24 24\" fill=\"none\"><path d=\"M6 6H4v2h2V6zm14 0H8v2h12V6zM4 11h2v2H4v-2zm16 0H8v2h12v-2zM4 16h2v2H4v-2zm16 0H8v2h12v-2z\" fill=\"currentColor\"><\/path><\/svg><svg style=\"fill: #999;color:#999\" class=\"arrow-unsorted-368013\" xmlns=\"http:\/\/www.w3.org\/2000\/svg\" width=\"10px\" height=\"10px\" viewBox=\"0 0 24 24\" version=\"1.2\" baseProfile=\"tiny\"><path d=\"M18.2 9.3l-6.2-6.3-6.2 6.3c-.2.2-.3.4-.3.7s.1.5.3.7c.2.2.4.3.7.3h11c.3 0 .5-.1.7-.3.2-.2.3-.5.3-.7s-.1-.5-.3-.7zM5.8 14.7l6.2 6.3 6.2-6.3c.2-.2.3-.5.3-.7s-.1-.5-.3-.7c-.2-.2-.4-.3-.7-.3h-11c-.3 0-.5.1-.7.3-.2.2-.3.5-.3.7s.1.5.3.7z\"\/><\/svg><\/span><\/span><\/span><\/a><\/span><\/div>\n<nav><ul class='ez-toc-list ez-toc-list-level-1 ' ><li class='ez-toc-page-1 ez-toc-heading-level-2'><a class=\"ez-toc-link ez-toc-heading-1\" href=\"https:\/\/www.editorasolucao.com.br\/blog\/concurso\/prefeitura-de-espinosa-mg\/#Como_posso_realizar_minha_inscricao_para_o_concurso_da_Prefeitura_de_Espinosa\" title=\"Como posso realizar minha inscri\u00e7\u00e3o para o concurso da Prefeitura de Espinosa?\">Como posso realizar minha inscri\u00e7\u00e3o para o concurso da Prefeitura de Espinosa?<\/a><\/li><li class='ez-toc-page-1 ez-toc-heading-level-2'><a class=\"ez-toc-link ez-toc-heading-2\" href=\"https:\/\/www.editorasolucao.com.br\/blog\/concurso\/prefeitura-de-espinosa-mg\/#Quais_vagas_estao_sendo_ofertadas\" title=\"Quais vagas est\u00e3o sendo ofertadas?\">Quais vagas est\u00e3o sendo ofertadas?<\/a><\/li><li class='ez-toc-page-1 ez-toc-heading-level-2'><a class=\"ez-toc-link ez-toc-heading-3\" href=\"https:\/\/www.editorasolucao.com.br\/blog\/concurso\/prefeitura-de-espinosa-mg\/#Quais_os_requisitos_para_a_investidura_dos_cargos\" title=\"Quais os requisitos para a investidura dos cargos?\">Quais os requisitos para a investidura dos cargos?<\/a><\/li><li class='ez-toc-page-1 ez-toc-heading-level-2'><a class=\"ez-toc-link ez-toc-heading-4\" href=\"https:\/\/www.editorasolucao.com.br\/blog\/concurso\/prefeitura-de-espinosa-mg\/#Como_posso_me_preparar_para_as_etapas_de_selecao_do_concurso_da_Prefeitura_de_Espinosa\" title=\"Como posso me preparar para as etapas de sele\u00e7\u00e3o do concurso da Prefeitura de Espinosa?\">Como posso me preparar para as etapas de sele\u00e7\u00e3o do concurso da Prefeitura de Espinosa?<\/a><\/li><\/ul><\/nav><\/div>\n<h2 class=\"wp-block-heading\"><span class=\"ez-toc-section\" id=\"Como_posso_realizar_minha_inscricao_para_o_concurso_da_Prefeitura_de_Espinosa\"><\/span>Como posso realizar minha inscri\u00e7\u00e3o para o concurso da Prefeitura de Espinosa? <span class=\"ez-toc-section-end\"><\/span><\/h2>\n\n\n\n<p>Os interessados pelo concurso da Prefeitura de Espinosa devem se inscrever atrav\u00e9s do site da banca organizadora, a <a href=\"https:\/\/www.exameconsultores.com.br\/informacoes\/490\/\" target=\"_blank\" rel=\"noreferrer noopener\">Exame<\/a>, a partir das <strong>9h do dia<\/strong> <strong>7 de agosto at\u00e9 \u00e0s 23h59min 5 de setembro de 2024<\/strong>. <\/p>\n\n\n\n<p>Os valores das taxas de inscri\u00e7\u00e3o podem variar de acordo com o n\u00edvel de escolaridade do cargo escolhido pelo candidato, sendo <strong>R$ 60,00<\/strong> para n\u00edvel fundamental, <strong>R$ 80,00<\/strong> para n\u00edvel m\u00e9dio\/t\u00e9cnico e <strong>R$ 100,00<\/strong> para n\u00edvel superior. <\/p>\n\n\n\n<p>O pagamento das taxas \u00e9 necess\u00e1rio para que a inscri\u00e7\u00e3o do candidato seja homologada, por isso deve ser efetuado at\u00e9 a data limite do dia <strong>6 de setembro de 2024<\/strong>. <\/p>\n\n\n\n<p>Os candidatos, que se encaixarem nos requisitos exigidos pelo edital, poder\u00e3o solicitar a isen\u00e7\u00e3o dessas taxas entre os dias <strong>17 a 19 de julho de 2024. <\/strong><\/p>\n\n\n\n<h2 class=\"wp-block-heading\"><span class=\"ez-toc-section\" id=\"Quais_vagas_estao_sendo_ofertadas\"><\/span>Quais vagas est\u00e3o sendo ofertadas? <span class=\"ez-toc-section-end\"><\/span><\/h2>\n\n\n\n<p>Confira os cargos que est\u00e3o sendo ofertados pela Prefeitura de Espinosa e quais s\u00e3o suas remunera\u00e7\u00f5es: <\/p>\n\n\n\n<h4 class=\"wp-block-heading\">Fundamental<\/h4>\n\n\n\n<ul>\n<li><a href=\"https:\/\/www.editorasolucao.com.br\/apostila\/prefeitura-espinosa-mg-comum-nivel-fundamental-comp\" target=\"_blank\" rel=\"noreferrer noopener\">Auxiliar de Servi\u00e7os da Educa\u00e7\u00e3o B\u00e1sica (85 vagas)<\/a>\n<ul>\n<li>R$ 1.477,23<\/li>\n<\/ul>\n<\/li>\n<\/ul>\n\n\n\n<h4 class=\"wp-block-heading\">M\u00e9dio e t\u00e9cnico<\/h4>\n\n\n\n<ul>\n<li>T\u00e9cnico em n\u00edvel m\u00e9dio em Pol\u00edticas Sociais (3 vagas)\n<ul>\n<li>R$ 1.412,00<\/li>\n<\/ul>\n<\/li>\n\n\n\n<li>Assistente de Apoio ao Ensino Infantil (51 vagas)\n<ul>\n<li>R$ 1.477,23<\/li>\n<\/ul>\n<\/li>\n\n\n\n<li>Assistente de Educa\u00e7\u00e3o (4 vagas)\n<ul>\n<li>R$ 1.672,75<\/li>\n<\/ul>\n<\/li>\n\n\n\n<li>Monitor de Transporte Escolar (10 vagas)\n<ul>\n<li>R$ 1.477,23<\/li>\n<\/ul>\n<\/li>\n\n\n\n<li>Auxiliar de Sa\u00fade (4 vagas)\n<ul>\n<li>R$ 1.412,00<\/li>\n<\/ul>\n<\/li>\n\n\n\n<li>T\u00e9cnico em Enfermagem (29 vagas)\n<ul>\n<li>R$ 1.550,00<\/li>\n<\/ul>\n<\/li>\n\n\n\n<li>T\u00e9cnico em Radiologia (5 vagas)\n<ul>\n<li>R$ 1.550,00<\/li>\n<\/ul>\n<\/li>\n\n\n\n<li>T\u00e9cnico em Sa\u00fade Bucal (4 vagas)\n<ul>\n<li>R$ 1.550,00<\/li>\n<\/ul>\n<\/li>\n<\/ul>\n\n\n\n<h4 class=\"wp-block-heading\">Superior<\/h4>\n\n\n\n<ul>\n<li>Assistente Social (2 vagas)\n<ul>\n<li>R$ 2.353,95<\/li>\n<\/ul>\n<\/li>\n\n\n\n<li>Nutricionista (2 vagas)\n<ul>\n<li>R$ 2.353,95<\/li>\n<\/ul>\n<\/li>\n\n\n\n<li>Pedagogo (3 vagas)\n<ul>\n<li>R$ 2.445,81<\/li>\n<\/ul>\n<\/li>\n\n\n\n<li>Professor AEE &#8211; sala de recursos (4 vagas)\n<ul>\n<li>R$ 2.748,34<\/li>\n<\/ul>\n<\/li>\n\n\n\n<li>Professor de Educa\u00e7\u00e3o B\u00e1sica (60 vagas)\n<ul>\n<li>R$ 2.748,34<\/li>\n<\/ul>\n<\/li>\n\n\n\n<li>Professor de Educa\u00e7\u00e3o B\u00e1sica &#8211; educa\u00e7\u00e3o f\u00edsica (7 vagas)\n<ul>\n<li>R$ 28,63 por hora\/aula<\/li>\n<\/ul>\n<\/li>\n\n\n\n<li>Psic\u00f3logo &#8211; educa\u00e7\u00e3o b\u00e1sica (2 vagas)\n<ul>\n<li>R$ 2.353,95<\/li>\n<\/ul>\n<\/li>\n\n\n\n<li>Biom\u00e9dico (3 vagas)\n<ul>\n<li>R$ 1.500,00<\/li>\n<\/ul>\n<\/li>\n\n\n\n<li>Cirurgi\u00e3o Dentista (4 vagas)\n<ul>\n<li>R$ 3.000,00<\/li>\n<\/ul>\n<\/li>\n\n\n\n<li>Enfermeiro (11 vagas)\n<ul>\n<li>R$ 3.000,00<\/li>\n<\/ul>\n<\/li>\n\n\n\n<li>Enfermeiro ESF (6 vagas)\n<ul>\n<li>R$ 3.000,00<\/li>\n<\/ul>\n<\/li>\n\n\n\n<li>Farmac\u00eautico &#8211; farm\u00e1cia b\u00e1sica (2 vagas)\n<ul>\n<li>R$ 3.000,00<\/li>\n<\/ul>\n<\/li>\n\n\n\n<li>Fisioterapeuta (3 vagas)\n<ul>\n<li>R$ 1.500,00<\/li>\n<\/ul>\n<\/li>\n\n\n\n<li>Fonoaudi\u00f3logo (2 vagas)\n<ul>\n<li>R$ 1.500,00<\/li>\n<\/ul>\n<\/li>\n\n\n\n<li>M\u00e9dico Veterin\u00e1rio (1 vaga)\n<ul>\n<li>R$ 1.500,00<\/li>\n<\/ul>\n<\/li>\n\n\n\n<li>Psic\u00f3logo &#8211; sa\u00fade (3 vagas)\n<ul>\n<li>R$ 1.500,00<\/li>\n<\/ul>\n<\/li>\n\n\n\n<li>Terapeuta Ocupacional (1 vaga)\n<ul>\n<li>R$ 1.500,00<\/li>\n<\/ul>\n<\/li>\n<\/ul>\n\n\n\n<p>Os candidatos aprovados e admitidos no concurso dever\u00e3o cumprir uma jornada de trabalho que pode variar entre <strong>20, 30 ou 40 horas semanais<\/strong>, a depender do cargo. <\/p>\n\n\n\n<h2 class=\"wp-block-heading\"><span class=\"ez-toc-section\" id=\"Quais_os_requisitos_para_a_investidura_dos_cargos\"><\/span>Quais os requisitos para a investidura dos cargos? <span class=\"ez-toc-section-end\"><\/span><\/h2>\n\n\n\n<p>De acordo com o edital, esses s\u00e3o os requisitos b\u00e1sicos exigidos para a nomea\u00e7\u00e3o e posse dos cargos ofertados: <\/p>\n\n\n\n<ul>\n<li>Ter nacionalidade brasileira; no caso de nacionalidade portuguesa, estar amparado pelo estatuto de igualdade entre brasileiros e portugueses, com reconhecimento do gozo dos direitos pol\u00edticos, na forma do disposto no art. 13 do Decreto Federal n\u00ba 70.436, de 18\/04\/1972 e art. 12, \u00a7 1\u00ba c\/c art. 37, inciso I da Constitui\u00e7\u00e3o da Rep\u00fablica Federativa do Brasil de 1988.<\/li>\n\n\n\n<li>Estar em pleno exerc\u00edcio de seus direitos civis e pol\u00edticos.<\/li>\n\n\n\n<li>Estar quite com as obriga\u00e7\u00f5es eleitorais, para os candidatos de ambos os sexos.<\/li>\n\n\n\n<li>Estar quite com as obriga\u00e7\u00f5es do Servi\u00e7o Militar, para os candidatos do sexo masculino.<\/li>\n\n\n\n<li>Estar com o CPF regularizado junto \u00e0 Receita Federal;<\/li>\n\n\n\n<li>Possuir os requisitos exigidos para o exerc\u00edcio das atribui\u00e7\u00f5es do cargo;<\/li>\n\n\n\n<li>Possuir idade m\u00ednima de 18 (dezoito) anos, no ato da posse;<\/li>\n\n\n\n<li>N\u00e3o possuir v\u00ednculo com qualquer \u00f3rg\u00e3o ou entidade da Administra\u00e7\u00e3o P\u00fablica que impossibilite acumula\u00e7\u00e3o de cargos, empregos e fun\u00e7\u00f5es, ressalvados os casos contidos nas al\u00edneas \u201ca\u201d, \u201cb\u201d e \u201cc\u201d, inc. XVI, do art. 37, da Constitui\u00e7\u00e3o da Rep\u00fablica Federativa do Brasil de 1988, inclusive no que concerne \u00e0 compatibilidade de hor\u00e1rios;<\/li>\n\n\n\n<li>N\u00e3o ser aposentado por invalidez, n\u00e3o estar em idade de aposentadoria compuls\u00f3ria ou receber proventos de aposentadoria decorrentes dos artigos 40, 42 e 142, da Constitui\u00e7\u00e3o da Rep\u00fablica Federativa do Brasil de 1988 (ressalvados os casos que permitam a acumula\u00e7\u00e3o dos proventos com a remunera\u00e7\u00e3o de cargos, empregos, fun\u00e7\u00f5es, cargos eletivos e cargos em comiss\u00e3o declarados em lei de livre nomea\u00e7\u00e3o e exonera\u00e7\u00e3o);<\/li>\n\n\n\n<li>Gozar de sa\u00fade f\u00edsica e mental compat\u00edveis com as atividades a serem desempenhadas no exerc\u00edcio do cargo.<\/li>\n<\/ul>\n\n\n\n<h2 class=\"wp-block-heading\"><span class=\"ez-toc-section\" id=\"Como_posso_me_preparar_para_as_etapas_de_selecao_do_concurso_da_Prefeitura_de_Espinosa\"><\/span>Como posso me preparar para as etapas de sele\u00e7\u00e3o do concurso da Prefeitura de Espinosa? <span class=\"ez-toc-section-end\"><\/span><\/h2>\n\n\n\n<p>O concurso da Prefeitura de Espinosa constar\u00e1 das seguintes etapas de sele\u00e7\u00e3o: <strong>prova objetiva<\/strong> (comum a todos os cargos), <strong>prova pr\u00e1tica<\/strong> (para cargos espec\u00edficos) e, por fim, <strong>prova de t\u00edtulos<\/strong> (para cargos de n\u00edvel superior). <\/p>\n\n\n\n<p>Vamos conferir com mais detalhes cada uma dessas etapas? <\/p>\n\n\n\n<h3 class=\"wp-block-heading\">Prova Objetiva<\/h3>\n\n\n\n<p>A prova objetiva, de car\u00e1ter eliminat\u00f3rio e classificat\u00f3rio, ser\u00e1 aplicada no dia <strong>29 de setembro de 2024, <\/strong>em hor\u00e1rios e locais que ainda ser\u00e3o divulgados pela banca organizadora do concurso. <\/p>\n\n\n\n<p>A avalia\u00e7\u00e3o ser\u00e1 avaliada em uma escala de 0 a 100 pontos, sendo assim, ser\u00e1 <strong>aprovado <\/strong>no concurso o candidato que obtiver, no m\u00ednimo, 50% do total de pontos.<\/p>\n\n\n\n<p>A prova objetiva ser\u00e1 constitu\u00edda de quest\u00f5es de m\u00faltipla escolha sobre os seguintes conte\u00fados: <\/p>\n\n\n\n<ul>\n<li>Portugu\u00eas<\/li>\n\n\n\n<li>Racioc\u00ednio L\u00f3gico &#8211; Matem\u00e1tico <\/li>\n\n\n\n<li>Conhecimentos Gerais <\/li>\n\n\n\n<li>Conhecimentos Espec\u00edficos ou Inform\u00e1tica (para cargos de n\u00edvel m\u00e9dio e superior)<\/li>\n<\/ul>\n\n\n\n<h3 class=\"wp-block-heading\">Prova Pr\u00e1tica<\/h3>\n\n\n\n<p>A prova pr\u00e1tica, de car\u00e1ter eliminat\u00f3rio e classificat\u00f3rio, ser\u00e1 aplicada no <strong>mesmo dia<\/strong> da prova objetiva. Essa etapa \u00e9 exclusiva para os cargos de <strong>Operador de M\u00e1quinas Leves e Operador de M\u00e1quinas Pesadas.<\/strong> <\/p>\n\n\n\n<p>A prova pr\u00e1tica tem como objetivo avaliar a capacidade, aten\u00e7\u00e3o e percep\u00e7\u00e3o dos candidatos no trato das quest\u00f5es ligadas \u00e0 sua categoria profissional, a habilidade no manuseio de equipamentos, bem como o conhecimento de normas de seguran\u00e7a no trabalho.<\/p>\n\n\n\n<p>Essa avalia\u00e7\u00e3o valer\u00e1 100 pontos, sendo assim, ser\u00e1 <strong>aprovado <\/strong>no concurso o candidato que obtiver, no m\u00ednimo, 50% do total de pontos.<\/p>\n\n\n\n<h3 class=\"wp-block-heading\">Prova de T\u00edtulos<\/h3>\n\n\n\n<p>A prova de t\u00edtulos, de car\u00e1ter classificat\u00f3rio, \u00e9 exclusiva para os cargos de n\u00edvel superior. O envio dos t\u00edtulos deve ser feito, atrav\u00e9s do site da banca organizadora do concurso, entre os dias<strong> 30 de setembro at\u00e9 17 de outubro de 2024. <\/strong><\/p>\n\n\n\n<p>Essa etapa ter\u00e1 valor m\u00e1ximo de <strong>10 pontos<\/strong>, sendo considerados os seguintes certificados: <\/p>\n\n\n\n<ul>\n<li>P\u00f3s-gradua\u00e7\u00e3o: 2,0 pontos<\/li>\n\n\n\n<li>Mestrado: 3,0 pontos<\/li>\n\n\n\n<li>Doutorado: 5,0 pontos<\/li>\n<\/ul>\n\n\n\n<p><\/p>\n\n\n\n<p>Se voc\u00ea busca ser aprovado neste <strong>concurso<\/strong>, n\u00f3s temos <strong>material<\/strong> certo para voc\u00ea! <a href=\"https:\/\/www.editorasolucao.com.br\/concurso\/prefeitura-de-espinosa-mg\" target=\"_blank\" rel=\"noreferrer noopener\">Confira aqui<\/a>.&nbsp;<\/p>\n","protected":false},"excerpt":{"rendered":"<p>Ol\u00e1, concurseiros! A Prefeitura de Espinosa, no estado de Minas Gerais, divulgou um edital que oferta 587 vagas imediatas para cargos de v\u00e1rios n\u00edveis de escolaridade. As remunera\u00e7\u00f5es iniciais ofertadas podem chegar at\u00e9 R$ 5 mil! N\u00e3o perca essa chance, venha saber mais! Como posso realizar minha inscri\u00e7\u00e3o para o concurso da Prefeitura de Espinosa? Os interessados pelo concurso da Prefeitura de Espinosa devem se inscrever atrav\u00e9s do site da banca organizadora, a Exame, a partir das 9h do dia 7 de agosto at\u00e9 \u00e0s 23h59min 5 de setembro de 2024. Os valores das taxas de inscri\u00e7\u00e3o podem variar de&#8230;<\/p>\n","protected":false},"author":21,"featured_media":43013,"template":"","meta":{"_acf_changed":true,"rank_math_lock_modified_date":false},"categories":[],"tags":[],"acf":[],"_links":{"self":[{"href":"https:\/\/www.editorasolucao.com.br\/blog\/wp-json\/wp\/v2\/concurso\/43012"}],"collection":[{"href":"https:\/\/www.editorasolucao.com.br\/blog\/wp-json\/wp\/v2\/concurso"}],"about":[{"href":"https:\/\/www.editorasolucao.com.br\/blog\/wp-json\/wp\/v2\/types\/concurso"}],"author":[{"embeddable":true,"href":"https:\/\/www.editorasolucao.com.br\/blog\/wp-json\/wp\/v2\/users\/21"}],"wp:featuredmedia":[{"embeddable":true,"href":"https:\/\/www.editorasolucao.com.br\/blog\/wp-json\/wp\/v2\/media\/43013"}],"wp:attachment":[{"href":"https:\/\/www.editorasolucao.com.br\/blog\/wp-json\/wp\/v2\/media?parent=43012"}],"wp:term":[{"taxonomy":"category","embeddable":true,"href":"https:\/\/www.editorasolucao.com.br\/blog\/wp-json\/wp\/v2\/categories?post=43012"},{"taxonomy":"post_tag","embeddable":true,"href":"https:\/\/www.editorasolucao.com.br\/blog\/wp-json\/wp\/v2\/tags?post=43012"}],"curies":[{"name":"wp","href":"https:\/\/api.w.org\/{rel}","templated":true}]}}