{"id":43018,"date":"2024-08-01T09:15:04","date_gmt":"2024-08-01T12:15:04","guid":{"rendered":"https:\/\/www.editorasolucao.com.br\/blog\/?post_type=concurso&#038;p=43018"},"modified":"2024-08-01T09:15:06","modified_gmt":"2024-08-01T12:15:06","slug":"prefeitura-de-braganca-pa","status":"publish","type":"concurso","link":"https:\/\/www.editorasolucao.com.br\/blog\/concurso\/prefeitura-de-braganca-pa","title":{"rendered":"Concurso Prefeitura de Bragan\u00e7a: Edital publicado. 396 vagas para todos os n\u00edveis!"},"content":{"rendered":"\n<p>A Prefeitura de Bragan\u00e7a, no estado do Par\u00e1, divulgou o edital do seu novo concurso que oferta <strong>396 vagas para todos os n\u00edveis de escolaridade<\/strong>. As oportunidades s\u00e3o para contrata\u00e7\u00e3o imediata, al\u00e9m da oportunidade de forma\u00e7\u00e3o de cadastro reserva, e as iniciais podem chegar at\u00e9 <strong>R$ 5 mil!<\/strong> Se interessou pelo certame? Venha saber mais! <\/p>\n\n\n\n<div id=\"ez-toc-container\" class=\"ez-toc-v2_0_69_1 counter-hierarchy ez-toc-counter ez-toc-grey ez-toc-container-direction\">\n<div class=\"ez-toc-title-container\">\n<p class=\"ez-toc-title \" >Menu de navega&ccedil;&atilde;o<\/p>\n<span class=\"ez-toc-title-toggle\"><a href=\"#\" class=\"ez-toc-pull-right ez-toc-btn ez-toc-btn-xs ez-toc-btn-default ez-toc-toggle\" aria-label=\"Toggle Table of Content\"><span class=\"ez-toc-js-icon-con\"><span class=\"\"><span class=\"eztoc-hide\" style=\"display:none;\">Toggle<\/span><span class=\"ez-toc-icon-toggle-span\"><svg style=\"fill: #999;color:#999\" xmlns=\"http:\/\/www.w3.org\/2000\/svg\" class=\"list-377408\" width=\"20px\" height=\"20px\" viewBox=\"0 0 24 24\" fill=\"none\"><path d=\"M6 6H4v2h2V6zm14 0H8v2h12V6zM4 11h2v2H4v-2zm16 0H8v2h12v-2zM4 16h2v2H4v-2zm16 0H8v2h12v-2z\" fill=\"currentColor\"><\/path><\/svg><svg style=\"fill: #999;color:#999\" class=\"arrow-unsorted-368013\" xmlns=\"http:\/\/www.w3.org\/2000\/svg\" width=\"10px\" height=\"10px\" viewBox=\"0 0 24 24\" version=\"1.2\" baseProfile=\"tiny\"><path d=\"M18.2 9.3l-6.2-6.3-6.2 6.3c-.2.2-.3.4-.3.7s.1.5.3.7c.2.2.4.3.7.3h11c.3 0 .5-.1.7-.3.2-.2.3-.5.3-.7s-.1-.5-.3-.7zM5.8 14.7l6.2 6.3 6.2-6.3c.2-.2.3-.5.3-.7s-.1-.5-.3-.7c-.2-.2-.4-.3-.7-.3h-11c-.3 0-.5.1-.7.3-.2.2-.3.5-.3.7s.1.5.3.7z\"\/><\/svg><\/span><\/span><\/span><\/a><\/span><\/div>\n<nav><ul class='ez-toc-list ez-toc-list-level-1 ' ><li class='ez-toc-page-1 ez-toc-heading-level-2'><a class=\"ez-toc-link ez-toc-heading-1\" href=\"https:\/\/www.editorasolucao.com.br\/blog\/concurso\/prefeitura-de-braganca-pa\/#Como_posso_realizar_minha_inscricao_para_o_concurso_da_Prefeitura_de_Braganca\" title=\"Como posso realizar minha inscri\u00e7\u00e3o para o concurso da Prefeitura de Bragan\u00e7a?\">Como posso realizar minha inscri\u00e7\u00e3o para o concurso da Prefeitura de Bragan\u00e7a?<\/a><\/li><li class='ez-toc-page-1 ez-toc-heading-level-2'><a class=\"ez-toc-link ez-toc-heading-2\" href=\"https:\/\/www.editorasolucao.com.br\/blog\/concurso\/prefeitura-de-braganca-pa\/#Quais_vagas_estao_sendo_ofertadas\" title=\"Quais vagas est\u00e3o sendo ofertadas?\">Quais vagas est\u00e3o sendo ofertadas?<\/a><\/li><li class='ez-toc-page-1 ez-toc-heading-level-2'><a class=\"ez-toc-link ez-toc-heading-3\" href=\"https:\/\/www.editorasolucao.com.br\/blog\/concurso\/prefeitura-de-braganca-pa\/#Quais_sao_os_requisitos_para_a_investidura_dos_cargos\" title=\"Quais s\u00e3o os requisitos para a investidura dos cargos?\">Quais s\u00e3o os requisitos para a investidura dos cargos?<\/a><\/li><li class='ez-toc-page-1 ez-toc-heading-level-2'><a class=\"ez-toc-link ez-toc-heading-4\" href=\"https:\/\/www.editorasolucao.com.br\/blog\/concurso\/prefeitura-de-braganca-pa\/#Como_posso_me_preparar_para_as_etapas_de_selecao_do_concurso_da_Prefeitura_de_Braganca\" title=\"Como posso me preparar para as etapas de sele\u00e7\u00e3o do concurso da Prefeitura de Bragan\u00e7a?\">Como posso me preparar para as etapas de sele\u00e7\u00e3o do concurso da Prefeitura de Bragan\u00e7a?<\/a><\/li><\/ul><\/nav><\/div>\n<h2 class=\"wp-block-heading\"><span class=\"ez-toc-section\" id=\"Como_posso_realizar_minha_inscricao_para_o_concurso_da_Prefeitura_de_Braganca\"><\/span>Como posso realizar minha inscri\u00e7\u00e3o para o concurso da Prefeitura de Bragan\u00e7a? <span class=\"ez-toc-section-end\"><\/span><\/h2>\n\n\n\n<p>Os interessados pelo concurso da Prefeitura de Bragan\u00e7a dever\u00e3o se inscrever atrav\u00e9s do site da banca organizadora, o <a href=\"https:\/\/www.institutovicentenelson.com.br\/informacoes\/95\/\" target=\"_blank\" rel=\"noreferrer noopener\">Instituto Vicente Nelson<\/a>, at\u00e9 o dia <strong>15 de agosto de 2024.<\/strong><\/p>\n\n\n\n<p>Os valores das taxas de inscri\u00e7\u00e3o variam de acordo com o n\u00edvel de escolaridade do cargo pretendido, sendo <strong>R$ 60,00<\/strong> para fundamental, <strong>R$ 80,00<\/strong> para m\u00e9dio, <strong>R$ 100,00<\/strong> para t\u00e9cnico e <strong>R$ 120,00<\/strong> para superior. <\/p>\n\n\n\n<p>Para que sua inscri\u00e7\u00e3o seja homologada, \u00e9 necess\u00e1rio que o candidato efetue o pagamento das taxas de inscri\u00e7\u00e3o at\u00e9 o dia<strong> 16 de agosto de 2024. <\/strong><\/p>\n\n\n\n<p>Houve a oportunidade de solicitar a isen\u00e7\u00e3o dessas taxas, mas esse per\u00edodo j\u00e1 foi encerrado!<\/p>\n\n\n\n<h2 class=\"wp-block-heading\"><span class=\"ez-toc-section\" id=\"Quais_vagas_estao_sendo_ofertadas\"><\/span>Quais vagas est\u00e3o sendo ofertadas? <span class=\"ez-toc-section-end\"><\/span><\/h2>\n\n\n\n<p>Confira abaixo quais vagas est\u00e3o sendo ofertadas pela Prefeitura de Bragan\u00e7a, como est\u00e3o sendo distribu\u00eddas e suas remunera\u00e7\u00f5es: <\/p>\n\n\n\n<h4 class=\"wp-block-heading\">Fundamental<\/h4>\n\n\n\n<ul>\n<li>Auxiliar de Servi\u00e7os Operacionais (55 vagas + 31 CR)\n<ul>\n<li>R$ 1.412,00<\/li>\n<\/ul>\n<\/li>\n\n\n\n<li>Gari (6 vagas + 4 CR)\n<ul>\n<li>R$ 1.412,00<\/li>\n<\/ul>\n<\/li>\n\n\n\n<li>Maqueiro (1 vaga)\n<ul>\n<li>R$ 1.412,00<\/li>\n<\/ul>\n<\/li>\n\n\n\n<li>Operador de M\u00e1quinas Pesadas (1 vaga)\n<ul>\n<li>R$ 1.412,00<\/li>\n<\/ul>\n<\/li>\n\n\n\n<li>Porteiro (15 vagas + 10 CR)\n<ul>\n<li>R$ 1.412,00<\/li>\n<\/ul>\n<\/li>\n\n\n\n<li>Vigia (50 vagas + 32 CR)\n<ul>\n<li>R$ 1.412,00<\/li>\n<\/ul>\n<\/li>\n<\/ul>\n\n\n\n<h4 class=\"wp-block-heading\">M\u00e9dio<\/h4>\n\n\n\n<ul>\n<li>Agente de Vigil\u00e2ncia Ambiental (4 vagas)\n<ul>\n<li>R$ 1.412,00<\/li>\n<\/ul>\n<\/li>\n\n\n\n<li>Agente de Vigil\u00e2ncia Sanit\u00e1ria (4 vagas)\n<ul>\n<li>R$ 1.412,00<\/li>\n<\/ul>\n<\/li>\n\n\n\n<li>Assistente Administrativo (76 vagas + 38 CR)\n<ul>\n<li>R$ 1.412,00<\/li>\n<\/ul>\n<\/li>\n\n\n\n<li>Fiscal de Receitas Municipais (5 vagas + 3 CR)\n<ul>\n<li>R$ 1.412,00<\/li>\n<\/ul>\n<\/li>\n\n\n\n<li>Fiscal de Servi\u00e7os (7 vagas + 5 CR)\n<ul>\n<li>R$ 1.412,00<\/li>\n<\/ul>\n<\/li>\n\n\n\n<li>Motorista cat. D\/E (19 vagas + 5 CR)\n<ul>\n<li>R$ 1.412,00<\/li>\n<\/ul>\n<\/li>\n<\/ul>\n\n\n\n<h4 class=\"wp-block-heading\">T\u00e9cnico<\/h4>\n\n\n\n<ul>\n<li>Auxiliar de Sa\u00fade Bucal (5 vagas + 2 CR)\n<ul>\n<li>R$ 1.412,00<\/li>\n<\/ul>\n<\/li>\n\n\n\n<li>Eletricista (1 vaga)\n<ul>\n<li>R$ 1.412,00<\/li>\n<\/ul>\n<\/li>\n\n\n\n<li>Microscopista (1 vaga)\n<ul>\n<li>R$ 1.412,00<\/li>\n<\/ul>\n<\/li>\n\n\n\n<li>T\u00e9cnico em Agronomia (4 vagas)\n<ul>\n<li>R$ 1.412,00<\/li>\n<\/ul>\n<\/li>\n\n\n\n<li>T\u00e9cnico em Aquicultura (1 vaga)\n<ul>\n<li>R$ 1.412,00<\/li>\n<\/ul>\n<\/li>\n\n\n\n<li>T\u00e9cnico em Edifica\u00e7\u00f5es (6 vagas + 1 CR)\n<ul>\n<li>R$ 1.412,00<\/li>\n<\/ul>\n<\/li>\n\n\n\n<li>T\u00e9cnico de Enfermagem (11 vagas + 8 CR)\n<ul>\n<li>Conforme Lei n\u00ba 14.434, de 4 de agosto de 2022<\/li>\n<\/ul>\n<\/li>\n\n\n\n<li>T\u00e9cnico em Laborat\u00f3rio (2 vagas)\n<ul>\n<li>R$ 1.412,00<\/li>\n<\/ul>\n<\/li>\n\n\n\n<li>T\u00e9cnico Imobili\u00e1rio (2 vagas)\n<ul>\n<li>R$ 1.412,00<\/li>\n<\/ul>\n<\/li>\n\n\n\n<li>T\u00e9cnico em Pesca (1 vaga)\n<ul>\n<li>R$ 1.412,00<\/li>\n<\/ul>\n<\/li>\n\n\n\n<li>T\u00e9cnico em Radiologia (2 vagas + 1 CR)\n<ul>\n<li>R$ 1.412,00<\/li>\n<\/ul>\n<\/li>\n\n\n\n<li>T\u00e9cnico em Sa\u00fade Bucal (1 vaga)\n<ul>\n<li>R$ 1.412,00<\/li>\n<\/ul>\n<\/li>\n\n\n\n<li>Top\u00f3grafo (1 vaga)\n<ul>\n<li>R$ 1.412,00<\/li>\n<\/ul>\n<\/li>\n<\/ul>\n\n\n\n<h4 class=\"wp-block-heading\">Superior<\/h4>\n\n\n\n<ul>\n<li>Arquiteto e Urbanista (4 vagas)\n<ul>\n<li>R$ 3.000,00<\/li>\n<\/ul>\n<\/li>\n\n\n\n<li>Assistente Social (8 vagas + 4 CR)\n<ul>\n<li>R$ 1.412,00<\/li>\n<\/ul>\n<\/li>\n\n\n\n<li>Auditor Fiscal (2 vagas + 2 CR)\n<ul>\n<li>R$ 3.000,00<\/li>\n<\/ul>\n<\/li>\n\n\n\n<li>Bibliotec\u00e1rio (1 vaga)\n<ul>\n<li>R$ 1.412,00<\/li>\n<\/ul>\n<\/li>\n\n\n\n<li>Bi\u00f3logo (3 vagas)\n<ul>\n<li>R$ 1.412,00<\/li>\n<\/ul>\n<\/li>\n\n\n\n<li>Biom\u00e9dico (1 vaga)\n<ul>\n<li>R$ 1.412,00<\/li>\n<\/ul>\n<\/li>\n\n\n\n<li>Cirurgi\u00e3o Dentista (5 vagas + 2 CR)\n<ul>\n<li>R$ 1.412,00<\/li>\n<\/ul>\n<\/li>\n\n\n\n<li>Educador F\u00edsico (7 vagas + 5 CR)\n<ul>\n<li>R$ 1.412,00<\/li>\n<\/ul>\n<\/li>\n\n\n\n<li>Enfermeiro (10 vagas + 5 CR)\n<ul>\n<li>Conforme Lei n\u00ba 14.434, de 4 de agosto de 2022<\/li>\n<\/ul>\n<\/li>\n\n\n\n<li>Engenheiro Agr\u00f4nomo (2 vagas)\n<ul>\n<li>R$ 1.412,00<\/li>\n<\/ul>\n<\/li>\n\n\n\n<li>Engenheiro Ambiental (1 vaga)\n<ul>\n<li>R$ 1.412,00<\/li>\n<\/ul>\n<\/li>\n\n\n\n<li>Engenheiro Civil (5 vagas)\n<ul>\n<li>R$ 1.412,00<\/li>\n<\/ul>\n<\/li>\n\n\n\n<li>Engenheiro de Pesca (2 vagas)\n<ul>\n<li>R$ 1.412,00<\/li>\n<\/ul>\n<\/li>\n\n\n\n<li>Engenheiro El\u00e9trico (1 vaga)\n<ul>\n<li>R$ 1.412,00<\/li>\n<\/ul>\n<\/li>\n\n\n\n<li>Engenheiro Sanitarista (2 vagas)\n<ul>\n<li>R$ 1.412,00<\/li>\n<\/ul>\n<\/li>\n\n\n\n<li>Engenheiro Florestal (2 vagas)\n<ul>\n<li>R$ 1.412,00<\/li>\n<\/ul>\n<\/li>\n\n\n\n<li>Estat\u00edstico (1 vaga)\n<ul>\n<li>R$ 1.412,00<\/li>\n<\/ul>\n<\/li>\n\n\n\n<li>Farmac\u00eautico (2 vagas + 1 CR)\n<ul>\n<li>R$ 1.412,00<\/li>\n<\/ul>\n<\/li>\n\n\n\n<li>Fisioterapeuta (2 vagas + 1 CR)\n<ul>\n<li>R$ 1.412,00<\/li>\n<\/ul>\n<\/li>\n\n\n\n<li>Fonoaudi\u00f3logo (2 vagas + 1 CR)\n<ul>\n<li>R$ 1.412,00<\/li>\n<\/ul>\n<\/li>\n\n\n\n<li>Gestor Ambiental (2 vagas)\n<ul>\n<li>R$ 1.412,00<\/li>\n<\/ul>\n<\/li>\n\n\n\n<li>M\u00e9dico Cl\u00ednico Geral (1 vaga + 1 CR)\n<ul>\n<li>R$ 5.000,00<\/li>\n<\/ul>\n<\/li>\n\n\n\n<li>M\u00e9dico Veterin\u00e1rio (2 vagas + 1 CR)\n<ul>\n<li>R$ 3.500,00<\/li>\n<\/ul>\n<\/li>\n\n\n\n<li>Nutricionista (5 vagas + 1 CR)\n<ul>\n<li>R$ 1.412,00<\/li>\n<\/ul>\n<\/li>\n\n\n\n<li>Pedagogo (17 vagas + 6 CR)\n<ul>\n<li>R$ 3.172,41<\/li>\n<\/ul>\n<\/li>\n\n\n\n<li>Pedagogo \u2013 T\u00e9cnico Educacional (10 vagas + 10 CR)\n<ul>\n<li>R$ 1.412,00<\/li>\n<\/ul>\n<\/li>\n\n\n\n<li>Psic\u00f3logo (5 vagas + 3 CR)\n<ul>\n<li>R$ 1.412,00<\/li>\n<\/ul>\n<\/li>\n\n\n\n<li>T\u00e9cnico em Gest\u00e3o Cultural (1 vaga)\n<ul>\n<li>R$ 1.412,00<\/li>\n<\/ul>\n<\/li>\n\n\n\n<li>T\u00e9cnico em Inform\u00e1tica (6 vagas)\n<ul>\n<li>R$ 1.412,00<\/li>\n<\/ul>\n<\/li>\n\n\n\n<li>Terapeuta Ocupacional (1 vagas + 1 CR)\n<ul>\n<li>R$ 1.412,00<\/li>\n<\/ul>\n<\/li>\n\n\n\n<li>Turism\u00f3logo (2 vagas)\n<ul>\n<li>R$ 1.412,00<\/li>\n<\/ul>\n<\/li>\n<\/ul>\n\n\n\n<p>Os candidatos aprovados e admitidos pelo concurso dever\u00e3o cumprir uma jornada de trabalho que pode variar entre <strong>24 ou 40 horas semanais<\/strong>, a depender do cargo. <\/p>\n\n\n\n<h2 class=\"wp-block-heading\"><span class=\"ez-toc-section\" id=\"Quais_sao_os_requisitos_para_a_investidura_dos_cargos\"><\/span>Quais s\u00e3o os requisitos para a investidura dos cargos? <span class=\"ez-toc-section-end\"><\/span><\/h2>\n\n\n\n<p>De acordo com o edital, esses s\u00e3o os requisitos b\u00e1sicos exigidos para a nomea\u00e7\u00e3o e posse dos cargos ofertados: <\/p>\n\n\n\n<ul>\n<li>Ser aprovado no concurso p\u00fablico;<\/li>\n\n\n\n<li>Ter a nacionalidade brasileira ou portuguesa e, no caso de nacionalidade portuguesa, estar amparado pelo Estatuto de Igualdade entre Brasileiros e Portugueses, com reconhecimento do gozo dos direitos pol\u00edticos, nos termos do \u00a7 1\u00ba do art. 12 da Constitui\u00e7\u00e3o Federal;<\/li>\n\n\n\n<li>Estar em gozo dos direitos pol\u00edticos;<\/li>\n\n\n\n<li>Estar quite com as obriga\u00e7\u00f5es militares, em caso de candidato do sexo masculino;<\/li>\n\n\n\n<li>Estar quite com as obriga\u00e7\u00f5es eleitorais;<\/li>\n\n\n\n<li>Possuir os requisitos exigidos para o exerc\u00edcio do cargo, conforme Cap\u00edtulo 2 deste edital;<\/li>\n\n\n\n<li>Ter idade m\u00ednima de 18 anos completos na data da nomea\u00e7\u00e3o;<\/li>\n\n\n\n<li>Ter aptid\u00e3o f\u00edsica e mental para o exerc\u00edcio das atribui\u00e7\u00f5es do cargo;<\/li>\n\n\n\n<li>O candidato dever\u00e1 declarar, na solicita\u00e7\u00e3o de inscri\u00e7\u00e3o, que tem ci\u00eancia e aceita que, caso aprovado, dever\u00e1 entregar os documentos comprobat\u00f3rios dos requisitos exigidos para o cargo por ocasi\u00e3o da posse;<\/li>\n\n\n\n<li>Cumprir as determina\u00e7\u00f5es deste edital.<\/li>\n<\/ul>\n\n\n\n<h2 class=\"wp-block-heading\"><span class=\"ez-toc-section\" id=\"Como_posso_me_preparar_para_as_etapas_de_selecao_do_concurso_da_Prefeitura_de_Braganca\"><\/span>Como posso me preparar para as etapas de sele\u00e7\u00e3o do concurso da Prefeitura de Bragan\u00e7a? <span class=\"ez-toc-section-end\"><\/span><\/h2>\n\n\n\n<p>O concurso da Prefeitura de Bragan\u00e7a ser\u00e1 realizado por meio de duas etapas de sele\u00e7\u00e3o, sendo elas: <strong>prova objetiva<\/strong> (para todos os cargos) e <strong>prova de t\u00edtulos<\/strong> (para cargos de n\u00edvel superior). Confira com mais detalhes: <\/p>\n\n\n\n<h3 class=\"wp-block-heading\">Prova Objetiva<\/h3>\n\n\n\n<p>A prova objetiva, de car\u00e1ter eliminat\u00f3rio e classificat\u00f3rio, ser\u00e1 realizada nas datas previstas de <strong>13 e 20 de outubro de 2024, <\/strong>em hor\u00e1rios que est\u00e3o dispon\u00edveis para a consulta no edital. <\/p>\n\n\n\n<p>A avalia\u00e7\u00e3o ser\u00e1 constitu\u00edda de 30 quest\u00f5es (n\u00edvel fundamental) ou 40 quest\u00f5es (demais n\u00edveis) de m\u00faltipla escolha, valendo<strong> 70 pontos<\/strong>. <\/p>\n\n\n\n<p>Essas ser\u00e3o as disciplinas que versar\u00e3o a prova: <\/p>\n\n\n\n<ul>\n<li><strong>Fundamental<\/strong>\n<ul>\n<li>L\u00edngua Portuguesa: 20 quest\u00f5es<\/li>\n\n\n\n<li>Matem\u00e1tica: 10 quest\u00f5es<\/li>\n<\/ul>\n<\/li>\n\n\n\n<li><strong>Demais n\u00edveis<\/strong>\n<ul>\n<li>L\u00edngua Portuguesa<\/li>\n\n\n\n<li>Inform\u00e1tica B\u00e1sica<\/li>\n\n\n\n<li>Conhecimentos Espec\u00edficos <\/li>\n<\/ul>\n<\/li>\n<\/ul>\n\n\n\n<p>Para ser <strong>aprovado<\/strong>, o candidato deve obter, no m\u00ednimo, 60% de pontos na prova objetiva. <\/p>\n\n\n\n<h3 class=\"wp-block-heading\">Prova de T\u00edtulos<\/h3>\n\n\n\n<p>A prova de t\u00edtulos, de car\u00e1ter classificat\u00f3rio, \u00e9 exclusiva para cargos de n\u00edvel superior. A entrega dos t\u00edtulos dever\u00e1 ser feita, atrav\u00e9s do site da banca organizadora, entre os dias <strong>18 a 20 de novembro de 2024. <\/strong><\/p>\n\n\n\n<p>A an\u00e1lise dos t\u00edtulos \u00e9 limitada ao valor m\u00e1ximo de <strong>10 pontos<\/strong>, sendo esses os certificados exigidos: <\/p>\n\n\n\n<ul>\n<li>Tempo de servi\u00e7o na \u00e1rea do cargo: 0,5 pontos<\/li>\n\n\n\n<li>P\u00f3s-gradua\u00e7\u00e3o: 1,0 ponto<\/li>\n\n\n\n<li>Mestrado: 2,0 pontos<\/li>\n\n\n\n<li>Doutorado: 3,0 pontos<\/li>\n<\/ul>\n\n\n\n<p><\/p>\n\n\n\n<p><strong>Boa prova e bons estudos!<\/strong><\/p>\n","protected":false},"excerpt":{"rendered":"<p>A Prefeitura de Bragan\u00e7a, no estado do Par\u00e1, divulgou o edital do seu novo concurso que oferta 396 vagas para todos os n\u00edveis de escolaridade. As oportunidades s\u00e3o para contrata\u00e7\u00e3o imediata, al\u00e9m da oportunidade de forma\u00e7\u00e3o de cadastro reserva, e as iniciais podem chegar at\u00e9 R$ 5 mil! Se interessou pelo certame? Venha saber mais! Como posso realizar minha inscri\u00e7\u00e3o para o concurso da Prefeitura de Bragan\u00e7a? Os interessados pelo concurso da Prefeitura de Bragan\u00e7a dever\u00e3o se inscrever atrav\u00e9s do site da banca organizadora, o Instituto Vicente Nelson, at\u00e9 o dia 15 de agosto de 2024. Os valores das taxas&#8230;<\/p>\n","protected":false},"author":21,"featured_media":43020,"template":"","meta":{"_acf_changed":true,"rank_math_lock_modified_date":false},"categories":[],"tags":[],"acf":[],"_links":{"self":[{"href":"https:\/\/www.editorasolucao.com.br\/blog\/wp-json\/wp\/v2\/concurso\/43018"}],"collection":[{"href":"https:\/\/www.editorasolucao.com.br\/blog\/wp-json\/wp\/v2\/concurso"}],"about":[{"href":"https:\/\/www.editorasolucao.com.br\/blog\/wp-json\/wp\/v2\/types\/concurso"}],"author":[{"embeddable":true,"href":"https:\/\/www.editorasolucao.com.br\/blog\/wp-json\/wp\/v2\/users\/21"}],"wp:featuredmedia":[{"embeddable":true,"href":"https:\/\/www.editorasolucao.com.br\/blog\/wp-json\/wp\/v2\/media\/43020"}],"wp:attachment":[{"href":"https:\/\/www.editorasolucao.com.br\/blog\/wp-json\/wp\/v2\/media?parent=43018"}],"wp:term":[{"taxonomy":"category","embeddable":true,"href":"https:\/\/www.editorasolucao.com.br\/blog\/wp-json\/wp\/v2\/categories?post=43018"},{"taxonomy":"post_tag","embeddable":true,"href":"https:\/\/www.editorasolucao.com.br\/blog\/wp-json\/wp\/v2\/tags?post=43018"}],"curies":[{"name":"wp","href":"https:\/\/api.w.org\/{rel}","templated":true}]}}