{"id":43050,"date":"2024-06-10T13:15:50","date_gmt":"2024-06-10T16:15:50","guid":{"rendered":"https:\/\/www.editorasolucao.com.br\/blog\/?post_type=concurso&#038;p=43050"},"modified":"2024-06-13T10:31:31","modified_gmt":"2024-06-13T13:31:31","slug":"concurso-prefeitura-de-alvarenga-editais-publicados-193-vagas-para-todos-os-niveis","status":"publish","type":"concurso","link":"https:\/\/www.editorasolucao.com.br\/blog\/concurso\/concurso-prefeitura-de-alvarenga-editais-publicados-193-vagas-para-todos-os-niveis","title":{"rendered":"Concurso Prefeitura de Alvarenga: Editais publicados. 193 vagas para todos os n\u00edveis!"},"content":{"rendered":"\n<p>A Prefeitura de Alvarenga, no estado de Minas Gerais, divulgou dois editais que ofertam, juntos, <strong>193 vagas<\/strong> para todos os n\u00edveis de escolaridade. As remunera\u00e7\u00f5es iniciais do certame chamam bastante aten\u00e7\u00e3o, j\u00e1 que podem chegar at\u00e9 <strong>R$ 8 mil! <\/strong>N\u00e3o fique de fora dessa, venha saber mais! <\/p>\n\n\n\n<div id=\"ez-toc-container\" class=\"ez-toc-v2_0_69_1 counter-hierarchy ez-toc-counter ez-toc-grey ez-toc-container-direction\">\n<div class=\"ez-toc-title-container\">\n<p class=\"ez-toc-title \" >Menu de navega&ccedil;&atilde;o<\/p>\n<span class=\"ez-toc-title-toggle\"><a href=\"#\" class=\"ez-toc-pull-right ez-toc-btn ez-toc-btn-xs ez-toc-btn-default ez-toc-toggle\" aria-label=\"Toggle Table of Content\"><span class=\"ez-toc-js-icon-con\"><span class=\"\"><span class=\"eztoc-hide\" style=\"display:none;\">Toggle<\/span><span class=\"ez-toc-icon-toggle-span\"><svg style=\"fill: #999;color:#999\" xmlns=\"http:\/\/www.w3.org\/2000\/svg\" class=\"list-377408\" width=\"20px\" height=\"20px\" viewBox=\"0 0 24 24\" fill=\"none\"><path d=\"M6 6H4v2h2V6zm14 0H8v2h12V6zM4 11h2v2H4v-2zm16 0H8v2h12v-2zM4 16h2v2H4v-2zm16 0H8v2h12v-2z\" fill=\"currentColor\"><\/path><\/svg><svg style=\"fill: #999;color:#999\" class=\"arrow-unsorted-368013\" xmlns=\"http:\/\/www.w3.org\/2000\/svg\" width=\"10px\" height=\"10px\" viewBox=\"0 0 24 24\" version=\"1.2\" baseProfile=\"tiny\"><path d=\"M18.2 9.3l-6.2-6.3-6.2 6.3c-.2.2-.3.4-.3.7s.1.5.3.7c.2.2.4.3.7.3h11c.3 0 .5-.1.7-.3.2-.2.3-.5.3-.7s-.1-.5-.3-.7zM5.8 14.7l6.2 6.3 6.2-6.3c.2-.2.3-.5.3-.7s-.1-.5-.3-.7c-.2-.2-.4-.3-.7-.3h-11c-.3 0-.5.1-.7.3-.2.2-.3.5-.3.7s.1.5.3.7z\"\/><\/svg><\/span><\/span><\/span><\/a><\/span><\/div>\n<nav><ul class='ez-toc-list ez-toc-list-level-1 ' ><li class='ez-toc-page-1 ez-toc-heading-level-2'><a class=\"ez-toc-link ez-toc-heading-1\" href=\"https:\/\/www.editorasolucao.com.br\/blog\/concurso\/concurso-prefeitura-de-alvarenga-editais-publicados-193-vagas-para-todos-os-niveis\/#Como_posso_me_inscrever_para_o_concurso_da_Prefeitura_de_Alvarenga\" title=\"Como posso me inscrever para o concurso da Prefeitura de Alvarenga?\">Como posso me inscrever para o concurso da Prefeitura de Alvarenga?<\/a><\/li><li class='ez-toc-page-1 ez-toc-heading-level-2'><a class=\"ez-toc-link ez-toc-heading-2\" href=\"https:\/\/www.editorasolucao.com.br\/blog\/concurso\/concurso-prefeitura-de-alvarenga-editais-publicados-193-vagas-para-todos-os-niveis\/#Quais_vagas_estao_sendo_ofertadas\" title=\"Quais vagas est\u00e3o sendo ofertadas?\">Quais vagas est\u00e3o sendo ofertadas?<\/a><\/li><li class='ez-toc-page-1 ez-toc-heading-level-2'><a class=\"ez-toc-link ez-toc-heading-3\" href=\"https:\/\/www.editorasolucao.com.br\/blog\/concurso\/concurso-prefeitura-de-alvarenga-editais-publicados-193-vagas-para-todos-os-niveis\/#Quais_sao_os_requisitos_para_investidura_dos_cargos_da_Prefeitura_de_Alvarenga\" title=\"Quais s\u00e3o os requisitos para investidura dos cargos da Prefeitura de Alvarenga?\">Quais s\u00e3o os requisitos para investidura dos cargos da Prefeitura de Alvarenga?<\/a><\/li><li class='ez-toc-page-1 ez-toc-heading-level-2'><a class=\"ez-toc-link ez-toc-heading-4\" href=\"https:\/\/www.editorasolucao.com.br\/blog\/concurso\/concurso-prefeitura-de-alvarenga-editais-publicados-193-vagas-para-todos-os-niveis\/#Como_posso_me_preparar_para_as_etapas_de_selecao_do_concurso_da_Prefeitura_de_Alvarenga\" title=\"Como posso me preparar para as etapas de sele\u00e7\u00e3o do concurso da Prefeitura de Alvarenga?\">Como posso me preparar para as etapas de sele\u00e7\u00e3o do concurso da Prefeitura de Alvarenga?<\/a><\/li><\/ul><\/nav><\/div>\n<h2 class=\"wp-block-heading\"><span class=\"ez-toc-section\" id=\"Como_posso_me_inscrever_para_o_concurso_da_Prefeitura_de_Alvarenga\"><\/span>Como posso me inscrever para o concurso da Prefeitura de Alvarenga? <span class=\"ez-toc-section-end\"><\/span><\/h2>\n\n\n\n<p>Os interessados pelo concurso da Prefeitura de Alvarenga poder\u00e3o se inscrever no per\u00edodo das <strong>15h do dia 13 de agosto at\u00e9 \u00e0s 15h do dia 12 de setembro de 2024<\/strong>, atrav\u00e9s do site da banca organizadora do certame, a <a href=\"https:\/\/www.eloassessoriaeservicos.com.br\/concurso\/90\/detalhes\" target=\"_blank\" rel=\"noreferrer noopener\">Elo Acessoria<\/a>. <\/p>\n\n\n\n<p>Os valores das taxas de inscri\u00e7\u00e3o variam de acordo com o n\u00edvel de escolaridade do cargo pretendido, veja: <\/p>\n\n\n\n<ul>\n<li><strong>Fundamental: <\/strong>R$ 64,03<\/li>\n\n\n\n<li><strong>M\u00e9dio e T\u00e9cnico: <\/strong>de R$ 70,43 at\u00e9 R$ 141,20<\/li>\n\n\n\n<li><strong>Superior: <\/strong>de R$ 112,29 at\u00e9 R$ 412,14<\/li>\n<\/ul>\n\n\n\n<p>O pagamento da taxa de inscri\u00e7\u00e3o \u00e9 essencial para que a inscri\u00e7\u00e3o do candidato seja homologada, sendo assim, deve ser efetuado at\u00e9 a data limite do dia <strong>12 de setembro. <\/strong><\/p>\n\n\n\n<p>O candidato baixa renda, que comprovar tal situa\u00e7\u00e3o, poder\u00e1 solicitar a isen\u00e7\u00e3o dessas taxas entre os dias <strong>22 a 27 de julho de 2024. <\/strong><\/p>\n\n\n\n<h2 class=\"wp-block-heading\"><span class=\"ez-toc-section\" id=\"Quais_vagas_estao_sendo_ofertadas\"><\/span>Quais vagas est\u00e3o sendo ofertadas? <span class=\"ez-toc-section-end\"><\/span><\/h2>\n\n\n\n<p>A Prefeitura de Alvarenga divulgou dois editais que ofertam <strong>193 vagas<\/strong> para todos os n\u00edveis. Confira com mais detalhes abaixo: <\/p>\n\n\n\n<h4 class=\"wp-block-heading\">Edital 01\/2024<\/h4>\n\n\n\n<ul>\n<li><strong>Fundamental<\/strong>\n<ul>\n<li>Agente de Limpeza Urbana (10 vagas)\n<ul>\n<li>R$ 1.280,62<\/li>\n<\/ul>\n<\/li>\n\n\n\n<li>Agente de Vigil\u00e2ncia (1 vaga)\n<ul>\n<li>R$ 1.280,62<\/li>\n<\/ul>\n<\/li>\n\n\n\n<li>Ajudante de Servi\u00e7os (20 vagas)\n<ul>\n<li>R$ 1.280,62<\/li>\n<\/ul>\n<\/li>\n\n\n\n<li>Auxiliar de Servi\u00e7os Gerais (35 vagas)\n<ul>\n<li>R$ 1.280,62<\/li>\n<\/ul>\n<\/li>\n\n\n\n<li>Educador Social (3 vagas)\n<ul>\n<li>R$ 1.280,62<\/li>\n<\/ul>\n<\/li>\n\n\n\n<li>Monitor de Transporte Escolar (8 vagas)\n<ul>\n<li>R$ 1.280,62<\/li>\n<\/ul>\n<\/li>\n\n\n\n<li>Motorista &#8211; CNH B (2 vagas)\n<ul>\n<li>R$ 1.536,75<\/li>\n<\/ul>\n<\/li>\n\n\n\n<li>Motorista &#8211; CNH D (9 vagas)\n<ul>\n<li>R$ 1.536,75<\/li>\n<\/ul>\n<\/li>\n\n\n\n<li>Oficial de Servi\u00e7os &#8211; Jardineiro (1 vaga)\n<ul>\n<li>R$ 1.280,62<\/li>\n<\/ul>\n<\/li>\n\n\n\n<li>Oficial de Servi\u00e7os &#8211; Pedreiro (1 vaga)\n<ul>\n<li>R$ 1.536,75<\/li>\n<\/ul>\n<\/li>\n\n\n\n<li>Oficial Soldador (1 vaga)\n<ul>\n<li>R$ 1.925,42<\/li>\n<\/ul>\n<\/li>\n\n\n\n<li>Operador de M\u00e1quinas (1 vaga)\n<ul>\n<li>R$ 1.536,75<\/li>\n<\/ul>\n<\/li>\n\n\n\n<li>Operador de M\u00e1quinas Pesadas (1 vaga)\n<ul>\n<li>R$ 1.925,42<\/li>\n<\/ul>\n<\/li>\n<\/ul>\n<\/li>\n\n\n\n<li><strong>M\u00e9dio e T\u00e9cnico <\/strong>\n<ul>\n<li>Agente Administrativo (11 vagas)\n<ul>\n<li>R$ 1.536,75<\/li>\n<\/ul>\n<\/li>\n\n\n\n<li>Assistente Administrativo do CRAS (1 vaga)\n<ul>\n<li>R$ 1.408,68 <\/li>\n<\/ul>\n<\/li>\n\n\n\n<li>Assistente Odontol\u00f3gico (1 vaga)\n<ul>\n<li>R$ 1.408,68<\/li>\n<\/ul>\n<\/li>\n\n\n\n<li>Auxiliar Administrativo (6 vagas)\n<ul>\n<li>R$ 1.408,68<\/li>\n<\/ul>\n<\/li>\n\n\n\n<li>Auxiliar de Biblioteca (1 vaga)\n<ul>\n<li>R$ 1.536,74<\/li>\n<\/ul>\n<\/li>\n\n\n\n<li>Auxiliar de Farm\u00e1cia (2 vagas)\n<ul>\n<li>R$ 1.408,68<\/li>\n<\/ul>\n<\/li>\n\n\n\n<li>Auxiliar de Fisioterapia (3 vagas)\n<ul>\n<li>R$ 1.536,75<\/li>\n<\/ul>\n<\/li>\n\n\n\n<li>Auxiliar de Secretaria (1 vaga)\n<ul>\n<li>R$ 1.408,68<\/li>\n<\/ul>\n<\/li>\n\n\n\n<li>Auxiliar Pedag\u00f3gico (5 vagas)\n<ul>\n<li>R$ 1.536,75<\/li>\n<\/ul>\n<\/li>\n\n\n\n<li>Monitor Pacientes em Viagem (2 vagas)\n<ul>\n<li>R$ 1.408,68<\/li>\n<\/ul>\n<\/li>\n\n\n\n<li>T\u00e9cnico de Higiene Dental (1 vaga)\n<ul>\n<li>R$ 1.536,74<\/li>\n<\/ul>\n<\/li>\n\n\n\n<li>T\u00e9cnico do Programa Bolsa Fam\u00edlia (1 vaga)\n<ul>\n<li>R$ 1.408,68<\/li>\n<\/ul>\n<\/li>\n\n\n\n<li>T\u00e9cnico em Academia Sa\u00fade (1 vaga)\n<ul>\n<li>R$ 2.854,32<\/li>\n<\/ul>\n<\/li>\n\n\n\n<li>T\u00e9cnico em Contabilidade (1 vaga)\n<ul>\n<li>R$ 2.586,85<\/li>\n<\/ul>\n<\/li>\n\n\n\n<li>T\u00e9cnico em Enfermagem (8 vagas)\n<ul>\n<li>R$ 1.536,75<\/li>\n<\/ul>\n<\/li>\n\n\n\n<li>T\u00e9cnico em Inform\u00e1tica (1 vaga)\n<ul>\n<li>R$ 1.536,74<\/li>\n<\/ul>\n<\/li>\n\n\n\n<li>T\u00e9cnico em Seguran\u00e7a do Trabalho (1 vaga)\n<ul>\n<li>R$ 1.536,75<\/li>\n<\/ul>\n<\/li>\n<\/ul>\n<\/li>\n\n\n\n<li><strong>Superior<\/strong>\n<ul>\n<li>Advogado (2 vagas)\n<ul>\n<li>R$ 2.245,82<\/li>\n<\/ul>\n<\/li>\n\n\n\n<li>Assistente Social (3 vagas)\n<ul>\n<li>R$ 2.982,43<\/li>\n<\/ul>\n<\/li>\n\n\n\n<li>Enfermeiro &#8211; PSF (2 vagas)\n<ul>\n<li>R$ 3.521,71<\/li>\n<\/ul>\n<\/li>\n\n\n\n<li>Engenheiro Civil (2 vagas)\n<ul>\n<li>R$ 3.442,32<\/li>\n<\/ul>\n<\/li>\n\n\n\n<li>Engenheiro El\u00e9trico (1 vaga)\n<ul>\n<li>R$ 3.278,39<\/li>\n<\/ul>\n<\/li>\n\n\n\n<li>Farmac\u00eautico Bioqu\u00edmico (1 vaga)\n<ul>\n<li>R$ 2.982,43<\/li>\n<\/ul>\n<\/li>\n\n\n\n<li>Fisioterapeuta (3 vagas)\n<ul>\n<li>R$ 2.982,43<\/li>\n<\/ul>\n<\/li>\n\n\n\n<li>Fonoaudi\u00f3loga (1 vaga)\n<ul>\n<li>R$ 2.177,05<\/li>\n<\/ul>\n<\/li>\n\n\n\n<li>M\u00e9dico &#8211; Pediatra (1 vaga)\n<ul>\n<li>R$ 8.242,71<\/li>\n<\/ul>\n<\/li>\n\n\n\n<li>M\u00e9dico &#8211; Plantonista (1 vaga)\n<ul>\n<li>R$ 8.242,71<\/li>\n<\/ul>\n<\/li>\n\n\n\n<li>M\u00e9dico &#8211; PSF (2 vagas)\n<ul>\n<li>R$ 8.242,71<\/li>\n<\/ul>\n<\/li>\n\n\n\n<li>Nutricionista (1 vaga)\n<ul>\n<li>R$ 2.586,85<\/li>\n<\/ul>\n<\/li>\n\n\n\n<li>Odont\u00f3loga PSF (2 vagas)\n<ul>\n<li>R$ 4.226,05<\/li>\n<\/ul>\n<\/li>\n\n\n\n<li>Professor I (16 vagas)\n<ul>\n<li>R$ 2.748,35<\/li>\n<\/ul>\n<\/li>\n\n\n\n<li>Professor I\/Professor de Apoio (4 vagas)\n<ul>\n<li>R$ 2.748,35<\/li>\n<\/ul>\n<\/li>\n\n\n\n<li>Psic\u00f3logo (5 vagas)\n<ul>\n<li>R$ 2.982,43<\/li>\n<\/ul>\n<\/li>\n<\/ul>\n<\/li>\n<\/ul>\n\n\n\n<h4 class=\"wp-block-heading\">Edital 02\/2024<\/h4>\n\n\n\n<ul>\n<li>Agente Comunit\u00e1rio de Sa\u00fade (3 vagas)\n<ul>\n<li>R$ 2.824,00<\/li>\n<\/ul>\n<\/li>\n\n\n\n<li>Agente de Combate \u00e0s Endemias (2 vagas)\n<ul>\n<li>R$ 2.824,00<\/li>\n<\/ul>\n<\/li>\n<\/ul>\n\n\n\n<p>\u00c9 importante ressaltar que, as vagas ofertadas no edital 02\/2024 ser\u00e3o preenchidas atrav\u00e9s de um <strong>processo seletivo<\/strong>, ou seja, n\u00e3o s\u00e3o efetivas, possuem apenas contrato. <\/p>\n\n\n\n<h2 class=\"wp-block-heading\"><span class=\"ez-toc-section\" id=\"Quais_sao_os_requisitos_para_investidura_dos_cargos_da_Prefeitura_de_Alvarenga\"><\/span>Quais s\u00e3o os requisitos para investidura dos cargos da Prefeitura de Alvarenga? <span class=\"ez-toc-section-end\"><\/span><\/h2>\n\n\n\n<p>De acordo com o edital, esses s\u00e3o os requisitos b\u00e1sicos exigidos para a nomea\u00e7\u00e3o e posse dos cargos ofertados: <\/p>\n\n\n\n<ul>\n<li>Ser brasileiro nato ou naturalizado, ou, ainda, estrangeiro, conforme Lei Federal n\u00ba 13.445, de 24 de maio de 2017, e de sua regulamenta\u00e7\u00e3o; no caso de nacionalidade portuguesa, estar amparado pelo estatuto de igualdade entre brasileiros e portugueses, com reconhecimento do gozo dos direitos pol\u00edticos, na forma do disposto no art. 13 do Decreto Federal n\u00ba 70.436, de 18\/04\/1972 e art. 12, \u00a7 1\u00ba c\/c art. 37, inciso I da Constitui\u00e7\u00e3o da Rep\u00fablica Federativa do Brasil de 1988.\n<ul>\n<li>Ap\u00f3s a investidura no cargo, o estrangeiro dever\u00e1 providenciar junto \u00e0s autoridades competentes a regulariza\u00e7\u00e3o de sua situa\u00e7\u00e3o migrat\u00f3ria no Brasil, apresentando \u00e0 Prefeitura Municipal de Alvarenga, o protocolo do requerimento de concess\u00e3o da autoriza\u00e7\u00e3o de resid\u00eancia e\/ou visto tempor\u00e1rio, na forma exigida pela Lei n\u00ba 13.445, de 24 de maio de 2017, para o exerc\u00edcio de cargo ou fun\u00e7\u00e3o p\u00fablica no pa\u00eds;<\/li>\n<\/ul>\n<\/li>\n\n\n\n<li>Estar em pleno exerc\u00edcio de seus direitos civis e pol\u00edticos;<\/li>\n\n\n\n<li>Estar quite com as obriga\u00e7\u00f5es eleitorais;<\/li>\n\n\n\n<li>Estar quite com as obriga\u00e7\u00f5es do Servi\u00e7o Militar, para os candidatos do sexo masculino;<\/li>\n\n\n\n<li>Possuir os requisitos exigidos para o exerc\u00edcio das atribui\u00e7\u00f5es da fun\u00e7\u00e3o;<\/li>\n\n\n\n<li>Possuir idade m\u00ednima de 18 (dezoito) anos, no ato da contrata\u00e7\u00e3o na fun\u00e7\u00e3o;<\/li>\n\n\n\n<li>Ter aptid\u00e3o f\u00edsica e mental para o exerc\u00edcio de suas atribui\u00e7\u00f5es, apurada por profissional ou junta m\u00e9dica devidamente designada pela Prefeitura Municipal de Alvarenga.<\/li>\n<\/ul>\n\n\n\n<h2 class=\"wp-block-heading\"><span class=\"ez-toc-section\" id=\"Como_posso_me_preparar_para_as_etapas_de_selecao_do_concurso_da_Prefeitura_de_Alvarenga\"><\/span>Como posso me preparar para as etapas de sele\u00e7\u00e3o do concurso da Prefeitura de Alvarenga? <span class=\"ez-toc-section-end\"><\/span><\/h2>\n\n\n\n<p>Os candidatos do concurso da Prefeitura de Alvarenga ser\u00e3o avaliados por meio das seguintes etapa de sele\u00e7\u00e3o: prova objetiva, prova de t\u00edtulos e prova pr\u00e1tica. Vamos conferir com mais detalhes? <\/p>\n\n\n\n<h3 class=\"wp-block-heading\">Prova Objetiva<\/h3>\n\n\n\n<p>A prova objetiva, para ambos os editais, est\u00e1 prevista para ser aplicada no dia<strong> 13 de outubro de 2024<\/strong>, em hor\u00e1rios e locais a serem divulgados pela banca organizadora do concurso. <\/p>\n\n\n\n<p>A avalia\u00e7\u00e3o ser\u00e1 constitu\u00edda de <strong>quest\u00f5es de m\u00faltipla escolha<\/strong> sobre os seguintes conte\u00fados: <\/p>\n\n\n\n<p><strong>Edital 01<\/strong><\/p>\n\n\n\n<ul>\n<li><strong>Fundamental<\/strong>\n<ul>\n<li>Portugu\u00eas: 5 quest\u00f5es<\/li>\n\n\n\n<li>Matem\u00e1tica: 5 quest\u00f5es<\/li>\n\n\n\n<li>Conhecimentos Gerais: 10 quest\u00f5es<\/li>\n<\/ul>\n<\/li>\n\n\n\n<li><strong>M\u00e9dio e T\u00e9cnico<\/strong>\n<ul>\n<li>Portugu\u00eas: 5 quest\u00f5es<\/li>\n\n\n\n<li>Conhecimentos Gerais: 5 quest\u00f5es<\/li>\n\n\n\n<li>Inform\u00e1tica: 10 quest\u00f5es<\/li>\n<\/ul>\n<\/li>\n\n\n\n<li><strong>Superior<\/strong>\n<ul>\n<li>Portugu\u00eas: 5 quest\u00f5es<\/li>\n\n\n\n<li>Conhecimentos Gerais: 5 quest\u00f5es<\/li>\n\n\n\n<li>Conhecimentos Espec\u00edficos: 10 quest\u00f5es<\/li>\n<\/ul>\n<\/li>\n<\/ul>\n\n\n\n<p><strong>Edital 02<\/strong><\/p>\n\n\n\n<ul>\n<li>Portugu\u00eas: 10 quest\u00f5es<\/li>\n\n\n\n<li>Conhecimentos Gerais: 10 quest\u00f5es<\/li>\n\n\n\n<li>Conhecimentos Espec\u00edficos: 10 quest\u00f5es<\/li>\n<\/ul>\n\n\n\n<p>A prova objetiva valer\u00e1 100 pontos e ser\u00e1 <strong>aprovado <\/strong>o candidato que obtiver, no m\u00ednimo, 50% do total de pontos.<\/p>\n\n\n\n<h3 class=\"wp-block-heading\">Prova de T\u00edtulos<\/h3>\n\n\n\n<p>A prova de t\u00edtulos, de car\u00e1ter classificat\u00f3rio, \u00e9 exclusiva para os cargos de<strong> n\u00edvel superior e de n\u00edvel t\u00e9cnico. <\/strong>O envio dos t\u00edtulos deve ser efeito via postal. <\/p>\n\n\n\n<p>Confira abaixo quais t\u00edtulos ser\u00e3o pontuados: <\/p>\n\n\n\n<ul>\n<li>Pontua\u00e7\u00e3o para no m\u00ednimo 12 meses de experi\u00eancia em Servi\u00e7os P\u00fablicos: 1,0 ponto<\/li>\n\n\n\n<li>P\u00f3s-gradua\u00e7\u00e3o: 2,0 pontos<\/li>\n\n\n\n<li>Mestrado: 3,0 pontos<\/li>\n\n\n\n<li>Doutorado: 4,0 pontos<\/li>\n\n\n\n<li>Gradua\u00e7\u00e3o: 1,0 ponto<\/li>\n<\/ul>\n\n\n\n<h3 class=\"wp-block-heading\">Prova Pr\u00e1tica<\/h3>\n\n\n\n<p>A prova pr\u00e1tica, de car\u00e1ter eliminat\u00f3rio, \u00e9 exclusiva para os cargos de <strong>Operador de M\u00e1quinas e Operador de M\u00e1quinas Pesadas<\/strong>. Essa etapa ser\u00e1 aplicada em datas a serem divulgadas pela banca organizadora do concurso. <\/p>\n\n\n\n<p>A avalia\u00e7\u00e3o tem como objetivo avaliar o conhecimento do candidato sobre as fun\u00e7\u00f5es do cargo ofertado. <\/p>\n\n\n\n<p>A prova valer\u00e1 100 pontos e ser\u00e1 avaliada atrav\u00e9s dos conceitos apto ou inapto. Ser\u00e1 considerado apto o candidato que obtiver nota igual ou superior a 50 pontos.<\/p>\n\n\n\n<p><\/p>\n\n\n\n<p>Se voc\u00ea busca ser aprovado neste <strong>concurso<\/strong>, n\u00f3s temos <strong>material<\/strong> certo para voc\u00ea! <a href=\"https:\/\/www.editorasolucao.com.br\/concurso\/prefeitura-de-alvarenga-mg\" target=\"_blank\" rel=\"noreferrer noopener\">Confira aqui<\/a>.\u00a0<\/p>\n","protected":false},"excerpt":{"rendered":"<p>A Prefeitura de Alvarenga, no estado de Minas Gerais, divulgou dois editais que ofertam, juntos, 193 vagas para todos os n\u00edveis de escolaridade. As remunera\u00e7\u00f5es iniciais do certame chamam bastante aten\u00e7\u00e3o, j\u00e1 que podem chegar at\u00e9 R$ 8 mil! N\u00e3o fique de fora dessa, venha saber mais! Como posso me inscrever para o concurso da Prefeitura de Alvarenga? Os interessados pelo concurso da Prefeitura de Alvarenga poder\u00e3o se inscrever no per\u00edodo das 15h do dia 13 de agosto at\u00e9 \u00e0s 15h do dia 12 de setembro de 2024, atrav\u00e9s do site da banca organizadora do certame, a Elo Acessoria. Os&#8230;<\/p>\n","protected":false},"author":21,"featured_media":43052,"template":"","meta":{"_acf_changed":true,"rank_math_lock_modified_date":false},"categories":[],"tags":[],"acf":[],"_links":{"self":[{"href":"https:\/\/www.editorasolucao.com.br\/blog\/wp-json\/wp\/v2\/concurso\/43050"}],"collection":[{"href":"https:\/\/www.editorasolucao.com.br\/blog\/wp-json\/wp\/v2\/concurso"}],"about":[{"href":"https:\/\/www.editorasolucao.com.br\/blog\/wp-json\/wp\/v2\/types\/concurso"}],"author":[{"embeddable":true,"href":"https:\/\/www.editorasolucao.com.br\/blog\/wp-json\/wp\/v2\/users\/21"}],"wp:featuredmedia":[{"embeddable":true,"href":"https:\/\/www.editorasolucao.com.br\/blog\/wp-json\/wp\/v2\/media\/43052"}],"wp:attachment":[{"href":"https:\/\/www.editorasolucao.com.br\/blog\/wp-json\/wp\/v2\/media?parent=43050"}],"wp:term":[{"taxonomy":"category","embeddable":true,"href":"https:\/\/www.editorasolucao.com.br\/blog\/wp-json\/wp\/v2\/categories?post=43050"},{"taxonomy":"post_tag","embeddable":true,"href":"https:\/\/www.editorasolucao.com.br\/blog\/wp-json\/wp\/v2\/tags?post=43050"}],"curies":[{"name":"wp","href":"https:\/\/api.w.org\/{rel}","templated":true}]}}