{"id":43088,"date":"2024-06-13T11:51:49","date_gmt":"2024-06-13T14:51:49","guid":{"rendered":"https:\/\/www.editorasolucao.com.br\/blog\/?post_type=concurso&#038;p=43088"},"modified":"2024-06-13T11:52:16","modified_gmt":"2024-06-13T14:52:16","slug":"diretoria-de-ensino-da-regiao-leste-2","status":"publish","type":"concurso","link":"https:\/\/www.editorasolucao.com.br\/blog\/concurso\/diretoria-de-ensino-da-regiao-leste-2","title":{"rendered":"Concurso DER Regi\u00e3o Leste 2: Edital publicado. 43 vagas para Agente Escolar!"},"content":{"rendered":"\n<p>Ol\u00e1, concurseiros! Foi divulgado o edital do processo seletivo DER Regi\u00e3o Leste 2 (Diretoria de Ensino da Regi\u00e3o Leste 2) que oferta<strong> 43 vagas imediatas para o cargo de Agente Escolar,<\/strong> que exige n\u00edvel m\u00e9dio de escolaridade. Se interessou pelo certame? Venha saber mais! <\/p>\n\n\n\n<div id=\"ez-toc-container\" class=\"ez-toc-v2_0_69_1 counter-hierarchy ez-toc-counter ez-toc-grey ez-toc-container-direction\">\n<div class=\"ez-toc-title-container\">\n<p class=\"ez-toc-title \" >Menu de navega&ccedil;&atilde;o<\/p>\n<span class=\"ez-toc-title-toggle\"><a href=\"#\" class=\"ez-toc-pull-right ez-toc-btn ez-toc-btn-xs ez-toc-btn-default ez-toc-toggle\" aria-label=\"Toggle Table of Content\"><span class=\"ez-toc-js-icon-con\"><span class=\"\"><span class=\"eztoc-hide\" style=\"display:none;\">Toggle<\/span><span class=\"ez-toc-icon-toggle-span\"><svg style=\"fill: #999;color:#999\" xmlns=\"http:\/\/www.w3.org\/2000\/svg\" class=\"list-377408\" width=\"20px\" height=\"20px\" viewBox=\"0 0 24 24\" fill=\"none\"><path d=\"M6 6H4v2h2V6zm14 0H8v2h12V6zM4 11h2v2H4v-2zm16 0H8v2h12v-2zM4 16h2v2H4v-2zm16 0H8v2h12v-2z\" fill=\"currentColor\"><\/path><\/svg><svg style=\"fill: #999;color:#999\" class=\"arrow-unsorted-368013\" xmlns=\"http:\/\/www.w3.org\/2000\/svg\" width=\"10px\" height=\"10px\" viewBox=\"0 0 24 24\" version=\"1.2\" baseProfile=\"tiny\"><path d=\"M18.2 9.3l-6.2-6.3-6.2 6.3c-.2.2-.3.4-.3.7s.1.5.3.7c.2.2.4.3.7.3h11c.3 0 .5-.1.7-.3.2-.2.3-.5.3-.7s-.1-.5-.3-.7zM5.8 14.7l6.2 6.3 6.2-6.3c.2-.2.3-.5.3-.7s-.1-.5-.3-.7c-.2-.2-.4-.3-.7-.3h-11c-.3 0-.5.1-.7.3-.2.2-.3.5-.3.7s.1.5.3.7z\"\/><\/svg><\/span><\/span><\/span><\/a><\/span><\/div>\n<nav><ul class='ez-toc-list ez-toc-list-level-1 ' ><li class='ez-toc-page-1 ez-toc-heading-level-2'><a class=\"ez-toc-link ez-toc-heading-1\" href=\"https:\/\/www.editorasolucao.com.br\/blog\/concurso\/diretoria-de-ensino-da-regiao-leste-2\/#Como_posso_me_inscrever_para_o_concurso_DER_Regiao_Leste_2\" title=\"Como posso me inscrever para o concurso DER Regi\u00e3o Leste 2?\">Como posso me inscrever para o concurso DER Regi\u00e3o Leste 2?<\/a><\/li><li class='ez-toc-page-1 ez-toc-heading-level-2'><a class=\"ez-toc-link ez-toc-heading-2\" href=\"https:\/\/www.editorasolucao.com.br\/blog\/concurso\/diretoria-de-ensino-da-regiao-leste-2\/#Quais_vagas_estao_sendo_ofertadas\" title=\"Quais vagas est\u00e3o sendo ofertadas?\">Quais vagas est\u00e3o sendo ofertadas?<\/a><\/li><li class='ez-toc-page-1 ez-toc-heading-level-2'><a class=\"ez-toc-link ez-toc-heading-3\" href=\"https:\/\/www.editorasolucao.com.br\/blog\/concurso\/diretoria-de-ensino-da-regiao-leste-2\/#Quais_os_requisitos_para_a_investidura_dos_cargos\" title=\"Quais os requisitos para a investidura dos cargos?\">Quais os requisitos para a investidura dos cargos?<\/a><\/li><li class='ez-toc-page-1 ez-toc-heading-level-2'><a class=\"ez-toc-link ez-toc-heading-4\" href=\"https:\/\/www.editorasolucao.com.br\/blog\/concurso\/diretoria-de-ensino-da-regiao-leste-2\/#Como_posso_me_preparar_para_as_provas_do_concurso_DER_Regiao_Leste_2\" title=\"Como posso me preparar para as provas do concurso DER Regi\u00e3o Leste 2?\">Como posso me preparar para as provas do concurso DER Regi\u00e3o Leste 2?<\/a><\/li><\/ul><\/nav><\/div>\n<h2 class=\"wp-block-heading\"><span class=\"ez-toc-section\" id=\"Como_posso_me_inscrever_para_o_concurso_DER_Regiao_Leste_2\"><\/span>Como posso me inscrever para o concurso DER Regi\u00e3o Leste 2? <span class=\"ez-toc-section-end\"><\/span><\/h2>\n\n\n\n<p>Os interessados pelo concurso DER Regi\u00e3o Leste 2 devem se inscrever at\u00e9 o dia <strong>17 de junho de 2024<\/strong>, atrav\u00e9s do site da pr\u00f3pria <a href=\"https:\/\/deleste2.educacao.sp.gov.br\/processo-seletivo-simplificado-regional-para-contratacao-de-agente-de-organizacao-escolar-2024-destaque-17_06_2024-ese\/\" target=\"_blank\" rel=\"noreferrer noopener\">Diretoria<\/a>. <\/p>\n\n\n\n<p>Por ser um processo seletivo, <strong>este certame n\u00e3o possui taxas a serem pagas<\/strong>, ou seja, assim que o formul\u00e1rio for preenchido a inscri\u00e7\u00e3o do candidato j\u00e1 estar\u00e1 homologada! <\/p>\n\n\n\n<h2 class=\"wp-block-heading\"><span class=\"ez-toc-section\" id=\"Quais_vagas_estao_sendo_ofertadas\"><\/span>Quais vagas est\u00e3o sendo ofertadas? <span class=\"ez-toc-section-end\"><\/span><\/h2>\n\n\n\n<p>A DER Regi\u00e3o Leste 2 est\u00e1 ofertando <strong>43 vagas imediatas<\/strong> para o cargo de Agente de Organiza\u00e7\u00e3o Escolar, que exige n\u00edvel m\u00e9dio de escolaridade, com vencimento base de <strong>R$ 1.550,00 <\/strong>para uma jornada de trabalho de 40 horas semanais. <\/p>\n\n\n\n<p>Por se tratar de um processo seletivo as vagas possuem contrato, n\u00e3o s\u00e3o efetivas, com prazo m\u00e1ximo de 12 meses, sem oportunidade de prorroga\u00e7\u00e3o. <\/p>\n\n\n\n<h3 class=\"wp-block-heading\">O que faz um  Agente de Organiza\u00e7\u00e3o Escolar? <\/h3>\n\n\n\n<p>O candidato aprovado no concurso ir\u00e1 exercer atividades como desenvolver atividades no \u00e2mbito da organiza\u00e7\u00e3o escolar, relacionadas \u00e0 execu\u00e7\u00e3o de a\u00e7\u00f5es envolvendo a secretaria escolar, bem como o atendimento \u00e0 comunidade escolar em geral, controlar a movimenta\u00e7\u00e3o de alunos no recinto da escola, em suas imedia\u00e7\u00f5es e na entrada e sa\u00edda da unidade escolar, orientando-os quanto \u00e0s normas de comportamento, informando \u00e0 Dire\u00e7\u00e3o da Escola sobre a conduta deles e comunicando ocorr\u00eancias<strong>.<\/strong><\/p>\n\n\n\n<p>Se interessou pelo cargo? Confira nossos <a href=\"https:\/\/www.editorasolucao.com.br\/concurso\/diretoria-de-ensino-da-regiao-leste-2-sao-paulo-sp\" target=\"_blank\" rel=\"noreferrer noopener\">materiais<\/a>! <\/p>\n\n\n\n<h2 class=\"wp-block-heading\"><span class=\"ez-toc-section\" id=\"Quais_os_requisitos_para_a_investidura_dos_cargos\"><\/span>Quais os requisitos para a investidura dos cargos? <span class=\"ez-toc-section-end\"><\/span><\/h2>\n\n\n\n<p>De acordo com o edital, esses s\u00e3o os requisitos b\u00e1sicos exigidos para a nomea\u00e7\u00e3o e posse do cargo ofertado: <\/p>\n\n\n\n<ul>\n<li>O candidato, sob as penas da lei, assume cumprir as exig\u00eancias abaixo discriminadas,\u00a0<strong>na data do exerc\u00edcio<\/strong>, em atendimento \u00e0 Lei n\u00ba 10.261, de 28\/10\/1968, e suas altera\u00e7\u00f5es:\n<ul>\n<li>ser brasileiro nato, naturalizado ou, em caso de nacionalidade portuguesa, estar amparado pelo estatuto de igualdade entre brasileiros e portugueses, com reconhecimento de gozo de direitos pol\u00edticos, nos termos do artigo 12, \u00a7 1\u00ba, da Constitui\u00e7\u00e3o Federal\/88;<\/li>\n\n\n\n<li>ter, na data da contrata\u00e7\u00e3o, idade m\u00ednima de 18 (dezoito) anos completos;<\/li>\n\n\n\n<li>estar quite com a Justi\u00e7a Eleitoral;<\/li>\n\n\n\n<li>quando do sexo masculino, estar em dia com as obriga\u00e7\u00f5es do servi\u00e7o militar;<\/li>\n\n\n\n<li>ter conclu\u00eddo Ensino M\u00e9dio;<\/li>\n\n\n\n<li>n\u00e3o registrar antecedentes criminais, encontrando-se no pleno exerc\u00edcio de seus direitos civis e pol\u00edticos;<\/li>\n\n\n\n<li>ter sido aprovado no processo seletivo;<\/li>\n\n\n\n<li>ter aptid\u00e3o f\u00edsica e mental para o exerc\u00edcio das atribui\u00e7\u00f5es da fun\u00e7\u00e3o;<\/li>\n\n\n\n<li>conhecer as exig\u00eancias contidas neste edital e estar de acordo com elas.<\/li>\n<\/ul>\n<\/li>\n\n\n\n<li>A apresenta\u00e7\u00e3o de todos os documentos comprobat\u00f3rios das condi\u00e7\u00f5es exigidas no item anterior ser\u00e1 realizada ocasi\u00e3o do exerc\u00edcio.<\/li>\n\n\n\n<li>A n\u00e3o apresenta\u00e7\u00e3o dos documentos ou n\u00e3o comprova\u00e7\u00e3o da respectiva autenticidade, conforme solicitado, impossibilitar\u00e1 o exerc\u00edcio do candidato.<\/li>\n<\/ul>\n\n\n\n<h2 class=\"wp-block-heading\"><span class=\"ez-toc-section\" id=\"Como_posso_me_preparar_para_as_provas_do_concurso_DER_Regiao_Leste_2\"><\/span>Como posso me preparar para as provas do concurso DER Regi\u00e3o Leste 2? <span class=\"ez-toc-section-end\"><\/span><\/h2>\n\n\n\n<p>Os candidatos do concurso DER Regi\u00e3o Leste 2 ser\u00e3o avaliados por meio de uma prova objetiva e uma prova de t\u00edtulos. Vamos conferir com mais detalhes essas etapas de sele\u00e7\u00e3o? <\/p>\n\n\n\n<h3 class=\"wp-block-heading\">Prova Objetiva<\/h3>\n\n\n\n<p>A prova objetiva, de car\u00e1ter eliminat\u00f3rio e classificat\u00f3rio, <strong>ser\u00e1 realizada de maneira<\/strong> <strong>online<\/strong>, em datas e hor\u00e1rios que ainda ser\u00e3o divulgadas pela Diretoria de Ensino. <\/p>\n\n\n\n<p>A avalia\u00e7\u00e3o ser\u00e1 composta de<strong> 30 quest\u00f5es de m\u00faltipla escolha<\/strong> sobre os seguintes conte\u00fados: <\/p>\n\n\n\n<ul>\n<li>L\u00edngua Portuguesa\n<ul>\n<li>Interpreta\u00e7\u00e3o de textos,<\/li>\n\n\n\n<li>Sin\u00f4nimos e Ant\u00f4nimos,<\/li>\n\n\n\n<li>Sentido pr\u00f3prio e figurado das palavras,<\/li>\n\n\n\n<li>Ortografia Oficial,<\/li>\n\n\n\n<li>Acentua\u00e7\u00e3o Gr\u00e1fica,<\/li>\n\n\n\n<li>Crase,<\/li>\n\n\n\n<li>Pontua\u00e7\u00e3o,<\/li>\n\n\n\n<li>Substantivo e Adjetivo: flex\u00e3o de g\u00eanero, n\u00famero e grau,<\/li>\n\n\n\n<li>Emprego de Verbos: regulares, irregulares e auxiliares,<\/li>\n\n\n\n<li>Concord\u00e2ncia: nominal e verbal,<\/li>\n\n\n\n<li>Reg\u00eancia: nominal e verbal,<\/li>\n\n\n\n<li>Conjuga\u00e7\u00e3o de verbos,<\/li>\n\n\n\n<li>Pronomes: uso e coloca\u00e7\u00e3o \u2013 pronomes de tratamento.<\/li>\n<\/ul>\n<\/li>\n\n\n\n<li>Matem\u00e1tica\n<ul>\n<li>Opera\u00e7\u00e3o com n\u00fameros inteiros, fracion\u00e1rios e decimais,<\/li>\n\n\n\n<li>Sistema de numera\u00e7\u00e3o decimal,<\/li>\n\n\n\n<li>Equa\u00e7\u00f5es de 1\u00ba e 2\u00ba graus,<\/li>\n\n\n\n<li>Regra de tr\u00eas simples,<\/li>\n\n\n\n<li>Raz\u00e3o e propor\u00e7\u00e3o,<\/li>\n\n\n\n<li>Porcentagem,<\/li>\n\n\n\n<li>Juros simples,<\/li>\n\n\n\n<li>No\u00e7\u00f5es de estat\u00edstica,<\/li>\n\n\n\n<li>Medidas de comprimento, de superf\u00edcie, de volume e capacidade e de massa,<\/li>\n\n\n\n<li>Racioc\u00ednio L\u00f3gico,<\/li>\n\n\n\n<li>Resolu\u00e7\u00e3o de situa\u00e7\u00f5es: problema.<\/li>\n<\/ul>\n<\/li>\n\n\n\n<li>Conhecimentos de Inform\u00e1tica \n<ul>\n<li>Conhecimentos sobre os princ\u00edpios b\u00e1sicos de inform\u00e1tica: sistema operacional, diret\u00f3rios e arquivos,<\/li>\n\n\n\n<li>Conhecimentos de aplicativos: processadores de textos (Word), planilhas (Excel),<\/li>\n\n\n\n<li>Navega\u00e7\u00e3o Internet: pesquisa WEB, sites,<\/li>\n\n\n\n<li>Uso de correio eletr\u00f4nico: caixa postal, mensagens (ler, apagar, escrever, anexar arquivos e extra\u00e7\u00e3o de c\u00f3pias).<\/li>\n<\/ul>\n<\/li>\n\n\n\n<li>Conhecimentos Espec\u00edficos <\/li>\n<\/ul>\n\n\n\n<p><\/p>\n\n\n\n<p>A prova ser\u00e1 avaliada em uma escala de 0 a 30 pontos, sendo assim, ser\u00e1 considerado <strong>aprovado<\/strong> o candidato que obtiver, no m\u00ednimo, 50% da nota da prova.<\/p>\n\n\n\n<h3 class=\"wp-block-heading\">Prova de T\u00edtulos<\/h3>\n\n\n\n<p>A prova de t\u00edtulos, de car\u00e1ter classificat\u00f3rio, <strong>ser\u00e1 realizada de maneira online<\/strong>, na mesma data prevista para as inscri\u00e7\u00f5es do certame. <\/p>\n\n\n\n<p>Vale ressaltar que, s\u00f3 ser\u00e3o avaliados os t\u00edtulos dos candidatos aprovados na prova objetiva do concurso. <\/p>\n\n\n\n<p>Confira o t\u00edtulo que ser\u00e1 avaliado: <\/p>\n\n\n\n<ul>\n<li>Tempo de experi\u00eancia na \u00e1rea administrativa,\u00a0em unidade escolar, voltado para atividades relacionadas ao item IV deste Edital: 1,0 ponto por ano completo. <\/li>\n<\/ul>\n\n\n\n<p>A avalia\u00e7\u00e3o de t\u00edtulos possui pontua\u00e7\u00e3o m\u00e1xima de 10 pontos.<\/p>\n\n\n\n<p><\/p>\n\n\n\n<p>Se voc\u00ea busca ser aprovado neste <strong>concurso<\/strong>, n\u00f3s temos <strong>material<\/strong> certo para voc\u00ea! <a href=\"https:\/\/www.editorasolucao.com.br\/concurso\/diretoria-de-ensino-da-regiao-leste-2-sao-paulo-sp\" target=\"_blank\" rel=\"noreferrer noopener\">Confira aqui<\/a>.\u00a0<\/p>\n","protected":false},"excerpt":{"rendered":"<p>Ol\u00e1, concurseiros! Foi divulgado o edital do processo seletivo DER Regi\u00e3o Leste 2 (Diretoria de Ensino da Regi\u00e3o Leste 2) que oferta 43 vagas imediatas para o cargo de Agente Escolar, que exige n\u00edvel m\u00e9dio de escolaridade. Se interessou pelo certame? Venha saber mais! Como posso me inscrever para o concurso DER Regi\u00e3o Leste 2? Os interessados pelo concurso DER Regi\u00e3o Leste 2 devem se inscrever at\u00e9 o dia 17 de junho de 2024, atrav\u00e9s do site da pr\u00f3pria Diretoria. Por ser um processo seletivo, este certame n\u00e3o possui taxas a serem pagas, ou seja, assim que o formul\u00e1rio for&#8230;<\/p>\n","protected":false},"author":21,"featured_media":43089,"template":"","meta":{"_acf_changed":true,"rank_math_lock_modified_date":false},"categories":[],"tags":[],"acf":[],"_links":{"self":[{"href":"https:\/\/www.editorasolucao.com.br\/blog\/wp-json\/wp\/v2\/concurso\/43088"}],"collection":[{"href":"https:\/\/www.editorasolucao.com.br\/blog\/wp-json\/wp\/v2\/concurso"}],"about":[{"href":"https:\/\/www.editorasolucao.com.br\/blog\/wp-json\/wp\/v2\/types\/concurso"}],"author":[{"embeddable":true,"href":"https:\/\/www.editorasolucao.com.br\/blog\/wp-json\/wp\/v2\/users\/21"}],"wp:featuredmedia":[{"embeddable":true,"href":"https:\/\/www.editorasolucao.com.br\/blog\/wp-json\/wp\/v2\/media\/43089"}],"wp:attachment":[{"href":"https:\/\/www.editorasolucao.com.br\/blog\/wp-json\/wp\/v2\/media?parent=43088"}],"wp:term":[{"taxonomy":"category","embeddable":true,"href":"https:\/\/www.editorasolucao.com.br\/blog\/wp-json\/wp\/v2\/categories?post=43088"},{"taxonomy":"post_tag","embeddable":true,"href":"https:\/\/www.editorasolucao.com.br\/blog\/wp-json\/wp\/v2\/tags?post=43088"}],"curies":[{"name":"wp","href":"https:\/\/api.w.org\/{rel}","templated":true}]}}