{"id":43138,"date":"2024-06-19T11:01:38","date_gmt":"2024-06-19T14:01:38","guid":{"rendered":"https:\/\/www.editorasolucao.com.br\/blog\/?post_type=concurso&#038;p=43138"},"modified":"2024-06-19T11:01:41","modified_gmt":"2024-06-19T14:01:41","slug":"prefeitura-de-maria-da-fe-mg","status":"publish","type":"concurso","link":"https:\/\/www.editorasolucao.com.br\/blog\/concurso\/prefeitura-de-maria-da-fe-mg","title":{"rendered":"Concurso Prefeitura de Maria da F\u00e9: 102 vagas para todos os n\u00edveis!"},"content":{"rendered":"\n<p>A Prefeitura de Maria da F\u00e9, munic\u00edpio do estado de Minas Gerais, divulgou o edital do seu novo concurso que oferta <strong>102 vagas imediatas<\/strong> para cargos de v\u00e1rios n\u00edveis de escolaridade. As remunera\u00e7\u00f5es iniciais oferecidas chegam at\u00e9 <strong>R$ 4 mil!<\/strong> Se interessou pelo certame? Venha saber mais! <\/p>\n\n\n\n<div id=\"ez-toc-container\" class=\"ez-toc-v2_0_69_1 counter-hierarchy ez-toc-counter ez-toc-grey ez-toc-container-direction\">\n<div class=\"ez-toc-title-container\">\n<p class=\"ez-toc-title \" >Menu de navega&ccedil;&atilde;o<\/p>\n<span class=\"ez-toc-title-toggle\"><a href=\"#\" class=\"ez-toc-pull-right ez-toc-btn ez-toc-btn-xs ez-toc-btn-default ez-toc-toggle\" aria-label=\"Toggle Table of Content\"><span class=\"ez-toc-js-icon-con\"><span class=\"\"><span class=\"eztoc-hide\" style=\"display:none;\">Toggle<\/span><span class=\"ez-toc-icon-toggle-span\"><svg style=\"fill: #999;color:#999\" xmlns=\"http:\/\/www.w3.org\/2000\/svg\" class=\"list-377408\" width=\"20px\" height=\"20px\" viewBox=\"0 0 24 24\" fill=\"none\"><path d=\"M6 6H4v2h2V6zm14 0H8v2h12V6zM4 11h2v2H4v-2zm16 0H8v2h12v-2zM4 16h2v2H4v-2zm16 0H8v2h12v-2z\" fill=\"currentColor\"><\/path><\/svg><svg style=\"fill: #999;color:#999\" class=\"arrow-unsorted-368013\" xmlns=\"http:\/\/www.w3.org\/2000\/svg\" width=\"10px\" height=\"10px\" viewBox=\"0 0 24 24\" version=\"1.2\" baseProfile=\"tiny\"><path d=\"M18.2 9.3l-6.2-6.3-6.2 6.3c-.2.2-.3.4-.3.7s.1.5.3.7c.2.2.4.3.7.3h11c.3 0 .5-.1.7-.3.2-.2.3-.5.3-.7s-.1-.5-.3-.7zM5.8 14.7l6.2 6.3 6.2-6.3c.2-.2.3-.5.3-.7s-.1-.5-.3-.7c-.2-.2-.4-.3-.7-.3h-11c-.3 0-.5.1-.7.3-.2.2-.3.5-.3.7s.1.5.3.7z\"\/><\/svg><\/span><\/span><\/span><\/a><\/span><\/div>\n<nav><ul class='ez-toc-list ez-toc-list-level-1 ' ><li class='ez-toc-page-1 ez-toc-heading-level-2'><a class=\"ez-toc-link ez-toc-heading-1\" href=\"https:\/\/www.editorasolucao.com.br\/blog\/concurso\/prefeitura-de-maria-da-fe-mg\/#Como_posso_me_inscrever_no_concurso_da_Prefeitura_de_Maria_da_Fe\" title=\"Como posso me inscrever no concurso da Prefeitura de Maria da F\u00e9?\">Como posso me inscrever no concurso da Prefeitura de Maria da F\u00e9?<\/a><\/li><li class='ez-toc-page-1 ez-toc-heading-level-2'><a class=\"ez-toc-link ez-toc-heading-2\" href=\"https:\/\/www.editorasolucao.com.br\/blog\/concurso\/prefeitura-de-maria-da-fe-mg\/#Quais_vagas_estao_sendo_ofertadas\" title=\"Quais vagas est\u00e3o sendo ofertadas?\">Quais vagas est\u00e3o sendo ofertadas?<\/a><\/li><li class='ez-toc-page-1 ez-toc-heading-level-2'><a class=\"ez-toc-link ez-toc-heading-3\" href=\"https:\/\/www.editorasolucao.com.br\/blog\/concurso\/prefeitura-de-maria-da-fe-mg\/#Quais_sao_os_requisitos_para_a_investidura_dos_cargos\" title=\"Quais s\u00e3o os requisitos para a investidura dos cargos?\">Quais s\u00e3o os requisitos para a investidura dos cargos?<\/a><\/li><li class='ez-toc-page-1 ez-toc-heading-level-2'><a class=\"ez-toc-link ez-toc-heading-4\" href=\"https:\/\/www.editorasolucao.com.br\/blog\/concurso\/prefeitura-de-maria-da-fe-mg\/#Como_posso_me_preparar_para_as_etapas_de_selecao_do_concurso_da_Prefeitura_de_Maria_da_Fe\" title=\"Como posso me preparar para as etapas de sele\u00e7\u00e3o do concurso da Prefeitura de Maria da F\u00e9?\">Como posso me preparar para as etapas de sele\u00e7\u00e3o do concurso da Prefeitura de Maria da F\u00e9?<\/a><\/li><\/ul><\/nav><\/div>\n<h2 class=\"wp-block-heading\"><span class=\"ez-toc-section\" id=\"Como_posso_me_inscrever_no_concurso_da_Prefeitura_de_Maria_da_Fe\"><\/span>Como posso me inscrever no concurso da Prefeitura de Maria da F\u00e9? <span class=\"ez-toc-section-end\"><\/span><\/h2>\n\n\n\n<p>Os interessados pelo concurso da Prefeitura de Maria da F\u00e9 poder\u00e3o se inscrever a partir das <strong>9h do dia 5 de agosto de 2024 at\u00e9 \u00e0s 16h do dia 2 de setembro de 2024<\/strong>, atrav\u00e9s do site da banca organizadora do certame, o <a href=\"https:\/\/novo.ibgpconcursos.com.br\/concurso.jsp?cod=451\" target=\"_blank\" rel=\"noopener\">IBGP Concursos<\/a>. <\/p>\n\n\n\n<p>Os valores das taxas de inscri\u00e7\u00e3o variam de acordo com o n\u00edvel de escolaridade do cargo escolhido pelo candidato, sendo <strong>R$ 50,00<\/strong> para n\u00edvel fundamental,<strong> R$ 80,00<\/strong> para n\u00edvel m\u00e9dio\/t\u00e9cnico e <strong>R$ 100,00<\/strong> para n\u00edvel superior. <\/p>\n\n\n\n<p>Para homologar sua inscri\u00e7\u00e3o, o candidato deve efetuar o pagamento das taxas at\u00e9 a data limite de <strong>3 de setembro de 2024. <\/strong><\/p>\n\n\n\n<p>O candidato que n\u00e3o possua condi\u00e7\u00f5es de arcar com o valor das taxas de inscri\u00e7\u00e3o, poder\u00e1 solicitar a isen\u00e7\u00e3o das mesmas entre os dias<strong> 5 a 7 de agosto de 2024. <\/strong><\/p>\n\n\n\n<h2 class=\"wp-block-heading\"><span class=\"ez-toc-section\" id=\"Quais_vagas_estao_sendo_ofertadas\"><\/span>Quais vagas est\u00e3o sendo ofertadas? <span class=\"ez-toc-section-end\"><\/span><\/h2>\n\n\n\n<p>A Prefeitura de Maria da F\u00e9 est\u00e1 ofertando<strong> 102 vagas imediatas <\/strong>para cargos de v\u00e1rios n\u00edveis de escolaridade. Confira com mais detalhes: <\/p>\n\n\n\n<h4 class=\"wp-block-heading\">Fundamental<\/h4>\n\n\n\n<ul>\n<li>Motorista (11 vagas)\n<ul>\n<li>R$ 1.704,95<\/li>\n<\/ul>\n<\/li>\n\n\n\n<li>Oficial Especializado II &#8211; Mec\u00e2nico (2 vagas)\n<ul>\n<li>R$ 2.706,67<\/li>\n<\/ul>\n<\/li>\n\n\n\n<li>Oper\u00e1rio (1 vaga)\n<ul>\n<li>R$ 1.412,00<\/li>\n<\/ul>\n<\/li>\n\n\n\n<li>Agente Administrativo I (1 vaga)\n<ul>\n<li>R$ 1.412,00<\/li>\n<\/ul>\n<\/li>\n\n\n\n<li>Agente Administrativo II (1 vaga)\n<ul>\n<li>R$ 1.704,95<\/li>\n<\/ul>\n<\/li>\n\n\n\n<li>Agente Administrativo III (1 vaga)\n<ul>\n<li>R$ 2.148,19<\/li>\n<\/ul>\n<\/li>\n\n\n\n<li>Auxiliar Administrativo e Escolar (2 vagas)\n<ul>\n<li>R$ 1.412,00<\/li>\n<\/ul>\n<\/li>\n\n\n\n<li>Auxiliar de Servi\u00e7os (12 vagas)\n<ul>\n<li>R$ 1.412,00<\/li>\n<\/ul>\n<\/li>\n\n\n\n<li>Oper\u00e1rio II (5 vagas)\n<ul>\n<li>R$ 1.412,00<\/li>\n<\/ul>\n<\/li>\n<\/ul>\n\n\n\n<h4 class=\"wp-block-heading\">M\u00e9dio<\/h4>\n\n\n\n<ul>\n<li>Agente Administrativo IV (1 vaga)\n<ul>\n<li>R$ 2.706,67<\/li>\n<\/ul>\n<\/li>\n\n\n\n<li>Monitor Educacional (10 vagas)\n<ul>\n<li>R$ 1.883,20<\/li>\n<\/ul>\n<\/li>\n<\/ul>\n\n\n\n<h4 class=\"wp-block-heading\">Superior<\/h4>\n\n\n\n<ul>\n<li>Assistente Social Educacional (1 vaga)\n<ul>\n<li>R$ 4.297,26<\/li>\n<\/ul>\n<\/li>\n\n\n\n<li>Educador Infantil (28 vagas)\n<ul>\n<li>R$ 2.718,87<\/li>\n<\/ul>\n<\/li>\n\n\n\n<li>Fonoaudi\u00f3logo Educacional (1 vaga)\n<ul>\n<li>R$ 4.297,26<\/li>\n<\/ul>\n<\/li>\n\n\n\n<li>Nutricionista (1 vaga)\n<ul>\n<li>R$ 4.297,26<\/li>\n<\/ul>\n<\/li>\n\n\n\n<li>Professor Regente de Aulas &#8211; R$ 2.942,50\n<ul>\n<li>Arte (1 vaga)<\/li>\n\n\n\n<li>Ci\u00eancias (1 vaga)<\/li>\n\n\n\n<li>Educa\u00e7\u00e3o F\u00edsica (1 vaga)<\/li>\n\n\n\n<li>Ensino Religioso (1 vaga)<\/li>\n\n\n\n<li>Hist\u00f3ria (1 vaga)<\/li>\n\n\n\n<li>Inform\u00e1tica (1 vaga)<\/li>\n\n\n\n<li>L\u00edngua Estrangeira (1 vaga)<\/li>\n\n\n\n<li>L\u00edngua Portuguesa (3 vagas)<\/li>\n\n\n\n<li>Matem\u00e1tica (1 vaga)<\/li>\n\n\n\n<li>Professor Municipal (6 vagas)<\/li>\n<\/ul>\n<\/li>\n\n\n\n<li>Psic\u00f3logo Educacional (1 vaga)\n<ul>\n<li>R$ 4.297,26<\/li>\n<\/ul>\n<\/li>\n\n\n\n<li>Supervisor Pedag\u00f3gico (2 vagas)\n<ul>\n<li>R$ 3.295,60<\/li>\n<\/ul>\n<\/li>\n<\/ul>\n\n\n\n<p>Os candidatos aprovados e admitidos pelo concurso dever\u00e3o cumprir uma jornada de trabalho que pode variar entre<strong> 24, 30 ou 40 horas semanais,<\/strong> a depender do cargo. <\/p>\n\n\n\n<h2 class=\"wp-block-heading\"><span class=\"ez-toc-section\" id=\"Quais_sao_os_requisitos_para_a_investidura_dos_cargos\"><\/span>Quais s\u00e3o os requisitos para a investidura dos cargos? <span class=\"ez-toc-section-end\"><\/span><\/h2>\n\n\n\n<p>De acordo com o edital, esses s\u00e3o os requisitos b\u00e1sicos exigidos para a nomea\u00e7\u00e3o e posse dos cargos ofertados: <\/p>\n\n\n\n<ul>\n<li>Ter sido classificado no Concurso P\u00fablico, na forma prevista neste Edital, anexos e eventuais retifica\u00e7\u00f5es;<\/li>\n\n\n\n<li>Ser brasileiro nato ou naturalizado, OU, no caso de nacionalidade portuguesa, estar amparado pelo Estatuto de Igualdade entre Brasileiros e Portugueses, com reconhecimento do gozo dos direitos pol\u00edticos, na forma do disposto do \u00a7 1\u00ba art. 12 da Constitui\u00e7\u00e3o Federal\/88, combinado com o Decreto Federal n\u00ba 70.436, 18 de abril de 1972;<\/li>\n\n\n\n<li>Estar em gozo dos direitos pol\u00edticos;<\/li>\n\n\n\n<li>Estar quite com as obriga\u00e7\u00f5es eleitorais;<\/li>\n\n\n\n<li>Estar em dia com as obriga\u00e7\u00f5es militares, para os candidatos do sexo masculino;<\/li>\n\n\n\n<li>Ter idade m\u00ednima de 18(dezoito) anos completos, no ato da nomea\u00e7\u00e3o;<\/li>\n\n\n\n<li>For julgado apto f\u00edsica e mentalmente para o exerc\u00edcio do cargo, por pr\u00e9via inspe\u00e7\u00e3o m\u00e9dica oficial e \u00e0 equipe Multiprofissional em caso de Pessoas com Defici\u00eancia (PcD);<\/li>\n\n\n\n<li>Ter os documentos comprobat\u00f3rios de escolaridade m\u00ednima\/ requisitos constantes Anexo I deste Edital;<\/li>\n\n\n\n<li>N\u00e3o ser aposentado por invalidez e nem estar com idade de aposentadoria compuls\u00f3ria, ou seja, 75(setenta e cinco) anos;<\/li>\n\n\n\n<li>N\u00e3o receber proventos de aposentadoria decorrentes do art. 40 ou dos arts. 42 e 142 da Constitui\u00e7\u00e3o Federal de 1988, com a remunera\u00e7\u00e3o de cargo, emprego ou fun\u00e7\u00e3o p\u00fablica, ressalvados os cargos acumul\u00e1veis na forma da respectiva Constitui\u00e7\u00e3o, os cargos eletivos e os cargos em comiss\u00e3o declarados em lei de livre nomea\u00e7\u00e3o e exonera\u00e7\u00e3o;<\/li>\n\n\n\n<li>N\u00e3o acumular remunera\u00e7\u00e3o de cargos p\u00fablicos, ressalvados os cargos acumul\u00e1veis na forma da Constitui\u00e7\u00e3o Federal de 1988.<\/li>\n<\/ul>\n\n\n\n<h2 class=\"wp-block-heading\"><span class=\"ez-toc-section\" id=\"Como_posso_me_preparar_para_as_etapas_de_selecao_do_concurso_da_Prefeitura_de_Maria_da_Fe\"><\/span>Como posso me preparar para as etapas de sele\u00e7\u00e3o do concurso da Prefeitura de Maria da F\u00e9? <span class=\"ez-toc-section-end\"><\/span><\/h2>\n\n\n\n<p>Os candidatos do concurso da Prefeitura de Maria da F\u00e9 ser\u00e3o avaliados por meio das seguintes etapas de sele\u00e7\u00e3o: <strong>prova objetiva<\/strong> (para todos os cargos), <strong>prova pr\u00e1tica<\/strong> (para os cargos de Motorista, Mec\u00e2nico, Oper\u00e1rio I e II, Agente Administrativo e Auxiliar Administrativo e Escolar) e, por fim, <strong>prova de t\u00edtulos<\/strong> (para os cargos de n\u00edvel superior). <\/p>\n\n\n\n<p>Vamos conferir com mais detalhes essas etapas? <\/p>\n\n\n\n<h3 class=\"wp-block-heading\">Prova Objetiva<\/h3>\n\n\n\n<p>A prova objetiva, de car\u00e1ter eliminat\u00f3rio e classificat\u00f3rio, ser\u00e1 aplicada na data prevista de <strong>29 de setembro de 2024,<\/strong> nos turnos da tarde e da manh\u00e3, com dura\u00e7\u00e3o m\u00e1xima de 2h30min.<\/p>\n\n\n\n<p>A avalia\u00e7\u00e3o ser\u00e1 composta de <strong>quest\u00f5es de m\u00faltipla escolha<\/strong> sobre os seguintes conte\u00fados: <\/p>\n\n\n\n<ul>\n<li><strong>Fundamental Incompleto<\/strong>\n<ul>\n<li>Portugu\u00eas: 10 quest\u00f5es<\/li>\n\n\n\n<li>Matem\u00e1tica: 5 quest\u00f5es<\/li>\n\n\n\n<li>Conhecimentos Gerais: 5 quest\u00f5es<\/li>\n<\/ul>\n<\/li>\n<\/ul>\n\n\n\n<ul>\n<li><strong>Fundamental Completo<\/strong>\n<ul>\n<li>Portugu\u00eas: 10 quest\u00f5es<\/li>\n\n\n\n<li>Matem\u00e1tica: 5 quest\u00f5es<\/li>\n\n\n\n<li>No\u00e7\u00f5es de Inform\u00e1tica: 5 quest\u00f5es<\/li>\n\n\n\n<li>Conhecimentos Gerais: 5 quest\u00f5es<\/li>\n<\/ul>\n<\/li>\n<\/ul>\n\n\n\n<ul>\n<li><strong>M\u00e9dio<\/strong>\n<ul>\n<li>Portugu\u00eas: 10 quest\u00f5es<\/li>\n\n\n\n<li>Matem\u00e1tica: 5 quest\u00f5es<\/li>\n\n\n\n<li>No\u00e7\u00f5es de Inform\u00e1tica: 5 quest\u00f5es<\/li>\n\n\n\n<li>Conhecimentos Gerais: 10 quest\u00f5es<\/li>\n<\/ul>\n<\/li>\n<\/ul>\n\n\n\n<ul>\n<li><strong>Superior<\/strong>\n<ul>\n<li>Portugu\u00eas: 10 quest\u00f5es<\/li>\n\n\n\n<li>Racioc\u00ednio L\u00f3gico: 5 quest\u00f5es<\/li>\n\n\n\n<li>No\u00e7\u00f5es de Inform\u00e1tica: 5 quest\u00f5es<\/li>\n\n\n\n<li>Conhecimentos Gerais: 5 quest\u00f5es<\/li>\n\n\n\n<li>Legisla\u00e7\u00e3o: 5 quest\u00f5es<\/li>\n\n\n\n<li>Conhecimentos Espec\u00edficos: 5 quest\u00f5es<\/li>\n<\/ul>\n<\/li>\n<\/ul>\n\n\n\n<p>A prova objetiva ser\u00e1 avaliada em uma escala de 0 a 100 pontos, sendo assim, ser\u00e1 considerado <strong>aprovado<\/strong> o candidato que obtiver, no m\u00ednimo, 60% do total de pontos atribu\u00eddos \u00e0 prova. <\/p>\n\n\n\n<h3 class=\"wp-block-heading\">Prova Pr\u00e1tica<\/h3>\n\n\n\n<p>A prova pr\u00e1tica, <strong>de car\u00e1ter eliminat\u00f3rio<\/strong>, \u00e9 exclusiva para os cargos de Motorista, Mec\u00e2nico, Oper\u00e1rio I e II, Agente Administrativo e Auxiliar Administrativo e Escolar. <\/p>\n\n\n\n<p>Essa etapa ser\u00e1 realizada em datas, locais e hor\u00e1rios que <strong>ainda ser\u00e3o divulgados<\/strong> pela banca organizadora do certame. <\/p>\n\n\n\n<p>A avalia\u00e7\u00e3o consistir\u00e1 em<strong> uma simula\u00e7\u00e3o concreta<\/strong> das atividades da fun\u00e7\u00e3o com o valor de 0 a 10 pontos. Ser\u00e1 <strong>aprovado<\/strong> o candidato que obtiver desempenho m\u00ednimo de 50%. <\/p>\n\n\n\n<h3 class=\"wp-block-heading\">Prova de T\u00edtulos<\/h3>\n\n\n\n<p>A prova de t\u00edtulos, <strong>de car\u00e1ter classificat\u00f3rio<\/strong>, \u00e9 exclusiva para todos os cargos de n\u00edvel superior. <\/p>\n\n\n\n<p>O envio dos t\u00edtulos ser\u00e1 feito atrav\u00e9s do site da banca organizadora do concurso, em datas que ainda ser\u00e3o divulgadas. <\/p>\n\n\n\n<p>Essa etapa ter\u00e1 valor total de <strong>10 pontos<\/strong> e ser\u00e3o avaliados os seguintes certificados: <\/p>\n\n\n\n<ul>\n<li>P\u00f3s-gradua\u00e7\u00e3o Lato Sensu: 2,0 pontos<\/li>\n\n\n\n<li>Mestrado: 3,0 pontos<\/li>\n\n\n\n<li>Doutorado: 5,0 pontos<\/li>\n<\/ul>\n\n\n\n<p><\/p>\n\n\n\n<p>Se voc\u00ea busca ser aprovado neste <strong>concurso<\/strong>, n\u00f3s temos <strong>material<\/strong> certo para voc\u00ea! <a href=\"https:\/\/www.editorasolucao.com.br\/concurso\/prefeitura-de-maria-da-fe-mg\" target=\"_blank\" rel=\"noreferrer noopener\">Confira aqui.\u00a0<\/a><\/p>\n","protected":false},"excerpt":{"rendered":"<p>A Prefeitura de Maria da F\u00e9, munic\u00edpio do estado de Minas Gerais, divulgou o edital do seu novo concurso que oferta 102 vagas imediatas para cargos de v\u00e1rios n\u00edveis de escolaridade. As remunera\u00e7\u00f5es iniciais oferecidas chegam at\u00e9 R$ 4 mil! Se interessou pelo certame? Venha saber mais! Como posso me inscrever no concurso da Prefeitura de Maria da F\u00e9? Os interessados pelo concurso da Prefeitura de Maria da F\u00e9 poder\u00e3o se inscrever a partir das 9h do dia 5 de agosto de 2024 at\u00e9 \u00e0s 16h do dia 2 de setembro de 2024, atrav\u00e9s do site da banca organizadora do&#8230;<\/p>\n","protected":false},"author":21,"featured_media":43139,"template":"","meta":{"_acf_changed":true,"rank_math_lock_modified_date":false},"categories":[],"tags":[],"acf":[],"_links":{"self":[{"href":"https:\/\/www.editorasolucao.com.br\/blog\/wp-json\/wp\/v2\/concurso\/43138"}],"collection":[{"href":"https:\/\/www.editorasolucao.com.br\/blog\/wp-json\/wp\/v2\/concurso"}],"about":[{"href":"https:\/\/www.editorasolucao.com.br\/blog\/wp-json\/wp\/v2\/types\/concurso"}],"author":[{"embeddable":true,"href":"https:\/\/www.editorasolucao.com.br\/blog\/wp-json\/wp\/v2\/users\/21"}],"wp:featuredmedia":[{"embeddable":true,"href":"https:\/\/www.editorasolucao.com.br\/blog\/wp-json\/wp\/v2\/media\/43139"}],"wp:attachment":[{"href":"https:\/\/www.editorasolucao.com.br\/blog\/wp-json\/wp\/v2\/media?parent=43138"}],"wp:term":[{"taxonomy":"category","embeddable":true,"href":"https:\/\/www.editorasolucao.com.br\/blog\/wp-json\/wp\/v2\/categories?post=43138"},{"taxonomy":"post_tag","embeddable":true,"href":"https:\/\/www.editorasolucao.com.br\/blog\/wp-json\/wp\/v2\/tags?post=43138"}],"curies":[{"name":"wp","href":"https:\/\/api.w.org\/{rel}","templated":true}]}}