{"id":43157,"date":"2024-06-20T12:28:29","date_gmt":"2024-06-20T15:28:29","guid":{"rendered":"https:\/\/www.editorasolucao.com.br\/blog\/?post_type=concurso&#038;p=43157"},"modified":"2024-06-20T12:28:31","modified_gmt":"2024-06-20T15:28:31","slug":"prefeitura-de-sao-joao-do-ivai-pr","status":"publish","type":"concurso","link":"https:\/\/www.editorasolucao.com.br\/blog\/concurso\/prefeitura-de-sao-joao-do-ivai-pr","title":{"rendered":"Concurso Prefeitura de S\u00e3o Jo\u00e3o do Iva\u00ed: Edital publicado. 11 vagas!"},"content":{"rendered":"\n<p>Ol\u00e1, concurseiros! Foi divulgado o edital do concurso da Prefeitura de S\u00e3o Jo\u00e3o do Iva\u00ed, no estado do Paran\u00e1, que oferta <strong>11 vagas imediatas<\/strong>, al\u00e9m da forma\u00e7\u00e3o de cadastro reserva, para cargos de todos os n\u00edveis de escolaridade. As remunera\u00e7\u00f5es iniciais chamam bastante aten\u00e7\u00e3o, j\u00e1 que podem chegar at\u00e9 <strong>R$ 15 mil! <\/strong>Se interessou pelo certame? Venha saber mais! <\/p>\n\n\n\n<div id=\"ez-toc-container\" class=\"ez-toc-v2_0_69_1 counter-hierarchy ez-toc-counter ez-toc-grey ez-toc-container-direction\">\n<div class=\"ez-toc-title-container\">\n<p class=\"ez-toc-title \" >Menu de navega&ccedil;&atilde;o<\/p>\n<span class=\"ez-toc-title-toggle\"><a href=\"#\" class=\"ez-toc-pull-right ez-toc-btn ez-toc-btn-xs ez-toc-btn-default ez-toc-toggle\" aria-label=\"Toggle Table of Content\"><span class=\"ez-toc-js-icon-con\"><span class=\"\"><span class=\"eztoc-hide\" style=\"display:none;\">Toggle<\/span><span class=\"ez-toc-icon-toggle-span\"><svg style=\"fill: #999;color:#999\" xmlns=\"http:\/\/www.w3.org\/2000\/svg\" class=\"list-377408\" width=\"20px\" height=\"20px\" viewBox=\"0 0 24 24\" fill=\"none\"><path d=\"M6 6H4v2h2V6zm14 0H8v2h12V6zM4 11h2v2H4v-2zm16 0H8v2h12v-2zM4 16h2v2H4v-2zm16 0H8v2h12v-2z\" fill=\"currentColor\"><\/path><\/svg><svg style=\"fill: #999;color:#999\" class=\"arrow-unsorted-368013\" xmlns=\"http:\/\/www.w3.org\/2000\/svg\" width=\"10px\" height=\"10px\" viewBox=\"0 0 24 24\" version=\"1.2\" baseProfile=\"tiny\"><path d=\"M18.2 9.3l-6.2-6.3-6.2 6.3c-.2.2-.3.4-.3.7s.1.5.3.7c.2.2.4.3.7.3h11c.3 0 .5-.1.7-.3.2-.2.3-.5.3-.7s-.1-.5-.3-.7zM5.8 14.7l6.2 6.3 6.2-6.3c.2-.2.3-.5.3-.7s-.1-.5-.3-.7c-.2-.2-.4-.3-.7-.3h-11c-.3 0-.5.1-.7.3-.2.2-.3.5-.3.7s.1.5.3.7z\"\/><\/svg><\/span><\/span><\/span><\/a><\/span><\/div>\n<nav><ul class='ez-toc-list ez-toc-list-level-1 ' ><li class='ez-toc-page-1 ez-toc-heading-level-2'><a class=\"ez-toc-link ez-toc-heading-1\" href=\"https:\/\/www.editorasolucao.com.br\/blog\/concurso\/prefeitura-de-sao-joao-do-ivai-pr\/#As_inscricoes_para_o_concurso_da_Prefeitura_de_Sao_Joao_do_Ivai_ja_estao_abertas\" title=\"As inscri\u00e7\u00f5es para o concurso da Prefeitura de S\u00e3o Jo\u00e3o do Iva\u00ed j\u00e1 est\u00e3o abertas?\">As inscri\u00e7\u00f5es para o concurso da Prefeitura de S\u00e3o Jo\u00e3o do Iva\u00ed j\u00e1 est\u00e3o abertas?<\/a><\/li><li class='ez-toc-page-1 ez-toc-heading-level-2'><a class=\"ez-toc-link ez-toc-heading-2\" href=\"https:\/\/www.editorasolucao.com.br\/blog\/concurso\/prefeitura-de-sao-joao-do-ivai-pr\/#Quais_vagas_estao_sendo_ofertadas\" title=\"Quais vagas est\u00e3o sendo ofertadas?\">Quais vagas est\u00e3o sendo ofertadas?<\/a><\/li><li class='ez-toc-page-1 ez-toc-heading-level-2'><a class=\"ez-toc-link ez-toc-heading-3\" href=\"https:\/\/www.editorasolucao.com.br\/blog\/concurso\/prefeitura-de-sao-joao-do-ivai-pr\/#Quais_os_requisitos_para_a_investidura_dos_cargos\" title=\"Quais os requisitos para a investidura dos cargos?\">Quais os requisitos para a investidura dos cargos?<\/a><\/li><li class='ez-toc-page-1 ez-toc-heading-level-2'><a class=\"ez-toc-link ez-toc-heading-4\" href=\"https:\/\/www.editorasolucao.com.br\/blog\/concurso\/prefeitura-de-sao-joao-do-ivai-pr\/#Como_os_candidatos_do_concurso_da_Prefeitura_de_Sao_Joao_do_Ivai_serao_avaliados\" title=\"Como os candidatos do concurso da Prefeitura de S\u00e3o Jo\u00e3o do Iva\u00ed ser\u00e3o avaliados?\">Como os candidatos do concurso da Prefeitura de S\u00e3o Jo\u00e3o do Iva\u00ed ser\u00e3o avaliados?<\/a><\/li><\/ul><\/nav><\/div>\n<h2 class=\"wp-block-heading\"><span class=\"ez-toc-section\" id=\"As_inscricoes_para_o_concurso_da_Prefeitura_de_Sao_Joao_do_Ivai_ja_estao_abertas\"><\/span>As inscri\u00e7\u00f5es para o concurso da Prefeitura de S\u00e3o Jo\u00e3o do Iva\u00ed j\u00e1 est\u00e3o abertas? <span class=\"ez-toc-section-end\"><\/span><\/h2>\n\n\n\n<p>Sim! Os interessados pelo concurso da Prefeitura de S\u00e3o Jo\u00e3o do Iva\u00ed podem se inscrever at\u00e9 o dia<strong> 11 de julho de 2024<\/strong>, atrav\u00e9s do site da banca organizadora do certame, o<a href=\"https:\/\/concursos.access.org.br\/informacoes\/118\/\" target=\"_blank\" rel=\"noreferrer noopener\"> Instituto ACCESS<\/a>. <\/p>\n\n\n\n<p>Os valores das taxas de inscri\u00e7\u00e3o variam de acordo com o n\u00edvel de escolaridade do cargo escolhido, sendo<strong> R$ 70,00 <\/strong>para n\u00edvel fundamental, <strong>R$ 100,00<\/strong> para n\u00edvel m\u00e9dio\/t\u00e9cnico e <strong>R$ 150,00 <\/strong>para n\u00edvel superior. <\/p>\n\n\n\n<p>Para que sua inscri\u00e7\u00e3o seja homologada, o candidato deve efetuar o pagamento das taxas at\u00e9 a data limite de <strong>12 de julho de 2024.<\/strong> <\/p>\n\n\n\n<p>Houve a oportunidade de solicitar a isen\u00e7\u00e3o dessas taxas, mas esse per\u00edodo j\u00e1 foi encerrado. <\/p>\n\n\n\n<h2 class=\"wp-block-heading\"><span class=\"ez-toc-section\" id=\"Quais_vagas_estao_sendo_ofertadas\"><\/span>Quais vagas est\u00e3o sendo ofertadas? <span class=\"ez-toc-section-end\"><\/span><\/h2>\n\n\n\n<p>A Prefeitura de S\u00e3o Jo\u00e3o do Iva\u00ed est\u00e1 ofertando <strong>11 vagas imediatas<\/strong>, al\u00e9m da forma\u00e7\u00e3o de cadastro reserva, para cargos de todos os n\u00edveis de escolaridade. Vamos conferir com mais detalhes? <\/p>\n\n\n\n<h4 class=\"wp-block-heading\">Fundamental<\/h4>\n\n\n\n<ul>\n<li>Coveiro (1 + CR)\n<ul>\n<li>R$ 1.492,00<\/li>\n<\/ul>\n<\/li>\n\n\n\n<li>Eletricista (CR)\n<ul>\n<li>R$ 1.520,00<\/li>\n<\/ul>\n<\/li>\n\n\n\n<li>Motorista Sede (CR)\n<ul>\n<li>R$ 1.412,00<\/li>\n<\/ul>\n<\/li>\n\n\n\n<li>Operador de M\u00e1quinas (CR)\n<ul>\n<li>R$ 1.560,26<\/li>\n<\/ul>\n<\/li>\n\n\n\n<li>Pedreiro (CR)\n<ul>\n<li>R$ 1.520,00<\/li>\n<\/ul>\n<\/li>\n\n\n\n<li>Pintor (1 + CR)\n<ul>\n<li>R$ 1.492,00<\/li>\n<\/ul>\n<\/li>\n\n\n\n<li>Servente de Pedreiro (1 + CR)\n<ul>\n<li>R$ 1.412,00<\/li>\n<\/ul>\n<\/li>\n\n\n\n<li>Vigia (CR)\n<ul>\n<li>R$ 1.492,00<\/li>\n<\/ul>\n<\/li>\n<\/ul>\n\n\n\n<h4 class=\"wp-block-heading\">M\u00e9dio e T\u00e9cnico<\/h4>\n\n\n\n<ul>\n<li>Professor Regente (1+ CR)\n<ul>\n<li>R$ 2.034,37<\/li>\n<\/ul>\n<\/li>\n\n\n\n<li>T\u00e9cnico Agr\u00edcola (CR)\n<ul>\n<li>R$ 1.500,26<\/li>\n<\/ul>\n<\/li>\n\n\n\n<li>T\u00e9cnico em Inform\u00e1tica (CR)\n<ul>\n<li>R$ 1.412,00<\/li>\n<\/ul>\n<\/li>\n\n\n\n<li>T\u00e9cnico em Seguran\u00e7a do Trabalho (CR)\n<ul>\n<li>R$ 1.500,26<\/li>\n<\/ul>\n<\/li>\n\n\n\n<li>T\u00e9cnico em Enfermagem (CR)\n<ul>\n<li>R$ 3.325,00<\/li>\n<\/ul>\n<\/li>\n\n\n\n<li>T\u00e9cnico em Higiene Dent\u00e1ria (1 + CR)\n<ul>\n<li>R$ 1.500,26<\/li>\n<\/ul>\n<\/li>\n\n\n\n<li>T\u00e9cnico em Meio Ambiente (CR)\n<ul>\n<li>R$ 1.500,26<\/li>\n<\/ul>\n<\/li>\n\n\n\n<li>Agente Comunit\u00e1rio de Sa\u00fade (CR)\n<ul>\n<li>R$ 2.604,00<\/li>\n<\/ul>\n<\/li>\n\n\n\n<li>Agente de Combate \u00e0s Endemias (CR)\n<ul>\n<li>R$ 2.604,00<\/li>\n<\/ul>\n<\/li>\n\n\n\n<li>Atendente Educa\u00e7\u00e3o Infantil (1 + CR)\n<ul>\n<li>R$ 1.412,00<\/li>\n<\/ul>\n<\/li>\n\n\n\n<li>Auxiliar Administrativo I (CR)\n<ul>\n<li>R$ 1.412,00<\/li>\n<\/ul>\n<\/li>\n\n\n\n<li>Auxiliar Administrativo Sa\u00fade (CR)\n<ul>\n<li>R$ 1.412,00<\/li>\n<\/ul>\n<\/li>\n\n\n\n<li>Facilitador Oficina \u2013 Servi\u00e7o de Conveni\u00eancia (1 + CR)\n<ul>\n<li>R$ 1.518,00<\/li>\n<\/ul>\n<\/li>\n\n\n\n<li>Fiscal de Postura (CR)\n<ul>\n<li>R$ 1.412,00<\/li>\n<\/ul>\n<\/li>\n<\/ul>\n\n\n\n<h4 class=\"wp-block-heading\">Superior<\/h4>\n\n\n\n<ul>\n<li>Advogado (CR)\n<ul>\n<li>R$ 3.125,53<\/li>\n<\/ul>\n<\/li>\n\n\n\n<li>Assistente Social (CR)\n<ul>\n<li>R$ 2.039,01<\/li>\n<\/ul>\n<\/li>\n\n\n\n<li>Bibliotec\u00e1rio (CR)\n<ul>\n<li>R$ 1.412,00<\/li>\n<\/ul>\n<\/li>\n\n\n\n<li>Contador (CR)\n<ul>\n<li>R$ 4.264,38<\/li>\n<\/ul>\n<\/li>\n\n\n\n<li>Dentista (CR)\n<ul>\n<li>R$ 3.858,77<\/li>\n<\/ul>\n<\/li>\n\n\n\n<li>Enfermeiro (CR)\n<ul>\n<li>R$ 4.750,00<\/li>\n<\/ul>\n<\/li>\n\n\n\n<li>Engenheiro Agr\u00f4nomo (CR)\n<ul>\n<li>R$ 3.113,00<\/li>\n<\/ul>\n<\/li>\n\n\n\n<li>Engenheiro Civil (CR)\n<ul>\n<li>R$ 2.328,65<\/li>\n<\/ul>\n<\/li>\n\n\n\n<li>Farmac\u00eautico (CR)\n<ul>\n<li>R$ 2.293,59<\/li>\n<\/ul>\n<\/li>\n\n\n\n<li>Farmac\u00eautico Vigil\u00e2ncia Sanit\u00e1ria (CR)\n<ul>\n<li>R$ 2.204,90<\/li>\n<\/ul>\n<\/li>\n\n\n\n<li>Fisioterapeuta (CR)\n<ul>\n<li>R$ 1.933,16<\/li>\n<\/ul>\n<\/li>\n\n\n\n<li>Fonoaudi\u00f3logo (1 + CR)\n<ul>\n<li>R$ 1.933,16<\/li>\n<\/ul>\n<\/li>\n\n\n\n<li>M\u00e9dico 20 hs (CR)\n<ul>\n<li>R$ 7.500,00<\/li>\n<\/ul>\n<\/li>\n\n\n\n<li>M\u00e9dico 40 hs (1 + CR)\n<ul>\n<li>R$ 15.000,00<\/li>\n<\/ul>\n<\/li>\n\n\n\n<li>M\u00e9dico Veterin\u00e1rio (CR)\n<ul>\n<li>R$ 1.411,16<\/li>\n<\/ul>\n<\/li>\n\n\n\n<li>Nutricionista (CR)\n<ul>\n<li>R$ 1.933,16<\/li>\n<\/ul>\n<\/li>\n\n\n\n<li>Pedagogo 20 hs (CR)\n<ul>\n<li>R$ 1.933,16<\/li>\n<\/ul>\n<\/li>\n\n\n\n<li>Pedagogo 40 hs (CR)\n<ul>\n<li>R$ 4.068,28<\/li>\n<\/ul>\n<\/li>\n\n\n\n<li>Professor de Artes (CR)\n<ul>\n<li>R$ 2.034,37<\/li>\n<\/ul>\n<\/li>\n\n\n\n<li>Professor de Educa\u00e7\u00e3o F\u00edsica (CR)\n<ul>\n<li>R$ 2.034,37<\/li>\n<\/ul>\n<\/li>\n\n\n\n<li>Professor de Educa\u00e7\u00e3o Especial (CR)\n<ul>\n<li>R$ 2.034,37<\/li>\n<\/ul>\n<\/li>\n\n\n\n<li>Professor de Ingl\u00eas (CR)\n<ul>\n<li>R$ 2.034,37<\/li>\n<\/ul>\n<\/li>\n\n\n\n<li>Professor Pedagogo (1 + CR)\n<ul>\n<li>R$ 2.034,37<\/li>\n<\/ul>\n<\/li>\n\n\n\n<li>Psic\u00f3logo (CR)\n<ul>\n<li>R$ 1.933,16<\/li>\n<\/ul>\n<\/li>\n\n\n\n<li>Psicopedagogo (CR)\n<ul>\n<li>R$ 2.039,01<\/li>\n<\/ul>\n<\/li>\n\n\n\n<li>Terapeuta Ocupacional (1 + CR)\n<ul>\n<li>R$ 2.722,00<\/li>\n<\/ul>\n<\/li>\n<\/ul>\n\n\n\n<p>Os candidatos aprovados e admitidos pelo concurso dever\u00e3o cumprir uma jornada de trabalho que pode variar entre <strong>20 ou 40 horas semanais<\/strong>, a depender do cargo. <\/p>\n\n\n\n<h2 class=\"wp-block-heading\"><span class=\"ez-toc-section\" id=\"Quais_os_requisitos_para_a_investidura_dos_cargos\"><\/span>Quais os requisitos para a investidura dos cargos? <span class=\"ez-toc-section-end\"><\/span><\/h2>\n\n\n\n<p>De acordo com o edital, esses s\u00e3o os requisitos b\u00e1sicos exigidos para a nomea\u00e7\u00e3o e posse dos cargos ofertados: <\/p>\n\n\n\n<ul>\n<li>Ter sido aprovado e classificado no concurso p\u00fablico na forma estabelecida neste Edital, em seus anexos e em eventuais retifica\u00e7\u00f5es;<\/li>\n\n\n\n<li>Ter nacionalidade brasileira; no caso de nacionalidade portuguesa, estar amparado pelo estatuto de igualdade entre brasileiros e portugueses, com reconhecimento do gozo dos direitos pol\u00edticos, nos termos do \u00a71\u00ba do art. 12 da Constitui\u00e7\u00e3o da Rep\u00fablica Federativa do Brasil, na forma do disposto no art. 13 do Decreto Federal n\u00ba 70.436\/1972, e no art. 3\u00ba da Emenda Constitucional n\u00ba 19\/1998;<\/li>\n\n\n\n<li>Ter idade m\u00ednima de 18 anos completos;<\/li>\n\n\n\n<li>N\u00e3o ser aposentado por invalidez em qualquer dos regimes de previd\u00eancia;<\/li>\n\n\n\n<li>Estar em pleno gozo dos direitos pol\u00edticos;<\/li>\n\n\n\n<li>Estar quite com as obriga\u00e7\u00f5es eleitorais e, se do sexo masculino, tamb\u00e9m com as obriga\u00e7\u00f5es militares;<\/li>\n\n\n\n<li>Firmar declara\u00e7\u00e3o de n\u00e3o estar cumprindo e nem ter sofrido, no exerc\u00edcio da fun\u00e7\u00e3o p\u00fablica, penalidade por pr\u00e1tica de improbidade administrativa, aplicada por qualquer \u00f3rg\u00e3o p\u00fablico ou entidade da esfera federal, estadual ou municipal;<\/li>\n\n\n\n<li>Apresentar declara\u00e7\u00e3o quanto ao exerc\u00edcio de outro(s) cargo(s), emprego(s) ou fun\u00e7\u00e3o(\u00f5es) p\u00fablica(s) e sobre recebimento de proventos decorrentes de aposentadoria e pens\u00e3o;<\/li>\n\n\n\n<li>Firmar declara\u00e7\u00e3o de n\u00e3o estar cumprindo san\u00e7\u00e3o por inidoneidade, aplicada por qualquer \u00f3rg\u00e3o p\u00fablico ou entidade da esfera federal, estadual ou municipal;<\/li>\n\n\n\n<li>Ser considerado apto no exame admissional a ser realizado sob a responsabilidade da Equipe M\u00e9dica da Prefeitura Municipal de S\u00e3o Jo\u00e3o do Iva\u00ed-PR mediante apresenta\u00e7\u00e3o dos laudos e exames que forem por ela exigidos;<\/li>\n\n\n\n<li>Apresentar diploma ou certificado, devidamente registrado, de conclus\u00e3o de curso do n\u00edvel de escolaridade exigido, de acordo com o cargo pretendido, fornecido por institui\u00e7\u00e3o de ensino, reconhecido pelo Minist\u00e9rio da Educa\u00e7\u00e3o, conforme mencionado no item 3 deste Edital, comprovado por meio de apresenta\u00e7\u00e3o de original e c\u00f3pia do respectivo documento;<\/li>\n\n\n\n<li>N\u00e3o estar incompatibilizado com a nomea\u00e7\u00e3o para o cargo, inclusive em raz\u00e3o de demiss\u00e3o por atos de improbidade, comprovados por meio de sindic\u00e2ncia e\/ou inqu\u00e9rito administrativo, na forma da lei;<\/li>\n\n\n\n<li>N\u00e3o registrar antecedentes criminais transitados em julgado ou ter cumprido integralmente as penas cominadas;<\/li>\n\n\n\n<li>Estar apto f\u00edsica e mentalmente para o exerc\u00edcio do cargo, n\u00e3o sendo, inclusive, pessoa com defici\u00eancia incompat\u00edvel com as atribui\u00e7\u00f5es deste fato apurado pela Equipe M\u00e9dica da Prefeitura Municipal de S\u00e3o Jo\u00e3o do Iva\u00ed\/PR; e<\/li>\n\n\n\n<li>Cumprir as determina\u00e7\u00f5es deste Edital<\/li>\n<\/ul>\n\n\n\n<h2 class=\"wp-block-heading\"><span class=\"ez-toc-section\" id=\"Como_os_candidatos_do_concurso_da_Prefeitura_de_Sao_Joao_do_Ivai_serao_avaliados\"><\/span>Como os candidatos do concurso da Prefeitura de S\u00e3o Jo\u00e3o do Iva\u00ed ser\u00e3o avaliados? <span class=\"ez-toc-section-end\"><\/span><\/h2>\n\n\n\n<p>Os candidatos do concurso da Prefeitura de S\u00e3o Jo\u00e3o do Iva\u00ed ser\u00e3o avaliados por meio das seguintes etapas de sele\u00e7\u00e3o: <strong>prova objetiva<\/strong> (para todos os cargos), <strong>prova discursiva<\/strong> (para o cargo de Advogado), <strong>prova pr\u00e1tica<\/strong> (para os cargos de Eletricista, Motorista, Operador de M\u00e1quinas, Pedreiro, Servente de Pedreiro, Pintor e Coveiro) e a <strong>avalia\u00e7\u00e3o de t\u00edtulos<\/strong> (para os cargos de n\u00edvel superior). <\/p>\n\n\n\n<p>Confira com mais detalhes: <\/p>\n\n\n\n<h3 class=\"wp-block-heading\">Prova Objetiva<\/h3>\n\n\n\n<p>A prova objetiva, de car\u00e1ter eliminat\u00f3rio e classificat\u00f3rio, ser\u00e1 aplicada no dia<strong> 25 de agosto de 2024<\/strong>, nos turnos da manh\u00e3 e da tarde, em hor\u00e1rios que est\u00e3o dispon\u00edveis para a consulta no edital de abertura do certame. <\/p>\n\n\n\n<p>A avalia\u00e7\u00e3o ser\u00e1 constitu\u00edda de <strong>30 ou 40 quest\u00f5es de m\u00faltipla escolha<\/strong> versadas sobre as seguintes disciplinas: <\/p>\n\n\n\n<ul>\n<li><strong>Para os cargos de n\u00edvel superior, m\u00e9dio e fundamental sem prova pr\u00e1tica:<\/strong>\n<ul>\n<li>L\u00edngua Portuguesa: 10 quest\u00f5es<\/li>\n\n\n\n<li>Racioc\u00ednio L\u00f3gico: 5 quest\u00f5es<\/li>\n\n\n\n<li>Conhecimentos Gerais: 5 quest\u00f5es<\/li>\n\n\n\n<li>Conhecimentos Espec\u00edficos: 20 quest\u00f5es<\/li>\n<\/ul>\n<\/li>\n<\/ul>\n\n\n\n<ul>\n<li><strong>Para os cargos de n\u00edvel fundamental com prova pr\u00e1tica:<\/strong>\n<ul>\n<li>L\u00edngua Portuguesa: 10 quest\u00f5es <\/li>\n\n\n\n<li>Racioc\u00ednio L\u00f3gico: 10 quest\u00f5es <\/li>\n\n\n\n<li>Conhecimentos Gerais: 10 quest\u00f5es<\/li>\n<\/ul>\n<\/li>\n<\/ul>\n\n\n\n<p>Para ser <strong>aprovado<\/strong>, o candidato dever\u00e1 obter o m\u00ednimo de 50% da pontua\u00e7\u00e3o m\u00e1xima da sua prova objetiva e n\u00e3o poder\u00e1 obter pontua\u00e7\u00e3o igual a 0 em qualquer uma das disciplinas. <\/p>\n\n\n\n<h3 class=\"wp-block-heading\">Prova Discursiva<\/h3>\n\n\n\n<p>A prova discursiva, exclusiva para o cargo de Advogado, ser\u00e1 aplicada no<strong> mesmo dia e hor\u00e1rio<\/strong> da prova objetiva. <\/p>\n\n\n\n<p>Essa etapa tem como objetivo de avaliar o conhecimento t\u00e9cnico na \u00e1rea de atua\u00e7\u00e3o, a capacidade de<br>express\u00e3o na modalidade escrita e o uso das normas do registro formal culto da L\u00edngua Portuguesa. A resposta da prova discursiva dever\u00e1 ter a extens\u00e3o m\u00e1xima de <strong>120 linhas para o texto da pe\u00e7a processual.<\/strong><\/p>\n\n\n\n<p>A prova discursiva ser\u00e1 avaliada em uma escala de 0 a 40 pontos, sendo assim, ser\u00e1 <strong>aprovado<\/strong> o candidato  que nela obtiver nota igual ou superior a 20 pontos. <\/p>\n\n\n\n<h3 class=\"wp-block-heading\">Prova Pr\u00e1tica<\/h3>\n\n\n\n<p>A prova pr\u00e1tica, de car\u00e1ter eliminat\u00f3rio e classificat\u00f3rio, ser\u00e1 realizada na data prevista de <strong>12 e 13 de outubro de 2024. <\/strong>Somente ser\u00e3o convocados para esta etapa, os candidatos dos cargos de Eletricista, Motorista, Operador de M\u00e1quinas, Pedreiro, Servente de Pedreiro, Pintor e Coveiro.<\/p>\n\n\n\n<p>Essa etapa tem como objetivo avaliar o conhecimento pr\u00e1tico dos candidatos nos exerc\u00edcios das fun\u00e7\u00f5es dos cargos ofertados. <\/p>\n\n\n\n<p>A prova ser\u00e1 avaliada em uma escala de 0 a 40 pontos, sendo assim, ser\u00e1 <strong>aprovado<\/strong> o candidato  que nela obtiver nota igual ou superior a 20 pontos. <\/p>\n\n\n\n<h3 class=\"wp-block-heading\">Prova de T\u00edtulos<\/h3>\n\n\n\n<p>A avalia\u00e7\u00e3o de t\u00edtulos, de car\u00e1ter classificat\u00f3rio, \u00e9 exclusiva para os cargos de n\u00edvel superior. O envio dos t\u00edtulos ser\u00e1 feito, atrav\u00e9s do site da banca organizadora do certame, entre os dias<strong> 4 a 6 de novembro de 2024. <\/strong><\/p>\n\n\n\n<p>A prova se limitar\u00e1 ao valor de <strong>6 pontos<\/strong>, ainda que a soma dos valores dos t\u00edtulos apresentados seja superior a esse valor.<\/p>\n\n\n\n<p>Confira quais certificados ser\u00e3o avaliados: <\/p>\n\n\n\n<ul>\n<li>Especializa\u00e7\u00e3o: 0,5 pontos<\/li>\n\n\n\n<li>Mestrado: 2,0 pontos<\/li>\n\n\n\n<li>Doutorado: 3,0 pontos<\/li>\n<\/ul>\n\n\n\n<p><\/p>\n\n\n\n<p>Se voc\u00ea busca ser aprovado neste <strong>concurso<\/strong>, n\u00f3s temos <strong>material<\/strong> certo para voc\u00ea! <a href=\"https:\/\/www.editorasolucao.com.br\/catalogsearch\/result\/?q=s%C3%A3o+jo%C3%A3o+do+iva%C3%AD\" target=\"_blank\" rel=\"noreferrer noopener\">Confira aqui<\/a>.\u00a0<\/p>\n","protected":false},"excerpt":{"rendered":"<p>Ol\u00e1, concurseiros! Foi divulgado o edital do concurso da Prefeitura de S\u00e3o Jo\u00e3o do Iva\u00ed, no estado do Paran\u00e1, que oferta 11 vagas imediatas, al\u00e9m da forma\u00e7\u00e3o de cadastro reserva, para cargos de todos os n\u00edveis de escolaridade. As remunera\u00e7\u00f5es iniciais chamam bastante aten\u00e7\u00e3o, j\u00e1 que podem chegar at\u00e9 R$ 15 mil! Se interessou pelo certame? Venha saber mais! As inscri\u00e7\u00f5es para o concurso da Prefeitura de S\u00e3o Jo\u00e3o do Iva\u00ed j\u00e1 est\u00e3o abertas? Sim! Os interessados pelo concurso da Prefeitura de S\u00e3o Jo\u00e3o do Iva\u00ed podem se inscrever at\u00e9 o dia 11 de julho de 2024, atrav\u00e9s do site&#8230;<\/p>\n","protected":false},"author":21,"featured_media":43158,"template":"","meta":{"_acf_changed":true,"rank_math_lock_modified_date":false},"categories":[],"tags":[],"acf":[],"_links":{"self":[{"href":"https:\/\/www.editorasolucao.com.br\/blog\/wp-json\/wp\/v2\/concurso\/43157"}],"collection":[{"href":"https:\/\/www.editorasolucao.com.br\/blog\/wp-json\/wp\/v2\/concurso"}],"about":[{"href":"https:\/\/www.editorasolucao.com.br\/blog\/wp-json\/wp\/v2\/types\/concurso"}],"author":[{"embeddable":true,"href":"https:\/\/www.editorasolucao.com.br\/blog\/wp-json\/wp\/v2\/users\/21"}],"wp:featuredmedia":[{"embeddable":true,"href":"https:\/\/www.editorasolucao.com.br\/blog\/wp-json\/wp\/v2\/media\/43158"}],"wp:attachment":[{"href":"https:\/\/www.editorasolucao.com.br\/blog\/wp-json\/wp\/v2\/media?parent=43157"}],"wp:term":[{"taxonomy":"category","embeddable":true,"href":"https:\/\/www.editorasolucao.com.br\/blog\/wp-json\/wp\/v2\/categories?post=43157"},{"taxonomy":"post_tag","embeddable":true,"href":"https:\/\/www.editorasolucao.com.br\/blog\/wp-json\/wp\/v2\/tags?post=43157"}],"curies":[{"name":"wp","href":"https:\/\/api.w.org\/{rel}","templated":true}]}}