{"id":43226,"date":"2024-06-26T09:17:20","date_gmt":"2024-06-26T12:17:20","guid":{"rendered":"https:\/\/www.editorasolucao.com.br\/blog\/?post_type=concurso&#038;p=43226"},"modified":"2024-06-26T09:17:24","modified_gmt":"2024-06-26T12:17:24","slug":"prefeitura-de-manoel-emidio-pi","status":"publish","type":"concurso","link":"https:\/\/www.editorasolucao.com.br\/blog\/concurso\/prefeitura-de-manoel-emidio-pi","title":{"rendered":"Concurso Prefeitura de Manoel Em\u00eddio: Saiu edital com 84 vagas!"},"content":{"rendered":"\n<p>Ol\u00e1, concurseiros! A Prefeitura de Manoel Em\u00eddio, no estado do Piau\u00ed, divulgou o edital do seu novo concurso que oferta <strong>84 vagas imediatas<\/strong> para cargos de todos os n\u00edveis de escolaridade. As remunera\u00e7\u00f5es iniciais chama bastante aten\u00e7\u00e3o, j\u00e1 que podem chegar at\u00e9 <strong>R$ 8 mil!<\/strong> Se interessou pelo certame? Venha saber mais! <\/p>\n\n\n\n<div id=\"ez-toc-container\" class=\"ez-toc-v2_0_69_1 counter-hierarchy ez-toc-counter ez-toc-grey ez-toc-container-direction\">\n<div class=\"ez-toc-title-container\">\n<p class=\"ez-toc-title \" >Menu de navega&ccedil;&atilde;o<\/p>\n<span class=\"ez-toc-title-toggle\"><a href=\"#\" class=\"ez-toc-pull-right ez-toc-btn ez-toc-btn-xs ez-toc-btn-default ez-toc-toggle\" aria-label=\"Toggle Table of Content\"><span class=\"ez-toc-js-icon-con\"><span class=\"\"><span class=\"eztoc-hide\" style=\"display:none;\">Toggle<\/span><span class=\"ez-toc-icon-toggle-span\"><svg style=\"fill: #999;color:#999\" xmlns=\"http:\/\/www.w3.org\/2000\/svg\" class=\"list-377408\" width=\"20px\" height=\"20px\" viewBox=\"0 0 24 24\" fill=\"none\"><path d=\"M6 6H4v2h2V6zm14 0H8v2h12V6zM4 11h2v2H4v-2zm16 0H8v2h12v-2zM4 16h2v2H4v-2zm16 0H8v2h12v-2z\" fill=\"currentColor\"><\/path><\/svg><svg style=\"fill: #999;color:#999\" class=\"arrow-unsorted-368013\" xmlns=\"http:\/\/www.w3.org\/2000\/svg\" width=\"10px\" height=\"10px\" viewBox=\"0 0 24 24\" version=\"1.2\" baseProfile=\"tiny\"><path d=\"M18.2 9.3l-6.2-6.3-6.2 6.3c-.2.2-.3.4-.3.7s.1.5.3.7c.2.2.4.3.7.3h11c.3 0 .5-.1.7-.3.2-.2.3-.5.3-.7s-.1-.5-.3-.7zM5.8 14.7l6.2 6.3 6.2-6.3c.2-.2.3-.5.3-.7s-.1-.5-.3-.7c-.2-.2-.4-.3-.7-.3h-11c-.3 0-.5.1-.7.3-.2.2-.3.5-.3.7s.1.5.3.7z\"\/><\/svg><\/span><\/span><\/span><\/a><\/span><\/div>\n<nav><ul class='ez-toc-list ez-toc-list-level-1 ' ><li class='ez-toc-page-1 ez-toc-heading-level-2'><a class=\"ez-toc-link ez-toc-heading-1\" href=\"https:\/\/www.editorasolucao.com.br\/blog\/concurso\/prefeitura-de-manoel-emidio-pi\/#Como_posso_me_inscrever_para_o_concurso_da_Prefeitura_de_Manoel_Emidio\" title=\"Como posso me inscrever para o concurso da Prefeitura de Manoel Em\u00eddio?\">Como posso me inscrever para o concurso da Prefeitura de Manoel Em\u00eddio?<\/a><\/li><li class='ez-toc-page-1 ez-toc-heading-level-2'><a class=\"ez-toc-link ez-toc-heading-2\" href=\"https:\/\/www.editorasolucao.com.br\/blog\/concurso\/prefeitura-de-manoel-emidio-pi\/#Quais_vagas_estao_sendo_ofertadas\" title=\"Quais vagas est\u00e3o sendo ofertadas?\">Quais vagas est\u00e3o sendo ofertadas?<\/a><\/li><li class='ez-toc-page-1 ez-toc-heading-level-2'><a class=\"ez-toc-link ez-toc-heading-3\" href=\"https:\/\/www.editorasolucao.com.br\/blog\/concurso\/prefeitura-de-manoel-emidio-pi\/#Quais_sao_os_requisitos_para_a_investidura_dos_cargos\" title=\"Quais s\u00e3o os requisitos para a investidura dos cargos?\">Quais s\u00e3o os requisitos para a investidura dos cargos?<\/a><\/li><li class='ez-toc-page-1 ez-toc-heading-level-2'><a class=\"ez-toc-link ez-toc-heading-4\" href=\"https:\/\/www.editorasolucao.com.br\/blog\/concurso\/prefeitura-de-manoel-emidio-pi\/#Como_os_candidatos_do_concurso_da_Prefeitura_de_Manoel_Emidio_serao_avaliados\" title=\"Como os candidatos do concurso da Prefeitura de Manoel Em\u00eddio ser\u00e3o avaliados?\">Como os candidatos do concurso da Prefeitura de Manoel Em\u00eddio ser\u00e3o avaliados?<\/a><\/li><\/ul><\/nav><\/div>\n<h2 class=\"wp-block-heading\"><span class=\"ez-toc-section\" id=\"Como_posso_me_inscrever_para_o_concurso_da_Prefeitura_de_Manoel_Emidio\"><\/span>Como posso me inscrever para o concurso da Prefeitura de Manoel Em\u00eddio? <span class=\"ez-toc-section-end\"><\/span><\/h2>\n\n\n\n<p>Os interessados pelo concurso da Prefeitura de Manoel Em\u00eddio devem se inscrever at\u00e9 o dia<strong> 22 de julho de 2024, <\/strong>atrav\u00e9s do site da banca organizadora do certame, o <a href=\"https:\/\/www.legatus.org.br\/concursos\/124\/municipio-de-manoel-emidio-pi\/\" target=\"_blank\" rel=\"noreferrer noopener\">Instituto Legatus<\/a>. <\/p>\n\n\n\n<p>Os valores das taxas de inscri\u00e7\u00e3o variam de acordo com o n\u00edvel de escolaridade do cargo pretendido, sendo <strong>R$ 85,00<\/strong> para n\u00edvel fundamental, <strong>R$ 100,00<\/strong> para n\u00edvel m\u00e9dio\/t\u00e9cnico e <strong>R$ 130,00 <\/strong>para n\u00edvel superior. <\/p>\n\n\n\n<p>Para que sua inscri\u00e7\u00e3o seja homologada, o candidato deve efetuar o pagamento das taxas at\u00e9 a data limite de <strong>23 de julho de 2024<\/strong>. <\/p>\n\n\n\n<p>Os candidatos que se encaixem nos requisitos exigidos pelo edital, poder\u00e3o solicitar isen\u00e7\u00e3o dessas taxas. O per\u00edodo para a solicita\u00e7\u00e3o <strong>n\u00e3o foi informado<\/strong> no certame. <\/p>\n\n\n\n<h2 class=\"wp-block-heading\"><span class=\"ez-toc-section\" id=\"Quais_vagas_estao_sendo_ofertadas\"><\/span>Quais vagas est\u00e3o sendo ofertadas? <span class=\"ez-toc-section-end\"><\/span><\/h2>\n\n\n\n<p>A Prefeitura de Manoel Em\u00eddio est\u00e1 ofertando<strong> 84 vagas imediatas <\/strong>para cargos de todos os n\u00edveis de escolaridade. Confira como essas oportunidades est\u00e3o sendo distribu\u00eddas e suas remunera\u00e7\u00f5es: <\/p>\n\n\n\n<h4 class=\"wp-block-heading\">Fundamental<\/h4>\n\n\n\n<ul>\n<li>Auxiliar de Servi\u00e7os Gerais (14 vagas)\n<ul>\n<li>R$ 1.412,00<\/li>\n<\/ul>\n<\/li>\n\n\n\n<li>Motorista AB (2 vagas)\n<ul>\n<li>R$ 1.412,00<\/li>\n<\/ul>\n<\/li>\n\n\n\n<li>Motorista D (4 vagas)\n<ul>\n<li>R$ 1.590,00<\/li>\n<\/ul>\n<\/li>\n\n\n\n<li>Vigia (3 vagas)\n<ul>\n<li>R$ 1.412,00<\/li>\n<\/ul>\n<\/li>\n<\/ul>\n\n\n\n<h4 class=\"wp-block-heading\">M\u00e9dio e T\u00e9cnico<\/h4>\n\n\n\n<ul>\n<li>Agente Comunit\u00e1rio de Sa\u00fade (1 vaga)\n<ul>\n<li>R$ 2.824,00<\/li>\n<\/ul>\n<\/li>\n\n\n\n<li><a href=\"https:\/\/www.editorasolucao.com.br\/apostila\/prefeitura-manoel-emidio-pi-agente-combate-endemias\" target=\"_blank\" rel=\"noreferrer noopener\">Agente de Combate a Endemias (3 vagas)<\/a>\n<ul>\n<li>R$ 2.824,00<\/li>\n<\/ul>\n<\/li>\n\n\n\n<li><a href=\"https:\/\/www.editorasolucao.com.br\/apostila\/prefeitura-manoel-emidio-pi-auxiliar-administrativo\" target=\"_blank\" rel=\"noreferrer noopener\">Auxiliar Administrativo (3 vagas)<\/a>\n<ul>\n<li>R$ 1.730,00<\/li>\n<\/ul>\n<\/li>\n\n\n\n<li>Fiscal de Tributos (1 vaga)\n<ul>\n<li>R$ 1.730,00<\/li>\n<\/ul>\n<\/li>\n\n\n\n<li>Monitor de \u00d4nibus Escolar (2 vagas)\n<ul>\n<li>R$ 1.412,00<\/li>\n<\/ul>\n<\/li>\n\n\n\n<li>T\u00e9cnico Agropecu\u00e1rio (1 vaga)\n<ul>\n<li>R$ 1.590,00<\/li>\n<\/ul>\n<\/li>\n\n\n\n<li>T\u00e9cnico de Cadastro \u00danico do CRAS (1 vaga)\n<ul>\n<li>R$ 1.590,00<\/li>\n<\/ul>\n<\/li>\n\n\n\n<li>T\u00e9cnico em Enfermagem (5 vagas)\n<ul>\n<li>R$ 3.325,00<\/li>\n<\/ul>\n<\/li>\n\n\n\n<li>T\u00e9cnico em Sa\u00fade Bucal (2 vagas)\n<ul>\n<li>R$ 1.712,00<\/li>\n<\/ul>\n<\/li>\n<\/ul>\n\n\n\n<h4 class=\"wp-block-heading\">Superior<\/h4>\n\n\n\n<ul>\n<li>Administrador (2 vagas)\n<ul>\n<li>R$ 2.400,00<\/li>\n<\/ul>\n<\/li>\n\n\n\n<li>Assistente Social (2 vagas)\n<ul>\n<li>R$ 2.600,00<\/li>\n<\/ul>\n<\/li>\n\n\n\n<li>Bioqu\u00edmico (1 vaga)\n<ul>\n<li>R$ 3.000,00<\/li>\n<\/ul>\n<\/li>\n\n\n\n<li>Dentista (1 vaga)\n<ul>\n<li>R$ 3.000.00<\/li>\n<\/ul>\n<\/li>\n\n\n\n<li>Educador F\u00edsico (2 vagas)\n<ul>\n<li>R$ 2.400,00<\/li>\n<\/ul>\n<\/li>\n\n\n\n<li>Enfermeiro (2 vagas)\n<ul>\n<li>R$ 4.318,00<\/li>\n<\/ul>\n<\/li>\n\n\n\n<li>Farmac\u00eautico (1 vaga)\n<ul>\n<li>R$ 2.450,27<\/li>\n<\/ul>\n<\/li>\n\n\n\n<li>Fiscal Ambiental (1 vaga)\n<ul>\n<li>R$ 2.400,00<\/li>\n<\/ul>\n<\/li>\n\n\n\n<li>Fisioterapeuta (2 vagas)\n<ul>\n<li>R$ 2.700,00<\/li>\n<\/ul>\n<\/li>\n\n\n\n<li>Fonoaudi\u00f3logo (1 vaga)\n<ul>\n<li>R$ 3.000,00<\/li>\n<\/ul>\n<\/li>\n\n\n\n<li>M\u00e9dico (2 vagas)\n<ul>\n<li>R$ 8.295,00<\/li>\n<\/ul>\n<\/li>\n\n\n\n<li>Nutricionista (3 vagas)\n<ul>\n<li>R$ 2.700,00<\/li>\n<\/ul>\n<\/li>\n\n\n\n<li>Psic\u00f3logo (2 vagas)\n<ul>\n<li>R$ 2.700,00<\/li>\n<\/ul>\n<\/li>\n\n\n\n<li>Professor de Educa\u00e7\u00e3o Especial (2 vagas)\n<ul>\n<li>R$ 2.290,00<\/li>\n<\/ul>\n<\/li>\n\n\n\n<li>Professor de Educa\u00e7\u00e3o F\u00edsica (2 vagas)\n<ul>\n<li>R$ 2.290,00<\/li>\n<\/ul>\n<\/li>\n\n\n\n<li>Professor de Ensino Infantil (9 vagas)\n<ul>\n<li>R$ 2.290,00<\/li>\n<\/ul>\n<\/li>\n\n\n\n<li>Professor de L\u00edngua Inglesa (2 vagas)\n<ul>\n<li>R$ 2.290,00<\/li>\n<\/ul>\n<\/li>\n\n\n\n<li>Professor do Ensino Fundamental \u2013 1\u00b0 ao 5\u00b0 ano (4 vagas)\n<ul>\n<li>R$ 2.290,00<\/li>\n<\/ul>\n<\/li>\n<\/ul>\n\n\n\n<p><\/p>\n\n\n\n<p>Os candidatos aprovados e admitidos no concurso dever\u00e3o cumprir uma jornada de trabalho que pode variar entre<strong> 20, 30 ou 40 horas semanais<\/strong>, a depender do cargo. <\/p>\n\n\n\n<h2 class=\"wp-block-heading\"><span class=\"ez-toc-section\" id=\"Quais_sao_os_requisitos_para_a_investidura_dos_cargos\"><\/span>Quais s\u00e3o os requisitos para a investidura dos cargos? <span class=\"ez-toc-section-end\"><\/span><\/h2>\n\n\n\n<p>De acordo com o edital, esses s\u00e3o os requisitos b\u00e1sicos exigidos para a nomea\u00e7\u00e3o e posse dos cargos ofertados: <\/p>\n\n\n\n<ul>\n<li>Ter sido aprovado e classificado no concurso p\u00fablico na forma estabelecida neste Edital, seus anexos e eventuais retifica\u00e7\u00f5es;<\/li>\n\n\n\n<li>Ter nacionalidade brasileira, e no caso de nacionalidade portuguesa, estar amparado pelo estatuto de igualdade entre brasileiros e portugueses, com reconhecimento do gozo dos direitos pol\u00edticos, nos termos do \u00a71\u00ba do Art. 12 da Constitui\u00e7\u00e3o da Rep\u00fablica Federativa do Brasil e na forma do disposto no Art. 13 do Decreto Federal n. 70.436, de 18 de abril de 1972;<\/li>\n\n\n\n<li>Ter idade m\u00ednima de 18 anos completos;<\/li>\n\n\n\n<li>Estar em gozo dos direitos pol\u00edticos e civis;<\/li>\n\n\n\n<li>Estar quite com as obriga\u00e7\u00f5es eleitorais e, se do sexo masculino, tamb\u00e9m com as militares;<\/li>\n\n\n\n<li>Firmar declara\u00e7\u00e3o de n\u00e3o estar cumprindo e nem ter sofrido, no exerc\u00edcio da fun\u00e7\u00e3o p\u00fablica, penalidade por pr\u00e1tica de improbidade administrativa aplicada por qualquer \u00f3rg\u00e3o p\u00fablico ou entidade da esfera federal, estadual ou municipal;<\/li>\n\n\n\n<li>N\u00e3o estar em exerc\u00edcio remunerado de qualquer cargo, fun\u00e7\u00e3o ou emprego p\u00fablico em quaisquer dos \u00f3rg\u00e3os da Administra\u00e7\u00e3o P\u00fablica direta ou indiretamente, bem como n\u00e3o receber proventos de aposentadoria que n\u00e3o sejam acumul\u00e1veis quando em atividade, ressalvadas as hip\u00f3teses legais de acumula\u00e7\u00e3o;<\/li>\n\n\n\n<li>Apresentar declara\u00e7\u00e3o de bens e valores que constituam patrim\u00f4nio, e, se casado(a), a do c\u00f4njuge;<\/li>\n\n\n\n<li>Firmar declara\u00e7\u00e3o de n\u00e3o estar cumprindo san\u00e7\u00e3o por inidoneidade, aplicada por qualquer \u00f3rg\u00e3o p\u00fablico ou entidade da esfera federal, estadual ou municipal;<\/li>\n\n\n\n<li>Apresentar diploma, devidamente registrado, de conclus\u00e3o de curso, ou, na sua falta, certid\u00e3o de conclus\u00e3o de curso, expedido por institui\u00e7\u00e3o de ensino reconhecida pelo Minist\u00e9rio da Educa\u00e7\u00e3o-MEC, acompanhado de hist\u00f3rico escolar, quando os requisitos necess\u00e1rios para o exerc\u00edcio do cargo assim o exigirem;<\/li>\n\n\n\n<li>N\u00e3o ter sido condenado a pena privativa de liberdade transitada em julgado ou qualquer outra condena\u00e7\u00e3o incompat\u00edvel com a fun\u00e7\u00e3o p\u00fablica;<\/li>\n\n\n\n<li>Estar apto f\u00edsica e mentalmente para o exerc\u00edcio do cargo, fato que pode ser apurado por equipe de avalia\u00e7\u00e3o multiprofissional a ser designada pela Prefeitura Municipal, inclusive mediante a apresenta\u00e7\u00e3o de exames e\/ou atestado de sa\u00fade;<\/li>\n\n\n\n<li>Para o cargo de Agente Comunit\u00e1rio de Sa\u00fade, residir no munic\u00edpio de Manoel Em\u00eddio desde a data de publica\u00e7\u00e3o deste edital.<\/li>\n<\/ul>\n\n\n\n<h2 class=\"wp-block-heading\"><span class=\"ez-toc-section\" id=\"Como_os_candidatos_do_concurso_da_Prefeitura_de_Manoel_Emidio_serao_avaliados\"><\/span>Como os candidatos do concurso da Prefeitura de Manoel Em\u00eddio ser\u00e3o avaliados? <span class=\"ez-toc-section-end\"><\/span><\/h2>\n\n\n\n<p>Os candidatos do concurso da Prefeitura de Manoel Em\u00eddio ser\u00e3o avaliados por meio das seguintes etapas de sele\u00e7\u00e3o: <strong>prova objetiva<\/strong> (para todos os cargos) e a <strong>prova de t\u00edtulos<\/strong> (para o cargo de Professor). Vamos conferir com mais detalhes essas etapas? <\/p>\n\n\n\n<h3 class=\"wp-block-heading\">Prova Objetiva<\/h3>\n\n\n\n<p>A prova objetiva, de car\u00e1ter eliminat\u00f3rio e classificat\u00f3rio, ser\u00e1 aplicada na data prevista de<strong> 1\u00b0 de setembro de 2024<\/strong>, no<strong> turno da manh\u00e3<\/strong> para os cargos de n\u00edveis fundamental e superior, j\u00e1 o<strong> turno da tarde <\/strong>ser\u00e1 reservado aos cargos de n\u00edveis m\u00e9dio e t\u00e9cnico. <\/p>\n\n\n\n<p>A avalia\u00e7\u00e3o ser\u00e1 constitu\u00edda de <strong>40 quest\u00f5es de m\u00faltipla escolha<\/strong> sobre os seguintes conte\u00fados: <\/p>\n\n\n\n<ul>\n<li><strong>Superior, M\u00e9dio e T\u00e9cnico <\/strong>\n<ul>\n<li>L\u00edngua Portuguesa: 10 quest\u00f5es<\/li>\n\n\n\n<li>Racioc\u00ednio L\u00f3gico Matem\u00e1tico: 5 quest\u00f5es <\/li>\n\n\n\n<li>No\u00e7\u00f5es de Inform\u00e1tica: 5 quest\u00f5es<\/li>\n\n\n\n<li>Conhecimentos Espec\u00edficos e Locais: 20 quest\u00f5es<\/li>\n<\/ul>\n<\/li>\n<\/ul>\n\n\n\n<ul>\n<li><strong>Superior &#8211; professor<\/strong>\n<ul>\n<li>L\u00edngua Portuguesa: 10 quest\u00f5es <\/li>\n\n\n\n<li>No\u00e7\u00f5es de Inform\u00e1tica: 5 quest\u00f5es <\/li>\n\n\n\n<li>Conhecimentos Pedag\u00f3gicos: 5 quest\u00f5es <\/li>\n\n\n\n<li>Conhecimentos Espec\u00edficos e Locais: 20 quest\u00f5es<\/li>\n<\/ul>\n<\/li>\n<\/ul>\n\n\n\n<ul>\n<li><strong>Fundamental<\/strong>\n<ul>\n<li>L\u00edngua Portuguesa: 10 quest\u00f5es <\/li>\n\n\n\n<li>Racioc\u00ednio L\u00f3gico Matem\u00e1tico: 5 quest\u00f5es <\/li>\n\n\n\n<li>Atualidades: 5 quest\u00f5es <\/li>\n\n\n\n<li>Conhecimentos Espec\u00edficos e Locais: 20 quest\u00f5es<\/li>\n<\/ul>\n<\/li>\n<\/ul>\n\n\n\n<p><\/p>\n\n\n\n<p>A prova objetiva ser\u00e1 avaliada em uma escala de 0 a 100 pontos, sendo assim, ser\u00e1<strong> aprovado <\/strong>o candidato que obtiver nota igual ou superior a 60 pontos. <\/p>\n\n\n\n<h3 class=\"wp-block-heading\">Prova de T\u00edtulos<\/h3>\n\n\n\n<p>A prova de t\u00edtulos, de car\u00e1ter classificat\u00f3rio, \u00e9 exclusiva para o cargo de Professor (todas as especialidades). <\/p>\n\n\n\n<p>Ainda n\u00e3o foi divulgado como o envio dos t\u00edtulos ser\u00e1 feito. <\/p>\n\n\n\n<p>Essa etapa ter\u00e1 pontua\u00e7\u00e3o m\u00e1xima de <strong>10 pontos<\/strong>, ainda que a soma dos valores dos t\u00edtulos apresentados seja superior a esse valor.<\/p>\n\n\n\n<p>Confira quais certificados ser\u00e3o avaliados: <\/p>\n\n\n\n<ul>\n<li>Especializa\u00e7\u00e3o: 1,0 ponto<\/li>\n\n\n\n<li>Mestrado: 3,0 pontos<\/li>\n\n\n\n<li>Doutorado: 5,0 pontos<\/li>\n<\/ul>\n\n\n\n<p><\/p>\n\n\n\n<p>Se voc\u00ea busca ser aprovado neste <strong>concurso<\/strong>, n\u00f3s temos <strong>material<\/strong> certo para voc\u00ea! <a href=\"https:\/\/www.editorasolucao.com.br\/concurso\/prefeitura-de-manoel-emidio-pi\" target=\"_blank\" rel=\"noreferrer noopener\">Confira aqui<\/a>.\u00a0<\/p>\n","protected":false},"excerpt":{"rendered":"<p>Ol\u00e1, concurseiros! A Prefeitura de Manoel Em\u00eddio, no estado do Piau\u00ed, divulgou o edital do seu novo concurso que oferta 84 vagas imediatas para cargos de todos os n\u00edveis de escolaridade. As remunera\u00e7\u00f5es iniciais chama bastante aten\u00e7\u00e3o, j\u00e1 que podem chegar at\u00e9 R$ 8 mil! Se interessou pelo certame? Venha saber mais! Como posso me inscrever para o concurso da Prefeitura de Manoel Em\u00eddio? Os interessados pelo concurso da Prefeitura de Manoel Em\u00eddio devem se inscrever at\u00e9 o dia 22 de julho de 2024, atrav\u00e9s do site da banca organizadora do certame, o Instituto Legatus. Os valores das taxas de&#8230;<\/p>\n","protected":false},"author":21,"featured_media":43227,"template":"","meta":{"_acf_changed":true,"rank_math_lock_modified_date":false},"categories":[],"tags":[],"acf":[],"_links":{"self":[{"href":"https:\/\/www.editorasolucao.com.br\/blog\/wp-json\/wp\/v2\/concurso\/43226"}],"collection":[{"href":"https:\/\/www.editorasolucao.com.br\/blog\/wp-json\/wp\/v2\/concurso"}],"about":[{"href":"https:\/\/www.editorasolucao.com.br\/blog\/wp-json\/wp\/v2\/types\/concurso"}],"author":[{"embeddable":true,"href":"https:\/\/www.editorasolucao.com.br\/blog\/wp-json\/wp\/v2\/users\/21"}],"wp:featuredmedia":[{"embeddable":true,"href":"https:\/\/www.editorasolucao.com.br\/blog\/wp-json\/wp\/v2\/media\/43227"}],"wp:attachment":[{"href":"https:\/\/www.editorasolucao.com.br\/blog\/wp-json\/wp\/v2\/media?parent=43226"}],"wp:term":[{"taxonomy":"category","embeddable":true,"href":"https:\/\/www.editorasolucao.com.br\/blog\/wp-json\/wp\/v2\/categories?post=43226"},{"taxonomy":"post_tag","embeddable":true,"href":"https:\/\/www.editorasolucao.com.br\/blog\/wp-json\/wp\/v2\/tags?post=43226"}],"curies":[{"name":"wp","href":"https:\/\/api.w.org\/{rel}","templated":true}]}}