{"id":4324,"date":"2023-11-27T08:00:00","date_gmt":"2023-11-27T11:00:00","guid":{"rendered":"https:\/\/www.editorasolucao.com.br\/blog\/?post_type=concurso&#038;p=4324"},"modified":"2023-11-27T10:15:35","modified_gmt":"2023-11-27T13:15:35","slug":"camara-de-caldas-novas-go","status":"publish","type":"concurso","link":"https:\/\/www.editorasolucao.com.br\/blog\/concurso\/camara-de-caldas-novas-go","title":{"rendered":"Concurso C\u00e2mara de Caldas Novas-GO: Saiu o edital. 68 vagas!"},"content":{"rendered":"\n<p>Saiu o edital do concurso C\u00e2mara de Caldas Novas, no estado de <a href=\"https:\/\/www.editorasolucao.com.br\/blog\/concursos-previstos-go\">Goi\u00e1s<\/a>, e veio trazendo a oferta de 68 vagas entre imediatas e para forma\u00e7\u00e3o de cadastro reserva, com oportunidades para cargos de <strong>n\u00edveis fundamental, m\u00e9dio e superior de escolaridade<\/strong> e sal\u00e1rios de at\u00e9 R$ 3.946,94! Ficou interessado? Confira os demais detalhes no decorrer da not\u00edcia. \ud83d\ude09<\/p>\n\n\n\n<ul><li><a href=\"#inscri\u00e7\u00f5es\">Inscri\u00e7\u00f5es<\/a><\/li><li><a href=\"#cargos\">Cargos, vagas e sal\u00e1rios<\/a><\/li><li><a href=\"#requisitos\">Requisitos<\/a><\/li><li><a href=\"#etapas\">Etapas de sele\u00e7\u00e3o<\/a><\/li><\/ul>\n\n\n\n<div id=\"ez-toc-container\" class=\"ez-toc-v2_0_69_1 counter-hierarchy ez-toc-counter ez-toc-grey ez-toc-container-direction\">\n<div class=\"ez-toc-title-container\">\n<p class=\"ez-toc-title \" >Menu de navega&ccedil;&atilde;o<\/p>\n<span class=\"ez-toc-title-toggle\"><a href=\"#\" class=\"ez-toc-pull-right ez-toc-btn ez-toc-btn-xs ez-toc-btn-default ez-toc-toggle\" aria-label=\"Toggle Table of Content\"><span class=\"ez-toc-js-icon-con\"><span class=\"\"><span class=\"eztoc-hide\" style=\"display:none;\">Toggle<\/span><span class=\"ez-toc-icon-toggle-span\"><svg style=\"fill: #999;color:#999\" xmlns=\"http:\/\/www.w3.org\/2000\/svg\" class=\"list-377408\" width=\"20px\" height=\"20px\" viewBox=\"0 0 24 24\" fill=\"none\"><path d=\"M6 6H4v2h2V6zm14 0H8v2h12V6zM4 11h2v2H4v-2zm16 0H8v2h12v-2zM4 16h2v2H4v-2zm16 0H8v2h12v-2z\" fill=\"currentColor\"><\/path><\/svg><svg style=\"fill: #999;color:#999\" class=\"arrow-unsorted-368013\" xmlns=\"http:\/\/www.w3.org\/2000\/svg\" width=\"10px\" height=\"10px\" viewBox=\"0 0 24 24\" version=\"1.2\" baseProfile=\"tiny\"><path d=\"M18.2 9.3l-6.2-6.3-6.2 6.3c-.2.2-.3.4-.3.7s.1.5.3.7c.2.2.4.3.7.3h11c.3 0 .5-.1.7-.3.2-.2.3-.5.3-.7s-.1-.5-.3-.7zM5.8 14.7l6.2 6.3 6.2-6.3c.2-.2.3-.5.3-.7s-.1-.5-.3-.7c-.2-.2-.4-.3-.7-.3h-11c-.3 0-.5.1-.7.3-.2.2-.3.5-.3.7s.1.5.3.7z\"\/><\/svg><\/span><\/span><\/span><\/a><\/span><\/div>\n<nav><ul class='ez-toc-list ez-toc-list-level-1 ' ><li class='ez-toc-page-1 ez-toc-heading-level-2'><a class=\"ez-toc-link ez-toc-heading-1\" href=\"https:\/\/www.editorasolucao.com.br\/blog\/concurso\/camara-de-caldas-novas-go\/#Como_serao_as_inscricoes_do_concurso_Camara_de_Caldas_Novas-GO\" title=\"Como ser\u00e3o as inscri\u00e7\u00f5es do concurso C\u00e2mara de Caldas Novas-GO\">Como ser\u00e3o as inscri\u00e7\u00f5es do concurso C\u00e2mara de Caldas Novas-GO<\/a><\/li><li class='ez-toc-page-1 ez-toc-heading-level-2'><a class=\"ez-toc-link ez-toc-heading-2\" href=\"https:\/\/www.editorasolucao.com.br\/blog\/concurso\/camara-de-caldas-novas-go\/#Cargos_vagas_e_salarios_do_concurso_Camara_de_Caldas_Novas-GO\" title=\"Cargos, vagas e sal\u00e1rios do concurso C\u00e2mara de Caldas Novas-GO\">Cargos, vagas e sal\u00e1rios do concurso C\u00e2mara de Caldas Novas-GO<\/a><\/li><li class='ez-toc-page-1 ez-toc-heading-level-2'><a class=\"ez-toc-link ez-toc-heading-3\" href=\"https:\/\/www.editorasolucao.com.br\/blog\/concurso\/camara-de-caldas-novas-go\/#Quais_sao_os_requisitos_para_participar_do_concurso_Camara_de_Caldas_Novas-GO\" title=\"Quais s\u00e3o os requisitos para participar do concurso C\u00e2mara de Caldas Novas-GO?\">Quais s\u00e3o os requisitos para participar do concurso C\u00e2mara de Caldas Novas-GO?<\/a><\/li><li class='ez-toc-page-1 ez-toc-heading-level-2'><a class=\"ez-toc-link ez-toc-heading-4\" href=\"https:\/\/www.editorasolucao.com.br\/blog\/concurso\/camara-de-caldas-novas-go\/#Como_serao_as_provas_do_concurso_Camara_de_Caldas_Novas-GO\" title=\"Como ser\u00e3o as provas do concurso C\u00e2mara de Caldas Novas-GO?\">Como ser\u00e3o as provas do concurso C\u00e2mara de Caldas Novas-GO?<\/a><\/li><\/ul><\/nav><\/div>\n<h2 class=\"wp-block-heading\" id=\"inscri\u00e7\u00f5es\"><span class=\"ez-toc-section\" id=\"Como_serao_as_inscricoes_do_concurso_Camara_de_Caldas_Novas-GO\"><\/span>Como ser\u00e3o as inscri\u00e7\u00f5es do concurso C\u00e2mara de Caldas Novas-GO<span class=\"ez-toc-section-end\"><\/span><\/h2>\n\n\n\n<p>A inscri\u00e7\u00f5es para o certame poder\u00e3o ser realizadas<strong> a partir do dia 20 de dezembro de 2023 at\u00e9 o dia 23 de janeiro de 2024<\/strong>, atrav\u00e9s do site da banca organizadora, <a href=\"https:\/\/sistemas.institutoverbena.ufg.br\/2023\/concurso-camara-caldas-novas\/\" target=\"_blank\" rel=\"noreferrer noopener\">Instituto Verbena<\/a>.<\/p>\n\n\n\n<p>Para efetivar a inscri\u00e7\u00e3o \u00e9 necess\u00e1rio que o candidato efetue o pagamento de uma <strong>taxa<\/strong> no valor referente ao n\u00edvel de escolaridade do cargo pretendido: <\/p>\n\n\n\n<ul><li>N\u00edvel fundamental: <strong>R$ 80,00<\/strong><\/li><li>N\u00edvel m\u00e9dio\/t\u00e9cnico: <strong>R$ 100,00<\/strong><\/li><li>N\u00edvel superior: <strong>R$ 120,00<\/strong><\/li><\/ul>\n\n\n\n<p>Haver\u00e1 a possibilidade de solicitar a <strong>isen\u00e7\u00e3o <\/strong>da taxa de participa\u00e7\u00e3o <strong>entre os dias 20 a 22 de dezembro de 2023<\/strong>, para os candidatos:<\/p>\n\n\n\n<ul><li>cuja renda da entidade familiar seja inferior a 2 sal\u00e1rios m\u00ednimos, mediante comprovantes de rendimento ou prova de que \u00e9 benefici\u00e1rio(a) de programa federal ou estadual de transfer\u00eancia de renda; ou<\/li><li>doador(a) de sangue, desde que comprove a condi\u00e7\u00e3o de doador(a) regular por, pelo menos, 3 vezes nos 12 meses antecedentes \u00e0 publica\u00e7\u00e3o do edital; ou<\/li><li>doador(a) de medula \u00f3ssea, desde que comprove ter efetuado doa\u00e7\u00e3o volunt\u00e1ria at\u00e9 24 meses anteriores ao requerimento de isen\u00e7\u00e3o, mediante a apresenta\u00e7\u00e3o da carteira de identifica\u00e7\u00e3o do(a) doador(a) expedida por meio do Hemocentro de Goi\u00e1s ou outro documento id\u00f4neo; ou<\/li><li>doadora regular de leite materno, que tenha realizado pelo menos 3 doa\u00e7\u00f5es nos 12 meses antecedentes \u00e0 publica\u00e7\u00e3o do edital do certame.<\/li><\/ul>\n\n\n\n<h2 class=\"wp-block-heading\" id=\"cargos\"><span class=\"ez-toc-section\" id=\"Cargos_vagas_e_salarios_do_concurso_Camara_de_Caldas_Novas-GO\"><\/span>Cargos, vagas e sal\u00e1rios do concurso C\u00e2mara de Caldas Novas-GO<span class=\"ez-toc-section-end\"><\/span><\/h2>\n\n\n\n<p>Segundo o edital, ao todo est\u00e3o sendo ofertadas <strong>17 vagas imediatas mais 51 oportunidades para forma\u00e7\u00e3o de cadastro reserva<\/strong> para cargos de n\u00edveis fundamental, m\u00e9dio e superior de escolaridade. Confira os cargos ofertados, a distribui\u00e7\u00e3o das vagas e os sal\u00e1rios:<\/p>\n\n\n\n<p><strong>Fundamental &#8211; R$ 1.715,92<\/strong><\/p>\n\n\n\n<ul><li>Copeira (01+03CR) <\/li><li>Jardineiro (01+03CR) <\/li><\/ul>\n\n\n\n<p><strong>M\u00e9dio &#8211; R$ 1.853,09<\/strong><\/p>\n\n\n\n<ul><li>Almoxarife (01+03CR) <\/li><li><a href=\"https:\/\/www.editorasolucao.com.br\/apostila\/camara-caldas-novas-go-auxiliar-administrativo\">Auxiliar Administrativo<\/a> (04+12CR)<\/li><li>Fot\u00f3grafo Legislativo (01+03CR)<\/li><li>Motorista de Ve\u00edculos Leves (04+12CR)<\/li><\/ul>\n\n\n\n<p><strong>Superior &#8211; R$ 3.946,94<\/strong><\/p>\n\n\n\n<ul><li><a href=\"https:\/\/www.editorasolucao.com.br\/apostila\/camara-caldas-novas-go-analista-administrativo\">Analista Administrativo<\/a> (01+03CR)<\/li><li>Analista Legislativo (01+03CR)<\/li><li>Arquivista (01+03CR)  <\/li><li>Contador (01+03CR)<\/li><li>Jornalista (01+03CR)  <\/li><\/ul>\n\n\n\n<p>A jornada de trabalho \u00e9 de 40 horas semanais para todos os cargos ofertados.<\/p>\n\n\n\n<h2 class=\"wp-block-heading\" id=\"requisitos\"><span class=\"ez-toc-section\" id=\"Quais_sao_os_requisitos_para_participar_do_concurso_Camara_de_Caldas_Novas-GO\"><\/span>Quais s\u00e3o os requisitos para participar do concurso C\u00e2mara de Caldas Novas-GO?<span class=\"ez-toc-section-end\"><\/span><\/h2>\n\n\n\n<p>Saiba quais s\u00e3o as <strong>exig\u00eancias <\/strong>do concurso <a href=\"https:\/\/www.editorasolucao.com.br\/blog\/concursos-abertos-go\">C\u00e2mara de Caldas Novas-GO<\/a> para que o candidato tome posse do cargo pretendido:<\/p>\n\n\n\n<ul><li>Ter sido aprovado(a) e classificado(a) no concurso, nas formas estabelecidas neste Edital.<\/li><li>Apresentar os documentos solicitados para a posse e comprovar os pr\u00e9-requisitos para o cargo pretendido.<\/li><li>Ter nacionalidade brasileira ou nacionalidade portuguesa, conforme art. 12, \u00a7 1\u00ba, da Constitui\u00e7\u00e3o Federal.<ul><li>Os(As) brasileiros(as) naturalizados(as) devem, no ato da posse, prestar informa\u00e7\u00f5es sobre o processo de naturaliza\u00e7\u00e3o: data de chegada ao Brasil, pa\u00eds de origem, data de publica\u00e7\u00e3o da naturaliza\u00e7\u00e3o e se tem ou n\u00e3o filhos(as) brasileiros(as).<\/li><li>Os(As) brasileiros(as) naturalizados(as) dever\u00e3o apresentar documentos que comprovem a regularidade quanto \u00e0s obriga\u00e7\u00f5es militares e eleitorais.<\/li><li>Os(As) portugueses(as) dever\u00e3o apresentar documentos que comprovem estar amparados  pelo Estatuto de Igualdade entre Brasileiros e Portugueses, com reconhecimento do gozo de direitos pol\u00edticos.<\/li><\/ul><\/li><li><strong>Ter, na data da posse, idade m\u00ednima de 18 anos completos.<\/strong><\/li><li>Ter aptid\u00e3o f\u00edsica e mental para o exerc\u00edcio das atribui\u00e7\u00f5es do cargo.<\/li><li>Estar quite com as obriga\u00e7\u00f5es eleitorais.<\/li><li>Estar quite com as obriga\u00e7\u00f5es militares, para candidatos do sexo masculino.<\/li><li>Possuir a escolaridade e os requisitos de qualifica\u00e7\u00e3o exigidos para o cargo.<ul><li>Os diplomas e\/ou certificados obtidos no exterior dever\u00e3o, obrigatoriamente, ser validados pelos \u00f3rg\u00e3os competentes no Brasil, conforme disposi\u00e7\u00e3o da legisla\u00e7\u00e3o vigente no ato da posse.<\/li><li>Consoante o Anexo II do Edital, a comprova\u00e7\u00e3o da escolaridade dar-se-\u00e1 por meio de diploma original, devidamente registrado, fornecido por institui\u00e7\u00e3o de ensino reconhecida pelo Minist\u00e9rio da Educa\u00e7\u00e3o.<\/li><\/ul><\/li><li><strong>Possuir idoneidade moral, comprovada por investiga\u00e7\u00e3o social realizada mediante apresenta\u00e7\u00e3o de certid\u00f5es negativas civis e criminais expedidas pelo Poder Judici\u00e1rio Federal e Estadual.<\/strong><\/li><li>O candidato dever\u00e1 declarar, na solicita\u00e7\u00e3o de inscri\u00e7\u00e3o, que tem ci\u00eancia e aceita que, caso aprovado, dever\u00e1 entregar os documentos comprobat\u00f3rios dos requisitos exigidos para o cargo\/\u00e1rea por ocasi\u00e3o da posse.<\/li><li>Outras exig\u00eancias estabelecidas em lei poder\u00e3o ser solicitadas para o desempenho das atribui\u00e7\u00f5es do cargo.<\/li><li>No ato da investidura no cargo, o(a) candidato(a) aprovado(a) poder\u00e1 ter a posse negada, caso n\u00e3o comprove os requisitos e documentos exigidos no Edital.<\/li><\/ul>\n\n\n\n<h2 class=\"wp-block-heading\" id=\"etapas\"><span class=\"ez-toc-section\" id=\"Como_serao_as_provas_do_concurso_Camara_de_Caldas_Novas-GO\"><\/span>Como ser\u00e3o as provas do concurso C\u00e2mara de Caldas Novas-GO?<span class=\"ez-toc-section-end\"><\/span><\/h2>\n\n\n\n<p>Os candidatos ser\u00e3o avaliados por meio das seguintes etapas de sele\u00e7\u00e3o:<\/p>\n\n\n\n<ul><li><strong>Prova Objetiva<\/strong> &#8211; de car\u00e1ter <em>eliminat\u00f3rio<\/em> e <em>classificat\u00f3rio<\/em><\/li><li><strong>Reda\u00e7\u00e3o<\/strong> &#8211; de car\u00e1ter <em>eliminat\u00f3rio<\/em> e <em>classificat\u00f3rio<\/em><ul><li>Somente para os cargos de Almoxarife, Auxiliar Administrativo, Fot\u00f3grafo Legislativo e Motorista de Ve\u00edculos Leves<\/li><\/ul><\/li><li><strong>Prova Pr\u00e1tica <\/strong>&#8211; de car\u00e1ter <em>eliminat\u00f3rio<\/em> e <em>classificat\u00f3rio<\/em> <ul><li>Somente para o cargo de Motorista de Ve\u00edculos Leves<\/li><\/ul><\/li><li><strong>Prova Discursiva<\/strong> &#8211; de car\u00e1ter <em>eliminat\u00f3rio <\/em>e <em>classificat\u00f3rio<\/em><ul><li>Somente para cargos de n\u00edvel superior<\/li><\/ul><\/li><li><strong>Prova de t\u00edtulos<\/strong> &#8211; de car\u00e1ter <em>classificat\u00f3rio <\/em><ul><li>Somente para cargos de n\u00edvel superior<\/li><\/ul><\/li><\/ul>\n\n\n\n<h3 class=\"wp-block-heading\">Prova Objetiva<\/h3>\n\n\n\n<p>Essa etapa dever\u00e1 ser realizada no dia<strong> 25 de fevereiro de 2024<\/strong> e ser\u00e1 aplicada em dois turnos, matutino e vespertino, al\u00e9m disso, ter\u00e1 5 horas de dura\u00e7\u00e3o.<\/p>\n\n\n\n<p>A avalia\u00e7\u00e3o ser\u00e1 versada nas seguintes <strong>disciplinas<\/strong>:<\/p>\n\n\n\n<p><strong>N\u00edvel fundamental<\/strong><\/p>\n\n\n\n<ul><li>L\u00edngua Portuguesa (20)<\/li><li>Matem\u00e1tica (20)<\/li><li>Atualidades e Hist\u00f3ria, Geografia e Conhecimentos Gerais de Goi\u00e1s e de Caldas Novas (20)<\/li><\/ul>\n\n\n\n<p><strong>N\u00edvel m\u00e9dio e t\u00e9cnico<\/strong><\/p>\n\n\n\n<ul><li>L\u00edngua Portuguesa (05)<\/li><li>Matem\u00e1tica (05)<\/li><li>Atualidades e Hist\u00f3ria, Geografia e Conhecimentos Gerais de Goi\u00e1s e de Caldas Novas (05)<\/li><li>No\u00e7\u00f5es de Inform\u00e1tica (05)<\/li><li>Conhecimentos Espec\u00edficos do Cargo (40)<\/li><\/ul>\n\n\n\n<p><strong>N\u00edvel superior<\/strong><\/p>\n\n\n\n<ul><li>L\u00edngua Portuguesa (05)<\/li><li>Matem\u00e1tica (05)<ul><li>Exceto para o cargo de Contador<\/li><\/ul><\/li><li>Atualidades e Hist\u00f3ria, Geografia e Conhecimentos Gerais de Goi\u00e1s e de Caldas Novas (05)<\/li><li>No\u00e7\u00f5es de Inform\u00e1tica (05)<\/li><li>Conhecimentos Espec\u00edficos do Cargo (40)<\/li><\/ul>\n\n\n\n<p>O exame ter\u00e1 a pontua\u00e7\u00e3o m\u00e1xima de 100 pontos, dessa forma, ser\u00e1 considerado <strong>aprovado <\/strong>o candidato que obtiver no m\u00ednimo 50 pontos. <\/p>\n\n\n\n<h3 class=\"wp-block-heading\">Reda\u00e7\u00e3o<\/h3>\n\n\n\n<p>Essa fase tem o objetivo de avaliar a capacidade de articula\u00e7\u00e3o de conhecimentos do candidato por meio da produ\u00e7\u00e3o textual, observando suas habilidades e compet\u00eancias na manipula\u00e7\u00e3o da L\u00edngua Portuguesa.<\/p>\n\n\n\n<p>Ser\u00e3o avaliados os seguintes <strong>crit\u00e9rios<\/strong>:<\/p>\n\n\n\n<ul><li>Adequa\u00e7\u00e3o<ul><li>ao tema<\/li><li>\u00e0 leitura da colet\u00e2nea<\/li><li>ao g\u00eanero textual<\/li><li>\u00e0 modalidade escrita<\/li><\/ul><\/li><li>Coer\u00eancia e Coes\u00e3o<\/li><\/ul>\n\n\n\n<p>A reda\u00e7\u00e3o ter\u00e1 a pontua\u00e7\u00e3o m\u00e1xima de 100 pontos, sendo considerado <strong>aprovado <\/strong>o candidato que obtiver no m\u00ednimo 50 pontos. <\/p>\n\n\n\n<h3 class=\"wp-block-heading\">Prova Pr\u00e1tica<\/h3>\n\n\n\n<p>Nessa etapa dever\u00e1 ser realizada as seguintes <strong>atividades<\/strong>:<\/p>\n\n\n\n<ul><li>Procedimentos iniciais &#8211; 10 pontos<\/li><li>Conhecimentos de mec\u00e2nica &#8211; 10 pontos<\/li><li>Condu\u00e7\u00e3o &#8211; 40 pontos<\/li><li>Baliza &#8211; 40 pontos<\/li><\/ul>\n\n\n\n<p>Ser\u00e1 considerado aprovado o candidato que obtiver no m\u00ednimo 50 pontos.<\/p>\n\n\n\n<h3 class=\"wp-block-heading\">Prova Discursiva<\/h3>\n\n\n\n<p>Essa etapa visa avaliar o conte\u00fado t\u00e9cnico do cargo, a capacidade de express\u00e3o na modalidade escrita e o uso das normas do registro formal culto da L\u00edngua Portuguesa.<\/p>\n\n\n\n<p>Ser\u00e3o avaliados os seguintes <strong>aspectos<\/strong>:<\/p>\n\n\n\n<ul><li>Conhecimento t\u00e9cnico do conte\u00fado<\/li><li>Clareza na exposi\u00e7\u00e3o, consist\u00eancia dos argumentos, coer\u00eancia e coes\u00e3o textuais<\/li><li>Uso adequado da L\u00edngua Portuguesa<\/li><li>\u00canfase na interpreta\u00e7\u00e3o do contexto em que se solicita o estudo de caso<\/li><\/ul>\n\n\n\n<p>A avalia\u00e7\u00e3o ter\u00e1 a pontua\u00e7\u00e3o m\u00e1xima de 100 pontos, portanto, ser\u00e1 considerado <strong>eliminado <\/strong>o candidato que obtiver nota inferior a 50 pontos. <\/p>\n\n\n\n<h3 class=\"wp-block-heading\">Prova de t\u00edtulos<\/h3>\n\n\n\n<p>Confira na tabela abaixo os t\u00edtulos que ser\u00e3o <strong>aceitos<\/strong> para a avalia\u00e7\u00e3o e sua respectiva pontua\u00e7\u00e3o:<\/p>\n\n\n\n<figure class=\"wp-block-image size-full\"><img loading=\"lazy\" decoding=\"async\" width=\"674\" height=\"255\" src=\"https:\/\/www.editorasolucao.com.br\/blog\/wp-content\/uploads\/2023\/11\/image-57.png\" alt=\"\" class=\"wp-image-38045\"\/><\/figure>\n\n\n\n<p>O concurso ter\u00e1 <strong>validade <\/strong>de 2 anos, podendo ser prorrogada uma \u00fanica vez, por igual per\u00edodo<\/p>\n\n\n\n<p><strong>Bons estudos e boa prova!!!<\/strong><\/p>\n","protected":false},"excerpt":{"rendered":"<p>Saiu o edital do concurso C\u00e2mara de Caldas Novas, no estado de Goi\u00e1s, e veio trazendo a oferta de 68 vagas entre imediatas e para forma\u00e7\u00e3o de cadastro reserva, com oportunidades para cargos de n\u00edveis fundamental, m\u00e9dio e superior de escolaridade e sal\u00e1rios de at\u00e9 R$ 3.946,94! Ficou interessado? Confira os demais detalhes no decorrer da not\u00edcia. \ud83d\ude09 Inscri\u00e7\u00f5es Cargos, vagas e sal\u00e1rios Requisitos Etapas de sele\u00e7\u00e3o Como ser\u00e3o as inscri\u00e7\u00f5es do concurso C\u00e2mara de Caldas Novas-GO A inscri\u00e7\u00f5es para o certame poder\u00e3o ser realizadas a partir do dia 20 de dezembro de 2023 at\u00e9 o dia 23 de janeiro&#8230;<\/p>\n","protected":false},"author":18,"featured_media":38035,"template":"","meta":{"_acf_changed":false,"rank_math_lock_modified_date":false},"categories":[],"tags":[],"acf":[],"_links":{"self":[{"href":"https:\/\/www.editorasolucao.com.br\/blog\/wp-json\/wp\/v2\/concurso\/4324"}],"collection":[{"href":"https:\/\/www.editorasolucao.com.br\/blog\/wp-json\/wp\/v2\/concurso"}],"about":[{"href":"https:\/\/www.editorasolucao.com.br\/blog\/wp-json\/wp\/v2\/types\/concurso"}],"author":[{"embeddable":true,"href":"https:\/\/www.editorasolucao.com.br\/blog\/wp-json\/wp\/v2\/users\/18"}],"wp:featuredmedia":[{"embeddable":true,"href":"https:\/\/www.editorasolucao.com.br\/blog\/wp-json\/wp\/v2\/media\/38035"}],"wp:attachment":[{"href":"https:\/\/www.editorasolucao.com.br\/blog\/wp-json\/wp\/v2\/media?parent=4324"}],"wp:term":[{"taxonomy":"category","embeddable":true,"href":"https:\/\/www.editorasolucao.com.br\/blog\/wp-json\/wp\/v2\/categories?post=4324"},{"taxonomy":"post_tag","embeddable":true,"href":"https:\/\/www.editorasolucao.com.br\/blog\/wp-json\/wp\/v2\/tags?post=4324"}],"curies":[{"name":"wp","href":"https:\/\/api.w.org\/{rel}","templated":true}]}}