{"id":43305,"date":"2024-07-02T13:00:18","date_gmt":"2024-07-02T16:00:18","guid":{"rendered":"https:\/\/www.editorasolucao.com.br\/blog\/?post_type=concurso&#038;p=43305"},"modified":"2024-07-05T14:01:06","modified_gmt":"2024-07-05T17:01:06","slug":"prefeitura-de-brasilia-de-minas-mg","status":"publish","type":"concurso","link":"https:\/\/www.editorasolucao.com.br\/blog\/concurso\/prefeitura-de-brasilia-de-minas-mg","title":{"rendered":"Concurso Prefeitura de Bras\u00edlia de Minas: Edital publicado com 322 vagas!"},"content":{"rendered":"\n<p>A Prefeitura de Bras\u00edlia de Minas, munic\u00edpio do estado de Minas Gerais, divulgou o edital do seu novo concurso que visa preencher <strong>322 vagas imediatas<\/strong>, al\u00e9m da forma\u00e7\u00e3o de cadastro reserva, para cargos de todos os n\u00edveis de escolaridade. Se interessou pelo certame? Venha saber mais! <\/p>\n\n\n\n<div id=\"ez-toc-container\" class=\"ez-toc-v2_0_69_1 counter-hierarchy ez-toc-counter ez-toc-grey ez-toc-container-direction\">\n<div class=\"ez-toc-title-container\">\n<p class=\"ez-toc-title \" >Menu de navega&ccedil;&atilde;o<\/p>\n<span class=\"ez-toc-title-toggle\"><a href=\"#\" class=\"ez-toc-pull-right ez-toc-btn ez-toc-btn-xs ez-toc-btn-default ez-toc-toggle\" aria-label=\"Toggle Table of Content\"><span class=\"ez-toc-js-icon-con\"><span class=\"\"><span class=\"eztoc-hide\" style=\"display:none;\">Toggle<\/span><span class=\"ez-toc-icon-toggle-span\"><svg style=\"fill: #999;color:#999\" xmlns=\"http:\/\/www.w3.org\/2000\/svg\" class=\"list-377408\" width=\"20px\" height=\"20px\" viewBox=\"0 0 24 24\" fill=\"none\"><path d=\"M6 6H4v2h2V6zm14 0H8v2h12V6zM4 11h2v2H4v-2zm16 0H8v2h12v-2zM4 16h2v2H4v-2zm16 0H8v2h12v-2z\" fill=\"currentColor\"><\/path><\/svg><svg style=\"fill: #999;color:#999\" class=\"arrow-unsorted-368013\" xmlns=\"http:\/\/www.w3.org\/2000\/svg\" width=\"10px\" height=\"10px\" viewBox=\"0 0 24 24\" version=\"1.2\" baseProfile=\"tiny\"><path d=\"M18.2 9.3l-6.2-6.3-6.2 6.3c-.2.2-.3.4-.3.7s.1.5.3.7c.2.2.4.3.7.3h11c.3 0 .5-.1.7-.3.2-.2.3-.5.3-.7s-.1-.5-.3-.7zM5.8 14.7l6.2 6.3 6.2-6.3c.2-.2.3-.5.3-.7s-.1-.5-.3-.7c-.2-.2-.4-.3-.7-.3h-11c-.3 0-.5.1-.7.3-.2.2-.3.5-.3.7s.1.5.3.7z\"\/><\/svg><\/span><\/span><\/span><\/a><\/span><\/div>\n<nav><ul class='ez-toc-list ez-toc-list-level-1 ' ><li class='ez-toc-page-1 ez-toc-heading-level-2'><a class=\"ez-toc-link ez-toc-heading-1\" href=\"https:\/\/www.editorasolucao.com.br\/blog\/concurso\/prefeitura-de-brasilia-de-minas-mg\/#Como_posso_me_inscrever_para_o_concurso_da_Prefeitura_de_Brasilia_de_Minas\" title=\"Como posso me inscrever para o concurso da Prefeitura de Bras\u00edlia de Minas?\">Como posso me inscrever para o concurso da Prefeitura de Bras\u00edlia de Minas?<\/a><\/li><li class='ez-toc-page-1 ez-toc-heading-level-2'><a class=\"ez-toc-link ez-toc-heading-2\" href=\"https:\/\/www.editorasolucao.com.br\/blog\/concurso\/prefeitura-de-brasilia-de-minas-mg\/#Quais_vagas_estao_sendo_ofertadas\" title=\"Quais vagas est\u00e3o sendo ofertadas?\">Quais vagas est\u00e3o sendo ofertadas?<\/a><\/li><li class='ez-toc-page-1 ez-toc-heading-level-2'><a class=\"ez-toc-link ez-toc-heading-3\" href=\"https:\/\/www.editorasolucao.com.br\/blog\/concurso\/prefeitura-de-brasilia-de-minas-mg\/#Quais_sao_os_requisitos_para_a_investidura_dos_cargos\" title=\"Quais s\u00e3o os requisitos para a investidura dos cargos?\">Quais s\u00e3o os requisitos para a investidura dos cargos?<\/a><\/li><li class='ez-toc-page-1 ez-toc-heading-level-2'><a class=\"ez-toc-link ez-toc-heading-4\" href=\"https:\/\/www.editorasolucao.com.br\/blog\/concurso\/prefeitura-de-brasilia-de-minas-mg\/#Como_serao_as_provas_do_concurso_da_Prefeitura_de_Brasilia_de_Minas\" title=\"Como ser\u00e3o as provas do concurso da Prefeitura de Bras\u00edlia de Minas?\">Como ser\u00e3o as provas do concurso da Prefeitura de Bras\u00edlia de Minas?<\/a><\/li><\/ul><\/nav><\/div>\n<h2 class=\"wp-block-heading\"><span class=\"ez-toc-section\" id=\"Como_posso_me_inscrever_para_o_concurso_da_Prefeitura_de_Brasilia_de_Minas\"><\/span>Como posso me inscrever para o concurso da Prefeitura de Bras\u00edlia de Minas? <span class=\"ez-toc-section-end\"><\/span><\/h2>\n\n\n\n<p>Os interessados pelo concurso da Prefeitura de Bras\u00edlia de Minas poder\u00e3o se inscrever a partir das<strong> 8h do dia 12 de setembro de 2024 at\u00e9 \u00e0s 17h do dia 10 de outubro de 2024<\/strong>, atrav\u00e9s do site da banca organizadora do certame, a<a href=\"https:\/\/www.cotec.fadenor.com.br\/concurso?cod_vest=539\" target=\"_blank\" rel=\"noreferrer noopener\"> Cotec Concursos T\u00e9cnicos<\/a>. <\/p>\n\n\n\n<p>Os valores das taxas de inscri\u00e7\u00e3o variam de acordo com o n\u00edvel de escolaridade do cargo pretendido, sendo <strong>R$ 80,00<\/strong> para n\u00edvel fundamental, <strong>R$ 90,00 <\/strong>para n\u00edvel m\u00e9dio\/t\u00e9cnico e <strong>R$ 120,00<\/strong> para n\u00edvel superior. <\/p>\n\n\n\n<p>O boleto banc\u00e1rio deve ser pago at\u00e9 a data limite de<strong> 10 de outubro de 2024,<\/strong> caso contr\u00e1rio o candidato ter\u00e1 sua inscri\u00e7\u00e3o dada como indeferida. <\/p>\n\n\n\n<p>O candidato doador de sangue, o candidato desempregado ou o candidato inscrito no Cad\u00danico, que perten\u00e7a a fam\u00edlia baixa renda, poder\u00e3o solicitar a isen\u00e7\u00e3o dessas taxas entre os dias <strong>9 a 11 de setembro de 2024. <\/strong><\/p>\n\n\n\n<h2 class=\"wp-block-heading\"><span class=\"ez-toc-section\" id=\"Quais_vagas_estao_sendo_ofertadas\"><\/span>Quais vagas est\u00e3o sendo ofertadas? <span class=\"ez-toc-section-end\"><\/span><\/h2>\n\n\n\n<p>A Prefeitura de Bras\u00edlia de Minas est\u00e1 ofertando <strong>322 vagas imediatas <\/strong>para cargos de todos os n\u00edveis de escolaridade. Confira com mais detalhes: <\/p>\n\n\n\n<h4 class=\"wp-block-heading\">Fundamental<\/h4>\n\n\n\n<ul>\n<li><a href=\"https:\/\/www.editorasolucao.com.br\/curso-online\/curso-prefeitura-brasilia-minas-mg-auxiliar-servicos-gerais?q=bras%C3%ADlia%20de%20minas\" target=\"_blank\" rel=\"noreferrer noopener\">Auxiliar de Servi\u00e7os Gerais (50)<\/a>\n<ul>\n<li>R$ 1.412,00<\/li>\n<\/ul>\n<\/li>\n\n\n\n<li>Coveiro (1)\n<ul>\n<li>R$ 1.412,00<\/li>\n<\/ul>\n<\/li>\n\n\n\n<li>Gari (10)\n<ul>\n<li>R$ 1.412,00<\/li>\n<\/ul>\n<\/li>\n<\/ul>\n\n\n\n<h4 class=\"wp-block-heading\">M\u00e9dio e T\u00e9cnico<\/h4>\n\n\n\n<ul>\n<li><a href=\"https:\/\/www.editorasolucao.com.br\/curso-online\/curso-prefeitura-brasilia-minas-mg-assistente-administrativo?q=bras%C3%ADlia%20de%20minas\" target=\"_blank\" rel=\"noreferrer noopener\">Assistente Administrativo (50)<\/a>\n<ul>\n<li>R$ 1.412,00<\/li>\n<\/ul>\n<\/li>\n\n\n\n<li>Auxiliar de Sa\u00fade Bucal (6)\n<ul>\n<li>R$ 1.412,00<\/li>\n<\/ul>\n<\/li>\n\n\n\n<li>Bombeiro (1)\n<ul>\n<li>R$ 1.412,00<\/li>\n<\/ul>\n<\/li>\n\n\n\n<li>Citot\u00e9cnico (1)\n<ul>\n<li>R$ 1.412,00<\/li>\n<\/ul>\n<\/li>\n\n\n\n<li>Costureira (1)\n<ul>\n<li>R$ 1.412,00<\/li>\n<\/ul>\n<\/li>\n\n\n\n<li>Desenhista Cadista (1)\n<ul>\n<li>R$ 1.412,00<\/li>\n<\/ul>\n<\/li>\n\n\n\n<li><a href=\"https:\/\/www.editorasolucao.com.br\/curso-online\/curso-prefeitura-brasilia-minas-mg-eletricista?q=bras%C3%ADlia%20de%20minas\" target=\"_blank\" rel=\"noreferrer noopener\">Eletricista (CR)<\/a>\n<ul>\n<li>R$ 1.412,00<\/li>\n<\/ul>\n<\/li>\n\n\n\n<li>Jardineiro (1)\n<ul>\n<li>R$ 1.412,00<\/li>\n<\/ul>\n<\/li>\n\n\n\n<li>Mec\u00e2nico (1)\n<ul>\n<li>R$ 1.412,00<\/li>\n<\/ul>\n<\/li>\n\n\n\n<li>Monitor de Aprendizagem (20)\n<ul>\n<li>R$ 1.412,00<\/li>\n<\/ul>\n<\/li>\n\n\n\n<li><a href=\"https:\/\/www.editorasolucao.com.br\/curso-online\/curso-prefeitura-brasilia-minas-mg-monitor-transporte?q=bras%C3%ADlia%20de%20minas\" target=\"_blank\" rel=\"noreferrer noopener\">Monitor de Transporte (6)<\/a>\n<ul>\n<li>R$ 1.412,00<\/li>\n<\/ul>\n<\/li>\n\n\n\n<li>Motorista &#8220;B&#8221; (8)\n<ul>\n<li>R$ 1.412,00<\/li>\n<\/ul>\n<\/li>\n\n\n\n<li>Motorista &#8220;D&#8221; (10)\n<ul>\n<li>R$ 1.412,00<\/li>\n<\/ul>\n<\/li>\n\n\n\n<li>Operador de Maquinas (2)\n<ul>\n<li>R$ 1.412,00<\/li>\n<\/ul>\n<\/li>\n\n\n\n<li>Pedreiro (3)\n<ul>\n<li>R$ 1.412,00<\/li>\n<\/ul>\n<\/li>\n\n\n\n<li>Pintor (1)\n<ul>\n<li>R$ 1.412,00<\/li>\n<\/ul>\n<\/li>\n\n\n\n<li>T\u00e9cnico Agr\u00edcola (1)\n<ul>\n<li>R$ 1.412,00<\/li>\n<\/ul>\n<\/li>\n\n\n\n<li><a href=\"https:\/\/www.editorasolucao.com.br\/curso-online\/curso-prefeitura-brasilia-minas-mg-tecnico-enfermagem?q=bras%C3%ADlia%20de%20minas\" target=\"_blank\" rel=\"noreferrer noopener\">T\u00e9cnico em Enfermagem (30)<\/a>\n<ul>\n<li>R$ 1.412,00<\/li>\n<\/ul>\n<\/li>\n\n\n\n<li>T\u00e9cnico Em Inform\u00e1tica (1)\n<ul>\n<li>R$ 1.412,00<\/li>\n<\/ul>\n<\/li>\n\n\n\n<li>T\u00e9cnico em Laborat\u00f3rio (3)\n<ul>\n<li>R$ 1.412,00<\/li>\n<\/ul>\n<\/li>\n\n\n\n<li>T\u00e9cnico em Pr\u00f3tese Dentaria (CR)\n<ul>\n<li>R$ 1.412,00<\/li>\n<\/ul>\n<\/li>\n\n\n\n<li>T\u00e9cnico em Radiologia (2)\n<ul>\n<li>R$ 1.709,00<\/li>\n<\/ul>\n<\/li>\n\n\n\n<li>T\u00e9cnico em Seguran\u00e7a do Trabalho (1)\n<ul>\n<li>R$ 1.412,00<\/li>\n<\/ul>\n<\/li>\n\n\n\n<li>T\u00e9cnico em Vigil\u00e2ncia Sanit\u00e1ria e Sa\u00fade Ambiental (CR)\n<ul>\n<li>R$ 1.412,00<\/li>\n<\/ul>\n<\/li>\n\n\n\n<li>T\u00e9cnico Sa\u00fade Bucal (3)\n<ul>\n<li>R$ 1.412,00<\/li>\n<\/ul>\n<\/li>\n<\/ul>\n\n\n\n<h4 class=\"wp-block-heading\">Superior<\/h4>\n\n\n\n<ul>\n<li>Advogado (2)\n<ul>\n<li>R$ 2.675,00<\/li>\n<\/ul>\n<\/li>\n\n\n\n<li>Analista de Sistemas (CR)\n<ul>\n<li>R$ 1.412,00<\/li>\n<\/ul>\n<\/li>\n\n\n\n<li>Assistente Social (4)\n<ul>\n<li>R$ 3.362,00<\/li>\n<\/ul>\n<\/li>\n\n\n\n<li>Bibliotec\u00e1rio (1)\n<ul>\n<li>R$ 1.412,00<\/li>\n<\/ul>\n<\/li>\n\n\n\n<li>Contador (1)\n<ul>\n<li>R$ 2.675,00<\/li>\n<\/ul>\n<\/li>\n\n\n\n<li>Dentista (1)\n<ul>\n<li>R$ 1.723,07<\/li>\n<\/ul>\n<\/li>\n\n\n\n<li>Dentista de PSF (5)\n<ul>\n<li>R$ 3.362,00<\/li>\n<\/ul>\n<\/li>\n\n\n\n<li>Enfermeiro (10)\n<ul>\n<li>R$ 3.362,00<\/li>\n<\/ul>\n<\/li>\n\n\n\n<li>Enfermeiro de PSF (1)\n<ul>\n<li>R$ 3.362,00<\/li>\n<\/ul>\n<\/li>\n\n\n\n<li>Enfermeiro de UTI (1)\n<ul>\n<li>R$ 3.780,45<\/li>\n<\/ul>\n<\/li>\n\n\n\n<li>Enfermeiro Obstetra (2)\n<ul>\n<li>R$ 3.362,00<\/li>\n<\/ul>\n<\/li>\n\n\n\n<li>Engenheiro Civil (1)\n<ul>\n<li>R$ 2.675,00<\/li>\n<\/ul>\n<\/li>\n\n\n\n<li>Farmac\u00eautico\/Bioqu\u00edmico (CR)\n<ul>\n<li>R$ 1.723,07<\/li>\n<\/ul>\n<\/li>\n\n\n\n<li>Fiscal Ambiental (2)\n<ul>\n<li>R$ 2.200,00<\/li>\n<\/ul>\n<\/li>\n\n\n\n<li>Fiscal de Obras e Posturas (2)\n<ul>\n<li>R$ 2.200,00<\/li>\n<\/ul>\n<\/li>\n\n\n\n<li>Fiscal de Tributos (2)\n<ul>\n<li>R$ 2.200,00<\/li>\n<\/ul>\n<\/li>\n\n\n\n<li>Fisioterapeuta (4)\n<ul>\n<li>R$ 1.723,07<\/li>\n<\/ul>\n<\/li>\n\n\n\n<li>Fisioterapeuta de UTI (1)\n<ul>\n<li>R$ 3.870,45<\/li>\n<\/ul>\n<\/li>\n\n\n\n<li>Fonoaudi\u00f3logo (1)\n<ul>\n<li>R$ 1.723,07<\/li>\n<\/ul>\n<\/li>\n\n\n\n<li>M\u00e9dico &#8211; v\u00e1rias especialidades (34 + CR)\n<ul>\n<li>R$ 3.164,62 ou R$ 6.329,25<\/li>\n<\/ul>\n<\/li>\n\n\n\n<li>M\u00e9dico Veterin\u00e1rio (1)\n<ul>\n<li>R$ 2.926,00<\/li>\n<\/ul>\n<\/li>\n\n\n\n<li>Professor 1 (Professor de Educa\u00e7\u00e3o &#8211; Escola) (5)\n<ul>\n<li>R$ 2.748,24<\/li>\n<\/ul>\n<\/li>\n\n\n\n<li>Professor 1 (Professor de Educa\u00e7\u00e3o &#8211; Creche) (CR)\n<ul>\n<li>R$ 4.580,57<\/li>\n<\/ul>\n<\/li>\n\n\n\n<li>Professor 2 &#8211; P2A (Professor de Anos Iniciais do Ensino Fundamental) (12)\n<ul>\n<li>R$ 2.748,24<\/li>\n<\/ul>\n<\/li>\n\n\n\n<li>Professor 2 &#8211; P2B (Professor dos Anos finais do Ensino Fundamental) &#8211; R$ 2.748,24\n<ul>\n<li>Artes (1)<\/li>\n\n\n\n<li>Ci\u00eancias (1)<\/li>\n\n\n\n<li><a href=\"https:\/\/www.editorasolucao.com.br\/apostila-solucao\/see-mg-professor-educacao-basica-peb-educacao-fisica?q=bras%C3%ADlia%20de%20minas\" target=\"_blank\" rel=\"noreferrer noopener\">Educa\u00e7\u00e3o F\u00edsica (2)<\/a><\/li>\n\n\n\n<li>Geografia (1)<\/li>\n\n\n\n<li>Hist\u00f3ria (1)<\/li>\n\n\n\n<li>L\u00edngua Estrangeira &#8211; Ingl\u00eas (1)<\/li>\n\n\n\n<li>Matem\u00e1tica (1)<\/li>\n<\/ul>\n<\/li>\n\n\n\n<li>Psic\u00f3logo (3)\n<ul>\n<li>R$ 3.362,00<\/li>\n<\/ul>\n<\/li>\n\n\n\n<li>Psicopedagogo (CR)\n<ul>\n<li>R$ 1.962,67<\/li>\n<\/ul>\n<\/li>\n\n\n\n<li>Supervisor Pedag\u00f3gico 24 horas (CR)\n<ul>\n<li>R$ 2.748,24<\/li>\n<\/ul>\n<\/li>\n\n\n\n<li>Supervisor Pedag\u00f3gico 40 horas (1)\n<ul>\n<li>R$ 4.580,57<\/li>\n<\/ul>\n<\/li>\n<\/ul>\n\n\n\n<p><\/p>\n\n\n\n<p>Os candidatos aprovados e admitidos no concurso dever\u00e3o cumprir uma jornada de trabalho de <strong>20, 24, 30 ou 40 horas semanais,<\/strong> a depender do cargo. <\/p>\n\n\n\n<h2 class=\"wp-block-heading\"><span class=\"ez-toc-section\" id=\"Quais_sao_os_requisitos_para_a_investidura_dos_cargos\"><\/span>Quais s\u00e3o os requisitos para a investidura dos cargos? <span class=\"ez-toc-section-end\"><\/span><\/h2>\n\n\n\n<p>De acordo com o edital, esses s\u00e3o os requisitos b\u00e1sicos exigidos para a nomea\u00e7\u00e3o e posse dos cargos ofertados: <\/p>\n\n\n\n<ul>\n<li>Ser brasileiro nato ou naturalizado, conforme disposto na Constitui\u00e7\u00e3o Federal\/1988, ou cidad\u00e3o portugu\u00eas, conforme o artigo 12 da Constitui\u00e7\u00e3o Federal\/1988 e o Decreto Federal n.\u00ba 70.436\/1972.<\/li>\n\n\n\n<li>Caso seja do sexo masculino, estar em dia com as obriga\u00e7\u00f5es do Servi\u00e7o Militar.<\/li>\n\n\n\n<li>Estar em dia com as obriga\u00e7\u00f5es eleitorais.<\/li>\n\n\n\n<li>Ter, na data da posse, idade m\u00ednima de 18 (dezoito) anos completos, ou ser emancipado.<\/li>\n\n\n\n<li>Ter, na data da posse, a escolaridade exigida para o cargo (Anexo I deste Edital).<\/li>\n\n\n\n<li>Possuir aptid\u00e3o f\u00edsica e mental compat\u00edvel com o exerc\u00edcio do cargo, comprovada em inspe\u00e7\u00e3o m\u00e9dica oficial, que ser\u00e1 realizada de acordo com a defini\u00e7\u00e3o da PROMOTORA, antes da posse. O candidato que n\u00e3o possuir aptid\u00e3o f\u00edsica e mental compat\u00edvel com o cargo ser\u00e1 eliminado do concurso p\u00fablico.<\/li>\n\n\n\n<li>Cumprir e comprovar as exig\u00eancias especificadas para o cargo pleiteado, estabelecidas na legisla\u00e7\u00e3o municipal, neste Edital e em seu Anexo I.<\/li>\n<\/ul>\n\n\n\n<h2 class=\"wp-block-heading\"><span class=\"ez-toc-section\" id=\"Como_serao_as_provas_do_concurso_da_Prefeitura_de_Brasilia_de_Minas\"><\/span>Como ser\u00e3o as provas do concurso da Prefeitura de Bras\u00edlia de Minas? <span class=\"ez-toc-section-end\"><\/span><\/h2>\n\n\n\n<p>Os candidatos do concurso da Prefeitura de Bras\u00edlia de Minas ser\u00e3o avaliados por meio de uma \u00fanica etapa de sele\u00e7\u00e3o, a <strong>prova objetiva<\/strong>. <\/p>\n\n\n\n<p>A prova objetiva, de car\u00e1ter eliminat\u00f3rio e classificat\u00f3rio, ser\u00e1 realizada na data prevista de <strong>24 de novembro de 2024<\/strong>, das <strong>07h40min \u00e0s 10h40min ou das 13h40min \u00e0s 16h40min<\/strong>, dependendo do cargo. <\/p>\n\n\n\n<p>A avalia\u00e7\u00e3o ser\u00e1 versada de<strong> quest\u00f5es de m\u00faltipla escolha <\/strong>versadas sobre as seguintes disciplinas: <\/p>\n\n\n\n<ul>\n<li><strong>Fundamental<\/strong>\n<ul>\n<li>L\u00edngua Portuguesa: 10 quest\u00f5es<\/li>\n\n\n\n<li>Matem\u00e1tica: 10 quest\u00f5es<\/li>\n\n\n\n<li>Conhecimentos Gerais: 10 quest\u00f5es<\/li>\n<\/ul>\n<\/li>\n<\/ul>\n\n\n\n<ul>\n<li><strong>M\u00e9dio<\/strong>\n<ul>\n<li>L\u00edngua Portuguesa: 10 quest\u00f5es<\/li>\n\n\n\n<li>Matem\u00e1tica: 10 quest\u00f5es<\/li>\n\n\n\n<li>No\u00e7\u00f5es de Inform\u00e1tica: 10 quest\u00f5es<\/li>\n<\/ul>\n<\/li>\n<\/ul>\n\n\n\n<ul>\n<li><strong>T\u00e9cnico<\/strong>\n<ul>\n<li>Conhecimentos Espec\u00edficos: 10 quest\u00f5es<\/li>\n\n\n\n<li>L\u00edngua Portuguesa: 10 quest\u00f5es<\/li>\n\n\n\n<li>No\u00e7\u00f5es de Inform\u00e1tica ou Matem\u00e1tica: 10 quest\u00f5es<\/li>\n<\/ul>\n<\/li>\n<\/ul>\n\n\n\n<ul>\n<li><strong>Superior<\/strong>\n<ul>\n<li>Conhecimentos Espec\u00edficos: 10 quest\u00f5es<\/li>\n\n\n\n<li>L\u00edngua Portuguesa: 10 quest\u00f5es<\/li>\n\n\n\n<li>No\u00e7\u00f5es de Inform\u00e1tica: 10 quest\u00f5es<\/li>\n<\/ul>\n<\/li>\n<\/ul>\n\n\n\n<p><\/p>\n\n\n\n<p>A prova objetiva ser\u00e1 avaliada em uma escala de 0 a 100 pontos, sendo <strong>aprovado <\/strong>o candidato que obtiver, no m\u00ednimo, 50% de aproveitamento do total de pontos. <\/p>\n\n\n\n<p><\/p>\n\n\n\n<p>Se voc\u00ea busca ser aprovado neste <strong>concurso<\/strong>, n\u00f3s temos <strong>material<\/strong> certo para voc\u00ea! <a href=\"https:\/\/www.editorasolucao.com.br\/catalogsearch\/result\/?q=bras%C3%ADlia+de+minas\" target=\"_blank\" rel=\"noreferrer noopener\">Confira aqui<\/a>.&nbsp;<\/p>\n","protected":false},"excerpt":{"rendered":"<p>A Prefeitura de Bras\u00edlia de Minas, munic\u00edpio do estado de Minas Gerais, divulgou o edital do seu novo concurso que visa preencher 322 vagas imediatas, al\u00e9m da forma\u00e7\u00e3o de cadastro reserva, para cargos de todos os n\u00edveis de escolaridade. Se interessou pelo certame? Venha saber mais! Como posso me inscrever para o concurso da Prefeitura de Bras\u00edlia de Minas? Os interessados pelo concurso da Prefeitura de Bras\u00edlia de Minas poder\u00e3o se inscrever a partir das 8h do dia 12 de setembro de 2024 at\u00e9 \u00e0s 17h do dia 10 de outubro de 2024, atrav\u00e9s do site da banca organizadora do&#8230;<\/p>\n","protected":false},"author":21,"featured_media":43307,"template":"","meta":{"_acf_changed":false,"rank_math_lock_modified_date":false},"categories":[],"tags":[],"acf":[],"_links":{"self":[{"href":"https:\/\/www.editorasolucao.com.br\/blog\/wp-json\/wp\/v2\/concurso\/43305"}],"collection":[{"href":"https:\/\/www.editorasolucao.com.br\/blog\/wp-json\/wp\/v2\/concurso"}],"about":[{"href":"https:\/\/www.editorasolucao.com.br\/blog\/wp-json\/wp\/v2\/types\/concurso"}],"author":[{"embeddable":true,"href":"https:\/\/www.editorasolucao.com.br\/blog\/wp-json\/wp\/v2\/users\/21"}],"wp:featuredmedia":[{"embeddable":true,"href":"https:\/\/www.editorasolucao.com.br\/blog\/wp-json\/wp\/v2\/media\/43307"}],"wp:attachment":[{"href":"https:\/\/www.editorasolucao.com.br\/blog\/wp-json\/wp\/v2\/media?parent=43305"}],"wp:term":[{"taxonomy":"category","embeddable":true,"href":"https:\/\/www.editorasolucao.com.br\/blog\/wp-json\/wp\/v2\/categories?post=43305"},{"taxonomy":"post_tag","embeddable":true,"href":"https:\/\/www.editorasolucao.com.br\/blog\/wp-json\/wp\/v2\/tags?post=43305"}],"curies":[{"name":"wp","href":"https:\/\/api.w.org\/{rel}","templated":true}]}}