{"id":43494,"date":"2024-07-25T08:40:49","date_gmt":"2024-07-25T11:40:49","guid":{"rendered":"https:\/\/www.editorasolucao.com.br\/blog\/?post_type=concurso&#038;p=43494"},"modified":"2024-07-25T08:40:52","modified_gmt":"2024-07-25T11:40:52","slug":"prefeitura-de-cruz-alta-rs","status":"publish","type":"concurso","link":"https:\/\/www.editorasolucao.com.br\/blog\/concurso\/prefeitura-de-cruz-alta-rs","title":{"rendered":"Concurso Prefeitura de Cruz Alta: Inscri\u00e7\u00f5es abertas para 167 vagas!"},"content":{"rendered":"\n<p>Ol\u00e1, concurseiros! A Prefeitura de Cruz Alta, munic\u00edpio do estado do Rio Grande do Sul, est\u00e1 ofertando <strong>167 vagas para cargos de n\u00edveis fundamental, m\u00e9dio, t\u00e9cnico e superior<\/strong> em seu novo concurso. As remunera\u00e7\u00f5es iniciais chegam at\u00e9 <strong>R$ 4.580,63<\/strong>! Ficou interessado(a)? Venha saber mais! <\/p>\n\n\n\n<div id=\"ez-toc-container\" class=\"ez-toc-v2_0_69_1 counter-hierarchy ez-toc-counter ez-toc-grey ez-toc-container-direction\">\n<div class=\"ez-toc-title-container\">\n<p class=\"ez-toc-title \" >Menu de navega&ccedil;&atilde;o<\/p>\n<span class=\"ez-toc-title-toggle\"><a href=\"#\" class=\"ez-toc-pull-right ez-toc-btn ez-toc-btn-xs ez-toc-btn-default ez-toc-toggle\" aria-label=\"Toggle Table of Content\"><span class=\"ez-toc-js-icon-con\"><span class=\"\"><span class=\"eztoc-hide\" style=\"display:none;\">Toggle<\/span><span class=\"ez-toc-icon-toggle-span\"><svg style=\"fill: #999;color:#999\" xmlns=\"http:\/\/www.w3.org\/2000\/svg\" class=\"list-377408\" width=\"20px\" height=\"20px\" viewBox=\"0 0 24 24\" fill=\"none\"><path d=\"M6 6H4v2h2V6zm14 0H8v2h12V6zM4 11h2v2H4v-2zm16 0H8v2h12v-2zM4 16h2v2H4v-2zm16 0H8v2h12v-2z\" fill=\"currentColor\"><\/path><\/svg><svg style=\"fill: #999;color:#999\" class=\"arrow-unsorted-368013\" xmlns=\"http:\/\/www.w3.org\/2000\/svg\" width=\"10px\" height=\"10px\" viewBox=\"0 0 24 24\" version=\"1.2\" baseProfile=\"tiny\"><path d=\"M18.2 9.3l-6.2-6.3-6.2 6.3c-.2.2-.3.4-.3.7s.1.5.3.7c.2.2.4.3.7.3h11c.3 0 .5-.1.7-.3.2-.2.3-.5.3-.7s-.1-.5-.3-.7zM5.8 14.7l6.2 6.3 6.2-6.3c.2-.2.3-.5.3-.7s-.1-.5-.3-.7c-.2-.2-.4-.3-.7-.3h-11c-.3 0-.5.1-.7.3-.2.2-.3.5-.3.7s.1.5.3.7z\"\/><\/svg><\/span><\/span><\/span><\/a><\/span><\/div>\n<nav><ul class='ez-toc-list ez-toc-list-level-1 ' ><li class='ez-toc-page-1 ez-toc-heading-level-2'><a class=\"ez-toc-link ez-toc-heading-1\" href=\"https:\/\/www.editorasolucao.com.br\/blog\/concurso\/prefeitura-de-cruz-alta-rs\/#Como_posso_me_inscrever_no_concurso_da_Prefeitura_de_Cruz_Alta\" title=\"Como posso me inscrever no concurso da Prefeitura de Cruz Alta?\">Como posso me inscrever no concurso da Prefeitura de Cruz Alta?<\/a><\/li><li class='ez-toc-page-1 ez-toc-heading-level-2'><a class=\"ez-toc-link ez-toc-heading-2\" href=\"https:\/\/www.editorasolucao.com.br\/blog\/concurso\/prefeitura-de-cruz-alta-rs\/#Quais_sao_as_vagas_cargos_e_salarios_ofertados\" title=\"Quais s\u00e3o as vagas, cargos e sal\u00e1rios ofertados?\">Quais s\u00e3o as vagas, cargos e sal\u00e1rios ofertados?<\/a><\/li><li class='ez-toc-page-1 ez-toc-heading-level-2'><a class=\"ez-toc-link ez-toc-heading-3\" href=\"https:\/\/www.editorasolucao.com.br\/blog\/concurso\/prefeitura-de-cruz-alta-rs\/#Quais_os_requisitos_para_a_investidura_dos_cargos\" title=\"Quais os requisitos para a investidura dos cargos?\">Quais os requisitos para a investidura dos cargos?<\/a><\/li><li class='ez-toc-page-1 ez-toc-heading-level-2'><a class=\"ez-toc-link ez-toc-heading-4\" href=\"https:\/\/www.editorasolucao.com.br\/blog\/concurso\/prefeitura-de-cruz-alta-rs\/#Como_os_candidatos_do_concurso_da_Prefeitura_de_Cruz_Alta_serao_avaliados\" title=\"Como os candidatos do concurso da Prefeitura de Cruz Alta ser\u00e3o avaliados?\">Como os candidatos do concurso da Prefeitura de Cruz Alta ser\u00e3o avaliados?<\/a><\/li><\/ul><\/nav><\/div>\n<h2 class=\"wp-block-heading\"><span class=\"ez-toc-section\" id=\"Como_posso_me_inscrever_no_concurso_da_Prefeitura_de_Cruz_Alta\"><\/span>Como posso me inscrever no concurso da Prefeitura de Cruz Alta?<span class=\"ez-toc-section-end\"><\/span><\/h2>\n\n\n\n<p>As inscri\u00e7\u00f5es do concurso da Prefeitura de Cruz Alta j\u00e1 est\u00e3o abertas! Os interessados devem se inscrever at\u00e9 o dia<strong> 20 de agosto de 2024,<\/strong> atrav\u00e9s do site da banca organizadora do certame, a <a href=\"https:\/\/www.fundatec.org.br\/portal\/concursos\/index_concursos.php?concurso=863\" target=\"_blank\" rel=\"noreferrer noopener\">Fundatec.<\/a> <\/p>\n\n\n\n<p>Os valores das taxas de inscri\u00e7\u00e3o variam de acordo com o n\u00edvel de escolaridade do cargo pretendido, sendo <strong>R$ 50,00 <\/strong>para cargos de n\u00edvel fundamental, <strong>R$ 70,00 <\/strong>para cargos de n\u00edvel m\u00e9dio\/t\u00e9cnico e <strong>R$ 100,00<\/strong> para cargos de n\u00edvel superior. <\/p>\n\n\n\n<p>O candidato deve efetuar o pagamento do boleto banc\u00e1rio at\u00e9 a data limite de <strong>6 de agosto de 2024,<\/strong> caso contr\u00e1rio sua inscri\u00e7\u00e3o ser\u00e1 dada como indeferida. <\/p>\n\n\n\n<p>N\u00e3o h\u00e1 oportunidade de solicitar a isen\u00e7\u00e3o dessas taxas!<\/p>\n\n\n\n<h2 class=\"wp-block-heading\"><span class=\"ez-toc-section\" id=\"Quais_sao_as_vagas_cargos_e_salarios_ofertados\"><\/span>Quais s\u00e3o as vagas, cargos e sal\u00e1rios ofertados? <span class=\"ez-toc-section-end\"><\/span><\/h2>\n\n\n\n<p>A Prefeitura de Cruz Alta est\u00e1 ofertando <strong>167 vagas imediatas<\/strong>, al\u00e9m da oportunidade de forma\u00e7\u00e3o de cadastro reserva, <strong>para cargos de todos os n\u00edveis de escolaridade. <\/strong>Confira como esses oportunidades est\u00e3o sendo distribu\u00eddas e suas remunera\u00e7\u00f5es: <\/p>\n\n\n\n<h4 class=\"wp-block-heading\">Fundamental<\/h4>\n\n\n\n<ul>\n<li>Agente de Manuten\u00e7\u00e3o e Reparos I (CR)\n<ul>\n<li>R$ 922,19<\/li>\n<\/ul>\n<\/li>\n\n\n\n<li>Agente de Manuten\u00e7\u00e3o e Reparos II (2 + CR)\n<ul>\n<li>R$ 1.032,85<\/li>\n<\/ul>\n<\/li>\n\n\n\n<li>Agente de Servi\u00e7os Gerais I (CR)\n<ul>\n<li>R$ 922,19<\/li>\n<\/ul>\n<\/li>\n\n\n\n<li>Agente de Servi\u00e7os Gerais II \u2013 cozinha\/merenda (5 + CR)\n<ul>\n<li>R$ 1.032,85<\/li>\n<\/ul>\n<\/li>\n\n\n\n<li>Motorista (6 + CR)\n<ul>\n<li>R$ 1.295,63<\/li>\n<\/ul>\n<\/li>\n\n\n\n<li>Operador de M\u00e1quinas (5 + CR)\n<ul>\n<li>R$ 1.295,63<\/li>\n<\/ul>\n<\/li>\n\n\n\n<li>Vigia (CR)\n<ul>\n<li>R$ 1.032,85<\/li>\n<\/ul>\n<\/li>\n<\/ul>\n\n\n\n<h4 class=\"wp-block-heading\">M\u00e9dio<\/h4>\n\n\n\n<ul>\n<li>Agente Administrativo II (12 + CR)\n<ul>\n<li>R$ 1.295,63<\/li>\n<\/ul>\n<\/li>\n\n\n\n<li>Agente de Tesouraria (1 + CR)\n<ul>\n<li>R$ 1.295,63<\/li>\n<\/ul>\n<\/li>\n\n\n\n<li>Agente Fiscal de Tr\u00e2nsito (5 + CR)\n<ul>\n<li>R$ 1.295,63<\/li>\n<\/ul>\n<\/li>\n\n\n\n<li>Auxiliar de Ensino (30 + CR)\n<ul>\n<li>R$ 1.295,63<\/li>\n<\/ul>\n<\/li>\n\n\n\n<li>Condutor de Ambul\u00e2ncia em Resgate (3 + CR)\n<ul>\n<li>R$ 1.295,63<\/li>\n<\/ul>\n<\/li>\n\n\n\n<li>Cuidador (CR)\n<ul>\n<li>R$ 1.295,63<\/li>\n<\/ul>\n<\/li>\n\n\n\n<li>Desenhista T\u00e9cnico (1 + CR)\n<ul>\n<li>R$ 1.295,63<\/li>\n<\/ul>\n<\/li>\n\n\n\n<li>Fiscal de Obras e Posturas (3 + CR)\n<ul>\n<li>R$ 1.295,63<\/li>\n<\/ul>\n<\/li>\n\n\n\n<li>Fiscal Sanit\u00e1rio (CR)\n<ul>\n<li>R$ 1.295,63<\/li>\n<\/ul>\n<\/li>\n\n\n\n<li>Professor de Educa\u00e7\u00e3o Infantil (10 + CR)\n<ul>\n<li>R$ 4.580,63<\/li>\n<\/ul>\n<\/li>\n\n\n\n<li>Professor S\u00e9ries Iniciais (10 + CR)\n<ul>\n<li>R$ 2.519,35<\/li>\n<\/ul>\n<\/li>\n<\/ul>\n\n\n\n<h4 class=\"wp-block-heading\">T\u00e9cnico<\/h4>\n\n\n\n<ul>\n<li>Fiscal Ambiental (1 + CR)\n<ul>\n<li>R$ 1.451,09<\/li>\n<\/ul>\n<\/li>\n\n\n\n<li><a href=\"https:\/\/www.editorasolucao.com.br\/apostila-solucao\/prefeitura-cruz-alta-rs-tecnico-enfermagem\" target=\"_blank\" rel=\"noreferrer noopener\">T\u00e9cnico de Enfermagem (8 + CR)<\/a>\n<ul>\n<li>R$ 3.022,60<\/li>\n<\/ul>\n<\/li>\n\n\n\n<li>T\u00e9cnico de Sa\u00fade Bucal (1 + CR)\n<ul>\n<li>R$ 1.451,09<\/li>\n<\/ul>\n<\/li>\n\n\n\n<li>T\u00e9cnico em Contabilidade (3 + CR)\n<ul>\n<li>R$ 1.451,09<\/li>\n<\/ul>\n<\/li>\n\n\n\n<li>T\u00e9cnico em Inform\u00e1tica (2 + CR)\n<ul>\n<li>R$ 1.451,09<\/li>\n<\/ul>\n<\/li>\n\n\n\n<li>T\u00e9cnico em Seguran\u00e7a do Trabalho (1 + CR)\n<ul>\n<li>R$ 1.451,09<\/li>\n<\/ul>\n<\/li>\n\n\n\n<li>T\u00e9cnico em Topografia (1 + CR)\n<ul>\n<li>R$ 1.451,09<\/li>\n<\/ul>\n<\/li>\n<\/ul>\n\n\n\n<h4 class=\"wp-block-heading\">Superior<\/h4>\n\n\n\n<ul>\n<li><a href=\"https:\/\/www.editorasolucao.com.br\/apostila-solucao\/prefeitura-cruz-alta-rs-administrador\" target=\"_blank\" rel=\"noreferrer noopener\">Administrador (1 + CR)<\/a>\n<ul>\n<li>R$ 2.280,73<\/li>\n<\/ul>\n<\/li>\n\n\n\n<li><a href=\"https:\/\/www.editorasolucao.com.br\/apostila-solucao\/prefeitura-cruz-alta-rs-agente-administrativo-iii\" target=\"_blank\" rel=\"noreferrer noopener\">Agente Administrativo III (5 + CR)<\/a>\n<ul>\n<li>R$ 2.280,73<\/li>\n<\/ul>\n<\/li>\n\n\n\n<li>Agente de Defesa Ambiental (2 + CR)\n<ul>\n<li>R$ 2.280,73<\/li>\n<\/ul>\n<\/li>\n\n\n\n<li>Analista de Sistemas (2 + CR)\n<ul>\n<li>R$ 2.280,73<\/li>\n<\/ul>\n<\/li>\n\n\n\n<li>Arquiteto (5 + CR)\n<ul>\n<li>R$ 2.280,73<\/li>\n<\/ul>\n<\/li>\n\n\n\n<li>Assistente Social (3 + CR)\n<ul>\n<li>R$ 2.280,73<\/li>\n<\/ul>\n<\/li>\n\n\n\n<li>Bacharel em Comunica\u00e7\u00e3o Social (CR)\n<ul>\n<li>R$ 2.280,73<\/li>\n<\/ul>\n<\/li>\n\n\n\n<li>Bibliotec\u00e1rio (1 + CR)\n<ul>\n<li>R$ 2.280,73<\/li>\n<\/ul>\n<\/li>\n\n\n\n<li>Biom\u00e9dico (CR)\n<ul>\n<li>R$ 2.280,73<\/li>\n<\/ul>\n<\/li>\n\n\n\n<li>Contador (2 + CR)\n<ul>\n<li>R$ 2.280,73<\/li>\n<\/ul>\n<\/li>\n\n\n\n<li>Economista (1 + CR)\n<ul>\n<li>R$ 2.280,73<\/li>\n<\/ul>\n<\/li>\n\n\n\n<li>Educador Especial (1 + CR)\n<ul>\n<li>R$ 2.280,73<\/li>\n<\/ul>\n<\/li>\n\n\n\n<li>Educador F\u00edsico (CR)\n<ul>\n<li>R$ 2.280,73<\/li>\n<\/ul>\n<\/li>\n\n\n\n<li>Enfermeiro ESF (1 + CR)\n<ul>\n<li>R$ 4.318,7<\/li>\n<\/ul>\n<\/li>\n\n\n\n<li>Engenheiro Agr\u00f4nomo (1 + CR)\n<ul>\n<li>R$ 2.280,73<\/li>\n<\/ul>\n<\/li>\n\n\n\n<li>Engenheiro Civil (2 + CR)\n<ul>\n<li>R$ 2.280,73<\/li>\n<\/ul>\n<\/li>\n\n\n\n<li>Engenheiro El\u00e9trico (1 + CR)\n<ul>\n<li>R$ 2.280,73<\/li>\n<\/ul>\n<\/li>\n\n\n\n<li>Engenheiro Mec\u00e2nico (CR)\n<ul>\n<li>R$ 2.280,73<\/li>\n<\/ul>\n<\/li>\n\n\n\n<li>Engenheiro ou Arquiteto do Trabalho (CR)\n<ul>\n<li>R$ 2.280,73<\/li>\n<\/ul>\n<\/li>\n\n\n\n<li>Farmac\u00eautico (3 + CR)\n<ul>\n<li>R$ 2.280,73<\/li>\n<\/ul>\n<\/li>\n\n\n\n<li>Fiscal Avaliador (1 + CR)\n<ul>\n<li>R$ 2.280,73<\/li>\n<\/ul>\n<\/li>\n\n\n\n<li>Fiscal Tribut\u00e1rio (4 + CR)\n<ul>\n<li>R$ 2.280,73<\/li>\n<\/ul>\n<\/li>\n\n\n\n<li>Fisioterapeuta (2 + CR)\n<ul>\n<li>R$ 2.280,73<\/li>\n<\/ul>\n<\/li>\n\n\n\n<li>Fonoaudi\u00f3logo (CR)\n<ul>\n<li>R$ 2.280,73<\/li>\n<\/ul>\n<\/li>\n\n\n\n<li>Ge\u00f3logo (CR)\n<ul>\n<li>R$ 2.280,73<\/li>\n<\/ul>\n<\/li>\n\n\n\n<li>M\u00e9dico Veterin\u00e1rio (2 + CR)\n<ul>\n<li>R$ 2.280,73<\/li>\n<\/ul>\n<\/li>\n\n\n\n<li>Muse\u00f3logo (1 + CR)\n<ul>\n<li>R$ 2.280,73<\/li>\n<\/ul>\n<\/li>\n\n\n\n<li>Nutricionista (1 + CR)\n<ul>\n<li>R$ 2.280,73<\/li>\n<\/ul>\n<\/li>\n\n\n\n<li>Pedagogo (2 + CR)\n<ul>\n<li>R$ 2.280,73<\/li>\n<\/ul>\n<\/li>\n\n\n\n<li>Procurador (5 + CR)\n<ul>\n<li>R$ 2.280,73<\/li>\n<\/ul>\n<\/li>\n\n\n\n<li>Professor Ensino Fundamental \u2013 Ci\u00eancia (CR)\n<ul>\n<li>R$ 2.519,35<\/li>\n<\/ul>\n<\/li>\n\n\n\n<li>Professor Ensino Fundamental \u2013 Dan\u00e7a (CR)\n<ul>\n<li>R$ 2.519,35<\/li>\n<\/ul>\n<\/li>\n\n\n\n<li>Professor Ensino Fundamental \u2013 Educa\u00e7\u00e3o F\u00edsica (CR)\n<ul>\n<li>R$ 2.519,35<\/li>\n<\/ul>\n<\/li>\n\n\n\n<li>Professor Ensino Fundamental \u2013 Espanhol (CR)\n<ul>\n<li>R$ 2.519,35<\/li>\n<\/ul>\n<\/li>\n\n\n\n<li>Professor Ensino Fundamental \u2013 Geografia (CR)\n<ul>\n<li>R$ 2.519,35<\/li>\n<\/ul>\n<\/li>\n\n\n\n<li>Professor Ensino Fundamental \u2013 Hist\u00f3ria (CR)\n<ul>\n<li>R$ 2.519,35<\/li>\n<\/ul>\n<\/li>\n\n\n\n<li>Professor Ensino Fundamental \u2013 Ingl\u00eas (CR)\n<ul>\n<li>R$ 2.519,35<\/li>\n<\/ul>\n<\/li>\n\n\n\n<li>Professor Ensino Fundamental \u2013 Matem\u00e1tica (CR)\n<ul>\n<li>R$ 2.519,35<\/li>\n<\/ul>\n<\/li>\n\n\n\n<li>Professor Ensino Fundamental \u2013 Portugu\u00eas (CR)\n<ul>\n<li>R$ 2.519,35<\/li>\n<\/ul>\n<\/li>\n\n\n\n<li>Psic\u00f3logo (5 + CR)\n<ul>\n<li>R$ 2.280,73<\/li>\n<\/ul>\n<\/li>\n\n\n\n<li>Terapeuta Ocupacional (2 + CR)\n<ul>\n<li>R$ 2.280,73<\/li>\n<\/ul>\n<\/li>\n\n\n\n<li>Tesoureiro (1 + CR)\n<ul>\n<li>R$ 2.280,73<\/li>\n<\/ul>\n<\/li>\n<\/ul>\n\n\n\n<p><\/p>\n\n\n\n<p>As jornadas de trabalho variam entre <strong>20, 22, 30 ou 40 horas semanais<\/strong>, a depender do cargo. <\/p>\n\n\n\n<h2 class=\"wp-block-heading\"><span class=\"ez-toc-section\" id=\"Quais_os_requisitos_para_a_investidura_dos_cargos\"><\/span>Quais os requisitos para a investidura dos cargos? <span class=\"ez-toc-section-end\"><\/span><\/h2>\n\n\n\n<p>Para a nomea\u00e7\u00e3o e posse dos cargos, o candidato dever\u00e1 apresentar os seguintes documentos: <\/p>\n\n\n\n<ul>\n<li>Carteira de Identidade Civil que contenha o n\u00ba do Registro Geral (RG) com a data da emiss\u00e3o inferior a dez anos;\n<ul>\n<li> para estrangeiros, apresentar documenta\u00e7\u00e3o que comprove a situa\u00e7\u00e3o regular no Brasil, mediante a apresenta\u00e7\u00e3o de Registro Nacional de Estrangeiros (RNE) e c\u00f3pia da tela do SINCRE &#8211; Sistema Nacional de Cadastro de Registro de Estrangeiros;<\/li>\n<\/ul>\n<\/li>\n\n\n\n<li>Comprovante de estado civil (Certid\u00e3o de nascimento, casamento, ou certid\u00e3o de casamento com averba\u00e7\u00e3o de separa\u00e7\u00e3o, div\u00f3rcio ou \u00f3bito quando for o caso);<\/li>\n\n\n\n<li>Certificado de Reservista ou outro documento de regularidade de situa\u00e7\u00e3o militar, se do sexo masculino;<\/li>\n\n\n\n<li>Comprovante de inscri\u00e7\u00e3o no Cadastro de Pessoas F\u00edsicas (CPF);<\/li>\n\n\n\n<li>T\u00edtulo de Eleitor;<\/li>\n\n\n\n<li>Certid\u00e3o de Quita\u00e7\u00e3o Eleitoral e Certid\u00e3o Negativa de Crimes Eleitorais;<\/li>\n\n\n\n<li>PIS\/PASEP;<\/li>\n\n\n\n<li>2 fotos 3 cm x 4 cm recentes e de frente;<\/li>\n\n\n\n<li>CTPS \u2013 p\u00e1gina da foto e dos dados pessoais;<\/li>\n\n\n\n<li>\u00daltima declara\u00e7\u00e3o do Imposto de Renda;<\/li>\n\n\n\n<li>Certid\u00e3o de nascimento de filhos dependentes;<\/li>\n\n\n\n<li>Carteira de Vacina\u00e7\u00e3o de filhos menores de 2 anos de idade;<\/li>\n\n\n\n<li>Declara\u00e7\u00e3o de inexist\u00eancia de impedimento para assumir o cargo, consubstanciada no n\u00e3o exerc\u00edcio de outro cargo, emprego ou fun\u00e7\u00e3o p\u00fablica, constitucionalmente inacumul\u00e1vel;<\/li>\n\n\n\n<li>Declara\u00e7\u00e3o atualizada dos respectivos bens, com assinatura reconhecida em cart\u00f3rio;<\/li>\n\n\n\n<li>Atestado m\u00e9dico de aptid\u00e3o para o exerc\u00edcio do cargo fornecido pelo Servi\u00e7o M\u00e9dico designado pelo Munic\u00edpio de Cruz Alta;<\/li>\n\n\n\n<li>Prova do status de brasileiro nato ou naturalizado;<\/li>\n\n\n\n<li>Prova da idade m\u00ednima de 18 (dezoito) anos;<\/li>\n\n\n\n<li>Prova do atendimento das exig\u00eancias da Lei Federal n\u00ba 7.853\/89 e do Decreto Federal n\u00ba 3.298\/99;<\/li>\n\n\n\n<li>Prova da escolaridade m\u00ednima completa, da habilita\u00e7\u00e3o espec\u00edfica e do preenchimento dos demais requisitos exigidos no item 1.1 deste Edital para o cargo pretendido;<\/li>\n\n\n\n<li>Certid\u00e3o de quita\u00e7\u00e3o e regularidade no respectivo Conselho de Classe Profissional, quando exigido;<\/li>\n\n\n\n<li>Comprovante de consulta a qualifica\u00e7\u00e3o cadastral com situa\u00e7\u00e3o \u201cREGULAR\u201d, em cumprimento \u00e0s disposi\u00e7\u00f5es contidas no Decreto Federal n\u00ba 8.373\/2014 e Resolu\u00e7\u00f5es do Comit\u00ea Gestor do eSocial (Federal) n\u00ba 1\/2015 e n\u00ba 4\/2015;<\/li>\n\n\n\n<li>Comprovante do endere\u00e7o por meio de entrega de c\u00f3pias de conta de luz, de \u00e1gua, de telefone ou de IPTU, em nome do candidato, ou declara\u00e7\u00e3o de que o candidato reside no endere\u00e7o indicado, que dever\u00e1 estar assinada pelo candidato aprovado com assinatura reconhecida em cart\u00f3rio.<\/li>\n\n\n\n<li>Para o cargo de Motorista:\n<ul>\n<li>Comprovante do DETRAN que ateste que ele n\u00e3o cometeu nenhuma infra\u00e7\u00e3o pass\u00edvel do direito de suspens\u00e3o de dirigir, de acordo com o C\u00f3digo de Tr\u00e2nsito Brasileiro (CTB).<\/li>\n\n\n\n<li>Exame Toxicol\u00f3gico, com laudo de detec\u00e7\u00e3o do uso de drogas il\u00edcitas, a partir de amostras de materiais biol\u00f3gicos (cabelos, pelos ou, em casos de alop\u00e9cia universal, em raspas de unhas), doados pelos candidatos, com janela de detec\u00e7\u00e3o m\u00ednima de 90 (noventa) dias, abrangendo, pelo menos, os seguintes grupos de drogas: delta9-THC e metab\u00f3litos, coca\u00edna e metab\u00f3litos, anfetaminas ilegais (MDMA, MDA, Metanfetamina etc.), opi\u00e1ceos e opioides.<\/li>\n<\/ul>\n<\/li>\n<\/ul>\n\n\n\n<h2 class=\"wp-block-heading\"><span class=\"ez-toc-section\" id=\"Como_os_candidatos_do_concurso_da_Prefeitura_de_Cruz_Alta_serao_avaliados\"><\/span>Como os candidatos do concurso da Prefeitura de Cruz Alta ser\u00e3o avaliados? <span class=\"ez-toc-section-end\"><\/span><\/h2>\n\n\n\n<p>Os candidatos do concurso da Prefeitura de Cruz Alta ser\u00e3o avaliados por meio das seguintes etapas de sele\u00e7\u00e3o: <strong>prova objetiva<\/strong> (para todos os cargos), <strong>prova de t\u00edtulos<\/strong> (para os cargos de n\u00edvel superior e magist\u00e9rio), <strong>prova pr\u00e1tica<\/strong> (para os cargos de Agente de Manuten\u00e7\u00e3o e Reparo II e Operador de M\u00e1quinas) e <strong>teste de aptid\u00e3o f\u00edsica <\/strong>(para o cargo de Agente Fiscal de Tr\u00e2nsito). Confira: <\/p>\n\n\n\n<h3 class=\"wp-block-heading\">Prova Objetiva<\/h3>\n\n\n\n<p>A prova objetiva, de car\u00e1ter eliminat\u00f3rio e classificat\u00f3rio, ser\u00e1 aplicada na data prevista de <strong>22 de setembro de 2024<\/strong>, na parte da manh\u00e3 ou da tarde, dependendo do cargo. <\/p>\n\n\n\n<p>A avalia\u00e7\u00e3o ser\u00e1 composta de <strong>quest\u00f5es de m\u00faltipla escolha<\/strong> versadas sobre as seguintes disciplinas: <\/p>\n\n\n\n<ul>\n<li><strong>Fundamental e M\u00e9dio<\/strong>\n<ul>\n<li>L\u00edngua Portuguesa: 15 quest\u00f5es<\/li>\n\n\n\n<li>Legisla\u00e7\u00e3o: 10 quest\u00f5es<\/li>\n\n\n\n<li>Conhecimentos Gerais: 5 quest\u00f5es<\/li>\n\n\n\n<li>Racioc\u00ednio L\u00f3gico: 10 quest\u00f5es<\/li>\n<\/ul>\n<\/li>\n<\/ul>\n\n\n\n<ul>\n<li><strong>T\u00e9cnico e Superior<\/strong>\n<ul>\n<li>L\u00edngua Portuguesa: 10 quest\u00f5es<\/li>\n\n\n\n<li>Legisla\u00e7\u00e3o: 10 quest\u00f5es<\/li>\n\n\n\n<li>Conhecimentos Gerais: 5 quest\u00f5es<\/li>\n\n\n\n<li>Racioc\u00ednio L\u00f3gico: 5 quest\u00f5es<\/li>\n\n\n\n<li>Conhecimentos Espec\u00edficos: 10 quest\u00f5es<\/li>\n<\/ul>\n<\/li>\n<\/ul>\n\n\n\n<ul>\n<li><strong>Professores<\/strong>\n<ul>\n<li>L\u00edngua Portuguesa: 10 quest\u00f5es<\/li>\n\n\n\n<li>Legisla\u00e7\u00e3o\/Estrutura e Funcionamento: 10 quest\u00f5es<\/li>\n\n\n\n<li>Fundamentos da Educa\u00e7\u00e3o: 10 quest\u00f5es<\/li>\n\n\n\n<li>Conhecimentos Gerais: 5 quest\u00f5es<\/li>\n\n\n\n<li>Conhecimentos Espec\u00edficos: 5 quest\u00f5es<\/li>\n<\/ul>\n<\/li>\n<\/ul>\n\n\n\n<p><\/p>\n\n\n\n<p>Para os cargos de <strong>n\u00edvel superior e magist\u00e9rio<\/strong>, a prova objetiva ter\u00e1 valor total de 90 pontos, sendo aprovado o candidato que obtiver nota igual ou superior a 45 pontos. <\/p>\n\n\n\n<p>J\u00e1 para os demais cargos, essa etapa ser\u00e1 avaliada em uma escala de 0 a 100 pontos, sendo <strong>aprovado<\/strong> o candidato que obtiver nota igual ou superior a 50 pontos. <\/p>\n\n\n\n<h3 class=\"wp-block-heading\">Prova de T\u00edtulos<\/h3>\n\n\n\n<p>A prova de t\u00edtulos, de car\u00e1ter classificat\u00f3rio, \u00e9 exclusiva para os cargos de n\u00edvel superior e do magist\u00e9rio. <\/p>\n\n\n\n<p>O envio dos t\u00edtulos ser\u00e1 feito atrav\u00e9s do site da banca organizadora do certame, entre os dias<strong> 28 e 29 de outubro de 2024. <\/strong><\/p>\n\n\n\n<ul>\n<li>Especializa\u00e7\u00e3o: 1,5 pontos<\/li>\n\n\n\n<li>Mestrado: 3,0 pontos<\/li>\n\n\n\n<li>Doutorado: 4,0 pontos<\/li>\n<\/ul>\n\n\n\n<h3 class=\"wp-block-heading\">Prova Pr\u00e1tica<\/h3>\n\n\n\n<p>A prova pr\u00e1tica, exclusiva para os cargos de Agente de Manuten\u00e7\u00e3o e Reparos II e Operador de M\u00e1quinas, nos dias<strong> 9 e\/ou 10 de novembro de 2024. <\/strong><\/p>\n\n\n\n<ul>\n<li>Para o cargo de <strong>Operador de M\u00e1quinas<\/strong> a prova ser\u00e1 constitu\u00edda das seguintes atividades: \n<ul>\n<li>Inspecionar a m\u00e1quina.<\/li>\n\n\n\n<li>Posicionamento da M\u00e1quina nos locais determinados pela Banca.<\/li>\n\n\n\n<li>Executar a abertura de 3 metros de valeta \u00e0 esquerda com profundidade de at\u00e9 10 cm (aproximadamente). <\/li>\n\n\n\n<li>Executar o espalhamento do material para tapar a valeta. <\/li>\n\n\n\n<li>Preparar a l\u00e2mina \u00e0 direita para execu\u00e7\u00e3o de talude, ajustar em posi\u00e7\u00e3o de 90\u00b0(graus) e retornar a l\u00e2mina para a posi\u00e7\u00e3o original.<\/li>\n<\/ul>\n<\/li>\n\n\n\n<li>J\u00e1 para o cargo de <strong>Agente de Manuten\u00e7\u00e3o e Reparos II<\/strong> ser\u00e1 composta de: \n<ul>\n<li>Identificar os condutores fase e neutro do circuito que alimenta a bancada de trabalho.<\/li>\n\n\n\n<li>Medir a tens\u00e3o da instala\u00e7\u00e3o entre fases e fase e neutro, identificando-as.<\/li>\n\n\n\n<li>Montar um conjunto de ilumina\u00e7\u00e3o composto por lumin\u00e1ria tipo comercial e l\u00e2mpadas LED tubular.<\/li>\n\n\n\n<li>Montar um acionamento, com c\u00e9lula fotoel\u00e9trica, para o conjunto de ilumina\u00e7\u00e3o montado na Atividade 3.<\/li>\n\n\n\n<li>Ligar o conjunto de ilumina\u00e7\u00e3o montado e medir a corrente que circula pelo circuito.<\/li>\n<\/ul>\n<\/li>\n<\/ul>\n\n\n\n<h3 class=\"wp-block-heading\">Teste de Aptid\u00e3o F\u00edsica<\/h3>\n\n\n\n<p>O teste de aptid\u00e3o f\u00edsica, de car\u00e1ter eliminat\u00f3rio, \u00e9 exclusivo para o cargo de Agente Fiscal de Tr\u00e2nsito e ser\u00e1 realizado em datas que <strong>ainda ser\u00e3o divulgadas.<\/strong> <\/p>\n\n\n\n<p>Essa etapa tem como objetivo avaliar as habilidades f\u00edsicas do candidato, que ser\u00e3o necess\u00e1rias para que ele desempenhe com efici\u00eancia as atividades relacionadas ao cargo que est\u00e1 concorrendo.<\/p>\n\n\n\n<p>Os candidatos ser\u00e3o avaliados por meio das seguintes atividades: <\/p>\n\n\n\n<ul>\n<li>teste de corrida<\/li>\n\n\n\n<li>teste de flex\u00e3o do tronco<\/li>\n\n\n\n<li>teste de flex\u00e3o de bra\u00e7os sobre o solo<\/li>\n<\/ul>\n\n\n\n<p><\/p>\n\n\n\n<p><strong>Boa prova e bons estudos!<\/strong> <\/p>\n","protected":false},"excerpt":{"rendered":"<p>Ol\u00e1, concurseiros! A Prefeitura de Cruz Alta, munic\u00edpio do estado do Rio Grande do Sul, est\u00e1 ofertando 167 vagas para cargos de n\u00edveis fundamental, m\u00e9dio, t\u00e9cnico e superior em seu novo concurso. As remunera\u00e7\u00f5es iniciais chegam at\u00e9 R$ 4.580,63! Ficou interessado(a)? Venha saber mais! Como posso me inscrever no concurso da Prefeitura de Cruz Alta? As inscri\u00e7\u00f5es do concurso da Prefeitura de Cruz Alta j\u00e1 est\u00e3o abertas! Os interessados devem se inscrever at\u00e9 o dia 20 de agosto de 2024, atrav\u00e9s do site da banca organizadora do certame, a Fundatec. Os valores das taxas de inscri\u00e7\u00e3o variam de acordo com&#8230;<\/p>\n","protected":false},"author":21,"featured_media":43496,"template":"","meta":{"_acf_changed":false,"rank_math_lock_modified_date":false},"categories":[],"tags":[],"acf":[],"_links":{"self":[{"href":"https:\/\/www.editorasolucao.com.br\/blog\/wp-json\/wp\/v2\/concurso\/43494"}],"collection":[{"href":"https:\/\/www.editorasolucao.com.br\/blog\/wp-json\/wp\/v2\/concurso"}],"about":[{"href":"https:\/\/www.editorasolucao.com.br\/blog\/wp-json\/wp\/v2\/types\/concurso"}],"author":[{"embeddable":true,"href":"https:\/\/www.editorasolucao.com.br\/blog\/wp-json\/wp\/v2\/users\/21"}],"wp:featuredmedia":[{"embeddable":true,"href":"https:\/\/www.editorasolucao.com.br\/blog\/wp-json\/wp\/v2\/media\/43496"}],"wp:attachment":[{"href":"https:\/\/www.editorasolucao.com.br\/blog\/wp-json\/wp\/v2\/media?parent=43494"}],"wp:term":[{"taxonomy":"category","embeddable":true,"href":"https:\/\/www.editorasolucao.com.br\/blog\/wp-json\/wp\/v2\/categories?post=43494"},{"taxonomy":"post_tag","embeddable":true,"href":"https:\/\/www.editorasolucao.com.br\/blog\/wp-json\/wp\/v2\/tags?post=43494"}],"curies":[{"name":"wp","href":"https:\/\/api.w.org\/{rel}","templated":true}]}}