{"id":43546,"date":"2024-07-23T10:15:58","date_gmt":"2024-07-23T13:15:58","guid":{"rendered":"https:\/\/www.editorasolucao.com.br\/blog\/?post_type=concurso&#038;p=43546"},"modified":"2024-07-23T10:16:00","modified_gmt":"2024-07-23T13:16:00","slug":"prefeitura-de-volta-grande-mg","status":"publish","type":"concurso","link":"https:\/\/www.editorasolucao.com.br\/blog\/concurso\/prefeitura-de-volta-grande-mg","title":{"rendered":"Concurso Prefeitura de Volta Grande: Saiu edital com 91 vagas!"},"content":{"rendered":"\n<p>Ol\u00e1, concurseiros! A Prefeitura de Volta Grande, munic\u00edpio do estado de Minas Gerais, publicou o edital do seu novo concurso que visa preencher <strong>91 vagas imediatas<\/strong> para cargos de n\u00edveis fundamental e superior. Ficou interessado(a)? Venha saber mais!<\/p>\n\n\n\n<div id=\"ez-toc-container\" class=\"ez-toc-v2_0_69_1 counter-hierarchy ez-toc-counter ez-toc-grey ez-toc-container-direction\">\n<div class=\"ez-toc-title-container\">\n<p class=\"ez-toc-title \" >Menu de navega&ccedil;&atilde;o<\/p>\n<span class=\"ez-toc-title-toggle\"><a href=\"#\" class=\"ez-toc-pull-right ez-toc-btn ez-toc-btn-xs ez-toc-btn-default ez-toc-toggle\" aria-label=\"Toggle Table of Content\"><span class=\"ez-toc-js-icon-con\"><span class=\"\"><span class=\"eztoc-hide\" style=\"display:none;\">Toggle<\/span><span class=\"ez-toc-icon-toggle-span\"><svg style=\"fill: #999;color:#999\" xmlns=\"http:\/\/www.w3.org\/2000\/svg\" class=\"list-377408\" width=\"20px\" height=\"20px\" viewBox=\"0 0 24 24\" fill=\"none\"><path d=\"M6 6H4v2h2V6zm14 0H8v2h12V6zM4 11h2v2H4v-2zm16 0H8v2h12v-2zM4 16h2v2H4v-2zm16 0H8v2h12v-2z\" fill=\"currentColor\"><\/path><\/svg><svg style=\"fill: #999;color:#999\" class=\"arrow-unsorted-368013\" xmlns=\"http:\/\/www.w3.org\/2000\/svg\" width=\"10px\" height=\"10px\" viewBox=\"0 0 24 24\" version=\"1.2\" baseProfile=\"tiny\"><path d=\"M18.2 9.3l-6.2-6.3-6.2 6.3c-.2.2-.3.4-.3.7s.1.5.3.7c.2.2.4.3.7.3h11c.3 0 .5-.1.7-.3.2-.2.3-.5.3-.7s-.1-.5-.3-.7zM5.8 14.7l6.2 6.3 6.2-6.3c.2-.2.3-.5.3-.7s-.1-.5-.3-.7c-.2-.2-.4-.3-.7-.3h-11c-.3 0-.5.1-.7.3-.2.2-.3.5-.3.7s.1.5.3.7z\"\/><\/svg><\/span><\/span><\/span><\/a><\/span><\/div>\n<nav><ul class='ez-toc-list ez-toc-list-level-1 ' ><li class='ez-toc-page-1 ez-toc-heading-level-2'><a class=\"ez-toc-link ez-toc-heading-1\" href=\"https:\/\/www.editorasolucao.com.br\/blog\/concurso\/prefeitura-de-volta-grande-mg\/#Como_posso_me_inscrever_no_concurso_da_Prefeitura_de_Volta_Grande\" title=\"Como posso me inscrever no concurso da Prefeitura de Volta Grande?\">Como posso me inscrever no concurso da Prefeitura de Volta Grande?<\/a><\/li><li class='ez-toc-page-1 ez-toc-heading-level-2'><a class=\"ez-toc-link ez-toc-heading-2\" href=\"https:\/\/www.editorasolucao.com.br\/blog\/concurso\/prefeitura-de-volta-grande-mg\/#Quais_sao_as_vagas_cargos_e_salarios_ofertados\" title=\"Quais s\u00e3o as vagas, cargos e sal\u00e1rios ofertados?\">Quais s\u00e3o as vagas, cargos e sal\u00e1rios ofertados?<\/a><\/li><li class='ez-toc-page-1 ez-toc-heading-level-2'><a class=\"ez-toc-link ez-toc-heading-3\" href=\"https:\/\/www.editorasolucao.com.br\/blog\/concurso\/prefeitura-de-volta-grande-mg\/#Quais_os_requisitos_para_a_investidura_dos_cargos\" title=\"Quais os requisitos para a investidura dos cargos?\">Quais os requisitos para a investidura dos cargos?<\/a><\/li><li class='ez-toc-page-1 ez-toc-heading-level-2'><a class=\"ez-toc-link ez-toc-heading-4\" href=\"https:\/\/www.editorasolucao.com.br\/blog\/concurso\/prefeitura-de-volta-grande-mg\/#Como_os_candidatos_do_concurso_da_Prefeitura_de_Volta_Grande_serao_avaliados\" title=\"Como os candidatos do concurso da Prefeitura de Volta Grande ser\u00e3o avaliados?\">Como os candidatos do concurso da Prefeitura de Volta Grande ser\u00e3o avaliados?<\/a><\/li><\/ul><\/nav><\/div>\n<h2 class=\"wp-block-heading\"><span class=\"ez-toc-section\" id=\"Como_posso_me_inscrever_no_concurso_da_Prefeitura_de_Volta_Grande\"><\/span>Como posso me inscrever no concurso da Prefeitura de Volta Grande? <span class=\"ez-toc-section-end\"><\/span><\/h2>\n\n\n\n<p>Os interessados pelo concurso da Prefeitura de Volta Grande poder\u00e3o se inscrever a partir das<strong> 14h do dia<\/strong> <strong> 21 de agosto de 2024 at\u00e9 \u00e0s 23h59min do dia 23 de setembro de 2024<\/strong>, atrav\u00e9s do site da banca organizadora do certame, o <a href=\"https:\/\/concursos.access.org.br\/informacoes\/121\/\" target=\"_blank\" rel=\"noreferrer noopener\">Instituto Access.<\/a> <\/p>\n\n\n\n<p>Os valores das taxas de inscri\u00e7\u00e3o variam de acordo com o n\u00edvel de escolaridade do cargo pretendido, sendo <strong>R$ 50,00<\/strong> para cargos de n\u00edvel fundamental e <strong>R$ 70,00 <\/strong>para cargos de n\u00edvel superior. <\/p>\n\n\n\n<p>Para que sua inscri\u00e7\u00e3o seja homologada, o candidato deve efetuar o pagamento do boleto banc\u00e1rio at\u00e9 a data limite de <strong>24 de setembro de 2024. <\/strong><\/p>\n\n\n\n<p>Os candidatos, que se enquadrarem em algum dos seguintes crit\u00e9rios, poder\u00e3o solicitar a isen\u00e7\u00e3o dessas taxas entre os dias <strong>21 a 23 de agosto de 2024.<\/strong> <\/p>\n\n\n\n<ul>\n<li>o candidato comprovadamente desempregado, de acordo com a Lei Estadual n\u00ba 13.392\/1999;<\/li>\n\n\n\n<li>o candidato hipossuficiente que, por raz\u00f5es de limita\u00e7\u00f5es de ordem financeira, n\u00e3o possa arcar com o pagamento da taxa de inscri\u00e7\u00e3o sem que comprometa o sustento pr\u00f3prio e de sua fam\u00edlia.<\/li>\n<\/ul>\n\n\n\n<h2 class=\"wp-block-heading\"><span class=\"ez-toc-section\" id=\"Quais_sao_as_vagas_cargos_e_salarios_ofertados\"><\/span>Quais s\u00e3o as vagas, cargos e sal\u00e1rios ofertados? <span class=\"ez-toc-section-end\"><\/span><\/h2>\n\n\n\n<p>A Prefeitura de Volta Grande est\u00e1 ofertando <strong>91 vagas imediatas<\/strong> para cargos de n\u00edveis fundamental e superior. Confira como essas oportunidades est\u00e3o sendo distribu\u00eddas e suas remunera\u00e7\u00f5es: <\/p>\n\n\n\n<h4 class=\"wp-block-heading\">Fundamental<\/h4>\n\n\n\n<ul>\n<li><a href=\"https:\/\/www.editorasolucao.com.br\/apostila-solucao\/prefeitura-volta-grande-mg-atendente\" target=\"_blank\" rel=\"noreferrer noopener\">Atendente (3)<\/a>\n<ul>\n<li>R$ 1.412,00<\/li>\n<\/ul>\n<\/li>\n\n\n\n<li>Auxiliar Administrativo (3)\n<ul>\n<li>R$ 1.412,00<\/li>\n<\/ul>\n<\/li>\n\n\n\n<li>Auxiliar Administrativo CRAS (2)\n<ul>\n<li>R$ 1.412,00<\/li>\n<\/ul>\n<\/li>\n\n\n\n<li>Coordenador CRAS (1)\n<ul>\n<li>R$ 1.692,64<\/li>\n<\/ul>\n<\/li>\n\n\n\n<li>Escritur\u00e1rio Digitador (2)\n<ul>\n<li>R$ 1.412,00<\/li>\n<\/ul>\n<\/li>\n\n\n\n<li>Fiscal (CR)\n<ul>\n<li>R$ 1.412,00<\/li>\n<\/ul>\n<\/li>\n\n\n\n<li>Escritur\u00e1rio (8)\n<ul>\n<li>R$ 1.412,00<\/li>\n<\/ul>\n<\/li>\n\n\n\n<li>Art\u00edfice (7)\n<ul>\n<li>R$ 1.412,00<\/li>\n<\/ul>\n<\/li>\n\n\n\n<li>Auxiliar de Servi\u00e7os (30)\n<ul>\n<li>R$ 1.412,00<\/li>\n<\/ul>\n<\/li>\n\n\n\n<li>Motorista (18)\n<ul>\n<li>R$ 1.412,00<\/li>\n<\/ul>\n<\/li>\n\n\n\n<li>Servente (1)\n<ul>\n<li>R$ 1.412,00<\/li>\n<\/ul>\n<\/li>\n\n\n\n<li>Vigia (1)\n<ul>\n<li>R$ 1.412,00<\/li>\n<\/ul>\n<\/li>\n<\/ul>\n\n\n\n<h4 class=\"wp-block-heading\">Superior<\/h4>\n\n\n\n<ul>\n<li>Assistente Social CRAS (1)\n<ul>\n<li>R$ 1.412,00<\/li>\n<\/ul>\n<\/li>\n\n\n\n<li>Farmac\u00eautico (1)\n<ul>\n<li>R$ 1.412,00<\/li>\n<\/ul>\n<\/li>\n\n\n\n<li>Fonoaudi\u00f3logo UBS (1)\n<ul>\n<li>R$ 1.412,00<\/li>\n<\/ul>\n<\/li>\n\n\n\n<li>Inspetor de Vigil\u00e2ncia Sanit\u00e1ria (CR)\n<ul>\n<li>R$ 1.412,00<\/li>\n<\/ul>\n<\/li>\n\n\n\n<li>Nutricionista UBS (2)\n<ul>\n<li>R$ 1.412,00<\/li>\n<\/ul>\n<\/li>\n\n\n\n<li>Psic\u00f3logo UBS (1)\n<ul>\n<li>R$ 1.412,00<\/li>\n<\/ul>\n<\/li>\n\n\n\n<li>Psic\u00f3logo CRAS (1)\n<ul>\n<li>R$ 1.412,00<\/li>\n<\/ul>\n<\/li>\n<\/ul>\n\n\n\n<p><\/p>\n\n\n\n<p>As jornadas de trabalho variam entre <strong>20, 30 ou 40 horas semanais<\/strong>, a depender do cargo. <\/p>\n\n\n\n<h2 class=\"wp-block-heading\"><span class=\"ez-toc-section\" id=\"Quais_os_requisitos_para_a_investidura_dos_cargos\"><\/span>Quais os requisitos para a investidura dos cargos? <span class=\"ez-toc-section-end\"><\/span><\/h2>\n\n\n\n<p>De acordo com o edital, esses s\u00e3o os requisitos b\u00e1sicos exigidos para a nomea\u00e7\u00e3o e posse dos cargos ofertados: <\/p>\n\n\n\n<ul>\n<li>Ser aprovado no Concurso P\u00fablico;<\/li>\n\n\n\n<li>Ter nacionalidade brasileira e, no caso de nacionalidade portuguesa, estar amparado pelo estatuto de igualdade entre brasileiros e portugueses, com reconhecimento do gozo dos direitos pol\u00edticos na forma do disposto no art. 12, \u00a7 1\u00ba da Constitui\u00e7\u00e3o Federal, e no art. 13 do Decreto n\u00ba 70.436\/1972;<\/li>\n\n\n\n<li>Estar em gozo dos direitos pol\u00edticos;<\/li>\n\n\n\n<li>Ter idade m\u00ednima de 18 (dezoito) anos completos na data da contrata\u00e7\u00e3o;<\/li>\n\n\n\n<li>Atender as condi\u00e7\u00f5es de escolaridade e demais requisitos prescritos para o cargo pretendido, determinados no item 2 deste Edital;<\/li>\n\n\n\n<li>Ter aptid\u00e3o f\u00edsica e mental para o exerc\u00edcio do cargo, a ser comprovada por inspe\u00e7\u00e3o m\u00e9dica oficial;<\/li>\n\n\n\n<li>Estar quite com as obriga\u00e7\u00f5es militares, em caso de candidato do sexo masculino;<\/li>\n\n\n\n<li>Estar quite com as obriga\u00e7\u00f5es eleitorais;<\/li>\n\n\n\n<li>Cumprir as determina\u00e7\u00f5es deste Edital, com as altera\u00e7\u00f5es posteriores, e das leis que regem o presente Concurso P\u00fablico;<\/li>\n\n\n\n<li>Declarar, na solicita\u00e7\u00e3o de inscri\u00e7\u00e3o, que tem ci\u00eancia e aceita que, caso aprovado, dever\u00e1 entregar os documentos comprobat\u00f3rios dos requisitos exigidos para o cargo por ocasi\u00e3o da contrata\u00e7\u00e3o;<\/li>\n\n\n\n<li>Apresentar outros documentos que se fizerem necess\u00e1rios, na forma da lei, \u00e0 \u00e9poca da contrata\u00e7\u00e3o;<\/li>\n\n\n\n<li>Cumprir as determina\u00e7\u00f5es deste Edital.<\/li>\n<\/ul>\n\n\n\n<h2 class=\"wp-block-heading\"><span class=\"ez-toc-section\" id=\"Como_os_candidatos_do_concurso_da_Prefeitura_de_Volta_Grande_serao_avaliados\"><\/span>Como os candidatos do concurso da Prefeitura de Volta Grande ser\u00e3o avaliados? <span class=\"ez-toc-section-end\"><\/span><\/h2>\n\n\n\n<p>Os candidatos do concurso da Prefeitura de Volta Grande ser\u00e3o avaliados por meio das seguintes etapas de sele\u00e7\u00e3o: <strong>prova objetiva<\/strong> (para todos os cargos) e <strong>prova pr\u00e1tica<\/strong> (para os cargos de Art\u00edfice, Escritur\u00e1rio Digitador, Motorista, Servente e Auxiliar de Servi\u00e7os). Confira com mais detalhes: <\/p>\n\n\n\n<h3 class=\"wp-block-heading\">Prova Objetiva<\/h3>\n\n\n\n<p>A prova objetiva, de car\u00e1ter eliminat\u00f3rio e classificat\u00f3rio, ser\u00e1 aplicada na data prevista de<strong> 27 de outubro de 2024<\/strong>, das 9h \u00e0s 12h ou das 14h \u00e0s 17h, dependendo do cargo. <\/p>\n\n\n\n<p>A avalia\u00e7\u00e3o ser\u00e1 constitu\u00edda de <strong>30 ou 40 quest\u00f5es<\/strong> de m\u00faltipla escolha versadas sobre as seguintes disciplinas: <\/p>\n\n\n\n<ul>\n<li><strong>Fundamental<\/strong> <strong>incompleto<\/strong>\n<ul>\n<li>L\u00edngua Portuguesa: 10 quest\u00f5es<\/li>\n\n\n\n<li>Racioc\u00ednio L\u00f3gico e Matem\u00e1tico: 10 quest\u00f5es<\/li>\n\n\n\n<li>Conhecimentos Gerais: 10 quest\u00f5es <\/li>\n<\/ul>\n<\/li>\n<\/ul>\n\n\n\n<ul>\n<li><strong>Fundamental completo e superior<\/strong>\n<ul>\n<li>L\u00edngua Portuguesa: 10 quest\u00f5es <\/li>\n\n\n\n<li>Racioc\u00ednio L\u00f3gico e Matem\u00e1tico: 10 quest\u00f5es<\/li>\n\n\n\n<li>Conhecimentos Gerais: 10 quest\u00f5es<\/li>\n\n\n\n<li>Conhecimentos Espec\u00edficos: 10 quest\u00f5es <\/li>\n<\/ul>\n<\/li>\n<\/ul>\n\n\n\n<p><\/p>\n\n\n\n<p>Para ser <strong>aprovado<\/strong>, o candidato dever\u00e1 obter o m\u00ednimo de 50% da pontua\u00e7\u00e3o m\u00e1xima da sua prova objetiva (30 ou 40 pontos). <\/p>\n\n\n\n<h3 class=\"wp-block-heading\">Prova Pr\u00e1tica<\/h3>\n\n\n\n<p>A prova pr\u00e1tica, de car\u00e1ter eliminat\u00f3rio, \u00e9 exclusiva para os cargos de Art\u00edfice, Escritur\u00e1rio Digitador, Motorista, Servente e Auxiliar de Servi\u00e7os. <\/p>\n\n\n\n<p>Essa etapa ser\u00e1 realizada entre os dias <strong>30 de novembro e 1\u00ba de dezembro de 2024<\/strong>. <\/p>\n\n\n\n<p>Os candidatos realizar\u00e3o atividades pr\u00e1ticas na \u00e1rea de conhecimento em que ir\u00e3o atuar, a fim de comprovar seu dom\u00ednio sobre as tarefas determinadas pelo examinador t\u00e9cnico na \u00e1rea.<\/p>\n\n\n\n<p><\/p>\n\n\n\n<p><strong>Boa prova e bons estudos!<\/strong><\/p>\n","protected":false},"excerpt":{"rendered":"<p>Ol\u00e1, concurseiros! A Prefeitura de Volta Grande, munic\u00edpio do estado de Minas Gerais, publicou o edital do seu novo concurso que visa preencher 91 vagas imediatas para cargos de n\u00edveis fundamental e superior. Ficou interessado(a)? Venha saber mais! Como posso me inscrever no concurso da Prefeitura de Volta Grande? Os interessados pelo concurso da Prefeitura de Volta Grande poder\u00e3o se inscrever a partir das 14h do dia 21 de agosto de 2024 at\u00e9 \u00e0s 23h59min do dia 23 de setembro de 2024, atrav\u00e9s do site da banca organizadora do certame, o Instituto Access. Os valores das taxas de inscri\u00e7\u00e3o variam&#8230;<\/p>\n","protected":false},"author":21,"featured_media":43549,"template":"","meta":{"_acf_changed":true,"rank_math_lock_modified_date":false},"categories":[],"tags":[],"acf":[],"_links":{"self":[{"href":"https:\/\/www.editorasolucao.com.br\/blog\/wp-json\/wp\/v2\/concurso\/43546"}],"collection":[{"href":"https:\/\/www.editorasolucao.com.br\/blog\/wp-json\/wp\/v2\/concurso"}],"about":[{"href":"https:\/\/www.editorasolucao.com.br\/blog\/wp-json\/wp\/v2\/types\/concurso"}],"author":[{"embeddable":true,"href":"https:\/\/www.editorasolucao.com.br\/blog\/wp-json\/wp\/v2\/users\/21"}],"wp:featuredmedia":[{"embeddable":true,"href":"https:\/\/www.editorasolucao.com.br\/blog\/wp-json\/wp\/v2\/media\/43549"}],"wp:attachment":[{"href":"https:\/\/www.editorasolucao.com.br\/blog\/wp-json\/wp\/v2\/media?parent=43546"}],"wp:term":[{"taxonomy":"category","embeddable":true,"href":"https:\/\/www.editorasolucao.com.br\/blog\/wp-json\/wp\/v2\/categories?post=43546"},{"taxonomy":"post_tag","embeddable":true,"href":"https:\/\/www.editorasolucao.com.br\/blog\/wp-json\/wp\/v2\/tags?post=43546"}],"curies":[{"name":"wp","href":"https:\/\/api.w.org\/{rel}","templated":true}]}}