{"id":43891,"date":"2024-08-13T10:33:45","date_gmt":"2024-08-13T13:33:45","guid":{"rendered":"https:\/\/www.editorasolucao.com.br\/blog\/?post_type=concurso&#038;p=43891"},"modified":"2024-08-13T10:33:47","modified_gmt":"2024-08-13T13:33:47","slug":"processo-seletivo-prefeitura-de-alem-paraiba-mg","status":"publish","type":"concurso","link":"https:\/\/www.editorasolucao.com.br\/blog\/concurso\/processo-seletivo-prefeitura-de-alem-paraiba-mg","title":{"rendered":"Processo Seletivo Prefeitura de Al\u00e9m Para\u00edba: Edital publicado. 37 vagas!"},"content":{"rendered":"\n<p>Ol\u00e1, concurseiros! Foi divulgado o edital do processo seletivo da Prefeitura de Al\u00e9m Para\u00edba, munic\u00edpio do estado de Minas Gerais, que oferta <strong>37 vagas imediatas <\/strong>para cargos de todos os n\u00edveis de escolaridade, com remunera\u00e7\u00f5es iniciais que podem chegar at\u00e9 <strong>R$ 8.187,22<\/strong>! Ficou interessado(a)? Venha saber mais!<\/p>\n\n\n\n<div id=\"ez-toc-container\" class=\"ez-toc-v2_0_69_1 counter-hierarchy ez-toc-counter ez-toc-grey ez-toc-container-direction\">\n<div class=\"ez-toc-title-container\">\n<p class=\"ez-toc-title \" >Menu de navega&ccedil;&atilde;o<\/p>\n<span class=\"ez-toc-title-toggle\"><a href=\"#\" class=\"ez-toc-pull-right ez-toc-btn ez-toc-btn-xs ez-toc-btn-default ez-toc-toggle\" aria-label=\"Toggle Table of Content\"><span class=\"ez-toc-js-icon-con\"><span class=\"\"><span class=\"eztoc-hide\" style=\"display:none;\">Toggle<\/span><span class=\"ez-toc-icon-toggle-span\"><svg style=\"fill: #999;color:#999\" xmlns=\"http:\/\/www.w3.org\/2000\/svg\" class=\"list-377408\" width=\"20px\" height=\"20px\" viewBox=\"0 0 24 24\" fill=\"none\"><path d=\"M6 6H4v2h2V6zm14 0H8v2h12V6zM4 11h2v2H4v-2zm16 0H8v2h12v-2zM4 16h2v2H4v-2zm16 0H8v2h12v-2z\" fill=\"currentColor\"><\/path><\/svg><svg style=\"fill: #999;color:#999\" class=\"arrow-unsorted-368013\" xmlns=\"http:\/\/www.w3.org\/2000\/svg\" width=\"10px\" height=\"10px\" viewBox=\"0 0 24 24\" version=\"1.2\" baseProfile=\"tiny\"><path d=\"M18.2 9.3l-6.2-6.3-6.2 6.3c-.2.2-.3.4-.3.7s.1.5.3.7c.2.2.4.3.7.3h11c.3 0 .5-.1.7-.3.2-.2.3-.5.3-.7s-.1-.5-.3-.7zM5.8 14.7l6.2 6.3 6.2-6.3c.2-.2.3-.5.3-.7s-.1-.5-.3-.7c-.2-.2-.4-.3-.7-.3h-11c-.3 0-.5.1-.7.3-.2.2-.3.5-.3.7s.1.5.3.7z\"\/><\/svg><\/span><\/span><\/span><\/a><\/span><\/div>\n<nav><ul class='ez-toc-list ez-toc-list-level-1 ' ><li class='ez-toc-page-1 ez-toc-heading-level-2'><a class=\"ez-toc-link ez-toc-heading-1\" href=\"https:\/\/www.editorasolucao.com.br\/blog\/concurso\/processo-seletivo-prefeitura-de-alem-paraiba-mg\/#Como_posso_me_inscrever_no_processo_seletivo_da_Prefeitura_de_Alem_Paraiba\" title=\"Como posso me inscrever no processo seletivo da Prefeitura de Al\u00e9m Para\u00edba?\">Como posso me inscrever no processo seletivo da Prefeitura de Al\u00e9m Para\u00edba?<\/a><\/li><li class='ez-toc-page-1 ez-toc-heading-level-2'><a class=\"ez-toc-link ez-toc-heading-2\" href=\"https:\/\/www.editorasolucao.com.br\/blog\/concurso\/processo-seletivo-prefeitura-de-alem-paraiba-mg\/#Quais_cargos_vagas_e_salarios_estao_sendo_ofertados\" title=\"Quais cargos, vagas e sal\u00e1rios est\u00e3o sendo ofertados?\">Quais cargos, vagas e sal\u00e1rios est\u00e3o sendo ofertados?<\/a><\/li><li class='ez-toc-page-1 ez-toc-heading-level-2'><a class=\"ez-toc-link ez-toc-heading-3\" href=\"https:\/\/www.editorasolucao.com.br\/blog\/concurso\/processo-seletivo-prefeitura-de-alem-paraiba-mg\/#Quais_sao_os_requisitos_para_a_investidura_dos_cargos\" title=\"Quais s\u00e3o os requisitos para a investidura dos cargos?\">Quais s\u00e3o os requisitos para a investidura dos cargos?<\/a><\/li><li class='ez-toc-page-1 ez-toc-heading-level-2'><a class=\"ez-toc-link ez-toc-heading-4\" href=\"https:\/\/www.editorasolucao.com.br\/blog\/concurso\/processo-seletivo-prefeitura-de-alem-paraiba-mg\/#Como_os_candidato_do_processo_seletivo_da_Prefeitura_de_Alem_Paraiba_serao_avaliados\" title=\"Como os candidato do processo seletivo da Prefeitura de Al\u00e9m Para\u00edba ser\u00e3o avaliados?\">Como os candidato do processo seletivo da Prefeitura de Al\u00e9m Para\u00edba ser\u00e3o avaliados?<\/a><\/li><\/ul><\/nav><\/div>\n<h2 class=\"wp-block-heading\"><span class=\"ez-toc-section\" id=\"Como_posso_me_inscrever_no_processo_seletivo_da_Prefeitura_de_Alem_Paraiba\"><\/span>Como posso me inscrever no processo seletivo da Prefeitura de Al\u00e9m Para\u00edba? <span class=\"ez-toc-section-end\"><\/span><\/h2>\n\n\n\n<p>Os interessados pelo processo seletivo da Prefeitura de Al\u00e9m Para\u00edba poder\u00e3o se inscrever a partir das <strong>16h do dia 9 de setembro at\u00e9 \u00e0s 16h do dia 14 de outubro de 2024,<\/strong> atrav\u00e9s do site da banca organizadora do certame, o <a href=\"https:\/\/www.institutoconsulplan.org.br\/getConc.aspx?key=P4bXJimdShw=\" target=\"_blank\" rel=\"noreferrer noopener\">Instituto Consulplan.<\/a> <\/p>\n\n\n\n<p>Os valores das taxas de inscri\u00e7\u00e3o variam de acordo com o n\u00edvel de escolaridade do cargo pretendido, sendo <strong>R$ 80,00<\/strong> para cargos de n\u00edvel fundamental, <strong>R$ 90,00<\/strong> para cargos de n\u00edvel m\u00e9dio e <strong>R$ 100,00<\/strong> para cargos de n\u00edvel superior. <\/p>\n\n\n\n<p>Para homologar sua inscri\u00e7\u00e3o, o candidato deve efetuar o pagamento do boleto banc\u00e1rio at\u00e9 a data limite de <strong>15 de outubro de 2024. <\/strong><\/p>\n\n\n\n<p>O candidato doador de sangue ou o candidato que, por raz\u00f5es de limita\u00e7\u00f5es de ordem financeira, n\u00e3o possa arcar com o pagamento da taxa de inscri\u00e7\u00e3o, poder\u00e3o solicitar a isen\u00e7\u00e3o dessas taxas entre os dias <strong>9 e 11 de setembro de 2024. <\/strong><\/p>\n\n\n\n<h2 class=\"wp-block-heading\"><span class=\"ez-toc-section\" id=\"Quais_cargos_vagas_e_salarios_estao_sendo_ofertados\"><\/span>Quais cargos, vagas e sal\u00e1rios est\u00e3o sendo ofertados?<span class=\"ez-toc-section-end\"><\/span><\/h2>\n\n\n\n<p>O processo seletivo da Prefeitura de Al\u00e9m Para\u00edba est\u00e1 ofertando <strong>37 vagas imediatas <\/strong>para cargos de todos os n\u00edveis de escolaridade. Confira como essas oportunidades est\u00e3o sendo distribu\u00eddas e suas remunera\u00e7\u00f5es: <\/p>\n\n\n\n<h4 class=\"wp-block-heading\">Fundamental<\/h4>\n\n\n\n<ul>\n<li>Auxiliar de Servi\u00e7os Gerais (6)\n<ul>\n<li>R$ 1.412,00<\/li>\n<\/ul>\n<\/li>\n\n\n\n<li>Atendente de Consult\u00f3rio Odontol\u00f3gico\/PSF (3)\n<ul>\n<li>R$ 1.412,00<\/li>\n<\/ul>\n<\/li>\n\n\n\n<li>Auxiliar de Enfermagem\/PSF (8)\n<ul>\n<li>R$ 1.412,00<\/li>\n<\/ul>\n<\/li>\n\n\n\n<li>Recepcionista\/PSF (6)\n<ul>\n<li>R$ 1.412,00<\/li>\n<\/ul>\n<\/li>\n<\/ul>\n\n\n\n<h4 class=\"wp-block-heading\">M\u00e9dio<\/h4>\n\n\n\n<ul>\n<li><a href=\"https:\/\/www.editorasolucao.com.br\/apostila-solucao\/prefeitura-alem-paraiba-mg-agente-comunitario-saude\" target=\"_blank\" rel=\"noreferrer noopener\">Agente Comunit\u00e1rio de Sa\u00fade (4 + CR)<\/a>\n<ul>\n<li>R$ 2.824,00<\/li>\n<\/ul>\n<\/li>\n\n\n\n<li>Agente de Combate de Endemias (2)\n<ul>\n<li>R$ 2.824,00<\/li>\n<\/ul>\n<\/li>\n<\/ul>\n\n\n\n<h4 class=\"wp-block-heading\">Superior<\/h4>\n\n\n\n<ul>\n<li>Enfermeiro\/PSF (5)\n<ul>\n<li>R$ 5.210,05<\/li>\n<\/ul>\n<\/li>\n\n\n\n<li>M\u00e9dico\/PSF (CR)\n<ul>\n<li>R$ 8.187,22<\/li>\n<\/ul>\n<\/li>\n\n\n\n<li>Odont\u00f3logo\/PSF (3)\n<ul>\n<li>R$ 4.713,84<\/li>\n<\/ul>\n<\/li>\n<\/ul>\n\n\n\n<p><\/p>\n\n\n\n<p>Por se tratar de um processo seletivo, <strong>as vagas n\u00e3o s\u00e3o efetivas<\/strong>, ou seja, possuem contrato e data para t\u00e9rmino. <\/p>\n\n\n\n<h2 class=\"wp-block-heading\"><span class=\"ez-toc-section\" id=\"Quais_sao_os_requisitos_para_a_investidura_dos_cargos\"><\/span>Quais s\u00e3o os requisitos para a investidura dos cargos?<span class=\"ez-toc-section-end\"><\/span><\/h2>\n\n\n\n<p>De acordo com o edital, esses s\u00e3o os requisitos b\u00e1sicos exigidos para a nomea\u00e7\u00e3o e posse dos cargos ofertados: <\/p>\n\n\n\n<ul>\n<li>Ser brasileiro nato ou naturalizado ou cidad\u00e3o portugu\u00eas que tenha adquirido a igualdade de direitos e obriga\u00e7\u00f5es civis e gozo dos direitos pol\u00edticos (Decreto n\u00ba 70.436, de 18\/04\/1972, Constitui\u00e7\u00e3o Federal &#8211; \u00a7 1\u00b0 do art. 12 de 05\/10\/1988 e Emenda Constitucional n\u00ba 19, de 04\/06\/1998 \u2013 art. 3\u00ba).<\/li>\n\n\n\n<li>Ter na data da contrata\u00e7\u00e3o 18 (dezoito) anos completos.<\/li>\n\n\n\n<li>Estar em dia com as obriga\u00e7\u00f5es resultantes da legisla\u00e7\u00e3o eleitoral e, se do sexo masculino, do Servi\u00e7o Militar.<\/li>\n\n\n\n<li>Estar em pleno gozo de seus direitos civis e pol\u00edticos.<\/li>\n\n\n\n<li>Possuir aptid\u00e3o f\u00edsica e mental.<\/li>\n\n\n\n<li>Possuir e comprovar o pr\u00e9-requisito para a fun\u00e7\u00e3o, \u00e0 \u00e9poca da contrata\u00e7\u00e3o.<\/li>\n\n\n\n<li>Conhecer e estar de acordo com as exig\u00eancias contidas neste Edital.<\/li>\n\n\n\n<li>Para as fun\u00e7\u00f5es de Agente Comunit\u00e1rio de Sa\u00fade e Agente de Combate de Endemias, ter conclu\u00eddo com aproveitamento, curso de forma\u00e7\u00e3o inicial, com carga hor\u00e1ria de 40 (quarenta) horas.<\/li>\n\n\n\n<li>Caber\u00e1 ao candidato realizar, \u00e0s suas expensas, o curso de forma\u00e7\u00e3o inicial citado no subitem anterior, devendo apresentar o respectivo diploma ou certificado comprobat\u00f3rio no momento da convoca\u00e7\u00e3o para a contrata\u00e7\u00e3o.<\/li>\n\n\n\n<li>A comprova\u00e7\u00e3o da escolaridade m\u00ednima exigida ser\u00e1 feita por meio de diploma registrado e legalmente reconhecido, expedido por institui\u00e7\u00e3o de ensino credenciada no Conselho Estadual de Educa\u00e7\u00e3o (CEE) ou no Minist\u00e9rio da Educa\u00e7\u00e3o (MEC).<\/li>\n\n\n\n<li>Caso o candidato ainda n\u00e3o esteja de posse do diploma correspondente \u00e0 sua forma\u00e7\u00e3o ou gradua\u00e7\u00e3o\/habilita\u00e7\u00e3o, este documento poder\u00e1 ser substitu\u00eddo provisoriamente por certid\u00e3o de conclus\u00e3o de curso, expedida, no m\u00e1ximo 90 (noventa) dias, acompanhada de hist\u00f3rico escolar emitida por institui\u00e7\u00e3o de ensino credenciada.<\/li>\n\n\n\n<li>O candidato que, na data da contrata\u00e7\u00e3o, n\u00e3o reunir os requisitos enumerados no item 2.1 deste Edital ou que por qualquer raz\u00e3o n\u00e3o puder comprov\u00e1-los, perder\u00e1 o direito \u00e0 contrata\u00e7\u00e3o na fun\u00e7\u00e3o para o qual concorre.<\/li>\n\n\n\n<li>\u00c9 vedada a acumula\u00e7\u00e3o de cargos p\u00fablicos, exceto quando houver compatibilidade de hor\u00e1rios, observado em qualquer caso, o inciso XI do art. 37 da Constitui\u00e7\u00e3o Federal.<\/li>\n<\/ul>\n\n\n\n<h2 class=\"wp-block-heading\"><span class=\"ez-toc-section\" id=\"Como_os_candidato_do_processo_seletivo_da_Prefeitura_de_Alem_Paraiba_serao_avaliados\"><\/span>Como os candidato do processo seletivo da Prefeitura de Al\u00e9m Para\u00edba ser\u00e3o avaliados?<span class=\"ez-toc-section-end\"><\/span><\/h2>\n\n\n\n<p>Os candidatos do processo seletivo da Prefeitura de Al\u00e9m Para\u00edba ser\u00e3o avaliados por meio de uma \u00fanica etapa de sele\u00e7\u00e3o, <strong>a prova objetiva.<\/strong> <\/p>\n\n\n\n<p>A prova objetiva, de car\u00e1ter eliminat\u00f3rio e classificat\u00f3rio, ser\u00e1 aplicada na data prevista de <strong>24 de novembro de 2024<\/strong>, em dois turnos. Confira: <\/p>\n\n\n\n<ul>\n<li><strong>Manh\u00e3 &#8211; das 9h \u00e0s 12h<\/strong>\n<ul>\n<li>Recepcionista\/PSF;<\/li>\n\n\n\n<li>Agente de Combate de Endemias;<\/li>\n\n\n\n<li>Enfermeiro\/PSF;<\/li>\n\n\n\n<li>Odont\u00f3logo\/PSF.<\/li>\n\n\n\n<li>M\u00e9dico\/PSF.<\/li>\n<\/ul>\n<\/li>\n\n\n\n<li><strong>Tarde &#8211; das 14h \u00e0s 17h <\/strong>\n<ul>\n<li>Auxiliar de Servi\u00e7os Gerais;<\/li>\n\n\n\n<li>Auxiliar de Enfermagem;<\/li>\n\n\n\n<li>Atendente de Consult\u00f3rio<\/li>\n\n\n\n<li>Odontol\u00f3gico\/PSF;<\/li>\n\n\n\n<li>Agente Comunit\u00e1rio de Sa\u00fade.<\/li>\n<\/ul>\n<\/li>\n<\/ul>\n\n\n\n<p><\/p>\n\n\n\n<p>A avalia\u00e7\u00e3o ser\u00e1 composta de <strong>quest\u00f5es de m\u00faltipla escolha <\/strong>versadas sobre as seguintes disciplinas: <\/p>\n\n\n\n<ul>\n<li><strong>Fundamental incompleto<\/strong>\n<ul>\n<li>L\u00edngua Portuguesa: 10 quest\u00f5es<\/li>\n\n\n\n<li>Racioc\u00ednio L\u00f3gico Matem\u00e1tico: 10 quest\u00f5es <\/li>\n\n\n\n<li>Atualidades: 10 quest\u00f5es<\/li>\n<\/ul>\n<\/li>\n\n\n\n<li><strong>Fundamental completo <\/strong>\n<ul>\n<li>L\u00edngua Portuguesa: 10 quest\u00f5es<\/li>\n\n\n\n<li>Racioc\u00ednio L\u00f3gico Matem\u00e1tico: 5 quest\u00f5es<\/li>\n\n\n\n<li>Conhecimentos de Direito: 5 quest\u00f5es <\/li>\n\n\n\n<li>Legisla\u00e7\u00e3o Municipal: 5 quest\u00f5es<\/li>\n\n\n\n<li>No\u00e7\u00f5es de Sa\u00fade P\u00fablica: 5 quest\u00f5es <\/li>\n\n\n\n<li>Conhecimentos da Fun\u00e7\u00e3o: 10 quest\u00f5es<\/li>\n<\/ul>\n<\/li>\n<\/ul>\n\n\n\n<ul>\n<li><strong>M\u00e9dio<\/strong>\n<ul>\n<li>L\u00edngua Portuguesa: 10 quest\u00f5es<\/li>\n\n\n\n<li>Racioc\u00ednio L\u00f3gico Matem\u00e1tico: 5 quest\u00f5es<\/li>\n\n\n\n<li>Conhecimentos de Direito: 5 quest\u00f5es<\/li>\n\n\n\n<li>Legisla\u00e7\u00e3o Municipal: 5 quest\u00f5es<\/li>\n\n\n\n<li>No\u00e7\u00f5es de Sa\u00fade P\u00fablica: 5 quest\u00f5es<\/li>\n\n\n\n<li>Conhecimentos da Fun\u00e7\u00e3o: 10 quest\u00f5es<\/li>\n<\/ul>\n<\/li>\n<\/ul>\n\n\n\n<ul>\n<li><strong>Superior<\/strong>\n<ul>\n<li>L\u00edngua Portuguesa: 10 quest\u00f5es<\/li>\n\n\n\n<li>Racioc\u00ednio L\u00f3gico Matem\u00e1tico: 5 quest\u00f5es<\/li>\n\n\n\n<li>Conhecimentos de Direito: 5 quest\u00f5es<\/li>\n\n\n\n<li>Legisla\u00e7\u00e3o Municipal: 5 quest\u00f5es<\/li>\n\n\n\n<li>No\u00e7\u00f5es de Sa\u00fade P\u00fablica: 5 quest\u00f5es<\/li>\n\n\n\n<li>Conhecimentos da Fun\u00e7\u00e3o: 10 quest\u00f5es<\/li>\n<\/ul>\n<\/li>\n<\/ul>\n\n\n\n<p><\/p>\n\n\n\n<p>A prova objetiva ser\u00e1 avaliada em uma escala de 0 a 50 pontos, sendo <strong>aprovado<\/strong> o candidato que obtiver, no m\u00ednimo, 50% de aproveitamento do total de pontos. <\/p>\n\n\n\n<p><\/p>\n\n\n\n<p>Se voc\u00ea busca ser aprovado neste <strong>concurso<\/strong>, n\u00f3s temos <strong>material<\/strong> certo para voc\u00ea! <a href=\"https:\/\/www.editorasolucao.com.br\/concurso\/prefeitura-de-alem-paraiba-mg\" target=\"_blank\" rel=\"noreferrer noopener\">Confira aqui.<\/a>\u00a0<\/p>\n","protected":false},"excerpt":{"rendered":"<p>Ol\u00e1, concurseiros! Foi divulgado o edital do processo seletivo da Prefeitura de Al\u00e9m Para\u00edba, munic\u00edpio do estado de Minas Gerais, que oferta 37 vagas imediatas para cargos de todos os n\u00edveis de escolaridade, com remunera\u00e7\u00f5es iniciais que podem chegar at\u00e9 R$ 8.187,22! Ficou interessado(a)? Venha saber mais! Como posso me inscrever no processo seletivo da Prefeitura de Al\u00e9m Para\u00edba? Os interessados pelo processo seletivo da Prefeitura de Al\u00e9m Para\u00edba poder\u00e3o se inscrever a partir das 16h do dia 9 de setembro at\u00e9 \u00e0s 16h do dia 14 de outubro de 2024, atrav\u00e9s do site da banca organizadora do certame, o&#8230;<\/p>\n","protected":false},"author":21,"featured_media":43893,"template":"","meta":{"_acf_changed":true,"rank_math_lock_modified_date":false},"categories":[],"tags":[],"acf":[],"_links":{"self":[{"href":"https:\/\/www.editorasolucao.com.br\/blog\/wp-json\/wp\/v2\/concurso\/43891"}],"collection":[{"href":"https:\/\/www.editorasolucao.com.br\/blog\/wp-json\/wp\/v2\/concurso"}],"about":[{"href":"https:\/\/www.editorasolucao.com.br\/blog\/wp-json\/wp\/v2\/types\/concurso"}],"author":[{"embeddable":true,"href":"https:\/\/www.editorasolucao.com.br\/blog\/wp-json\/wp\/v2\/users\/21"}],"wp:featuredmedia":[{"embeddable":true,"href":"https:\/\/www.editorasolucao.com.br\/blog\/wp-json\/wp\/v2\/media\/43893"}],"wp:attachment":[{"href":"https:\/\/www.editorasolucao.com.br\/blog\/wp-json\/wp\/v2\/media?parent=43891"}],"wp:term":[{"taxonomy":"category","embeddable":true,"href":"https:\/\/www.editorasolucao.com.br\/blog\/wp-json\/wp\/v2\/categories?post=43891"},{"taxonomy":"post_tag","embeddable":true,"href":"https:\/\/www.editorasolucao.com.br\/blog\/wp-json\/wp\/v2\/tags?post=43891"}],"curies":[{"name":"wp","href":"https:\/\/api.w.org\/{rel}","templated":true}]}}