{"id":43894,"date":"2024-08-13T11:31:12","date_gmt":"2024-08-13T14:31:12","guid":{"rendered":"https:\/\/www.editorasolucao.com.br\/blog\/?post_type=concurso&#038;p=43894"},"modified":"2024-08-13T11:31:13","modified_gmt":"2024-08-13T14:31:13","slug":"prefeitura-de-sao-francisco-de-paula-mg","status":"publish","type":"concurso","link":"https:\/\/www.editorasolucao.com.br\/blog\/concurso\/prefeitura-de-sao-francisco-de-paula-mg","title":{"rendered":"Concurso Prefeitura de S\u00e3o Francisco de Paula: Saiu edital com 50 vagas!"},"content":{"rendered":"\n<p>Ol\u00e1, concurseiros! Foi divulgado o edital do concurso da Prefeitura de S\u00e3o Francisco de Paula, munic\u00edpio do estado de Minas Gerais, com oferta de <strong>50 vagas imediatas<\/strong> para cargos de n\u00edveis fundamental, m\u00e9dio, t\u00e9cnico e superior. Ficou interessado(a)? Venha saber mais! <\/p>\n\n\n\n<div id=\"ez-toc-container\" class=\"ez-toc-v2_0_69_1 counter-hierarchy ez-toc-counter ez-toc-grey ez-toc-container-direction\">\n<div class=\"ez-toc-title-container\">\n<p class=\"ez-toc-title \" >Menu de navega&ccedil;&atilde;o<\/p>\n<span class=\"ez-toc-title-toggle\"><a href=\"#\" class=\"ez-toc-pull-right ez-toc-btn ez-toc-btn-xs ez-toc-btn-default ez-toc-toggle\" aria-label=\"Toggle Table of Content\"><span class=\"ez-toc-js-icon-con\"><span class=\"\"><span class=\"eztoc-hide\" style=\"display:none;\">Toggle<\/span><span class=\"ez-toc-icon-toggle-span\"><svg style=\"fill: #999;color:#999\" xmlns=\"http:\/\/www.w3.org\/2000\/svg\" class=\"list-377408\" width=\"20px\" height=\"20px\" viewBox=\"0 0 24 24\" fill=\"none\"><path d=\"M6 6H4v2h2V6zm14 0H8v2h12V6zM4 11h2v2H4v-2zm16 0H8v2h12v-2zM4 16h2v2H4v-2zm16 0H8v2h12v-2z\" fill=\"currentColor\"><\/path><\/svg><svg style=\"fill: #999;color:#999\" class=\"arrow-unsorted-368013\" xmlns=\"http:\/\/www.w3.org\/2000\/svg\" width=\"10px\" height=\"10px\" viewBox=\"0 0 24 24\" version=\"1.2\" baseProfile=\"tiny\"><path d=\"M18.2 9.3l-6.2-6.3-6.2 6.3c-.2.2-.3.4-.3.7s.1.5.3.7c.2.2.4.3.7.3h11c.3 0 .5-.1.7-.3.2-.2.3-.5.3-.7s-.1-.5-.3-.7zM5.8 14.7l6.2 6.3 6.2-6.3c.2-.2.3-.5.3-.7s-.1-.5-.3-.7c-.2-.2-.4-.3-.7-.3h-11c-.3 0-.5.1-.7.3-.2.2-.3.5-.3.7s.1.5.3.7z\"\/><\/svg><\/span><\/span><\/span><\/a><\/span><\/div>\n<nav><ul class='ez-toc-list ez-toc-list-level-1 ' ><li class='ez-toc-page-1 ez-toc-heading-level-2'><a class=\"ez-toc-link ez-toc-heading-1\" href=\"https:\/\/www.editorasolucao.com.br\/blog\/concurso\/prefeitura-de-sao-francisco-de-paula-mg\/#Como_posso_realizar_a_minha_inscricao_no_concurso_da_Prefeitura_de_Sao_Francisco_de_Paula\" title=\"Como posso realizar a minha inscri\u00e7\u00e3o no concurso da Prefeitura de S\u00e3o Francisco de Paula?\">Como posso realizar a minha inscri\u00e7\u00e3o no concurso da Prefeitura de S\u00e3o Francisco de Paula?<\/a><\/li><li class='ez-toc-page-1 ez-toc-heading-level-2'><a class=\"ez-toc-link ez-toc-heading-2\" href=\"https:\/\/www.editorasolucao.com.br\/blog\/concurso\/prefeitura-de-sao-francisco-de-paula-mg\/#Quais_cargos_vagas_e_salarios_estao_sendo_ofertados\" title=\"Quais cargos, vagas e sal\u00e1rios est\u00e3o sendo ofertados?\">Quais cargos, vagas e sal\u00e1rios est\u00e3o sendo ofertados?<\/a><\/li><li class='ez-toc-page-1 ez-toc-heading-level-2'><a class=\"ez-toc-link ez-toc-heading-3\" href=\"https:\/\/www.editorasolucao.com.br\/blog\/concurso\/prefeitura-de-sao-francisco-de-paula-mg\/#Quais_sao_os_requisitos_para_a_investidura_dos_cargos\" title=\"Quais s\u00e3o os requisitos para a investidura dos cargos?\">Quais s\u00e3o os requisitos para a investidura dos cargos?<\/a><\/li><li class='ez-toc-page-1 ez-toc-heading-level-2'><a class=\"ez-toc-link ez-toc-heading-4\" href=\"https:\/\/www.editorasolucao.com.br\/blog\/concurso\/prefeitura-de-sao-francisco-de-paula-mg\/#Como_os_candidatos_do_concurso_da_Prefeitura_de_Sao_Francisco_de_Paula_serao_avaliados\" title=\"Como os candidatos do concurso da Prefeitura de S\u00e3o Francisco de Paula ser\u00e3o avaliados?\">Como os candidatos do concurso da Prefeitura de S\u00e3o Francisco de Paula ser\u00e3o avaliados?<\/a><\/li><\/ul><\/nav><\/div>\n<h2 class=\"wp-block-heading\"><span class=\"ez-toc-section\" id=\"Como_posso_realizar_a_minha_inscricao_no_concurso_da_Prefeitura_de_Sao_Francisco_de_Paula\"><\/span>Como posso realizar a minha inscri\u00e7\u00e3o no concurso da Prefeitura de S\u00e3o Francisco de Paula?<span class=\"ez-toc-section-end\"><\/span><\/h2>\n\n\n\n<p>Os interessados pelo concurso da Prefeitura de S\u00e3o Francisco de Paula poder\u00e3o se inscrever a partir <strong>das 15h do dia 25 de setembro at\u00e9 \u00e0s 15h 24 de outubro de 2024<\/strong>, atrav\u00e9s do site da banca organizadora do certame, a <a href=\"https:\/\/www.eloassessoriaeservicos.com.br\/concurso\/93\/detalhes\" target=\"_blank\" rel=\"noreferrer noopener\">Elo Assessoria.<\/a> <\/p>\n\n\n\n<p>Os valores das taxas de inscri\u00e7\u00e3o variam de acordo com o n\u00edvel de escolaridade e do cargo pretendido, veja: <\/p>\n\n\n\n<ul>\n<li><strong>Fundamental: <\/strong>de R$ 72,08 at\u00e9 R$ 83,37<\/li>\n\n\n\n<li><strong>M\u00e9dio e T\u00e9cnico: <\/strong>de R$ 71,08 at\u00e9 R$ 81,09<\/li>\n\n\n\n<li><strong>Superior: <\/strong>de R$ 73,50 at\u00e9 R$ 137,57<\/li>\n<\/ul>\n\n\n\n<p><\/p>\n\n\n\n<p>Para homologar sua inscri\u00e7\u00e3o, o candidato deve efetuar o pagamento do boleto banc\u00e1rio at\u00e9 a data limite de <strong>24 de outubro de 2024. <\/strong><\/p>\n\n\n\n<p>O candidato doador de sangue ou o candidato inscrito no Cad\u00danico, poder\u00e3o solicitar a isen\u00e7\u00e3o dessas taxas entre os dias<strong> 9 e 11 de setembro de 2024. <\/strong><\/p>\n\n\n\n<h2 class=\"wp-block-heading\"><span class=\"ez-toc-section\" id=\"Quais_cargos_vagas_e_salarios_estao_sendo_ofertados\"><\/span>Quais cargos, vagas e sal\u00e1rios est\u00e3o sendo ofertados?<span class=\"ez-toc-section-end\"><\/span><\/h2>\n\n\n\n<p>O concurso da Prefeitura de S\u00e3o Francisco de Paula est\u00e1 ofertando <strong>50 vagas imediatas<\/strong> para cargos de todos os n\u00edveis de escolaridade. Confira como essas oportunidades est\u00e3o sendo distribu\u00eddas e suas remunera\u00e7\u00f5es: <\/p>\n\n\n\n<h4 class=\"wp-block-heading\">Fundamental<\/h4>\n\n\n\n<ul>\n<li><a href=\"https:\/\/www.editorasolucao.com.br\/apostila-solucao\/prefeitura-sao-francisco-paula-mg-aux-serv-gerais-aux-serv-pub\" target=\"_blank\" rel=\"noreferrer noopener\">Auxiliar de Servi\u00e7os Gerais &#8211; educa\u00e7\u00e3o (5)<\/a>\n<ul>\n<li>R$ 1.441,62<\/li>\n<\/ul>\n<\/li>\n\n\n\n<li><a href=\"https:\/\/www.editorasolucao.com.br\/apostila-solucao\/prefeitura-sao-francisco-paula-mg-aux-serv-gerais-aux-serv-pub\" target=\"_blank\" rel=\"noreferrer noopener\">Auxiliar de Servi\u00e7os P\u00fablicos (8)<\/a>\n<ul>\n<li>R$ 1.441,58<\/li>\n<\/ul>\n<\/li>\n\n\n\n<li>Motorista (10)\n<ul>\n<li>R$ 1.667,42<\/li>\n<\/ul>\n<\/li>\n<\/ul>\n\n\n\n<h4 class=\"wp-block-heading\">M\u00e9dio e T\u00e9cnico<\/h4>\n\n\n\n<ul>\n<li>Assistente Administrativo (2)\n<ul>\n<li>R$ 1.577,86<\/li>\n<\/ul>\n<\/li>\n\n\n\n<li>Atendente de Sa\u00fade (2)\n<ul>\n<li>R$ 1.421,60<\/li>\n<\/ul>\n<\/li>\n\n\n\n<li>Auxiliar Educacional (1)\n<ul>\n<li>R$ 1.469,98<\/li>\n<\/ul>\n<\/li>\n\n\n\n<li>Secret\u00e1rio Escolar (2)\n<ul>\n<li>R$ 1.469,98<\/li>\n<\/ul>\n<\/li>\n\n\n\n<li><a href=\"https:\/\/www.editorasolucao.com.br\/apostila-solucao\/prefeitura-sao-francisco-paula-mg-tec-nivel-medio-saude-tec-enfermag\" target=\"_blank\" rel=\"noreferrer noopener\">T\u00e9cnico em Enfermagem (3)<\/a>\n<ul>\n<li>R$ 1.621,82<\/li>\n<\/ul>\n<\/li>\n<\/ul>\n\n\n\n<h4 class=\"wp-block-heading\">Superior<\/h4>\n\n\n\n<ul>\n<li>Assistente Social (1)\n<ul>\n<li>R$ 2.427,55<\/li>\n<\/ul>\n<\/li>\n\n\n\n<li>Coordenador Pedag\u00f3gico (1)\n<ul>\n<li>R$ 2.400,94<\/li>\n<\/ul>\n<\/li>\n\n\n\n<li>Monitor de Centro de Educa\u00e7\u00e3o Infantil (5)\n<ul>\n<li>R$ 1.469,98<\/li>\n<\/ul>\n<\/li>\n\n\n\n<li>Nutricionista (1)\n<ul>\n<li>R$ 2.400,94<\/li>\n<\/ul>\n<\/li>\n\n\n\n<li>Professor\/Monitor de Educa\u00e7\u00e3o Inclusiva (4)\n<ul>\n<li>R$ 2.751,35<\/li>\n<\/ul>\n<\/li>\n\n\n\n<li>Professor II &#8211; educa\u00e7\u00e3o f\u00edsica (1)\n<ul>\n<li>R$ 2.751,35<\/li>\n<\/ul>\n<\/li>\n\n\n\n<li>Professor PI (3)\n<ul>\n<li>R$ 2.751,35<\/li>\n<\/ul>\n<\/li>\n\n\n\n<li>Psic\u00f3logo (1)\n<ul>\n<li>R$ 2.400,94<\/li>\n<\/ul>\n<\/li>\n<\/ul>\n\n\n\n<p><\/p>\n\n\n\n<p>As jornadas de trabalho variam entre 24, 30 ou 40 horas semanais, a depender do cargo. <\/p>\n\n\n\n<h2 class=\"wp-block-heading\"><span class=\"ez-toc-section\" id=\"Quais_sao_os_requisitos_para_a_investidura_dos_cargos\"><\/span>Quais s\u00e3o os requisitos para a investidura dos cargos?<span class=\"ez-toc-section-end\"><\/span><\/h2>\n\n\n\n<p>De acordo com o edital, esses s\u00e3o os requisitos b\u00e1sicos exigidos para a nomea\u00e7\u00e3o e posse dos cargos ofertados: <\/p>\n\n\n\n<ul>\n<li>Ser brasileiro nato ou naturalizado, ou, ainda, estrangeiro, conforme Lei Federal n\u00ba 13.445, de 24 de maio de 2017, e de sua regulamenta\u00e7\u00e3o; no caso de nacionalidade portuguesa, estar amparado pelo estatuto de igualdade entre brasileiros e portugueses, com reconhecimento do gozo dos direitos pol\u00edticos, na forma do disposto no art. 13 do Decreto Federal n\u00ba 70.436, de 18\/04\/1972 e art. 12, \u00a7 1\u00ba c\/c art. 37, inciso I da Constitui\u00e7\u00e3o da Rep\u00fablica Federativa do Brasil de 1988.\n<ul>\n<li>ap\u00f3s a investidura no cargo, o estrangeiro dever\u00e1 providenciar junto \u00e0s autoridades competentes a regulariza\u00e7\u00e3o de sua situa\u00e7\u00e3o migrat\u00f3ria no Brasil, apresentando \u00e0 Prefeitura, o protocolo do requerimento de concess\u00e3o da autoriza\u00e7\u00e3o de resid\u00eancia e\/ou visto tempor\u00e1rio, na forma exigida pela Lei n\u00ba 13.445, de 24 de maio de 2017, para o exerc\u00edcio de cargo ou fun\u00e7\u00e3o p\u00fablica no pa\u00eds;<\/li>\n<\/ul>\n<\/li>\n\n\n\n<li>Estar em pleno exerc\u00edcio de seus direitos civis e pol\u00edticos;<\/li>\n\n\n\n<li>Estar quite com as obriga\u00e7\u00f5es eleitorais;<\/li>\n\n\n\n<li>Estar quite com as obriga\u00e7\u00f5es do Servi\u00e7o Militar, para os candidatos do sexo masculino;<\/li>\n\n\n\n<li>Possuir os requisitos exigidos para o exerc\u00edcio das atribui\u00e7\u00f5es da fun\u00e7\u00e3o;<\/li>\n\n\n\n<li>Possuir idade m\u00ednima de 18 (dezoito) anos, no ato da contrata\u00e7\u00e3o na fun\u00e7\u00e3o;<\/li>\n\n\n\n<li>Ter aptid\u00e3o f\u00edsica e mental para o exerc\u00edcio de suas atribui\u00e7\u00f5es, apurada por profissional ou junta m\u00e9dica devidamente designada pela Prefeitura Municipal de S\u00e3o Francisco de Paula.<\/li>\n<\/ul>\n\n\n\n<h2 class=\"wp-block-heading\"><span class=\"ez-toc-section\" id=\"Como_os_candidatos_do_concurso_da_Prefeitura_de_Sao_Francisco_de_Paula_serao_avaliados\"><\/span>Como os candidatos do concurso da Prefeitura de S\u00e3o Francisco de Paula ser\u00e3o avaliados?<span class=\"ez-toc-section-end\"><\/span><\/h2>\n\n\n\n<p>Os candidatos do concurso da Prefeitura de S\u00e3o Francisco de Paula ser\u00e3o avaliados por meio de uma \u00fanica etapa de sele\u00e7\u00e3o,<strong> a prova objetiva.<\/strong> <\/p>\n\n\n\n<p>A prova objetiva, de car\u00e1ter eliminat\u00f3rio e classificat\u00f3rio, ser\u00e1 aplicada na data prevista de <strong>24 de novembro de 2024,<\/strong> no turno da manh\u00e3, para todos os cargos. <\/p>\n\n\n\n<p>A avalia\u00e7\u00e3o ser\u00e1 constitu\u00edda de <strong>40 quest\u00f5es de m\u00faltipla escolha<\/strong> versadas sobre as seguintes disciplinas: <\/p>\n\n\n\n<ul>\n<li>Portugu\u00eas: 10 quest\u00f5es<\/li>\n\n\n\n<li>Matem\u00e1tica: 10 quest\u00f5es<\/li>\n\n\n\n<li>Conhecimentos Gerais: 10 quest\u00f5es<\/li>\n\n\n\n<li>Inform\u00e1tica: 10 quest\u00f5es<\/li>\n<\/ul>\n\n\n\n<p><\/p>\n\n\n\n<p>A prova objetiva ser\u00e1 avaliada em uma escala de 0 a 100 pontos, sendo <strong>aprovado<\/strong> o candidato que obtiver nota igual ou superior a 50 pontos. <\/p>\n\n\n\n<p><\/p>\n\n\n\n<p>Se voc\u00ea busca ser aprovado neste <strong>concurso<\/strong>, n\u00f3s temos <strong>material<\/strong> certo para voc\u00ea! <a href=\"https:\/\/www.editorasolucao.com.br\/concurso\/prefeitura-de-sao-francisco-de-paula-mg\" target=\"_blank\" rel=\"noreferrer noopener\">Confira aqui.<\/a>\u00a0<\/p>\n","protected":false},"excerpt":{"rendered":"<p>Ol\u00e1, concurseiros! Foi divulgado o edital do concurso da Prefeitura de S\u00e3o Francisco de Paula, munic\u00edpio do estado de Minas Gerais, com oferta de 50 vagas imediatas para cargos de n\u00edveis fundamental, m\u00e9dio, t\u00e9cnico e superior. Ficou interessado(a)? Venha saber mais! Como posso realizar a minha inscri\u00e7\u00e3o no concurso da Prefeitura de S\u00e3o Francisco de Paula? Os interessados pelo concurso da Prefeitura de S\u00e3o Francisco de Paula poder\u00e3o se inscrever a partir das 15h do dia 25 de setembro at\u00e9 \u00e0s 15h 24 de outubro de 2024, atrav\u00e9s do site da banca organizadora do certame, a Elo Assessoria. Os valores&#8230;<\/p>\n","protected":false},"author":21,"featured_media":43896,"template":"","meta":{"_acf_changed":true,"rank_math_lock_modified_date":false},"categories":[],"tags":[],"acf":[],"_links":{"self":[{"href":"https:\/\/www.editorasolucao.com.br\/blog\/wp-json\/wp\/v2\/concurso\/43894"}],"collection":[{"href":"https:\/\/www.editorasolucao.com.br\/blog\/wp-json\/wp\/v2\/concurso"}],"about":[{"href":"https:\/\/www.editorasolucao.com.br\/blog\/wp-json\/wp\/v2\/types\/concurso"}],"author":[{"embeddable":true,"href":"https:\/\/www.editorasolucao.com.br\/blog\/wp-json\/wp\/v2\/users\/21"}],"wp:featuredmedia":[{"embeddable":true,"href":"https:\/\/www.editorasolucao.com.br\/blog\/wp-json\/wp\/v2\/media\/43896"}],"wp:attachment":[{"href":"https:\/\/www.editorasolucao.com.br\/blog\/wp-json\/wp\/v2\/media?parent=43894"}],"wp:term":[{"taxonomy":"category","embeddable":true,"href":"https:\/\/www.editorasolucao.com.br\/blog\/wp-json\/wp\/v2\/categories?post=43894"},{"taxonomy":"post_tag","embeddable":true,"href":"https:\/\/www.editorasolucao.com.br\/blog\/wp-json\/wp\/v2\/tags?post=43894"}],"curies":[{"name":"wp","href":"https:\/\/api.w.org\/{rel}","templated":true}]}}